{"id":47,"date":"2011-03-29T22:50:58","date_gmt":"2011-03-29T20:50:58","guid":{"rendered":"http:\/\/wp.unil.ch\/walras\/?page_id=47"},"modified":"2017-12-05T14:42:48","modified_gmt":"2017-12-05T13:42:48","slug":"walrasian-studies","status":"publish","type":"page","link":"https:\/\/wp.unil.ch\/walras\/publications\/walrasian-studies\/","title":{"rendered":"Walrasian studies"},"content":{"rendered":"<p>The International Walras Association also published three volumes of collected Walrasian studies.<\/p>\n<p><a href=\"https:\/\/wp.unil.ch\/walras\/files\/2011\/03\/walrasian-studies-3.gif\"><img loading=\"lazy\" decoding=\"async\" class=\"alignleft wp-image-315\" src=\"https:\/\/wp.unil.ch\/walras\/files\/2011\/03\/walrasian-studies-3-200x300.gif\" alt=\"walrasian-studies-3\" width=\"185\" height=\"276\" \/><\/a><\/p>\n<p><strong>L\u00e9on Walras &#8211; Un si\u00e8cle apr\u00e8s (1910-2010)<\/strong>, edited by Arnaud Diemer and Jean-Pierre Potier, Bruxelles, Peter Lang, 2013. (<a href=\"https:\/\/www.decitre.fr\/livres\/leon-walras-9782875740458.html\">order<\/a>)<br \/>\n<div class=\"su-spacer\" style=\"height:10px\"><\/div>\n<p><a href=\"https:\/\/wp.unil.ch\/walras\/files\/2011\/03\/walrasian-studies-2.jpg\"><img loading=\"lazy\" decoding=\"async\" class=\"wp-image-316 alignleft\" src=\"https:\/\/wp.unil.ch\/walras\/files\/2011\/03\/walrasian-studies-2-190x300.jpg\" alt=\"walrasian-studies-2\" width=\"185\" height=\"292\" srcset=\"https:\/\/wp.unil.ch\/walras\/files\/2011\/03\/walrasian-studies-2-190x300.jpg 190w, https:\/\/wp.unil.ch\/walras\/files\/2011\/03\/walrasian-studies-2.jpg 317w\" sizes=\"auto, (max-width: 185px) 100vw, 185px\" \/><\/a><\/p>\n<p><strong>L\u00e9on Walras et l&#8217;\u00e9quilibre \u00e9conomique g\u00e9n\u00e9ral &#8211; Recherches r\u00e9centes<\/strong>, edited by Roberto Baranzini, Andr\u00e9 Legris and Ludovic Ragni, Paris, Economica, 2011. (<a href=\"https:\/\/www.decitre.fr\/livres\/leon-walras-et-l-equilibre-economique-general-9782717858235.html\">order<\/a>)<br \/>\n<div class=\"su-spacer\" style=\"height:10px\"><\/div>\n<p><a href=\"https:\/\/wp.unil.ch\/walras\/files\/2011\/03\/walrasian-studies-1.jpg\"><img loading=\"lazy\" decoding=\"async\" class=\"size-medium wp-image-317 alignleft\" src=\"https:\/\/wp.unil.ch\/walras\/files\/2011\/03\/walrasian-studies-1-185x300.jpg\" alt=\"walrasian-studies-1\" width=\"185\" height=\"300\" srcset=\"https:\/\/wp.unil.ch\/walras\/files\/2011\/03\/walrasian-studies-1-185x300.jpg 185w, https:\/\/wp.unil.ch\/walras\/files\/2011\/03\/walrasian-studies-1.jpg 294w\" sizes=\"auto, (max-width: 185px) 100vw, 185px\" \/><\/a><\/p>\n<p><strong>\u00c9tudes Walrasiennes<\/strong>, edited by Roberto Baranzini, Arnaud Diemer and Claude Mouchot, Paris, L&#8217;Harmattan, 2005. (<a href=\"https:\/\/www.decitre.fr\/livres\/etudes-walrassiennes-9782747576635.html\">order<\/a>)<\/p>\n","protected":false},"excerpt":{"rendered":"<p>The International Walras Association also published three volumes of collected Walrasian studies. L\u00e9on Walras &#8211; Un si\u00e8cle apr\u00e8s (1910-2010), edited by Arnaud Diemer and Jean-Pierre Potier, Bruxelles, Peter Lang, 2013. (order) L\u00e9on Walras et l&#8217;\u00e9quilibre \u00e9conomique g\u00e9n\u00e9ral &#8211; Recherches r\u00e9centes,<\/p>\n","protected":false},"author":195,"featured_media":0,"parent":45,"menu_order":0,"comment_status":"closed","ping_status":"closed","template":"","meta":{"_seopress_robots_primary_cat":"","_seopress_titles_title":"","_seopress_titles_desc":"","_seopress_robots_index":"","footnotes":""},"class_list":["post-47","page","type-page","status-publish"],"_links":{"self":[{"href":"https:\/\/wp.unil.ch\/walras\/wp-json\/wp\/v2\/pages\/47","targetHints":{"allow":["GET"]}}],"collection":[{"href":"https:\/\/wp.unil.ch\/walras\/wp-json\/wp\/v2\/pages"}],"about":[{"href":"https:\/\/wp.unil.ch\/walras\/wp-json\/wp\/v2\/types\/page"}],"author":[{"embeddable":true,"href":"https:\/\/wp.unil.ch\/walras\/wp-json\/wp\/v2\/users\/195"}],"replies":[{"embeddable":true,"href":"https:\/\/wp.unil.ch\/walras\/wp-json\/wp\/v2\/comments?post=47"}],"version-history":[{"count":0,"href":"https:\/\/wp.unil.ch\/walras\/wp-json\/wp\/v2\/pages\/47\/revisions"}],"up":[{"embeddable":true,"href":"https:\/\/wp.unil.ch\/walras\/wp-json\/wp\/v2\/pages\/45"}],"wp:attachment":[{"href":"https:\/\/wp.unil.ch\/walras\/wp-json\/wp\/v2\/media?parent=47"}],"curies":[{"name":"wp","href":"https:\/\/api.w.org\/{rel}","templated":true}]}}