{"id":223,"date":"2023-05-06T18:03:53","date_gmt":"2023-05-06T16:03:53","guid":{"rendered":"https:\/\/wp.unil.ch\/theatromand\/?page_id=223"},"modified":"2026-04-01T15:41:57","modified_gmt":"2026-04-01T13:41:57","slug":"bases","status":"publish","type":"page","link":"https:\/\/wp.unil.ch\/theatromand\/bases\/","title":{"rendered":"Bases de donn\u00e9es"},"content":{"rendered":"\n<p id=\"-top\">Plusieurs bases de donn\u00e9es con\u00e7ues et mises en place \u00e0 l\u2019Universit\u00e9 de Lausanne mettent en valeur le th\u00e9\u00e2tre sur le territoire romand &#8211; dans ses fronti\u00e8res actuelles &#8211; \u00e0 diff\u00e9rentes \u00e9poques, du Moyen Age au XXe si\u00e8cle. Cette page recense \u00e9galement d&rsquo;autres outils de recherche et de valorisation en ligne d\u00e9di\u00e9s \u00e0 l&rsquo;histoire des arts du spectacle en Europe.<\/p>\n\n\n\n<p class=\"has-small-font-size\" id=\"-top\"><em>Une base de donn\u00e9es manque dans ce recensement ? Faites-le nous savoir via le formulaire de <a href=\"https:\/\/wp.unil.ch\/theatromand\/contact\/\" data-type=\"page\" data-id=\"176\">contact<\/a>.<\/em><\/p>\n\n\n\n<hr class=\"wp-block-separator aligncenter has-alpha-channel-opacity\" \/>\n\n\n\n<div id=\"no-vertical-margin\" class=\"wp-block-group no-vertical-margin is-vertical is-layout-flex wp-container-core-group-is-layout-8cf370e7 wp-block-group-is-layout-flex\">\n<h3 class=\"wp-block-heading has-text-align-left\" id=\"-top\">Premiers th\u00e9\u00e2tres romands&nbsp;<\/h3>\n\n\n\n<p class=\"has-text-align-left has-small-font-size\">Infos : <a href=\"https:\/\/medialitt.hypotheses.org\/faire-du-theatre-au-temps-des-orateurs\" target=\"_blank\" rel=\"noreferrer noopener\">https:\/\/medialitt.hypotheses.org\/faire-du-theatre-au-temps-des-orateurs<\/a><\/p>\n\n\n\n<p class=\"has-text-align-left has-small-font-size\">Acc\u00e8s : <a href=\"https:\/\/ark.dasch.swiss\/ark:\/72163\/1\/0119\" target=\"_blank\" rel=\"noreferrer noopener\">https:\/\/ark.dasch.swiss\/ark:\/72163\/1\/0119<\/a><br>Visualisation sur une carte: <a href=\"https:\/\/maperformance.github.io\/\">https:\/\/maperformance.github.io\/<\/a><\/p>\n\n\n\n<div class=\"wp-block-columns alignwide are-vertically-aligned-top has-normal-font-size is-layout-flex wp-container-core-columns-is-layout-9d6595d7 wp-block-columns-is-layout-flex\">\n<div class=\"wp-block-column is-vertically-aligned-top is-layout-flow wp-block-column-is-layout-flow\">\n<figure class=\"wp-block-image alignwide size-large is-style-default\"><img alt=\"\" loading=\"lazy\" decoding=\"async\" width=\"1024\" height=\"768\" src=\"https:\/\/wp.unil.ch\/theatromand\/files\/2023\/06\/collage-prethero-1024x768.jpg\" alt=\"\" class=\"wp-image-586\" srcset=\"https:\/\/wp.unil.ch\/theatromand\/files\/2023\/06\/collage-prethero-1024x768.jpg 1024w, https:\/\/wp.unil.ch\/theatromand\/files\/2023\/06\/collage-prethero-300x225.jpg 300w, https:\/\/wp.unil.ch\/theatromand\/files\/2023\/06\/collage-prethero-768x576.jpg 768w, https:\/\/wp.unil.ch\/theatromand\/files\/2023\/06\/collage-prethero-540x405.jpg 540w, https:\/\/wp.unil.ch\/theatromand\/files\/2023\/06\/collage-prethero-1080x810.jpg 1080w, https:\/\/wp.unil.ch\/theatromand\/files\/2023\/06\/collage-prethero.jpg 1500w\" sizes=\"auto, (max-width: 1024px) 100vw, 1024px\" \/><figcaption class=\"wp-element-caption\">Documents d&rsquo;archives issus des AEF, ACV et AEG, XIV-XVI<sup>e<\/sup> s.<\/figcaption><\/figure>\n<\/div>\n\n\n\n<div class=\"wp-block-column is-vertically-aligned-top is-layout-flow wp-block-column-is-layout-flow\">\n<p class=\"has-small-font-size\">La base de donn\u00e9es con\u00e7ue et r\u00e9alis\u00e9e entre 2020 et 2023 par Natalia Wawrzyniak (chercheuse FNS senior, UNIL), \u00e0 l\u2019initiative d\u2019Estelle Doudet dans le cadre du projet <em>M\u00e9dialitt\u00e9rature. Po\u00e9tiques et pratiques de la communication publique en fran\u00e7ais. XVe-XVIe si\u00e8cles <\/em>(<a href=\"https:\/\/data.snf.ch\/grants\/grant\/192400\">FNS 192400<\/a>). Cette base de donn\u00e9es documente l\u2019\u00e9volution des pratiques th\u00e9\u00e2trales dans les r\u00e9gions de l\u2019actuelle Suisse romande aux XV<sup>e<\/sup> et XVI<sup>e<\/sup> si\u00e8cles. Elle contient des notices sur les repr\u00e9sentations, les groupes et les individus impliqu\u00e9s dans des activit\u00e9s th\u00e9\u00e2trales et donne acc\u00e8s \u00e0 des pi\u00e8ces conserv\u00e9es, des t\u00e9moignages historiques, des archives des repr\u00e9sentations et une bibliographie qui permettent aux chercheurs et au public de reconstituer les origines de la culture th\u00e9\u00e2trale suisse en fran\u00e7ais.<\/p>\n<\/div>\n<\/div>\n<\/div>\n\n\n\n<div id=\"no-vertical-margin\" class=\"wp-block-group no-vertical-margin is-vertical is-layout-flex wp-container-core-group-is-layout-8cf370e7 wp-block-group-is-layout-flex\">\n<h3 class=\"wp-block-heading alignwide has-text-align-left\">Th\u00e9\u00e2tres de soci\u00e9t\u00e9<\/h3>\n\n\n\n<p class=\"has-text-align-left has-small-font-size\">Metadata DaSCH: <a href=\"https:\/\/meta.dasch.swiss\/projects\/0103\/\" target=\"_blank\" rel=\"noreferrer noopener\">https:\/\/meta.dasch.swiss\/projects\/0103\/<\/a><\/p>\n\n\n\n<p class=\"has-text-align-left has-small-font-size\">Interface : <a href=\"https:\/\/theatresdesociete.unil.ch\/projet\" target=\"_blank\" rel=\"noreferrer noopener\">https:\/\/theatresdesociete.unil.ch\/projet<\/a><\/p>\n\n\n\n<div class=\"wp-block-columns alignwide are-vertically-aligned-top has-large-font-size is-layout-flex wp-container-core-columns-is-layout-9d6595d7 wp-block-columns-is-layout-flex\">\n<div class=\"wp-block-column is-vertically-aligned-top is-layout-flow wp-block-column-is-layout-flow\">\n<figure class=\"wp-block-image alignwide size-large is-style-default\"><img alt=\"\" loading=\"lazy\" decoding=\"async\" width=\"1024\" height=\"739\" src=\"https:\/\/wp.unil.ch\/theatromand\/files\/2023\/05\/Ponzetto-ProjetFNS-1024x739.png\" alt=\"\" class=\"wp-image-346\" srcset=\"https:\/\/wp.unil.ch\/theatromand\/files\/2023\/05\/Ponzetto-ProjetFNS-1024x739.png 1024w, https:\/\/wp.unil.ch\/theatromand\/files\/2023\/05\/Ponzetto-ProjetFNS-300x217.png 300w, https:\/\/wp.unil.ch\/theatromand\/files\/2023\/05\/Ponzetto-ProjetFNS-768x555.png 768w, https:\/\/wp.unil.ch\/theatromand\/files\/2023\/05\/Ponzetto-ProjetFNS-1536x1109.png 1536w, https:\/\/wp.unil.ch\/theatromand\/files\/2023\/05\/Ponzetto-ProjetFNS-540x390.png 540w, https:\/\/wp.unil.ch\/theatromand\/files\/2023\/05\/Ponzetto-ProjetFNS-1080x780.png 1080w, https:\/\/wp.unil.ch\/theatromand\/files\/2023\/05\/Ponzetto-ProjetFNS.png 1662w\" sizes=\"auto, (max-width: 1024px) 100vw, 1024px\" \/><figcaption class=\"wp-element-caption\">Le Th\u00e9\u00e2tre Marbeuf, dans <em>Le Monde illustr\u00e9<\/em>, 16 mai 1857, p. 13.<\/figcaption><\/figure>\n<\/div>\n\n\n\n<div class=\"wp-block-column is-vertically-aligned-top is-layout-flow wp-block-column-is-layout-flow\">\n<p class=\"justify has-small-font-size\">Base de donn\u00e9es con\u00e7ue par Valentina Ponzetto dans le cadre d&rsquo;un projet FNS Professeur boursier : <em>Th\u00e9\u00e2tre de soci\u00e9t\u00e9. Entre Lumi\u00e8res et Second Empire <\/em>(premi\u00e8re phase, 2016-2020, <a href=\"https:\/\/data.snf.ch\/grants\/grant\/157392\" target=\"_blank\" rel=\"noreferrer noopener\">Projet 157392<\/a>; deuxi\u00e8me phase, 2020-2021, <a href=\"https:\/\/data.snf.ch\/grants\/grant\/190070\" target=\"_blank\" rel=\"noreferrer noopener\">Projet 190070<\/a>) et <em>Femmes \u00ab en soci\u00e9t\u00e9 \u00bb. R\u00f4les et importance des femmes dans l\u2019\u00e9mergence et la cr\u00e9ation des spectacles de soci\u00e9t\u00e9<\/em> (2021-2022, <a href=\"https:\/\/data.snf.ch\/grants\/grant\/202668\" target=\"_blank\" rel=\"noreferrer noopener\">Projet 202668<\/a>). R\u00e9pertoire num\u00e9rique des spectacles jou\u00e9s sur les sc\u00e8nes de soci\u00e9t\u00e9 en France et en Suisse romande aux XVIII<sup>e<\/sup> et XIX<sup>e<\/sup> si\u00e8cles. Pour chaque repr\u00e9sentation sont indiqu\u00e9es les sources documentaires, imprim\u00e9es ou manuscrites, dont sont issues les donn\u00e9es. Des extraits significatifs de ces sources sont transcrits dans les notices d\u2019accompagnement. La base comprend \u00e0 ce jour 1814 repr\u00e9sentations, 1630 personnes impliqu\u00e9es dans ces spectacles, 1051 \u0153uvres jou\u00e9es et 673 lieux de repr\u00e9sentation.<\/p>\n<\/div>\n<\/div>\n<\/div>\n\n\n\n<div id=\"no-vertical-margin\" class=\"wp-block-group is-vertical is-layout-flex wp-container-core-group-is-layout-8cf370e7 wp-block-group-is-layout-flex\">\n<h3 class=\"wp-block-heading has-text-align-left\">Th\u00e9\u00e2tre romand (1845-1945)<\/h3>\n\n\n\n<p class=\"has-text-align-left has-small-font-size\">Acc\u00e8s : <a href=\"https:\/\/wp.unil.ch\/theatromand\/bases\/theatre-romand-1845-1945\/\">wp.unil.ch\/theatromand\/bases\/theatre-romand-1845-1945\/<\/a><\/p>\n\n\n\n<div class=\"wp-block-columns are-vertically-aligned-top has-large-font-size is-layout-flex wp-container-core-columns-is-layout-9d6595d7 wp-block-columns-is-layout-flex\">\n<div class=\"wp-block-column is-vertically-aligned-top is-layout-flow wp-block-column-is-layout-flow\">\n<figure class=\"wp-block-image alignwide size-full is-style-default\"><a href=\"https:\/\/wp.unil.ch\/theatromand\/bases\/theatre-romand-1845-1945\/\"><img loading=\"lazy\" decoding=\"async\" width=\"1177\" height=\"884\" src=\"https:\/\/wp.unil.ch\/theatromand\/files\/2026\/04\/honore_daumier_sammlung-oskar-reinhart-am-romerholz.jpg\" alt=\"honore\u0301 daumier sammlung oskar reinhart am ro\u0308merholz\" class=\"wp-image-2419\" srcset=\"https:\/\/wp.unil.ch\/theatromand\/files\/2026\/04\/honore_daumier_sammlung-oskar-reinhart-am-romerholz.jpg 1177w, https:\/\/wp.unil.ch\/theatromand\/files\/2026\/04\/honore_daumier_sammlung-oskar-reinhart-am-romerholz-300x225.jpg 300w, https:\/\/wp.unil.ch\/theatromand\/files\/2026\/04\/honore_daumier_sammlung-oskar-reinhart-am-romerholz-1024x769.jpg 1024w, https:\/\/wp.unil.ch\/theatromand\/files\/2026\/04\/honore_daumier_sammlung-oskar-reinhart-am-romerholz-768x577.jpg 768w, https:\/\/wp.unil.ch\/theatromand\/files\/2026\/04\/honore_daumier_sammlung-oskar-reinhart-am-romerholz-1120x841.jpg 1120w, https:\/\/wp.unil.ch\/theatromand\/files\/2026\/04\/honore_daumier_sammlung-oskar-reinhart-am-romerholz-540x406.jpg 540w, https:\/\/wp.unil.ch\/theatromand\/files\/2026\/04\/honore_daumier_sammlung-oskar-reinhart-am-romerholz-1080x811.jpg 1080w\" sizes=\"auto, (max-width: 1177px) 100vw, 1177px\" \/><\/a><figcaption class=\"wp-element-caption\">Spectateurs de th\u00e9\u00e2tre par Honor\u00e9 Daumier (1808-1879). Sammlung Oskar Reinhart am Ro\u0308merholz (ZH).<\/figcaption><\/figure>\n<\/div>\n\n\n\n<div class=\"wp-block-column is-layout-flow wp-block-column-is-layout-flow\">\n<p class=\"has-small-font-size\">Olivier Robert, ancien archiviste de l\u2019UNIL, a \u00e9tabli un recensement des pi\u00e8ces issues du r\u00e9pertoire th\u00e9\u00e2tral et lyrique romand entre 1845 et 1945. La base des \u0153uvres, qui comporte \u00e0 ce jour 1255 entr\u00e9es, a \u00e9t\u00e9 constitu\u00e9e \u00e0 partir des comptes rendus dans la presse, des catalogues de biblioth\u00e8ques et des catalogues d\u2019\u00e9diteurs. Elle donne un certain nombre d\u2019informations concernant chaque pi\u00e8ce dramatique ou lyrique (r\u00e9sum\u00e9, distribution, r\u00e9f\u00e9rences bibliographiques, liste des repr\u00e9sentations identifi\u00e9es). La base des auteurs, qu\u2019ils ou elles soient \u00e9crivains (440) ou musiciens (68 compositeurs ou arrangeurs), propose autant que possible une notice biographique tir\u00e9e de la presse, de programmes, du <em>Dictionnaire du th\u00e9\u00e2tre en Suisse<\/em>, du <em>Dictionnaire historique de la Suisse<\/em> ou d\u2019autres sources secondaires.<\/p>\n\n\n\n<p class=\"has-small-font-size\">Base de donn\u00e9es UNIL inaugur\u00e9e en 2018.<\/p>\n<\/div>\n<\/div>\n\n\n\n<div style=\"height:0px\" aria-hidden=\"true\" class=\"wp-block-spacer wp-container-content-8a389b04\"><\/div>\n<\/div>\n\n\n\n<div id=\"no-vertical-margin\" class=\"wp-block-group is-vertical is-layout-flex wp-container-core-group-is-layout-8cf370e7 wp-block-group-is-layout-flex\">\n<h3 class=\"wp-block-heading has-text-align-left\">Archives th\u00e9\u00e2trales de la RTS<\/h3>\n\n\n\n<p class=\"has-text-align-left has-small-font-size\">Acc\u00e8s : <a href=\"https:\/\/catima.unil.ch\/rts-theatre\/fr\" target=\"_blank\" rel=\"noreferrer noopener\">catima.unil.ch\/rts-theatre<\/a><\/p>\n\n\n\n<div class=\"wp-block-columns are-vertically-aligned-top has-large-font-size is-layout-flex wp-container-core-columns-is-layout-9d6595d7 wp-block-columns-is-layout-flex\">\n<div class=\"wp-block-column is-vertically-aligned-top is-layout-flow wp-block-column-is-layout-flow\">\n<figure class=\"wp-block-image alignwide size-full is-style-default\"><a href=\"catima.unil.ch\/rts-theatre\"><img loading=\"lazy\" decoding=\"async\" width=\"1898\" height=\"1170\" src=\"https:\/\/wp.unil.ch\/theatromand\/files\/2025\/09\/projet-archives-rts-valentine.png\" alt=\"projet archives rts valentine\" class=\"wp-image-2207\" srcset=\"https:\/\/wp.unil.ch\/theatromand\/files\/2025\/09\/projet-archives-rts-valentine.png 1898w, https:\/\/wp.unil.ch\/theatromand\/files\/2025\/09\/projet-archives-rts-valentine-300x185.png 300w, https:\/\/wp.unil.ch\/theatromand\/files\/2025\/09\/projet-archives-rts-valentine-1024x631.png 1024w, https:\/\/wp.unil.ch\/theatromand\/files\/2025\/09\/projet-archives-rts-valentine-768x473.png 768w, https:\/\/wp.unil.ch\/theatromand\/files\/2025\/09\/projet-archives-rts-valentine-1536x947.png 1536w, https:\/\/wp.unil.ch\/theatromand\/files\/2025\/09\/projet-archives-rts-valentine-1120x690.png 1120w, https:\/\/wp.unil.ch\/theatromand\/files\/2025\/09\/projet-archives-rts-valentine-540x333.png 540w, https:\/\/wp.unil.ch\/theatromand\/files\/2025\/09\/projet-archives-rts-valentine-1080x666.png 1080w\" sizes=\"auto, (max-width: 1898px) 100vw, 1898px\" \/><\/a><\/figure>\n<\/div>\n\n\n\n<div class=\"wp-block-column is-layout-flow wp-block-column-is-layout-flow\">\n<p class=\"has-small-font-size\">Cette base de donn\u00e9es a \u00e9t\u00e9 con\u00e7ue par Valentine Robert au Centre d\u2019\u00e9tudes th\u00e9\u00e2trales (CET) dans le cadre d\u2019un partenariat avec la Radio T\u00e9l\u00e9vision Suisse (RTS)&nbsp;et gr\u00e2ce au soutien du projet FNS \u00ab&nbsp;Operative TV&nbsp;\u00bb (dir. Anne-Katrin Weber). Elle vise \u00e0 recenser et valoriser les archives audiovisuelles de la RTS d\u00e9di\u00e9es au th\u00e9\u00e2tre, et plus particuli\u00e8rement \u00e0 la pratique th\u00e9\u00e2trale en Suisse romande. Le site&nbsp;<a href=\"https:\/\/www.rts.ch\/archives\" target=\"_blank\" rel=\"noreferrer noopener\"><em>Les archives de la RTS<\/em><\/a>&nbsp;ne mettant \u00e0 disposition du public que 10% des archives de l\u2019institution, de nombreux reportages, \u00e9missions, entretiens et captations restent \u00e0 d\u00e9couvrir dans leurs archives professionnelles, susceptibles de constituer des documents d\u2019exception sur les spectacles, les institutions et les personnalit\u00e9s qui composent l\u2019histoire du th\u00e9\u00e2tre en Suisse romande.<\/p>\n\n\n\n<p class=\"has-small-font-size\">Base de donn\u00e9es UNIL inaugur\u00e9e en septembre 2025.<\/p>\n<\/div>\n<\/div>\n\n\n\n<div style=\"height:27px\" aria-hidden=\"true\" class=\"wp-block-spacer wp-container-content-8a389b04\"><\/div>\n<\/div>\n\n\n\n<h2 class=\"wp-block-heading alignwide\">Autres bases de donn\u00e9es et outils num\u00e9riques<\/h2>\n\n\n\n<div class=\"wp-block-group is-vertical is-layout-flex wp-container-core-group-is-layout-8cf370e7 wp-block-group-is-layout-flex\">\n<h2 class=\"wp-block-heading has-large-font-size\"><a href=\"https:\/\/notrehistoire.ch\/\" target=\"_blank\" rel=\"noreferrer noopener\">NotreHistoire.ch<\/a><\/h2>\n\n\n\n<p class=\"has-light-background-background-color has-background\">Dans le cadre d&rsquo;un partenariat avec Th\u00e9\u00e2tRomand, la plateforme romande NotreHistoire.ch a lanc\u00e9 un <a href=\"https:\/\/wp.unil.ch\/theatromand\/theatre-amateur-romand-appel-a-publication-de-notrehistoire-ch\/\">appel en 2024<\/a> aupr\u00e8s des internautes afin de les encourager \u00e0 mettre en ligne sur la plateforme tout document leur appartenant en lien avec le th\u00e9\u00e2tre amateur en Suisse romande. La <a href=\"https:\/\/notrehistoire.ch\/galleries\/theatre-amateur\" target=\"_blank\" rel=\"noreferrer noopener\">galerie \u00ab\u00a0Th\u00e9\u00e2tre amateur\u00a0\u00bb<\/a> compte actuellement plus de 260 entr\u00e9es.<\/p>\n<\/div>\n\n\n\n<div class=\"wp-block-group is-vertical is-layout-flex wp-container-core-group-is-layout-8cf370e7 wp-block-group-is-layout-flex\">\n<h4 class=\"wp-block-heading\"><a href=\"https:\/\/tls.theaterwissenschaft.ch\/wiki\/Hauptseite\" target=\"_blank\" rel=\"noreferrer noopener\">Theaterlexikon der Schweiz<\/a> <\/h4>\n\n\n\n<p>Le <em>Dictionnaire du th\u00e9\u00e2tre en Suisse<\/em> (<em>TSL<\/em>) est port\u00e9 par l\u2019Institut d\u2019\u00e9tudes th\u00e9\u00e2trales de l\u2019Universit\u00e9 de Berne.&nbsp;Sa version en ligne est bas\u00e9e sur l\u2019ouvrage encyclop\u00e9dique publi\u00e9 en 2005. Le dictionnaire contient des articles sur des personnes, des groupes, des lieux de repr\u00e9sentation et des institutions ainsi que sur des notions li\u00e9es aux arts de la sc\u00e8ne au sens large, incluant aussi bien le secteur professionnel que le th\u00e9\u00e2tre amateur.<\/p>\n<\/div>\n\n\n\n<div class=\"wp-block-group is-vertical is-layout-flex wp-container-core-group-is-layout-8cf370e7 wp-block-group-is-layout-flex\">\n<h2 class=\"wp-block-heading has-large-font-size\"><a rel=\"noreferrer noopener\" href=\"https:\/\/www.lesarchivesduspectacle.net\" data-type=\"URL\" data-id=\"www.lesarchivesduspectacle.net\" target=\"_blank\">Archives du spectacle<\/a><\/h2>\n\n\n\n<p>Site r\u00e9pertoriant les spectacles principalement francophones. On y trouve des informations sur des spectacles suisses romands. L&rsquo;outil de recherche permet de filtrer par pays. Voici quelques exemples:<\/p>\n\n\n\n<ul class=\"wp-block-list\">\n<li><a rel=\"noreferrer noopener\" href=\"https:\/\/www.lesarchivesduspectacle.net\/?IDX_Organisme=571&amp;Saison=1915\" data-type=\"URL\" data-id=\"https:\/\/www.lesarchivesduspectacle.net\/?IDX_Organisme=571&amp;Saison=1915\" target=\"_blank\">Com\u00e9die de Gen\u00e8ve<\/a> : Archives de la Com\u00e9die de Gen\u00e8ve avec les informations sur des spectacles \u00e0 partir de 1915.<\/li>\n<\/ul>\n\n\n\n<ul class=\"wp-block-list\">\n<li><a rel=\"noreferrer noopener\" href=\"https:\/\/lesarchivesduspectacle.net\/o\/613-Opera-de-Lausanne\/Saison:1983\" data-type=\"URL\" data-id=\"https:\/\/lesarchivesduspectacle.net\/o\/613-Opera-de-Lausanne\/Saison:1983\" target=\"_blank\">Op\u00e9ra de Lausanne<\/a> : Archives de l&rsquo;Op\u00e9ra de Lausanne avec les informations sur des spectacles \u00e0 partir de 1983.<\/li>\n<\/ul>\n\n\n\n<ul class=\"wp-block-list\">\n<li><a rel=\"noreferrer noopener\" href=\"https:\/\/www.lesarchivesduspectacle.net\/?IDX_Organisme=12082&amp;Annee=1956\" data-type=\"URL\" data-id=\"https:\/\/www.lesarchivesduspectacle.net\/?IDX_Organisme=12082&amp;Annee=1956\" target=\"_blank\">Th\u00e9\u00e2tre du Jorat<\/a> : Archives du Th\u00e9\u00e2tre du Jorat \u00e0 M\u00e9zi\u00e8res avec les informations sur des spectacles \u00e0 partir de 1956.<\/li>\n<\/ul>\n\n\n\n<ul class=\"wp-block-list\">\n<li><a rel=\"noreferrer noopener\" href=\"https:\/\/www.lesarchivesduspectacle.net\/?IDX_Organisme=506&amp;Saison=1977#organisme-programmation\" data-type=\"URL\" data-id=\"https:\/\/www.lesarchivesduspectacle.net\/?IDX_Organisme=506&amp;Saison=1977#organisme-programmation\" target=\"_blank\">Th\u00e9\u00e2tre de Vidy<\/a> : Archives du Th\u00e9\u00e2tre de Vidy \u00e0 Lausanne avec les informations sur des spectacles \u00e0 partir de 1978.<\/li>\n<\/ul>\n<\/div>\n\n\n\n<div class=\"wp-block-group is-vertical is-layout-flex wp-container-core-group-is-layout-8cf370e7 wp-block-group-is-layout-flex\">\n<h2 class=\"wp-block-heading has-large-font-size\"><a href=\"https:\/\/arnoul.lamop.fr\/\" data-type=\"link\" data-id=\"https:\/\/arnoul.lamop.fr\/\" target=\"_blank\" rel=\"noreferrer noopener\">Th\u00e9\u00e2tre et Performances en France au Moyen-\u00c2ge<\/a><\/h2>\n\n\n\n<p>La base de donn\u00e9es relationnelle <em>Th\u00e9\u00e2tre et Performances en France au Moyen-\u00c2ge,<\/em> constitu\u00e9e entre 2006 et 2010 par une \u00e9quipe de chercheurs dirig\u00e9e par Darwin Smith et Matthieu Bonicel, juxtapose les donn\u00e9es concernant les pi\u00e8ces et les repr\u00e9sentations et les accompagne de la bibliographie secondaire.<\/p>\n<\/div>\n\n\n\n<div class=\"wp-block-group is-vertical is-layout-flex wp-container-core-group-is-layout-8cf370e7 wp-block-group-is-layout-flex\">\n<h2 class=\"wp-block-heading has-large-font-size\"><a href=\"https:\/\/maperformance.github.io\/\" target=\"_blank\" rel=\"noreferrer noopener\">LEs REpr\u00e9sentations M\u00c9di\u00e9vales (LeReMed) \/ <em>MAP project &#8211; Midde Ages &amp; Performances<\/em><\/a><\/h2>\n\n\n\n<p>MAP\/LeReMed de Simon Gabay (UniGE) utilise les r\u00e9pertoires de performances m\u00e9di\u00e9vales pour cr\u00e9er une cartographie de spectacles. Voir aussi l\u2019article de Simon Gabay et Alexandre Bartz, \u00ab LEs REpr\u00e9sentations M\u00c9di\u00e9vales (LeReMed) : (mod\u00e9liser un) r\u00e9pertoire de performances m\u00e9di\u00e9vales \u00bb,&nbsp;<em>Humanistica 2021<\/em><a href=\"https:\/\/hal.archives-ouvertes.fr\/hal-03186628\" target=\"_blank\" rel=\"noreferrer noopener\">,<\/a><a href=\"https:\/\/hal.archives-ouvertes.fr\/hal-03186628\" target=\"_blank\" rel=\"noreferrer noopener\"> \u27e8hal-03186628\u27e9<\/a>.<\/p>\n<\/div>\n\n\n\n<div class=\"wp-block-group is-vertical is-layout-flex wp-container-core-group-is-layout-8cf370e7 wp-block-group-is-layout-flex\">\n<h2 class=\"wp-block-heading has-large-font-size\"><a href=\"https:\/\/cesar.huma-num.fr\/cesar2\/\" data-type=\"link\" data-id=\"https:\/\/cesar.huma-num.fr\/cesar2\/\" target=\"_blank\" rel=\"noreferrer noopener\">CESAR<\/a><\/h2>\n\n\n\n<p>Calendrier \u00e9lectronique des spectacles sous l\u2019Ancien R\u00e9gime, cr\u00e9\u00e9 par Barry Russell, David Trott et Jeffrey Ravel. Le site est accueilli depuis 2016 par le laboratoire Litt&amp;Arts (UMR CNRS 5316) de l\u2019Universit\u00e9 Grenoble Alpes et il est en cours de refonte.<\/p>\n<\/div>\n\n\n\n<div class=\"wp-block-group is-vertical is-layout-flex wp-container-core-group-is-layout-8cf370e7 wp-block-group-is-layout-flex\">\n<h2 class=\"wp-block-heading has-large-font-size\"><a href=\"https:\/\/homes.chass.utoronto.ca\/~trott\/societe\/societe.htm\" target=\"_blank\" rel=\"noreferrer noopener\">Th\u00e9\u00e2tres de soci\u00e9t\u00e9 : rayonnement du r\u00e9pertoire fran\u00e7ais entre 1700-1799<\/a><\/h2>\n\n\n\n<p class=\"has-normal-font-size\">Inventaire en ligne \u00e9tabli par Marie-Emmanuelle Plagnol-Di\u00e9val, Dominique Qu\u00e9ro et David Trott (derni\u00e8re mise \u00e0 jour du 30 ao\u00fbt 2003). Prochainement mis \u00e0 jour par Valentina Ponzetto (Universit\u00e9 de Lausanne) sous l\u2019adresse : <a href=\"https:\/\/www.theatresdesociete.ch\" data-type=\"link\" data-id=\"www.theatresdesociete.ch\">www.theatresdesociete.ch<\/a><\/p>\n<\/div>\n\n\n\n<div class=\"wp-block-group is-vertical is-layout-flex wp-container-core-group-is-layout-8cf370e7 wp-block-group-is-layout-flex\">\n<h2 class=\"wp-block-heading has-large-font-size\"><a href=\"https:\/\/www.theaville.org\" target=\"_blank\" rel=\"noreferrer noopener\">Theaville<\/a> <\/h2>\n\n\n\n<p>Outil de recherche litt\u00e9raire et musical sur les parodies dramatiques d\u2019op\u00e9ra au XVIII<sup>e<\/sup> si\u00e8cle, \u00e9dit\u00e9 par le Centre d&rsquo;\u00e9tude des th\u00e9\u00e2tres de la Foire et de la Com\u00e9die-Italienne \u00e0 Nantes (dir. Fran\u00e7oise Rubellin). Il comprend 250 parodies d\u2019op\u00e9ra et 1098 vaudevilles.<\/p>\n<\/div>\n\n\n\n<div class=\"wp-block-group is-vertical is-layout-flex wp-container-core-group-is-layout-8cf370e7 wp-block-group-is-layout-flex\">\n<h2 class=\"wp-block-heading has-large-font-size\"><a href=\"https:\/\/recital.univ-nantes.fr\" target=\"_blank\" rel=\"noreferrer noopener\">RECITAL<\/a><\/h2>\n\n\n\n<p>Plateforme participative dirig\u00e9e par Fran\u00e7oise Rubellin. Conserv\u00e9e \u00e0 la BnF, une collection de plus de 60 registres du th\u00e9\u00e2tre de la Com\u00e9die-Italienne, couvrant la p\u00e9riode de 1717 \u00e0 1794, a \u00e9t\u00e9 enti\u00e8rement num\u00e9ris\u00e9e et est en cours de transcription gr\u00e2ce \u00e0 des centaines d\u2019internautes. Ces registres, qui comptabilisent environ 27&rsquo;000 pages, sont \u00ab une source riche, pr\u00e9cieuse et fiable de donn\u00e9es relatives \u00e0 l&rsquo;\u00e9conomie du spectacle au XVIII<sup>e<\/sup> si\u00e8cle \u00bb.<\/p>\n<\/div>\n\n\n\n<div class=\"wp-block-group is-vertical is-layout-flex wp-container-core-group-is-layout-8cf370e7 wp-block-group-is-layout-flex\">\n<h2 class=\"wp-block-heading has-large-font-size\"><a href=\"https:\/\/dezede.org\/\" data-type=\"link\" data-id=\"https:\/\/dezede.org\/\" target=\"_blank\" rel=\"noreferrer noopener\">Dez\u00e8de<\/a><\/h2>\n\n\n\n<p><em>Dez\u00e8de<\/em> contient les archives de plusieurs grandes institutions fran\u00e7aises comme l&rsquo;Op\u00e9ra Comique ou le Conservatoire de Paris. Plus tourn\u00e9 vers la musique, le site offre des informations sur des spectacles musicaux ainsi que des dossiers de recherches th\u00e9matiques. <\/p>\n<\/div>\n\n\n\n<div class=\"wp-block-group is-vertical is-layout-flex wp-container-core-group-is-layout-8cf370e7 wp-block-group-is-layout-flex\">\n<h2 class=\"wp-block-heading has-large-font-size\"><a href=\"https:\/\/cfregisters.org\/#!\/\" data-type=\"link\" data-id=\"https:\/\/cfregisters.org\/#!\/\" target=\"_blank\" rel=\"noreferrer noopener\">Registres de la Com\u00e9die-Fran\u00e7aise<\/a><\/h2>\n\n\n\n<p>Depuis sa cr\u00e9ation, la Com\u00e9die-Fran\u00e7aise tient des registres manuscrits de tous ses spectacles. Ils ont avant tout une valeur juridique et administrative mais offrent aussi une id\u00e9e quantitatives des spectacles, notamment les budgets, les d\u00e9penses et les recettes. <\/p>\n<\/div>\n\n\n\n<div class=\"wp-block-group is-vertical is-layout-flex wp-container-core-group-is-layout-8cf370e7 wp-block-group-is-layout-flex\">\n<h2 class=\"wp-block-heading has-large-font-size\"><a href=\"https:\/\/therepsicore.msh.uca.fr\/\" data-type=\"link\" data-id=\"https:\/\/therepsicore.msh.uca.fr\/\" target=\"_blank\" rel=\"noreferrer noopener\">Therepiscore<\/a><\/h2>\n\n\n\n<p>Le projet Therepiscore s&rsquo;int\u00e9resse au th\u00e9\u00e2tre en province fran\u00e7aise sous la R\u00e9volution et l&rsquo;Empire. Port\u00e9 par des historiens du CHEC (Clermont-Ferrand), il cherche \u00e0 diversifier les points de vue sur le th\u00e9\u00e2tre de cette p\u00e9riode en ouvrant la recherche au-del\u00e0 de Paris. <\/p>\n<\/div>\n\n\n\n<div class=\"wp-block-group is-vertical is-layout-flex wp-container-core-group-is-layout-8cf370e7 wp-block-group-is-layout-flex\">\n<h2 class=\"wp-block-heading has-large-font-size\"><a rel=\"noreferrer noopener\" href=\"https:\/\/ereed.library.utoronto.ca\/\" data-type=\"URL\" data-id=\"https:\/\/ereed.library.utoronto.ca\/\" target=\"_blank\">REED<\/a><\/h2>\n\n\n\n<p>La base de donn\u00e9es <em>Records of Early English Drama<\/em> (REED) met l\u2019accent sur les sources archivistiques t\u00e9moignant des activit\u00e9s th\u00e9\u00e2trales avant la naissance du th\u00e9\u00e2tre institutionnel en Angleterre.<\/p>\n<\/div>\n\n\n\n<div class=\"wp-block-group is-vertical is-layout-flex wp-container-core-group-is-layout-8cf370e7 wp-block-group-is-layout-flex\">\n<h2 class=\"wp-block-heading has-large-font-size\"><a rel=\"noreferrer noopener\" href=\"https:\/\/www.hmt-leipzig.de\/de\/hmt\/bibliothek\/suchen-finden\/theater-dramaturgie-medien\" data-type=\"URL\" data-id=\"https:\/\/www.hmt-leipzig.de\/de\/hmt\/bibliothek\/suchen-finden\/theater-dramaturgie-medien\" target=\"_blank\">Hochschule f\u00fcr Musik und Theater \u00ab\u00a0Felix Mendelssohn, Bartholdy\u00a0\u00bb Leipzig<\/a><\/h2>\n\n\n\n<p>La Haute \u00c9cole de Musique et de Th\u00e9\u00e2tre de Leipzig poss\u00e8de une grande base de donn\u00e9es de pi\u00e8ces, bibliographies et textes li\u00e9s au th\u00e9\u00e2tre en Allemagne.<\/p>\n<\/div>\n\n\n\n<div class=\"wp-block-group is-vertical is-layout-flex wp-container-core-group-is-layout-8cf370e7 wp-block-group-is-layout-flex\">\n<h2 class=\"wp-block-heading has-large-font-size\"><a href=\"https:\/\/wiki.dnb.de\/display\/GND\/Theaterdatenbank+Ulrich+%7C+Einbringen+von+neuen+Datensets+in+die+GND\" data-type=\"URL\" data-id=\"https:\/\/wiki.dnb.de\/display\/GND\/Theaterdatenbank+Ulrich+%7C+Einbringen+von+neuen+Datensets+in+die+GND\" target=\"_blank\" rel=\"noreferrer noopener\">Theaterdatenbank Ulrich<\/a><\/h2>\n\n\n\n<p>La base de donn\u00e9es de Paul S. Ulrich \u00ab\u00a0Annuaire biographique pour le th\u00e9\u00e2tre, la danse et la musique\u00a0\u00bb (1990, maintenant \u00e9largie), comprend des ensembles de donn\u00e9es personnelles principalement sur les acteurs, chanteurs, danseurs, ainsi que les compositeurs, sc\u00e9nographes, metteurs en sc\u00e8ne, instrumentistes, etc.<\/p>\n<\/div>\n","protected":false},"excerpt":{"rendered":"<p>Plusieurs bases de donn\u00e9es con\u00e7ues et mises en place \u00e0 l\u2019Universit\u00e9 de Lausanne mettent en valeur le th\u00e9\u00e2tre sur le territoire romand &#8211; dans ses fronti\u00e8res actuelles &#8211;&hellip;<\/p>\n","protected":false},"author":1002069,"featured_media":0,"parent":0,"menu_order":0,"comment_status":"closed","ping_status":"closed","template":"template-full-width.php","meta":{"_seopress_robots_primary_cat":"","_seopress_titles_title":"","_seopress_titles_desc":"","_seopress_robots_index":"","footnotes":""},"class_list":["post-223","page","type-page","status-publish","has-post-thumbnail"],"_links":{"self":[{"href":"https:\/\/wp.unil.ch\/theatromand\/wp-json\/wp\/v2\/pages\/223","targetHints":{"allow":["GET"]}}],"collection":[{"href":"https:\/\/wp.unil.ch\/theatromand\/wp-json\/wp\/v2\/pages"}],"about":[{"href":"https:\/\/wp.unil.ch\/theatromand\/wp-json\/wp\/v2\/types\/page"}],"author":[{"embeddable":true,"href":"https:\/\/wp.unil.ch\/theatromand\/wp-json\/wp\/v2\/users\/1002069"}],"replies":[{"embeddable":true,"href":"https:\/\/wp.unil.ch\/theatromand\/wp-json\/wp\/v2\/comments?post=223"}],"version-history":[{"count":5,"href":"https:\/\/wp.unil.ch\/theatromand\/wp-json\/wp\/v2\/pages\/223\/revisions"}],"predecessor-version":[{"id":2429,"href":"https:\/\/wp.unil.ch\/theatromand\/wp-json\/wp\/v2\/pages\/223\/revisions\/2429"}],"wp:attachment":[{"href":"https:\/\/wp.unil.ch\/theatromand\/wp-json\/wp\/v2\/media?parent=223"}],"curies":[{"name":"wp","href":"https:\/\/api.w.org\/{rel}","templated":true}]}}