{"id":1233,"date":"2020-09-17T12:23:33","date_gmt":"2020-09-17T10:23:33","guid":{"rendered":"https:\/\/wp.unil.ch\/swiss100\/team\/flavien-delhaes\/"},"modified":"2022-03-28T11:57:19","modified_gmt":"2022-03-28T09:57:19","slug":"flavien-delhaes","status":"publish","type":"page","link":"https:\/\/wp.unil.ch\/swiss100\/fr\/team\/flavien-delhaes\/","title":{"rendered":"Flavien Delhaes"},"content":{"rendered":"\n<div class=\"wp-block-columns is-layout-flex wp-container-core-columns-is-layout-9d6595d7 wp-block-columns-is-layout-flex\">\n<div class=\"wp-block-column is-layout-flow wp-block-column-is-layout-flow\" style=\"flex-basis:33.33%\">\n<figure class=\"wp-block-image size-large\"><img alt=\"\" loading=\"lazy\" decoding=\"async\" width=\"819\" height=\"1024\" src=\"https:\/\/wp.unil.ch\/swiss100\/files\/2021\/12\/flavienVH-819x1024.jpg\" alt=\"\" class=\"wp-image-2505\" srcset=\"https:\/\/wp.unil.ch\/swiss100\/files\/2021\/12\/flavienVH-819x1024.jpg 819w, https:\/\/wp.unil.ch\/swiss100\/files\/2021\/12\/flavienVH-240x300.jpg 240w, https:\/\/wp.unil.ch\/swiss100\/files\/2021\/12\/flavienVH-120x150.jpg 120w, https:\/\/wp.unil.ch\/swiss100\/files\/2021\/12\/flavienVH-768x960.jpg 768w, https:\/\/wp.unil.ch\/swiss100\/files\/2021\/12\/flavienVH-540x675.jpg 540w, https:\/\/wp.unil.ch\/swiss100\/files\/2021\/12\/flavienVH.jpg 960w\" sizes=\"auto, (max-width: 819px) 100vw, 819px\" \/><figcaption>Chercheur<\/figcaption><\/figure>\n\n\n\n<blockquote class=\"wp-block-quote is-layout-flow wp-block-quote-is-layout-flow\"><p><em><em>A travers le projet SWISS100, je suis int\u00e9ress\u00e9 \u00e0 comprendre et identifier les marqueurs biologiques et les m\u00e9canismes impliqu\u00e9s dans le vieillissement chez les centenaires.<\/em>&nbsp;<\/em><\/p><\/blockquote>\n<\/div>\n\n\n\n<div class=\"wp-block-column is-layout-flow wp-block-column-is-layout-flow\" style=\"flex-basis:66.66%\">\n<h2 class=\"has-medium-font-size wp-block-heading\">Fonction Actuelle<\/h2>\n\n\n\n<ul class=\"wp-block-list\"><li>Chercheur FNS au D\u00e9partement de Pathologie et Immunologie, Universit\u00e9 de Gen\u00e8ve\u00a0<\/li><\/ul>\n\n\n\n<h2 class=\"has-medium-font-size wp-block-heading\">Formation <\/h2>\n\n\n\n<ul class=\"wp-block-list\"><li>Licence en Sciences, Technologie et Sant\u00e9 \u00e0 l&rsquo;Universit\u00e9 de Bordeaux, France&nbsp;<\/li><li>Master en Biologie Cellulaire et Physiopathologie \u00e0 l&rsquo;Universit\u00e9 de Bordeaux, France&nbsp;<\/li><li>Doctorat en sciences de la vie \u00e0 l&rsquo;Universit\u00e9 de Lausanne, Suisse&nbsp;<\/li><\/ul>\n\n\n\n<h2 class=\"has-medium-font-size wp-block-heading\">Exp\u00e9rience ant\u00e9rieure<\/h2>\n\n\n\n<ul class=\"wp-block-list\"><li>Chercheur postdoctoral, Institut Adolphe Merkle, Fribourg, Suisse&nbsp;<\/li><li>Chercheur postdoctoral, Universit\u00e9 de Western Ontario, Londres, Canada&nbsp;<\/li><li>Enseignement sur th\u00e8me de la physiologie de la grossesse et les complications associ\u00e9es \u00e0 l&rsquo;Universit\u00e9 de Western Ontario, Londres, Canada&nbsp;<\/li><\/ul>\n\n\n\n<h2 class=\"has-medium-font-size wp-block-heading\">Axes de recherche<\/h2>\n\n\n\n<ul class=\"wp-block-list\"><li>M\u00e9tabolisme, stress oxydatif et fonction des mitochondries&nbsp;<\/li><li>M\u00e9canismes biologiques du vieillissement&nbsp;<\/li><li>R\u00f4les de l&rsquo;alimentation occidentale et de l&rsquo;hypoxie sur les maladies humaines&nbsp;<\/li><\/ul>\n\n\n\n<h2 class=\"has-medium-font-size wp-block-heading\">Autres exp\u00e9riences<\/h2>\n\n\n\n<ul class=\"wp-block-list\"><li>Prix \u200b\u200bd\u00e9cern\u00e9 pour la pr\u00e9sentation orale sur \u00a0\u00bb La veine ombilicale humaine pr\u00e9sente des alt\u00e9rations sp\u00e9cifiques au genre pour la voie de la relaxation par l&rsquo;oxyde nitrique\/cGMP chez les nouveau-n\u00e9s en restriction de croissance.\u00a0\u00bb au DMCP-CHUV, Lausanne, Suisse (01\/2015)\u00a0<\/li><li>Prix poster pour la pr\u00e9sentation sur \u00a0\u00bb Reduction of Mitochondrial Function in the Hypoxic Human Placenta: the Importance of Mitochondria Remodelling and Complex II Activity\u00a0\u00bb \u00e0 la Journ\u00e9e annuelle de la recherche en Physiologie et Pharmacologie, Londres, Canada (11\/2019)\u00a0<\/li><li>Atelier sur les comp\u00e9tences p\u00e9dagogiques 2019, Centre d&rsquo;enseignement et d&rsquo;apprentissage, UWO\u00a0<\/li><\/ul>\n\n\n\n<h5 class=\"wp-block-heading\"><strong>R\u00d4LE Dans Swiss100<\/strong><\/h5>\n\n\n\n<ul class=\"wp-block-list\"><li>Assistance \u00e0 la collecte de donn\u00e9es biologiques&nbsp;<\/li><li>Analyses et publications sur les aspects biologiques en lien avec une long\u00e9vit\u00e9 exceptionnelle&nbsp;<\/li><\/ul>\n<\/div>\n<\/div>\n","protected":false},"excerpt":{"rendered":"<p>A travers le projet SWISS100, je suis int\u00e9ress\u00e9 \u00e0 comprendre et identifier les marqueurs biologiques et les m\u00e9canismes impliqu\u00e9s dans le vieillissement chez les centenaires.&nbsp; Fonction Actuelle Chercheur&hellip;<\/p>\n","protected":false},"author":1002140,"featured_media":0,"parent":915,"menu_order":-1,"comment_status":"closed","ping_status":"closed","template":"template-full-width.php","meta":{"_seopress_robots_primary_cat":"","_seopress_titles_title":"","_seopress_titles_desc":"","_seopress_robots_index":"","footnotes":""},"class_list":["post-1233","page","type-page","status-publish","has-post-thumbnail"],"_links":{"self":[{"href":"https:\/\/wp.unil.ch\/swiss100\/fr\/wp-json\/wp\/v2\/pages\/1233","targetHints":{"allow":["GET"]}}],"collection":[{"href":"https:\/\/wp.unil.ch\/swiss100\/fr\/wp-json\/wp\/v2\/pages"}],"about":[{"href":"https:\/\/wp.unil.ch\/swiss100\/fr\/wp-json\/wp\/v2\/types\/page"}],"author":[{"embeddable":true,"href":"https:\/\/wp.unil.ch\/swiss100\/fr\/wp-json\/wp\/v2\/users\/1002140"}],"replies":[{"embeddable":true,"href":"https:\/\/wp.unil.ch\/swiss100\/fr\/wp-json\/wp\/v2\/comments?post=1233"}],"version-history":[{"count":0,"href":"https:\/\/wp.unil.ch\/swiss100\/fr\/wp-json\/wp\/v2\/pages\/1233\/revisions"}],"up":[{"embeddable":true,"href":"https:\/\/wp.unil.ch\/swiss100\/fr\/wp-json\/wp\/v2\/pages\/915"}],"wp:attachment":[{"href":"https:\/\/wp.unil.ch\/swiss100\/fr\/wp-json\/wp\/v2\/media?parent=1233"}],"curies":[{"name":"wp","href":"https:\/\/api.w.org\/{rel}","templated":true}]}}