{"id":111,"date":"2018-03-02T10:12:24","date_gmt":"2018-03-02T09:12:24","guid":{"rendered":"http:\/\/wp.unil.ch\/pressesatiriqueromande\/?page_id=111"},"modified":"2019-07-08T19:06:06","modified_gmt":"2019-07-08T17:06:06","slug":"la-caricature-reactionnaire-et-la-crise-le-pilori-et-geneve","status":"publish","type":"page","link":"https:\/\/wp.unil.ch\/pressesatiriqueromande\/la-caricature-reactionnaire-et-la-crise-le-pilori-et-geneve\/","title":{"rendered":"La caricature r\u00e9actionnaire et la crise : Le Pilori et Gen\u00e8ve"},"content":{"rendered":"<div class=\"su-row\"><div class=\"su-column su-column-size-1-2\"><div class=\"su-column-inner su-u-clearfix su-u-trim\">\n<div id='gallery-1' class='gallery galleryid-111 gallery-columns-1 gallery-size-medium'><figure class='gallery-item'>\n\t\t\t<div class='gallery-icon portrait'>\n\t\t\t\t<a href='https:\/\/wp.unil.ch\/pressesatiriqueromande\/files\/2018\/05\/DSC_1428-1.jpg'><img loading=\"lazy\" decoding=\"async\" width=\"222\" height=\"300\" src=\"https:\/\/wp.unil.ch\/pressesatiriqueromande\/files\/2018\/05\/DSC_1428-1-222x300.jpg\" class=\"attachment-medium size-medium\" alt=\"\" aria-describedby=\"gallery-1-1268\" srcset=\"https:\/\/wp.unil.ch\/pressesatiriqueromande\/files\/2018\/05\/DSC_1428-1-222x300.jpg 222w, https:\/\/wp.unil.ch\/pressesatiriqueromande\/files\/2018\/05\/DSC_1428-1-768x1040.jpg 768w, https:\/\/wp.unil.ch\/pressesatiriqueromande\/files\/2018\/05\/DSC_1428-1-756x1024.jpg 756w, https:\/\/wp.unil.ch\/pressesatiriqueromande\/files\/2018\/05\/DSC_1428-1.jpg 886w\" sizes=\"auto, 100vw\" \/><\/a>\n\t\t\t<\/div>\n\t\t\t\t<figcaption class='wp-caption-text gallery-caption' id='gallery-1-1268'>\n\t\t\t\tLe Pilori,  28 d\u00e9cembre 1935\n\t\t\t\t<\/figcaption><\/figure><figure class='gallery-item'>\n\t\t\t<div class='gallery-icon portrait'>\n\t\t\t\t<a href='https:\/\/wp.unil.ch\/pressesatiriqueromande\/files\/2018\/04\/6-7.jpg'><img loading=\"lazy\" decoding=\"async\" width=\"225\" height=\"300\" src=\"https:\/\/wp.unil.ch\/pressesatiriqueromande\/files\/2018\/04\/6-7-225x300.jpg\" class=\"attachment-medium size-medium\" alt=\"\" aria-describedby=\"gallery-1-720\" srcset=\"https:\/\/wp.unil.ch\/pressesatiriqueromande\/files\/2018\/04\/6-7-225x300.jpg 225w, https:\/\/wp.unil.ch\/pressesatiriqueromande\/files\/2018\/04\/6-7-768x1024.jpg 768w, https:\/\/wp.unil.ch\/pressesatiriqueromande\/files\/2018\/04\/6-7.jpg 900w\" sizes=\"auto, 100vw\" \/><\/a>\n\t\t\t<\/div>\n\t\t\t\t<figcaption class='wp-caption-text gallery-caption' id='gallery-1-720'>\n\t\t\t\tNo\u00ebl Fontanet, \u00ab Les Aventures de Monsieur Nicol\u00e9on \u00bb, Le Pilori, 25 janvier 1935\n\t\t\t\t<\/figcaption><\/figure><figure class='gallery-item'>\n\t\t\t<div class='gallery-icon portrait'>\n\t\t\t\t<a href='https:\/\/wp.unil.ch\/pressesatiriqueromande\/files\/2018\/04\/7-4.jpg'><img loading=\"lazy\" decoding=\"async\" width=\"225\" height=\"300\" src=\"https:\/\/wp.unil.ch\/pressesatiriqueromande\/files\/2018\/04\/7-4-225x300.jpg\" class=\"attachment-medium size-medium\" alt=\"\" aria-describedby=\"gallery-1-721\" srcset=\"https:\/\/wp.unil.ch\/pressesatiriqueromande\/files\/2018\/04\/7-4-225x300.jpg 225w, https:\/\/wp.unil.ch\/pressesatiriqueromande\/files\/2018\/04\/7-4-768x1024.jpg 768w, https:\/\/wp.unil.ch\/pressesatiriqueromande\/files\/2018\/04\/7-4.jpg 828w\" sizes=\"auto, 100vw\" \/><\/a>\n\t\t\t<\/div>\n\t\t\t\t<figcaption class='wp-caption-text gallery-caption' id='gallery-1-721'>\n\t\t\t\tNo\u00ebl Fontanet, \u00ab Les Aventures de Monsieur Nicol\u00e9on \u00bb, Le Pilori, 25 janvier 1935 (suite)\n\t\t\t\t<\/figcaption><\/figure><figure class='gallery-item'>\n\t\t\t<div class='gallery-icon portrait'>\n\t\t\t\t<a href='https:\/\/wp.unil.ch\/pressesatiriqueromande\/files\/2018\/04\/3-7.jpg'><img loading=\"lazy\" decoding=\"async\" width=\"224\" height=\"300\" src=\"https:\/\/wp.unil.ch\/pressesatiriqueromande\/files\/2018\/04\/3-7-224x300.jpg\" class=\"attachment-medium size-medium\" alt=\"\" aria-describedby=\"gallery-1-734\" srcset=\"https:\/\/wp.unil.ch\/pressesatiriqueromande\/files\/2018\/04\/3-7-224x300.jpg 224w, https:\/\/wp.unil.ch\/pressesatiriqueromande\/files\/2018\/04\/3-7-768x1029.jpg 768w, https:\/\/wp.unil.ch\/pressesatiriqueromande\/files\/2018\/04\/3-7-764x1024.jpg 764w, https:\/\/wp.unil.ch\/pressesatiriqueromande\/files\/2018\/04\/3-7.jpg 809w\" sizes=\"auto, 100vw\" \/><\/a>\n\t\t\t<\/div>\n\t\t\t\t<figcaption class='wp-caption-text gallery-caption' id='gallery-1-734'>\n\t\t\t\tNo\u00ebl Fontanet, \u00ab  Les Amours de M. Vieux-Bois et de Miss Budget \u00bb,Le Pilori, 16 novembre 1934\n\t\t\t\t<\/figcaption><\/figure><figure class='gallery-item'>\n\t\t\t<div class='gallery-icon landscape'>\n\t\t\t\t<a href='https:\/\/wp.unil.ch\/pressesatiriqueromande\/files\/2018\/04\/8-2.jpg'><img loading=\"lazy\" decoding=\"async\" width=\"300\" height=\"225\" src=\"https:\/\/wp.unil.ch\/pressesatiriqueromande\/files\/2018\/04\/8-2-300x225.jpg\" class=\"attachment-medium size-medium\" alt=\"\" aria-describedby=\"gallery-1-722\" srcset=\"https:\/\/wp.unil.ch\/pressesatiriqueromande\/files\/2018\/04\/8-2-300x225.jpg 300w, https:\/\/wp.unil.ch\/pressesatiriqueromande\/files\/2018\/04\/8-2-768x576.jpg 768w, https:\/\/wp.unil.ch\/pressesatiriqueromande\/files\/2018\/04\/8-2.jpg 872w\" sizes=\"auto, 100vw\" \/><\/a>\n\t\t\t<\/div>\n\t\t\t\t<figcaption class='wp-caption-text gallery-caption' id='gallery-1-722'>\n\t\t\t\tNo\u00ebl Fontanet, \u00ab Les Aventures de Monsieur Nicol\u00e9on \u00bb, Le Pilori, 25 janvier 1935 (fin\n\t\t\t\t<\/figcaption><\/figure><figure class='gallery-item'>\n\t\t\t<div class='gallery-icon portrait'>\n\t\t\t\t<a href='https:\/\/wp.unil.ch\/pressesatiriqueromande\/files\/2018\/05\/1-3.jpg'><img loading=\"lazy\" decoding=\"async\" width=\"229\" height=\"300\" src=\"https:\/\/wp.unil.ch\/pressesatiriqueromande\/files\/2018\/05\/1-3-229x300.jpg\" class=\"attachment-medium size-medium\" alt=\"\" aria-describedby=\"gallery-1-1270\" srcset=\"https:\/\/wp.unil.ch\/pressesatiriqueromande\/files\/2018\/05\/1-3-229x300.jpg 229w, https:\/\/wp.unil.ch\/pressesatiriqueromande\/files\/2018\/05\/1-3-768x1005.jpg 768w, https:\/\/wp.unil.ch\/pressesatiriqueromande\/files\/2018\/05\/1-3-783x1024.jpg 783w, https:\/\/wp.unil.ch\/pressesatiriqueromande\/files\/2018\/05\/1-3.jpg 917w\" sizes=\"auto, 100vw\" \/><\/a>\n\t\t\t<\/div>\n\t\t\t\t<figcaption class='wp-caption-text gallery-caption' id='gallery-1-1270'>\n\t\t\t\tLe Pilori, 29 septembre 1933\n\t\t\t\t<\/figcaption><\/figure><figure class='gallery-item'>\n\t\t\t<div class='gallery-icon portrait'>\n\t\t\t\t<a href='https:\/\/wp.unil.ch\/pressesatiriqueromande\/files\/2018\/05\/DSC_1422-1.jpg'><img loading=\"lazy\" decoding=\"async\" width=\"216\" height=\"300\" src=\"https:\/\/wp.unil.ch\/pressesatiriqueromande\/files\/2018\/05\/DSC_1422-1-216x300.jpg\" class=\"attachment-medium size-medium\" alt=\"\" aria-describedby=\"gallery-1-1269\" srcset=\"https:\/\/wp.unil.ch\/pressesatiriqueromande\/files\/2018\/05\/DSC_1422-1-216x300.jpg 216w, https:\/\/wp.unil.ch\/pressesatiriqueromande\/files\/2018\/05\/DSC_1422-1-768x1069.jpg 768w, https:\/\/wp.unil.ch\/pressesatiriqueromande\/files\/2018\/05\/DSC_1422-1-736x1024.jpg 736w, https:\/\/wp.unil.ch\/pressesatiriqueromande\/files\/2018\/05\/DSC_1422-1.jpg 862w\" sizes=\"auto, 100vw\" \/><\/a>\n\t\t\t<\/div>\n\t\t\t\t<figcaption class='wp-caption-text gallery-caption' id='gallery-1-1269'>\n\t\t\t\tLe Pilori, 13 septembre 1935\n\t\t\t\t<\/figcaption><\/figure><figure class='gallery-item'>\n\t\t\t<div class='gallery-icon portrait'>\n\t\t\t\t<a href='https:\/\/wp.unil.ch\/pressesatiriqueromande\/files\/2018\/05\/DSC_1432-1.jpg'><img loading=\"lazy\" decoding=\"async\" width=\"223\" height=\"300\" src=\"https:\/\/wp.unil.ch\/pressesatiriqueromande\/files\/2018\/05\/DSC_1432-1-223x300.jpg\" class=\"attachment-medium size-medium\" alt=\"\" aria-describedby=\"gallery-1-1271\" srcset=\"https:\/\/wp.unil.ch\/pressesatiriqueromande\/files\/2018\/05\/DSC_1432-1-223x300.jpg 223w, https:\/\/wp.unil.ch\/pressesatiriqueromande\/files\/2018\/05\/DSC_1432-1-768x1033.jpg 768w, https:\/\/wp.unil.ch\/pressesatiriqueromande\/files\/2018\/05\/DSC_1432-1-761x1024.jpg 761w, https:\/\/wp.unil.ch\/pressesatiriqueromande\/files\/2018\/05\/DSC_1432-1.jpg 892w\" sizes=\"auto, 100vw\" \/><\/a>\n\t\t\t<\/div>\n\t\t\t\t<figcaption class='wp-caption-text gallery-caption' id='gallery-1-1271'>\n\t\t\t\tLe Pilori, 20 mars 1936\n\t\t\t\t<\/figcaption><\/figure><figure class='gallery-item'>\n\t\t\t<div class='gallery-icon portrait'>\n\t\t\t\t<a href='https:\/\/wp.unil.ch\/pressesatiriqueromande\/files\/2018\/05\/DSC_1445.jpg'><img loading=\"lazy\" decoding=\"async\" width=\"226\" height=\"300\" src=\"https:\/\/wp.unil.ch\/pressesatiriqueromande\/files\/2018\/05\/DSC_1445-226x300.jpg\" class=\"attachment-medium size-medium\" alt=\"\" aria-describedby=\"gallery-1-1272\" srcset=\"https:\/\/wp.unil.ch\/pressesatiriqueromande\/files\/2018\/05\/DSC_1445-226x300.jpg 226w, https:\/\/wp.unil.ch\/pressesatiriqueromande\/files\/2018\/05\/DSC_1445-768x1018.jpg 768w, https:\/\/wp.unil.ch\/pressesatiriqueromande\/files\/2018\/05\/DSC_1445-772x1024.jpg 772w, https:\/\/wp.unil.ch\/pressesatiriqueromande\/files\/2018\/05\/DSC_1445.jpg 905w\" sizes=\"auto, 100vw\" \/><\/a>\n\t\t\t<\/div>\n\t\t\t\t<figcaption class='wp-caption-text gallery-caption' id='gallery-1-1272'>\n\t\t\t\tLe Pilori, 21 avril 1939\n\t\t\t\t<\/figcaption><\/figure><figure class='gallery-item'>\n\t\t\t<div class='gallery-icon landscape'>\n\t\t\t\t<a href='https:\/\/wp.unil.ch\/pressesatiriqueromande\/files\/2018\/04\/13-2.jpg'><img loading=\"lazy\" decoding=\"async\" width=\"300\" height=\"225\" src=\"https:\/\/wp.unil.ch\/pressesatiriqueromande\/files\/2018\/04\/13-2-300x225.jpg\" class=\"attachment-medium size-medium\" alt=\"\" aria-describedby=\"gallery-1-727\" srcset=\"https:\/\/wp.unil.ch\/pressesatiriqueromande\/files\/2018\/04\/13-2-300x225.jpg 300w, https:\/\/wp.unil.ch\/pressesatiriqueromande\/files\/2018\/04\/13-2-768x576.jpg 768w, https:\/\/wp.unil.ch\/pressesatiriqueromande\/files\/2018\/04\/13-2-1024x768.jpg 1024w, https:\/\/wp.unil.ch\/pressesatiriqueromande\/files\/2018\/04\/13-2.jpg 1152w\" sizes=\"auto, 100vw\" \/><\/a>\n\t\t\t<\/div>\n\t\t\t\t<figcaption class='wp-caption-text gallery-caption' id='gallery-1-727'>\n\t\t\t\tCaricature de Pem, publi\u00e9 dans La Victoire en 1938\n\t\t\t\t<\/figcaption><\/figure>\n\t\t<\/div>\n\n<\/div><\/div>\n<div class=\"su-column su-column-size-1-2\"><div class=\"su-column-inner su-u-clearfix su-u-trim\">\n<h1><em>Le Pilori<\/em> et Gen\u00e8ve, entre r\u00e9action et antis\u00e9mitisme (1923-1940)<\/h1>\n<p>La Suisse, de par sa neutralit\u00e9 \u00ab officielle \u00bb, est un observatoire privil\u00e9gi\u00e9 pour comprendre la guerre des m\u00e9dias qui tend \u00e0 se d\u00e9velopper dans les ann\u00e9es trente et quarante. Tant dans le cin\u00e9ma que l&rsquo;affiche, la caricature ou encore la peinture et la bande dessin\u00e9e, cette guerre id\u00e9ologique devient \u00ab totale \u00bb, m\u00eame en Suisse, o\u00f9 la presse demeure plus ou moins libre .<br \/>\n\u00c0 Gen\u00e8ve, <a href=\"https:\/\/www.hls-dhs-dss.ch\/textes\/f\/F9213.php\">Georges Oltramare<\/a> (1896-1960), saura utiliser le pouvoir de la presse. Homme politique genevois et fondateur du <em>Pilori<\/em>, un bimensuel satirique, il a marqu\u00e9 les esprits durant les ann\u00e9es 1920 \u00e0 1940. Apr\u00e8s des \u00e9tudes de droit, il se lance dans une carri\u00e8re litt\u00e9raire avant de publier des articles dans des p\u00e9riodiques. C&rsquo;est en 1923 qu&rsquo;il d\u00e9cide de mener une lutte face \u00e0 la Gen\u00e8ve socialiste. La ville et le canton connaissent alors de graves tensions qui s&rsquo;incarneront tant dans la figure d&rsquo;Oltramare que dans celle de son principal rival, le socialiste <a href=\"https:\/\/www.hls-dhs-dss.ch\/textes\/f\/F3879.php\">L\u00e9on Nicole<\/a> (1887-1965) .<br \/>\nOltramare signe le plus souvent avec son pseudonyme \u00ab G\u00e9o \u00bb ou \u00ab G.O. \u00bb. D\u00e8s le premier num\u00e9ro du <em>Pilori<\/em>, le 26 mai 1923, le journal adopte un ton profond\u00e9ment antis\u00e9mite et d\u00e9nonce hommes politiques et autres affairistes. Le succ\u00e8s du journal est imm\u00e9diat. Le premier num\u00e9ro est r\u00e9\u00e9dit\u00e9 tant la demande est forte . Le tirage moyen montera d\u00e8s lors \u00e0 environ 20&rsquo;000 exemplaires. Oltramare s&rsquo;attaque aux grandes familles juives pr\u00e9sentes \u00e0 Gen\u00e8ve d\u00e8s la premi\u00e8re une et poursuit lors des \u00e9lections de 1931 alors qu\u2019il est question d\u2019une loi f\u00e9d\u00e9rale sur le s\u00e9jour et l\u2019\u00e9tablissement des \u00e9trangers : sur l&rsquo; \u00dcberfremdung (\u00ab surpopulation\u00bb \u00e9trang\u00e8re), et, implicitement, \u00ab enjuivement \u00bb (Verj\u00fcdung).<br \/>\nLe journal continuera son combat lors de la fusillade de Gen\u00e8ve (9 novembre 1932) o\u00f9 Oltramare met en accusation L\u00e9on Nicole et <a href=\"https:\/\/www.hls-dhs-dss.ch\/textes\/f\/F6260.php\">Jacques Dicker<\/a> (1879-1942), socialiste russe \u00e9migr\u00e9 et conseiller national, pour leur implication lors de cette \u00e9meute meurtri\u00e8re.<br \/>\nPlusieurs faits de l&rsquo;actualit\u00e9 tant cantonale qu&rsquo;internationale seront mis en lumi\u00e8re par <em>L<\/em><em>e Pilori<\/em>, notamment lors de la prise du drapeau du Front National (parti d&rsquo;extr\u00eame-droite renomm\u00e9 plus tard \u00ab <a href=\"https:\/\/www.hls-dhs-dss.ch\/textes\/f\/F17406.php\">Union Nationale<\/a> \u00bb, dont Oltramare sera le pr\u00e9sident d\u00e8s 1934) , mais aussi lors de l&rsquo;annexion d&rsquo;une partie de l&rsquo;Europe par Hitler. Ces \u00e9v\u00e9nements importants de la premi\u00e8re moiti\u00e9 du XXe si\u00e8cle seront repr\u00e9sent\u00e9s et illustr\u00e9s par de nombreux artistes.<br \/>\n<a href=\"https:\/\/www.hls-dhs-dss.ch\/textes\/f\/F27508.php\">No\u00ebl Fontanet<\/a> (1898-1982), caricaturiste du <em>Pilori<\/em>, mettra son crayon au service de la plume d&rsquo;Oltramare. Bien que ce dernier soit le fondateur du journal, la force humoristique du <em>Pilori<\/em> repose en grande partie sur les caricatures pr\u00e9sentes en une. Avec un style sobre, piquant l\u00e0 o\u00f9 cela fait mal, Fontanet deviendra bien vite la \u00ab star \u00bb de cette feuille satirique.<br \/>\nD&rsquo;abord graphiste de formation, il se lancera en parall\u00e8le dans le dessin de caricatures. Il r\u00e9alisera \u00e9galement de nombreuses affiches pour l&rsquo;Union Nationale, ainsi que pour diff\u00e9rents partis \u00e9mergeant lors du Printemps des Fronts, ces groupes d&rsquo;extr\u00eame-droite coalis\u00e9s durant les ann\u00e9es trente . Fontanet ex\u00e9cutera plus de 1700 affiches dont un peu plus d&rsquo;un tiers aura un caract\u00e8re politique plus qu&rsquo;engag\u00e9. Profond\u00e9ment anticommuniste, particuli\u00e8rement acerbe dans ses dessins de presse, son \u0153uvre sera diffus\u00e9e en Suisse al\u00e9manique, fait tr\u00e8s rare pour l&rsquo;\u00e9poque .<br \/>\n<em>Le Pilori<\/em> perdure jusqu&rsquo;au d\u00e9but de l&rsquo;ann\u00e9e 1940, ann\u00e9e o\u00f9 Oltramare doit quitter la Suisse. Condamn\u00e9 \u00e0 mort par contumace en France, il reviendra toutefois apr\u00e8s la seconde Guerre mondiale publier quelques num\u00e9ros du <em>Pilori<\/em> entre 1958 et 1960.<\/p>\n<h2>Fontanet s&rsquo;inspire de T\u00f6pffer<\/h2>\n<p>Dans <em>Le Pilori<\/em> de 1934 et 1935, No\u00ebl Fontanet d\u00e9cide d&rsquo;illustrer finement des personnalit\u00e9s suisses et plus particuli\u00e8rement genevoises de son temps. Il le fait en s\u2019inspirant de \u00ab l&rsquo;inventeur \u00bb de la bande dessin\u00e9e, le Genevois <a href=\"https:\/\/www.hls-dhs-dss.ch\/textes\/f\/F16191.php\">Rodolphe T\u00f6pffer<\/a> (1799-1846) .<br \/>\nDeux histoires reprises de T\u00f6pffer sont pastich\u00e9es par Fontanet sous les intitul\u00e9s : <em>Les Amours de M. Vieux-Bois et de Miss Budget<\/em>, et <em>Les Aventures de Monsieur Nicol\u00e9on<\/em>. Le premier titre fait ouvertement r\u00e9f\u00e9rence au \u00ab h\u00e9ros \u00bb des <em>Amours de Mr. Vieux Bois<\/em>, \u00e9pris d\u2019une femme (l\u2019 \u00abObjet aim\u00e9 \u00bb), d&rsquo;o\u00f9 le Mr. Vieux Bois de Fontanet et une certaine Miss Budget . Le premier amant de Miss Budget n&rsquo;est autre que <a href=\"https:\/\/www.hls-dhs-dss.ch\/textes\/f\/F3866.php\">James Fazy<\/a> (1794-1872), acteur central de la r\u00e9volution radicale de Gen\u00e8ve en 1846, et fondateur du Journal de Gen\u00e8ve. Vient ensuite un d\u00e9nomm\u00e9 Alexandre : sans doute <a href=\"https:\/\/www.hls-dhs-dss.ch\/textes\/f\/F6526.php\">Alexandre Moriaud<\/a>, arr\u00eat\u00e9 pour corruption passive \u00e0 la Banque de Gen\u00e8ve. Miss Budget passe ensuite entre les mains de L\u00e9on Nicole, conseiller national socialiste. Il est important de noter qu&rsquo;entre chaque changement d&rsquo;\u00e9poux , le pauvre Mr. Vieux Bois s&rsquo;en retrouve amaigri, preuve de la mauvaise gestion \u00e9conomique de la Ville de Gen\u00e8ve par la gauche et les sp\u00e9culateurs. Fontanet s\u2019en prend ainsi aux diff\u00e9rents maux rongeant \u00e0 ses yeux les finances locales : corruption et socialisme, franc-ma\u00e7onnerie, communisme. La figure de Mr. Vieux Bois n&rsquo;est autre que le contribuable qui trinque en raison de d\u00e9cisions d\u00e9cid\u00e9es dans une hi\u00e9rarchie politique o\u00f9 ce dernier n&rsquo;a pas sa place.<br \/>\n<em>Les Aventures de Nicol\u00e9on<\/em>, elles, semblent plut\u00f4t faire r\u00e9f\u00e9rence \u00e0 l&rsquo;<em>Histoire d&rsquo;Albert<\/em> de T\u00f6pffer, parue en 1845. Dans ce court r\u00e9cit imag\u00e9s par Fontanet, L\u00e9on Nicole est pr\u00e9sent\u00e9 comme un homme relativement actif, mais dont les actions, lorsqu&rsquo;elles ont un effet, se retournent contre lui. Ce pastiche, subtil, de Fontanet reprend le trait &#8211; plus cisel\u00e9 et moins graphique &#8211; de T\u00f6pffer qui en son temps se situait \u00e9galement dans les rangs des conservateurs : l\u2019hommage esth\u00e9tique et politique se rejoignent ici .<\/p>\n<h2>Hitler et Mussolini dans la caricature et leurs repr\u00e9sentations au sein du <em>Pilori<\/em><\/h2>\n<p>Hitler et Mussolini en tant qu&rsquo;hommes politiques majeures du XXe si\u00e8cle , ont \u00e9t\u00e9 tr\u00e8s largement caricatur\u00e9s par la presse internationale. Les points de vue sur ces figures incarnant le fascisme ne cesseront d&rsquo;\u00e9voluer en fonction de l&rsquo;avanc\u00e9e du conflit.<br \/>\nNo\u00ebl Fontanet les repr\u00e9sente dans divers num\u00e9ros du <em>Pilori<\/em>. Mais comment se pr\u00eate-t-il \u00e0 dessiner ces personnages connus et craints par certains milieux de l&rsquo;\u00e9poque quand on conna\u00eet les sympathies politiques de l\u2019\u00e9diteur, Georges Oltramare et de son principal dessinateur ? Qu&rsquo;en est-il de l&rsquo;image du Duce que<br \/>\n\u00ab G\u00e9o \u00bb admire et exalte (allant m\u00eame jusqu&rsquo;\u00e0 calquer son uniforme de parti, pourtant interdit en Suisse, sur celui des chemises noires de Mussolini ?<br \/>\nLa figure d&rsquo;Hitler surgit pour la premi\u00e8re fois sous le crayon de Fontanet dans <em>Le Pilori<\/em> du 29 septembre 1933. L&rsquo;extr\u00eame-gauche marxiste ou communiste tend \u00e0 s&rsquo;\u00e9clipser face aux gouvernements fascistes et populistes qui affichent des intentions sociales, \u00e0 l\u2019instar du national-socialisme. Le marxisme est d&rsquo;abord \u00e9clips\u00e9 par le Duce en 1925, puis par le F\u00fchrer en 1933, d\u00e8s son accession au pouvoir. Curieusement, le portrait d\u2019Hitler ne ressemble pas vraiment \u00e0 la physionomie qu\u2019on lui conna\u00eet, moustache mise \u00e0 part.<br \/>\nOn retrouve le Duce en une du <em>Pilori<\/em> de septembre 1935, soit un mois avant l&rsquo;invasion de l&rsquo;Abyssinie par les forces italiennes. Chaussant de hautes bottes \u00e0 l\u2019image de la g\u00e9ographie de l\u2019Italie, Mussolini s&rsquo;appr\u00eate \u00e0 enjamber la porte de sortie de la Soci\u00e9t\u00e9 des Nations (SDN). La l\u00e9gende (\u00ab De la paix \u00e0 la guerre \/\/ il n&rsquo;y a qu&rsquo;un pas\u2026 \u00bb montre les tensions au sein de la Soci\u00e9t\u00e9 des Nations, sans anticiper le drame qui se d\u00e9roulera en octobre suivant. Moins d&rsquo;une ann\u00e9e apr\u00e8s, Hitler figure \u00e0 nouveau en une du <em>Pilori<\/em>, toujours sous le crayon de Fontanet, en footballeur. Le dictateur allemand joue un tour \u00e0 l\u2019\u00e9quipe adverse &#8211; Am\u00e9ricains (\u00e9toile), Britanniques (Union Jack) et francs-ma\u00e7ons.<br \/>\nEnfin, Benito Mussolini et Adolf Hitler sont repr\u00e9sent\u00e9s c\u00f4te \u00e0 c\u00f4te dans un num\u00e9ro sp\u00e9cial consacr\u00e9 \u00e0 la Soci\u00e9t\u00e9 des Nations, paru le 26 mars 1937, avec des l\u00e9gendes en plusieurs langues. Un r\u00e9publicain bestial, figur\u00e9 en communiste, met le feu \u00e0 l\u2019Espagne. Assis au ban de la SDN les deux chefs d&rsquo;\u00c9tat fascistes observent la situation sans r\u00e9agir, exprimant de ce fait l&rsquo;absence de r\u00e9elle sanction inflig\u00e9e par cet organisme qui choie l\u2019Abyssinie du n\u00e9gus d\u2019Ethiopie, Ha\u00efl\u00e9 Selassi\u00e9, forc\u00e9 \u00e0 l\u2019exil suite \u00e0 l\u2019invasion de l\u2019Italie, entre 1936 et 1941 et qui jouit du soutien de la Grande-Bretagne puis des \u00c9tats-Unis figur\u00e9s ici par le pr\u00e9sident Franklin Roosevelt en femme l\u00e9g\u00e8re, qui semblent entonner le \u00ab tube \u00bb de la chanteuse afro-am\u00e9ricaine, Jos\u00e9phine Baker, \u00ab J\u2019ai deux amours\u2026 \u00bb. Nous sommes au lendemain du bombardement de Guernica par l\u2019aviation allemande et deux ans avant que Gen\u00e8ve n\u2019accueille l\u2019exposition des \u0153uvres du Mus\u00e9e du Prado, transf\u00e9r\u00e9es \u00e0 la SDN pour les pr\u00e9server.<br \/>\nEn avril 1939, <em>Le Pilori<\/em> repr\u00e9sente Hitler en serveur pr\u00e9sentant une carte qui n&rsquo;est pas celle \u00e0 laquelle on aurait pu s&rsquo;attendre, une carte de l&rsquo;Europe, mais une Europe envahie par les forces de la Wehrmacht. Fontanet insiste \u00e9galement sur l&rsquo;an\u00e9antissement des groupes socialistes en Espagne avec la r\u00e9cente prise du pouvoir de Franco (ce dernier annonce en effet la fin de la guerre en avril 1939). R\u00e9trospectivement, cette caricature semble pr\u00e9figurer l&rsquo;annexion de Dantzig par les forces allemandes ainsi que celle de de la Pologne en septembre 1939. Le personnage d\u00e9couvrant avec stupeur ce qu&rsquo;il reste de l&rsquo;Europe est le pr\u00e9sident Roosevelt. Hitler appara\u00eet ici comme un personnage serviable qui se contente de faire son travail, n&rsquo;en d\u00e9plaise aux personnes absentes, pour s&rsquo;approprier une part du g\u00e2teau dans ce restaurant de l\u2019Axe. En arri\u00e8re-plan, Mussolini se retourne vers les deux protagonistes, serviette \u00e0 la main.<br \/>\nLes partis-pris id\u00e9ologiques et graphique d\u2019Oltramare et Fontanet sont plus qu\u2019apparents lorsque l\u2019on compare ces caricatures \u00e0 d\u2019autres parues en France ou en Angleterre. Chez Pem, le F\u00fchrer et le Duce sont repr\u00e9sent\u00e9s en chiens. L&rsquo;Italien semble attir\u00e9 par les conqu\u00eates dont seule l&rsquo;Allemagne b\u00e9n\u00e9ficie r\u00e9ellement. Mussolini \u00e9tant attach\u00e9, il doit (h\u00e9las) se contenter des restes des pays envahis, symbolis\u00e9s par des os : une inversion de la caricature de Fontanet en avril 1939. La m\u00e9taphore culinaire est reprise dans le journal fran\u00e7ais de gauche, L\u2019Humanit\u00e9, en 1937. Benito Mussolini et Adolf Hitler ont embroch\u00e9 la colombe de la Paix\u2026<\/p>\n<p style=\"padding-left: 390px;text-align: right\">Lucas Klotz<\/p>\n<hr \/>\n<\/div><\/div>\n<\/div>\n","protected":false},"excerpt":{"rendered":"","protected":false},"author":1001741,"featured_media":0,"parent":0,"menu_order":0,"comment_status":"closed","ping_status":"closed","template":"","meta":{"_seopress_robots_primary_cat":"","_seopress_titles_title":"","_seopress_titles_desc":"","_seopress_robots_index":"","footnotes":""},"class_list":["post-111","page","type-page","status-publish"],"_links":{"self":[{"href":"https:\/\/wp.unil.ch\/pressesatiriqueromande\/wp-json\/wp\/v2\/pages\/111","targetHints":{"allow":["GET"]}}],"collection":[{"href":"https:\/\/wp.unil.ch\/pressesatiriqueromande\/wp-json\/wp\/v2\/pages"}],"about":[{"href":"https:\/\/wp.unil.ch\/pressesatiriqueromande\/wp-json\/wp\/v2\/types\/page"}],"author":[{"embeddable":true,"href":"https:\/\/wp.unil.ch\/pressesatiriqueromande\/wp-json\/wp\/v2\/users\/1001741"}],"replies":[{"embeddable":true,"href":"https:\/\/wp.unil.ch\/pressesatiriqueromande\/wp-json\/wp\/v2\/comments?post=111"}],"version-history":[{"count":0,"href":"https:\/\/wp.unil.ch\/pressesatiriqueromande\/wp-json\/wp\/v2\/pages\/111\/revisions"}],"wp:attachment":[{"href":"https:\/\/wp.unil.ch\/pressesatiriqueromande\/wp-json\/wp\/v2\/media?parent=111"}],"curies":[{"name":"wp","href":"https:\/\/api.w.org\/{rel}","templated":true}]}}