{"id":6,"date":"2019-11-28T16:00:19","date_gmt":"2019-11-28T15:00:19","guid":{"rendered":"http:\/\/wp.unil.ch\/modele\/?page_id=6"},"modified":"2026-02-18T12:02:45","modified_gmt":"2026-02-18T11:02:45","slug":"intro-2","status":"publish","type":"page","link":"https:\/\/wp.unil.ch\/planh\/fr\/","title":{"rendered":"Accueil"},"content":{"rendered":"<p class=\"has-accent-color has-text-color has-background has-link-color wp-elements-e29416135a2174d651a566554ef97d28\" style=\"background-color:#173ce0f0\"><strong>PLAN<em>H<\/em><\/strong>&nbsp;est le <em>Am\u00e9nagement et logement<\/em>&nbsp;bas\u00e9 \u00e0 l'Institut de recherche de l'Union europ\u00e9enne. <strong><a href=\"https:\/\/www.unil.ch\/fgse\/en\/home\/menuinst\/recherche\/igd.html\" data-type=\"link\" data-id=\"https:\/\/www.unil.ch\/fgse\/en\/home\/menuinst\/recherche\/igd.html\">Institut de g\u00e9ographie et de durabilit\u00e9 de l'Universit\u00e9 de Lausanne<\/a>.<\/strong> Nous sommes une \u00e9quipe interdisciplinaire de chercheurs travaillant sur <strong>la planification,<\/strong> <strong>le logement, le d\u00e9veloppement spatial, les \u00e9tudes urbaines, la g\u00e9ographie humaine, les sciences politiques, l'architecture et l'\u00e9cologie politique<\/strong>. Le groupe a \u00e9t\u00e9 cr\u00e9\u00e9 en ao\u00fbt 2025.<\/p>\n\n\n\n<div class=\"wp-block-columns is-layout-flex wp-container-core-columns-is-layout-9d6595d7 wp-block-columns-is-layout-flex\">\n<div class=\"wp-block-column is-layout-flow wp-block-column-is-layout-flow\">\n<figure class=\"wp-block-image\"><img loading=\"lazy\" decoding=\"async\" width=\"1024\" height=\"768\" src=\"https:\/\/wp.unil.ch\/planh\/files\/2026\/01\/rotterdam_20231030_060732539-1024x768.jpg\" alt=\"rotterdam 20231030 060732539\" class=\"wp-image-498\" srcset=\"https:\/\/wp.unil.ch\/planh\/files\/2026\/01\/rotterdam_20231030_060732539-1024x768.jpg 1024w, https:\/\/wp.unil.ch\/planh\/files\/2026\/01\/rotterdam_20231030_060732539-300x225.jpg 300w, https:\/\/wp.unil.ch\/planh\/files\/2026\/01\/rotterdam_20231030_060732539-768x576.jpg 768w, https:\/\/wp.unil.ch\/planh\/files\/2026\/01\/rotterdam_20231030_060732539-1536x1152.jpg 1536w, https:\/\/wp.unil.ch\/planh\/files\/2026\/01\/rotterdam_20231030_060732539-540x405.jpg 540w, https:\/\/wp.unil.ch\/planh\/files\/2026\/01\/rotterdam_20231030_060732539-1080x810.jpg 1080w, https:\/\/wp.unil.ch\/planh\/files\/2026\/01\/rotterdam_20231030_060732539.jpg 1600w\" sizes=\"auto, (max-width: 1024px) 100vw, 1024px\" \/><\/figure>\n\n\n\n<figure class=\"wp-block-image size-full\"><img loading=\"lazy\" decoding=\"async\" width=\"635\" height=\"452\" src=\"https:\/\/wp.unil.ch\/planh\/files\/2026\/01\/screenshot-2026-01-28-at-13.56.05.png\" alt=\"screenshot 2026 01 28 at 13.56.05\" class=\"wp-image-613\" srcset=\"https:\/\/wp.unil.ch\/planh\/files\/2026\/01\/screenshot-2026-01-28-at-13.56.05.png 635w, https:\/\/wp.unil.ch\/planh\/files\/2026\/01\/screenshot-2026-01-28-at-13.56.05-300x214.png 300w, https:\/\/wp.unil.ch\/planh\/files\/2026\/01\/screenshot-2026-01-28-at-13.56.05-540x384.png 540w\" sizes=\"auto, (max-width: 635px) 100vw, 635px\" \/><\/figure>\n<\/div>\n\n\n\n<div class=\"wp-block-column is-layout-flow wp-block-column-is-layout-flow\">\n<figure class=\"wp-block-image size-large\"><img loading=\"lazy\" decoding=\"async\" width=\"1024\" height=\"768\" src=\"https:\/\/wp.unil.ch\/planh\/files\/2026\/01\/bern-holliger_20230214_122709965-1024x768.jpg\" alt=\"bern holliger 20230214 122709965\" class=\"wp-image-615\" srcset=\"https:\/\/wp.unil.ch\/planh\/files\/2026\/01\/bern-holliger_20230214_122709965-1024x768.jpg 1024w, https:\/\/wp.unil.ch\/planh\/files\/2026\/01\/bern-holliger_20230214_122709965-300x225.jpg 300w, https:\/\/wp.unil.ch\/planh\/files\/2026\/01\/bern-holliger_20230214_122709965-768x576.jpg 768w, https:\/\/wp.unil.ch\/planh\/files\/2026\/01\/bern-holliger_20230214_122709965-1536x1152.jpg 1536w, https:\/\/wp.unil.ch\/planh\/files\/2026\/01\/bern-holliger_20230214_122709965-540x405.jpg 540w, https:\/\/wp.unil.ch\/planh\/files\/2026\/01\/bern-holliger_20230214_122709965-1080x810.jpg 1080w, https:\/\/wp.unil.ch\/planh\/files\/2026\/01\/bern-holliger_20230214_122709965.jpg 1600w\" sizes=\"auto, (max-width: 1024px) 100vw, 1024px\" \/><\/figure>\n\n\n\n<p class=\"has-primary-color has-text-color has-background has-link-color wp-elements-caaba65afc1d9dfef677f060dac3bdf9\" style=\"background-color:#0d9be55c;font-size:22px\">Les r\u00e9sultats spatiaux non durables et les in\u00e9galit\u00e9s socio-spatiales ne sont pas le fruit du hasard. Ils r\u00e9sultent de d\u00e9cisions d\u00e9lib\u00e9r\u00e9es prises par des acteurs qui d\u00e9terminent ce qui se passe, quand, o\u00f9 et comment. <strong>Les actions sociales sont motiv\u00e9es et ont des effets tangibles <\/strong>sur le d\u00e9veloppement spatial. Notre recherche se concentre sur la compr\u00e9hension de ces actions, des motivations qui les animent et de leur impact sur le d\u00e9veloppement spatial. <strong>cons\u00e9quences pour le d\u00e9veloppement spatial durable<\/strong>.<\/p>\n<\/div>\n<\/div>\n\n\n\n<p>Ce qui nous unit, c'est un int\u00e9r\u00eat commun pour l'\u00e9tude. <strong>les relations entre l'homme et l'environnement<\/strong>-en particulier dans les contextes urbains-<strong>du point de vue des sciences sociales<\/strong>. Nos recherches sont motiv\u00e9es par l'ambition de mieux comprendre les moteurs du d\u00e9veloppement spatial, tels que <strong>la densification urbaine, la dynamique de l'occupation des sols ou la p\u00e9nurie de logements<\/strong>. Nous reconnaissons que les conflits d'utilisation des sols sont in\u00e9vitables et nous nous concentrons sur la mani\u00e8re dont ils sont g\u00e9r\u00e9s par les politiques publiques et la prise de d\u00e9cision politique.<\/p>\n\n\n\n<p>Dans le cadre de nos recherches, nous utilisons un large \u00e9ventail d'outils d'aide \u00e0 la d\u00e9cision. <strong>les approches qualitatives et les m\u00e9thodes mixtes<\/strong>. Nous examinons <strong>qui a le pouvoir de prendre des d\u00e9cisions<\/strong>, qui ne l'est pas, dans quelles conditions institutionnelles, juridiques, politiques, \u00e9conomiques et socioculturelles, et par le biais de quelles strat\u00e9gies poursuivies par les acteurs.<\/p>\n\n\n\n<p>Nous identifions et expliquons <strong>les in\u00e9galit\u00e9s spatiales et les conflits d'utilisation des sols<\/strong>. Nous nous concentrons sur les processus d\u00e9cisionnels qui d\u00e9finissent les utilisations des terres, ainsi que sur les r\u00e9sultats pratiques de la mise en \u0153uvre des politiques. Nous \u00e9tudions <strong>les strat\u00e9gies poursuivies par les acteurs<\/strong> dans les d\u00e9cisions relatives \u00e0 l'utilisation du sol et au logement. Enfin, nous analysons les <strong>politiques, lois et r\u00e8gles<\/strong> qui r\u00e9gulent ces processus, en mettant toujours l'accent sur les <strong>implications en mati\u00e8re de d\u00e9veloppement durable<\/strong>.<\/p>\n\n\n\n<p class=\"has-primary-color has-text-color has-background has-link-color wp-elements-1f08a874de2cc9b048eb2f5a0d8c6d8c\" style=\"background-color:#0d9be55c\">Pour en savoir plus sur la perspective de recherche de PLANH ainsi que sur nos approches empiriques et m\u00e9thodologiques, veuillez consulter le site suivant <strong><a href=\"https:\/\/wp.unil.ch\/planh\/fr\/files\/2026\/02\/2026_planh_group-presentation.pdf\/\" data-type=\"link\" data-id=\"https:\/\/wp.unil.ch\/planh\/files\/2026\/02\/2026_planh_group-presentation.pdf\">notre pr\u00e9sentation introductive (PDF)<\/a><\/strong>.<\/p>\n\n\n\n<p class=\"has-primary-color has-text-color has-link-color has-large-font-size wp-elements-4eff48f7a9e1dbbdb0fa1f94c2c603f3\"><strong>Derni\u00e8res mises \u00e0 jour<\/strong><\/p>\n\n\n\n<div class=\"wp-block-columns is-layout-flex wp-container-core-columns-is-layout-9d6595d7 wp-block-columns-is-layout-flex\">\n<div class=\"wp-block-column is-layout-flow wp-block-column-is-layout-flow\"><ul style=\"background-color:#f1f1f3; font-size:17px;font-style:normal;font-weight:100;\" class=\"wp-block-latest-posts__list is-grid columns-3 has-dates has-link-color wp-elements-d50cabb3b9949ddfffde6c880dd5faec wp-block-latest-posts has-text-color has-primary-color has-background\"><li><div class=\"wp-block-latest-posts__featured-image\"><img loading=\"lazy\" decoding=\"async\" width=\"150\" height=\"150\" src=\"https:\/\/wp.unil.ch\/planh\/files\/2026\/04\/screenshot-2026-04-14-at-10.30.54-1-150x150.png\" class=\"attachment-thumbnail size-thumbnail wp-post-image\" alt=\"screenshot 2026 04 14 at 10.30.54\" style=\"max-width:350px;max-height:350px;\" \/><\/div><a class=\"wp-block-latest-posts__post-title\" href=\"https:\/\/wp.unil.ch\/planh\/fr\/new-publication-density-is-political\/\">New publication : &#8216;Density is political\u2019<\/a><time datetime=\"2026-04-14T16:30:59+02:00\" class=\"wp-block-latest-posts__post-date\">14 avril 2026<\/time><\/li>\n<li><div class=\"wp-block-latest-posts__featured-image\"><img loading=\"lazy\" decoding=\"async\" width=\"150\" height=\"150\" src=\"https:\/\/wp.unil.ch\/planh\/files\/2026\/04\/screenshot-2026-04-14-at-10.26.12-150x150.png\" class=\"attachment-thumbnail size-thumbnail wp-post-image\" alt=\"screenshot 2026 04 14 at 10.26.12\" style=\"max-width:350px;max-height:350px;\" \/><\/div><a class=\"wp-block-latest-posts__post-title\" href=\"https:\/\/wp.unil.ch\/planh\/fr\/prof-gabriela-debrunner-speaks-with-blick-ch\/\">Prof. Gabriela Debrunner speaks with\u00a0Blick.ch<\/a><time datetime=\"2026-04-14T16:15:11+02:00\" class=\"wp-block-latest-posts__post-date\">14 avril 2026<\/time><\/li>\n<li><div class=\"wp-block-latest-posts__featured-image\"><img loading=\"lazy\" decoding=\"async\" width=\"150\" height=\"150\" src=\"https:\/\/wp.unil.ch\/planh\/files\/2026\/03\/screenshot-2026-03-24-at-09.52.10-150x150.png\" class=\"attachment-thumbnail size-thumbnail wp-post-image\" alt=\"\" style=\"max-width:350px;max-height:350px;\" \/><\/div><a class=\"wp-block-latest-posts__post-title\" href=\"https:\/\/wp.unil.ch\/planh\/fr\/new-publication-alert\/\">Alerte \u00e0 la nouvelle publication !<\/a><time datetime=\"2026-03-25T16:23:15+01:00\" class=\"wp-block-latest-posts__post-date\">25 mars 2026<\/time><\/li>\n<li><div class=\"wp-block-latest-posts__featured-image\"><img loading=\"lazy\" decoding=\"async\" width=\"150\" height=\"150\" src=\"https:\/\/wp.unil.ch\/planh\/files\/2026\/03\/screenshot-2026-03-24-at-09.55.08-150x150.png\" class=\"attachment-thumbnail size-thumbnail wp-post-image\" alt=\"\" style=\"max-width:350px;max-height:350px;\" \/><\/div><a class=\"wp-block-latest-posts__post-title\" href=\"https:\/\/wp.unil.ch\/planh\/fr\/official-announcement-of-prof-gabriela-debrunner-on-unil-webpage\/\">Annonce officielle de la Prof. Gabriela Debrunner sur la page web de l'UNIL<\/a><time datetime=\"2026-03-25T16:13:38+01:00\" class=\"wp-block-latest-posts__post-date\">25 mars 2026<\/time><\/li>\n<li><div class=\"wp-block-latest-posts__featured-image\"><img loading=\"lazy\" decoding=\"async\" width=\"150\" height=\"150\" src=\"https:\/\/wp.unil.ch\/planh\/files\/2026\/02\/screenshot-2026-02-10-at-10.49.49-150x150.png\" class=\"attachment-thumbnail size-thumbnail wp-post-image\" alt=\"\" style=\"max-width:350px;max-height:350px;\" \/><\/div><a class=\"wp-block-latest-posts__post-title\" href=\"https:\/\/wp.unil.ch\/planh\/fr\/prof-gabriela-debrunner-participates-in-srf-documentary-on-zurichs-housing-crisis\/\">Gabriela Debrunner participe \u00e0 un documentaire de la SRF sur la crise du logement \u00e0 Zurich<\/a><time datetime=\"2026-02-09T14:17:25+01:00\" class=\"wp-block-latest-posts__post-date\">9 f\u00e9vrier 2026<\/time><\/li>\n<\/ul><\/div>\n<\/div>","protected":false},"excerpt":{"rendered":"<p>PLANH&nbsp;is the Planning and Housing&nbsp;research group, based at the Institute of Geography and Sustainability of the University of Lausanne. We are an interdisciplinary team of researchers working on&hellip;<\/p>","protected":false},"author":108,"featured_media":656,"parent":0,"menu_order":0,"comment_status":"closed","ping_status":"closed","template":"template-full-width-cover.php","meta":{"_seopress_robots_primary_cat":"","_seopress_titles_title":"","_seopress_titles_desc":"","_seopress_robots_index":"","footnotes":""},"class_list":["post-6","page","type-page","status-publish","has-post-thumbnail"],"_links":{"self":[{"href":"https:\/\/wp.unil.ch\/planh\/fr\/wp-json\/wp\/v2\/pages\/6","targetHints":{"allow":["GET"]}}],"collection":[{"href":"https:\/\/wp.unil.ch\/planh\/fr\/wp-json\/wp\/v2\/pages"}],"about":[{"href":"https:\/\/wp.unil.ch\/planh\/fr\/wp-json\/wp\/v2\/types\/page"}],"author":[{"embeddable":true,"href":"https:\/\/wp.unil.ch\/planh\/fr\/wp-json\/wp\/v2\/users\/108"}],"replies":[{"embeddable":true,"href":"https:\/\/wp.unil.ch\/planh\/fr\/wp-json\/wp\/v2\/comments?post=6"}],"version-history":[{"count":5,"href":"https:\/\/wp.unil.ch\/planh\/fr\/wp-json\/wp\/v2\/pages\/6\/revisions"}],"predecessor-version":[{"id":833,"href":"https:\/\/wp.unil.ch\/planh\/fr\/wp-json\/wp\/v2\/pages\/6\/revisions\/833"}],"wp:featuredmedia":[{"embeddable":true,"href":"https:\/\/wp.unil.ch\/planh\/fr\/wp-json\/wp\/v2\/media\/656"}],"wp:attachment":[{"href":"https:\/\/wp.unil.ch\/planh\/fr\/wp-json\/wp\/v2\/media?parent=6"}],"curies":[{"name":"wp","href":"https:\/\/api.w.org\/{rel}","templated":true}]}}