{"id":175,"date":"2025-10-07T09:07:22","date_gmt":"2025-10-07T07:07:22","guid":{"rendered":"https:\/\/wp.unil.ch\/planh\/?page_id=175"},"modified":"2026-02-18T11:12:46","modified_gmt":"2026-02-18T10:12:46","slug":"teaching","status":"publish","type":"page","link":"https:\/\/wp.unil.ch\/planh\/fr\/teaching\/","title":{"rendered":"L'enseignement"},"content":{"rendered":"<div class=\"wp-block-columns is-layout-flex wp-container-core-columns-is-layout-9d6595d7 wp-block-columns-is-layout-flex\">\n<div class=\"wp-block-column is-layout-flow wp-block-column-is-layout-flow\">\n<p class=\"has-accent-color has-text-color has-background has-link-color wp-elements-23cafdd9083cbebc8d672676040ec5b1\" style=\"background-color:#173ce0f0\"><strong>PLAN<em>H<\/em>\u2019La philosophie d'enseignement de l'Institut est guid\u00e9e par l'objectif de doter les \u00e9tudiants des connaissances et des comp\u00e9tences n\u00e9cessaires \u00e0 leur futur parcours professionnel et personnel en tant qu'urbanistes et praticiens de l'espace. <\/strong>\u00c0 cette fin, nos formats d'enseignement sont \u00e9troitement li\u00e9s \u00e0 la pratique. Nous collaborons avec des partenaires externes tels que des repr\u00e9sentants de la&nbsp;<em>Ville de Lausanne<\/em>&nbsp;(service de planification) et le&nbsp;<em>Ville de Renens<\/em>&nbsp;(d\u00e9partement du d\u00e9veloppement urbain).<\/p>\n<\/div>\n\n\n\n<div class=\"wp-block-column is-layout-flow wp-block-column-is-layout-flow\">\n<p class=\"has-accent-color has-text-color has-background has-link-color wp-elements-6f921ac15a913da947c5d1b397acbe09\" style=\"background-color:#173ce0f0\">PLAN<em>H<\/em> propose des cours \u00e0 l'Universit\u00e9 de Lausanne au niveau du bachelor et du master. L'enseignement est souvent <strong>compl\u00e9t\u00e9e par des exercices pratiques<\/strong> qui permettent aux \u00e9tudiants d'appliquer des concepts th\u00e9oriques \u00e0 des contextes de planification r\u00e9els. En outre, PLAN<em>H<\/em> participe activement \u00e0 la supervision des m\u00e9moires de licence, de master et de s\u00e9minaire.<\/p>\n\n\n\n<p><\/p>\n<\/div>\n<\/div>\n\n\n\n<p class=\"has-text-align-center has-primary-color has-light-background-background-color has-text-color has-background has-link-color has-larger-font-size wp-elements-2b69a2e1434d9500420c18b8009626bd\"><strong><em>Enseignement et m\u00e9thodologies<\/em><\/strong><\/p>\n\n\n\n<p class=\"has-primary-color has-text-color has-link-color wp-elements-5f664716e702ab9a8adee7ae6fe92c50\"><strong>Ateliers urbains<\/strong><\/p>\n\n\n\n<p><em>(Chaque semestre d'automne ; fait partie du cours de ma\u00eetrise \u201cPlanification et logement\u201d)<\/em><\/p>\n\n\n\n<div class=\"wp-block-columns is-layout-flex wp-container-core-columns-is-layout-9d6595d7 wp-block-columns-is-layout-flex\">\n<div class=\"wp-block-column is-layout-flow wp-block-column-is-layout-flow\">\n<figure class=\"wp-block-image alignwide size-large\"><img loading=\"lazy\" decoding=\"async\" width=\"1024\" height=\"768\" src=\"https:\/\/wp.unil.ch\/planh\/files\/2026\/01\/img_3011-1024x768.jpeg\" alt=\"img 3011\" class=\"wp-image-252\" srcset=\"https:\/\/wp.unil.ch\/planh\/files\/2026\/01\/img_3011-1024x768.jpeg 1024w, https:\/\/wp.unil.ch\/planh\/files\/2026\/01\/img_3011-300x225.jpeg 300w, https:\/\/wp.unil.ch\/planh\/files\/2026\/01\/img_3011-768x576.jpeg 768w, https:\/\/wp.unil.ch\/planh\/files\/2026\/01\/img_3011-1536x1152.jpeg 1536w, https:\/\/wp.unil.ch\/planh\/files\/2026\/01\/img_3011-540x405.jpeg 540w, https:\/\/wp.unil.ch\/planh\/files\/2026\/01\/img_3011-1080x810.jpeg 1080w, https:\/\/wp.unil.ch\/planh\/files\/2026\/01\/img_3011.jpeg 1600w\" sizes=\"auto, (max-width: 1024px) 100vw, 1024px\" \/><\/figure>\n<\/div>\n\n\n\n<div class=\"wp-block-column is-layout-flow wp-block-column-is-layout-flow\">\n<figure class=\"wp-block-image alignwide size-large\"><img loading=\"lazy\" decoding=\"async\" width=\"1024\" height=\"768\" src=\"https:\/\/wp.unil.ch\/planh\/files\/2026\/01\/20251125_094132-1024x768.jpg\" alt=\"20251125 094132\" class=\"wp-image-251\" srcset=\"https:\/\/wp.unil.ch\/planh\/files\/2026\/01\/20251125_094132-1024x768.jpg 1024w, https:\/\/wp.unil.ch\/planh\/files\/2026\/01\/20251125_094132-300x225.jpg 300w, https:\/\/wp.unil.ch\/planh\/files\/2026\/01\/20251125_094132-768x576.jpg 768w, https:\/\/wp.unil.ch\/planh\/files\/2026\/01\/20251125_094132-1536x1152.jpg 1536w, https:\/\/wp.unil.ch\/planh\/files\/2026\/01\/20251125_094132-540x405.jpg 540w, https:\/\/wp.unil.ch\/planh\/files\/2026\/01\/20251125_094132-1080x810.jpg 1080w, https:\/\/wp.unil.ch\/planh\/files\/2026\/01\/20251125_094132.jpg 1600w\" sizes=\"auto, (max-width: 1024px) 100vw, 1024px\" \/><\/figure>\n<\/div>\n\n\n\n<div class=\"wp-block-column is-layout-flow wp-block-column-is-layout-flow\">\n<figure class=\"wp-block-image alignwide size-large\"><img loading=\"lazy\" decoding=\"async\" width=\"1024\" height=\"768\" src=\"https:\/\/wp.unil.ch\/planh\/files\/2026\/01\/img_2536-3-2-1024x768.jpeg\" alt=\"img 2536 3\" class=\"wp-image-255\" srcset=\"https:\/\/wp.unil.ch\/planh\/files\/2026\/01\/img_2536-3-2-1024x768.jpeg 1024w, https:\/\/wp.unil.ch\/planh\/files\/2026\/01\/img_2536-3-2-300x225.jpeg 300w, https:\/\/wp.unil.ch\/planh\/files\/2026\/01\/img_2536-3-2-768x576.jpeg 768w, https:\/\/wp.unil.ch\/planh\/files\/2026\/01\/img_2536-3-2-1536x1152.jpeg 1536w, https:\/\/wp.unil.ch\/planh\/files\/2026\/01\/img_2536-3-2-540x405.jpeg 540w, https:\/\/wp.unil.ch\/planh\/files\/2026\/01\/img_2536-3-2-1080x810.jpeg 1080w, https:\/\/wp.unil.ch\/planh\/files\/2026\/01\/img_2536-3-2.jpeg 1600w\" sizes=\"auto, (max-width: 1024px) 100vw, 1024px\" \/><\/figure>\n<\/div>\n<\/div>\n\n\n\n<div class=\"wp-block-media-text is-stacked-on-mobile is-vertically-aligned-top\"><figure class=\"wp-block-media-text__media\"><img loading=\"lazy\" decoding=\"async\" width=\"1024\" height=\"683\" src=\"https:\/\/wp.unil.ch\/planh\/files\/2026\/01\/5ts4thwsk3l9aiy3ikc6od.jpg-1024x683.webp\" alt=\"5ts4thwsk3l9aiy3ikc6od.jpg\" class=\"wp-image-309 size-full\" srcset=\"https:\/\/wp.unil.ch\/planh\/files\/2026\/01\/5ts4thwsk3l9aiy3ikc6od.jpg-1024x683.webp 1024w, https:\/\/wp.unil.ch\/planh\/files\/2026\/01\/5ts4thwsk3l9aiy3ikc6od.jpg-300x200.webp 300w, https:\/\/wp.unil.ch\/planh\/files\/2026\/01\/5ts4thwsk3l9aiy3ikc6od.jpg-768x512.webp 768w, https:\/\/wp.unil.ch\/planh\/files\/2026\/01\/5ts4thwsk3l9aiy3ikc6od.jpg-1536x1024.webp 1536w, https:\/\/wp.unil.ch\/planh\/files\/2026\/01\/5ts4thwsk3l9aiy3ikc6od.jpg-540x360.webp 540w, https:\/\/wp.unil.ch\/planh\/files\/2026\/01\/5ts4thwsk3l9aiy3ikc6od.jpg-1080x720.webp 1080w, https:\/\/wp.unil.ch\/planh\/files\/2026\/01\/5ts4thwsk3l9aiy3ikc6od.jpg.webp 1920w\" sizes=\"auto, (max-width: 1024px) 100vw, 1024px\" \/><\/figure><div class=\"wp-block-media-text__content\">\n<p class=\"has-primary-color has-text-color has-background has-link-color wp-elements-42470c3937def7c60162e7d7ff6a00ac\" style=\"background-color:#0d9be55c\">Les <strong>Atelier urbain<\/strong> s'inspire de la m\u00e9thodologie du \u201cstudio\u201d utilis\u00e9e dans l'enseignement de l'architecture et de l'ing\u00e9nierie. Contrairement \u00e0 ces disciplines \u00e0 orientation technique, PLAN<em>H<\/em> adapte l'approche du studio \u00e0 la perspective des sciences sociales. Les \u00e9tudiants apprennent \u00e0 produire des r\u00e9sultats tels que <strong>s\u00e9ries de photos ou podcasts<\/strong> et pr\u00e9sentent leurs r\u00e9sultats dans <strong>une exposition finale de type World Caf\u00e9<\/strong>.<\/p>\n<\/div><\/div>\n\n\n\n<div class=\"wp-block-columns is-layout-flex wp-container-core-columns-is-layout-9d6595d7 wp-block-columns-is-layout-flex\">\n<div class=\"wp-block-column is-layout-flow wp-block-column-is-layout-flow\">\n<p class=\"has-primary-color has-text-color has-link-color wp-elements-b65edab022824ead2d42198cb3900590\"><strong>Cours de bachelor : Am\u00e9nagement du territoire en Suisse<\/strong><\/p>\n\n\n\n<p>Ce cours pr\u00e9sente les principes fondamentaux de l'am\u00e9nagement et du d\u00e9veloppement du territoire en Suisse. Les \u00e9tudiants apprennent \u00e0 conna\u00eetre les d\u00e9fis et les obstacles actuels du d\u00e9veloppement territorial suisse, les instruments et les strat\u00e9gies cl\u00e9s de l'am\u00e9nagement du territoire suisse et la mani\u00e8re d'appliquer ces approches dans la pratique.<\/p>\n\n\n\n<ul class=\"wp-block-list\">\n<li><strong>Cr\u00e9dits :<\/strong> 6 ECTS<\/li>\n\n\n\n<li><strong>Format :<\/strong>&nbsp;Cours magistral + exercices<\/li>\n\n\n\n<li><strong>Nombre d'\u00e9tudiants :<\/strong>&nbsp;100-120<\/li>\n\n\n\n<li><strong>Langue :<\/strong>&nbsp;Fran\u00e7ais, avec des conf\u00e9rences en anglais<\/li>\n\n\n\n<li><strong>En collaboration avec :<\/strong>&nbsp;R\u00e9gion de Morges<\/li>\n<\/ul>\n<\/div>\n\n\n\n<div class=\"wp-block-column is-layout-flow wp-block-column-is-layout-flow\">\n<p class=\"has-primary-color has-text-color has-link-color wp-elements-82aa57022be400238ff558683383512c\"><strong>Cours de Master : Am\u00e9nagement et logement<\/strong><\/p>\n\n\n\n<p>Ce cours approfondit les connaissances des \u00e9tudiants en mati\u00e8re d'am\u00e9nagement du territoire et de recherche sur le logement. Il examine de mani\u00e8re critique les processus de d\u00e9veloppement spatial en cours dans une perspective de durabilit\u00e9 socio-environnementale dans les villes suisses et au-del\u00e0. Les \u00e9tudiants compl\u00e8tent leur apprentissage conceptuel par des exercices pratiques, notamment l'Atelier urbain (voir ci-dessus) dans les villes de Lausanne et de Renens.<\/p>\n\n\n\n<ul class=\"wp-block-list\">\n<li><strong>Cr\u00e9dits :<\/strong> 5 ECTS<\/li>\n\n\n\n<li><strong>Format :<\/strong>&nbsp;Cours magistral + exercices<\/li>\n\n\n\n<li><strong>Nombre d'\u00e9tudiants :<\/strong>&nbsp;40-60<\/li>\n\n\n\n<li><strong>Langue :<\/strong>&nbsp;Anglais, avec des conf\u00e9rences en fran\u00e7ais<\/li>\n\n\n\n<li><strong>En collaboration avec :<\/strong>&nbsp;Ville de Lausanne ; Ville de Renens<\/li>\n<\/ul>\n<\/div>\n<\/div>\n\n\n\n<div class=\"wp-block-columns is-layout-flex wp-container-core-columns-is-layout-9d6595d7 wp-block-columns-is-layout-flex\">\n<div class=\"wp-block-column is-layout-flow wp-block-column-is-layout-flow\">\n<p class=\"has-primary-color has-text-color has-link-color wp-elements-4066b8ea60a9b077af034468e24254b0\"><strong>Encadrement des th\u00e8ses<\/strong><\/p>\n\n\n\n<p>Chaque semestre (\u00e0 partir de janvier et d'ao\u00fbt), les \u00e9tudiants peuvent demander la supervision de PLAN<em>H<\/em> les membres de l'\u00e9quipe pour leurs m\u00e9moires de bachelor ou de master. Les lignes directrices pour la r\u00e9daction et la r\u00e9alisation des th\u00e8ses sont fournies par l'Institut de g\u00e9ographie et de durabilit\u00e9 (IGD) et par PLAN<em>H<\/em> avec des d\u00e9tails suppl\u00e9mentaires :<\/p>\n\n\n\n<ul style=\"background-color:#0d9be55c\" class=\"wp-block-list has-accent-color has-text-color has-background has-link-color wp-elements-d6f9750b3b2dfe675e866d22c2ad8b71\">\n<li class=\"has-primary-color has-text-color has-link-color wp-elements-b23bbec6559bfd62f509da69b5a47d1c\"><a href=\"https:\/\/wp.unil.ch\/planh\/fr\/files\/2026\/02\/guide-tb-humaine-2025.pdf\/\" target=\"_blank\" rel=\"noreferrer noopener\">Directives relatives au m\u00e9moire de licence IGD&nbsp;<\/a><\/li>\n\n\n\n<li class=\"has-primary-color has-text-color has-link-color wp-elements-d2b6c1c2ac6adb01aca088fb0b470782\"><a href=\"https:\/\/guideudat.wordpress.com\/\" data-type=\"link\" data-id=\"https:\/\/guideudat.wordpress.com\/\">Directives pour les m\u00e9moires de master de l'IGD pour les \u00e9tudiants de la sp\u00e9cialit\u00e9 \u201cUrbanisme et am\u00e9nagement durables des territoires (UDAT)\u201d<\/a><\/li>\n\n\n\n<li class=\"has-primary-color has-text-color has-link-color wp-elements-31d4c9944f77962f2f24de17e49cdf03\"><a href=\"https:\/\/www.unil.ch\/fgse\/en\/home\/menuinst\/formation\/masters\/gea.html\" data-type=\"link\" data-id=\"https:\/\/www.unil.ch\/fgse\/en\/home\/menuinst\/formation\/masters\/gea.html\">Directives et r\u00e8glement de l'IGD pour le MSc en g\u00e9ographie, environnement et am\u00e9nagement<\/a><\/li>\n\n\n\n<li class=\"has-primary-color has-text-color has-link-color wp-elements-6e6a1efd8d2428905f72bba6c7ba0492\">Directives pour les th\u00e8ses PLANH <em>(suppl\u00e9mentaire, sur demande)<\/em><\/li>\n<\/ul>\n<\/div>\n\n\n\n<div class=\"wp-block-column is-layout-flow wp-block-column-is-layout-flow\">\n<p class=\"has-primary-color has-text-color has-link-color wp-elements-fe90e9bd8adfb584296f44446efc5813\"><strong>Cours collectif : Gouvernance, Planification et Am\u00e9nagement du territoire<\/strong><\/p>\n\n\n\n<p>Ce cours explore la gouvernance et la planification \u00e0 partir de perspectives disciplinaires multiples, en faisant progresser la compr\u00e9hension conceptuelle des processus de prise de d\u00e9cision dans le d\u00e9veloppement de l'espace et de l'utilisation des sols.<\/p>\n\n\n\n<ul class=\"wp-block-list\">\n<li><strong>Cr\u00e9dits :<\/strong> 5 ECTS<\/li>\n\n\n\n<li><strong>Format :<\/strong>&nbsp;Conf\u00e9rence <\/li>\n\n\n\n<li><strong>Langue :<\/strong>&nbsp;Fran\u00e7ais et anglais<\/li>\n\n\n\n<li><strong>Instructeurs :<\/strong>&nbsp;Ren\u00e9 Veron, Martin M\u00fcller, Selin Yilmaz, Gabriela Debrunner<\/li>\n\n\n\n<li><strong>Nombre d'\u00e9tudiants :<\/strong>&nbsp;50-70<\/li>\n<\/ul>\n<\/div>\n<\/div>\n\n\n\n<p>&nbsp;<a href=\"#_msoanchor_1\">[<\/a><\/p>","protected":false},"excerpt":{"rendered":"<p>PLANH\u2019s teaching philosophy is guided by the goal of equipping students with the knowledge and skills needed for their future professional and personal paths as planners and spatial&hellip;<\/p>","protected":false},"author":1003052,"featured_media":0,"parent":0,"menu_order":0,"comment_status":"closed","ping_status":"closed","template":"template-full-width.php","meta":{"_seopress_robots_primary_cat":"","_seopress_titles_title":"","_seopress_titles_desc":"","_seopress_robots_index":"","footnotes":""},"class_list":["post-175","page","type-page","status-publish","has-post-thumbnail"],"_links":{"self":[{"href":"https:\/\/wp.unil.ch\/planh\/fr\/wp-json\/wp\/v2\/pages\/175","targetHints":{"allow":["GET"]}}],"collection":[{"href":"https:\/\/wp.unil.ch\/planh\/fr\/wp-json\/wp\/v2\/pages"}],"about":[{"href":"https:\/\/wp.unil.ch\/planh\/fr\/wp-json\/wp\/v2\/types\/page"}],"author":[{"embeddable":true,"href":"https:\/\/wp.unil.ch\/planh\/fr\/wp-json\/wp\/v2\/users\/1003052"}],"replies":[{"embeddable":true,"href":"https:\/\/wp.unil.ch\/planh\/fr\/wp-json\/wp\/v2\/comments?post=175"}],"version-history":[{"count":5,"href":"https:\/\/wp.unil.ch\/planh\/fr\/wp-json\/wp\/v2\/pages\/175\/revisions"}],"predecessor-version":[{"id":830,"href":"https:\/\/wp.unil.ch\/planh\/fr\/wp-json\/wp\/v2\/pages\/175\/revisions\/830"}],"wp:attachment":[{"href":"https:\/\/wp.unil.ch\/planh\/fr\/wp-json\/wp\/v2\/media?parent=175"}],"curies":[{"name":"wp","href":"https:\/\/api.w.org\/{rel}","templated":true}]}}