{"id":170,"date":"2025-10-07T09:06:57","date_gmt":"2025-10-07T07:06:57","guid":{"rendered":"https:\/\/wp.unil.ch\/planh\/?page_id=170"},"modified":"2026-02-17T14:27:51","modified_gmt":"2026-02-17T13:27:51","slug":"projects","status":"publish","type":"page","link":"https:\/\/wp.unil.ch\/planh\/fr\/projects\/","title":{"rendered":"Projets"},"content":{"rendered":"<div class=\"wp-block-columns is-layout-flex wp-container-core-columns-is-layout-9d6595d7 wp-block-columns-is-layout-flex\">\n<div class=\"wp-block-column is-layout-flow wp-block-column-is-layout-flow\"><\/div>\n<\/div>\n\n\n\n<p class=\"has-accent-color has-text-color has-background has-link-color wp-elements-bb8959aca617091f415f1a9ed2b1d72b\" style=\"background-color:#173ce0f0\">Tous les PLAN<em>H<\/em> Les projets de recherche se situent au niveau de la <strong>l'intersection de nos exp\u00e9riences disciplinaires et de nos <a href=\"https:\/\/wp.unil.ch\/planh\/fr\/research-2\/\" data-type=\"link\" data-id=\"https:\/\/wp.unil.ch\/planh\/research-2\/\">domaines de recherche essentiels<\/a><\/strong>. Nos projets franchissent donc d\u00e9lib\u00e9r\u00e9ment le foss\u00e9 entre l'urbain et le rural afin de g\u00e9n\u00e9rer des id\u00e9es valables et pertinentes dans diff\u00e9rents contextes spatiaux.<\/p>\n\n\n\n<p class=\"has-text-align-center has-primary-color has-text-color has-background has-link-color has-larger-font-size wp-elements-663374641ab798c9706fd81c3326e9fa\" style=\"background-color:#0d9be55c\"><em><strong>Projets en cours<\/strong><\/em><\/p>\n\n\n\n<p><em>Projets de doctorat<\/em><\/p>\n\n\n\n<ul class=\"wp-block-list\">\n<li><strong>L'hospitalit\u00e9 dans les contextes de densification urbaine<\/strong>: N\u00e9gocier l'inclusion \u00e0 travers la gouvernance locale et les initiatives communautaires. (Carla Jaboyedoff, d\u00e9but en f\u00e9vrier 2026)<\/li>\n<\/ul>\n\n\n\n<p><\/p>\n\n\n\n<ul class=\"wp-block-list\">\n<li><strong>Conditions de logement et de travail des travailleurs agricoles saisonniers en Suisse :<\/strong>&nbsp;Qu'est-ce que la production alimentaire \u201c\u00e9quitable\u201d ? (Florence Testorelli, d\u00e9but en janvier 2026)<\/li>\n<\/ul>\n\n\n\n<p><\/p>\n\n\n\n<ul class=\"wp-block-list\">\n<li><strong>Auto-organisation des r\u00e9sidents dans les espaces urbains contest\u00e9s :<\/strong>&nbsp;A quoi ressemble la \u201cplanification flexible\u201d dans le d\u00e9veloppement urbain contemporain ? (Anne-Sophie Spinaci, d\u00e9but en ao\u00fbt 2025)<\/li>\n<\/ul>\n\n\n\n<p><\/p>\n\n\n\n<p><em>Autres<\/em><\/p>\n\n\n\n<ul class=\"wp-block-list\">\n<li><strong>Des villes construites sur des pensions :<\/strong>&nbsp;Le r\u00f4le des fonds de pension dans le d\u00e9veloppement des villes suisses (Dr. Jessica Verheij, d\u00e9but en septembre 2025)<\/li>\n<\/ul>\n\n\n\n<p><\/p>\n\n\n\n<ul class=\"wp-block-list\">\n<li><strong>Routledge Handbook :<\/strong>&nbsp;Politiques fonci\u00e8res pour le logement abordable (Prof. Gabriela Debrunner, Dr. Jessica Verheij, d\u00e9but en mars 2024)<\/li>\n<\/ul>\n\n\n\n<p><\/p>\n\n\n\n<ul class=\"wp-block-list\">\n<li><strong>Num\u00e9ro sp\u00e9cial sur les \u00e9tudes urbaines :<\/strong>&nbsp;The Business of Densification - Institutions, Actors, and Outcomes of Urban Settlement Transformation (Prof. Gabriela Debrunner, publication pr\u00e9vue \u00e0 l'automne 2026).<\/li>\n<\/ul>","protected":false},"excerpt":{"rendered":"<p>All PLANH research projects are situated at the intersection of our disciplinary backgrounds and core research fields. Our projects hence deliberately cross the divide between the urban and&hellip;<\/p>","protected":false},"author":1003052,"featured_media":0,"parent":0,"menu_order":0,"comment_status":"closed","ping_status":"closed","template":"template-full-width.php","meta":{"_seopress_robots_primary_cat":"","_seopress_titles_title":"","_seopress_titles_desc":"","_seopress_robots_index":"","footnotes":""},"class_list":["post-170","page","type-page","status-publish","has-post-thumbnail"],"_links":{"self":[{"href":"https:\/\/wp.unil.ch\/planh\/fr\/wp-json\/wp\/v2\/pages\/170","targetHints":{"allow":["GET"]}}],"collection":[{"href":"https:\/\/wp.unil.ch\/planh\/fr\/wp-json\/wp\/v2\/pages"}],"about":[{"href":"https:\/\/wp.unil.ch\/planh\/fr\/wp-json\/wp\/v2\/types\/page"}],"author":[{"embeddable":true,"href":"https:\/\/wp.unil.ch\/planh\/fr\/wp-json\/wp\/v2\/users\/1003052"}],"replies":[{"embeddable":true,"href":"https:\/\/wp.unil.ch\/planh\/fr\/wp-json\/wp\/v2\/comments?post=170"}],"version-history":[{"count":5,"href":"https:\/\/wp.unil.ch\/planh\/fr\/wp-json\/wp\/v2\/pages\/170\/revisions"}],"predecessor-version":[{"id":810,"href":"https:\/\/wp.unil.ch\/planh\/fr\/wp-json\/wp\/v2\/pages\/170\/revisions\/810"}],"wp:attachment":[{"href":"https:\/\/wp.unil.ch\/planh\/fr\/wp-json\/wp\/v2\/media?parent=170"}],"curies":[{"name":"wp","href":"https:\/\/api.w.org\/{rel}","templated":true}]}}