{"id":1115,"date":"2018-05-25T13:10:20","date_gmt":"2018-05-25T11:10:20","guid":{"rendered":"http:\/\/wp.unil.ch\/ms3\/?page_id=1115"},"modified":"2018-12-20T16:11:40","modified_gmt":"2018-12-20T15:11:40","slug":"lhistoire-de-la-plateforme-ms3","status":"publish","type":"page","link":"https:\/\/wp.unil.ch\/ms3\/qui-sommes-nous\/lhistoire-de-la-plateforme-ms3\/","title":{"rendered":"Histoire de la Plateforme MS3"},"content":{"rendered":"<p>En 2007, le groupe SpirMed du CHUV, constitu\u00e9 de chefs de service ainsi que de la responsable formation du Service d\u2019aum\u00f4nerie, se cr\u00e9\u00e9e pour sensibiliser les m\u00e9decins \u00e0 la dimension spirituelle des soins. Cette collaboration interdisciplinaire permet la r\u00e9alisation de projets de recherche et de formation pour les m\u00e9decins pr\u00e9- et postgradu\u00e9s.<\/p>\n<p>En f\u00e9vrier 2014, le groupe SpirMed propose un projet en partenariat avec la Facult\u00e9 de biologie et de m\u00e9decine (FBM) de l\u2019UNIL, afin de d\u00e9velopper un enseignement et une recherche transversale, interdisciplinaire et interfacultaire, dans le domaine de la spiritualit\u00e9 en m\u00e9decine, codirig\u00e9 par les Facult\u00e9s de biologie et m\u00e9decine et de th\u00e9ologie, et de l\u2019aum\u00f4nerie du CHUV. Le but \u00e9tait de cr\u00e9er un enseignement sur les soins spirituels pour les soignants et les th\u00e9ologiens engag\u00e9s dans le milieu de la sant\u00e9.<\/p>\n<p>Suite aux r\u00e9alisations du groupe SpirMed au sein du CHUV-FBM et aux travaux d\u00e9velopp\u00e9s au sein du Service de G\u00e9riatrie et de r\u00e9adaptation g\u00e9riatrique du CHUV par la Dre Stefanie Monod, M. Etienne Rochat, aum\u00f4nier PhD, et Mme Anne-V\u00e9ronique D\u00fcrst, psychologue, la Fondation Leenaards s\u2019est associ\u00e9e au CHUV-FBM pour mettre en place une Plateforme interdisciplinaire M\u00e9decine, Spiritualit\u00e9, Soins &amp; Soci\u00e9t\u00e9 (MS3), en novembre 2014.<\/p>\n<p>Au 1<sup>er<\/sup> janvier 2015, la FBM, la Fondation Leenaards et le CHUV signent une convention d\u00e9terminant le cadre de fonctionnement suivant :<\/p>\n<ul>\n<li>La Plateforme MS3 est int\u00e9gr\u00e9e au D\u00e9partement formation et recherche du CHUV dirig\u00e9 par le Prof. Jean-Daniel Tissot, doyen en exercice de la Facult\u00e9 de biologie et de m\u00e9decine de l\u2019UNIL.<\/li>\n<li>La Plateforme MS3 a pour mission de d\u00e9velopper des projets dans les domaines de la validation des mod\u00e8les cliniques, de la recherche et de l\u2019enseignement. Elle participe \u00e9galement aux d\u00e9bats de soci\u00e9t\u00e9 sur la qualit\u00e9 de vie des patients et des soignants par une meilleure prise en compte de cette dimension dans leurs relations de soin.<\/li>\n<li>Le COPIL qui r\u00e9unit des repr\u00e9sentants de la Direction m\u00e9dicale et de la Direction des soins du CHUV, de l\u2019aum\u00f4nerie et de la Fondation Leenaards, assume la responsabilit\u00e9 du projet. Il informe les Directions g\u00e9n\u00e9rale, m\u00e9dicale et des soins du CHUV, ainsi que de la Commission Age et soci\u00e9t\u00e9 de la Fondation Leenaards, de l\u2019\u00e9volution de celui-ci par le biais d\u2019un rapport annuel.<\/li>\n<\/ul>\n<p>Ainsi est n\u00e9e la Plateforme M\u00e9decine, Spiritualit\u00e9, Soins et Soci\u00e9t\u00e9, oeuvrant au service des responsables et des chercheurs du CHUV-FBM souhaitant int\u00e9grer la dimension spirituelle dans leurs projets.<\/p>\n<p>Le 18 novembre 2016,\u00a0la Plateforme MS3 a \u00e9t\u00e9 officiellement\u00a0inaugur\u00e9e, dans le cadre du <a href=\"https:\/\/wp.unil.ch\/ms3\/actualite\/colloque-soins-et-spiritualite-18-novembre-2016-chuv-lausanne\/\" target=\"_blank\" rel=\"noopener\">colloque Soins &amp; Spiritualit\u00e9<\/a>.<\/p>\n","protected":false},"excerpt":{"rendered":"<p>En 2007, le groupe SpirMed du CHUV, constitu\u00e9 de chefs de service ainsi que de la responsable formation du Service d\u2019aum\u00f4nerie, se cr\u00e9\u00e9e pour sensibiliser les m\u00e9decins \u00e0 la dimension spirituelle des soins. Cette collaboration interdisciplinaire permet la r\u00e9alisation de<\/p>\n","protected":false},"author":1001410,"featured_media":0,"parent":7,"menu_order":0,"comment_status":"closed","ping_status":"closed","template":"","meta":{"_seopress_robots_primary_cat":"","_seopress_titles_title":"","_seopress_titles_desc":"","_seopress_robots_index":"","footnotes":""},"class_list":["post-1115","page","type-page","status-publish"],"_links":{"self":[{"href":"https:\/\/wp.unil.ch\/ms3\/wp-json\/wp\/v2\/pages\/1115","targetHints":{"allow":["GET"]}}],"collection":[{"href":"https:\/\/wp.unil.ch\/ms3\/wp-json\/wp\/v2\/pages"}],"about":[{"href":"https:\/\/wp.unil.ch\/ms3\/wp-json\/wp\/v2\/types\/page"}],"author":[{"embeddable":true,"href":"https:\/\/wp.unil.ch\/ms3\/wp-json\/wp\/v2\/users\/1001410"}],"replies":[{"embeddable":true,"href":"https:\/\/wp.unil.ch\/ms3\/wp-json\/wp\/v2\/comments?post=1115"}],"version-history":[{"count":0,"href":"https:\/\/wp.unil.ch\/ms3\/wp-json\/wp\/v2\/pages\/1115\/revisions"}],"up":[{"embeddable":true,"href":"https:\/\/wp.unil.ch\/ms3\/wp-json\/wp\/v2\/pages\/7"}],"wp:attachment":[{"href":"https:\/\/wp.unil.ch\/ms3\/wp-json\/wp\/v2\/media?parent=1115"}],"curies":[{"name":"wp","href":"https:\/\/api.w.org\/{rel}","templated":true}]}}