{"id":2541,"date":"2020-08-29T11:58:31","date_gmt":"2020-08-29T09:58:31","guid":{"rendered":"http:\/\/wp.unil.ch\/monumentsvaudois\/?page_id=2541"},"modified":"2020-08-30T11:51:39","modified_gmt":"2020-08-30T09:51:39","slug":"mvd-10-2020-table-des-matieres","status":"publish","type":"page","link":"https:\/\/wp.unil.ch\/monumentsvaudois\/mvd-10-2020-table-des-matieres\/","title":{"rendered":"MVD 10-2020 (table des mati\u00e8res)"},"content":{"rendered":"<h4>Num\u00e9ro 10<br \/>\nParution le 27 ao\u00fbt 2020<\/h4>\n<p><img alt=\"\" loading=\"lazy\" decoding=\"async\" class=\"wp-image-2579 size-medium alignnone\" src=\"https:\/\/wp.unil.ch\/monumentsvaudois\/files\/2020\/08\/MVD_10_cover_ombre-214x300.jpg\" alt=\"\" width=\"214\" height=\"300\" srcset=\"https:\/\/wp.unil.ch\/monumentsvaudois\/files\/2020\/08\/MVD_10_cover_ombre-214x300.jpg 214w, https:\/\/wp.unil.ch\/monumentsvaudois\/files\/2020\/08\/MVD_10_cover_ombre-731x1024.jpg 731w, https:\/\/wp.unil.ch\/monumentsvaudois\/files\/2020\/08\/MVD_10_cover_ombre-107x150.jpg 107w, https:\/\/wp.unil.ch\/monumentsvaudois\/files\/2020\/08\/MVD_10_cover_ombre-768x1076.jpg 768w, https:\/\/wp.unil.ch\/monumentsvaudois\/files\/2020\/08\/MVD_10_cover_ombre.jpg 856w\" sizes=\"auto, (max-width: 214px) 100vw, 214px\" \/><\/p>\n<h4><strong>10 ans de patrimoine vaudois &#8211; 10 districts vaudois<\/strong><\/h4>\n<ul>\n<li><a href=\"https:\/\/wp.unil.ch\/monumentsvaudois\/2020\/08\/karina-queijo-du-choeur-cultuel-au-choeur-culturel\"><strong>Karina Queijo<\/strong><\/a>, <em>Du ch\u0153ur cultuel au ch\u0153ur culturel. L\u2019exemple du temple de Nyon, ancienne \u00e9glise Notre-Dame<\/em><\/li>\n<li><a href=\"https:\/\/wp.unil.ch\/monumentsvaudois\/2020\/08\/brigitte-pradervand-histoires-deau-payernoises\"><strong>Brigitte Pradervand<\/strong><\/a>, <em>Histoire(s) d&rsquo;eau payernoises<\/em><\/li>\n<li><a href=\"https:\/\/wp.unil.ch\/monumentsvaudois\/2020\/08\/fontannaz-napi-la-maison-d-herwarth-dunz-a-vevey\"><strong>Monique Fontannaz &amp; Luigi Napi<\/strong><\/a>, <em>La maison d&rsquo;Herwarth \u00e0 Vevey. Sur les traces d\u2019une m\u00e9moire dispers\u00e9e<\/em><\/li>\n<li><strong><a href=\"https:\/\/wp.unil.ch\/monumentsvaudois\/2020\/08\/vanessa-diener-isaac-gamaliel-de-roverea\">Vanessa Diener<\/a><\/strong>, <em>Isaac Gamaliel de Rov\u00e9r\u00e9a (1695\u20131766): un pionnier de la technique dans le Chablais<\/em><\/li>\n<li><strong><a href=\"https:\/\/wp.unil.ch\/monumentsvaudois\/2020\/08\/dense-raymond-l-habitat-disperse-des-hauts-de-lavaux\">Denyse Raymond<\/a><\/strong>, <em>L\u2019habitat dispers\u00e9 des Hauts de Lavaux. Entre le vignoble et les bois du Jorat, une r\u00e9gion et un patrimoine \u00e0 ne pas oublier<\/em><\/li>\n<li><a href=\"https:\/\/wp.unil.ch\/monumentsvaudois\/2020\/08\/paul-bissegger-halles-maison-de-commune-hotel-de-ville-aubonne\"><strong>Paul Bissegger<\/strong><\/a>, <em>\u00c9l\u00e9gances progressives\u2009: les halles, la maison de commune et l\u2019h\u00f4tel de ville d\u2019Aubonne<\/em><\/li>\n<li><strong><a href=\"https:\/\/wp.unil.ch\/monumentsvaudois\/2020\/08\/catherine-schmutz-nicod-etablissements-de-la-plaine-de-lorbe\">Catherine Schmutz Nicod<\/a><\/strong>, <em>\u00c9tablissements de la plaine de l\u2019Orbe. Chronique d\u2019une prison dans les champs<\/em><\/li>\n<li><a href=\"https:\/\/wp.unil.ch\/monumentsvaudois\/2020\/08\/catherine-raemy-berthod-objets-et-mobilier-religieux-dans-lancien-bailliage-dechallens\"><strong>Catherine Raemy-Berthod<\/strong><\/a>, <em>Objets et mobilier religieux dans l\u2019ancien bailliage d\u2019\u00c9challens: un patrimoine unique<\/em><\/li>\n<li><strong><a href=\"https:\/\/wp.unil.ch\/monumentsvaudois\/2020\/08\/bruno-corthesy-la-maison-haute-rampe-a-lausanne\">Bruno Corth\u00e9sy<\/a><\/strong>, <em>La maison Haute-Rampe, si\u00e8ge du Cercle italien \u00e0 Lausanne<\/em><\/li>\n<li><a href=\"https:\/\/wp.unil.ch\/monumentsvaudois\/2020\/08\/aline-jeandreavin-le-bfsh2-gesamtkunstwerk-des-annees-1980\"><strong>Aline Jeandrevin<\/strong><\/a>, <em>Le BFSH2. Un <\/em>Gesamtkunstwerk<em> des ann\u00e9es 1980<\/em><\/li>\n<\/ul>\n<h4><strong>Actualit\u00e9s du patrimoine<\/strong><\/h4>\n<ul>\n<li><strong>Florence Berthole<\/strong><strong>t<\/strong>, <em>Pass\u00e9 et avenir d&rsquo;une maison forte. Le ch\u00e2teau de la Roche \u00e0 Ollon<\/em><\/li>\n<li><strong>B\u00e9atrice Lovis<\/strong>, <em>Une association au service du patrimoine vaudois<\/em><\/li>\n<\/ul>\n<p>et d&rsquo;autres contributions de <strong>Dave L\u00fcthi <\/strong>et du <strong>comit\u00e9 de r\u00e9daction.<br \/>\n<\/strong><\/p>\n<p><a href=\"https:\/\/wp.unil.ch\/monumentsvaudois\/commander\/\">Commander la revue<\/a><\/p>\n<div class=\"page\" title=\"Page 1\">\n<div class=\"layoutArea\">\n<div class=\"column\"><\/div>\n<\/div>\n<\/div>\n","protected":false},"excerpt":{"rendered":"<p>Num\u00e9ro 10 Parution le 27 ao\u00fbt 2020 10 ans de patrimoine vaudois &#8211; 10 districts vaudois Karina Queijo, Du ch\u0153ur cultuel au ch\u0153ur culturel. L\u2019exemple du temple de Nyon, ancienne \u00e9glise Notre-Dame Brigitte Pradervand, Histoire(s) d&rsquo;eau payernoises Monique Fontannaz &amp;<\/p>\n","protected":false},"author":1002009,"featured_media":0,"parent":0,"menu_order":0,"comment_status":"closed","ping_status":"closed","template":"","meta":{"_seopress_robots_primary_cat":"","_seopress_titles_title":"","_seopress_titles_desc":"","_seopress_robots_index":"","footnotes":"","_links_to":"","_links_to_target":""},"class_list":["post-2541","page","type-page","status-publish"],"_links":{"self":[{"href":"https:\/\/wp.unil.ch\/monumentsvaudois\/wp-json\/wp\/v2\/pages\/2541","targetHints":{"allow":["GET"]}}],"collection":[{"href":"https:\/\/wp.unil.ch\/monumentsvaudois\/wp-json\/wp\/v2\/pages"}],"about":[{"href":"https:\/\/wp.unil.ch\/monumentsvaudois\/wp-json\/wp\/v2\/types\/page"}],"author":[{"embeddable":true,"href":"https:\/\/wp.unil.ch\/monumentsvaudois\/wp-json\/wp\/v2\/users\/1002009"}],"replies":[{"embeddable":true,"href":"https:\/\/wp.unil.ch\/monumentsvaudois\/wp-json\/wp\/v2\/comments?post=2541"}],"version-history":[{"count":0,"href":"https:\/\/wp.unil.ch\/monumentsvaudois\/wp-json\/wp\/v2\/pages\/2541\/revisions"}],"wp:attachment":[{"href":"https:\/\/wp.unil.ch\/monumentsvaudois\/wp-json\/wp\/v2\/media?parent=2541"}],"curies":[{"name":"wp","href":"https:\/\/api.w.org\/{rel}","templated":true}]}}