{"id":17,"date":"2010-04-12T16:44:11","date_gmt":"2010-04-12T14:44:11","guid":{"rendered":"http:\/\/wp.unil.ch\/monumentsvaudois\/?page_id=17"},"modified":"2021-08-26T16:34:30","modified_gmt":"2021-08-26T14:34:30","slug":"mvd-1-2010","status":"publish","type":"page","link":"https:\/\/wp.unil.ch\/monumentsvaudois\/mvd-1-2010\/","title":{"rendered":"MVD 1-2010 (table des mati\u00e8res)"},"content":{"rendered":"<h5>Num\u00e9ro 1<br \/>\nsortie le 1er septembre 2010<\/h5>\n<p><strong><img loading=\"lazy\" decoding=\"async\" class=\"alignnone size-medium wp-image-376\" src=\"https:\/\/wp.unil.ch\/monumentsvaudois\/files\/2010\/04\/couverture2-210x300.jpg\" alt=\"couverture\" width=\"210\" height=\"300\" srcset=\"https:\/\/wp.unil.ch\/monumentsvaudois\/files\/2010\/04\/couverture2-210x300.jpg 210w, https:\/\/wp.unil.ch\/monumentsvaudois\/files\/2010\/04\/couverture2.jpg 600w\" sizes=\"auto, (max-width: 210px) 100vw, 210px\" \/><br \/>\n<\/strong><\/p>\n<p><strong>Dossier \u00ab\u00a0La restauration selon Henry de Geym\u00fcller\u00a0\u00bb<\/strong><\/p>\n<ul>\n<li><strong><a href=\"https:\/\/wp.unil.ch\/monumentsvaudois\/2010\/05\/paul-bissegger-henry-de-geymuller-le-monument-historique-comme-document-et-oeuvre-dart\/\">Paul Bissegger<\/a><\/strong>: <em>Henry de Geym\u00fcller. Le monument historique comme document et \u0153uvre d\u2019art<\/em>.<\/li>\n<li><strong><a href=\"https:\/\/wp.unil.ch\/monumentsvaudois\/2010\/05\/jean-michel-leniaud\/\">Jean-Michel Leniaud<\/a><\/strong>: <em>Geym\u00fcller et la Renaissance fran\u00e7aise<\/em><\/li>\n<li><strong><a href=\"https:\/\/wp.unil.ch\/monumentsvaudois\/2010\/05\/claire-huguenin-un-musee-ideal-un-projet-pour-le-chateau-de-chillon\/\">Claire Huguenin<\/a><\/strong>: <em>Un mus\u00e9e id\u00e9al. Un projet pour le ch\u00e2teau de Chillon.<br \/>\n<\/em><\/li>\n<\/ul>\n<p><strong>Dossier \u00ab\u00a0Cycles de vie\u00a0\u00bb (Journ\u00e9es du Patrimoine 2010)<\/strong><\/p>\n<ul>\n<li><strong><a href=\"https:\/\/wp.unil.ch\/monumentsvaudois\/2010\/05\/dave-luthi-la-maternite-de-lausanne-un-palais-pour-les-femmes-et-les-enfants\/\">Dave L\u00fcthi<\/a><\/strong>: <em>La Maternit\u00e9 de Lausanne. Un palais pour les femmes et les enfants<\/em>.<\/li>\n<li><strong><a href=\"https:\/\/wp.unil.ch\/monumentsvaudois\/2010\/05\/silvana-de-gregorio-aurelie-imperiale-aux-sources-du-monument-funeraire-dothon-ier-de-grandson-a-la-cathedrale-de-lausanne\/\">Silvana de Gregorio &amp; Aur\u00e9lie Imperiale<\/a><\/strong>: <em>Aux sources du monument fun\u00e9raire d&rsquo;Othon Ier de Grandson \u00e0 la cath\u00e9drale de Lausanne.<br \/>\n<\/em><\/li>\n<\/ul>\n<p><strong> Article libre<\/strong><\/p>\n<ul>\n<li><strong><a href=\"https:\/\/wp.unil.ch\/monumentsvaudois\/2010\/05\/nathalie-desarzens-apprecier-une-oeuvre-gothique-en-suisse-a-lepoque-contemporaine-les-sculptures-du-portail-peint-de-la-cathedrale-de-lausanne-vues-a-travers-textes-et-oeuvres-graphiques\/\">Nathalie Desarzens<\/a><\/strong>: <em>Appr\u00e9cier une oeuvre gothique en Suisse \u00e0 l&rsquo;\u00e9poque moderne et contemporaine. Les sculptures du portail peint de la cath\u00e9drale de Lausanne vues \u00e0 travers textes et oeuvres graphiques.<br \/>\n<\/em><\/li>\n<\/ul>\n<p><strong>Ouverture<\/strong><\/p>\n<ul>\n<li><strong><a href=\"https:\/\/wp.unil.ch\/monumentsvaudois\/2010\/05\/irene-quadri-les-peintures-murales-du-xie-et-xiie-siecle-au-tessin-lapport-des-decouvertes-recentes\/\">Irene Quadri<\/a><\/strong>: <em>Les peintures murales des XIe et XIIe si\u00e8cles au Tessin. L&rsquo;apport des d\u00e9couvertes r\u00e9centes.<br \/>\n<\/em><\/li>\n<\/ul>\n<p><strong>Actualit\u00e9s du patrimoine<\/strong><\/p>\n<ul>\n<li><strong><a href=\"https:\/\/wp.unil.ch\/monumentsvaudois\/2010\/05\/martine-jaquet-concilier-sauvegarde-et-developpement-urbain-la-protection-du-patrimoine-bati-a-lechelle-de-la-ville\/\">Martine Jaquet<\/a><\/strong>: Concilier sauvegarde et d\u00e9veloppement urbain: la protection du patrimoine b\u00e2ti \u00e0 l&rsquo;\u00e9chelle de la ville.<\/li>\n<li><strong><a href=\"https:\/\/wp.unil.ch\/monumentsvaudois\/2010\/05\/fabienne-hoffmann-une-typologie-dexception-les-vitraux-a-la-rue-du-sablon-14-morges\/\">Fabienne Hoffmann<\/a><\/strong>: Une typologie d&rsquo;exception! Les vitraux \u00e0 la rue du Sablon 14 (Morges).<\/li>\n<li><strong><a href=\"https:\/\/wp.unil.ch\/monumentsvaudois\/2010\/05\/bruno-corthesy-historien-de-larchitecture-dites-vous\/\">Bruno Corth\u00e9sy<\/a><\/strong>: Historien de l&rsquo;architecture, dites-vous?<\/li>\n<li><a href=\"https:\/\/wp.unil.ch\/monumentsvaudois\/2010\/05\/un-inventaire-original-les-monuments-funeraires-du-canton-de-vaud-et-de-la-suisse-romande\/\">S\u00e9minaire de recherche en <strong>Architecture &amp; Patrimoine<\/strong>, Universit\u00e9 de Lausanne<\/a>: Un inventaire original: les monuments fun\u00e9raires du canton de Vaud et de la Suisse romande.<\/li>\n<\/ul>\n<p><strong>A lire <\/strong>(comptes rendus)<\/p>\n<p><a href=\"https:\/\/wp.unil.ch\/monumentsvaudois\/commander\/\">Commander la revue<\/a><span style=\"color: #000000\"><br \/>\n<\/span><\/p>\n","protected":false},"excerpt":{"rendered":"<p>Num\u00e9ro 1 sortie le 1er septembre 2010 Dossier \u00ab\u00a0La restauration selon Henry de Geym\u00fcller\u00a0\u00bb Paul Bissegger: Henry de Geym\u00fcller. Le monument historique comme document et \u0153uvre d\u2019art. Jean-Michel Leniaud: Geym\u00fcller et la Renaissance fran\u00e7aise Claire Huguenin: Un mus\u00e9e id\u00e9al. Un<\/p>\n","protected":false},"author":228,"featured_media":0,"parent":0,"menu_order":0,"comment_status":"closed","ping_status":"closed","template":"","meta":{"_seopress_robots_primary_cat":"","_seopress_titles_title":"","_seopress_titles_desc":"","_seopress_robots_index":"","footnotes":"","_links_to":"","_links_to_target":""},"class_list":["post-17","page","type-page","status-publish"],"_links":{"self":[{"href":"https:\/\/wp.unil.ch\/monumentsvaudois\/wp-json\/wp\/v2\/pages\/17","targetHints":{"allow":["GET"]}}],"collection":[{"href":"https:\/\/wp.unil.ch\/monumentsvaudois\/wp-json\/wp\/v2\/pages"}],"about":[{"href":"https:\/\/wp.unil.ch\/monumentsvaudois\/wp-json\/wp\/v2\/types\/page"}],"author":[{"embeddable":true,"href":"https:\/\/wp.unil.ch\/monumentsvaudois\/wp-json\/wp\/v2\/users\/228"}],"replies":[{"embeddable":true,"href":"https:\/\/wp.unil.ch\/monumentsvaudois\/wp-json\/wp\/v2\/comments?post=17"}],"version-history":[{"count":0,"href":"https:\/\/wp.unil.ch\/monumentsvaudois\/wp-json\/wp\/v2\/pages\/17\/revisions"}],"wp:attachment":[{"href":"https:\/\/wp.unil.ch\/monumentsvaudois\/wp-json\/wp\/v2\/media?parent=17"}],"curies":[{"name":"wp","href":"https:\/\/api.w.org\/{rel}","templated":true}]}}