{"id":1023,"date":"2012-08-23T10:21:00","date_gmt":"2012-08-23T08:21:00","guid":{"rendered":"http:\/\/wp.unil.ch\/monumentsvaudois\/?page_id=1023"},"modified":"2021-08-26T16:36:56","modified_gmt":"2021-08-26T14:36:56","slug":"mvd-3-2012","status":"publish","type":"page","link":"https:\/\/wp.unil.ch\/monumentsvaudois\/mvd-3-2012\/","title":{"rendered":"MVD 3-2012 (table des mati\u00e8res)"},"content":{"rendered":"<h5>Num\u00e9ro 3<br \/>\nParution le 15 novembre 2012<\/h5>\n<p><a href=\"https:\/\/wp.unil.ch\/monumentsvaudois\/files\/2012\/09\/MVD3-couv-.jpg\"><img alt=\"\" loading=\"lazy\" decoding=\"async\" class=\"size-medium wp-image-1550 alignnone\" src=\"https:\/\/wp.unil.ch\/monumentsvaudois\/files\/2012\/09\/MVD3-couv--211x300.jpg\" alt=\"\" width=\"211\" height=\"300\" srcset=\"https:\/\/wp.unil.ch\/monumentsvaudois\/files\/2012\/09\/MVD3-couv--211x300.jpg 211w, https:\/\/wp.unil.ch\/monumentsvaudois\/files\/2012\/09\/MVD3-couv-.jpg 565w\" sizes=\"auto, (max-width: 211px) 100vw, 211px\" \/><\/a><\/p>\n<p><strong>Dossier: La vie de ch\u00e2teau<\/strong><\/p>\n<ul>\n<li><a href=\"https:\/\/wp.unil.ch\/monumentsvaudois\/2012\/09\/blaise-christen-les-pieces-musicales-du-chateau-de-denens\/\"><strong>Blaise Christen<\/strong><\/a>: <em>Les pi\u00e8ces musicales du ch\u00e2teau de Denens<\/em><\/li>\n<li><a href=\"https:\/\/wp.unil.ch\/monumentsvaudois\/2012\/09\/helen-bieri-thomson-dun-inventaire-a-lautre-damas-indiennes-et-tapisseries-au-chateau-de-prangins\/\"><strong>Helen Bieri Thomson<\/strong><\/a>: <em>D&rsquo;un inventaire \u00e0 l&rsquo;autre. Damas, indiennes et tapisseries au ch\u00e2teau de Prangins<\/em><\/li>\n<li><a href=\"https:\/\/wp.unil.ch\/monumentsvaudois\/?p=1056\"><strong>Dave L\u00fcthi<\/strong><\/a>:<em> Portrait mobilier d&rsquo;une famille patricienne. Le cadre de vie des Gingins au XVIIIe si\u00e8cle: entre opulence contr\u00f4l\u00e9e et obligation sociale<\/em><\/li>\n<li><a href=\"https:\/\/wp.unil.ch\/monumentsvaudois\/2012\/09\/nathalie-desarzens-de-la-residence-patricienne-au-musee-la-maison-buttin-de-loes-a-grandvaux\/\"><strong>Nathalie Desarzens<\/strong><\/a>:<em> <em>De la r\u00e9sidence patricienne au mus\u00e9e. La maison Buttin-de-Lo\u00ebs \u00e0 Grandvaux<\/em><br \/>\n<\/em><\/li>\n<\/ul>\n<p><strong>Articles libres<\/strong><\/p>\n<ul>\n<li><a href=\"https:\/\/wp.unil.ch\/monumentsvaudois\/?p=1054\"><strong>Brigitte Pradervand<\/strong><\/a>: <em>La d\u00e9couverte des tableaux du XVIIe si\u00e8cle de l&rsquo;h\u00f4tel de ville d&rsquo;Yverdon et les d\u00e9cors des h\u00f4tels de ville r\u00e9gionaux.<\/em><\/li>\n<li><a href=\"https:\/\/wp.unil.ch\/monumentsvaudois\/?p=1052\"><strong>Alessandra Panigada<\/strong><\/a>: <em>Sauver Lavaux? Jean-Pierre Vouga (1907-2006) et la patrimonialisation du paysage vaudois<\/em><\/li>\n<li><a href=\"https:\/\/wp.unil.ch\/monumentsvaudois\/?p=1050\"><strong>B\u00e9atrice Lovis<\/strong><\/a>: <em>Le th\u00e9\u00e2tre de Martheray par Alexandre Perregaux (1803-1805), ou La laborieuse entreprise<\/em><\/li>\n<\/ul>\n<p><strong>Ouverture<\/strong><\/p>\n<ul>\n<li><a href=\"https:\/\/wp.unil.ch\/monumentsvaudois\/?p=1047\"><strong>Gilles Prod&rsquo;hom<\/strong><\/a>: <em>Le d\u00e9cor du salon de la maison du Pommier 7 \u00e0 Neuch\u00e2tel: une oeuvre totale de l&rsquo;\u00e9b\u00e9niste vaudois Pierre Abraham Guignard<\/em><\/li>\n<\/ul>\n<p><strong>Actualit\u00e9s du patrimoine<\/strong><\/p>\n<ul>\n<li><a href=\"https:\/\/wp.unil.ch\/monumentsvaudois\/?p=1045\"><strong>Anna Pedrucci &amp; Olivier Feihl (ARCHEOTECH)<\/strong><\/a>: <em>Une nouvelle chemin\u00e9e gothique d\u00e9couverte en vol<\/em><\/li>\n<li><a href=\"https:\/\/wp.unil.ch\/monumentsvaudois\/?p=1042\"><strong>Denis Decrausaz<\/strong><\/a>: <em>La d\u00e9couverte de peintures murales au ch\u00e2teau de La Sarraz: un dossier \u00e0 suivre<\/em><\/li>\n<li><a href=\"https:\/\/wp.unil.ch\/monumentsvaudois\/?p=1040\"><strong>Martine Jaquet<\/strong><\/a>: <em>Quartier divers: le Vallon, entre patrimoine et m\u00e9moire<\/em><\/li>\n<li><a href=\"https:\/\/wp.unil.ch\/monumentsvaudois\/?p=1035\"><strong>ARHAM<\/strong><\/a>: <em>\u00ab\u00a0Patrimoine hors service\u00a0\u00bb. Un colloque organis\u00e9 par l&rsquo;Arham le 7 octobre 2011, \u00e0 Lausanne<\/em><\/li>\n<li><a href=\"https:\/\/wp.unil.ch\/monumentsvaudois\/?p=1033\"><strong>Dave L\u00fcthi<\/strong><\/a>: <em>Enseignement Architecture &amp; Patrimoine: projets en cours et \u00e0 venir.<\/em><\/li>\n<\/ul>\n<p><strong>A lire<\/strong> (comptes rendus)<\/p>\n<p><a href=\"https:\/\/wp.unil.ch\/monumentsvaudois\/commander\/\">Commander la revue<\/a><\/p>\n","protected":false},"excerpt":{"rendered":"<p>Num\u00e9ro 3 Parution le 15 novembre 2012 Dossier: La vie de ch\u00e2teau Blaise Christen: Les pi\u00e8ces musicales du ch\u00e2teau de Denens Helen Bieri Thomson: D&rsquo;un inventaire \u00e0 l&rsquo;autre. Damas, indiennes et tapisseries au ch\u00e2teau de Prangins Dave L\u00fcthi: Portrait mobilier<\/p>\n","protected":false},"author":228,"featured_media":0,"parent":0,"menu_order":0,"comment_status":"closed","ping_status":"closed","template":"","meta":{"_seopress_robots_primary_cat":"","_seopress_titles_title":"","_seopress_titles_desc":"","_seopress_robots_index":"","footnotes":"","_links_to":"","_links_to_target":""},"class_list":["post-1023","page","type-page","status-publish"],"_links":{"self":[{"href":"https:\/\/wp.unil.ch\/monumentsvaudois\/wp-json\/wp\/v2\/pages\/1023","targetHints":{"allow":["GET"]}}],"collection":[{"href":"https:\/\/wp.unil.ch\/monumentsvaudois\/wp-json\/wp\/v2\/pages"}],"about":[{"href":"https:\/\/wp.unil.ch\/monumentsvaudois\/wp-json\/wp\/v2\/types\/page"}],"author":[{"embeddable":true,"href":"https:\/\/wp.unil.ch\/monumentsvaudois\/wp-json\/wp\/v2\/users\/228"}],"replies":[{"embeddable":true,"href":"https:\/\/wp.unil.ch\/monumentsvaudois\/wp-json\/wp\/v2\/comments?post=1023"}],"version-history":[{"count":0,"href":"https:\/\/wp.unil.ch\/monumentsvaudois\/wp-json\/wp\/v2\/pages\/1023\/revisions"}],"wp:attachment":[{"href":"https:\/\/wp.unil.ch\/monumentsvaudois\/wp-json\/wp\/v2\/media?parent=1023"}],"curies":[{"name":"wp","href":"https:\/\/api.w.org\/{rel}","templated":true}]}}