{"id":684,"date":"2022-12-07T10:33:22","date_gmt":"2022-12-07T09:33:22","guid":{"rendered":"https:\/\/wp.unil.ch\/mission-sante-societe\/?page_id=684"},"modified":"2025-10-02T08:54:46","modified_gmt":"2025-10-02T06:54:46","slug":"charte","status":"publish","type":"page","link":"https:\/\/wp.unil.ch\/mission-sante-societe\/charte\/","title":{"rendered":"Charte du r\u00e9seau Mission Sant\u00e9 et Soci\u00e9t\u00e9"},"content":{"rendered":"\n<p>En tant que membres du r\u00e9seau Mission Sant\u00e9 et Soci\u00e9t\u00e9 (MSS), nous nous engageons \u00e0 partager nos connaissances et nos exp\u00e9riences pour promouvoir des soins justes et \u00e9quitables pour l\u2019ensemble de la population dans le Canton de Vaud.<\/p>\n\n\n\n<p>En signant cette charte, nous nous engageons \u00e0 renforcer le partenariat en mati\u00e8re de sant\u00e9. Nous d\u00e9finissons le partenariat comme une action collective qui vise la reconnaissance mutuelle des savoirs exp\u00e9rientiels et scientifiques de la part des citoyennes et des citoyens, des patientes et des patients, des proches et des professionnelles et professionnels, et qui permet de r\u00e9\u00e9quilibrer les relations de pouvoir\u2013savoir.<\/p>\n\n\n\n<p>Le partenariat ne se limite pas \u00e0 inclure les citoyennes et citoyens, les patientes et patients et les proches dans des groupes de travail ou des comit\u00e9s. Pour soutenir leur capacit\u00e9 d\u2019agir, ainsi que celle des professionnelles et professionnels, nous \u0153uvrons pour le maintien et la cr\u00e9ation de dispositifs adapt\u00e9s, de collectifs et de formations pour toutes les personnes concern\u00e9es.<\/p>\n\n\n\n<p>Dans cette optique, le r\u00e9seau MSS vise \u00e0 renforcer la collaboration, la connaissance mutuelle et la participation des parties prenantes dans l\u2019\u00e9laboration de services, de prestations et de politiques de sant\u00e9 publique dans notre canton. Nous reconnaissons la valeur ajout\u00e9e de la collaboration entre la soci\u00e9t\u00e9 civile, les institutions de soins, les associations de patients, les proches, la communaut\u00e9 scientifique et l\u2019administration publique.<\/p>\n\n\n\n<div style=\"height:30px\" aria-hidden=\"true\" class=\"wp-block-spacer\"><\/div>\n\n\n\n<p><strong>Notre objectif<\/strong><\/p>\n\n\n\n<p>Nous visons \u00e0 renforcer le pouvoir d\u2019agir des citoyennes et citoyens, des patientes et patients, des proches et des professionnelles et professionnels de la sant\u00e9 dans le canton de Vaud. Notre objectif est d\u2019am\u00e9liorer la qualit\u00e9 des soins, de r\u00e9duire les asym\u00e9tries entre les acteurs de la sant\u00e9 et les b\u00e9n\u00e9ficiaires, et de promouvoir une conception globale de la sant\u00e9, qui ne se limite pas \u00e0 sa dimension biom\u00e9dicale, mais int\u00e8gre les d\u00e9terminants psychosociaux et environnementaux.<\/p>\n\n\n\n<p>Cet objectif se d\u00e9cline en une s\u00e9rie de d\u00e9fis que nous souhaitons relever ensemble&nbsp;:<\/p>\n\n\n\n<ul class=\"wp-block-list\">\n<li>Faciliter le dialogue et les collaborations entre personnes concern\u00e9es, citoyennes et citoyens, m\u00e9decins, soignantes et soignants, chercheuses et chercheurs et toutes autres personnes professionnellement concern\u00e9es.<\/li>\n\n\n\n<li>Co-construire et soutenir le d\u00e9veloppement d\u2019initiatives participatives et collaboratives dans le domaine de la sant\u00e9, du social et de l\u2019environnement, tant du c\u00f4t\u00e9 des institutions que des associations.<\/li>\n\n\n\n<li>Renforcer une \u00ab litt\u00e9ratie en communaut\u00e9 \u00bb pour l\u2019ensemble des actrices et acteurs, de sorte \u00e0 renforcer les initiatives de comp\u00e9tences en sant\u00e9.<\/li>\n\n\n\n<li>Rendre nos d\u00e9marches compr\u00e9hensibles \u00e0 divers publics et visibiliser les b\u00e9n\u00e9fices qui en d\u00e9coulent pour des syst\u00e8mes de sant\u00e9 plus justes et durables.<\/li>\n<\/ul>\n\n\n\n<div style=\"height:30px\" aria-hidden=\"true\" class=\"wp-block-spacer\"><\/div>\n\n\n\n<p><strong>Les valeurs qui nous animent<\/strong><\/p>\n\n\n\n<ul class=\"wp-block-list\">\n<li><strong>La reconnaissance mutuelle des savoirs<\/strong>&nbsp;: Nous reconnaissons la vari\u00e9t\u00e9 des formes de savoirs et d\u2019expertise.<\/li>\n\n\n\n<li><strong>La coop\u00e9ration<\/strong>&nbsp;: Nous favorisons le d\u00e9veloppement de coop\u00e9rations qui privil\u00e9gient les principes d\u2019une \u0153uvre commune et d\u2019un engagement \u00e0 la non-rivalit\u00e9 et \u00e0 la non-exclusivit\u00e9 sur les connaissances produites.<\/li>\n\n\n\n<li><strong>La diversit\u00e9<\/strong>&nbsp;: Nous reconnaissons la diversit\u00e9 des rythmes, des r\u00f4les et des points de vue parmi les membres de notre collectif&nbsp;; nous valorisons cette diversit\u00e9 et veillons \u00e0 ce qu\u2019elle puisse \u00eatre exprim\u00e9e, entendue et prise en compte.<\/li>\n\n\n\n<li><strong>L\u2019autonomie<\/strong>&nbsp;: Nous nous engageons \u00e0 respecter l\u2019autonomie des parties prenantes et \u00e0 ne pas les instrumentaliser.&nbsp;Nous nous engageons pour que nos d\u00e9marches ne soient pas instrumentalis\u00e9es, mais aient pour effet d\u2019am\u00e9liorer et de favoriser la capacit\u00e9 des actrices et acteurs impliqu\u00e9s.<\/li>\n\n\n\n<li><strong>La transparence<\/strong> : Nous nous engageons \u00e0 informer de mani\u00e8re r\u00e9guli\u00e8re, transparente et compl\u00e8te les membres du r\u00e9seau sur les projets r\u00e9alis\u00e9s dans le cadre de la MSS, ainsi que sur leur finalit\u00e9, les financements et l\u2019utilisation des r\u00e9sultats produits.<\/li>\n\n\n\n<li><strong>La neutralit\u00e9<\/strong>&nbsp;: Nous communiquons toute forme de conflits d\u2019int\u00e9r\u00eat qui serait en inad\u00e9quation avec les objectifs du r\u00e9seau MSS, afin que la MSS reste un espace d\u2019exp\u00e9rimentation et d\u2019innovation sociale non soumis \u00e0 des enjeux politiques ou institutionnels.<\/li>\n\n\n\n<li><strong>Le respect <\/strong>: Nous travaillons ensemble avec bienveillance dans un climat convivial, ouvert et coop\u00e9ratif, et dans un esprit de dialogue et d\u2019\u00e9coute.<\/li>\n\n\n\n<li><strong>La cr\u00e9ativit\u00e9 <\/strong>: Nous encourageons toute proposition, toute id\u00e9e et tout projet qui permettent le d\u00e9veloppement des objectifs de la MSS.<\/li>\n\n\n\n<li><strong>La curiosit\u00e9&nbsp;<\/strong>: Nous sommes motiv\u00e9es et motiv\u00e9s \u00e0 d\u00e9velopper nos capacit\u00e9s individuelles et collectives pour penser hors de la bo\u00eete et sortir des sentiers battus, afin de r\u00e9pondre \u00e0 la complexit\u00e9 des enjeux qui caract\u00e9risent nos syst\u00e8mes de sant\u00e9.<\/li>\n<\/ul>\n\n\n\n<div style=\"height:30px\" aria-hidden=\"true\" class=\"wp-block-spacer\"><\/div>\n\n\n\n<p><strong>L\u2019ancrage strat\u00e9gique de la MSS<\/strong><\/p>\n\n\n\n<p>La MSS s\u2019inscrit dans le domaine des actions d\u00e9finies au niveau f\u00e9d\u00e9ral dans la strat\u00e9gie <em>Sant\u00e92030<\/em> \u00ab Objectif 2&nbsp;: Renforcer les comp\u00e9tences en mati\u00e8re de sant\u00e9 des citoyennes et des citoyens \u00bb.<\/p>\n\n\n\n<p>La MSS s\u2019inscrit \u00e9galement dans le cadre d\u00e9fini par la \u00ab&nbsp;Strat\u00e9gie du Conseil d\u2019\u00c9tat vaudois pour la protection du climat&nbsp;\u00bb et dans la lign\u00e9e des engagements internationaux pris par la Conf\u00e9d\u00e9ration dans le cadre de l\u2019Accord de Paris (2015).<\/p>\n\n\n\n<p>Fait et adopt\u00e9 par l\u2019Assembl\u00e9e des membres, le 7 juin 2023, Lausanne.<\/p>\n\n\n\n<p>Rejoignez-nous&nbsp;!<\/p>\n\n\n\n<div class=\"wp-block-file alignright\"><a id=\"wp-block-file--media-fa758773-b1cc-45f2-b692-fb6b31def95c\" href=\"https:\/\/wp.unil.ch\/mission-sante-societe\/files\/2023\/06\/Charte-Mission-Sante-et-Societe_2023-1.pdf\" target=\"_blank\" rel=\"noreferrer noopener\">Charte-Mission-Sante-et-Societe.pdf<\/a><a href=\"https:\/\/wp.unil.ch\/mission-sante-societe\/files\/2023\/06\/Charte-Mission-Sante-et-Societe_2023-1.pdf\" class=\"wp-block-file__button wp-element-button\" download aria-describedby=\"wp-block-file--media-fa758773-b1cc-45f2-b692-fb6b31def95c\">T\u00e9l\u00e9charger (102 ko)<\/a><\/div>\n\n\n\n<hr class=\"wp-block-separator has-alpha-channel-opacity\" \/>\n\n\n\n<p><strong>Signataires<\/strong><\/p>\n\n\n\n<p><\/p>\n\n\n\n<p>V\u00e9ronique Jost Gara (Connaissance 3, jusqu&rsquo;en octobre 2025)<br>Samuel Fournier (Ecole Sup\u00e9rieure d&rsquo;Ambulancier et Soins d&rsquo;Urgence Romande, ES ASUR)<br>Joanie Pellet (Sciences infirmi\u00e8res, FBM, UNIL-CHUV)<br>Francesca Bosisio (Groupe de recherche Management et Syst\u00e8me de sant\u00e9, Haute \u00c9cole d\u2019Ing\u00e9nierie et de Gestion du Canton de Vaud, HEIG-VD)<br>Bernard Burnand (F\u00e9d\u00e9ration suisse des patients, section romande)<br>Ghislaine Behaghel (Chaire de soins palliatifs infirmiers, Service de soins palliatifs et de support, CHUV-UNIL)<br>Laure Bonnevie (Coll\u00e8ge citoyen de co-chercheur-e-s en mati\u00e8re de sant\u00e9)<br>Laetitia Della Bianca (Le ColLaboratoire, UNIL)<br>Anne Leroy (PositiveMinders)<br>Christian von Plessen (DGS et Unisant\u00e9)<br>Mathilde Chinet (R\u00e9seau Sant\u00e9 R\u00e9gion Lausanne)<br>Sandrine D\u00e9n\u00e9r\u00e9az (Ecole Sup\u00e9rieure d\u2019Ambulancier et de Soins d\u2019Urgence Romande)<br>Patrice Hof (CARA)<br>L\u00e9onie Chinet (diab\u00e8tevaud, jusqu&rsquo;en juin 2024)<br>Laurence Monnais (Institut des humanit\u00e9s en m\u00e9decine)<br>Mathieu Turcotte (LER Sant\u00e9 Enfant Famille, Institut et Haute Ecole de la Sant\u00e9 La Source)<br>Philippe Anhorn (R\u00e9seau Sant\u00e9 R\u00e9gion Lausanne)<br>Shyhrete Rexhaj (Laboratoire d&rsquo;enseignement et de recherche en sant\u00e9 mentale et psychiatrie LER-SMP)<br>B\u00e9atrice Schaad (Institut des humanit\u00e9s en m\u00e9decine)<br>Alain Kaufmann (Le ColLaboratoire, UNIL)<br>Leyla Fessler (Le ColLaboratoire, UNIL, jusqu&rsquo;en juin 2025)<br>Chelo Fernandez (palliative vaud)<br>S\u00e9verine Schussel\u00e9 Filliettaz\u00a0(pour le CAS en Coordination des Soins et Travail en r\u00e9seau, Institut et Haute Ecole de la Sant\u00e9 La Source)<br>Joanne Chassot (Le ColLaboratoire, UNIL)<\/p>\n\n\n\n<hr class=\"wp-block-separator has-alpha-channel-opacity\" \/>\n\n\n\n<div style=\"height:29px\" aria-hidden=\"true\" class=\"wp-block-spacer\"><\/div>\n\n\n\n<p>Vous souhaitez nous rejoindre? Compl\u00e9tez le formulaire de contact en cliquant sur le bouton suivant:<\/p>\n\n\n\n<div class=\"wp-block-buttons is-layout-flex wp-block-buttons-is-layout-flex\">\n<div class=\"wp-block-button\"><a class=\"wp-block-button__link wp-element-button\" href=\"https:\/\/wp.unil.ch\/mission-sante-societe\/contact\/\">Cliquez ici !<\/a><\/div>\n<\/div>\n\n\n\n<div style=\"height:100px\" aria-hidden=\"true\" class=\"wp-block-spacer\"><\/div>\n\n\n\n<figure class=\"wp-block-image size-full is-resized\"><img alt=\"\" loading=\"lazy\" decoding=\"async\" width=\"334\" height=\"1087\" src=\"https:\/\/wp.unil.ch\/mission-sante-societe\/files\/2025\/06\/vd_logo_vertrvb.png\" alt=\"\" class=\"wp-image-1574\" style=\"width:36px;height:auto\" srcset=\"https:\/\/wp.unil.ch\/mission-sante-societe\/files\/2025\/06\/vd_logo_vertrvb.png 334w, https:\/\/wp.unil.ch\/mission-sante-societe\/files\/2025\/06\/vd_logo_vertrvb-92x300.png 92w, https:\/\/wp.unil.ch\/mission-sante-societe\/files\/2025\/06\/vd_logo_vertrvb-315x1024.png 315w\" sizes=\"auto, (max-width: 334px) 100vw, 334px\" \/><\/figure>\n\n\n<div class=\"wp-block-image\">\n<figure class=\"alignleft size-large is-resized\"><img alt=\"\" loading=\"lazy\" decoding=\"async\" width=\"1024\" height=\"620\" src=\"https:\/\/wp.unil.ch\/mission-sante-societe\/files\/2022\/12\/LeColLaboratoire-1024x620.jpg\" alt=\"\" class=\"wp-image-717\" style=\"width:201px;height:121px\" srcset=\"https:\/\/wp.unil.ch\/mission-sante-societe\/files\/2022\/12\/LeColLaboratoire-1024x620.jpg 1024w, https:\/\/wp.unil.ch\/mission-sante-societe\/files\/2022\/12\/LeColLaboratoire-300x182.jpg 300w, https:\/\/wp.unil.ch\/mission-sante-societe\/files\/2022\/12\/LeColLaboratoire-768x465.jpg 768w, https:\/\/wp.unil.ch\/mission-sante-societe\/files\/2022\/12\/LeColLaboratoire-1536x930.jpg 1536w, https:\/\/wp.unil.ch\/mission-sante-societe\/files\/2022\/12\/LeColLaboratoire-540x327.jpg 540w, https:\/\/wp.unil.ch\/mission-sante-societe\/files\/2022\/12\/LeColLaboratoire-1080x654.jpg 1080w, https:\/\/wp.unil.ch\/mission-sante-societe\/files\/2022\/12\/LeColLaboratoire.jpg 1910w\" sizes=\"auto, (max-width: 1024px) 100vw, 1024px\" \/><\/figure>\n<\/div>\n\n\n<p><\/p>\n\n\n\n<p><\/p>\n\n\n\n<p><\/p>\n\n\n\n<p class=\"has-text-align-right\"><\/p>\n","protected":false},"excerpt":{"rendered":"<p>En tant que membres du r\u00e9seau Mission Sant\u00e9 et Soci\u00e9t\u00e9 (MSS), nous nous engageons \u00e0 partager nos connaissances et nos exp\u00e9riences pour promouvoir des soins justes et \u00e9quitables&hellip;<\/p>\n","protected":false},"author":1002237,"featured_media":0,"parent":0,"menu_order":0,"comment_status":"closed","ping_status":"closed","template":"template-full-width.php","meta":{"_seopress_robots_primary_cat":"","_seopress_titles_title":"","_seopress_titles_desc":"","_seopress_robots_index":"","_EventAllDay":false,"_EventTimezone":"","_EventStartDate":"","_EventEndDate":"","_EventStartDateUTC":"","_EventEndDateUTC":"","_EventShowMap":false,"_EventShowMapLink":false,"_EventURL":"","_EventCost":"","_EventCostDescription":"","_EventCurrencySymbol":"","_EventCurrencyCode":"","_EventCurrencyPosition":"","_EventDateTimeSeparator":"","_EventTimeRangeSeparator":"","_EventOrganizerID":[],"_EventVenueID":[],"_OrganizerEmail":"","_OrganizerPhone":"","_OrganizerWebsite":"","_VenueAddress":"","_VenueCity":"","_VenueCountry":"","_VenueProvince":"","_VenueState":"","_VenueZip":"","_VenuePhone":"","_VenueURL":"","_VenueStateProvince":"","_VenueLat":"","_VenueLng":"","_VenueShowMap":false,"_VenueShowMapLink":false,"footnotes":""},"class_list":["post-684","page","type-page","status-publish","has-post-thumbnail"],"_links":{"self":[{"href":"https:\/\/wp.unil.ch\/mission-sante-societe\/wp-json\/wp\/v2\/pages\/684","targetHints":{"allow":["GET"]}}],"collection":[{"href":"https:\/\/wp.unil.ch\/mission-sante-societe\/wp-json\/wp\/v2\/pages"}],"about":[{"href":"https:\/\/wp.unil.ch\/mission-sante-societe\/wp-json\/wp\/v2\/types\/page"}],"author":[{"embeddable":true,"href":"https:\/\/wp.unil.ch\/mission-sante-societe\/wp-json\/wp\/v2\/users\/1002237"}],"replies":[{"embeddable":true,"href":"https:\/\/wp.unil.ch\/mission-sante-societe\/wp-json\/wp\/v2\/comments?post=684"}],"version-history":[{"count":5,"href":"https:\/\/wp.unil.ch\/mission-sante-societe\/wp-json\/wp\/v2\/pages\/684\/revisions"}],"predecessor-version":[{"id":1750,"href":"https:\/\/wp.unil.ch\/mission-sante-societe\/wp-json\/wp\/v2\/pages\/684\/revisions\/1750"}],"wp:attachment":[{"href":"https:\/\/wp.unil.ch\/mission-sante-societe\/wp-json\/wp\/v2\/media?parent=684"}],"curies":[{"name":"wp","href":"https:\/\/api.w.org\/{rel}","templated":true}]}}