{"id":638,"date":"2025-01-05T12:54:13","date_gmt":"2025-01-05T11:54:13","guid":{"rendered":"https:\/\/wp.unil.ch\/lalp\/?page_id=638"},"modified":"2025-01-30T17:32:11","modified_gmt":"2025-01-30T16:32:11","slug":"international-workshop-6-7-february-2025-language-history-from-below-data-sources-and-digital-approaches","status":"publish","type":"page","link":"https:\/\/wp.unil.ch\/lalp\/international-workshop-6-7-february-2025-language-history-from-below-data-sources-and-digital-approaches\/","title":{"rendered":"International Workshop on Language History \u201cfrom Below\u201d: Data Sources and (Digital) Approaches (Universit\u00e9 de Lausanne, 6-7 February 2025)"},"content":{"rendered":"\n<p><\/p>\n\n\n\n<p class=\"has-vivid-red-color has-text-color has-link-color has-medium-font-size wp-elements-a2d3329bd447a4d3f54e415e7ef16514\"><strong>LANGUAGE HISTORY \u201cFROM BELOW\u201d: DATA SOURCES AND (DIGITAL) APPROACHES <\/strong><\/p>\n\n\n\n<p class=\"has-black-color has-text-color has-link-color has-medium-font-size wp-elements-590e480baccdda92cc18b9b3f4a610a9\">Place:&nbsp; University of Lausanne, Switzerland,&nbsp;Amphimax (Route de la Sorge 9, 1015 Lausanne), Room 412 [ONLINE PARTICIPATION POSSIBLE, see end of the page]<\/p>\n\n\n\n<p class=\"has-medium-font-size\">Dates:&nbsp; 6-7 February 2025<\/p>\n\n\n\n<p class=\"has-medium-font-size\">Organisers: <a href=\"https:\/\/www.anita-auer.com\/\">Prof. Anita Auer (Lausanne)<\/a> and <a href=\"https:\/\/www.unifr.ch\/directory\/de\/people\/405123\/17f52\">Prof. Markus Schiegg (Fribourg)<\/a><\/p>\n\n\n\n<figure class=\"wp-block-image size-full is-resized\"><img alt=\"\" loading=\"lazy\" decoding=\"async\" width=\"960\" height=\"721\" src=\"https:\/\/wp.unil.ch\/lalp\/files\/2025\/01\/patientenbriefe-kfb6270.jpg\" alt=\"\" class=\"wp-image-663\" style=\"width:377px;height:auto\" srcset=\"https:\/\/wp.unil.ch\/lalp\/files\/2025\/01\/patientenbriefe-kfb6270.jpg 960w, https:\/\/wp.unil.ch\/lalp\/files\/2025\/01\/patientenbriefe-kfb6270-300x225.jpg 300w, https:\/\/wp.unil.ch\/lalp\/files\/2025\/01\/patientenbriefe-kfb6270-768x577.jpg 768w\" sizes=\"auto, (max-width: 960px) 100vw, 960px\" \/><\/figure>\n\n\n\n<p><\/p>\n\n\n\n<p class=\"has-vivid-red-color has-text-color has-link-color has-medium-font-size wp-elements-6472b07d7b86ee8df1696a6166316399\"><strong>DESCRIPTION<\/strong><\/p>\n\n\n\n<p class=\"has-link-color has-medium-font-size wp-elements-69609537341bb6910b4bf95cd012cf18\">In 2005, thus 20 years ago, Stephan Elspa\u00df\u2019s monograph <em>Sprachgeschichte von unten. Untersuchungen zum geschriebenen Alltagsdeutsch im 19. <\/em><em>Jahrhundert<\/em> was published. This work and particularly the concept of \u2018language history \u201cfrom below\u201d\u2019 has significantly raised historical linguists\u2019 awareness of the importance of the choice of sources and their writers for their investigations and, as a consequence, for the construction of different language history narratives (see for instance Vandenbussche &amp; Elspa\u00df 2007; Elspa\u00df, Langer, Scharloth &amp; Vandenbussche eds. 2007). The concept has also become one of the central perspectives embraced by the relatively young field of historical sociolinguistics. Within that field, and concerning different language histories, researchers have collected new data sources that represent the voices of the non-elite, e.g. everyday language captured in ego-documents, depositions, etc., which allow for a complementary perspective to the hitherto dominant \u2018language history \u201cfrom above\u201d\u2019.<\/p>\n\n\n\n<p class=\"has-link-color has-medium-font-size wp-elements-4c2a7a2bc75531f91a1dfadaacfea04a\">The last two decades have also seen a fast advance in the field of corpus linguistics and the creation of digital tools to analyse (historical) data. These developments also led to advances in the field of historical sociolinguistics as a number of data collections and corpora have been created, serving for linguistic investigations; see for example the section on methodological innovations in S\u00e4ily, Nurmi, Palander-Collin &amp; Auer (eds.) 2017, and the <em>Corpus of Historical Patient Documents<\/em> including more than 4\u2019000 letters and other texts written by nineteenth- and early twentieth-century patients from German psychiatric hospitals (<a href=\"https:\/\/copadocs.de\">https:\/\/copadocs.de<\/a>; Schiegg 2022).<\/p>\n\n\n\n<p class=\"has-link-color has-medium-font-size wp-elements-db0d92c85e1167a13bc2fec02d4c65a9\">This international workshop aims to bring together scholars working on West Germanic languages in the field of historical sociolinguistics who take a \u2018language history \u201cfrom below\u201d\u2019 approach in their research combined with corpus linguistics and digital approaches. In that, the workshop wants to mark the 20<sup>th<\/sup> anniversary of the introduction of the concept and shed light on how digital approaches have changed the analysis of relevant data sources.<\/p>\n\n\n\n<p class=\"has-link-color has-medium-font-size wp-elements-17743112bdfcce8a787815038a51f499\">The international workshop is organized as the final event of the SNSF-funded project \u201cThe Language of the Labouring Poor in Late Modern England\u201d (2020\u20132025; PI Anita Auer) in collaboration with the recently finished research project \u201eFlexible Schreiber in der Sprachgeschichte\u201c (2017\u20132023; PI Markus Schiegg).<\/p>\n\n\n\n<p class=\"has-link-color has-medium-font-size wp-elements-ebd1a42f97c984554c8770122e7f9a1f\"><strong>References:<\/strong><\/p>\n\n\n\n<p class=\"has-link-color has-medium-font-size wp-elements-3ab97bd7c99d1e9b762c0880cffc1a8e\">Elspa\u00df, Stephan (2005). <em>Sprachgeschichte von unten. Untersuchungen zum geschriebenen Alltagsdeutsch im 19. Jahrhundert. <\/em>T\u00fcbingen: Max Niemeyer Verlag.<\/p>\n\n\n\n<p class=\"has-link-color has-medium-font-size wp-elements-377ba5df35a7a19d4977043a0db422f1\">Elspa\u00df, Stephan, Nils Langer, Joachim Scharloth &amp; Wim Vandenbussche (eds) (2007). <em>Germanic language histories \u2018from below\u2019 (1700<\/em>\u2013<em>2000)<\/em>. Berlin &amp; New York: de Gruyter.<\/p>\n\n\n\n<p class=\"has-link-color has-medium-font-size wp-elements-b223fb61b1e63dddc5ec95bcf25871af\">S\u00e4ily, Tanja, Arja Nurmi, Minna Palander-Collin &amp; Anita Auer (eds) (2017). <em>Exploring Future Paths for Historical Sociolinguistics<\/em>. Amsterdam: John Benjamins.<\/p>\n\n\n\n<p class=\"has-link-color has-medium-font-size wp-elements-d5126c1bb7c40ff00463d0c6f99bc23c\">Schiegg, Markus (2022). <em>Flexible Schreiber in der Sprachgeschichte. <\/em><em>Intraindividuelle Variation in Patientenbriefen (1850<\/em>\u2013<em>1936)<\/em>. Heidelberg: Universit\u00e4tsverlag Winter.<\/p>\n\n\n\n<p class=\"has-link-color has-medium-font-size wp-elements-18827c187c431a320dfba3bae1a11e6e\">Vandenbussche, Wim &amp; Stephan Elspa\u00df (2007). Introduction: Lower class language use in the 19<sup>th<\/sup> century (Special issue). <em>Multilingua<\/em> 26: 147\u2013150.<\/p>\n\n\n\n<p><\/p>\n\n\n\n<p class=\"has-vivid-red-color has-text-color has-link-color has-medium-font-size wp-elements-c1afc5f9e14e16e03c4fe8223a636111\"><strong>WORKSHOP SCHEDULE<\/strong><\/p>\n\n\n\n<p class=\"has-medium-font-size\"><strong>6 February 2025<\/strong><\/p>\n\n\n\n<figure class=\"wp-block-table is-style-stripes\"><table class=\"has-fixed-layout\"><tbody><tr><td><strong>Time<\/strong><\/td><td><strong>Speaker<\/strong><\/td><td><strong>Title<\/strong><\/td><\/tr><tr><td>10.00-10.15<\/td><td>Anita Auer (Lausanne) &amp; Markus Schiegg (Fribourg)<\/td><td><em>General Introduction<\/em><\/td><\/tr><tr><td>10.15-11.00<\/td><td>Stephan Elspa\u00df (Salzburg)<\/td><td><em><a href=\"https:\/\/wp.unil.ch\/lalp\/files\/2025\/01\/Elspas_Stephan.pdf\">Language History \u2018from Below\u2019 \u2013 a Critical Account<\/a><\/em><\/td><\/tr><tr><td>11.00-11.30<\/td><td>Moragh S. Gordon (Leiden)<\/td><td><em><a href=\"https:\/\/wp.unil.ch\/lalp\/files\/2025\/01\/Gordon_Moragh.pdf\">Exploring Annotation Methods: Enriching a Corpus of 18th and 19th-Century Scottish Pauper Letters<\/a><\/em><\/td><\/tr><tr><td>11.30-12.00<\/td><td>Anita Auer &amp; LALP Team (Lausanne)<\/td><td><em><a href=\"https:\/\/wp.unil.ch\/lalp\/files\/2025\/01\/Auer_Anita_et-al-1.pdf\">LALP Corpus: Diving into Data &#8216;from Below&#8217;<\/a><\/em><\/td><\/tr><tr><td>12.00-13.30<\/td><td><strong>Lunch break<\/strong><\/td><td>&nbsp;<\/td><\/tr><tr><td>13.30-14.00<\/td><td>Mark Iten (Lausanne)<\/td><td><em><a href=\"https:\/\/wp.unil.ch\/lalp\/files\/2025\/01\/Iten_Mark.pdf\">Preposition Use in Late Modern English Pauper Letters<\/a><\/em><\/td><\/tr><tr><td>14.00-14.30<\/td><td>Marina Berts (Lausanne)<\/td><td><em><a href=\"https:\/\/wp.unil.ch\/lalp\/files\/2025\/01\/Berts_Marina.pdf\">Literacies of Late Modern English Lower-class Women<\/a><\/em><\/td><\/tr><tr><td>14.30-15.00<\/td><td>Julian Mader (Munich)<\/td><td><em><a href=\"https:\/\/wp.unil.ch\/lalp\/files\/2025\/01\/Mader_Julian.pdf\">CoPaDocs-UK: A New Data Source for the Study of Late Modern English \u2018from Below\u2019<\/a><\/em><\/td><\/tr><tr><td>15.00-15.30<\/td><td><strong>Coffee break<\/strong><\/td><td>&nbsp;<\/td><\/tr><tr><td>16.00-16.30<\/td><td>Markus Schiegg (Fribourg)<\/td><td><em><a href=\"https:\/\/wp.unil.ch\/lalp\/files\/2025\/01\/Schiegg_Markus.pdf\">The Corpus of Patient Documents (CoPaDocs): More Digging into Data &#8216;from Below&#8217;<\/a><\/em><\/td><\/tr><tr><td>16.30-17.00<\/td><td>Katharina Gunkler-Frank (Erlangen)<\/td><td><em><a href=\"https:\/\/wp.unil.ch\/lalp\/files\/2025\/01\/Gunkler-Frank_Katharina.pdf\">Polysemous Connectors in Historical Patient Letters from the 19th and Early 20th Centuries<\/a><\/em><\/td><\/tr><tr><td>17.00-17.30<\/td><td>Tony Fairman (Independent Researcher)<\/td><td>&nbsp;<em><a href=\"https:\/\/wp.unil.ch\/lalp\/files\/2025\/01\/Fairman_Tony.pdf\">LALPing: Where Next?<\/a><\/em><\/td><\/tr><tr><td>18.45<\/td><td><strong>Dinner<\/strong><\/td><td>&nbsp;<\/td><\/tr><\/tbody><\/table><\/figure>\n\n\n\n<p><\/p>\n\n\n\n<p class=\"has-medium-font-size\"><strong>7 February 2025<\/strong><\/p>\n\n\n\n<figure class=\"wp-block-table is-style-stripes\"><table class=\"has-fixed-layout\"><tbody><tr><td><strong>Time<\/strong><\/td><td><strong>Speaker<\/strong><\/td><td><strong>Title<\/strong><\/td><\/tr><tr><td>9.30-10.00<\/td><td>Christa Schneider (Bern)<\/td><td><em><a href=\"https:\/\/wp.unil.ch\/lalp\/files\/2025\/01\/Schneider_Christa.pdf\">Decoding Historical Dialects: Employing Large Language Models in Historical Sociolinguistic Research<\/a><\/em>&nbsp;<\/td><\/tr><tr><td>10.00-10.30<\/td><td>Simon Pickl (Salzburg)<\/td><td><a href=\"https:\/\/wp.unil.ch\/lalp\/files\/2025\/01\/Pickl_Simon.pdf\"><em>Handwritten vs. Printed Sources in Language History &#8216;from Below&#8217;: Syntactic Variation According to Medium in Historical German<\/em>&nbsp;<\/a><\/td><\/tr><tr><td>10.30-11.00<\/td><td><strong>Coffee break<\/strong><\/td><td>&nbsp;<\/td><\/tr><tr><td>11.00-11.30<\/td><td>Laura Fischlhammer (Salzburg)<\/td><td><em><a href=\"https:\/\/wp.unil.ch\/lalp\/files\/2025\/01\/Fischlhammer_Laura.pdf\">\u201cOhne mehr f\u00fcr Heute gr\u00fc\u00dfe ich alle Leute\u201d \u2013 Letter Closings in 19th-century German Personal Correspondence<\/a><\/em><\/td><\/tr><tr><td>11.30-12.00<\/td><td>Sabrina Freund (Erlangen)&nbsp;<\/td><td><em><a href=\"https:\/\/wp.unil.ch\/lalp\/files\/2025\/01\/Freund_Sabrina.pdf\">Expertise Meets Experience: Psychiatric Jargon Versus Lay Descriptions in Historical Patient Documents of the 19th and Early 20th Centuries<\/a><\/em><\/td><\/tr><tr><td>12.00-12.30<\/td><td>Adelheid Wibel (Geneva)&nbsp;<\/td><td><em><a href=\"https:\/\/wp.unil.ch\/lalp\/files\/2025\/01\/Wibel_Adelheid.pdf\">Language and Identity in Wartime Letters: The Correspondence of Ernst and Irene Guicking (1940\u20131945)<\/a><\/em><\/td><\/tr><tr><td>12.30-14.00<\/td><td><strong>Lunch break<\/strong><\/td><td>&nbsp;<\/td><\/tr><tr><td>14.00-14.30<\/td><td>Marco Wiemann (Kiel)<\/td><td><em><a href=\"https:\/\/wp.unil.ch\/lalp\/files\/2025\/01\/Wiemann_Marco.pdf\">Irish Dialect Heritage and Memory in Northern England<\/a><\/em><\/td><\/tr><tr><td>14.30-15.00<\/td><td>Samantha Litty (Flensburg)<\/td><td><em><a href=\"https:\/\/wp.unil.ch\/lalp\/files\/2025\/01\/Litty_Samanta.pdf\">Analyzing the Duchy of Schleswig in the Digital Age<\/a><\/em><\/td><\/tr><tr><td>15.00-15.30<\/td><td>Andreas Krogull (Zurich)<\/td><td><em><a href=\"https:\/\/wp.unil.ch\/lalp\/files\/2025\/01\/Krogull_Andreas.pdf\">Expanding the Margins in the History of Dutch: Multilingual Sources, Practices and Perspectives &#8216;from Below&#8217;<\/a><\/em><\/td><\/tr><tr><td>15.30-16.00<\/td><td><strong>Coffee break<\/strong><\/td><td>&nbsp;<\/td><\/tr><tr><td>16.00-17.00<\/td><td>Final discussion<\/td><td>&nbsp;<\/td><\/tr><tr><td>18.00<\/td><td><strong>Dinner<\/strong><\/td><td>&nbsp;<\/td><\/tr><\/tbody><\/table><\/figure>\n\n\n\n<p class=\"has-medium-font-size\">If you want to attend the workshop in person (or online), please send an email to Anita Auer (anita.auer[@]unil.ch) and Markus Schiegg (markus.schiegg[@]unifr.ch) by 31 January 2025.<\/p>\n\n\n\n<p><\/p>\n","protected":false},"excerpt":{"rendered":"<p>LANGUAGE HISTORY \u201cFROM BELOW\u201d: DATA SOURCES AND (DIGITAL) APPROACHES Place:&nbsp; University of Lausanne, Switzerland,&nbsp;Amphimax (Route de la Sorge 9, 1015 Lausanne), Room 412 [ONLINE PARTICIPATION POSSIBLE, see end of the &hellip; <\/p>\n","protected":false},"author":1001230,"featured_media":0,"parent":0,"menu_order":0,"comment_status":"closed","ping_status":"closed","template":"","meta":{"_seopress_robots_primary_cat":"","_seopress_titles_title":"","_seopress_titles_desc":"","_seopress_robots_index":"","footnotes":""},"class_list":["post-638","page","type-page","status-publish"],"_links":{"self":[{"href":"https:\/\/wp.unil.ch\/lalp\/wp-json\/wp\/v2\/pages\/638","targetHints":{"allow":["GET"]}}],"collection":[{"href":"https:\/\/wp.unil.ch\/lalp\/wp-json\/wp\/v2\/pages"}],"about":[{"href":"https:\/\/wp.unil.ch\/lalp\/wp-json\/wp\/v2\/types\/page"}],"author":[{"embeddable":true,"href":"https:\/\/wp.unil.ch\/lalp\/wp-json\/wp\/v2\/users\/1001230"}],"replies":[{"embeddable":true,"href":"https:\/\/wp.unil.ch\/lalp\/wp-json\/wp\/v2\/comments?post=638"}],"version-history":[{"count":5,"href":"https:\/\/wp.unil.ch\/lalp\/wp-json\/wp\/v2\/pages\/638\/revisions"}],"predecessor-version":[{"id":692,"href":"https:\/\/wp.unil.ch\/lalp\/wp-json\/wp\/v2\/pages\/638\/revisions\/692"}],"wp:attachment":[{"href":"https:\/\/wp.unil.ch\/lalp\/wp-json\/wp\/v2\/media?parent=638"}],"curies":[{"name":"wp","href":"https:\/\/api.w.org\/{rel}","templated":true}]}}