{"id":10775,"date":"2021-08-26T10:00:49","date_gmt":"2021-08-26T08:00:49","guid":{"rendered":"https:\/\/wp.unil.ch\/labelettres\/?page_id=10775"},"modified":"2024-02-16T17:52:47","modified_gmt":"2024-02-16T16:52:47","slug":"lefil","status":"publish","type":"page","link":"https:\/\/wp.unil.ch\/labelettres\/lefil\/","title":{"rendered":"Le FIL de l&rsquo;EFLE"},"content":{"rendered":"\n<p>Retrouvez tous les ouvrages des membres du <a href=\"https:\/\/www.unil.ch\/lefil\/home.html\" data-type=\"link\" data-id=\"https:\/\/www.unil.ch\/lefil\/home.html\" target=\"_blank\" rel=\"noreferrer noopener\">FIL de l&rsquo;EFLE<\/a> (anciennement Cours de vacances).<\/p>\n\n\n\n\n<div class=\"su-posts su-posts-teaser-loop \">\n\n\t\t\t\t\t\t\n\t\t\t\n\t\t\t<div id=\"su-post-10993\" class=\"su-post \">\n\t\t\t\t\t\t\t\t\t<a class=\"su-post-thumbnail\" href=\"https:\/\/wp.unil.ch\/labelettres\/voix-de-lordinaire-lanthropologue-face-a-la-violence\/\"><img loading=\"lazy\" decoding=\"async\" width=\"608\" height=\"918\" src=\"https:\/\/wp.unil.ch\/labelettres\/files\/2021\/10\/ERARD_2021_Voix-ordinaire_cover.jpeg\" class=\"attachment-post-thumbnail size-post-thumbnail wp-post-image\" alt=\"\" srcset=\"https:\/\/wp.unil.ch\/labelettres\/files\/2021\/10\/ERARD_2021_Voix-ordinaire_cover.jpeg 608w, https:\/\/wp.unil.ch\/labelettres\/files\/2021\/10\/ERARD_2021_Voix-ordinaire_cover-435x657.jpeg 435w\" sizes=\"auto, (max-width: 608px) 100vw, 608px\" \/><\/a>\n\t\t\t\t\t\t\t\t<h2 class=\"su-post-title\"><a href=\"https:\/\/wp.unil.ch\/labelettres\/voix-de-lordinaire-lanthropologue-face-a-la-violence\/\">Voix de l\u2019ordinaire. L\u2019anthropologue face \u00e0 la violence<\/a><\/h2>\n\t\t\t<\/div>\n\n\t\t\t\t\t\n\t\t\t\n\t\t\t<div id=\"su-post-10687\" class=\"su-post \">\n\t\t\t\t\t\t\t\t\t<a class=\"su-post-thumbnail\" href=\"https:\/\/wp.unil.ch\/labelettres\/apprendre-a-lire-les-autres-avec-soin\/\"><img loading=\"lazy\" decoding=\"async\" width=\"453\" height=\"680\" src=\"https:\/\/wp.unil.ch\/labelettres\/files\/2021\/07\/ERARD_acontrario_cover.jpg\" class=\"attachment-post-thumbnail size-post-thumbnail wp-post-image\" alt=\"\" srcset=\"https:\/\/wp.unil.ch\/labelettres\/files\/2021\/07\/ERARD_acontrario_cover.jpg 453w, https:\/\/wp.unil.ch\/labelettres\/files\/2021\/07\/ERARD_acontrario_cover-435x653.jpg 435w\" sizes=\"auto, (max-width: 453px) 100vw, 453px\" \/><\/a>\n\t\t\t\t\t\t\t\t<h2 class=\"su-post-title\"><a href=\"https:\/\/wp.unil.ch\/labelettres\/apprendre-a-lire-les-autres-avec-soin\/\">Apprendre \u00e0 lire les autres avec soin<\/a><\/h2>\n\t\t\t<\/div>\n\n\t\t\t\t\t\n\t\t\t\n\t\t\t<div id=\"su-post-9074\" class=\"su-post \">\n\t\t\t\t\t\t\t\t\t<a class=\"su-post-thumbnail\" href=\"https:\/\/wp.unil.ch\/labelettres\/trouver-sa-voix-dans-les-mots-des-autres\/\"><img loading=\"lazy\" decoding=\"async\" width=\"802\" height=\"1200\" src=\"https:\/\/wp.unil.ch\/labelettres\/files\/2020\/10\/ACO_191.jpg\" class=\"attachment-post-thumbnail size-post-thumbnail wp-post-image\" alt=\"\" srcset=\"https:\/\/wp.unil.ch\/labelettres\/files\/2020\/10\/ACO_191.jpg 802w, https:\/\/wp.unil.ch\/labelettres\/files\/2020\/10\/ACO_191-435x651.jpg 435w, https:\/\/wp.unil.ch\/labelettres\/files\/2020\/10\/ACO_191-768x1149.jpg 768w\" sizes=\"auto, (max-width: 802px) 100vw, 802px\" \/><\/a>\n\t\t\t\t\t\t\t\t<h2 class=\"su-post-title\"><a href=\"https:\/\/wp.unil.ch\/labelettres\/trouver-sa-voix-dans-les-mots-des-autres\/\">Trouver sa voix dans les mots des autres<\/a><\/h2>\n\t\t\t<\/div>\n\n\t\t\t\t\t\n\t\t\t\n\t\t\t<div id=\"su-post-4469\" class=\"su-post \">\n\t\t\t\t\t\t\t\t\t<a class=\"su-post-thumbnail\" href=\"https:\/\/wp.unil.ch\/labelettres\/leducation-du-regard-philosophie-du-langage-ordinaire-anthropologie-visuelle-et-cinema\/\"><img loading=\"lazy\" decoding=\"async\" width=\"806\" height=\"1200\" src=\"https:\/\/wp.unil.ch\/labelettres\/files\/2018\/10\/ACO_26_Couv_final.jpg\" class=\"attachment-post-thumbnail size-post-thumbnail wp-post-image\" alt=\"\" srcset=\"https:\/\/wp.unil.ch\/labelettres\/files\/2018\/10\/ACO_26_Couv_final.jpg 806w, https:\/\/wp.unil.ch\/labelettres\/files\/2018\/10\/ACO_26_Couv_final-435x648.jpg 435w, https:\/\/wp.unil.ch\/labelettres\/files\/2018\/10\/ACO_26_Couv_final-768x1143.jpg 768w\" sizes=\"auto, (max-width: 806px) 100vw, 806px\" \/><\/a>\n\t\t\t\t\t\t\t\t<h2 class=\"su-post-title\"><a href=\"https:\/\/wp.unil.ch\/labelettres\/leducation-du-regard-philosophie-du-langage-ordinaire-anthropologie-visuelle-et-cinema\/\">L&rsquo;\u00e9ducation du regard. Philosophie du langage ordinaire, anthropologie visuelle et cin\u00e9ma<\/a><\/h2>\n\t\t\t<\/div>\n\n\t\t\t\t\t\n\t\t\t\n\t\t\t<div id=\"su-post-3123\" class=\"su-post \">\n\t\t\t\t\t\t\t\t\t<a class=\"su-post-thumbnail\" href=\"https:\/\/wp.unil.ch\/labelettres\/leducation-et-la-figure-de-lenfant-chez-wittgenstein-et-cavell\/\"><img loading=\"lazy\" decoding=\"async\" width=\"806\" height=\"1200\" src=\"https:\/\/wp.unil.ch\/labelettres\/files\/2018\/10\/ACO_26_Couv_final.jpg\" class=\"attachment-post-thumbnail size-post-thumbnail wp-post-image\" alt=\"\" srcset=\"https:\/\/wp.unil.ch\/labelettres\/files\/2018\/10\/ACO_26_Couv_final.jpg 806w, https:\/\/wp.unil.ch\/labelettres\/files\/2018\/10\/ACO_26_Couv_final-435x648.jpg 435w, https:\/\/wp.unil.ch\/labelettres\/files\/2018\/10\/ACO_26_Couv_final-768x1143.jpg 768w\" sizes=\"auto, (max-width: 806px) 100vw, 806px\" \/><\/a>\n\t\t\t\t\t\t\t\t<h2 class=\"su-post-title\"><a href=\"https:\/\/wp.unil.ch\/labelettres\/leducation-et-la-figure-de-lenfant-chez-wittgenstein-et-cavell\/\">L&rsquo;\u00e9ducation et la figure de l&rsquo;enfant chez Wittgenstein et Cavell<\/a><\/h2>\n\t\t\t<\/div>\n\n\t\t\t\t\t\n\t\t\t\n\t\t\t<div id=\"su-post-865\" class=\"su-post \">\n\t\t\t\t\t\t\t\t\t<a class=\"su-post-thumbnail\" href=\"https:\/\/wp.unil.ch\/labelettres\/passages-politiques-esthetiques-et-pratiques-de-la-traduction-aujourdhui\/\"><img loading=\"lazy\" decoding=\"async\" width=\"813\" height=\"1200\" src=\"https:\/\/wp.unil.ch\/labelettres\/files\/2017\/10\/WISER_AContrario_final.jpg\" class=\"attachment-post-thumbnail size-post-thumbnail wp-post-image\" alt=\"\" srcset=\"https:\/\/wp.unil.ch\/labelettres\/files\/2017\/10\/WISER_AContrario_final.jpg 813w, https:\/\/wp.unil.ch\/labelettres\/files\/2017\/10\/WISER_AContrario_final-435x642.jpg 435w, https:\/\/wp.unil.ch\/labelettres\/files\/2017\/10\/WISER_AContrario_final-768x1134.jpg 768w\" sizes=\"auto, (max-width: 813px) 100vw, 813px\" \/><\/a>\n\t\t\t\t\t\t\t\t<h2 class=\"su-post-title\"><a href=\"https:\/\/wp.unil.ch\/labelettres\/passages-politiques-esthetiques-et-pratiques-de-la-traduction-aujourdhui\/\">Passages. Politiques, esth\u00e9tiques et pratiques de la traduction aujourd&rsquo;hui<\/a><\/h2>\n\t\t\t<\/div>\n\n\t\t\t\t\t\n\t\t\t\n\t\t\t<div id=\"su-post-9251\" class=\"su-post \">\n\t\t\t\t\t\t\t\t\t<a class=\"su-post-thumbnail\" href=\"https:\/\/wp.unil.ch\/labelettres\/luniversite-entre-dans-le-cadre-europeen-commun-de-reference\/\"><img loading=\"lazy\" decoding=\"async\" width=\"204\" height=\"305\" src=\"https:\/\/wp.unil.ch\/labelettres\/files\/2020\/10\/Universite.jpg\" class=\"attachment-post-thumbnail size-post-thumbnail wp-post-image\" alt=\"\" \/><\/a>\n\t\t\t\t\t\t\t\t<h2 class=\"su-post-title\"><a href=\"https:\/\/wp.unil.ch\/labelettres\/luniversite-entre-dans-le-cadre-europeen-commun-de-reference\/\">L&rsquo;Universit\u00e9 entre dans le Cadre (europ\u00e9en commun de r\u00e9f\u00e9rence)<\/a><\/h2>\n\t\t\t<\/div>\n\n\t\t\t\n<\/div>\n\n","protected":false},"excerpt":{"rendered":"<p>Retrouvez tous les ouvrages des membres du FIL de l&rsquo;EFLE (anciennement Cours de vacances).<\/p>\n","protected":false},"author":719,"featured_media":0,"parent":0,"menu_order":0,"comment_status":"closed","ping_status":"closed","template":"","meta":{"_seopress_robots_primary_cat":"","_seopress_titles_title":"","_seopress_titles_desc":"","_seopress_robots_index":"","footnotes":""},"class_list":["post-10775","page","type-page","status-publish"],"_links":{"self":[{"href":"https:\/\/wp.unil.ch\/labelettres\/wp-json\/wp\/v2\/pages\/10775","targetHints":{"allow":["GET"]}}],"collection":[{"href":"https:\/\/wp.unil.ch\/labelettres\/wp-json\/wp\/v2\/pages"}],"about":[{"href":"https:\/\/wp.unil.ch\/labelettres\/wp-json\/wp\/v2\/types\/page"}],"author":[{"embeddable":true,"href":"https:\/\/wp.unil.ch\/labelettres\/wp-json\/wp\/v2\/users\/719"}],"replies":[{"embeddable":true,"href":"https:\/\/wp.unil.ch\/labelettres\/wp-json\/wp\/v2\/comments?post=10775"}],"version-history":[{"count":6,"href":"https:\/\/wp.unil.ch\/labelettres\/wp-json\/wp\/v2\/pages\/10775\/revisions"}],"predecessor-version":[{"id":12804,"href":"https:\/\/wp.unil.ch\/labelettres\/wp-json\/wp\/v2\/pages\/10775\/revisions\/12804"}],"wp:attachment":[{"href":"https:\/\/wp.unil.ch\/labelettres\/wp-json\/wp\/v2\/media?parent=10775"}],"curies":[{"name":"wp","href":"https:\/\/api.w.org\/{rel}","templated":true}]}}