{"id":159,"date":"2014-11-19T16:12:47","date_gmt":"2014-11-19T15:12:47","guid":{"rendered":"http:\/\/wp.unil.ch\/keel-lab\/?page_id=159"},"modified":"2024-02-16T09:47:10","modified_gmt":"2024-02-16T08:47:10","slug":"news","status":"publish","type":"page","link":"https:\/\/wp.unil.ch\/keel-lab\/news\/","title":{"rendered":"Lab News"},"content":{"rendered":"<p>&lt;&lt;February 2024: <span style=\"color: #800000\"><a style=\"color: #800000\" href=\"https:\/\/wp.unil.ch\/keel-lab\/lab-members\/current-lab-members\/\">G\u00e9raldine Menoud<\/a><\/span> joins the lab<\/p>\n<p>&lt;&lt;October 2023: <span style=\"color: #800000\">No\u00e9mie Poli<\/span> joins the lab<\/p>\n<p>&lt;&lt;June 2023: <span style=\"color: #800000\">Nadine Harmsen<\/span> joins the lab<\/p>\n<p>&lt;&lt;Nov 2022: <span style=\"color: #800000\">Atiy\u00e9 Ata Muhammad<\/span> joins the lab<\/p>\n<p>&lt;&lt;October 2021: <span style=\"color: #800000\">Ursina Rathgeb<\/span> joins the lab.<\/p>\n<p>&lt;&lt;October 2021: <span style=\"color: #800000\">Margaux Corset<\/span> joins the lab.<\/p>\n<p>&lt;&lt;October 2021: <span style=\"color: #800000\">Aline Altenried<\/span> joins the lab.<\/p>\n<p>&lt;&lt;April 2021: <a href=\"https:\/\/wp.unil.ch\/keel-lab\/lab-members\/current-lab-members\/\"><span style=\"color: #800000\">Tatiana Eugster<\/span><\/a> joins the lab.<\/p>\n<p>&lt;&lt;March 2021: <a href=\"https:\/\/wp.unil.ch\/keel-lab\/lab-members\/current-lab-members\/\"><span style=\"color: #800000\">Martina Crea<\/span><\/a> joins the lab.<\/p>\n<p>&lt;&lt;January 2021: <a href=\"https:\/\/wp.unil.ch\/keel-lab\/lab-members\/current-lab-members\/\"><span style=\"color: #800000\">Daniel Garrido<\/span><\/a> joins the lab.<\/p>\n<p>&lt;&lt;October 2020: <span style=\"color: #800000\"><a style=\"color: #800000\" href=\"https:\/\/wp.unil.ch\/keel-lab\/lab-members\/current-lab-members\/\">Pilar Vesga<\/a><\/span> joins the lab.<\/p>\n<p>&lt;&lt;June 2019: Clara Heiman receives the <a href=\"https:\/\/srvbiogrun.unil.ch\/eb\/galleriePhoto\/remiseMaster2019\/C%C3%A9r%C3%A9monie\/#\/20\">FBM Faculty Prize 2019<\/a> for her excellent Master thesis. Congratulations Clara!!<\/p>\n<p>&lt;&lt;May 2019: <a href=\"https:\/\/wp.unil.ch\/keel-lab\/lab-members\/current-lab-members\/\">Clara Heiman<\/a> starts her PhD thesis in our lab.<\/p>\n<p>&lt;&lt;April 2019: <a href=\"https:\/\/wp.unil.ch\/keel-lab\/lab-members\/current-lab-members\/\">Carolina Munoz Alzate <\/a>joins the lab.<\/p>\n<p>&lt;&lt;March 2019: <a href=\"https:\/\/wp.unil.ch\/keel-lab\/lab-members\/current-lab-members\/\">Nicolas Vuille<\/a> joins the lab.<\/p>\n<p>&lt;&lt;February 2019: <a href=\"https:\/\/wp.unil.ch\/keel-lab\/lab-members\/current-lab-members\/\">Alexandre Erbetta<\/a> joins the lab.<\/p>\n<p>&lt;&lt;September 2018: <a href=\"https:\/\/wp.unil.ch\/keel-lab\/lab-members\/current-lab-members\/\">Samantha Gozel<\/a> joins the lab.<\/p>\n<p>&lt;&lt;April 2018: <a href=\"https:\/\/wp.unil.ch\/keel-lab\/lab-members\/current-lab-members\/\"><span style=\"color: #800000\">Antoine Jacot<\/span><\/a> joins the lab.<\/p>\n<p>&lt;&lt;February 2018: <span style=\"color: #800000\"><a style=\"color: #800000\" href=\"https:\/\/wp.unil.ch\/keel-lab\/lab-members\/current-lab-members\/\">Clara Heiman<\/a><\/span> joins the lab.<\/p>\n<p>&lt;&lt;December 2017: <a href=\"https:\/\/wp.unil.ch\/keel-lab\/lab-members\/current-lab-members\/\"><span style=\"color: #800000\">Daniela Nunes Clemente<\/span><\/a> joins the lab.<\/p>\n<p>&lt;&lt;October 2017: <a href=\"https:\/\/wp.unil.ch\/keel-lab\/lab-members\/current-lab-members\/\"><span style=\"color: #800000\">B\u00e9atrice Tappy<\/span><\/a> joins the lab.<\/p>\n<p>&lt;&lt;September 2017: <a href=\"https:\/\/wp.unil.ch\/keel-lab\/lab-members\/alumni\/\">Peter Kupferschmied<\/a> is awarded the <a href=\"https:\/\/www.unil.ch\/fbm\/home\/menuinst\/commissions\/commission-des-prix\/prix-2.html\">2017 Prize of the Faculty of Biology and Medicine of the University of Lausanne<\/a> for his excellent PhD thesis and resulting publications. <a href=\"https:\/\/repopub.unil.ch\/newsunil\/document\/1502350908511.D1505395194424\">Congratulations Peter<\/a>!!!<\/p>\n<p>&lt;&lt;April 2017: <span style=\"color: #800000\"><a style=\"color: #800000\" href=\"https:\/\/wp.unil.ch\/keel-lab\/lab-members\/current-lab-members\/\">Julien Fiaux<\/a><\/span> joins the lab.<\/p>\n<p>&lt;&lt;December 2016: <a href=\"https:\/\/wp.unil.ch\/keel-lab\/lab-members\/current-lab-members\/\"><span style=\"color: #800000\">Jordan Vachero<\/span>n<\/a> and <span style=\"color: #800000\"><a style=\"color: #800000\" href=\"https:\/\/wp.unil.ch\/keel-lab\/lab-members\/current-lab-members\/\">Pascale Flury<\/a><\/span> join the lab<\/p>\n<p>&lt;&lt;November 2016: <span style=\"color: #800000\"><a style=\"color: #800000\" href=\"https:\/\/wp.unil.ch\/keel-lab\/lab-members\/current-lab-members\/\">Tim R\u00fcfenacht<\/a><\/span> joins the lab<\/p>\n<p>&lt;&lt;September 2016: <span style=\"color: #800000\"><a style=\"color: #800000\" href=\"https:\/\/wp.unil.ch\/keel-lab\/lab-members\/current-lab-members\/\">Laurent Casini<\/a><\/span> joins the lab<\/p>\n<p>&lt;&lt;July 2016: <span style=\"color: #800000\"><a style=\"color: #800000\" href=\"https:\/\/wp.unil.ch\/keel-lab\/lab-members\/current-lab-members\/\">Fanny Louviot<\/a><\/span>, <span style=\"color: #800000\"><a style=\"color: #800000\" href=\"https:\/\/wp.unil.ch\/keel-lab\/lab-members\/current-lab-members\/\">Christelle Velatta<\/a><\/span> &amp; <span style=\"color: #800000\"><a style=\"color: #800000\" href=\"https:\/\/wp.unil.ch\/keel-lab\/lab-members\/current-lab-members\/\">Titouan Laessle<\/a><\/span> join the lab<\/p>\n<p>&lt;&lt;April 2016:<a href=\"https:\/\/wp.unil.ch\/keel-lab\/lab-members\/current-lab-members\/\"> <span style=\"color: #800000\">Vincent Vauthey<\/span><\/a> joins the lab<\/p>\n<p>&lt;&lt;April 2016: <a href=\"https:\/\/wp.unil.ch\/keel-lab\/lab-members\/current-lab-members\/\"><span style=\"color: #800000\">Samantha Duc<\/span><\/a> joins the lab<\/p>\n<p>&lt;&lt;Feb 2016: <span style=\"color: #800000\"><a style=\"color: #800000\" href=\"https:\/\/wp.unil.ch\/keel-lab\/lab-members\/current-lab-members\/\">Silvia Brochet<\/a><\/span> joins the lab<\/p>\n<p>&lt;&lt;Jan 2016: <span style=\"color: #800000\"><a style=\"color: #800000\" href=\"https:\/\/wp.unil.ch\/keel-lab\/lab-members\/current-lab-members\/\">Estelle Ifrid<\/a><\/span> joins the lab<\/p>\n<p>&lt;&lt;Dec 2015: <span style=\"color: #800000\"><a style=\"color: #800000\" href=\"https:\/\/wp.unil.ch\/keel-lab\/lab-members\/current-lab-members\/\">Christelle Velatta<\/a><\/span> joins the lab<\/p>\n<p>&lt;&lt; Sep 2015: <span style=\"color: #800000\"><a style=\"color: #800000\" href=\"https:\/\/wp.unil.ch\/keel-lab\/lab-members\/alumni\/\">Cindy Dupuis<\/a><\/span> joins the lab<\/p>\n<p>&lt;&lt; Aug 2015: <span style=\"color: #800000\"><a style=\"color: #800000\" href=\"https:\/\/wp.unil.ch\/keel-lab\/lab-members\/alumni\/\">Titouan Laessle<\/a><\/span> joins the lab<\/p>\n<p>&lt;&lt; Jun 2015: <a href=\"https:\/\/wp.unil.ch\/keel-lab\/lab-members\/alumni\/\"><span style=\"color: #800000\">Tatiana Sokoloff<\/span><\/a> joins the lab<\/p>\n<p>&lt;&lt; Jun 2015: Keel lab featured on <span style=\"color: #800000\"><a style=\"color: #800000\" href=\"https:\/\/wp.unil.ch\/keel-lab\/in-the-press\/\">Swiss Radio RTS<\/a><\/span><\/p>\n<p>&lt;&lt; Apr 2015: <a href=\"https:\/\/wp.unil.ch\/keel-lab\/lab-members\/alumni\/\"><span style=\"color: #800000\">Arnaud Durussel<\/span><\/a> joins the lab<\/p>\n<p><span style=\"color: #333333\">&lt;&lt; Dec 2014: <a title=\"Current lab members\" href=\"https:\/\/wp.unil.ch\/keel-lab\/lab-members\/alumni\/\"><span style=\"color: #993300\">Tanja Meylan<\/span><\/a> joins the lab<\/span><\/p>\n<p><span style=\"color: #333333\">&lt;&lt; Nov 2014: Keel lab featured on <span style=\"color: #800000\"><a style=\"color: #800000\" href=\"https:\/\/www.rsi.ch\/la1\/programmi\/cultura\/il-giardino-di-albert\/tutti-i-servizi\/I-batteri-del-suolo-3063397.html\">Swiss Television RSI<\/a><\/span> LA1<\/span><\/p>\n<p><span style=\"color: #333333\">&lt;&lt; Apr 2014: <em>P. protegens<\/em> CHA0 <span style=\"color: #993300\"><a style=\"color: #993300\" href=\"https:\/\/genomea.asm.org\/content\/2\/2\/e00322-14.long\" target=\"_blank\" rel=\"noopener noreferrer\">genome announcement<\/a><\/span><\/span><\/p>\n<p><span style=\"color: #333333\">&lt;&lt; Feb 2014: <span style=\"color: #993300\"><a style=\"color: #993300\" href=\"https:\/\/www.plospathogens.org\/article\/info%3Adoi%2F10.1371%2Fjournal.ppat.1003964\" target=\"_blank\" rel=\"noopener noreferrer\">PLOS Pathogens<\/a><\/span> article published<\/span><\/p>\n<p><span style=\"color: #333333\">&lt;&lt; Feb 2014: <a title=\"Current lab members\" href=\"https:\/\/wp.unil.ch\/keel-lab\/lab-members\/alumni\/\"><span style=\"color: #993300\">Tiancong Chai<\/span><\/a> joins the lab<\/span><\/p>\n<p><span style=\"color: #333333\">&lt;&lt; Feb 2014: <a title=\"Current lab members\" href=\"https:\/\/wp.unil.ch\/keel-lab\/lab-members\/current-lab-members\/\"><span style=\"color: #993300\">Marina Stojiljkovic<\/span><\/a> joins the lab<\/span><\/p>\n<p><span style=\"color: #333333\">&lt;&lt; Jan 2014: <a title=\"Current lab members\" href=\"https:\/\/wp.unil.ch\/keel-lab\/lab-members\/current-lab-members\/\"><span style=\"color: #993300\">C\u00e9line Terrettaz<\/span><\/a> joins the lab<\/span><\/p>\n<p><span style=\"color: #333333\">&lt;&lt; Jul 2013: <span style=\"color: #993300\"><a style=\"color: #993300\" href=\"https:\/\/www.ncbi.nlm.nih.gov\/pubmed\/23914197\" target=\"_blank\" rel=\"noopener noreferrer\">Frontiers in Plant Science<\/a><\/span> article published<\/span><\/p>\n<p><span style=\"color: #333333\">&lt;&lt; Apr 2013: Keel lab featured in <span style=\"color: #993300\"><a style=\"color: #993300\" href=\"https:\/\/www.nzz.ch\/wissen\/wissenschaft\/bodenbakterien-fuer-die-landwirtschaft-1.18060916\">NZZ<\/a><\/span><\/span><\/p>\n<p><span style=\"color: #333333\">&lt;&lt; Jan 2013: <span style=\"color: #993300\"><a style=\"color: #993300\" href=\"https:\/\/onlinelibrary.wiley.com\/doi\/10.1111\/1462-2920.12050\/abstract;jsessionid=4C80BC6842FA3E44E6259CDA07FD32A4.f02t02\" target=\"_blank\" rel=\"noopener noreferrer\">Environmental Microbiology<\/a><\/span> article published<\/span><\/p>\n","protected":false},"excerpt":{"rendered":"<p>&lt;&lt;February 2024: G\u00e9raldine Menoud joins the lab &lt;&lt;October 2023: No\u00e9mie Poli joins the lab &lt;&lt;June 2023: Nadine Harmsen joins the lab &lt;&lt;Nov 2022: Atiy\u00e9 Ata Muhammad joins the lab &lt;&lt;October 2021: Ursina Rathgeb joins the lab. &lt;&lt;October 2021: Margaux Corset<\/p>\n","protected":false},"author":1001061,"featured_media":0,"parent":0,"menu_order":10,"comment_status":"closed","ping_status":"closed","template":"","meta":{"_seopress_robots_primary_cat":"","_seopress_titles_title":"","_seopress_titles_desc":"","_seopress_robots_index":"","footnotes":""},"class_list":["post-159","page","type-page","status-publish"],"_links":{"self":[{"href":"https:\/\/wp.unil.ch\/keel-lab\/wp-json\/wp\/v2\/pages\/159","targetHints":{"allow":["GET"]}}],"collection":[{"href":"https:\/\/wp.unil.ch\/keel-lab\/wp-json\/wp\/v2\/pages"}],"about":[{"href":"https:\/\/wp.unil.ch\/keel-lab\/wp-json\/wp\/v2\/types\/page"}],"author":[{"embeddable":true,"href":"https:\/\/wp.unil.ch\/keel-lab\/wp-json\/wp\/v2\/users\/1001061"}],"replies":[{"embeddable":true,"href":"https:\/\/wp.unil.ch\/keel-lab\/wp-json\/wp\/v2\/comments?post=159"}],"version-history":[{"count":1,"href":"https:\/\/wp.unil.ch\/keel-lab\/wp-json\/wp\/v2\/pages\/159\/revisions"}],"predecessor-version":[{"id":1133,"href":"https:\/\/wp.unil.ch\/keel-lab\/wp-json\/wp\/v2\/pages\/159\/revisions\/1133"}],"wp:attachment":[{"href":"https:\/\/wp.unil.ch\/keel-lab\/wp-json\/wp\/v2\/media?parent=159"}],"curies":[{"name":"wp","href":"https:\/\/api.w.org\/{rel}","templated":true}]}}