{"id":1839,"date":"2021-03-29T10:58:07","date_gmt":"2021-03-29T08:58:07","guid":{"rendered":"https:\/\/wp.unil.ch\/journeerecherchessp\/?page_id=1839"},"modified":"2026-04-28T10:21:59","modified_gmt":"2026-04-28T08:21:59","slug":"inscription","status":"publish","type":"page","link":"https:\/\/wp.unil.ch\/journeerecherchessp\/inscription\/","title":{"rendered":"Inscription"},"content":{"rendered":"\n<p>Dans la premi\u00e8re partie de la journ\u00e9e, trois chercheuses de la facult\u00e9 viendront pr\u00e9senter une r\u00e9flexion crois\u00e9e sur les enjeux de d\u00e9colonisation des savoirs et les pratiques qui permettent de d\u00e9passer les logiques extractivistes dans la recherche.<\/p>\n\n\n\n<p>Dans la deuxi\u00e8me partie de la journ\u00e9e, sept courtes pr\u00e9sentations de chercheur\u00b7es de la SSP mettront en \u00e9vidence le caract\u00e8re transversal des logiques extractivistes ainsi que les d\u00e9fis et opportunit\u00e9s communs li\u00e9s \u00e0 la restitution, \u00e0 la r\u00e9ciprocit\u00e9 et \u00e0 l\u2019inclusion des communaut\u00e9s enqu\u00eat\u00e9\u00b7es. La journ\u00e9e se cl\u00f4turera par une table ronde \u00e9largissant la r\u00e9flexion sur les logiques extractivistes au-del\u00e0 de la recherche, en croisant les perspectives mus\u00e9ale, historique et culturelle, afin d\u2019examiner la mani\u00e8re dont ces diff\u00e9rentes institutions se saisissent des enjeux de restitution et de d\u00e9colonisation.<\/p>\n\n\n\n<p><strong>Les inscriptions sont closes<\/strong><br><\/p>\n\n\n\n<p><\/p>\n\n\n\n<p><\/p>\n\n\n\n<p class=\"has-small-font-size\"><br><br><em>Pour plus d\u2019information, merci de contacter <a href=\"mailto:recherche.ssp@unil.ch\">recherche.ssp@unil.ch<\/a><\/em><\/p>\n\n\n\n<p><\/p>\n\n\n\n<p><\/p>\n","protected":false},"excerpt":{"rendered":"<p>Dans la premi\u00e8re partie de la journ\u00e9e, trois chercheuses de la facult\u00e9 viendront pr\u00e9senter une r\u00e9flexion crois\u00e9e sur les enjeux de d\u00e9colonisation des savoirs et les pratiques qui permettent de d\u00e9passer les logiques extractivistes dans la recherche. Dans la deuxi\u00e8me<\/p>\n","protected":false},"author":163,"featured_media":0,"parent":0,"menu_order":0,"comment_status":"closed","ping_status":"closed","template":"","meta":{"_seopress_robots_primary_cat":"","_seopress_titles_title":"","_seopress_titles_desc":"","_seopress_robots_index":"","ngg_post_thumbnail":0,"footnotes":""},"class_list":["post-1839","page","type-page","status-publish"],"_links":{"self":[{"href":"https:\/\/wp.unil.ch\/journeerecherchessp\/wp-json\/wp\/v2\/pages\/1839","targetHints":{"allow":["GET"]}}],"collection":[{"href":"https:\/\/wp.unil.ch\/journeerecherchessp\/wp-json\/wp\/v2\/pages"}],"about":[{"href":"https:\/\/wp.unil.ch\/journeerecherchessp\/wp-json\/wp\/v2\/types\/page"}],"author":[{"embeddable":true,"href":"https:\/\/wp.unil.ch\/journeerecherchessp\/wp-json\/wp\/v2\/users\/163"}],"replies":[{"embeddable":true,"href":"https:\/\/wp.unil.ch\/journeerecherchessp\/wp-json\/wp\/v2\/comments?post=1839"}],"version-history":[{"count":5,"href":"https:\/\/wp.unil.ch\/journeerecherchessp\/wp-json\/wp\/v2\/pages\/1839\/revisions"}],"predecessor-version":[{"id":2440,"href":"https:\/\/wp.unil.ch\/journeerecherchessp\/wp-json\/wp\/v2\/pages\/1839\/revisions\/2440"}],"wp:attachment":[{"href":"https:\/\/wp.unil.ch\/journeerecherchessp\/wp-json\/wp\/v2\/media?parent=1839"}],"curies":[{"name":"wp","href":"https:\/\/api.w.org\/{rel}","templated":true}]}}