{"id":181,"date":"2024-11-29T08:00:06","date_gmt":"2024-11-29T07:00:06","guid":{"rendered":"https:\/\/wp.unil.ch\/iaunil2\/?page_id=181"},"modified":"2026-04-17T19:04:17","modified_gmt":"2026-04-17T17:04:17","slug":"expertes-ia-a-lunil","status":"publish","type":"page","link":"https:\/\/wp.unil.ch\/iaunil\/expertes-ia-a-lunil\/","title":{"rendered":"Expertes et experts IA \u00e0 l&rsquo;UNIL"},"content":{"rendered":"\n<div class=\"wp-block-group has-global-padding is-content-justification-left is-layout-constrained wp-container-core-group-is-layout-4d571bcc wp-block-group-is-layout-constrained\" style=\"margin-bottom:var(--wp--preset--spacing--40)\">\n<p class=\"has-text-align-left\" style=\"font-size:clamp(0.875rem, 0.875rem + ((1vw - 0.2rem) * 0.708), 1.3rem);\">\u00c0 l\u2019UNIL, la richesse de l\u2019intelligence artificielle tient \u00e0 la diversit\u00e9 de nos expert\u00b7e\u00b7s, dont les recherches, reconnues \u00e0 l\u2019international, couvrent aussi bien les algorithmes avanc\u00e9s que les enjeux soci\u00e9taux, juridiques ou culturels. Plus de 250 chercheuses et chercheurs contribuent \u00e0 cet \u00e9lan, et la communaut\u00e9 UNIL a produit plus de <a href=\"https:\/\/iris.unil.ch\/search?configuration=unilpublication&amp;query=subject:( &quot;Interpretability&quot; OR &quot;Machine Learning&quot; OR &quot;Artificial Intelligence&quot; OR &quot;Bias&quot; OR &quot;Neuroimaging&quot; OR &quot;Pattern Recognition&quot; OR &quot;Automation&quot; OR &quot;Precision Medicine&quot; OR &quot;Robotics&quot; OR &quot;Deep Learning&quot; OR &quot;Neural Networks&quot; OR &quot;Species Distribution Modeling&quot; OR &quot;Drug Discovery&quot; OR &quot;Decision Trees&quot; OR &quot;Digital Humanities&quot; OR &quot;AI&quot; OR &quot;Hallucination&quot; OR &quot;Bioinformatics&quot; OR &quot;Face Recognition&quot; OR &quot;Bayesian Networks&quot; OR &quot;Embedding&quot; OR &quot;Remote Sensing&quot; OR &quot;Big Data&quot; OR &quot;Digital Health&quot; OR &quot;Radiomics&quot; OR &quot;Data Mining&quot; OR &quot;Humanit\u00e9s num\u00e9riques&quot; OR &quot;Support Vector Machine&quot; OR &quot;Computer Vision&quot; OR &quot;Digital Forensics&quot; OR &quot;Human-Computer Interaction&quot; OR &quot;Discourse Analysis&quot; OR &quot;Metaheuristic&quot; OR &quot;Random Forest&quot; OR &quot;Digital Pathology&quot; OR &quot;Medical Imaging&quot; OR &quot;Analyse de discours&quot; OR &quot;Clinical Decision Support&quot; OR &quot;Intelligence artificielle&quot; OR &quot;Natural Language Processing&quot; OR &quot;Facial Recognition&quot; OR &quot;GPT&quot; OR &quot;Analyse du discours&quot; OR &quot;Brain-Computer Interface&quot; OR &quot;IA&quot; OR &quot;Image Segmentation&quot; OR &quot;Large Language Models&quot; OR &quot;Super Resolution&quot; OR &quot;Super r\u00e9solution&quot; OR &quot;Emotion Recognition&quot; OR &quot;Parsing&quot; OR &quot;Digital Transformation&quot; OR &quot;Text Mining&quot; OR &quot;Bagging&quot; OR &quot;Climate Modeling&quot; OR &quot;Convolutional Neural Network&quot; OR &quot;Humanit\u00e9s digitales&quot; OR &quot;Knowledge Graph&quot; OR &quot;Recurrent Neural Network&quot; OR &quot;Biais&quot; OR &quot;Expert Systems&quot; OR &quot;Reinforcement Learning&quot; OR &quot;Robot-Assisted Surgery&quot; OR &quot;Supervised Learning&quot; OR &quot;Computational Pathology&quot; OR &quot;Kernel Methods&quot; OR &quot;Automatisation&quot; OR &quot;Domain Adaptation&quot; OR &quot;Environmental Modeling&quot; OR &quot;Fuzzy Logic&quot; OR &quot;Generative Adversarial Network&quot; OR &quot;K-means&quot; OR &quot;Quantified Self&quot; OR &quot;RAG&quot; OR &quot;SVM&quot; OR &quot;Spiking Neural Networks&quot; OR &quot;Topic Modeling&quot; OR &quot;AI Ethics&quot; OR &quot;Autoencoder&quot; OR &quot;CNN&quot; OR &quot;Change Detection&quot; OR &quot;Chatbot&quot; OR &quot;Computational Neuroscience&quot; OR &quot;Corpus Linguistics&quot; OR &quot;Data Augmentation&quot; OR &quot;Deep Neural Networks&quot; OR &quot;Distant Reading&quot; OR &quot;GAN&quot; OR &quot;Hidden Markov Model&quot; OR &quot;M\u00e9decine personnalis\u00e9e&quot; OR &quot;NLP&quot; OR &quot;Neuroimagerie&quot; OR &quot;Transfer Learning&quot; OR &quot;Transformation num\u00e9rique&quot; OR &quot;VAE&quot; OR &quot;AI Regulation&quot; OR &quot;Apprentissage automatique&quot; OR &quot;Deepfake&quot; OR &quot;Deepfakes&quot; OR &quot;Diffusion Models&quot; OR &quot;Evolutionary Computation&quot; OR &quot;Federated Learning&quot; OR &quot;Generative Model&quot; OR &quot;Image Classification&quot; OR &quot;Image Recognition&quot; OR &quot;Linguistique de corpus&quot; OR &quot;M\u00e9taheuristique&quot; OR &quot;Recommender Systems&quot; OR &quot;R\u00e9seaux bay\u00e9siens&quot; OR &quot;T\u00e9l\u00e9d\u00e9tection&quot; OR &quot;Unsupervised Learning&quot; OR &quot;Apprentissage profond&quot; OR &quot;Autonomous Agent&quot; OR &quot;BERT&quot; OR &quot;Bayesian Optimization&quot; OR &quot;Business Analytics&quot; OR &quot;Business Intelligence&quot; OR &quot;Computational Intelligence&quot; OR &quot;Computer-Aided Diagnosis&quot; OR &quot;Genetic Algorithms&quot; OR &quot;Graph Neural Network&quot; OR &quot;Imagerie m\u00e9dicale&quot; OR &quot;Knowledge Representation&quot; OR &quot;LLM&quot; OR &quot;LSTM&quot; OR &quot;Misinformation&quot; OR &quot;Multi-Agent Systems&quot; OR &quot;Reconnaissance faciale&quot; OR &quot;Responsible AI&quot; OR &quot;Self-Supervised Learning&quot; OR &quot;Sensor Fusion&quot; OR &quot;Sentiment Analysis&quot; OR &quot;Speaker Recognition&quot; OR &quot;Stylometry&quot; OR &quot;Stylom\u00e9trie&quot; OR &quot;Synthetic Data&quot; OR &quot;Transformation digitale&quot; OR &quot;U-Net&quot; OR &quot;Variational Autoencoder&quot; OR &quot;XAI&quot; OR &quot;AI Agent&quot; OR &quot;AI Governance&quot; OR &quot;Agent autonome&quot; OR &quot;Algorithme g\u00e9n\u00e9tique&quot; OR &quot;Algorithmes \u00e9volutionnaires&quot; OR &quot;Algorithmic Bias&quot; OR &quot;Algorithmic Decision-Making&quot; OR &quot;Anomaly Detection&quot; OR &quot;Attention Mechanism&quot; OR &quot;Automated Decision-Making&quot; OR &quot;Classification d'image&quot; OR &quot;Contrastive Learning&quot; OR &quot;Conversational Agent&quot; OR &quot;Distribution Shift&quot; OR &quot;Donn\u00e9es massives&quot; OR &quot;D\u00e9sinformation&quot; OR &quot;E-sant\u00e9&quot; OR &quot;Ensemble Learning&quot; OR &quot;Explainable AI&quot; OR &quot;Fouille de donn\u00e9es&quot; OR &quot;Foundation Model&quot; OR &quot;Foundation Models&quot; OR &quot;Generative Art&quot; OR &quot;Grand mod\u00e8le de langage&quot; OR &quot;Land Use Classification&quot; OR &quot;Lecture distante&quot; OR &quot;MLOps&quot; OR &quot;Markov Decision Process&quot; OR &quot;Mod\u00e8les de langage&quot; OR &quot;Multimodal Learning&quot; OR &quot;M\u00e9thodes \u00e0 noyaux&quot; OR &quot;Named Entity Recognition&quot; OR &quot;Pose Estimation&quot; OR &quot;Privacy-Preserving Machine Learning&quot; OR &quot;Prompt Engineering&quot; OR &quot;Question Answering&quot; OR &quot;Radiomique&quot; OR &quot;Reconnaissance de formes&quot; OR &quot;Robotique&quot; OR &quot;R\u00e9seaux antagonistes g\u00e9n\u00e9ratifs&quot; OR &quot;Segmentation d'image&quot; OR &quot;Semantic Segmentation&quot; OR &quot;Semi-Supervised Learning&quot; OR &quot;Smart Contracts&quot; OR &quot;Sound Recognition&quot; OR &quot;Speech Recognition&quot; OR &quot;Swarm Intelligence&quot; OR &quot;TAL&quot; OR &quot;Text Classification&quot; OR &quot;Vision-Language&quot; OR &quot;Word Embeddings&quot; )&amp;spc.page=1&amp;spc.sf=dc.date.issued&amp;spc.sd=DESC\" data-type=\"link\" data-id=\"https:\/\/iris.unil.ch\/search?configuration=unilpublication&amp;query=subject:(%20%22Artificial%20Intelligence%22%20OR%20%22AI%22%20OR%20%22Intelligence%20artificielle%22%20OR%20%22IA%22%20OR%20%22Machine%20Learning%22%20OR%20%22Apprentissage%20automatique%22%20OR%20%22Deep%20Learning%22%20OR%20%22Apprentissage%20profond%22%20OR%20%22Neural%20Networks%22%20OR%20%22R%C3%A9seaux%20de%20neurones%22%20OR%20%22NLP%22%20OR%20%22Natural%20Language%20Processing%22%20OR%20%22Traitement%20du%20langage%20naturel%22%20OR%20%22Computer%20Vision%22%20OR%20%22Vision%20par%20ordinateur%22%20OR%20%22Data%20Mining%22%20OR%20%22Fouille%20de%20donn%C3%A9es%22%20OR%20%22Predictive%20Analytics%22%20OR%20%22Analyse%20pr%C3%A9dictive%22%20OR%20%22Supervised%20Learning%22%20OR%20%22Apprentissage%20supervis%C3%A9%22%20OR%20%22Unsupervised%20Learning%22%20OR%20%22Apprentissage%20non%20supervis%C3%A9%22%20OR%20%22Reinforcement%20Learning%22%20OR%20%22Apprentissage%20par%20renforcement%22%20OR%20%22Big%20Data%22%20OR%20%22Donn%C3%A9es%20massives%22%20OR%20%22Fuzzy%20Logic%22%20OR%20%22Logique%20floue%22%20OR%20%22GAN%22%20OR%20%22R%C3%A9seaux%20antagonistes%20g%C3%A9n%C3%A9ratifs%22%20OR%20%22Image%20Processing%22%20OR%20%22Traitement%20d%27images%22%20OR%20%22Augmented%20Reality%22%20OR%20%22R%C3%A9alit%C3%A9%20augment%C3%A9e%22%20OR%20%22Virtual%20Reality%22%20OR%20%22R%C3%A9alit%C3%A9%20virtuelle%22%20OR%20%22Robotic%22%20OR%20%22Robotique%22%20OR%20%22Genetic%20Algorithms%22%20OR%20%22Evolutionary%20Algorithms%22%20OR%20%22Algorithmes%20g%C3%A9n%C3%A9tiques%22%20OR%20%22Algorithmes%20%C3%A9volutionnaires%22%20OR%20%22Explainable%20AI%22%20OR%20%22IA%20explicable%22%20OR%20%22XAI%22%20OR%20%22Generative%20AI%22%20OR%20%22IA%20g%C3%A9n%C3%A9rative%22%20OR%20%22Large%20Language%20Models%22%20OR%20%22Grands%20mod%C3%A8les%20de%20langage%22%20OR%20%22Transformers%22%20OR%20%22Meta-Learning%22%20OR%20%22M%C3%A9tapprentissage%22%20OR%20%22Federated%20Learning%22%20OR%20%22Apprentissage%20f%C3%A9d%C3%A9r%C3%A9%22%20OR%20%22Transfer%20Learning%22%20OR%20%22Apprentissage%20par%20transfert%22%20OR%20%22AutoML%22%20OR%20%22Apprentissage%20automatique%20automatis%C3%A9%22%20OR%20%22Neural%20Architecture%20Search%22%20OR%20%22Recherche%20d%27architecture%20neuronale%22%20OR%20%22Edge%20AI%22%20OR%20%22IA%20en%20p%C3%A9riph%C3%A9rie%22%20OR%20%22TinyML%22%20OR%20%22Adversarial%20Machine%20Learning%22%20OR%20%22Apprentissage%20machine%20adversarial%22%20OR%20%22Recommender%20Systems%22%20OR%20%22Syst%C3%A8mes%20de%20recommandation%22%20OR%20%22Explainable%20Deep%20Learning%22%20OR%20%22Apprentissage%20profond%20explicable%22%20OR%20%22Natural%20Language%20Understanding%22%20OR%20%22Compr%C3%A9hension%20du%20langage%20naturel%22%20OR%20%22Speech%20Recognition%22%20OR%20%22Reconnaissance%20vocale%22%20OR%20%22Computer%20Audition%22%20OR%20%22Audition%20artificielle%22%20OR%20%22Self-supervised%20Learning%22%20OR%20%22Apprentissage%20auto-supervis%C3%A9%22%20OR%20%22One-shot%20Learning%22%20OR%20%22Few-shot%20Learning%22%20OR%20%22Apprentissage%20en%20un%20coup%22%20OR%20%22Apprentissage%20par%20petits%20%C3%A9chantillons%22%20OR%20%22Inverse%20Reinforcement%20Learning%22%20OR%20%22Apprentissage%20par%20renforcement%20inverse%22%20OR%20%22Quantum%20Machine%20Learning%22%20OR%20%22Apprentissage%20machine%20quantique%22%20OR%20%22Automated%20Reasoning%22%20OR%20%22Raisonnement%20automatis%C3%A9%22%20OR%20%22Knowledge%20Representation%20and%20Reasoning%22%20OR%20%22Repr%C3%A9sentation%20des%20connaissances%20et%20raisonnement%22%20OR%20%22Expert%20Systems%22%20OR%20%22Syst%C3%A8mes%20experts%22%20OR%20%22Semantic%20Web%22%20OR%20%22Web%20s%C3%A9mantique%22%20OR%20%22AI%20Ethics%22%20OR%20%22%C3%89thique%20de%20l%E2%80%99IA%22%20OR%20%22Responsible%20AI%22%20OR%20%22IA%20responsable%22%20OR%20%22Bias%20in%20AI%22%20OR%20%22Biais%20dans%20l%E2%80%99IA%22%20OR%20%22Fairness%20in%20AI%22%20OR%20%22%C3%89quit%C3%A9%20dans%20l%E2%80%99IA%22%20OR%20%22AI%20Governance%22%20OR%20%22Gouvernance%20de%20l%E2%80%99IA%22%20OR%20%22Symbolic%20AI%22%20OR%20%22IA%20symbolique%22%20OR%20%22Connectionist%20AI%22%20OR%20%22IA%20connexionniste%22%20OR%20%22Neuro-symbolic%20AI%22%20OR%20%22IA%20neuro-symbolique%22%20OR%20%22Privacy-Preserving%20Machine%20Learning%22%20OR%20%22Apprentissage%20automatique%20pr%C3%A9servant%20la%20vie%20priv%C3%A9e%22%20OR%20%22MLOps%22%20OR%20%22AIOps%22%20OR%20%22Multi-agent%20Systems%22%20OR%20%22Syst%C3%A8mes%20multi-agents%22%20OR%20%22Swarm%20Intelligence%22%20OR%20%22Intelligence%20en%20essaim%22%20OR%20%22Machine%20Translation%22%20OR%20%22Traduction%20automatique%22%20OR%20%22Neural%20Machine%20Translation%22%20OR%20%22Traduction%20automatique%20neuronale%22%20OR%20%22Speech%20Synthesis%22%20OR%20%22Synth%C3%A8se%20vocale%22%20OR%20%22Planning%22%20OR%20%22AI%20Planning%22%20OR%20%22Planification%20IA%22%20OR%20%22Scheduling%22%20OR%20%22Ordonnancement%22%20OR%20%22Human-in-the-Loop%22%20OR%20%22Apprentissage%20interactif%22%20OR%20%22Human-Centered%20AI%22%20OR%20%22IA%20centr%C3%A9e%20sur%20l%27humain%22%20OR%20%22Green%20AI%22%20OR%20%22IA%20verte%22%20OR%20%22Sustainable%20AI%22%20OR%20%22IA%20durable%22%20OR%20%22Foundation%20Models%22%20OR%20%22Mod%C3%A8les%20fondamentaux%22%20OR%20%22Diffusion%20Models%22%20OR%20%22Mod%C3%A8les%20de%20diffusion%22%20OR%20%22Vision%20Transformer%22%20OR%20%22Transformeur%20de%20vision%22%20OR%20%22Graph%20Neural%20Networks%22%20OR%20%22R%C3%A9seaux%20neuronaux%20de%20graphe%22%20OR%20%22Spiking%20Neural%20Networks%22%20OR%20%22R%C3%A9seaux%20neuronaux%20impulsionnels%22%20OR%20%22Retrieval-Augmented%20Generation%22%20OR%20%22G%C3%A9n%C3%A9ration%20augment%C3%A9e%20par%20r%C3%A9cup%C3%A9ration%22%20OR%20%22RAG%22%20OR%20%22Prompt%20Engineering%22%20OR%20%22Ing%C3%A9nierie%20de%20prompt%22%20OR%20%22Chain-of-Thought%22%20OR%20%22Cha%C3%AEne%20de%20raisonnement%22%20OR%20%22Contrastive%20Learning%22%20OR%20%22Apprentissage%20contrastif%22%20OR%20%22RLHF%22%20OR%20%22Apprentissage%20par%20renforcement%20%C3%A0%20partir%20de%20retours%20humains%22%20OR%20%22LoRA%22%20OR%20%22Adaptation%20%C3%A0%20bas%20rang%22%20OR%20%22Knowledge%20Distillation%22%20OR%20%22Distillation%20de%20connaissances%22%20OR%20%22AI%20Alignment%22%20OR%20%22Alignement%20de%20l%27IA%22%20OR%20%22Liquid%20Neural%20Networks%22%20OR%20%22R%C3%A9seaux%20neuronaux%20liquides%22)&amp;spc.page=1&amp;spc.sf=dc.date.issued&amp;spc.sd=DESC\" target=\"_blank\" rel=\"noreferrer noopener\">3300 publications<\/a> li\u00e9es \u00e0 l&rsquo;IA. Le panel d&rsquo;expert\u00b7e\u00b7s ci-dessous refl\u00e8te cette pluralit\u00e9 de regards sur l\u2019IA.<\/p>\n\n\n\n<p>Vous travaillez sur l\u2019IA \u00e0 l\u2019UNIL ? Faites-vous conna\u00eetre via ce <a href=\"https:\/\/wp.unil.ch\/iaunil\/formulaire\" data-type=\"page\" data-id=\"1816\" target=\"_blank\" rel=\"noreferrer noopener\">formulaire<\/a> pour recevoir des informations cibl\u00e9es, valoriser vos travaux et, si vous le souhaitez, rejoindre la liste des expert\u00b7e\u00b7s ou participer aux s\u00e9ances d\u00e9cisionnelles du groupe d\u2019expert\u00b7e\u00b7s IA.<\/p>\n<\/div>\n\n\n\n<div class=\"wp-block-group alignwide has-global-padding is-layout-constrained wp-block-group-is-layout-constrained\">\n<div class=\"wp-block-group alignwide is-layout-grid wp-container-core-group-is-layout-2931688a wp-block-group-is-layout-grid\">\n<div class=\"wp-block-group alignwide has-background wp-container-content-9df8e368 is-vertical is-content-justification-center is-layout-flex wp-container-core-group-is-layout-09aa6801 wp-block-group-is-layout-flex\" style=\"border-radius:5px;background-color:#d5e4e7;padding-top:var(--wp--preset--spacing--30);padding-right:var(--wp--preset--spacing--30);padding-bottom:var(--wp--preset--spacing--30);padding-left:var(--wp--preset--spacing--30)\">\n<figure class=\"wp-block-image aligncenter size-full is-resized has-custom-border\"><img loading=\"lazy\" decoding=\"async\" width=\"1200\" height=\"1200\" src=\"https:\/\/wp.unil.ch\/iaunil\/files\/2025\/07\/marc-atallah_portait-1-cropped.jpg\" alt=\"marc atallah portait (1) cropped\" class=\"wp-image-2366\" style=\"border-radius:128px;object-fit:cover;width:200px;height:200px\" srcset=\"https:\/\/wp.unil.ch\/iaunil\/files\/2025\/07\/marc-atallah_portait-1-cropped.jpg 1200w, https:\/\/wp.unil.ch\/iaunil\/files\/2025\/07\/marc-atallah_portait-1-cropped-300x300.jpg 300w, https:\/\/wp.unil.ch\/iaunil\/files\/2025\/07\/marc-atallah_portait-1-cropped-1024x1024.jpg 1024w, https:\/\/wp.unil.ch\/iaunil\/files\/2025\/07\/marc-atallah_portait-1-cropped-150x150.jpg 150w, https:\/\/wp.unil.ch\/iaunil\/files\/2025\/07\/marc-atallah_portait-1-cropped-768x768.jpg 768w\" sizes=\"auto, (max-width: 1200px) 100vw, 1200px\" \/><\/figure>\n\n\n\n<h3 class=\"wp-block-heading\"><strong>Marc Atallah<\/strong><\/h3>\n\n\n\n<p class=\"has-text-align-center\">Ma\u00eetre d&rsquo;enseignement et de recherche<\/p>\n\n\n\n<p class=\"has-text-align-center\"><strong>Facult\u00e9 des lettres<\/strong><\/p>\n\n\n\n<p class=\"has-text-align-center\">Litt\u00e9rature, Science-fiction, Repr\u00e9sentations des technologies, M\u00e9taphore<\/p>\n\n\n\n<div class=\"wp-block-buttons is-layout-flex wp-block-buttons-is-layout-flex\">\n<div class=\"wp-block-button\"><a class=\"wp-block-button__link wp-element-button\" href=\"https:\/\/applicationspub.unil.ch\/interpub\/noauth\/php\/Un\/UnPers.php?PerNum=33560&amp;LanCode=37\" target=\"_blank\" rel=\"noreferrer noopener\">Profil<\/a><\/div>\n\n\n\n<div class=\"wp-block-button is-style-fill\"><a class=\"wp-block-button__link wp-element-button\" href=\"https:\/\/iris.unil.ch\/entities\/person\/marcatallah\" target=\"_blank\" rel=\"noreferrer noopener\">Publications<\/a><\/div>\n<\/div>\n<\/div>\n\n\n\n<div class=\"wp-block-group alignwide has-background wp-container-content-9df8e368 is-vertical is-content-justification-center is-layout-flex wp-container-core-group-is-layout-09aa6801 wp-block-group-is-layout-flex\" style=\"border-radius:5px;background-color:#d5e4e7;padding-top:var(--wp--preset--spacing--30);padding-right:var(--wp--preset--spacing--30);padding-bottom:var(--wp--preset--spacing--30);padding-left:var(--wp--preset--spacing--30)\">\n<figure class=\"wp-block-image aligncenter size-full is-resized has-custom-border\"><img loading=\"lazy\" decoding=\"async\" width=\"400\" height=\"400\" src=\"https:\/\/wp.unil.ch\/iaunil\/files\/2025\/07\/60q5mi6f_400x400-cropped-2.png\" alt=\"60q5mi6f 400x400 cropped (2)\" class=\"wp-image-2264\" style=\"border-radius:128px;object-fit:cover;width:200px;height:200px\" srcset=\"https:\/\/wp.unil.ch\/iaunil\/files\/2025\/07\/60q5mi6f_400x400-cropped-2.png 400w, https:\/\/wp.unil.ch\/iaunil\/files\/2025\/07\/60q5mi6f_400x400-cropped-2-300x300.png 300w, https:\/\/wp.unil.ch\/iaunil\/files\/2025\/07\/60q5mi6f_400x400-cropped-2-150x150.png 150w\" sizes=\"auto, (max-width: 400px) 100vw, 400px\" \/><\/figure>\n\n\n\n<h3 class=\"wp-block-heading\"><strong>Meritxell <strong>Bach Cuadra<\/strong>&nbsp;<\/strong><\/h3>\n\n\n\n<p class=\"has-text-align-center\">Ma\u00eetre d&rsquo;enseignement et de recherche<\/p>\n\n\n\n<p class=\"has-text-align-center\"><strong>Facult\u00e9 de biologie et m\u00e9decine<\/strong><\/p>\n\n\n\n<p class=\"has-text-align-center\">Computational imaging, Medical image analysis, Radiology<\/p>\n\n\n\n<div class=\"wp-block-buttons is-layout-flex wp-block-buttons-is-layout-flex\">\n<div class=\"wp-block-button\"><a class=\"wp-block-button__link wp-element-button\" href=\"https:\/\/applicationspub.unil.ch\/interpub\/noauth\/php\/Un\/UnPers.php?PerNum=1038844&amp;LanCode=37\" target=\"_blank\" rel=\"noreferrer noopener\">Profil<\/a><\/div>\n\n\n\n<div class=\"wp-block-button is-style-fill\"><a class=\"wp-block-button__link wp-element-button\" href=\"https:\/\/iris.unil.ch\/entities\/person\/meritxellbachcuadra\" target=\"_blank\" rel=\"noreferrer noopener\">Publications<\/a><\/div>\n\n\n\n<div class=\"wp-block-button is-style-outline is-style-outline--1\"><a class=\"wp-block-button__link wp-element-button\" href=\"https:\/\/wp.unil.ch\/mial\/\" target=\"_blank\" rel=\"noreferrer noopener\">Site web<\/a><\/div>\n<\/div>\n<\/div>\n\n\n\n<div class=\"wp-block-group alignwide has-background wp-container-content-9df8e368 is-vertical is-content-justification-center is-layout-flex wp-container-core-group-is-layout-09aa6801 wp-block-group-is-layout-flex\" style=\"border-radius:5px;background-color:#d5e4e7;padding-top:var(--wp--preset--spacing--30);padding-right:var(--wp--preset--spacing--30);padding-bottom:var(--wp--preset--spacing--30);padding-left:var(--wp--preset--spacing--30)\">\n<figure class=\"wp-block-image aligncenter size-full is-resized has-custom-border\"><img loading=\"lazy\" decoding=\"async\" width=\"1024\" height=\"1024\" src=\"https:\/\/wp.unil.ch\/iaunil\/files\/2025\/09\/boris_1024-1.jpg\" alt=\"boris 1024 1\" class=\"wp-image-2868\" style=\"border-radius:128px;object-fit:cover;width:200px;height:200px\" srcset=\"https:\/\/wp.unil.ch\/iaunil\/files\/2025\/09\/boris_1024-1.jpg 1024w, https:\/\/wp.unil.ch\/iaunil\/files\/2025\/09\/boris_1024-1-300x300.jpg 300w, https:\/\/wp.unil.ch\/iaunil\/files\/2025\/09\/boris_1024-1-150x150.jpg 150w, https:\/\/wp.unil.ch\/iaunil\/files\/2025\/09\/boris_1024-1-768x768.jpg 768w\" sizes=\"auto, (max-width: 1024px) 100vw, 1024px\" \/><\/figure>\n\n\n\n<h3 class=\"wp-block-heading\"><strong>Boris Beaude<\/strong><\/h3>\n\n\n\n<p class=\"has-text-align-center\">Professeur associ\u00e9<\/p>\n\n\n\n<p class=\"has-text-align-center\"><strong><strong>Facult\u00e9 des sciences sociales et politiques<\/strong><\/strong><\/p>\n\n\n\n<p class=\"has-text-align-center\">NLP, Embedding, Deep learning, Politique<\/p>\n\n\n\n<div class=\"wp-block-buttons is-layout-flex wp-block-buttons-is-layout-flex\">\n<div class=\"wp-block-button\"><a class=\"wp-block-button__link wp-element-button\" href=\"https:\/\/applicationspub.unil.ch\/interpub\/noauth\/php\/Un\/UnPers.php?PerNum=1186446&amp;LanCode=37\" target=\"_blank\" rel=\"noreferrer noopener\">Profil<\/a><\/div>\n\n\n\n<div class=\"wp-block-button is-style-fill\"><a class=\"wp-block-button__link wp-element-button\" href=\"https:\/\/iris.unil.ch\/entities\/person\/borisbeaude\" target=\"_blank\" rel=\"noreferrer noopener\">Publications<\/a><\/div>\n\n\n\n<div class=\"wp-block-button is-style-outline is-style-outline--2\"><a class=\"wp-block-button__link wp-element-button\" href=\"https:\/\/www.beaude.net\/boris\/\" target=\"_blank\" rel=\"noreferrer noopener\">Site web<\/a><\/div>\n<\/div>\n<\/div>\n\n\n\n<div class=\"wp-block-group alignwide has-background wp-container-content-9df8e368 is-vertical is-content-justification-center is-layout-flex wp-container-core-group-is-layout-09aa6801 wp-block-group-is-layout-flex\" style=\"border-radius:5px;background-color:#d5e4e7;padding-top:var(--wp--preset--spacing--30);padding-right:var(--wp--preset--spacing--30);padding-bottom:var(--wp--preset--spacing--30);padding-left:var(--wp--preset--spacing--30)\">\n<figure class=\"wp-block-image aligncenter size-full is-resized has-custom-border\"><img loading=\"lazy\" decoding=\"async\" width=\"689\" height=\"689\" src=\"https:\/\/wp.unil.ch\/iaunil\/files\/2025\/07\/sans-titre-cropped-1.jpg\" alt=\"sans titre cropped (1)\" class=\"wp-image-2267\" style=\"border-radius:128px;object-fit:cover;width:200px;height:200px\" srcset=\"https:\/\/wp.unil.ch\/iaunil\/files\/2025\/07\/sans-titre-cropped-1.jpg 689w, https:\/\/wp.unil.ch\/iaunil\/files\/2025\/07\/sans-titre-cropped-1-300x300.jpg 300w, https:\/\/wp.unil.ch\/iaunil\/files\/2025\/07\/sans-titre-cropped-1-150x150.jpg 150w\" sizes=\"auto, (max-width: 689px) 100vw, 689px\" \/><\/figure>\n\n\n\n<h3 class=\"wp-block-heading\"><strong>Sven<\/strong> <strong>Bergmann <\/strong><\/h3>\n\n\n\n<p class=\"has-text-align-center\">Professeur associ\u00e9<\/p>\n\n\n\n<p class=\"has-text-align-center\"><strong>Facult\u00e9 de biologie et m\u00e9decine<\/strong><\/p>\n\n\n\n<p class=\"has-text-align-center\">GWAS, Retina, Deep learning, Foundation model, RETFound, Vasculature, CVD<\/p>\n\n\n\n<div class=\"wp-block-buttons is-layout-flex wp-block-buttons-is-layout-flex\">\n<div class=\"wp-block-button\"><a class=\"wp-block-button__link wp-element-button\" href=\"https:\/\/applicationspub.unil.ch\/interpub\/noauth\/php\/Un\/UnPers.php?PerNum=1027905&amp;LanCode=37\" target=\"_blank\" rel=\"noreferrer noopener\">Profil<\/a><\/div>\n\n\n\n<div class=\"wp-block-button is-style-fill\"><a class=\"wp-block-button__link wp-element-button\" href=\"https:\/\/iris.unil.ch\/entities\/person\/svenbergmann\" target=\"_blank\" rel=\"noreferrer noopener\">Publications<\/a><\/div>\n\n\n\n<div class=\"wp-block-button is-style-outline is-style-outline--3\"><a class=\"wp-block-button__link wp-element-button\" href=\"https:\/\/www.unil.ch\/cbg\" target=\"_blank\" rel=\"noreferrer noopener\">Site web<\/a><\/div>\n<\/div>\n<\/div>\n\n\n\n<div class=\"wp-block-group alignwide has-background wp-container-content-9df8e368 is-vertical is-content-justification-center is-layout-flex wp-container-core-group-is-layout-09aa6801 wp-block-group-is-layout-flex\" style=\"border-radius:5px;background-color:#d5e4e7;padding-top:var(--wp--preset--spacing--30);padding-right:var(--wp--preset--spacing--30);padding-bottom:var(--wp--preset--spacing--30);padding-left:var(--wp--preset--spacing--30)\">\n<figure class=\"wp-block-image aligncenter size-full is-resized has-custom-border\"><img loading=\"lazy\" decoding=\"async\" width=\"430\" height=\"430\" src=\"https:\/\/wp.unil.ch\/iaunil\/files\/2025\/07\/romain-bionda-cropped.jpg\" alt=\"romain bionda cropped\" class=\"wp-image-2372\" style=\"border-radius:128px;object-fit:cover;width:200px;height:200px\" srcset=\"https:\/\/wp.unil.ch\/iaunil\/files\/2025\/07\/romain-bionda-cropped.jpg 430w, https:\/\/wp.unil.ch\/iaunil\/files\/2025\/07\/romain-bionda-cropped-300x300.jpg 300w, https:\/\/wp.unil.ch\/iaunil\/files\/2025\/07\/romain-bionda-cropped-150x150.jpg 150w\" sizes=\"auto, (max-width: 430px) 100vw, 430px\" \/><\/figure>\n\n\n\n<h3 class=\"wp-block-heading\"><strong>Romain Bionda<\/strong><\/h3>\n\n\n\n<p class=\"has-text-align-center\">Ma\u00eetre assistant<\/p>\n\n\n\n<p class=\"has-text-align-center\"><strong>Facult\u00e9 des lettres<\/strong><\/p>\n\n\n\n<p class=\"has-text-align-center\">\u00c9critures contemporaines, Imaginaires<\/p>\n\n\n\n<div class=\"wp-block-buttons is-layout-flex wp-block-buttons-is-layout-flex\">\n<div class=\"wp-block-button\"><a class=\"wp-block-button__link wp-element-button\" href=\"https:\/\/applicationspub.unil.ch\/interpub\/noauth\/php\/Un\/UnPers.php?PerNum=1050146&amp;LanCode=37\" target=\"_blank\" rel=\"noreferrer noopener\">Profil<\/a><\/div>\n\n\n\n<div class=\"wp-block-button is-style-fill\"><a class=\"wp-block-button__link wp-element-button\" href=\"https:\/\/iris.unil.ch\/entities\/person\/romainbionda\" target=\"_blank\" rel=\"noreferrer noopener\">Publications<\/a><\/div>\n\n\n\n<div class=\"wp-block-button is-style-outline is-style-outline--4\"><a class=\"wp-block-button__link wp-element-button\" href=\"https:\/\/unige-cofunds.ch\/alliance-campus-rhodanien\/appel-2024#6\" target=\"_blank\" rel=\"noreferrer noopener\">Site web<\/a><\/div>\n<\/div>\n<\/div>\n\n\n\n<div class=\"wp-block-group alignwide has-background wp-container-content-9df8e368 is-vertical is-content-justification-center is-layout-flex wp-container-core-group-is-layout-09aa6801 wp-block-group-is-layout-flex\" style=\"border-radius:5px;background-color:#d5e4e7;padding-top:var(--wp--preset--spacing--30);padding-right:var(--wp--preset--spacing--30);padding-bottom:var(--wp--preset--spacing--30);padding-left:var(--wp--preset--spacing--30)\">\n<figure class=\"wp-block-image aligncenter size-full is-resized has-custom-border\"><img loading=\"lazy\" decoding=\"async\" width=\"174\" height=\"174\" src=\"https:\/\/wp.unil.ch\/iaunil\/files\/2026\/01\/csm_brendabogaert_d1eeb88176-cropped.png\" alt=\"csm brendabogaert d1eeb88176 cropped\" class=\"wp-image-3438\" style=\"border-radius:128px;object-fit:cover;width:200px;height:200px\" srcset=\"https:\/\/wp.unil.ch\/iaunil\/files\/2026\/01\/csm_brendabogaert_d1eeb88176-cropped.png 174w, https:\/\/wp.unil.ch\/iaunil\/files\/2026\/01\/csm_brendabogaert_d1eeb88176-cropped-150x150.png 150w\" sizes=\"auto, (max-width: 174px) 100vw, 174px\" \/><\/figure>\n\n\n\n<h3 class=\"wp-block-heading\"><strong>Brenda Bogaert<\/strong><\/h3>\n\n\n\n<p class=\"has-text-align-center\">Responsable de recherche<\/p>\n\n\n\n<p class=\"has-text-align-center\"><strong><strong>Facult\u00e9 de biologie et m\u00e9decine<\/strong><\/strong><\/p>\n\n\n\n<p class=\"has-text-align-center\">Stakeholder involvement, Trust in AI, Medical ethics<\/p>\n\n\n\n<div class=\"wp-block-buttons is-layout-flex wp-block-buttons-is-layout-flex\">\n<div class=\"wp-block-button\"><a class=\"wp-block-button__link wp-element-button\" href=\"https:\/\/applicationspub.unil.ch\/interpub\/noauth\/php\/Un\/UnPers.php?PerNum=1259721&amp;LanCode=37\" target=\"_blank\" rel=\"noreferrer noopener\">Profil<\/a><\/div>\n\n\n\n<div class=\"wp-block-button is-style-fill\"><a class=\"wp-block-button__link wp-element-button\" href=\"https:\/\/iris.unil.ch\/entities\/person\/brendabogaert\" target=\"_blank\" rel=\"noreferrer noopener\">Publications<\/a><\/div>\n\n\n\n<div class=\"wp-block-button is-style-outline is-style-outline--5\"><a class=\"wp-block-button__link wp-element-button\" href=\"https:\/\/www.chuv.ch\/fr\/ihm\/ihm-home\/recherche\/philosophie-et-ethique-de-la-medecine-et-de-la-sante\" target=\"_blank\" rel=\"noreferrer noopener\">Site web<\/a><\/div>\n<\/div>\n<\/div>\n\n\n\n<div class=\"wp-block-group alignwide has-background wp-container-content-9df8e368 is-vertical is-content-justification-center is-layout-flex wp-container-core-group-is-layout-09aa6801 wp-block-group-is-layout-flex\" style=\"border-radius:5px;background-color:#d5e4e7;padding-top:var(--wp--preset--spacing--30);padding-right:var(--wp--preset--spacing--30);padding-bottom:var(--wp--preset--spacing--30);padding-left:var(--wp--preset--spacing--30)\">\n<figure class=\"wp-block-image aligncenter size-full is-resized has-custom-border\"><img loading=\"lazy\" decoding=\"async\" width=\"876\" height=\"876\" src=\"https:\/\/wp.unil.ch\/iaunil\/files\/2025\/07\/boillat_blanco_noemie_photoportait-cropped-6.jpg\" alt=\"boillat blanco noemie photoportait cropped (6)\" class=\"wp-image-2269\" style=\"border-radius:128px;object-fit:cover;width:200px;height:200px\" srcset=\"https:\/\/wp.unil.ch\/iaunil\/files\/2025\/07\/boillat_blanco_noemie_photoportait-cropped-6.jpg 876w, https:\/\/wp.unil.ch\/iaunil\/files\/2025\/07\/boillat_blanco_noemie_photoportait-cropped-6-300x300.jpg 300w, https:\/\/wp.unil.ch\/iaunil\/files\/2025\/07\/boillat_blanco_noemie_photoportait-cropped-6-150x150.jpg 150w, https:\/\/wp.unil.ch\/iaunil\/files\/2025\/07\/boillat_blanco_noemie_photoportait-cropped-6-768x768.jpg 768w\" sizes=\"auto, (max-width: 876px) 100vw, 876px\" \/><\/figure>\n\n\n\n<h3 class=\"wp-block-heading\"><strong>No\u00e9mie<\/strong> <strong>Boillat Blanco<\/strong> <strong>  <\/strong><\/h3>\n\n\n\n<p class=\"has-text-align-center\">Ma\u00eetre d&rsquo;enseignement et de recherche clinicienne<\/p>\n\n\n\n<p class=\"has-text-align-center\"><strong>Facult\u00e9 de biologie et m\u00e9decine<\/strong><\/p>\n\n\n\n<p class=\"has-text-align-center\">Multimodal clinical decision algorithms, AI-guided lung ultrasound, Large language models for clinical decision making<\/p>\n\n\n\n<div class=\"wp-block-buttons is-layout-flex wp-block-buttons-is-layout-flex\">\n<div class=\"wp-block-button\"><a class=\"wp-block-button__link wp-element-button\" href=\"https:\/\/applicationspub.unil.ch\/interpub\/noauth\/php\/Un\/UnPers.php?PerNum=20830&amp;LanCode=37\" target=\"_blank\" rel=\"noreferrer noopener\">Profil<\/a><\/div>\n\n\n\n<div class=\"wp-block-button is-style-fill\"><a class=\"wp-block-button__link wp-element-button\" href=\"https:\/\/iris.unil.ch\/entities\/person\/noemieboillatblanco\" target=\"_blank\" rel=\"noreferrer noopener\">Publications<\/a><\/div>\n\n\n\n<div class=\"wp-block-button is-style-outline is-style-outline--6\"><a class=\"wp-block-button__link wp-element-button\" href=\"https:\/\/www.chuv.ch\/fr\/min\/min-home\/recherche\/group-leaders\/prof-noemie-boillat-blanco\" target=\"_blank\" rel=\"noreferrer noopener\">Site web<\/a><\/div>\n<\/div>\n<\/div>\n\n\n\n<div class=\"wp-block-group alignwide has-background wp-container-content-9df8e368 is-vertical is-content-justification-center is-layout-flex wp-container-core-group-is-layout-09aa6801 wp-block-group-is-layout-flex\" style=\"border-radius:5px;background-color:#d5e4e7;padding-top:var(--wp--preset--spacing--30);padding-right:var(--wp--preset--spacing--30);padding-bottom:var(--wp--preset--spacing--30);padding-left:var(--wp--preset--spacing--30)\">\n<figure class=\"wp-block-image aligncenter size-full is-resized has-custom-border\"><img loading=\"lazy\" decoding=\"async\" width=\"391\" height=\"391\" src=\"https:\/\/wp.unil.ch\/iaunil\/files\/2025\/08\/oyc_bw-cropped.jpg\" alt=\"oyc bw cropped\" class=\"wp-image-2761\" style=\"border-radius:128px;object-fit:cover;width:200px;height:200px\" srcset=\"https:\/\/wp.unil.ch\/iaunil\/files\/2025\/08\/oyc_bw-cropped.jpg 391w, https:\/\/wp.unil.ch\/iaunil\/files\/2025\/08\/oyc_bw-cropped-300x300.jpg 300w, https:\/\/wp.unil.ch\/iaunil\/files\/2025\/08\/oyc_bw-cropped-150x150.jpg 150w\" sizes=\"auto, (max-width: 391px) 100vw, 391px\" \/><\/figure>\n\n\n\n<h3 class=\"wp-block-heading\"><strong>Oliver Yibing Ch\u00e9n<\/strong><\/h3>\n\n\n\n<p class=\"has-text-align-center\">Professeur assistant en pr\u00e9titularisation conditionnelle<\/p>\n\n\n\n<p class=\"has-text-align-center\"><strong>Facult\u00e9 de biologie et m\u00e9decine<\/strong><\/p>\n\n\n\n<p class=\"has-text-align-center\">Statistics, Machine learning, Neuroscience, Digital health<\/p>\n\n\n\n<div class=\"wp-block-buttons is-layout-flex wp-block-buttons-is-layout-flex\">\n<div class=\"wp-block-button\"><a class=\"wp-block-button__link wp-element-button\" href=\"https:\/\/applicationspub.unil.ch\/interpub\/noauth\/php\/Un\/UnPers.php?PerNum=1264885&amp;LanCode=37\" target=\"_blank\" rel=\"noreferrer noopener\">Profil<\/a><\/div>\n\n\n\n<div class=\"wp-block-button is-style-fill\"><a class=\"wp-block-button__link wp-element-button\" href=\"https:\/\/iris.unil.ch\/entities\/person\/oliveryibingchen\" target=\"_blank\" rel=\"noreferrer noopener\">Publications<\/a><\/div>\n\n\n\n<div class=\"wp-block-button is-style-outline is-style-outline--7\"><a class=\"wp-block-button__link wp-element-button\" href=\"https:\/\/www.oliverychen.com\" target=\"_blank\" rel=\"noreferrer noopener\">Site web<\/a><\/div>\n<\/div>\n<\/div>\n\n\n\n<div class=\"wp-block-group alignwide has-background wp-container-content-9df8e368 is-vertical is-content-justification-center is-layout-flex wp-container-core-group-is-layout-09aa6801 wp-block-group-is-layout-flex\" style=\"border-radius:5px;background-color:#d5e4e7;padding-top:var(--wp--preset--spacing--30);padding-right:var(--wp--preset--spacing--30);padding-bottom:var(--wp--preset--spacing--30);padding-left:var(--wp--preset--spacing--30)\">\n<figure class=\"wp-block-image aligncenter size-full is-resized has-custom-border\"><img loading=\"lazy\" decoding=\"async\" width=\"774\" height=\"774\" src=\"https:\/\/wp.unil.ch\/iaunil\/files\/2025\/07\/adrien_depeursinge_webportraits3novembrecopyflorencezufferey2022-cropped.jpg\" alt=\"adrien depeursinge webportraits3novembrecopyflorencezufferey2022 cropped\" class=\"wp-image-2398\" style=\"border-radius:128px;object-fit:cover;width:200px;height:200px\" srcset=\"https:\/\/wp.unil.ch\/iaunil\/files\/2025\/07\/adrien_depeursinge_webportraits3novembrecopyflorencezufferey2022-cropped.jpg 774w, https:\/\/wp.unil.ch\/iaunil\/files\/2025\/07\/adrien_depeursinge_webportraits3novembrecopyflorencezufferey2022-cropped-300x300.jpg 300w, https:\/\/wp.unil.ch\/iaunil\/files\/2025\/07\/adrien_depeursinge_webportraits3novembrecopyflorencezufferey2022-cropped-150x150.jpg 150w, https:\/\/wp.unil.ch\/iaunil\/files\/2025\/07\/adrien_depeursinge_webportraits3novembrecopyflorencezufferey2022-cropped-768x768.jpg 768w\" sizes=\"auto, (max-width: 774px) 100vw, 774px\" \/><\/figure>\n\n\n\n<h3 class=\"wp-block-heading\"><strong>Adrien Depeursinge<\/strong><\/h3>\n\n\n\n<p class=\"has-text-align-center\">Collaborateur scientifique<\/p>\n\n\n\n<p class=\"has-text-align-center\"><strong>Facult\u00e9 de biologie et m\u00e9decine<\/strong><\/p>\n\n\n\n<p class=\"has-text-align-center\">Medical image analysis, Radiomics, Geometric deep learning, Personalized medicine<\/p>\n\n\n\n<div class=\"wp-block-buttons is-layout-flex wp-block-buttons-is-layout-flex\">\n<div class=\"wp-block-button\"><a class=\"wp-block-button__link wp-element-button\" href=\"https:\/\/applicationspub.unil.ch\/interpub\/noauth\/php\/Un\/UnPers.php?PerNum=1211283&amp;LanCode=37&amp;menu=coord\" target=\"_blank\" rel=\"noreferrer noopener\">Profil<\/a><\/div>\n\n\n\n<div class=\"wp-block-button is-style-fill\"><a class=\"wp-block-button__link wp-element-button\" href=\"https:\/\/iris.unil.ch\/entities\/person\/50bf37fc-7472-483c-92ef-4655637b4155\" target=\"_blank\" rel=\"noreferrer noopener\">Publications<\/a><\/div>\n\n\n\n<div class=\"wp-block-button is-style-outline is-style-outline--8\"><a class=\"wp-block-button__link wp-element-button\" href=\"https:\/\/medgift.hevs.ch\/wordpress\/team\/adrien-depeursinge\/\" target=\"_blank\" rel=\"noreferrer noopener\">Site web<\/a><\/div>\n<\/div>\n<\/div>\n\n\n\n<div class=\"wp-block-group alignwide has-background wp-container-content-9df8e368 is-vertical is-content-justification-center is-layout-flex wp-container-core-group-is-layout-09aa6801 wp-block-group-is-layout-flex\" style=\"border-radius:5px;background-color:#d5e4e7;padding-top:var(--wp--preset--spacing--30);padding-right:var(--wp--preset--spacing--30);padding-bottom:var(--wp--preset--spacing--30);padding-left:var(--wp--preset--spacing--30)\">\n<figure class=\"wp-block-image aligncenter size-full is-resized has-custom-border\"><img loading=\"lazy\" decoding=\"async\" width=\"1200\" height=\"1200\" src=\"https:\/\/wp.unil.ch\/iaunil\/files\/2025\/07\/unisante_dg_portrait_marie-anne_durand_2379-cropped-1.jpg\" alt=\"unisante dg portrait marie anne durand 2379 cropped (1)\" class=\"wp-image-2271\" style=\"border-radius:128px;object-fit:cover;width:200px;height:200px\" srcset=\"https:\/\/wp.unil.ch\/iaunil\/files\/2025\/07\/unisante_dg_portrait_marie-anne_durand_2379-cropped-1.jpg 1200w, https:\/\/wp.unil.ch\/iaunil\/files\/2025\/07\/unisante_dg_portrait_marie-anne_durand_2379-cropped-1-300x300.jpg 300w, https:\/\/wp.unil.ch\/iaunil\/files\/2025\/07\/unisante_dg_portrait_marie-anne_durand_2379-cropped-1-1024x1024.jpg 1024w, https:\/\/wp.unil.ch\/iaunil\/files\/2025\/07\/unisante_dg_portrait_marie-anne_durand_2379-cropped-1-150x150.jpg 150w, https:\/\/wp.unil.ch\/iaunil\/files\/2025\/07\/unisante_dg_portrait_marie-anne_durand_2379-cropped-1-768x768.jpg 768w\" sizes=\"auto, (max-width: 1200px) 100vw, 1200px\" \/><\/figure>\n\n\n\n<h3 class=\"wp-block-heading\"><strong><strong>Marie-Anne <\/strong>Durand <\/strong><\/h3>\n\n\n\n<p class=\"has-text-align-center\">Professeure associ\u00e9e<\/p>\n\n\n\n<p class=\"has-text-align-center\"><strong>Facult\u00e9 de biologie et m\u00e9decine<\/strong><\/p>\n\n\n\n<p class=\"has-text-align-center\">Chatbot, Outils d&rsquo;aide \u00e0 la d\u00e9cision, In\u00e9galit\u00e9s sociales de sant\u00e9, Pr\u00e9vention des cancers, Endom\u00e9triose<\/p>\n\n\n\n<div class=\"wp-block-buttons is-layout-flex wp-block-buttons-is-layout-flex\">\n<div class=\"wp-block-button\"><a class=\"wp-block-button__link wp-element-button\" href=\"https:\/\/applicationspub.unil.ch\/interpub\/noauth\/php\/Un\/UnPers.php?PerNum=1255599&amp;LanCode=37&amp;menu=coord\" target=\"_blank\" rel=\"noreferrer noopener\">Profil<\/a><\/div>\n\n\n\n<div class=\"wp-block-button is-style-fill\"><a class=\"wp-block-button__link wp-element-button\" href=\"https:\/\/iris.unil.ch\/entities\/person\/marieannedurand\" target=\"_blank\" rel=\"noreferrer noopener\">Publications<\/a><\/div>\n<\/div>\n<\/div>\n\n\n\n<div class=\"wp-block-group alignwide has-background wp-container-content-9df8e368 is-vertical is-content-justification-center is-layout-flex wp-container-core-group-is-layout-09aa6801 wp-block-group-is-layout-flex\" style=\"border-radius:5px;background-color:#d5e4e7;padding-top:var(--wp--preset--spacing--30);padding-right:var(--wp--preset--spacing--30);padding-bottom:var(--wp--preset--spacing--30);padding-left:var(--wp--preset--spacing--30)\">\n<figure class=\"wp-block-image aligncenter size-full is-resized has-custom-border\"><img loading=\"lazy\" decoding=\"async\" width=\"1200\" height=\"1200\" src=\"https:\/\/wp.unil.ch\/iaunil\/files\/2025\/07\/picture_luise_color_square_small-cropped.jpg\" alt=\"picture luise color square small cropped\" class=\"wp-image-2341\" style=\"border-radius:128px;object-fit:cover;width:200px;height:200px\" srcset=\"https:\/\/wp.unil.ch\/iaunil\/files\/2025\/07\/picture_luise_color_square_small-cropped.jpg 1200w, https:\/\/wp.unil.ch\/iaunil\/files\/2025\/07\/picture_luise_color_square_small-cropped-300x300.jpg 300w, https:\/\/wp.unil.ch\/iaunil\/files\/2025\/07\/picture_luise_color_square_small-cropped-1024x1024.jpg 1024w, https:\/\/wp.unil.ch\/iaunil\/files\/2025\/07\/picture_luise_color_square_small-cropped-150x150.jpg 150w, https:\/\/wp.unil.ch\/iaunil\/files\/2025\/07\/picture_luise_color_square_small-cropped-768x768.jpg 768w\" sizes=\"auto, (max-width: 1200px) 100vw, 1200px\" \/><\/figure>\n\n\n\n<h3 class=\"wp-block-heading\"><strong><strong>Luise Eisfeld<\/strong><\/strong><\/h3>\n\n\n\n<p class=\"has-text-align-center\">Professeure assistante en pr\u00e9titularisation conditionnelle<\/p>\n\n\n\n<p class=\"has-text-align-center\"><strong>Facult\u00e9 des hautes \u00e9tudes commerciales<\/strong><\/p>\n\n\n\n<p class=\"has-text-align-center\">Competition, Big Tech, Market Dynamics, Entrepreneurship, Startups, Venture Capital, M&amp;As, Regulation<\/p>\n\n\n\n<div class=\"wp-block-buttons is-layout-flex wp-block-buttons-is-layout-flex\">\n<div class=\"wp-block-button\"><a class=\"wp-block-button__link wp-element-button\" href=\"https:\/\/applicationspub.unil.ch\/interpub\/noauth\/php\/Un\/UnPers.php?PerNum=1260819&amp;LanCode=37\" target=\"_blank\" rel=\"noreferrer noopener\">Profil<\/a><\/div>\n\n\n\n<div class=\"wp-block-button is-style-outline is-style-outline--9\"><a class=\"wp-block-button__link wp-element-button\" href=\"https:\/\/luiseeisfeld.github.io\/\" target=\"_blank\" rel=\"noreferrer noopener\">Site web<\/a><\/div>\n<\/div>\n<\/div>\n\n\n\n<div class=\"wp-block-group alignwide has-background wp-container-content-9df8e368 is-vertical is-content-justification-center is-layout-flex wp-container-core-group-is-layout-09aa6801 wp-block-group-is-layout-flex\" style=\"border-radius:5px;background-color:#d5e4e7;padding-top:var(--wp--preset--spacing--30);padding-right:var(--wp--preset--spacing--30);padding-bottom:var(--wp--preset--spacing--30);padding-left:var(--wp--preset--spacing--30)\">\n<figure class=\"wp-block-image aligncenter size-full is-resized has-custom-border\"><img loading=\"lazy\" decoding=\"async\" width=\"610\" height=\"610\" src=\"https:\/\/wp.unil.ch\/iaunil\/files\/2025\/07\/dsc_4907-cropped.jpg\" alt=\"dsc 4907 cropped\" class=\"wp-image-2357\" style=\"border-radius:128px;object-fit:cover;width:200px;height:200px\" srcset=\"https:\/\/wp.unil.ch\/iaunil\/files\/2025\/07\/dsc_4907-cropped.jpg 610w, https:\/\/wp.unil.ch\/iaunil\/files\/2025\/07\/dsc_4907-cropped-300x300.jpg 300w, https:\/\/wp.unil.ch\/iaunil\/files\/2025\/07\/dsc_4907-cropped-150x150.jpg 150w\" sizes=\"auto, (max-width: 610px) 100vw, 610px\" \/><\/figure>\n\n\n\n<h3 class=\"wp-block-heading\"><strong><strong>Isabelle Engeler<\/strong><\/strong><\/h3>\n\n\n\n<p class=\"has-text-align-center\">Professeure associ\u00e9e<\/p>\n\n\n\n<p class=\"has-text-align-center\"><strong>Facult\u00e9 des hautes \u00e9tudes commerciales<\/strong><\/p>\n\n\n\n<p class=\"has-text-align-center\">Synthetic data, Market insights, Productivity, Wellbeing<\/p>\n\n\n\n<div class=\"wp-block-buttons is-layout-flex wp-block-buttons-is-layout-flex\">\n<div class=\"wp-block-button\"><a class=\"wp-block-button__link wp-element-button\" href=\"https:\/\/applicationspub.unil.ch\/interpub\/noauth\/php\/Un\/UnPers.php?PerNum=1242649&amp;LanCode=37\" target=\"_blank\" rel=\"noreferrer noopener\">Profil<\/a><\/div>\n\n\n\n<div class=\"wp-block-button\"><a class=\"wp-block-button__link wp-element-button\" href=\"https:\/\/iris.unil.ch\/entities\/person\/isabelleengeler\" target=\"_blank\" rel=\"noreferrer noopener\">Publications<\/a><\/div>\n\n\n\n<div class=\"wp-block-button is-style-outline is-style-outline--10\"><a class=\"wp-block-button__link wp-element-button\" href=\"https:\/\/www.isabelleengeler.com\/\" target=\"_blank\" rel=\"noreferrer noopener\">Site web<\/a><\/div>\n<\/div>\n<\/div>\n\n\n\n<div class=\"wp-block-group alignwide has-background wp-container-content-9df8e368 is-vertical is-content-justification-center is-layout-flex wp-container-core-group-is-layout-09aa6801 wp-block-group-is-layout-flex\" style=\"border-radius:5px;background-color:#d5e4e7;padding-top:var(--wp--preset--spacing--30);padding-right:var(--wp--preset--spacing--30);padding-bottom:var(--wp--preset--spacing--30);padding-left:var(--wp--preset--spacing--30)\">\n<figure class=\"wp-block-image aligncenter size-full is-resized has-custom-border\"><img loading=\"lazy\" decoding=\"async\" width=\"469\" height=\"469\" src=\"https:\/\/wp.unil.ch\/iaunil\/files\/2025\/07\/1706537762959.m-cropped.jpg\" alt=\"1706537762959.m cropped\" class=\"wp-image-2293\" style=\"border-radius:128px;object-fit:cover;width:200px;height:200px\" srcset=\"https:\/\/wp.unil.ch\/iaunil\/files\/2025\/07\/1706537762959.m-cropped.jpg 469w, https:\/\/wp.unil.ch\/iaunil\/files\/2025\/07\/1706537762959.m-cropped-300x300.jpg 300w, https:\/\/wp.unil.ch\/iaunil\/files\/2025\/07\/1706537762959.m-cropped-150x150.jpg 150w\" sizes=\"auto, (max-width: 469px) 100vw, 469px\" \/><\/figure>\n\n\n\n<h3 class=\"wp-block-heading\"><strong><strong>Fr\u00e9d\u00e9ric Erard<\/strong><\/strong><\/h3>\n\n\n\n<p class=\"has-text-align-center\">Professeur associ\u00e9e<\/p>\n\n\n\n<p class=\"has-text-align-center\"><strong>Facult\u00e9 de biologie et m\u00e9decine<\/strong><br><strong>Facult\u00e9 de droit, des sciences criminelles et d&rsquo;administration publique<\/strong> <\/p>\n\n\n\n<p class=\"has-text-align-center\">Sant\u00e9, Donn\u00e9es de sant\u00e9, Responsabilit\u00e9 m\u00e9dicale, Nouvelles technologies m\u00e9dicales<\/p>\n\n\n\n<div class=\"wp-block-buttons is-layout-flex wp-block-buttons-is-layout-flex\">\n<div class=\"wp-block-button\"><a class=\"wp-block-button__link wp-element-button\" href=\"https:\/\/applicationspub.unil.ch\/interpub\/noauth\/php\/Un\/UnPers.php?PerNum=1231923&amp;LanCode=37\" target=\"_blank\" rel=\"noreferrer noopener\">Profil<\/a><\/div>\n\n\n\n<div class=\"wp-block-button is-style-fill\"><a class=\"wp-block-button__link wp-element-button\" href=\"https:\/\/iris.unil.ch\/entities\/person\/fredericerard\" target=\"_blank\" rel=\"noreferrer noopener\">Publications<\/a><\/div>\n<\/div>\n<\/div>\n\n\n\n<div class=\"wp-block-group alignwide has-background wp-container-content-9df8e368 is-vertical is-content-justification-center is-layout-flex wp-container-core-group-is-layout-09aa6801 wp-block-group-is-layout-flex\" style=\"border-radius:5px;background-color:#d5e4e7;padding-top:var(--wp--preset--spacing--30);padding-right:var(--wp--preset--spacing--30);padding-bottom:var(--wp--preset--spacing--30);padding-left:var(--wp--preset--spacing--30)\">\n<figure class=\"wp-block-image aligncenter size-full is-resized has-custom-border\"><img loading=\"lazy\" decoding=\"async\" width=\"512\" height=\"512\" src=\"https:\/\/wp.unil.ch\/iaunil\/files\/2025\/07\/guillaume-fahrni-cropped.png\" alt=\"guillaume fahrni cropped\" class=\"wp-image-2404\" style=\"border-radius:128px;object-fit:cover;width:200px;height:200px\" srcset=\"https:\/\/wp.unil.ch\/iaunil\/files\/2025\/07\/guillaume-fahrni-cropped.png 512w, https:\/\/wp.unil.ch\/iaunil\/files\/2025\/07\/guillaume-fahrni-cropped-300x300.png 300w, https:\/\/wp.unil.ch\/iaunil\/files\/2025\/07\/guillaume-fahrni-cropped-150x150.png 150w\" sizes=\"auto, (max-width: 512px) 100vw, 512px\" \/><\/figure>\n\n\n\n<h3 class=\"wp-block-heading\"><strong><strong>Guillaume Fahrni<\/strong><\/strong><\/h3>\n\n\n\n<p class=\"has-text-align-center\">Chef de clinique<\/p>\n\n\n\n<p class=\"has-text-align-center\"><strong>Facult\u00e9 de biologie et m\u00e9decine<\/strong><\/p>\n\n\n\n<p class=\"has-text-align-center\">Radiology, Clinical, LLM<\/p>\n\n\n\n<div class=\"wp-block-buttons is-layout-flex wp-block-buttons-is-layout-flex\">\n<div class=\"wp-block-button\"><a class=\"wp-block-button__link wp-element-button\" href=\"https:\/\/applicationspub.unil.ch\/interpub\/noauth\/php\/Un\/UnPers.php?PerNum=1068495&amp;LanCode=37\" target=\"_blank\" rel=\"noreferrer noopener\">Profil<\/a><\/div>\n\n\n\n<div class=\"wp-block-button is-style-fill\"><a class=\"wp-block-button__link wp-element-button\" href=\"https:\/\/iris.unil.ch\/entities\/person\/guillaumefahrni1\" target=\"_blank\" rel=\"noreferrer noopener\">Publications<\/a><\/div>\n\n\n\n<div class=\"wp-block-button is-style-outline is-style-outline--11\"><a class=\"wp-block-button__link wp-element-button\" href=\"https:\/\/www.researchgate.net\/profile\/Guillaume-Fahrni?ev=hdr_xprf\" target=\"_blank\" rel=\"noreferrer noopener\">Site web<\/a><\/div>\n<\/div>\n<\/div>\n\n\n\n<div class=\"wp-block-group alignwide has-background wp-container-content-9df8e368 is-vertical is-content-justification-center is-layout-flex wp-container-core-group-is-layout-09aa6801 wp-block-group-is-layout-flex\" style=\"border-radius:5px;background-color:#d5e4e7;padding-top:var(--wp--preset--spacing--30);padding-right:var(--wp--preset--spacing--30);padding-bottom:var(--wp--preset--spacing--30);padding-left:var(--wp--preset--spacing--30)\">\n<figure class=\"wp-block-image aligncenter size-full is-resized has-custom-border\"><img loading=\"lazy\" decoding=\"async\" width=\"1200\" height=\"1200\" src=\"https:\/\/wp.unil.ch\/iaunil\/files\/2025\/07\/2025_mld_5963-cropped-1-1.jpg\" alt=\"2025 mld 5963 cropped (1)\" class=\"wp-image-2261\" style=\"border-radius:128px;object-fit:cover;width:200px;height:200px\" srcset=\"https:\/\/wp.unil.ch\/iaunil\/files\/2025\/07\/2025_mld_5963-cropped-1-1.jpg 1200w, https:\/\/wp.unil.ch\/iaunil\/files\/2025\/07\/2025_mld_5963-cropped-1-1-300x300.jpg 300w, https:\/\/wp.unil.ch\/iaunil\/files\/2025\/07\/2025_mld_5963-cropped-1-1-1024x1024.jpg 1024w, https:\/\/wp.unil.ch\/iaunil\/files\/2025\/07\/2025_mld_5963-cropped-1-1-150x150.jpg 150w, https:\/\/wp.unil.ch\/iaunil\/files\/2025\/07\/2025_mld_5963-cropped-1-1-768x768.jpg 768w\" sizes=\"auto, (max-width: 1200px) 100vw, 1200px\" \/><\/figure>\n\n\n\n<h3 class=\"wp-block-heading\"><strong>Eric<\/strong> <strong>Giannoni   <\/strong><\/h3>\n\n\n\n<p class=\"has-text-align-center\">Professeur associ\u00e9<\/p>\n\n\n\n<p class=\"has-text-align-center\"><strong>Facult\u00e9 de biologie et m\u00e9decine<\/strong><\/p>\n\n\n\n<p class=\"has-text-align-center\">Sepsis, Infection, Nouveau-n\u00e9, D\u00e9tection pr\u00e9coce, Signes vitaux<\/p>\n\n\n\n<div class=\"wp-block-buttons is-layout-flex wp-block-buttons-is-layout-flex\">\n<div class=\"wp-block-button\"><a class=\"wp-block-button__link wp-element-button\" href=\"https:\/\/applicationspub.unil.ch\/interpub\/noauth\/php\/Un\/UnPers.php?PerNum=911347&amp;LanCode=37\" target=\"_blank\" rel=\"noreferrer noopener\">Profil<\/a><\/div>\n\n\n\n<div class=\"wp-block-button is-style-fill\"><a class=\"wp-block-button__link wp-element-button\" href=\"https:\/\/iris.unil.ch\/entities\/person\/ericgiannoni\" target=\"_blank\" rel=\"noreferrer noopener\">Publications<\/a><\/div>\n\n\n\n<div class=\"wp-block-button is-style-outline is-style-outline--12\"><a class=\"wp-block-button__link wp-element-button\" href=\"https:\/\/www.adonis-ai.ch\/\" target=\"_blank\" rel=\"noreferrer noopener\">Site web<\/a><\/div>\n<\/div>\n<\/div>\n\n\n\n<div class=\"wp-block-group alignwide has-background wp-container-content-9df8e368 is-vertical is-content-justification-center is-layout-flex wp-container-core-group-is-layout-09aa6801 wp-block-group-is-layout-flex\" style=\"border-radius:5px;background-color:#d5e4e7;padding-top:var(--wp--preset--spacing--30);padding-right:var(--wp--preset--spacing--30);padding-bottom:var(--wp--preset--spacing--30);padding-left:var(--wp--preset--spacing--30)\">\n<figure class=\"wp-block-image aligncenter size-full is-resized has-custom-border\"><img loading=\"lazy\" decoding=\"async\" width=\"1200\" height=\"1200\" src=\"https:\/\/wp.unil.ch\/iaunil\/files\/2025\/11\/glassey-@unil-cropped.jpg\" alt=\"glassey @unil cropped\" class=\"wp-image-3045\" style=\"border-radius:128px;object-fit:cover;width:200px;height:200px\" srcset=\"https:\/\/wp.unil.ch\/iaunil\/files\/2025\/11\/glassey-@unil-cropped.jpg 1200w, https:\/\/wp.unil.ch\/iaunil\/files\/2025\/11\/glassey-@unil-cropped-300x300.jpg 300w, https:\/\/wp.unil.ch\/iaunil\/files\/2025\/11\/glassey-@unil-cropped-1024x1024.jpg 1024w, https:\/\/wp.unil.ch\/iaunil\/files\/2025\/11\/glassey-@unil-cropped-150x150.jpg 150w, https:\/\/wp.unil.ch\/iaunil\/files\/2025\/11\/glassey-@unil-cropped-768x768.jpg 768w\" sizes=\"auto, (max-width: 1200px) 100vw, 1200px\" \/><\/figure>\n\n\n\n<h3 class=\"wp-block-heading\"><strong>Olivier<\/strong> <strong>Glassey   <\/strong><\/h3>\n\n\n\n<p class=\"has-text-align-center\">Ma\u00eetre d&rsquo;enseignement et de recherche<\/p>\n\n\n\n<p class=\"has-text-align-center\"><strong><strong><strong>Facult\u00e9 des sciences sociales et politiques<\/strong><\/strong><\/strong><\/p>\n\n\n\n<p class=\"has-text-align-center\">Usages ordinaires, appropriation, r\u00e9gime \u00e9pist\u00e9mique, anthropomorphisation<\/p>\n\n\n\n<div class=\"wp-block-buttons is-layout-flex wp-block-buttons-is-layout-flex\">\n<div class=\"wp-block-button\"><a class=\"wp-block-button__link wp-element-button\" href=\"https:\/\/applicationspub.unil.ch\/interpub\/noauth\/php\/Un\/UnPers.php?PerNum=881059&amp;LanCode=37\" target=\"_blank\" rel=\"noreferrer noopener\">Profil<\/a><\/div>\n\n\n\n<div class=\"wp-block-button is-style-fill\"><a class=\"wp-block-button__link wp-element-button\" href=\"https:\/\/iris.unil.ch\/entities\/person\/olivierglassey\" target=\"_blank\" rel=\"noreferrer noopener\">Publications<\/a><\/div>\n<\/div>\n<\/div>\n\n\n\n<div class=\"wp-block-group alignwide has-background wp-container-content-9df8e368 is-vertical is-content-justification-center is-layout-flex wp-container-core-group-is-layout-09aa6801 wp-block-group-is-layout-flex\" style=\"border-radius:5px;background-color:#d5e4e7;padding-top:var(--wp--preset--spacing--30);padding-right:var(--wp--preset--spacing--30);padding-bottom:var(--wp--preset--spacing--30);padding-left:var(--wp--preset--spacing--30)\">\n<figure class=\"wp-block-image aligncenter size-full is-resized has-custom-border\"><img loading=\"lazy\" decoding=\"async\" width=\"469\" height=\"469\" src=\"https:\/\/wp.unil.ch\/iaunil\/files\/2025\/07\/screenshot-2025-05-12-at-10-cropped.png\" alt=\"screenshot 2025 05 12 at 10 cropped\" class=\"wp-image-2408\" style=\"border-radius:128px;object-fit:cover;width:200px;height:200px\" srcset=\"https:\/\/wp.unil.ch\/iaunil\/files\/2025\/07\/screenshot-2025-05-12-at-10-cropped.png 469w, https:\/\/wp.unil.ch\/iaunil\/files\/2025\/07\/screenshot-2025-05-12-at-10-cropped-300x300.png 300w, https:\/\/wp.unil.ch\/iaunil\/files\/2025\/07\/screenshot-2025-05-12-at-10-cropped-150x150.png 150w\" sizes=\"auto, (max-width: 469px) 100vw, 469px\" \/><\/figure>\n\n\n\n<h3 class=\"wp-block-heading\"><strong>Alexandre Gouveia<\/strong><\/h3>\n\n\n\n<p class=\"has-text-align-center\">M\u00e9decin chef<\/p>\n\n\n\n<p class=\"has-text-align-center\"><strong>Facult\u00e9 de biologie et m\u00e9decine<\/strong><\/p>\n\n\n\n<p class=\"has-text-align-center\">Incertitude, M\u00e9decine g\u00e9n\u00e9rale, Raisonnement clinique, Formation<\/p>\n\n\n\n<div class=\"wp-block-buttons is-layout-flex wp-block-buttons-is-layout-flex\">\n<div class=\"wp-block-button\"><a class=\"wp-block-button__link wp-element-button\" href=\"https:\/\/applicationspub.unil.ch\/interpub\/noauth\/php\/Un\/UnPers.php?PerNum=1222889&amp;LanCode=37\" target=\"_blank\" rel=\"noreferrer noopener\">Profil<\/a><\/div>\n\n\n\n<div class=\"wp-block-button is-style-fill\"><a class=\"wp-block-button__link wp-element-button\" href=\"https:\/\/iris.unil.ch\/entities\/person\/alexandregouveia\" target=\"_blank\" rel=\"noreferrer noopener\">Publications<\/a><\/div>\n<\/div>\n<\/div>\n\n\n\n<div class=\"wp-block-group alignwide has-background wp-container-content-9df8e368 is-vertical is-content-justification-center is-layout-flex wp-container-core-group-is-layout-09aa6801 wp-block-group-is-layout-flex\" style=\"border-radius:5px;background-color:#d5e4e7;padding-top:var(--wp--preset--spacing--30);padding-right:var(--wp--preset--spacing--30);padding-bottom:var(--wp--preset--spacing--30);padding-left:var(--wp--preset--spacing--30)\">\n<figure class=\"wp-block-image aligncenter size-full is-resized has-custom-border\"><img loading=\"lazy\" decoding=\"async\" width=\"1200\" height=\"1200\" src=\"https:\/\/wp.unil.ch\/iaunil\/files\/2025\/07\/antoine_guisan-6469-cropped.jpg\" alt=\"antoine guisan 6469 cropped\" class=\"wp-image-2334\" style=\"border-radius:128px;object-fit:cover;width:200px;height:200px\" srcset=\"https:\/\/wp.unil.ch\/iaunil\/files\/2025\/07\/antoine_guisan-6469-cropped.jpg 1200w, https:\/\/wp.unil.ch\/iaunil\/files\/2025\/07\/antoine_guisan-6469-cropped-300x300.jpg 300w, https:\/\/wp.unil.ch\/iaunil\/files\/2025\/07\/antoine_guisan-6469-cropped-1024x1024.jpg 1024w, https:\/\/wp.unil.ch\/iaunil\/files\/2025\/07\/antoine_guisan-6469-cropped-150x150.jpg 150w, https:\/\/wp.unil.ch\/iaunil\/files\/2025\/07\/antoine_guisan-6469-cropped-768x768.jpg 768w\" sizes=\"auto, (max-width: 1200px) 100vw, 1200px\" \/><\/figure>\n\n\n\n<h3 class=\"wp-block-heading\"><strong>Antoine Guisan   <\/strong><\/h3>\n\n\n\n<p class=\"has-text-align-center\">Professeur ordinaire<\/p>\n\n\n\n<p class=\"has-text-align-center\"><strong>Facult\u00e9 de biologie et m\u00e9decine<\/strong><br><strong>Facult\u00e9 des g\u00e9osciences et de l&rsquo;environnement<\/strong><\/p>\n\n\n\n<p class=\"has-text-align-center\">Mod\u00e8les de distribution d&rsquo;esp\u00e8ces, Pr\u00e9dictions spatiales, Sc\u00e9narios<\/p>\n\n\n\n<div class=\"wp-block-buttons is-layout-flex wp-block-buttons-is-layout-flex\">\n<div class=\"wp-block-button\"><a class=\"wp-block-button__link wp-element-button\" href=\"https:\/\/applicationspub.unil.ch\/interpub\/noauth\/php\/Un\/UnPers.php?PerNum=861627&amp;LanCode=37\" target=\"_blank\" rel=\"noreferrer noopener\">Profil<\/a><\/div>\n\n\n\n<div class=\"wp-block-button is-style-fill\"><a class=\"wp-block-button__link wp-element-button\" href=\"https:\/\/iris.unil.ch\/entities\/person\/antoineguisan\" target=\"_blank\" rel=\"noreferrer noopener\">Publications<\/a><\/div>\n\n\n\n<div class=\"wp-block-button is-style-outline is-style-outline--13\"><a class=\"wp-block-button__link wp-element-button\" href=\"https:\/\/www.unil.ch\/ecospat\" target=\"_blank\" rel=\"noreferrer noopener\">Site web<\/a><\/div>\n<\/div>\n<\/div>\n\n\n\n<div class=\"wp-block-group alignwide has-background wp-container-content-9df8e368 is-vertical is-content-justification-center is-layout-flex wp-container-core-group-is-layout-09aa6801 wp-block-group-is-layout-flex\" style=\"border-radius:5px;background-color:#d5e4e7;padding-top:var(--wp--preset--spacing--30);padding-right:var(--wp--preset--spacing--30);padding-bottom:var(--wp--preset--spacing--30);padding-left:var(--wp--preset--spacing--30)\">\n<figure class=\"wp-block-image aligncenter size-full is-resized has-custom-border\"><img loading=\"lazy\" decoding=\"async\" width=\"557\" height=\"557\" src=\"https:\/\/wp.unil.ch\/iaunil\/files\/2025\/07\/patrick-haack_4-cropped.jpg\" alt=\"patrick haack 4 cropped\" class=\"wp-image-2359\" style=\"border-radius:128px;object-fit:cover;width:200px;height:200px\" srcset=\"https:\/\/wp.unil.ch\/iaunil\/files\/2025\/07\/patrick-haack_4-cropped.jpg 557w, https:\/\/wp.unil.ch\/iaunil\/files\/2025\/07\/patrick-haack_4-cropped-300x300.jpg 300w, https:\/\/wp.unil.ch\/iaunil\/files\/2025\/07\/patrick-haack_4-cropped-150x150.jpg 150w\" sizes=\"auto, (max-width: 557px) 100vw, 557px\" \/><\/figure>\n\n\n\n<h3 class=\"wp-block-heading\"><strong>Patrick Haack<\/strong><\/h3>\n\n\n\n<p class=\"has-text-align-center\">Professeur ordinaire<\/p>\n\n\n\n<p class=\"has-text-align-center\"><strong>Facult\u00e9 des hautes \u00e9tudes commerciales<\/strong><\/p>\n\n\n\n<p class=\"has-text-align-center\">Learning, Education, Skills, Fake news, Disinformation<\/p>\n\n\n\n<div class=\"wp-block-buttons is-layout-flex wp-block-buttons-is-layout-flex\">\n<div class=\"wp-block-button\"><a class=\"wp-block-button__link wp-element-button\" href=\"https:\/\/applicationspub.unil.ch\/interpub\/noauth\/php\/Un\/UnPers.php?PerNum=1176341&amp;LanCode=37\" target=\"_blank\" rel=\"noreferrer noopener\">Profil<\/a><\/div>\n\n\n\n<div class=\"wp-block-button is-style-fill\"><a class=\"wp-block-button__link wp-element-button\" href=\"https:\/\/iris.unil.ch\/entities\/person\/patrickhaack\" target=\"_blank\" rel=\"noreferrer noopener\">Publications<\/a><\/div>\n\n\n\n<div class=\"wp-block-button is-style-outline is-style-outline--14\"><a class=\"wp-block-button__link wp-element-button\" href=\"https:\/\/scholar.google.de\/citations?user=AUqTOugAAAAJ&amp;hl=en\" target=\"_blank\" rel=\"noreferrer noopener\">Site web<\/a><\/div>\n<\/div>\n<\/div>\n\n\n\n<div class=\"wp-block-group alignwide has-background wp-container-content-9df8e368 is-vertical is-content-justification-center is-layout-flex wp-container-core-group-is-layout-09aa6801 wp-block-group-is-layout-flex\" style=\"border-radius:5px;background-color:#d5e4e7;padding-top:var(--wp--preset--spacing--30);padding-right:var(--wp--preset--spacing--30);padding-bottom:var(--wp--preset--spacing--30);padding-left:var(--wp--preset--spacing--30)\">\n<figure class=\"wp-block-image aligncenter size-full is-resized has-custom-border\"><img loading=\"lazy\" decoding=\"async\" width=\"1200\" height=\"1200\" src=\"https:\/\/wp.unil.ch\/iaunil\/files\/2025\/07\/d_hamidovic-cropped.jpg\" alt=\"d hamidovic cropped\" class=\"wp-image-2336\" style=\"border-radius:128px;object-fit:cover;width:200px;height:200px\" srcset=\"https:\/\/wp.unil.ch\/iaunil\/files\/2025\/07\/d_hamidovic-cropped.jpg 1200w, https:\/\/wp.unil.ch\/iaunil\/files\/2025\/07\/d_hamidovic-cropped-300x300.jpg 300w, https:\/\/wp.unil.ch\/iaunil\/files\/2025\/07\/d_hamidovic-cropped-1024x1024.jpg 1024w, https:\/\/wp.unil.ch\/iaunil\/files\/2025\/07\/d_hamidovic-cropped-150x150.jpg 150w, https:\/\/wp.unil.ch\/iaunil\/files\/2025\/07\/d_hamidovic-cropped-768x768.jpg 768w\" sizes=\"auto, (max-width: 1200px) 100vw, 1200px\" \/><\/figure>\n\n\n\n<h3 class=\"wp-block-heading\"><strong>David Hamidovic<\/strong><\/h3>\n\n\n\n<p class=\"has-text-align-center\">Professeur ordinaire<\/p>\n\n\n\n<p class=\"has-text-align-center\"><strong>Facult\u00e9 de th\u00e9ologie et de sciences des religions<\/strong><\/p>\n\n\n\n<p class=\"has-text-align-center\">Deep Learning, Deep SVDD, Machine Learning, Scribe<\/p>\n\n\n\n<div class=\"wp-block-buttons is-layout-flex wp-block-buttons-is-layout-flex\">\n<div class=\"wp-block-button\"><a class=\"wp-block-button__link wp-element-button\" href=\"https:\/\/applicationspub.unil.ch\/interpub\/noauth\/php\/Un\/UnPers.php?PerNum=1125600&amp;LanCode=37\" target=\"_blank\" rel=\"noreferrer noopener\">Profil<\/a><\/div>\n\n\n\n<div class=\"wp-block-button is-style-fill\"><a class=\"wp-block-button__link wp-element-button\" href=\"https:\/\/iris.unil.ch\/entities\/person\/davidhamidovic\" target=\"_blank\" rel=\"noreferrer noopener\">Publications<\/a><\/div>\n<\/div>\n<\/div>\n\n\n\n<div class=\"wp-block-group alignwide has-background wp-container-content-9df8e368 is-vertical is-content-justification-center is-layout-flex wp-container-core-group-is-layout-09aa6801 wp-block-group-is-layout-flex\" style=\"border-radius:5px;background-color:#d5e4e7;padding-top:var(--wp--preset--spacing--30);padding-right:var(--wp--preset--spacing--30);padding-bottom:var(--wp--preset--spacing--30);padding-left:var(--wp--preset--spacing--30)\">\n<figure class=\"wp-block-image aligncenter size-full is-resized has-custom-border\"><img loading=\"lazy\" decoding=\"async\" width=\"1300\" height=\"1300\" src=\"https:\/\/wp.unil.ch\/iaunil\/files\/2026\/01\/photo_yh_2025_07-cropped-2-1.jpg\" alt=\"photo yh 2025 07 cropped (2) (1)\" class=\"wp-image-3434\" style=\"border-radius:128px;object-fit:cover;width:200px;height:200px\" srcset=\"https:\/\/wp.unil.ch\/iaunil\/files\/2026\/01\/photo_yh_2025_07-cropped-2-1.jpg 1300w, https:\/\/wp.unil.ch\/iaunil\/files\/2026\/01\/photo_yh_2025_07-cropped-2-1-300x300.jpg 300w, https:\/\/wp.unil.ch\/iaunil\/files\/2026\/01\/photo_yh_2025_07-cropped-2-1-1024x1024.jpg 1024w, https:\/\/wp.unil.ch\/iaunil\/files\/2026\/01\/photo_yh_2025_07-cropped-2-1-150x150.jpg 150w, https:\/\/wp.unil.ch\/iaunil\/files\/2026\/01\/photo_yh_2025_07-cropped-2-1-768x768.jpg 768w\" sizes=\"auto, (max-width: 1300px) 100vw, 1300px\" \/><\/figure>\n\n\n\n<h3 class=\"wp-block-heading\"><strong>Yevhen Havrylenko<\/strong><\/h3>\n\n\n\n<p class=\"has-text-align-center\">Professeur assistant en pr\u00e9titularisation conditionnelle<\/p>\n\n\n\n<p class=\"has-text-align-center\"><strong><strong>Facult\u00e9 des hautes \u00e9tudes commerciales<\/strong><\/strong><\/p>\n\n\n\n<p class=\"has-text-align-center\">Synthetic data, Data augmentation, Explainability, Knowledge distillation<\/p>\n\n\n\n<div class=\"wp-block-buttons is-layout-flex wp-block-buttons-is-layout-flex\">\n<div class=\"wp-block-button\"><a class=\"wp-block-button__link wp-element-button\" href=\"https:\/\/applicationspub.unil.ch\/interpub\/noauth\/php\/Un\/UnPers.php?PerNum=1279540&amp;LanCode=37\" target=\"_blank\" rel=\"noreferrer noopener\">Profil<\/a><\/div>\n\n\n\n<div class=\"wp-block-button is-style-fill\"><a class=\"wp-block-button__link wp-element-button\" href=\"https:\/\/iris.unil.ch\/entities\/person\/db762dfc-36f0-44b3-9582-ff452601c930\" target=\"_blank\" rel=\"noreferrer noopener\">Publications<\/a><\/div>\n\n\n\n<div class=\"wp-block-button is-style-outline is-style-outline--15\"><a class=\"wp-block-button__link wp-element-button\" href=\"https:\/\/www.linkedin.com\/in\/yevhenhavrylenko\/\" target=\"_blank\" rel=\"noreferrer noopener\">Site web<\/a><\/div>\n<\/div>\n<\/div>\n\n\n\n<div class=\"wp-block-group alignwide has-background wp-container-content-9df8e368 is-vertical is-content-justification-center is-layout-flex wp-container-core-group-is-layout-09aa6801 wp-block-group-is-layout-flex\" style=\"border-radius:5px;background-color:#d5e4e7;padding-top:var(--wp--preset--spacing--30);padding-right:var(--wp--preset--spacing--30);padding-bottom:var(--wp--preset--spacing--30);padding-left:var(--wp--preset--spacing--30)\">\n<figure class=\"wp-block-image aligncenter size-full is-resized has-custom-border\"><img loading=\"lazy\" decoding=\"async\" width=\"858\" height=\"858\" src=\"https:\/\/wp.unil.ch\/iaunil\/files\/2025\/06\/jouvet01_ausschnitt-cropped-1-1.jpg\" alt=\"jouvet01 ausschnitt cropped (1)\" class=\"wp-image-1795\" style=\"border-radius:128px;object-fit:cover;width:200px;height:200px\" srcset=\"https:\/\/wp.unil.ch\/iaunil\/files\/2025\/06\/jouvet01_ausschnitt-cropped-1-1.jpg 858w, https:\/\/wp.unil.ch\/iaunil\/files\/2025\/06\/jouvet01_ausschnitt-cropped-1-1-300x300.jpg 300w, https:\/\/wp.unil.ch\/iaunil\/files\/2025\/06\/jouvet01_ausschnitt-cropped-1-1-150x150.jpg 150w, https:\/\/wp.unil.ch\/iaunil\/files\/2025\/06\/jouvet01_ausschnitt-cropped-1-1-768x768.jpg 768w\" sizes=\"auto, (max-width: 858px) 100vw, 858px\" \/><\/figure>\n\n\n\n<h3 class=\"wp-block-heading\"><strong>Guillaume Jouvet<\/strong><\/h3>\n\n\n\n<p class=\"has-text-align-center\">Professeur rempla\u00e7ant<\/p>\n\n\n\n<p class=\"has-text-align-center\"><strong>Facult\u00e9 des g\u00e9osciences et de l&rsquo;environnement<\/strong><\/p>\n\n\n\n<p class=\"has-text-align-center\">Glaciology, Physics-Informed neural network, Numerical modelling<\/p>\n\n\n\n<div class=\"wp-block-buttons is-layout-flex wp-block-buttons-is-layout-flex\">\n<div class=\"wp-block-button\"><a class=\"wp-block-button__link wp-element-button\" href=\"https:\/\/applicationspub.unil.ch\/interpub\/noauth\/php\/Un\/UnPers.php?PerNum=1245710&amp;LanCode=37\" target=\"_blank\" rel=\"noreferrer noopener\">Profil<\/a><\/div>\n\n\n\n<div class=\"wp-block-button is-style-fill\"><a class=\"wp-block-button__link wp-element-button\" href=\"https:\/\/iris.unil.ch\/entities\/person\/guillaumejouvet\" target=\"_blank\" rel=\"noreferrer noopener\">Publications<\/a><\/div>\n\n\n\n<div class=\"wp-block-button is-style-outline is-style-outline--16\"><a class=\"wp-block-button__link wp-element-button\" href=\"https:\/\/jouvetg.github.io\/\" target=\"_blank\" rel=\"noreferrer noopener\">Site web<\/a><\/div>\n<\/div>\n<\/div>\n\n\n\n<div class=\"wp-block-group alignwide has-background wp-container-content-9df8e368 is-vertical is-content-justification-center is-layout-flex wp-container-core-group-is-layout-09aa6801 wp-block-group-is-layout-flex\" style=\"border-radius:5px;background-color:#d5e4e7;padding-top:var(--wp--preset--spacing--30);padding-right:var(--wp--preset--spacing--30);padding-bottom:var(--wp--preset--spacing--30);padding-left:var(--wp--preset--spacing--30)\">\n<figure class=\"wp-block-image aligncenter size-full is-resized has-custom-border\"><img loading=\"lazy\" decoding=\"async\" width=\"591\" height=\"591\" src=\"https:\/\/wp.unil.ch\/iaunil\/files\/2025\/07\/bw_5x7-cm-cropped.jpg\" alt=\"bw 5x7 cm cropped\" class=\"wp-image-2508\" style=\"border-radius:128px;object-fit:cover;width:200px;height:200px\" srcset=\"https:\/\/wp.unil.ch\/iaunil\/files\/2025\/07\/bw_5x7-cm-cropped.jpg 591w, https:\/\/wp.unil.ch\/iaunil\/files\/2025\/07\/bw_5x7-cm-cropped-300x300.jpg 300w, https:\/\/wp.unil.ch\/iaunil\/files\/2025\/07\/bw_5x7-cm-cropped-150x150.jpg 150w\" sizes=\"auto, (max-width: 591px) 100vw, 591px\" \/><\/figure>\n\n\n\n<h3 class=\"wp-block-heading\"><strong>Ralf J\u00fcrgen Jox<\/strong><\/h3>\n\n\n\n<p class=\"has-text-align-center\">Professeur ordinaire<\/p>\n\n\n\n<p class=\"has-text-align-center\"><strong>Facult\u00e9 de biologie et m\u00e9decine<\/strong><\/p>\n\n\n\n<p class=\"has-text-align-center\">Ethics of AI, Medical ethics, Bioethics<\/p>\n\n\n\n<div class=\"wp-block-buttons is-layout-flex wp-block-buttons-is-layout-flex\">\n<div class=\"wp-block-button\"><a class=\"wp-block-button__link wp-element-button\" href=\"https:\/\/applicationspub.unil.ch\/interpub\/noauth\/php\/Un\/UnPers.php?PerNum=1178896&amp;LanCode=37\" target=\"_blank\" rel=\"noreferrer noopener\">Profil<\/a><\/div>\n\n\n\n<div class=\"wp-block-button is-style-fill\"><a class=\"wp-block-button__link wp-element-button\" href=\"https:\/\/iris.unil.ch\/entities\/person\/ralfjurgenjox\" target=\"_blank\" rel=\"noreferrer noopener\">Publications<\/a><\/div>\n<\/div>\n<\/div>\n\n\n\n<div class=\"wp-block-group alignwide has-background wp-container-content-9df8e368 is-vertical is-content-justification-center is-layout-flex wp-container-core-group-is-layout-09aa6801 wp-block-group-is-layout-flex\" style=\"border-radius:5px;background-color:#d5e4e7;padding-top:var(--wp--preset--spacing--30);padding-right:var(--wp--preset--spacing--30);padding-bottom:var(--wp--preset--spacing--30);padding-left:var(--wp--preset--spacing--30)\">\n<figure class=\"wp-block-image aligncenter size-full is-resized has-custom-border\"><img loading=\"lazy\" decoding=\"async\" width=\"223\" height=\"223\" src=\"https:\/\/wp.unil.ch\/iaunil\/files\/2025\/07\/photo_mario-jreige-cropped.jpg\" alt=\"photo mario jreige cropped\" class=\"wp-image-2273\" style=\"border-radius:128px;object-fit:cover;width:200px;height:200px\" srcset=\"https:\/\/wp.unil.ch\/iaunil\/files\/2025\/07\/photo_mario-jreige-cropped.jpg 223w, https:\/\/wp.unil.ch\/iaunil\/files\/2025\/07\/photo_mario-jreige-cropped-150x150.jpg 150w\" sizes=\"auto, (max-width: 223px) 100vw, 223px\" \/><\/figure>\n\n\n\n<h3 class=\"wp-block-heading\"><strong><strong>Mario<\/strong><\/strong> <strong>Jreige   <\/strong><\/h3>\n\n\n\n<p class=\"has-text-align-center\">Ma\u00eetre d&rsquo;enseignement et de recherche clinicien<\/p>\n\n\n\n<p class=\"has-text-align-center\"><strong>Facult\u00e9 de biologie et m\u00e9decine<\/strong><\/p>\n\n\n\n<p class=\"has-text-align-center\">M\u00e9decine nucl\u00e9aire, Imagerie mol\u00e9culaire, Radiologie<\/p>\n\n\n\n<div class=\"wp-block-buttons is-layout-flex wp-block-buttons-is-layout-flex\">\n<div class=\"wp-block-button\"><a class=\"wp-block-button__link wp-element-button\" href=\"https:\/\/applicationspub.unil.ch\/interpub\/noauth\/php\/Un\/UnPers.php?PerNum=1216661&amp;LanCode=37\" target=\"_blank\" rel=\"noreferrer noopener\">Profil<\/a><\/div>\n\n\n\n<div class=\"wp-block-button is-style-fill\"><a class=\"wp-block-button__link wp-element-button\" href=\"https:\/\/iris.unil.ch\/entities\/person\/mariojreige\" target=\"_blank\" rel=\"noreferrer noopener\">Publications<\/a><\/div>\n\n\n\n<div class=\"wp-block-button is-style-outline is-style-outline--17\"><a class=\"wp-block-button__link wp-element-button\" href=\"https:\/\/www.chuv.ch\/fr\/medecine-nucleaire\/nuc-home\/le-service-en-bref\/direction\/dr-mario-jreige\" target=\"_blank\" rel=\"noreferrer noopener\">Site web<\/a><\/div>\n<\/div>\n<\/div>\n\n\n\n<div class=\"wp-block-group alignwide has-background wp-container-content-9df8e368 is-vertical is-content-justification-center is-layout-flex wp-container-core-group-is-layout-09aa6801 wp-block-group-is-layout-flex\" style=\"border-radius:5px;background-color:#d5e4e7;padding-top:var(--wp--preset--spacing--30);padding-right:var(--wp--preset--spacing--30);padding-bottom:var(--wp--preset--spacing--30);padding-left:var(--wp--preset--spacing--30)\">\n<figure class=\"wp-block-image aligncenter size-full is-resized has-custom-border\"><img loading=\"lazy\" decoding=\"async\" width=\"1200\" height=\"1200\" src=\"https:\/\/wp.unil.ch\/iaunil\/files\/2025\/07\/kutalik-zoltan-cropped.jpg\" alt=\"kutalik zoltan cropped\" class=\"wp-image-2277\" style=\"border-radius:128px;object-fit:cover;width:200px;height:200px\" srcset=\"https:\/\/wp.unil.ch\/iaunil\/files\/2025\/07\/kutalik-zoltan-cropped.jpg 1200w, https:\/\/wp.unil.ch\/iaunil\/files\/2025\/07\/kutalik-zoltan-cropped-300x300.jpg 300w, https:\/\/wp.unil.ch\/iaunil\/files\/2025\/07\/kutalik-zoltan-cropped-1024x1024.jpg 1024w, https:\/\/wp.unil.ch\/iaunil\/files\/2025\/07\/kutalik-zoltan-cropped-150x150.jpg 150w, https:\/\/wp.unil.ch\/iaunil\/files\/2025\/07\/kutalik-zoltan-cropped-768x768.jpg 768w\" sizes=\"auto, (max-width: 1200px) 100vw, 1200px\" \/><\/figure>\n\n\n\n<h3 class=\"wp-block-heading\"><strong>Zoltan<\/strong> <strong>Kutalik <\/strong><\/h3>\n\n\n\n<p class=\"has-text-align-center\">Professeur associ\u00e9<\/p>\n\n\n\n<p class=\"has-text-align-center\"><strong>Facult\u00e9 de biologie et m\u00e9decine<\/strong><\/p>\n\n\n\n<p class=\"has-text-align-center\">Statistical human genetics, Personalised medicine, Large-scale population biobanks, Causal inference<\/p>\n\n\n\n<div class=\"wp-block-buttons is-layout-flex wp-block-buttons-is-layout-flex\">\n<div class=\"wp-block-button\"><a class=\"wp-block-button__link wp-element-button\" href=\"https:\/\/applicationspub.unil.ch\/interpub\/noauth\/php\/Un\/UnPers.php?PerNum=1048220&amp;LanCode=37\" target=\"_blank\" rel=\"noreferrer noopener\">Profil<\/a><\/div>\n\n\n\n<div class=\"wp-block-button is-style-fill\"><a class=\"wp-block-button__link wp-element-button\" href=\"https:\/\/iris.unil.ch\/entities\/person\/zoltankutalik\" target=\"_blank\" rel=\"noreferrer noopener\">Publications<\/a><\/div>\n\n\n\n<div class=\"wp-block-button is-style-outline is-style-outline--18\"><a class=\"wp-block-button__link wp-element-button\" href=\"https:\/\/wp.unil.ch\/sgg\/\" target=\"_blank\" rel=\"noreferrer noopener\">Site web<\/a><\/div>\n<\/div>\n<\/div>\n\n\n\n<div class=\"wp-block-group alignwide has-background wp-container-content-9df8e368 is-vertical is-content-justification-center is-layout-flex wp-container-core-group-is-layout-09aa6801 wp-block-group-is-layout-flex\" style=\"border-radius:5px;background-color:#d5e4e7;padding-top:var(--wp--preset--spacing--30);padding-right:var(--wp--preset--spacing--30);padding-bottom:var(--wp--preset--spacing--30);padding-left:var(--wp--preset--spacing--30)\">\n<figure class=\"wp-block-image aligncenter size-full is-resized has-custom-border\"><img loading=\"lazy\" decoding=\"async\" width=\"1200\" height=\"1200\" src=\"https:\/\/wp.unil.ch\/iaunil\/files\/2025\/09\/bio_1604-cropped.jpg\" alt=\"bio 1604 cropped\" class=\"wp-image-2872\" style=\"border-radius:128px;object-fit:cover;width:200px;height:200px\" srcset=\"https:\/\/wp.unil.ch\/iaunil\/files\/2025\/09\/bio_1604-cropped.jpg 1200w, https:\/\/wp.unil.ch\/iaunil\/files\/2025\/09\/bio_1604-cropped-300x300.jpg 300w, https:\/\/wp.unil.ch\/iaunil\/files\/2025\/09\/bio_1604-cropped-1024x1024.jpg 1024w, https:\/\/wp.unil.ch\/iaunil\/files\/2025\/09\/bio_1604-cropped-150x150.jpg 150w, https:\/\/wp.unil.ch\/iaunil\/files\/2025\/09\/bio_1604-cropped-768x768.jpg 768w\" sizes=\"auto, (max-width: 1200px) 100vw, 1200px\" \/><\/figure>\n\n\n\n<h3 class=\"wp-block-heading\"><strong>Philippe Jacquet <\/strong><\/h3>\n\n\n\n<p class=\"has-text-align-center\">Data scientist<\/p>\n\n\n\n<p class=\"has-text-align-center\"><strong>Centre informatique DCSR<\/strong><\/p>\n\n\n\n<p class=\"has-text-align-center\">Scientific consulting, Machine learning, Projects<\/p>\n\n\n\n<div class=\"wp-block-buttons is-layout-flex wp-block-buttons-is-layout-flex\">\n<div class=\"wp-block-button\"><a class=\"wp-block-button__link wp-element-button\" href=\"https:\/\/applicationspub.unil.ch\/interpub\/noauth\/php\/Un\/UnPers.php?PerNum=1182436&amp;LanCode=37\" target=\"_blank\" rel=\"noreferrer noopener\">Profil<\/a><\/div>\n\n\n\n<div class=\"wp-block-button is-style-fill\"><a class=\"wp-block-button__link wp-element-button\" href=\"https:\/\/iris.unil.ch\/entities\/person\/philippejacquet\" target=\"_blank\" rel=\"noreferrer noopener\">Publications<\/a><\/div>\n\n\n\n<div class=\"wp-block-button is-style-outline is-style-outline--19\"><a class=\"wp-block-button__link wp-element-button\" href=\"https:\/\/www.unil.ch\/ci\/fr\/home\/menuinst\/calcul--soutien-recherche.html\" target=\"_blank\" rel=\"noreferrer noopener\">Site web<\/a><\/div>\n<\/div>\n<\/div>\n\n\n\n<div class=\"wp-block-group alignwide has-background wp-container-content-9df8e368 is-vertical is-content-justification-center is-layout-flex wp-container-core-group-is-layout-09aa6801 wp-block-group-is-layout-flex\" style=\"border-radius:5px;background-color:#d5e4e7;padding-top:var(--wp--preset--spacing--30);padding-right:var(--wp--preset--spacing--30);padding-bottom:var(--wp--preset--spacing--30);padding-left:var(--wp--preset--spacing--30)\">\n<figure class=\"wp-block-image aligncenter size-full is-resized has-custom-border\"><img loading=\"lazy\" decoding=\"async\" width=\"1200\" height=\"1200\" src=\"https:\/\/wp.unil.ch\/iaunil\/files\/2025\/07\/okp_1177_square-cropped.jpg\" alt=\"okp 1177 square cropped\" class=\"wp-image-2344\" style=\"border-radius:128px;object-fit:cover;width:200px;height:200px\" srcset=\"https:\/\/wp.unil.ch\/iaunil\/files\/2025\/07\/okp_1177_square-cropped.jpg 1200w, https:\/\/wp.unil.ch\/iaunil\/files\/2025\/07\/okp_1177_square-cropped-300x300.jpg 300w, https:\/\/wp.unil.ch\/iaunil\/files\/2025\/07\/okp_1177_square-cropped-1024x1024.jpg 1024w, https:\/\/wp.unil.ch\/iaunil\/files\/2025\/07\/okp_1177_square-cropped-150x150.jpg 150w, https:\/\/wp.unil.ch\/iaunil\/files\/2025\/07\/okp_1177_square-cropped-768x768.jpg 768w\" sizes=\"auto, (max-width: 1200px) 100vw, 1200px\" \/><\/figure>\n\n\n\n<h3 class=\"wp-block-heading\"><strong>Rafael Lalive<\/strong><\/h3>\n\n\n\n<p class=\"has-text-align-center\">Professeur ordinaire<\/p>\n\n\n\n<p class=\"has-text-align-center\"><strong>Facult\u00e9 des hautes \u00e9tudes commerciales<\/strong><br><strong>Facult\u00e9 des sciences sociales et politiques<\/strong><\/p>\n\n\n\n<p class=\"has-text-align-center\">IA et cr\u00e9ativit\u00e9, IA et emploi, IA et comp\u00e9tences<\/p>\n\n\n\n<div class=\"wp-block-buttons is-layout-flex wp-block-buttons-is-layout-flex\">\n<div class=\"wp-block-button\"><a class=\"wp-block-button__link wp-element-button\" href=\"https:\/\/applicationspub.unil.ch\/interpub\/noauth\/php\/Un\/UnPers.php?PerNum=1051685&amp;LanCode=37\" target=\"_blank\" rel=\"noreferrer noopener\">Profil<\/a><\/div>\n\n\n\n<div class=\"wp-block-button is-style-fill\"><a class=\"wp-block-button__link wp-element-button\" href=\"https:\/\/iris.unil.ch\/entities\/person\/rafaellalive\" target=\"_blank\" rel=\"noreferrer noopener\">Publications<\/a><\/div>\n\n\n\n<div class=\"wp-block-button is-style-outline is-style-outline--20\"><a class=\"wp-block-button__link wp-element-button\" href=\"https:\/\/sites.google.com\/site\/rafaellalive\/\" target=\"_blank\" rel=\"noreferrer noopener\">Site web<\/a><\/div>\n<\/div>\n<\/div>\n\n\n\n<div class=\"wp-block-group alignwide has-background wp-container-content-9df8e368 is-vertical is-content-justification-center is-layout-flex wp-container-core-group-is-layout-09aa6801 wp-block-group-is-layout-flex\" style=\"border-radius:5px;background-color:#d5e4e7;padding-top:var(--wp--preset--spacing--30);padding-right:var(--wp--preset--spacing--30);padding-bottom:var(--wp--preset--spacing--30);padding-left:var(--wp--preset--spacing--30)\">\n<figure class=\"wp-block-image aligncenter size-full is-resized has-custom-border\"><img loading=\"lazy\" decoding=\"async\" width=\"569\" height=\"569\" src=\"https:\/\/wp.unil.ch\/iaunil\/files\/2025\/07\/image-17.12.24-a-18.16-cropped.jpg\" alt=\"image 17.12.24 a 18.16 cropped\" class=\"wp-image-2318\" style=\"border-radius:128px;object-fit:cover;width:200px;height:200px\" srcset=\"https:\/\/wp.unil.ch\/iaunil\/files\/2025\/07\/image-17.12.24-a-18.16-cropped.jpg 569w, https:\/\/wp.unil.ch\/iaunil\/files\/2025\/07\/image-17.12.24-a-18.16-cropped-300x300.jpg 300w, https:\/\/wp.unil.ch\/iaunil\/files\/2025\/07\/image-17.12.24-a-18.16-cropped-150x150.jpg 150w\" sizes=\"auto, (max-width: 569px) 100vw, 569px\" \/><\/figure>\n\n\n\n<h3 class=\"wp-block-heading\"><strong>Audrey Lebret<\/strong><\/h3>\n\n\n\n<p>Professeure ordinaire<\/p>\n\n\n\n<p class=\"has-text-align-center\"><strong>Facult\u00e9 de droit, des sciences criminelles et d&rsquo;administration publique<\/strong><br><strong>Facult\u00e9 de biologie et de m\u00e9decine<\/strong><\/p>\n\n\n\n<p class=\"has-text-align-center\">Acceptabilit\u00e9, Droits humains, Sant\u00e9 num\u00e9rique, Gouvernance<\/p>\n\n\n\n<div class=\"wp-block-buttons is-layout-flex wp-block-buttons-is-layout-flex\">\n<div class=\"wp-block-button\"><a class=\"wp-block-button__link wp-element-button\" href=\"https:\/\/applicationspub.unil.ch\/interpub\/noauth\/php\/Un\/UnPers.php?PerNum=1267633&amp;LanCode=37\" target=\"_blank\" rel=\"noreferrer noopener\">Profil<\/a><\/div>\n\n\n\n<div class=\"wp-block-button is-style-fill\"><a class=\"wp-block-button__link wp-element-button\" href=\"https:\/\/iris.unil.ch\/entities\/person\/audreylebret\" target=\"_blank\" rel=\"noreferrer noopener\">Publications<\/a><\/div>\n<\/div>\n<\/div>\n\n\n\n<div class=\"wp-block-group alignwide has-background wp-container-content-9df8e368 is-vertical is-content-justification-center is-layout-flex wp-container-core-group-is-layout-09aa6801 wp-block-group-is-layout-flex\" style=\"border-radius:5px;background-color:#d5e4e7;padding-top:var(--wp--preset--spacing--30);padding-right:var(--wp--preset--spacing--30);padding-bottom:var(--wp--preset--spacing--30);padding-left:var(--wp--preset--spacing--30)\">\n<figure class=\"wp-block-image aligncenter size-full is-resized has-custom-border\"><img loading=\"lazy\" decoding=\"async\" width=\"440\" height=\"440\" src=\"https:\/\/wp.unil.ch\/iaunil\/files\/2025\/07\/capture-decran-2025-02-18-a-12.29.42-cropped-1.png\" alt=\"capture d\u2019e\u0301cran 2025 02 18 a\u0300 12.29.42 cropped (1)\" class=\"wp-image-2394\" style=\"border-radius:128px;object-fit:cover;width:200px;height:200px\" srcset=\"https:\/\/wp.unil.ch\/iaunil\/files\/2025\/07\/capture-decran-2025-02-18-a-12.29.42-cropped-1.png 440w, https:\/\/wp.unil.ch\/iaunil\/files\/2025\/07\/capture-decran-2025-02-18-a-12.29.42-cropped-1-300x300.png 300w, https:\/\/wp.unil.ch\/iaunil\/files\/2025\/07\/capture-decran-2025-02-18-a-12.29.42-cropped-1-150x150.png 150w\" sizes=\"auto, (max-width: 440px) 100vw, 440px\" \/><\/figure>\n\n\n\n<h3 class=\"wp-block-heading\"><strong>Th\u00e9 Van Luong<\/strong><\/h3>\n\n\n\n<p class=\"has-text-align-center\">Responsable IA et des syst\u00e8mes informatiques pour la recherche<\/p>\n\n\n\n<p class=\"has-text-align-center\"><strong>Service de la recherche<\/strong><\/p>\n\n\n\n<p class=\"has-text-align-center\">Optimization algorithms, Industrial problem solving, GPU computing<\/p>\n\n\n\n<div class=\"wp-block-buttons is-layout-flex wp-block-buttons-is-layout-flex\">\n<div class=\"wp-block-button\"><a class=\"wp-block-button__link wp-element-button\" href=\"https:\/\/edpub.unil.ch\/interpub\/noauth\/php\/Un\/UnPers.php?PerNum=1255324&amp;LanCode=8\" target=\"_blank\" rel=\"noreferrer noopener\">Profil<\/a><\/div>\n\n\n\n<div class=\"wp-block-button is-style-fill\"><a class=\"wp-block-button__link wp-element-button\" href=\"https:\/\/iris.unil.ch\/entities\/person\/thevanluong\" target=\"_blank\" rel=\"noreferrer noopener\">Publications<\/a><\/div>\n<\/div>\n<\/div>\n\n\n\n<div class=\"wp-block-group alignwide has-background wp-container-content-9df8e368 is-vertical is-content-justification-center is-layout-flex wp-container-core-group-is-layout-09aa6801 wp-block-group-is-layout-flex\" style=\"border-radius:5px;background-color:#d5e4e7;padding-top:var(--wp--preset--spacing--30);padding-right:var(--wp--preset--spacing--30);padding-bottom:var(--wp--preset--spacing--30);padding-left:var(--wp--preset--spacing--30)\">\n<figure class=\"wp-block-image aligncenter size-full is-resized has-custom-border\"><img loading=\"lazy\" decoding=\"async\" width=\"409\" height=\"409\" src=\"https:\/\/wp.unil.ch\/iaunil\/files\/2025\/07\/martino_maggetti-931-b-1024x681-copy-2-cropped.jpg\" alt=\"martino maggetti 931 b 1024x681 copy 2 cropped\" class=\"wp-image-2380\" style=\"border-radius:128px;object-fit:cover;width:200px;height:200px\" srcset=\"https:\/\/wp.unil.ch\/iaunil\/files\/2025\/07\/martino_maggetti-931-b-1024x681-copy-2-cropped.jpg 409w, https:\/\/wp.unil.ch\/iaunil\/files\/2025\/07\/martino_maggetti-931-b-1024x681-copy-2-cropped-300x300.jpg 300w, https:\/\/wp.unil.ch\/iaunil\/files\/2025\/07\/martino_maggetti-931-b-1024x681-copy-2-cropped-150x150.jpg 150w\" sizes=\"auto, (max-width: 409px) 100vw, 409px\" \/><\/figure>\n\n\n\n<h3 class=\"wp-block-heading\"><strong>Martino Maggetti<\/strong><\/h3>\n\n\n\n<p>Professeur ordinaire<\/p>\n\n\n\n<p class=\"has-text-align-center\"><strong>Facult\u00e9 des sciences sociales et politiques<\/strong><\/p>\n\n\n\n<p class=\"has-text-align-center\">Gouvernance, Politiques publiques, R\u00e9gulation, Science politique<\/p>\n\n\n\n<div class=\"wp-block-buttons is-layout-flex wp-block-buttons-is-layout-flex\">\n<div class=\"wp-block-button\"><a class=\"wp-block-button__link wp-element-button\" href=\"https:\/\/applicationspub.unil.ch\/interpub\/noauth\/php\/Un\/UnPers.php?PerNum=44024&amp;LanCode=37\" target=\"_blank\" rel=\"noreferrer noopener\">Profil<\/a><\/div>\n\n\n\n<div class=\"wp-block-button is-style-fill\"><a class=\"wp-block-button__link wp-element-button\" href=\"https:\/\/iris.unil.ch\/entities\/person\/martinomaggetti\" target=\"_blank\" rel=\"noreferrer noopener\">Publications<\/a><\/div>\n\n\n\n<div class=\"wp-block-button is-style-outline is-style-outline--21\"><a class=\"wp-block-button__link wp-element-button\" href=\"https:\/\/maggetti.org\/\" target=\"_blank\" rel=\"noreferrer noopener\">Site web<\/a><\/div>\n<\/div>\n<\/div>\n\n\n\n<div class=\"wp-block-group alignwide has-background wp-container-content-9df8e368 is-vertical is-content-justification-center is-layout-flex wp-container-core-group-is-layout-09aa6801 wp-block-group-is-layout-flex\" style=\"border-radius:5px;background-color:#d5e4e7;padding-top:var(--wp--preset--spacing--30);padding-right:var(--wp--preset--spacing--30);padding-bottom:var(--wp--preset--spacing--30);padding-left:var(--wp--preset--spacing--30)\">\n<figure class=\"wp-block-image aligncenter size-full is-resized has-custom-border\"><img loading=\"lazy\" decoding=\"async\" width=\"361\" height=\"361\" src=\"https:\/\/wp.unil.ch\/iaunil\/files\/2025\/07\/sebastien-marcel-with-mask-crop4web-cropped.jpg\" alt=\"sebastien marcel with mask crop4web cropped\" class=\"wp-image-2512\" style=\"border-radius:128px;object-fit:cover;width:200px;height:200px\" srcset=\"https:\/\/wp.unil.ch\/iaunil\/files\/2025\/07\/sebastien-marcel-with-mask-crop4web-cropped.jpg 361w, https:\/\/wp.unil.ch\/iaunil\/files\/2025\/07\/sebastien-marcel-with-mask-crop4web-cropped-300x300.jpg 300w, https:\/\/wp.unil.ch\/iaunil\/files\/2025\/07\/sebastien-marcel-with-mask-crop4web-cropped-150x150.jpg 150w\" sizes=\"auto, (max-width: 361px) 100vw, 361px\" \/><\/figure>\n\n\n\n<h3 class=\"wp-block-heading\"><strong>S\u00e9bastien<\/strong> <strong>Marcel <\/strong><\/h3>\n\n\n\n<p>Professeur titulaire<\/p>\n\n\n\n<p class=\"has-text-align-center\"><strong><strong>Facult\u00e9 de droit, des sciences criminelles et d&rsquo;administration publique<\/strong><\/strong><\/p>\n\n\n\n<p class=\"has-text-align-center\">Deep learning, Security, Privacy<\/p>\n\n\n\n<div class=\"wp-block-buttons is-layout-flex wp-block-buttons-is-layout-flex\">\n<div class=\"wp-block-button\"><a class=\"wp-block-button__link wp-element-button\" href=\"https:\/\/applicationspub.unil.ch\/interpub\/noauth\/php\/Un\/UnPers.php?PerNum=1208981&amp;LanCode=37\" target=\"_blank\" rel=\"noreferrer noopener\">Profil<\/a><\/div>\n\n\n\n<div class=\"wp-block-button is-style-fill\"><a class=\"wp-block-button__link wp-element-button\" href=\"https:\/\/iris.unil.ch\/entities\/person\/sebastienmarcel\" target=\"_blank\" rel=\"noreferrer noopener\">Publications<\/a><\/div>\n\n\n\n<div class=\"wp-block-button is-style-outline is-style-outline--22\"><a class=\"wp-block-button__link wp-element-button\" href=\"https:\/\/www.idiap.ch\/en\/scientific-research\/biometrics-security-and-privacy\" target=\"_blank\" rel=\"noreferrer noopener\">Site web<\/a><\/div>\n<\/div>\n<\/div>\n\n\n\n<div class=\"wp-block-group alignwide has-background wp-container-content-9df8e368 is-vertical is-content-justification-center is-layout-flex wp-container-core-group-is-layout-09aa6801 wp-block-group-is-layout-flex\" style=\"border-radius:5px;background-color:#d5e4e7;padding-top:var(--wp--preset--spacing--30);padding-right:var(--wp--preset--spacing--30);padding-bottom:var(--wp--preset--spacing--30);padding-left:var(--wp--preset--spacing--30)\">\n<figure class=\"wp-block-image aligncenter size-full is-resized has-custom-border\"><img loading=\"lazy\" decoding=\"async\" width=\"1200\" height=\"1200\" src=\"https:\/\/wp.unil.ch\/iaunil\/files\/2025\/07\/2023-sylvain-metille-portrait-6-cropped.jpg\" alt=\"2023 sylvain metille portrait 6 cropped\" class=\"wp-image-2325\" style=\"border-radius:128px;object-fit:cover;width:200px;height:200px\" srcset=\"https:\/\/wp.unil.ch\/iaunil\/files\/2025\/07\/2023-sylvain-metille-portrait-6-cropped.jpg 1200w, https:\/\/wp.unil.ch\/iaunil\/files\/2025\/07\/2023-sylvain-metille-portrait-6-cropped-300x300.jpg 300w, https:\/\/wp.unil.ch\/iaunil\/files\/2025\/07\/2023-sylvain-metille-portrait-6-cropped-1024x1024.jpg 1024w, https:\/\/wp.unil.ch\/iaunil\/files\/2025\/07\/2023-sylvain-metille-portrait-6-cropped-150x150.jpg 150w, https:\/\/wp.unil.ch\/iaunil\/files\/2025\/07\/2023-sylvain-metille-portrait-6-cropped-768x768.jpg 768w\" sizes=\"auto, (max-width: 1200px) 100vw, 1200px\" \/><\/figure>\n\n\n\n<h3 class=\"wp-block-heading\"><strong>Sylvain M\u00e9tille<\/strong><\/h3>\n\n\n\n<p>Professeur associ\u00e9<\/p>\n\n\n\n<p class=\"has-text-align-center\"><strong>Facult\u00e9 de droit, des sciences criminelles et d&rsquo;administration publique<\/strong><\/p>\n\n\n\n<p class=\"has-text-align-center\">Protection des donn\u00e9es, D\u00e9cision individuelle automatis\u00e9e, Sph\u00e8re priv\u00e9e, Secret de fonction, Secret professionnel<\/p>\n\n\n\n<div class=\"wp-block-buttons is-layout-flex wp-block-buttons-is-layout-flex\">\n<div class=\"wp-block-button\"><a class=\"wp-block-button__link wp-element-button\" href=\"https:\/\/applicationspub.unil.ch\/interpub\/noauth\/php\/Un\/UnPers.php?PerNum=1139807&amp;LanCode=37\" target=\"_blank\" rel=\"noreferrer noopener\">Profil<\/a><\/div>\n\n\n\n<div class=\"wp-block-button is-style-fill\"><a class=\"wp-block-button__link wp-element-button\" href=\"https:\/\/iris.unil.ch\/entities\/person\/sylvainmetille\" target=\"_blank\" rel=\"noreferrer noopener\">Publications<\/a><\/div>\n\n\n\n<div class=\"wp-block-button is-style-outline is-style-outline--23\"><a class=\"wp-block-button__link wp-element-button\" href=\"https:\/\/smetille.ch\" target=\"_blank\" rel=\"noreferrer noopener\">Site web<\/a><\/div>\n<\/div>\n<\/div>\n\n\n\n<div class=\"wp-block-group alignwide has-background wp-container-content-9df8e368 is-vertical is-content-justification-center is-layout-flex wp-container-core-group-is-layout-09aa6801 wp-block-group-is-layout-flex\" style=\"border-radius:5px;background-color:#d5e4e7;padding-top:var(--wp--preset--spacing--30);padding-right:var(--wp--preset--spacing--30);padding-bottom:var(--wp--preset--spacing--30);padding-left:var(--wp--preset--spacing--30)\">\n<figure class=\"wp-block-image aligncenter size-full is-resized has-custom-border\"><img loading=\"lazy\" decoding=\"async\" width=\"506\" height=\"506\" src=\"https:\/\/wp.unil.ch\/iaunil\/files\/2025\/07\/unnamed-1-cropped.jpg\" alt=\"unnamed (1) cropped\" class=\"wp-image-2314\" style=\"border-radius:128px;object-fit:cover;width:200px;height:200px\" srcset=\"https:\/\/wp.unil.ch\/iaunil\/files\/2025\/07\/unnamed-1-cropped.jpg 506w, https:\/\/wp.unil.ch\/iaunil\/files\/2025\/07\/unnamed-1-cropped-300x300.jpg 300w, https:\/\/wp.unil.ch\/iaunil\/files\/2025\/07\/unnamed-1-cropped-150x150.jpg 150w\" sizes=\"auto, (max-width: 506px) 100vw, 506px\" \/><\/figure>\n\n\n\n<h3 class=\"wp-block-heading\"><strong>Tobias Mettler<\/strong><\/h3>\n\n\n\n<p>Professeur ordinaire<\/p>\n\n\n\n<p class=\"has-text-align-center\"><strong>Facult\u00e9 de droit, des sciences criminelles et d&rsquo;administration publique<\/strong><\/p>\n\n\n\n<p class=\"has-text-align-center\">Algorithmic control, AI governance, Public sector, Digital transformation, Surveillance<\/p>\n\n\n\n<div class=\"wp-block-buttons is-layout-flex wp-block-buttons-is-layout-flex\">\n<div class=\"wp-block-button\"><a class=\"wp-block-button__link wp-element-button\" href=\"https:\/\/applicationspub.unil.ch\/interpub\/noauth\/php\/Un\/UnPers.php?PerNum=1189030&amp;LanCode=37\" target=\"_blank\" rel=\"noreferrer noopener\">Profil<\/a><\/div>\n\n\n\n<div class=\"wp-block-button is-style-fill\"><a class=\"wp-block-button__link wp-element-button\" href=\"https:\/\/iris.unil.ch\/entities\/person\/tobiasmettler\" target=\"_blank\" rel=\"noreferrer noopener\">Publications<\/a><\/div>\n\n\n\n<div class=\"wp-block-button is-style-outline is-style-outline--24\"><a class=\"wp-block-button__link wp-element-button\" href=\"https:\/\/www.unil.ch\/idheap\/diggov\" target=\"_blank\" rel=\"noreferrer noopener\">Site web<\/a><\/div>\n<\/div>\n<\/div>\n\n\n\n<div class=\"wp-block-group alignwide has-background wp-container-content-9df8e368 is-vertical is-content-justification-center is-layout-flex wp-container-core-group-is-layout-09aa6801 wp-block-group-is-layout-flex\" style=\"border-radius:5px;background-color:#d5e4e7;padding-top:var(--wp--preset--spacing--30);padding-right:var(--wp--preset--spacing--30);padding-bottom:var(--wp--preset--spacing--30);padding-left:var(--wp--preset--spacing--30)\">\n<figure class=\"wp-block-image aligncenter size-full is-resized has-custom-border\"><img loading=\"lazy\" decoding=\"async\" width=\"1200\" height=\"1200\" src=\"https:\/\/wp.unil.ch\/iaunil\/files\/2025\/07\/sylvainmeylan-cropped.jpg\" alt=\"sylvainmeylan cropped\" class=\"wp-image-2283\" style=\"border-radius:128px;object-fit:cover;width:200px;height:200px\" srcset=\"https:\/\/wp.unil.ch\/iaunil\/files\/2025\/07\/sylvainmeylan-cropped.jpg 1200w, https:\/\/wp.unil.ch\/iaunil\/files\/2025\/07\/sylvainmeylan-cropped-300x300.jpg 300w, https:\/\/wp.unil.ch\/iaunil\/files\/2025\/07\/sylvainmeylan-cropped-1024x1024.jpg 1024w, https:\/\/wp.unil.ch\/iaunil\/files\/2025\/07\/sylvainmeylan-cropped-150x150.jpg 150w, https:\/\/wp.unil.ch\/iaunil\/files\/2025\/07\/sylvainmeylan-cropped-768x768.jpg 768w\" sizes=\"auto, (max-width: 1200px) 100vw, 1200px\" \/><\/figure>\n\n\n\n<h3 class=\"wp-block-heading\"><strong>Sylvain Meylan<\/strong><\/h3>\n\n\n\n<p class=\"has-text-align-center\">Ma\u00eetre d&rsquo;enseignement et de recherche clinicien<\/p>\n\n\n\n<p><strong>Facult\u00e9 de biologie et de m\u00e9decine<\/strong><\/p>\n\n\n\n<p class=\"has-text-align-center\">Sepsis, Clinical decision support, Pathophysiology, Genomics<\/p>\n\n\n\n<div class=\"wp-block-buttons is-layout-flex wp-block-buttons-is-layout-flex\">\n<div class=\"wp-block-button\"><a class=\"wp-block-button__link wp-element-button\" href=\"https:\/\/applicationspub.unil.ch\/interpub\/noauth\/php\/Un\/UnPers.php?PerNum=44468&amp;LanCode=37\" target=\"_blank\" rel=\"noreferrer noopener\">Profil<\/a><\/div>\n\n\n\n<div class=\"wp-block-button is-style-fill\"><a class=\"wp-block-button__link wp-element-button\" href=\"https:\/\/iris.unil.ch\/entities\/person\/sylvainmeylan\" target=\"_blank\" rel=\"noreferrer noopener\">Publications<\/a><\/div>\n\n\n\n<div class=\"wp-block-button is-style-outline is-style-outline--25\"><a class=\"wp-block-button__link wp-element-button\" href=\"https:\/\/www.chuv.ch\/fr\/min\/min-home\/recherche\/group-leaders\/dr-sylvain-meylan\" target=\"_blank\" rel=\"noreferrer noopener\">Site web<\/a><\/div>\n<\/div>\n<\/div>\n\n\n\n<div class=\"wp-block-group alignwide has-background wp-container-content-9df8e368 is-vertical is-content-justification-center is-layout-flex wp-container-core-group-is-layout-09aa6801 wp-block-group-is-layout-flex\" style=\"border-radius:5px;background-color:#d5e4e7;padding-top:var(--wp--preset--spacing--30);padding-right:var(--wp--preset--spacing--30);padding-bottom:var(--wp--preset--spacing--30);padding-left:var(--wp--preset--spacing--30)\">\n<figure class=\"wp-block-image aligncenter size-full is-resized has-custom-border\"><img loading=\"lazy\" decoding=\"async\" width=\"1200\" height=\"1200\" src=\"https:\/\/wp.unil.ch\/iaunil\/files\/2025\/07\/lausannephoto-roxana-mihet-portraits-113-edited-cropped.jpg\" alt=\"lausannephoto roxana mihet portraits 113 edited cropped\" class=\"wp-image-2348\" style=\"border-radius:128px;object-fit:cover;width:200px;height:200px\" srcset=\"https:\/\/wp.unil.ch\/iaunil\/files\/2025\/07\/lausannephoto-roxana-mihet-portraits-113-edited-cropped.jpg 1200w, https:\/\/wp.unil.ch\/iaunil\/files\/2025\/07\/lausannephoto-roxana-mihet-portraits-113-edited-cropped-300x300.jpg 300w, https:\/\/wp.unil.ch\/iaunil\/files\/2025\/07\/lausannephoto-roxana-mihet-portraits-113-edited-cropped-1024x1024.jpg 1024w, https:\/\/wp.unil.ch\/iaunil\/files\/2025\/07\/lausannephoto-roxana-mihet-portraits-113-edited-cropped-150x150.jpg 150w, https:\/\/wp.unil.ch\/iaunil\/files\/2025\/07\/lausannephoto-roxana-mihet-portraits-113-edited-cropped-768x768.jpg 768w\" sizes=\"auto, (max-width: 1200px) 100vw, 1200px\" \/><\/figure>\n\n\n\n<h3 class=\"wp-block-heading\"><strong>Roxana Mihet<\/strong><\/h3>\n\n\n\n<p class=\"has-text-align-center\">Professeure assistante en pr\u00e9titularisation conditionnelle<\/p>\n\n\n\n<p class=\"has-text-align-center\"><strong>Facult\u00e9 des hautes \u00e9tudes commerciales<\/strong><\/p>\n\n\n\n<p class=\"has-text-align-center\">Financial Economics, Macroeconomics, Technology, Economic Growth, FinTech<\/p>\n\n\n\n<div class=\"wp-block-buttons is-layout-flex wp-block-buttons-is-layout-flex\">\n<div class=\"wp-block-button\"><a class=\"wp-block-button__link wp-element-button\" href=\"https:\/\/applicationspub.unil.ch\/interpub\/noauth\/php\/Un\/UnPers.php?PerNum=1226925&amp;LanCode=37\" target=\"_blank\" rel=\"noreferrer noopener\">Profil<\/a><\/div>\n\n\n\n<div class=\"wp-block-button is-style-fill\"><a class=\"wp-block-button__link wp-element-button\" href=\"https:\/\/iris.unil.ch\/entities\/person\/roxanamihet\" target=\"_blank\" rel=\"noreferrer noopener\">Publications<\/a><\/div>\n\n\n\n<div class=\"wp-block-button is-style-outline is-style-outline--26\"><a class=\"wp-block-button__link wp-element-button\" href=\"https:\/\/sites.google.com\/a\/nyu.edu\/rmihet\/\" target=\"_blank\" rel=\"noreferrer noopener\">Site web<\/a><\/div>\n<\/div>\n<\/div>\n\n\n\n<div class=\"wp-block-group alignwide has-background wp-container-content-9df8e368 is-vertical is-content-justification-center is-layout-flex wp-container-core-group-is-layout-09aa6801 wp-block-group-is-layout-flex\" style=\"border-radius:5px;background-color:#d5e4e7;padding-top:var(--wp--preset--spacing--30);padding-right:var(--wp--preset--spacing--30);padding-bottom:var(--wp--preset--spacing--30);padding-left:var(--wp--preset--spacing--30)\">\n<figure class=\"wp-block-image aligncenter size-full is-resized has-custom-border\"><img loading=\"lazy\" decoding=\"async\" width=\"1200\" height=\"1200\" src=\"https:\/\/wp.unil.ch\/iaunil\/files\/2025\/07\/mme-morin-cropped.jpg\" alt=\"mme morin cropped\" class=\"wp-image-2297\" style=\"border-radius:128px;object-fit:cover;width:200px;height:200px\" srcset=\"https:\/\/wp.unil.ch\/iaunil\/files\/2025\/07\/mme-morin-cropped.jpg 1200w, https:\/\/wp.unil.ch\/iaunil\/files\/2025\/07\/mme-morin-cropped-300x300.jpg 300w, https:\/\/wp.unil.ch\/iaunil\/files\/2025\/07\/mme-morin-cropped-1024x1024.jpg 1024w, https:\/\/wp.unil.ch\/iaunil\/files\/2025\/07\/mme-morin-cropped-150x150.jpg 150w, https:\/\/wp.unil.ch\/iaunil\/files\/2025\/07\/mme-morin-cropped-768x768.jpg 768w\" sizes=\"auto, (max-width: 1200px) 100vw, 1200px\" \/><\/figure>\n\n\n\n<h3 class=\"wp-block-heading\"><strong><strong>Ariane Morin<\/strong><\/strong><\/h3>\n\n\n\n<p class=\"has-text-align-center\">Professeure ordinaire<\/p>\n\n\n\n<p class=\"has-text-align-center\"><strong>Facult\u00e9 de droit, des sciences criminelles et d&rsquo;administration publique<\/strong> <\/p>\n\n\n\n<p class=\"has-text-align-center\">IA et responsabilit\u00e9 civile<\/p>\n\n\n\n<div class=\"wp-block-buttons is-layout-flex wp-block-buttons-is-layout-flex\">\n<div class=\"wp-block-button\"><a class=\"wp-block-button__link wp-element-button\" href=\"https:\/\/applicationspub.unil.ch\/interpub\/noauth\/php\/Un\/UnPers.php?PerNum=861152&amp;LanCode=37&amp;menu=coord\" target=\"_blank\" rel=\"noreferrer noopener\">Profil<\/a><\/div>\n\n\n\n<div class=\"wp-block-button is-style-fill\"><a class=\"wp-block-button__link wp-element-button\" href=\"https:\/\/iris.unil.ch\/entities\/person\/arianemorin\" target=\"_blank\" rel=\"noreferrer noopener\">Publications<\/a><\/div>\n<\/div>\n<\/div>\n\n\n\n<div class=\"wp-block-group alignwide has-background wp-container-content-9df8e368 is-vertical is-content-justification-center is-layout-flex wp-container-core-group-is-layout-09aa6801 wp-block-group-is-layout-flex\" style=\"border-radius:5px;background-color:#d5e4e7;padding-top:var(--wp--preset--spacing--30);padding-right:var(--wp--preset--spacing--30);padding-bottom:var(--wp--preset--spacing--30);padding-left:var(--wp--preset--spacing--30)\">\n<figure class=\"wp-block-image aligncenter size-full is-resized has-custom-border\"><img loading=\"lazy\" decoding=\"async\" width=\"1004\" height=\"1004\" src=\"https:\/\/wp.unil.ch\/iaunil\/files\/2025\/07\/sn-photo-4-cropped.jpg\" alt=\"sn photo 4 cropped\" class=\"wp-image-2414\" style=\"border-radius:128px;object-fit:cover;width:200px;height:200px\" srcset=\"https:\/\/wp.unil.ch\/iaunil\/files\/2025\/07\/sn-photo-4-cropped.jpg 1004w, https:\/\/wp.unil.ch\/iaunil\/files\/2025\/07\/sn-photo-4-cropped-300x300.jpg 300w, https:\/\/wp.unil.ch\/iaunil\/files\/2025\/07\/sn-photo-4-cropped-150x150.jpg 150w, https:\/\/wp.unil.ch\/iaunil\/files\/2025\/07\/sn-photo-4-cropped-768x768.jpg 768w\" sizes=\"auto, (max-width: 1004px) 100vw, 1004px\" \/><\/figure>\n\n\n\n<h3 class=\"wp-block-heading\"><strong><strong>Sascha Nick<\/strong><\/strong><\/h3>\n\n\n\n<p class=\"has-text-align-center\">Charg\u00e9 de cours<\/p>\n\n\n\n<p class=\"has-text-align-center\"><strong>Facult\u00e9 des g\u00e9osciences et de l&rsquo;environnement<\/strong><\/p>\n\n\n\n<p class=\"has-text-align-center\">AI impact on society, Policy, Resource use, AI sustainability<\/p>\n\n\n\n<div class=\"wp-block-buttons is-layout-flex wp-block-buttons-is-layout-flex\">\n<div class=\"wp-block-button\"><a class=\"wp-block-button__link wp-element-button\" href=\"https:\/\/applicationspub.unil.ch\/interpub\/noauth\/php\/Un\/UnPers.php?PerNum=1209627&amp;LanCode=37\" target=\"_blank\" rel=\"noreferrer noopener\">Profil<\/a><\/div>\n\n\n\n<div class=\"wp-block-button is-style-fill\"><a class=\"wp-block-button__link wp-element-button\" href=\"https:\/\/iris.unil.ch\/entities\/person\/saschanick\" target=\"_blank\" rel=\"noreferrer noopener\">Publications<\/a><\/div>\n\n\n\n<div class=\"wp-block-button is-style-outline is-style-outline--27\"><a class=\"wp-block-button__link wp-element-button\" href=\"https:\/\/people.epfl.ch\/sascha.nick\" target=\"_blank\" rel=\"noreferrer noopener\">Site web<\/a><\/div>\n<\/div>\n<\/div>\n\n\n\n<div class=\"wp-block-group alignwide has-background wp-container-content-9df8e368 is-vertical is-content-justification-center is-layout-flex wp-container-core-group-is-layout-09aa6801 wp-block-group-is-layout-flex\" style=\"border-radius:5px;background-color:#d5e4e7;padding-top:var(--wp--preset--spacing--30);padding-right:var(--wp--preset--spacing--30);padding-bottom:var(--wp--preset--spacing--30);padding-left:var(--wp--preset--spacing--30)\">\n<figure class=\"wp-block-image aligncenter size-full is-resized has-custom-border\"><img loading=\"lazy\" decoding=\"async\" width=\"925\" height=\"925\" src=\"https:\/\/wp.unil.ch\/iaunil\/files\/2025\/09\/isaac_pante_francois_wavre_carre-cropped.jpg\" alt=\"isaac pante francois wavre carre cropped\" class=\"wp-image-2814\" style=\"border-radius:128px;object-fit:cover;width:200px;height:200px\" srcset=\"https:\/\/wp.unil.ch\/iaunil\/files\/2025\/09\/isaac_pante_francois_wavre_carre-cropped.jpg 925w, https:\/\/wp.unil.ch\/iaunil\/files\/2025\/09\/isaac_pante_francois_wavre_carre-cropped-300x300.jpg 300w, https:\/\/wp.unil.ch\/iaunil\/files\/2025\/09\/isaac_pante_francois_wavre_carre-cropped-150x150.jpg 150w, https:\/\/wp.unil.ch\/iaunil\/files\/2025\/09\/isaac_pante_francois_wavre_carre-cropped-768x768.jpg 768w\" sizes=\"auto, (max-width: 925px) 100vw, 925px\" \/><\/figure>\n\n\n\n<h3 class=\"wp-block-heading\"><strong><strong>Isaac Pante<\/strong><\/strong><\/h3>\n\n\n\n<p class=\"has-text-align-center\">Ma\u00eetre d&rsquo;enseignement et de recherche<\/p>\n\n\n\n<p class=\"has-text-align-center\"><strong>Facult\u00e9 des lettres<\/strong><\/p>\n\n\n\n<p class=\"has-text-align-center\">Fiction interactive, Enseignement, Humanit\u00e9s num\u00e9riques, Litt\u00e9rature, Jeu vid\u00e9o, Jeu<\/p>\n\n\n\n<div class=\"wp-block-buttons is-layout-flex wp-block-buttons-is-layout-flex\">\n<div class=\"wp-block-button\"><a class=\"wp-block-button__link wp-element-button\" href=\"https:\/\/applicationspub.unil.ch\/interpub\/noauth\/php\/Un\/UnPers.php?PerNum=53886&amp;LanCode=37\" target=\"_blank\" rel=\"noreferrer noopener\">Profil<\/a><\/div>\n\n\n\n<div class=\"wp-block-button is-style-fill\"><a class=\"wp-block-button__link wp-element-button\" href=\"https:\/\/iris.unil.ch\/entities\/person\/isaacpante\" target=\"_blank\" rel=\"noreferrer noopener\">Publications<\/a><\/div>\n\n\n\n<div class=\"wp-block-button is-style-outline is-style-outline--28\"><a class=\"wp-block-button__link wp-element-button\" href=\"https:\/\/isaacpante.net\" target=\"_blank\" rel=\"noreferrer noopener\">Site web<\/a><\/div>\n<\/div>\n<\/div>\n\n\n\n<div class=\"wp-block-group alignwide has-background wp-container-content-9df8e368 is-vertical is-content-justification-center is-layout-flex wp-container-core-group-is-layout-09aa6801 wp-block-group-is-layout-flex\" style=\"border-radius:5px;background-color:#d5e4e7;padding-top:var(--wp--preset--spacing--30);padding-right:var(--wp--preset--spacing--30);padding-bottom:var(--wp--preset--spacing--30);padding-left:var(--wp--preset--spacing--30)\">\n<figure class=\"wp-block-image aligncenter size-full is-resized has-custom-border\"><img loading=\"lazy\" decoding=\"async\" width=\"220\" height=\"220\" src=\"https:\/\/wp.unil.ch\/iaunil\/files\/2025\/07\/peukert-cropped.jpg\" alt=\"peukert cropped\" class=\"wp-image-2352\" style=\"border-radius:128px;object-fit:cover;width:200px;height:200px\" srcset=\"https:\/\/wp.unil.ch\/iaunil\/files\/2025\/07\/peukert-cropped.jpg 220w, https:\/\/wp.unil.ch\/iaunil\/files\/2025\/07\/peukert-cropped-150x150.jpg 150w\" sizes=\"auto, (max-width: 220px) 100vw, 220px\" \/><\/figure>\n\n\n\n<h3 class=\"wp-block-heading\"><strong>Christian Peukert<\/strong><\/h3>\n\n\n\n<p class=\"has-text-align-center\">Professeur associ\u00e9<\/p>\n\n\n\n<p class=\"has-text-align-center\"><strong>Facult\u00e9 des hautes \u00e9tudes commerciales<\/strong><\/p>\n\n\n\n<p class=\"has-text-align-center\">Digital Market Regulation, Economics of Data and AI, Copyright<\/p>\n\n\n\n<div class=\"wp-block-buttons is-layout-flex wp-block-buttons-is-layout-flex\">\n<div class=\"wp-block-button\"><a class=\"wp-block-button__link wp-element-button\" href=\"https:\/\/applicationspub.unil.ch\/interpub\/noauth\/php\/Un\/UnPers.php?PerNum=1226630&amp;LanCode=37\" target=\"_blank\" rel=\"noreferrer noopener\">Profil<\/a><\/div>\n\n\n\n<div class=\"wp-block-button is-style-fill\"><a class=\"wp-block-button__link wp-element-button\" href=\"https:\/\/iris.unil.ch\/entities\/person\/christianpeukert\" target=\"_blank\" rel=\"noreferrer noopener\">Publications<\/a><\/div>\n\n\n\n<div class=\"wp-block-button is-style-outline is-style-outline--29\"><a class=\"wp-block-button__link wp-element-button\" href=\"https:\/\/www.christian-peukert.com\/\" target=\"_blank\" rel=\"noreferrer noopener\">Site web<\/a><\/div>\n<\/div>\n<\/div>\n\n\n\n<div class=\"wp-block-group alignwide has-background wp-container-content-9df8e368 is-vertical is-content-justification-center is-layout-flex wp-container-core-group-is-layout-09aa6801 wp-block-group-is-layout-flex\" style=\"border-radius:5px;background-color:#d5e4e7;padding-top:var(--wp--preset--spacing--30);padding-right:var(--wp--preset--spacing--30);padding-bottom:var(--wp--preset--spacing--30);padding-left:var(--wp--preset--spacing--30)\">\n<figure class=\"wp-block-image aligncenter size-full is-resized has-custom-border\"><img loading=\"lazy\" decoding=\"async\" width=\"194\" height=\"194\" src=\"https:\/\/wp.unil.ch\/iaunil\/files\/2025\/07\/davide-picca_photo-cropped.jpg\" alt=\"davide picca photo cropped\" class=\"wp-image-2376\" style=\"border-radius:128px;object-fit:cover;width:200px;height:200px\" srcset=\"https:\/\/wp.unil.ch\/iaunil\/files\/2025\/07\/davide-picca_photo-cropped.jpg 194w, https:\/\/wp.unil.ch\/iaunil\/files\/2025\/07\/davide-picca_photo-cropped-150x150.jpg 150w\" sizes=\"auto, (max-width: 194px) 100vw, 194px\" \/><\/figure>\n\n\n\n<h3 class=\"wp-block-heading\"><strong>Davide Picca<\/strong><\/h3>\n\n\n\n<p class=\"has-text-align-center\">Ma\u00eetre d&rsquo;enseignement et de recherche<\/p>\n\n\n\n<p><strong>Facult\u00e9 des lettres<\/strong><\/p>\n\n\n\n<p class=\"has-text-align-center\">LLM, NLP, Digital Humanities<\/p>\n\n\n\n<div class=\"wp-block-buttons is-layout-flex wp-block-buttons-is-layout-flex\">\n<div class=\"wp-block-button\"><a class=\"wp-block-button__link wp-element-button\" href=\"https:\/\/applicationspub.unil.ch\/interpub\/noauth\/php\/Un\/UnPers.php?PerNum=71016&amp;LanCode=37\" target=\"_blank\" rel=\"noreferrer noopener\">Profil<\/a><\/div>\n\n\n\n<div class=\"wp-block-button is-style-fill\"><a class=\"wp-block-button__link wp-element-button\" href=\"https:\/\/iris.unil.ch\/entities\/person\/davidepicca\" target=\"_blank\" rel=\"noreferrer noopener\">Publications<\/a><\/div>\n\n\n\n<div class=\"wp-block-button is-style-outline is-style-outline--30\"><a class=\"wp-block-button__link wp-element-button\" href=\"https:\/\/unilish.notion.site\/Personal-Home-0041586285624034bc0bff3d69b0483f?pvs=4\" target=\"_blank\" rel=\"noreferrer noopener\">Site web<\/a><\/div>\n<\/div>\n<\/div>\n\n\n\n<div class=\"wp-block-group alignwide has-background wp-container-content-9df8e368 is-vertical is-content-justification-center is-layout-flex wp-container-core-group-is-layout-09aa6801 wp-block-group-is-layout-flex\" style=\"border-radius:5px;background-color:#d5e4e7;padding-top:var(--wp--preset--spacing--30);padding-right:var(--wp--preset--spacing--30);padding-bottom:var(--wp--preset--spacing--30);padding-left:var(--wp--preset--spacing--30)\">\n<figure class=\"wp-block-image aligncenter size-full is-resized has-custom-border\"><img loading=\"lazy\" decoding=\"async\" width=\"324\" height=\"324\" src=\"https:\/\/wp.unil.ch\/iaunil\/files\/2025\/08\/michael-piotrowski-cropped.jpg\" alt=\"michael piotrowski cropped\" class=\"wp-image-2639\" style=\"border-radius:128px;object-fit:cover;width:200px;height:200px\" srcset=\"https:\/\/wp.unil.ch\/iaunil\/files\/2025\/08\/michael-piotrowski-cropped.jpg 324w, https:\/\/wp.unil.ch\/iaunil\/files\/2025\/08\/michael-piotrowski-cropped-300x300.jpg 300w, https:\/\/wp.unil.ch\/iaunil\/files\/2025\/08\/michael-piotrowski-cropped-150x150.jpg 150w\" sizes=\"auto, (max-width: 324px) 100vw, 324px\" \/><\/figure>\n\n\n\n<h3 class=\"wp-block-heading\"><strong>Michael Piotrowski<\/strong><\/h3>\n\n\n\n<p class=\"has-text-align-center\">Professeur associ\u00e9<\/p>\n\n\n\n<p><strong>Facult\u00e9 des lettres<\/strong><\/p>\n\n\n\n<p class=\"has-text-align-center\">Humanit\u00e9s num\u00e9riques, Humanit\u00e9s computationnelles, \u00c9pist\u00e9mologie, Histoire de l&rsquo;informatique<\/p>\n\n\n\n<div class=\"wp-block-buttons is-layout-flex wp-block-buttons-is-layout-flex\">\n<div class=\"wp-block-button\"><a class=\"wp-block-button__link wp-element-button\" href=\"https:\/\/applicationspub.unil.ch\/interpub\/noauth\/php\/Un\/UnPers.php?PerNum=1188242&amp;LanCode=37\" target=\"_blank\" rel=\"noreferrer noopener\">Profil<\/a><\/div>\n\n\n\n<div class=\"wp-block-button is-style-fill\"><a class=\"wp-block-button__link wp-element-button\" href=\"https:\/\/iris.unil.ch\/entities\/person\/michaelpiotrowski\" target=\"_blank\" rel=\"noreferrer noopener\">Publications<\/a><\/div>\n\n\n\n<div class=\"wp-block-button is-style-outline is-style-outline--31\"><a class=\"wp-block-button__link wp-element-button\" href=\"https:\/\/dynalabs.de\/mxp\/\" target=\"_blank\" rel=\"noreferrer noopener\">Site web<\/a><\/div>\n<\/div>\n<\/div>\n\n\n\n<div class=\"wp-block-group alignwide has-background wp-container-content-9df8e368 is-vertical is-content-justification-center is-layout-flex wp-container-core-group-is-layout-09aa6801 wp-block-group-is-layout-flex\" style=\"border-radius:5px;background-color:#d5e4e7;padding-top:var(--wp--preset--spacing--30);padding-right:var(--wp--preset--spacing--30);padding-bottom:var(--wp--preset--spacing--30);padding-left:var(--wp--preset--spacing--30)\">\n<figure class=\"wp-block-image aligncenter size-full is-resized has-custom-border\"><img loading=\"lazy\" decoding=\"async\" width=\"223\" height=\"223\" src=\"https:\/\/wp.unil.ch\/iaunil\/files\/2025\/07\/prior_jonh_web_20241017_4859-cropped.jpg\" alt=\"prior jonh web 20241017 4859 cropped\" class=\"wp-image-2285\" style=\"border-radius:128px;object-fit:cover;width:200px;height:200px\" srcset=\"https:\/\/wp.unil.ch\/iaunil\/files\/2025\/07\/prior_jonh_web_20241017_4859-cropped.jpg 223w, https:\/\/wp.unil.ch\/iaunil\/files\/2025\/07\/prior_jonh_web_20241017_4859-cropped-150x150.jpg 150w\" sizes=\"auto, (max-width: 223px) 100vw, 223px\" \/><\/figure>\n\n\n\n<h3 class=\"wp-block-heading\"><strong>John Prior<\/strong><\/h3>\n\n\n\n<p class=\"has-text-align-center\">Professeur ordinaire<\/p>\n\n\n\n<p><strong>Facult\u00e9 de biologie et de m\u00e9decine<\/strong><\/p>\n\n\n\n<p class=\"has-text-align-center\">Radiomics, Machine learning, PET\/CT, SPECT\/CT, Medical imaging<\/p>\n\n\n\n<div class=\"wp-block-buttons is-layout-flex wp-block-buttons-is-layout-flex\">\n<div class=\"wp-block-button\"><a class=\"wp-block-button__link wp-element-button\" href=\"https:\/\/applicationspub.unil.ch\/interpub\/noauth\/php\/Un\/UnPers.php?PerNum=932751&amp;LanCode=37\" target=\"_blank\" rel=\"noreferrer noopener\">Profil<\/a><\/div>\n\n\n\n<div class=\"wp-block-button is-style-fill\"><a class=\"wp-block-button__link wp-element-button\" href=\"https:\/\/iris.unil.ch\/entities\/person\/johnprior\" target=\"_blank\" rel=\"noreferrer noopener\">Publications<\/a><\/div>\n\n\n\n<div class=\"wp-block-button is-style-outline is-style-outline--32\"><a class=\"wp-block-button__link wp-element-button\" href=\"https:\/\/www.chuv.ch\/nuc\" target=\"_blank\" rel=\"noreferrer noopener\">Site web<\/a><\/div>\n<\/div>\n<\/div>\n\n\n\n<div class=\"wp-block-group alignwide has-background wp-container-content-9df8e368 is-vertical is-content-justification-center is-layout-flex wp-container-core-group-is-layout-09aa6801 wp-block-group-is-layout-flex\" style=\"border-radius:5px;background-color:#d5e4e7;padding-top:var(--wp--preset--spacing--30);padding-right:var(--wp--preset--spacing--30);padding-bottom:var(--wp--preset--spacing--30);padding-left:var(--wp--preset--spacing--30)\">\n<figure class=\"wp-block-image aligncenter size-full is-resized has-custom-border\"><img loading=\"lazy\" decoding=\"async\" width=\"1200\" height=\"1200\" src=\"https:\/\/wp.unil.ch\/iaunil\/files\/2025\/07\/dsc_0419-cropped.jpg\" alt=\"dsc 0419 cropped\" class=\"wp-image-2330\" style=\"border-radius:128px;object-fit:cover;width:200px;height:200px\" srcset=\"https:\/\/wp.unil.ch\/iaunil\/files\/2025\/07\/dsc_0419-cropped.jpg 1200w, https:\/\/wp.unil.ch\/iaunil\/files\/2025\/07\/dsc_0419-cropped-300x300.jpg 300w, https:\/\/wp.unil.ch\/iaunil\/files\/2025\/07\/dsc_0419-cropped-1024x1024.jpg 1024w, https:\/\/wp.unil.ch\/iaunil\/files\/2025\/07\/dsc_0419-cropped-150x150.jpg 150w, https:\/\/wp.unil.ch\/iaunil\/files\/2025\/07\/dsc_0419-cropped-768x768.jpg 768w\" sizes=\"auto, (max-width: 1200px) 100vw, 1200px\" \/><\/figure>\n\n\n\n<h3 class=\"wp-block-heading\"><strong>Christophe Randin<\/strong><\/h3>\n\n\n\n<p class=\"has-text-align-center\">Professeur associ\u00e9 ad personam<\/p>\n\n\n\n<p class=\"has-text-align-center\"><strong>Facult\u00e9 des g\u00e9osciences et de l&rsquo;environnement<\/strong><\/p>\n\n\n\n<p class=\"has-text-align-center\">Mod\u00e8les pr\u00e9dictifs de distribution de la v\u00e9g\u00e9tation, Monitoring adaptatif en r\u00e9gions de montagne<\/p>\n\n\n\n<div class=\"wp-block-buttons is-layout-flex wp-block-buttons-is-layout-flex\">\n<div class=\"wp-block-button\"><a class=\"wp-block-button__link wp-element-button\" href=\"https:\/\/applicationspub.unil.ch\/interpub\/noauth\/php\/Un\/UnPers.php?PerNum=24817&amp;LanCode=37\" target=\"_blank\" rel=\"noreferrer noopener\">Profil<\/a><\/div>\n\n\n\n<div class=\"wp-block-button is-style-fill\"><a class=\"wp-block-button__link wp-element-button\" href=\"https:\/\/iris.unil.ch\/entities\/person\/christopherandin\" target=\"_blank\" rel=\"noreferrer noopener\">Publications<\/a><\/div>\n<\/div>\n<\/div>\n\n\n\n<div class=\"wp-block-group alignwide has-background wp-container-content-9df8e368 is-vertical is-content-justification-center is-layout-flex wp-container-core-group-is-layout-09aa6801 wp-block-group-is-layout-flex\" style=\"border-radius:5px;background-color:#d5e4e7;padding-top:var(--wp--preset--spacing--30);padding-right:var(--wp--preset--spacing--30);padding-bottom:var(--wp--preset--spacing--30);padding-left:var(--wp--preset--spacing--30)\">\n<figure class=\"wp-block-image aligncenter size-full is-resized has-custom-border\"><img loading=\"lazy\" decoding=\"async\" width=\"1200\" height=\"1200\" src=\"https:\/\/wp.unil.ch\/iaunil\/files\/2025\/07\/rapsomaniki_maria_anna_horizontal_202405273669-cropped.jpg\" alt=\"rapsomaniki maria anna horizontal 202405273669 cropped\" class=\"wp-image-2287\" style=\"border-radius:128px;object-fit:cover;width:200px;height:200px\" srcset=\"https:\/\/wp.unil.ch\/iaunil\/files\/2025\/07\/rapsomaniki_maria_anna_horizontal_202405273669-cropped.jpg 1200w, https:\/\/wp.unil.ch\/iaunil\/files\/2025\/07\/rapsomaniki_maria_anna_horizontal_202405273669-cropped-300x300.jpg 300w, https:\/\/wp.unil.ch\/iaunil\/files\/2025\/07\/rapsomaniki_maria_anna_horizontal_202405273669-cropped-1024x1024.jpg 1024w, https:\/\/wp.unil.ch\/iaunil\/files\/2025\/07\/rapsomaniki_maria_anna_horizontal_202405273669-cropped-150x150.jpg 150w, https:\/\/wp.unil.ch\/iaunil\/files\/2025\/07\/rapsomaniki_maria_anna_horizontal_202405273669-cropped-768x768.jpg 768w\" sizes=\"auto, (max-width: 1200px) 100vw, 1200px\" \/><\/figure>\n\n\n\n<h3 class=\"wp-block-heading\"><strong>Marianna Rapsomaniki<\/strong><\/h3>\n\n\n\n<p class=\"has-text-align-center\">Professeure assistante en pr\u00e9titularisation conditionnelle<\/p>\n\n\n\n<p><strong>Facult\u00e9 de biologie et de m\u00e9decine<\/strong><\/p>\n\n\n\n<p class=\"has-text-align-center\">Machine learning, Biomedicine<\/p>\n\n\n\n<div class=\"wp-block-buttons is-layout-flex wp-block-buttons-is-layout-flex\">\n<div class=\"wp-block-button\"><a class=\"wp-block-button__link wp-element-button\" href=\"https:\/\/applicationspub.unil.ch\/interpub\/noauth\/php\/Un\/UnPers.php?PerNum=1267007&amp;LanCode=37\" target=\"_blank\" rel=\"noreferrer noopener\">Profil<\/a><\/div>\n\n\n\n<div class=\"wp-block-button is-style-fill\"><a class=\"wp-block-button__link wp-element-button\" href=\"https:\/\/iris.unil.ch\/entities\/person\/mariannarapsomaniki\" target=\"_blank\" rel=\"noreferrer noopener\">Publications<\/a><\/div>\n\n\n\n<div class=\"wp-block-button is-style-outline is-style-outline--33\"><a class=\"wp-block-button__link wp-element-button\" href=\"https:\/\/www.chuv.ch\/en\/bdsc\/research\/our-groups\/ai-ml-for-biomedicine\" target=\"_blank\" rel=\"noreferrer noopener\">Site web<\/a><\/div>\n<\/div>\n<\/div>\n\n\n\n<div class=\"wp-block-group alignwide has-background wp-container-content-9df8e368 is-vertical is-content-justification-center is-layout-flex wp-container-core-group-is-layout-09aa6801 wp-block-group-is-layout-flex\" style=\"border-radius:5px;background-color:#d5e4e7;padding-top:var(--wp--preset--spacing--30);padding-right:var(--wp--preset--spacing--30);padding-bottom:var(--wp--preset--spacing--30);padding-left:var(--wp--preset--spacing--30)\">\n<figure class=\"wp-block-image aligncenter size-full is-resized has-custom-border\"><img loading=\"lazy\" decoding=\"async\" width=\"1200\" height=\"1200\" src=\"https:\/\/wp.unil.ch\/iaunil\/files\/2025\/08\/img_3363-cropped.jpg\" alt=\"img 3363 cropped\" class=\"wp-image-2629\" style=\"border-radius:128px;object-fit:cover;width:200px;height:200px\" srcset=\"https:\/\/wp.unil.ch\/iaunil\/files\/2025\/08\/img_3363-cropped.jpg 1200w, https:\/\/wp.unil.ch\/iaunil\/files\/2025\/08\/img_3363-cropped-300x300.jpg 300w, https:\/\/wp.unil.ch\/iaunil\/files\/2025\/08\/img_3363-cropped-1024x1024.jpg 1024w, https:\/\/wp.unil.ch\/iaunil\/files\/2025\/08\/img_3363-cropped-150x150.jpg 150w, https:\/\/wp.unil.ch\/iaunil\/files\/2025\/08\/img_3363-cropped-768x768.jpg 768w\" sizes=\"auto, (max-width: 1200px) 100vw, 1200px\" \/><\/figure>\n\n\n\n<h3 class=\"wp-block-heading\"><strong>Caroline Roberts<\/strong><\/h3>\n\n\n\n<p class=\"has-text-align-center\">Ma\u00eetre d&rsquo;enseignement et de recherche<\/p>\n\n\n\n<p><strong>Facult\u00e9 des sciences sociales et politiques<\/strong><\/p>\n\n\n\n<p class=\"has-text-align-center\">M\u00e9thodologie d&rsquo;enqu\u00eate par sondage, Conception et \u00e9valuation de questionnaires<\/p>\n\n\n\n<div class=\"wp-block-buttons is-layout-flex wp-block-buttons-is-layout-flex\">\n<div class=\"wp-block-button\"><a class=\"wp-block-button__link wp-element-button\" href=\"https:\/\/applicationspub.unil.ch\/interpub\/noauth\/php\/Un\/UnPers.php?PerNum=1076607&amp;LanCode=37\" target=\"_blank\" rel=\"noreferrer noopener\">Profil<\/a><\/div>\n\n\n\n<div class=\"wp-block-button is-style-fill\"><a class=\"wp-block-button__link wp-element-button\" href=\"https:\/\/iris.unil.ch\/entities\/person\/carolineroberts\" target=\"_blank\" rel=\"noreferrer noopener\">Publications<\/a><\/div>\n\n\n\n<div class=\"wp-block-button is-style-outline is-style-outline--34\"><a class=\"wp-block-button__link wp-element-button\" href=\"https:\/\/people.unil.ch\/carolineroberts\/\" target=\"_blank\" rel=\"noreferrer noopener\">Site web<\/a><\/div>\n<\/div>\n<\/div>\n\n\n\n<div class=\"wp-block-group alignwide has-background wp-container-content-9df8e368 is-vertical is-content-justification-center is-layout-flex wp-container-core-group-is-layout-09aa6801 wp-block-group-is-layout-flex\" style=\"border-radius:5px;background-color:#d5e4e7;padding-top:var(--wp--preset--spacing--30);padding-right:var(--wp--preset--spacing--30);padding-bottom:var(--wp--preset--spacing--30);padding-left:var(--wp--preset--spacing--30)\">\n<figure class=\"wp-block-image aligncenter size-full is-resized has-custom-border\"><img loading=\"lazy\" decoding=\"async\" width=\"369\" height=\"369\" src=\"https:\/\/wp.unil.ch\/iaunil\/files\/2025\/07\/1713833744037.t-cropped.jpg\" alt=\"1713833744037.t cropped\" class=\"wp-image-2436\" style=\"border-radius:128px;object-fit:cover;width:200px;height:200px\" srcset=\"https:\/\/wp.unil.ch\/iaunil\/files\/2025\/07\/1713833744037.t-cropped.jpg 369w, https:\/\/wp.unil.ch\/iaunil\/files\/2025\/07\/1713833744037.t-cropped-300x300.jpg 300w, https:\/\/wp.unil.ch\/iaunil\/files\/2025\/07\/1713833744037.t-cropped-150x150.jpg 150w\" sizes=\"auto, (max-width: 369px) 100vw, 369px\" \/><\/figure>\n\n\n\n<h3 class=\"wp-block-heading\"><strong>C\u00e9line Rozenblat<\/strong><\/h3>\n\n\n\n<p class=\"has-text-align-center\">Professeure ordinaire<\/p>\n\n\n\n<p class=\"has-text-align-center\"><strong><strong><strong>Facult\u00e9 des g\u00e9osciences et de l&rsquo;environnement<\/strong><\/strong><\/strong><\/p>\n\n\n\n<p class=\"has-text-align-center\">Geo-AI, Information management, Urban Digital Twins, Modelling<\/p>\n\n\n\n<div class=\"wp-block-buttons is-layout-flex wp-block-buttons-is-layout-flex\">\n<div class=\"wp-block-button\"><a class=\"wp-block-button__link wp-element-button\" href=\"https:\/\/applicationspub.unil.ch\/interpub\/noauth\/php\/Un\/UnPers.php?PerNum=1048878&amp;LanCode=37\" target=\"_blank\" rel=\"noreferrer noopener\">Profil<\/a><\/div>\n\n\n\n<div class=\"wp-block-button is-style-fill\"><a class=\"wp-block-button__link wp-element-button\" href=\"https:\/\/iris.unil.ch\/entities\/person\/celinerozenblat\" target=\"_blank\" rel=\"noreferrer noopener\">Publications<\/a><\/div>\n<\/div>\n<\/div>\n\n\n\n<div class=\"wp-block-group alignwide has-background wp-container-content-9df8e368 is-vertical is-content-justification-center is-layout-flex wp-container-core-group-is-layout-09aa6801 wp-block-group-is-layout-flex\" style=\"border-radius:5px;background-color:#d5e4e7;padding-top:var(--wp--preset--spacing--30);padding-right:var(--wp--preset--spacing--30);padding-bottom:var(--wp--preset--spacing--30);padding-left:var(--wp--preset--spacing--30)\">\n<figure class=\"wp-block-image aligncenter size-full is-resized has-custom-border\"><img loading=\"lazy\" decoding=\"async\" width=\"1327\" height=\"1327\" src=\"https:\/\/wp.unil.ch\/iaunil\/files\/2025\/07\/capture-decran-2021-12-20-a-20.30.24-cropped.png\" alt=\"capture decran 2021 12 20 a 20.30.24 cropped\" class=\"wp-image-2291\" style=\"border-radius:128px;object-fit:cover;width:200px;height:200px\" srcset=\"https:\/\/wp.unil.ch\/iaunil\/files\/2025\/07\/capture-decran-2021-12-20-a-20.30.24-cropped.png 1327w, https:\/\/wp.unil.ch\/iaunil\/files\/2025\/07\/capture-decran-2021-12-20-a-20.30.24-cropped-300x300.png 300w, https:\/\/wp.unil.ch\/iaunil\/files\/2025\/07\/capture-decran-2021-12-20-a-20.30.24-cropped-1024x1024.png 1024w, https:\/\/wp.unil.ch\/iaunil\/files\/2025\/07\/capture-decran-2021-12-20-a-20.30.24-cropped-150x150.png 150w, https:\/\/wp.unil.ch\/iaunil\/files\/2025\/07\/capture-decran-2021-12-20-a-20.30.24-cropped-768x768.png 768w\" sizes=\"auto, (max-width: 1327px) 100vw, 1327px\" \/><\/figure>\n\n\n\n<h3 class=\"wp-block-heading\"><strong>Philippe Ryvlin<\/strong><\/h3>\n\n\n\n<p class=\"has-text-align-center\">Professeur ordinaire<\/p>\n\n\n\n<p><strong>Facult\u00e9 de biologie et de m\u00e9decine<\/strong><\/p>\n\n\n\n<p class=\"has-text-align-center\">\u00c9pilepsie, D\u00e9tection de crise, Pr\u00e9vention des morts subites inattendues, Wearable<\/p>\n\n\n\n<div class=\"wp-block-buttons is-layout-flex wp-block-buttons-is-layout-flex\">\n<div class=\"wp-block-button\"><a class=\"wp-block-button__link wp-element-button\" href=\"https:\/\/applicationspub.unil.ch\/interpub\/noauth\/php\/Un\/UnPers.php?PerNum=1165819&amp;LanCode=37\" target=\"_blank\" rel=\"noreferrer noopener\">Profil<\/a><\/div>\n\n\n\n<div class=\"wp-block-button is-style-fill\"><a class=\"wp-block-button__link wp-element-button\" href=\"https:\/\/iris.unil.ch\/entities\/person\/philipperyvlin\" target=\"_blank\" rel=\"noreferrer noopener\">Publications<\/a><\/div>\n\n\n\n<div class=\"wp-block-button is-style-outline is-style-outline--35\"><a class=\"wp-block-button__link wp-element-button\" href=\"https:\/\/www.chuv.ch\/fr\/neurosciences\/dnc-home\/recherche\/centre-de-recherche-en-neurosciences\/neurotech\/research-labs\/neurodigitalneurotech\" target=\"_blank\" rel=\"noreferrer noopener\">Site web<\/a><\/div>\n<\/div>\n<\/div>\n\n\n\n<div class=\"wp-block-group alignwide has-background wp-container-content-9df8e368 is-vertical is-content-justification-center is-layout-flex wp-container-core-group-is-layout-09aa6801 wp-block-group-is-layout-flex\" style=\"border-radius:5px;background-color:#d5e4e7;padding-top:var(--wp--preset--spacing--30);padding-right:var(--wp--preset--spacing--30);padding-bottom:var(--wp--preset--spacing--30);padding-left:var(--wp--preset--spacing--30)\">\n<figure class=\"wp-block-image aligncenter size-full is-resized has-custom-border\"><img loading=\"lazy\" decoding=\"async\" width=\"602\" height=\"602\" src=\"https:\/\/wp.unil.ch\/iaunil\/files\/2025\/06\/salamin-cropped.jpg\" alt=\"salamin cropped\" class=\"wp-image-1785\" style=\"border-radius:128px;object-fit:cover;width:200px;height:200px\" srcset=\"https:\/\/wp.unil.ch\/iaunil\/files\/2025\/06\/salamin-cropped.jpg 602w, https:\/\/wp.unil.ch\/iaunil\/files\/2025\/06\/salamin-cropped-300x300.jpg 300w, https:\/\/wp.unil.ch\/iaunil\/files\/2025\/06\/salamin-cropped-150x150.jpg 150w\" sizes=\"auto, (max-width: 602px) 100vw, 602px\" \/><\/figure>\n\n\n\n<h3 class=\"wp-block-heading\"><strong>Nicolas Salamin <\/strong><\/h3>\n\n\n\n<p class=\"has-text-align-center\">Professeur ordinaire<\/p>\n\n\n\n<p><strong>Facult\u00e9 de biologie et de m\u00e9decine<\/strong><\/p>\n\n\n\n<p class=\"has-text-align-center\">Modeling, Deep learning, Evolutionary genomics<\/p>\n\n\n\n<div class=\"wp-block-buttons is-layout-flex wp-block-buttons-is-layout-flex\">\n<div class=\"wp-block-button\"><a class=\"wp-block-button__link wp-element-button\" href=\"https:\/\/applicationspub.unil.ch\/interpub\/noauth\/php\/Un\/UnPers.php?PerNum=9272&amp;LanCode=37\" target=\"_blank\" rel=\"noreferrer noopener\">Profil<\/a><\/div>\n\n\n\n<div class=\"wp-block-button is-style-fill\"><a class=\"wp-block-button__link wp-element-button\" href=\"https:\/\/iris.unil.ch\/entities\/person\/nicolassalamin\" target=\"_blank\" rel=\"noreferrer noopener\">Publications<\/a><\/div>\n\n\n\n<div class=\"wp-block-button is-style-outline is-style-outline--36\"><a class=\"wp-block-button__link wp-element-button\" href=\"https:\/\/wp.unil.ch\/phylo\" target=\"_blank\" rel=\"noreferrer noopener\">Site web<\/a><\/div>\n<\/div>\n<\/div>\n\n\n\n<div class=\"wp-block-group alignwide has-background wp-container-content-9df8e368 is-vertical is-content-justification-center is-layout-flex wp-container-core-group-is-layout-09aa6801 wp-block-group-is-layout-flex\" style=\"border-radius:5px;background-color:#d5e4e7;padding-top:var(--wp--preset--spacing--30);padding-right:var(--wp--preset--spacing--30);padding-bottom:var(--wp--preset--spacing--30);padding-left:var(--wp--preset--spacing--30)\">\n<figure class=\"wp-block-image aligncenter size-full is-resized has-custom-border\"><img loading=\"lazy\" decoding=\"async\" width=\"1200\" height=\"1200\" src=\"https:\/\/wp.unil.ch\/iaunil\/files\/2025\/06\/simonscheidegger-cropped-1-1.jpg\" alt=\"simonscheidegger cropped (1)\" class=\"wp-image-1793\" style=\"border-radius:128px;object-fit:cover;width:200px;height:200px\" srcset=\"https:\/\/wp.unil.ch\/iaunil\/files\/2025\/06\/simonscheidegger-cropped-1-1.jpg 1200w, https:\/\/wp.unil.ch\/iaunil\/files\/2025\/06\/simonscheidegger-cropped-1-1-300x300.jpg 300w, https:\/\/wp.unil.ch\/iaunil\/files\/2025\/06\/simonscheidegger-cropped-1-1-1024x1024.jpg 1024w, https:\/\/wp.unil.ch\/iaunil\/files\/2025\/06\/simonscheidegger-cropped-1-1-150x150.jpg 150w, https:\/\/wp.unil.ch\/iaunil\/files\/2025\/06\/simonscheidegger-cropped-1-1-768x768.jpg 768w\" sizes=\"auto, (max-width: 1200px) 100vw, 1200px\" \/><\/figure>\n\n\n\n<h3 class=\"wp-block-heading\"><strong>Simon<\/strong> <strong>Scheidegger<\/strong><\/h3>\n\n\n\n<p class=\"has-text-align-center\">Professeur associ\u00e9<\/p>\n\n\n\n<p class=\"has-text-align-center\"><strong>Facult\u00e9 des hautes \u00e9tudes commerciales<\/strong><\/p>\n\n\n\n<p class=\"has-text-align-center\">Deep learning for solving and estimating dynamic stochastic models, Computational economics, Climate change economics<\/p>\n\n\n\n<div class=\"wp-block-buttons is-layout-flex wp-block-buttons-is-layout-flex\">\n<div class=\"wp-block-button\"><a class=\"wp-block-button__link wp-element-button\" href=\"https:\/\/applicationspub.unil.ch\/interpub\/noauth\/php\/Un\/UnPers.php?PerNum=1205675&amp;LanCode=37\" target=\"_blank\" rel=\"noreferrer noopener\">Profil<\/a><\/div>\n\n\n\n<div class=\"wp-block-button is-style-fill\"><a class=\"wp-block-button__link wp-element-button\" href=\"https:\/\/iris.unil.ch\/entities\/person\/simonscheidegger\" target=\"_blank\" rel=\"noreferrer noopener\">Publications<\/a><\/div>\n\n\n\n<div class=\"wp-block-button is-style-outline is-style-outline--37\"><a class=\"wp-block-button__link wp-element-button\" href=\"https:\/\/sites.google.com\/site\/simonscheidegger\/\" target=\"_blank\" rel=\"noreferrer noopener\">Site web<\/a><\/div>\n<\/div>\n<\/div>\n\n\n\n<div class=\"wp-block-group alignwide has-background wp-container-content-9df8e368 is-vertical is-content-justification-center is-layout-flex wp-container-core-group-is-layout-09aa6801 wp-block-group-is-layout-flex\" style=\"border-radius:5px;background-color:#d5e4e7;padding-top:var(--wp--preset--spacing--30);padding-right:var(--wp--preset--spacing--30);padding-bottom:var(--wp--preset--spacing--30);padding-left:var(--wp--preset--spacing--30)\">\n<figure class=\"wp-block-image aligncenter size-full is-resized has-custom-border\"><img loading=\"lazy\" decoding=\"async\" width=\"552\" height=\"552\" src=\"https:\/\/wp.unil.ch\/iaunil\/files\/2025\/07\/portrait-cropped.jpg\" alt=\"portrait cropped\" class=\"wp-image-2363\" style=\"border-radius:128px;object-fit:cover;width:200px;height:200px\" srcset=\"https:\/\/wp.unil.ch\/iaunil\/files\/2025\/07\/portrait-cropped.jpg 552w, https:\/\/wp.unil.ch\/iaunil\/files\/2025\/07\/portrait-cropped-300x300.jpg 300w, https:\/\/wp.unil.ch\/iaunil\/files\/2025\/07\/portrait-cropped-150x150.jpg 150w\" sizes=\"auto, (max-width: 552px) 100vw, 552px\" \/><\/figure>\n\n\n\n<h3 class=\"wp-block-heading\"><strong>Marianne Schmid Mast<\/strong><\/h3>\n\n\n\n<p class=\"has-text-align-center\">Professeure ordinaire<\/p>\n\n\n\n<p class=\"has-text-align-center\"><strong>Facult\u00e9 des hautes \u00e9tudes commerciales<\/strong><\/p>\n\n\n\n<p class=\"has-text-align-center\">Comp\u00e9tences interpersonnelles, Communication, Leadership, Deepfake<\/p>\n\n\n\n<div class=\"wp-block-buttons is-layout-flex wp-block-buttons-is-layout-flex\">\n<div class=\"wp-block-button\"><a class=\"wp-block-button__link wp-element-button\" href=\"https:\/\/applicationspub.unil.ch\/interpub\/noauth\/php\/Un\/UnPers.php?PerNum=1161167&amp;LanCode=37\" target=\"_blank\" rel=\"noreferrer noopener\">Profil<\/a><\/div>\n\n\n\n<div class=\"wp-block-button is-style-fill\"><a class=\"wp-block-button__link wp-element-button\" href=\"https:\/\/iris.unil.ch\/entities\/person\/marianneschmidmast\" target=\"_blank\" rel=\"noreferrer noopener\">Publications<\/a><\/div>\n\n\n\n<div class=\"wp-block-button is-style-outline is-style-outline--38\"><a class=\"wp-block-button__link wp-element-button\" href=\"https:\/\/wp.unil.ch\/msmlab\/\" target=\"_blank\" rel=\"noreferrer noopener\">Site web<\/a><\/div>\n<\/div>\n<\/div>\n\n\n\n<div class=\"wp-block-group alignwide has-background wp-container-content-9df8e368 is-vertical is-content-justification-center is-layout-flex wp-container-core-group-is-layout-09aa6801 wp-block-group-is-layout-flex\" style=\"border-radius:5px;background-color:#d5e4e7;padding-top:var(--wp--preset--spacing--30);padding-right:var(--wp--preset--spacing--30);padding-bottom:var(--wp--preset--spacing--30);padding-left:var(--wp--preset--spacing--30)\">\n<figure class=\"wp-block-image aligncenter size-full is-resized has-custom-border\"><img alt=\"\" loading=\"lazy\" decoding=\"async\" width=\"596\" height=\"596\" src=\"https:\/\/wp.unil.ch\/iaunil\/files\/2025\/06\/yash-cropped.jpg\" alt=\"\" class=\"wp-image-1802\" style=\"border-radius:128px;object-fit:cover;width:200px;height:200px\" srcset=\"https:\/\/wp.unil.ch\/iaunil\/files\/2025\/06\/yash-cropped.jpg 596w, https:\/\/wp.unil.ch\/iaunil\/files\/2025\/06\/yash-cropped-300x300.jpg 300w, https:\/\/wp.unil.ch\/iaunil\/files\/2025\/06\/yash-cropped-150x150.jpg 150w\" sizes=\"auto, (max-width: 596px) 100vw, 596px\" \/><\/figure>\n\n\n\n<h3 class=\"wp-block-heading\"><strong><strong>Yash Raj Shrestha<\/strong><\/strong><\/h3>\n\n\n\n<p class=\"has-text-align-center\">Professeur assistant en pr\u00e9titularisation conditionnelle<\/p>\n\n\n\n<p class=\"has-text-align-center\"><strong>Facult\u00e9 des hautes \u00e9tudes commerciales<\/strong><\/p>\n\n\n\n<p class=\"has-text-align-center\">Machine learning, Organization design, Human AI collaboration<\/p>\n\n\n\n<div class=\"wp-block-buttons is-layout-flex wp-block-buttons-is-layout-flex\">\n<div class=\"wp-block-button\"><a class=\"wp-block-button__link wp-element-button\" href=\"https:\/\/applicationspub.unil.ch\/interpub\/noauth\/php\/Un\/UnPers.php?PerNum=1253511&amp;menu=coord&amp;LanCode=37\" target=\"_blank\" rel=\"noreferrer noopener\">Profil<\/a><\/div>\n\n\n\n<div class=\"wp-block-button is-style-fill\"><a class=\"wp-block-button__link wp-element-button\" href=\"https:\/\/iris.unil.ch\/entities\/person\/yashrajshrestha\" target=\"_blank\" rel=\"noreferrer noopener\">Publications<\/a><\/div>\n\n\n\n<div class=\"wp-block-button is-style-outline is-style-outline--39\"><a class=\"wp-block-button__link wp-element-button\" href=\"https:\/\/wp.unil.ch\/aail\/team\/\" target=\"_blank\" rel=\"noreferrer noopener\">Site web<\/a><\/div>\n<\/div>\n<\/div>\n\n\n\n<div class=\"wp-block-group alignwide has-background wp-container-content-9df8e368 is-vertical is-content-justification-center is-layout-flex wp-container-core-group-is-layout-09aa6801 wp-block-group-is-layout-flex\" style=\"border-radius:5px;background-color:#d5e4e7;padding-top:var(--wp--preset--spacing--30);padding-right:var(--wp--preset--spacing--30);padding-bottom:var(--wp--preset--spacing--30);padding-left:var(--wp--preset--spacing--30)\">\n<figure class=\"wp-block-image aligncenter size-full is-resized has-custom-border\"><img loading=\"lazy\" decoding=\"async\" width=\"416\" height=\"416\" src=\"https:\/\/wp.unil.ch\/iaunil\/files\/2025\/08\/aurelia_tamo-larrieux-6262_web-2-cropped.jpg\" alt=\"aurelia tamo larrieux 6262 web 2 cropped\" class=\"wp-image-2625\" style=\"border-radius:128px;object-fit:cover;width:200px;height:200px\" srcset=\"https:\/\/wp.unil.ch\/iaunil\/files\/2025\/08\/aurelia_tamo-larrieux-6262_web-2-cropped.jpg 416w, https:\/\/wp.unil.ch\/iaunil\/files\/2025\/08\/aurelia_tamo-larrieux-6262_web-2-cropped-300x300.jpg 300w, https:\/\/wp.unil.ch\/iaunil\/files\/2025\/08\/aurelia_tamo-larrieux-6262_web-2-cropped-150x150.jpg 150w\" sizes=\"auto, (max-width: 416px) 100vw, 416px\" \/><\/figure>\n\n\n\n<h3 class=\"wp-block-heading\"><strong><strong>Aurelia Tam\u00f2-Larrieux<\/strong><\/strong><\/h3>\n\n\n\n<p class=\"has-text-align-center\">Professeure associ\u00e9e<\/p>\n\n\n\n<p class=\"has-text-align-center\"><strong>Facult\u00e9 de droit, des sciences criminelles et d&rsquo;administration publique<\/strong><\/p>\n\n\n\n<p class=\"has-text-align-center\">Legal AI and legal automation, Trustworthy AI and regulation, Transparency of automated decision-making and AI<\/p>\n\n\n\n<div class=\"wp-block-buttons is-layout-flex wp-block-buttons-is-layout-flex\">\n<div class=\"wp-block-button\"><a class=\"wp-block-button__link wp-element-button\" href=\"https:\/\/applicationspub.unil.ch\/interpub\/noauth\/php\/Un\/UnPers.php?PerNum=1267634&amp;LanCode=37\" target=\"_blank\" rel=\"noreferrer noopener\">Profil<\/a><\/div>\n\n\n\n<div class=\"wp-block-button is-style-fill\"><a class=\"wp-block-button__link wp-element-button\" href=\"https:\/\/iris.unil.ch\/entities\/person\/aureliatamolarrieux\" target=\"_blank\" rel=\"noreferrer noopener\">Publications<\/a><\/div>\n\n\n\n<div class=\"wp-block-button is-style-outline is-style-outline--40\"><a class=\"wp-block-button__link wp-element-button\" href=\"https:\/\/wp.unil.ch\/legaldesignandcodelab\/about-the-lab\/\" target=\"_blank\" rel=\"noreferrer noopener\">Site web<\/a><\/div>\n<\/div>\n<\/div>\n\n\n\n<div class=\"wp-block-group alignwide has-background wp-container-content-9df8e368 is-vertical is-content-justification-center is-layout-flex wp-container-core-group-is-layout-09aa6801 wp-block-group-is-layout-flex\" style=\"border-radius:5px;background-color:#d5e4e7;padding-top:var(--wp--preset--spacing--30);padding-right:var(--wp--preset--spacing--30);padding-bottom:var(--wp--preset--spacing--30);padding-left:var(--wp--preset--spacing--30)\">\n<figure class=\"wp-block-image aligncenter size-full is-resized has-custom-border\"><img loading=\"lazy\" decoding=\"async\" width=\"290\" height=\"290\" src=\"https:\/\/wp.unil.ch\/iaunil\/files\/2025\/07\/franco_taroni-9150-cropped.jpg\" alt=\"franco taroni 9150 cropped\" class=\"wp-image-2303\" style=\"border-radius:128px;object-fit:cover;width:200px;height:200px\" srcset=\"https:\/\/wp.unil.ch\/iaunil\/files\/2025\/07\/franco_taroni-9150-cropped.jpg 290w, https:\/\/wp.unil.ch\/iaunil\/files\/2025\/07\/franco_taroni-9150-cropped-150x150.jpg 150w\" sizes=\"auto, (max-width: 290px) 100vw, 290px\" \/><\/figure>\n\n\n\n<h3 class=\"wp-block-heading\"><strong>Franco Taroni<\/strong><\/h3>\n\n\n\n<p>Professeur ordinaire<\/p>\n\n\n\n<p class=\"has-text-align-center\"><strong>Facult\u00e9 de droit, des sciences criminelles et d&rsquo;administration publique<\/strong><\/p>\n\n\n\n<p class=\"has-text-align-center\">Probabilistic assessment of scientific evidence, Discrimination between populations, Bayesian probabilistic models<\/p>\n\n\n\n<div class=\"wp-block-buttons is-layout-flex wp-block-buttons-is-layout-flex\">\n<div class=\"wp-block-button\"><a class=\"wp-block-button__link wp-element-button\" href=\"https:\/\/applicationspub.unil.ch\/interpub\/noauth\/php\/Un\/UnPers.php?PerNum=860912&amp;LanCode=37\" target=\"_blank\" rel=\"noreferrer noopener\">Profil<\/a><\/div>\n\n\n\n<div class=\"wp-block-button is-style-fill\"><a class=\"wp-block-button__link wp-element-button\" href=\"https:\/\/iris.unil.ch\/entities\/person\/francotaroni\" target=\"_blank\" rel=\"noreferrer noopener\">Publications<\/a><\/div>\n<\/div>\n<\/div>\n\n\n\n<div class=\"wp-block-group alignwide has-background wp-container-content-9df8e368 is-vertical is-content-justification-center is-layout-flex wp-container-core-group-is-layout-09aa6801 wp-block-group-is-layout-flex\" style=\"border-radius:5px;background-color:#d5e4e7;padding-top:var(--wp--preset--spacing--30);padding-right:var(--wp--preset--spacing--30);padding-bottom:var(--wp--preset--spacing--30);padding-left:var(--wp--preset--spacing--30)\">\n<figure class=\"wp-block-image aligncenter size-full is-resized has-custom-border\"><img loading=\"lazy\" decoding=\"async\" width=\"240\" height=\"240\" src=\"https:\/\/wp.unil.ch\/iaunil\/files\/2025\/07\/trein_mid18-cropped.jpg\" alt=\"trein mid18 cropped\" class=\"wp-image-2384\" style=\"border-radius:128px;object-fit:cover;width:200px;height:200px\" srcset=\"https:\/\/wp.unil.ch\/iaunil\/files\/2025\/07\/trein_mid18-cropped.jpg 240w, https:\/\/wp.unil.ch\/iaunil\/files\/2025\/07\/trein_mid18-cropped-150x150.jpg 150w\" sizes=\"auto, (max-width: 240px) 100vw, 240px\" \/><\/figure>\n\n\n\n<h3 class=\"wp-block-heading\"><strong>Josef Philipp Trein<\/strong><\/h3>\n\n\n\n<p class=\"has-text-align-center\">Professeur assistant en pr\u00e9titularisation conditionnelle<\/p>\n\n\n\n<p class=\"has-text-align-center\"><strong>Facult\u00e9 des sciences sociales et politiques<\/strong><\/p>\n\n\n\n<p class=\"has-text-align-center\">Administration publique, Politiques publiques, Gouvernance<\/p>\n\n\n\n<div class=\"wp-block-buttons is-layout-flex wp-block-buttons-is-layout-flex\">\n<div class=\"wp-block-button\"><a class=\"wp-block-button__link wp-element-button\" href=\"https:\/\/applicationspub.unil.ch\/interpub\/noauth\/php\/Un\/UnPers.php?PerNum=1113106&amp;LanCode=37\" target=\"_blank\" rel=\"noreferrer noopener\">Profil<\/a><\/div>\n\n\n\n<div class=\"wp-block-button is-style-fill\"><a class=\"wp-block-button__link wp-element-button\" href=\"https:\/\/iris.unil.ch\/entities\/person\/josefphilipptrein\" target=\"_blank\" rel=\"noreferrer noopener\">Publications<\/a><\/div>\n\n\n\n<div class=\"wp-block-button is-style-outline is-style-outline--41\"><a class=\"wp-block-button__link wp-element-button\" href=\"https:\/\/people.unil.ch\/josefphilipptrein\/\" target=\"_blank\" rel=\"noreferrer noopener\">Site web<\/a><\/div>\n<\/div>\n<\/div>\n\n\n\n<div class=\"wp-block-group alignwide has-background wp-container-content-9df8e368 is-vertical is-content-justification-center is-layout-flex wp-container-core-group-is-layout-09aa6801 wp-block-group-is-layout-flex\" style=\"border-radius:5px;background-color:#d5e4e7;padding-top:var(--wp--preset--spacing--30);padding-right:var(--wp--preset--spacing--30);padding-bottom:var(--wp--preset--spacing--30);padding-left:var(--wp--preset--spacing--30)\">\n<figure class=\"wp-block-image aligncenter size-full is-resized has-custom-border\"><img loading=\"lazy\" decoding=\"async\" width=\"1111\" height=\"1200\" src=\"https:\/\/wp.unil.ch\/iaunil\/files\/2025\/10\/image-29.10.25-a-10.40.jpg\" alt=\"image 29.10.25 a\u0300 10.40\" class=\"wp-image-3012\" style=\"border-radius:128px;object-fit:cover;width:200px;height:200px\" srcset=\"https:\/\/wp.unil.ch\/iaunil\/files\/2025\/10\/image-29.10.25-a-10.40.jpg 1111w, https:\/\/wp.unil.ch\/iaunil\/files\/2025\/10\/image-29.10.25-a-10.40-278x300.jpg 278w, https:\/\/wp.unil.ch\/iaunil\/files\/2025\/10\/image-29.10.25-a-10.40-948x1024.jpg 948w, https:\/\/wp.unil.ch\/iaunil\/files\/2025\/10\/image-29.10.25-a-10.40-768x830.jpg 768w\" sizes=\"auto, (max-width: 1111px) 100vw, 1111px\" \/><\/figure>\n\n\n\n<h3 class=\"wp-block-heading\"><strong>Jeff Van de Po\u00ebl<\/strong><\/h3>\n\n\n\n<p class=\"has-text-align-center\">Adjoint digital learning<\/p>\n\n\n\n<p class=\"has-text-align-center\"><strong>Centre de soutien \u00e0 l&rsquo;enseignement<\/strong><\/p>\n\n\n\n<p class=\"has-text-align-center\">Instructional design, Digital learning, MOOC, Higher ed strategy<\/p>\n\n\n\n<div class=\"wp-block-buttons is-layout-flex wp-block-buttons-is-layout-flex\">\n<div class=\"wp-block-button\"><a class=\"wp-block-button__link wp-element-button\" href=\"https:\/\/applicationspub.unil.ch\/interpub\/noauth\/php\/Un\/UnPers.php?PerNum=1211985&amp;LanCode=37\" target=\"_blank\" rel=\"noreferrer noopener\">Profil<\/a><\/div>\n\n\n\n<div class=\"wp-block-button is-style-fill\"><a class=\"wp-block-button__link wp-element-button\" href=\"https:\/\/iris.unil.ch\/entities\/person\/jeanfrancoisvandepoel\" target=\"_blank\" rel=\"noreferrer noopener\">Publications<\/a><\/div>\n<\/div>\n<\/div>\n\n\n\n<div class=\"wp-block-group alignwide has-background wp-container-content-9df8e368 is-vertical is-content-justification-center is-layout-flex wp-container-core-group-is-layout-09aa6801 wp-block-group-is-layout-flex\" style=\"border-radius:5px;background-color:#d5e4e7;padding-top:var(--wp--preset--spacing--30);padding-right:var(--wp--preset--spacing--30);padding-bottom:var(--wp--preset--spacing--30);padding-left:var(--wp--preset--spacing--30)\">\n<figure class=\"wp-block-image aligncenter size-full is-resized has-custom-border\"><img loading=\"lazy\" decoding=\"async\" width=\"1200\" height=\"1200\" src=\"https:\/\/wp.unil.ch\/iaunil\/files\/2025\/10\/pmd_8417-cropped-1.jpg\" alt=\"pmd 8417 cropped (1)\" class=\"wp-image-2919\" style=\"border-radius:128px;object-fit:cover;width:200px;height:200px\" srcset=\"https:\/\/wp.unil.ch\/iaunil\/files\/2025\/10\/pmd_8417-cropped-1.jpg 1200w, https:\/\/wp.unil.ch\/iaunil\/files\/2025\/10\/pmd_8417-cropped-1-300x300.jpg 300w, https:\/\/wp.unil.ch\/iaunil\/files\/2025\/10\/pmd_8417-cropped-1-1024x1024.jpg 1024w, https:\/\/wp.unil.ch\/iaunil\/files\/2025\/10\/pmd_8417-cropped-1-150x150.jpg 150w, https:\/\/wp.unil.ch\/iaunil\/files\/2025\/10\/pmd_8417-cropped-1-768x768.jpg 768w\" sizes=\"auto, (max-width: 1200px) 100vw, 1200px\" \/><\/figure>\n\n\n\n<h3 class=\"wp-block-heading\"><strong>Alessandro Villa<\/strong><\/h3>\n\n\n\n<p class=\"has-text-align-center\">Professeur ordinaire<\/p>\n\n\n\n<p class=\"has-text-align-center\"><strong><strong>Facult\u00e9 des hautes \u00e9tudes commerciales<\/strong><\/strong><\/p>\n\n\n\n<p class=\"has-text-align-center\">Machine learning, Artificial Neural Networks, Computational Intelligence, Brain Theories<\/p>\n\n\n\n<div class=\"wp-block-buttons is-layout-flex wp-block-buttons-is-layout-flex\">\n<div class=\"wp-block-button\"><a class=\"wp-block-button__link wp-element-button\" href=\"https:\/\/applicationspub.unil.ch\/interpub\/noauth\/php\/Un\/UnPers.php?PerNum=780807&amp;LanCode=37\" target=\"_blank\" rel=\"noreferrer noopener\">Profil<\/a><\/div>\n\n\n\n<div class=\"wp-block-button is-style-fill\"><a class=\"wp-block-button__link wp-element-button\" href=\"https:\/\/iris.unil.ch\/entities\/person\/alessandrovilla\" target=\"_blank\" rel=\"noreferrer noopener\">Publications<\/a><\/div>\n\n\n\n<div class=\"wp-block-button is-style-outline is-style-outline--42\"><a class=\"wp-block-button__link wp-element-button\" href=\"https:\/\/neuroheuristic.org\/\" target=\"_blank\" rel=\"noreferrer noopener\">Site web<\/a><\/div>\n<\/div>\n<\/div>\n\n\n\n<div class=\"wp-block-group alignwide has-background wp-container-content-9df8e368 is-vertical is-content-justification-center is-layout-flex wp-container-core-group-is-layout-09aa6801 wp-block-group-is-layout-flex\" style=\"border-radius:5px;background-color:#d5e4e7;padding-top:var(--wp--preset--spacing--30);padding-right:var(--wp--preset--spacing--30);padding-bottom:var(--wp--preset--spacing--30);padding-left:var(--wp--preset--spacing--30)\">\n<figure class=\"wp-block-image aligncenter size-full is-resized has-custom-border\"><img loading=\"lazy\" decoding=\"async\" width=\"1200\" height=\"1200\" src=\"https:\/\/wp.unil.ch\/iaunil\/files\/2025\/07\/20230311_183047-cropped.jpg\" alt=\"20230311 183047 cropped\" class=\"wp-image-2390\" style=\"border-radius:128px;object-fit:cover;width:200px;height:200px\" srcset=\"https:\/\/wp.unil.ch\/iaunil\/files\/2025\/07\/20230311_183047-cropped.jpg 1200w, https:\/\/wp.unil.ch\/iaunil\/files\/2025\/07\/20230311_183047-cropped-300x300.jpg 300w, https:\/\/wp.unil.ch\/iaunil\/files\/2025\/07\/20230311_183047-cropped-1024x1024.jpg 1024w, https:\/\/wp.unil.ch\/iaunil\/files\/2025\/07\/20230311_183047-cropped-150x150.jpg 150w, https:\/\/wp.unil.ch\/iaunil\/files\/2025\/07\/20230311_183047-cropped-768x768.jpg 768w\" sizes=\"auto, (max-width: 1200px) 100vw, 1200px\" \/><\/figure>\n\n\n\n<h3 class=\"wp-block-heading\"><strong>Olivier Voirol<\/strong><\/h3>\n\n\n\n<p class=\"has-text-align-center\">Ma\u00eetre d&rsquo;enseignement et de recherche<\/p>\n\n\n\n<p class=\"has-text-align-center\"><strong>Facult\u00e9 des sciences sociales et politiques<\/strong><\/p>\n\n\n\n<p class=\"has-text-align-center\">IA et espace public, Enqu\u00eater et calculer, Num\u00e9risation et capitalisation, Durabilit\u00e9 et \u00e9cologie<\/p>\n\n\n\n<div class=\"wp-block-buttons is-layout-flex wp-block-buttons-is-layout-flex\">\n<div class=\"wp-block-button\"><a class=\"wp-block-button__link wp-element-button\" href=\"https:\/\/applicationspub.unil.ch\/interpub\/noauth\/php\/Un\/UnPers.php?PerNum=931388&amp;LanCode=37\" target=\"_blank\" rel=\"noreferrer noopener\">Profil<\/a><\/div>\n\n\n\n<div class=\"wp-block-button is-style-fill\"><a class=\"wp-block-button__link wp-element-button\" href=\"https:\/\/iris.unil.ch\/entities\/person\/oliviervoirol\" target=\"_blank\" rel=\"noreferrer noopener\">Publications<\/a><\/div>\n<\/div>\n<\/div>\n\n\n\n<div class=\"wp-block-group alignwide has-background wp-container-content-9df8e368 is-vertical is-content-justification-center is-layout-flex wp-container-core-group-is-layout-09aa6801 wp-block-group-is-layout-flex\" style=\"border-radius:5px;background-color:#d5e4e7;padding-top:var(--wp--preset--spacing--30);padding-right:var(--wp--preset--spacing--30);padding-bottom:var(--wp--preset--spacing--30);padding-left:var(--wp--preset--spacing--30)\">\n<figure class=\"wp-block-image aligncenter size-full is-resized has-custom-border\"><img loading=\"lazy\" decoding=\"async\" width=\"211\" height=\"211\" src=\"https:\/\/wp.unil.ch\/iaunil\/files\/2026\/01\/c_33spuwawq9hik_djmbcl-cropped-2-1.jpg\" alt=\"c 33spuwawq9hik djmbcl cropped (2) (1)\" class=\"wp-image-3446\" style=\"border-radius:128px;object-fit:cover;width:200px;height:200px\" srcset=\"https:\/\/wp.unil.ch\/iaunil\/files\/2026\/01\/c_33spuwawq9hik_djmbcl-cropped-2-1.jpg 211w, https:\/\/wp.unil.ch\/iaunil\/files\/2026\/01\/c_33spuwawq9hik_djmbcl-cropped-2-1-150x150.jpg 150w\" sizes=\"auto, (max-width: 211px) 100vw, 211px\" \/><\/figure>\n\n\n\n<h3 class=\"wp-block-heading\"><strong>Aris Xanthos<\/strong><\/h3>\n\n\n\n<p class=\"has-text-align-center\">Ma\u00eetre d&rsquo;enseignement et de recherche<\/p>\n\n\n\n<p class=\"has-text-align-center\"><strong>Facult\u00e9 des sciences sociales et <strong>Facult\u00e9 des lettres<\/strong><\/strong><\/p>\n\n\n\n<p class=\"has-text-align-center\">Linguistique quantitative, Linguistique computationnelle, Mod\u00e9lisation formelle, M\u00e9thodes quantitatives<\/p>\n\n\n\n<div class=\"wp-block-buttons is-layout-flex wp-block-buttons-is-layout-flex\">\n<div class=\"wp-block-button\"><a class=\"wp-block-button__link wp-element-button\" href=\"https:\/\/applicationspub.unil.ch\/interpub\/noauth\/php\/Un\/UnPers.php?PerNum=11252&amp;LanCode=37\" target=\"_blank\" rel=\"noreferrer noopener\">Profil<\/a><\/div>\n\n\n\n<div class=\"wp-block-button is-style-fill\"><a class=\"wp-block-button__link wp-element-button\" href=\"https:\/\/iris.unil.ch\/entities\/person\/arisxanthos\" target=\"_blank\" rel=\"noreferrer noopener\">Publications<\/a><\/div>\n<\/div>\n<\/div>\n\n\n\n<div class=\"wp-block-group alignwide has-background wp-container-content-9df8e368 is-vertical is-content-justification-center is-layout-flex wp-container-core-group-is-layout-09aa6801 wp-block-group-is-layout-flex\" style=\"border-radius:5px;background-color:#d5e4e7;padding-top:var(--wp--preset--spacing--30);padding-right:var(--wp--preset--spacing--30);padding-bottom:var(--wp--preset--spacing--30);padding-left:var(--wp--preset--spacing--30)\">\n<figure class=\"wp-block-image aligncenter size-full is-resized has-custom-border\"><img loading=\"lazy\" decoding=\"async\" width=\"446\" height=\"446\" src=\"https:\/\/wp.unil.ch\/iaunil\/files\/2025\/06\/sophie_weerts-1-cropped.jpg\" alt=\"sophie weerts (1) cropped\" class=\"wp-image-1787\" style=\"border-radius:128px;object-fit:cover;width:200px;height:200px\" srcset=\"https:\/\/wp.unil.ch\/iaunil\/files\/2025\/06\/sophie_weerts-1-cropped.jpg 446w, https:\/\/wp.unil.ch\/iaunil\/files\/2025\/06\/sophie_weerts-1-cropped-300x300.jpg 300w, https:\/\/wp.unil.ch\/iaunil\/files\/2025\/06\/sophie_weerts-1-cropped-150x150.jpg 150w\" sizes=\"auto, (max-width: 446px) 100vw, 446px\" \/><\/figure>\n\n\n\n<h3 class=\"wp-block-heading\"><strong>Sophie Weerts<\/strong><\/h3>\n\n\n\n<p>Professeure associ\u00e9e<\/p>\n\n\n\n<p class=\"has-text-align-center\"><strong>Facult\u00e9 de droit, des sciences criminelles et d&rsquo;administration publique<\/strong><\/p>\n\n\n\n<p class=\"has-text-align-center\">Law and regulation studies, Public administration, Human rights and democracy<\/p>\n\n\n\n<div class=\"wp-block-buttons is-layout-flex wp-block-buttons-is-layout-flex\">\n<div class=\"wp-block-button\"><a class=\"wp-block-button__link wp-element-button\" href=\"https:\/\/applicationspub.unil.ch\/interpub\/noauth\/php\/Un\/UnPers.php?PerNum=1198672&amp;LanCode=37&amp;menu=coord\" target=\"_blank\" rel=\"noreferrer noopener\">Profil<\/a><\/div>\n\n\n\n<div class=\"wp-block-button is-style-fill\"><a class=\"wp-block-button__link wp-element-button\" href=\"https:\/\/iris.unil.ch\/entities\/person\/sophieweerts\" target=\"_blank\" rel=\"noreferrer noopener\">Publications<\/a><\/div>\n\n\n\n<div class=\"wp-block-button is-style-outline is-style-outline--43\"><a class=\"wp-block-button__link wp-element-button\" href=\"https:\/\/www.unil.ch\/idheap\/fr\/home\/menuinst\/unitescompetences\/droit-public-et-regulation.html\" target=\"_blank\" rel=\"noreferrer noopener\">Site web<\/a><\/div>\n<\/div>\n<\/div>\n\n\n\n<div class=\"wp-block-group alignwide has-background wp-container-content-9df8e368 is-vertical is-content-justification-center is-layout-flex wp-container-core-group-is-layout-09aa6801 wp-block-group-is-layout-flex\" style=\"border-radius:5px;background-color:#d5e4e7;padding-top:var(--wp--preset--spacing--30);padding-right:var(--wp--preset--spacing--30);padding-bottom:var(--wp--preset--spacing--30);padding-left:var(--wp--preset--spacing--30)\">\n<figure class=\"wp-block-image aligncenter size-full is-resized has-custom-border\"><img loading=\"lazy\" decoding=\"async\" width=\"236\" height=\"236\" src=\"https:\/\/wp.unil.ch\/iaunil\/files\/2025\/07\/ekwf0oxflvfsew6ig1zxtkzdhkqbiwxpynmst3notgnfchf_guter_xa5fie-cropped.jpg\" alt=\"ekwf0oxflvfsew6ig1zxtkzdhkqbiwxpynmst3notgnfchf guter xa5fie cropped\" class=\"wp-image-2309\" style=\"border-radius:128px;object-fit:cover;width:200px;height:200px\" srcset=\"https:\/\/wp.unil.ch\/iaunil\/files\/2025\/07\/ekwf0oxflvfsew6ig1zxtkzdhkqbiwxpynmst3notgnfchf_guter_xa5fie-cropped.jpg 236w, https:\/\/wp.unil.ch\/iaunil\/files\/2025\/07\/ekwf0oxflvfsew6ig1zxtkzdhkqbiwxpynmst3notgnfchf_guter_xa5fie-cropped-150x150.jpg 150w\" sizes=\"auto, (max-width: 236px) 100vw, 236px\" \/><\/figure>\n\n\n\n<h3 class=\"wp-block-heading\"><strong>Andreas Ziegler<\/strong><\/h3>\n\n\n\n<p>Professeur ordinaire<\/p>\n\n\n\n<p class=\"has-text-align-center\"><strong>Facult\u00e9 de droit, des sciences criminelles et d&rsquo;administration publique<\/strong><\/p>\n\n\n\n<p class=\"has-text-align-center\">Droit international, \u00c9conomie internationale, Droit international humanitaire, Droits humains<\/p>\n\n\n\n<div class=\"wp-block-buttons is-layout-flex wp-block-buttons-is-layout-flex\">\n<div class=\"wp-block-button\"><a class=\"wp-block-button__link wp-element-button\" href=\"https:\/\/applicationspub.unil.ch\/interpub\/noauth\/php\/Un\/UnPers.php?PerNum=57333&amp;LanCode=37\" target=\"_blank\" rel=\"noreferrer noopener\">Profil<\/a><\/div>\n\n\n\n<div class=\"wp-block-button is-style-fill\"><a class=\"wp-block-button__link wp-element-button\" href=\"https:\/\/iris.unil.ch\/entities\/person\/andreasziegler\" target=\"_blank\" rel=\"noreferrer noopener\">Publications<\/a><\/div>\n\n\n\n<div class=\"wp-block-button is-style-outline is-style-outline--44\"><a class=\"wp-block-button__link wp-element-button\" href=\"https:\/\/andreasrziegler.com\/\" target=\"_blank\" rel=\"noreferrer noopener\">Site web<\/a><\/div>\n<\/div>\n<\/div>\n<\/div>\n<\/div>\n\n\n\n<p class=\"has-text-align-left\" style=\"font-size:clamp(0.875rem, 0.875rem + ((1vw - 0.2rem) * 0.708), 1.3rem);\"><br>Doctorant\u00b7e\u00b7s et post-doctorant\u00b7e\u00b7s<\/p>\n\n\n\n<div class=\"wp-block-group alignwide has-global-padding is-layout-constrained wp-block-group-is-layout-constrained\">\n<div class=\"wp-block-group alignwide is-layout-grid wp-container-core-group-is-layout-2931688a wp-block-group-is-layout-grid\">\n<div class=\"wp-block-group alignwide has-background wp-container-content-9df8e368 is-vertical is-content-justification-center is-layout-flex wp-container-core-group-is-layout-09aa6801 wp-block-group-is-layout-flex\" style=\"border-radius:5px;background-color:#d5e4e7;padding-top:var(--wp--preset--spacing--30);padding-right:var(--wp--preset--spacing--30);padding-bottom:var(--wp--preset--spacing--30);padding-left:var(--wp--preset--spacing--30)\">\n<figure class=\"wp-block-image aligncenter size-full is-resized has-custom-border\"><img loading=\"lazy\" decoding=\"async\" width=\"1200\" height=\"1200\" src=\"https:\/\/wp.unil.ch\/iaunil\/files\/2025\/07\/maria_-cropped.jpg\" alt=\"maria cropped\" class=\"wp-image-2417\" style=\"border-radius:128px;object-fit:cover;width:200px;height:200px\" srcset=\"https:\/\/wp.unil.ch\/iaunil\/files\/2025\/07\/maria_-cropped.jpg 1200w, https:\/\/wp.unil.ch\/iaunil\/files\/2025\/07\/maria_-cropped-300x300.jpg 300w, https:\/\/wp.unil.ch\/iaunil\/files\/2025\/07\/maria_-cropped-1024x1024.jpg 1024w, https:\/\/wp.unil.ch\/iaunil\/files\/2025\/07\/maria_-cropped-150x150.jpg 150w, https:\/\/wp.unil.ch\/iaunil\/files\/2025\/07\/maria_-cropped-768x768.jpg 768w\" sizes=\"auto, (max-width: 1200px) 100vw, 1200px\" \/><\/figure>\n\n\n\n<h3 class=\"wp-block-heading\"><strong>Maria Elena Castiello<\/strong><\/h3>\n\n\n\n<p class=\"has-text-align-center\">Ma\u00eetre assistante<\/p>\n\n\n\n<p class=\"has-text-align-center\"><strong>Facult\u00e9 des lettres<\/strong><\/p>\n\n\n\n<p class=\"has-text-align-center\">Archaeology, Machine and deep Learning, Site Detection, Image processing<\/p>\n\n\n\n<div class=\"wp-block-buttons is-layout-flex wp-block-buttons-is-layout-flex\">\n<div class=\"wp-block-button\"><a class=\"wp-block-button__link wp-element-button\" href=\"https:\/\/applicationspub.unil.ch\/interpub\/noauth\/php\/Un\/UnPers.php?PerNum=1278591&amp;LanCode=37\" target=\"_blank\" rel=\"noreferrer noopener\">Profil<\/a><\/div>\n\n\n\n<div class=\"wp-block-button is-style-fill\"><a class=\"wp-block-button__link wp-element-button\" href=\"https:\/\/iris.unil.ch\/entities\/person\/mariaelenacastiello\" target=\"_blank\" rel=\"noreferrer noopener\">Publications<\/a><\/div>\n<\/div>\n<\/div>\n\n\n\n<div class=\"wp-block-group alignwide has-background wp-container-content-9df8e368 is-vertical is-content-justification-center is-layout-flex wp-container-core-group-is-layout-09aa6801 wp-block-group-is-layout-flex\" style=\"border-radius:5px;background-color:#d5e4e7;padding-top:var(--wp--preset--spacing--30);padding-right:var(--wp--preset--spacing--30);padding-bottom:var(--wp--preset--spacing--30);padding-left:var(--wp--preset--spacing--30)\">\n<figure class=\"wp-block-image aligncenter size-full is-resized has-custom-border\"><img loading=\"lazy\" decoding=\"async\" width=\"1200\" height=\"1200\" src=\"https:\/\/wp.unil.ch\/iaunil\/files\/2025\/07\/fer-17-cropped.jpg\" alt=\"fer 17 cropped\" class=\"wp-image-2425\" style=\"border-radius:128px;object-fit:cover;width:200px;height:200px\" srcset=\"https:\/\/wp.unil.ch\/iaunil\/files\/2025\/07\/fer-17-cropped.jpg 1200w, https:\/\/wp.unil.ch\/iaunil\/files\/2025\/07\/fer-17-cropped-300x300.jpg 300w, https:\/\/wp.unil.ch\/iaunil\/files\/2025\/07\/fer-17-cropped-1024x1024.jpg 1024w, https:\/\/wp.unil.ch\/iaunil\/files\/2025\/07\/fer-17-cropped-150x150.jpg 150w, https:\/\/wp.unil.ch\/iaunil\/files\/2025\/07\/fer-17-cropped-768x768.jpg 768w\" sizes=\"auto, (max-width: 1200px) 100vw, 1200px\" \/><\/figure>\n\n\n\n<h3 class=\"wp-block-heading has-text-align-center\"><strong>Fernanda Conforto de Oliveira<\/strong><\/h3>\n\n\n\n<p class=\"has-text-align-center\">Postdoc<\/p>\n\n\n\n<p class=\"has-text-align-center\"><strong>Facult\u00e9 des sciences sociales et politiques<\/strong><\/p>\n\n\n\n<p class=\"has-text-align-center\">Sentiment analysis, Latin America, Global economic, Governance, Policymaking<\/p>\n\n\n\n<div class=\"wp-block-buttons is-layout-flex wp-block-buttons-is-layout-flex\">\n<div class=\"wp-block-button\"><a class=\"wp-block-button__link wp-element-button\" href=\"https:\/\/applicationspub.unil.ch\/interpub\/noauth\/php\/Un\/UnPers.php?PerNum=1289214&amp;LanCode=37\" target=\"_blank\" rel=\"noreferrer noopener\">Profil<\/a><\/div>\n\n\n\n<div class=\"wp-block-button is-style-outline is-style-outline--45\"><a class=\"wp-block-button__link wp-element-button\" href=\"https:\/\/fernanda-deoliveira.com\" target=\"_blank\" rel=\"noreferrer noopener\">Site web<\/a><\/div>\n<\/div>\n<\/div>\n\n\n\n<div class=\"wp-block-group alignwide has-background wp-container-content-9df8e368 is-vertical is-content-justification-center is-layout-flex wp-container-core-group-is-layout-09aa6801 wp-block-group-is-layout-flex\" style=\"border-radius:5px;background-color:#d5e4e7;padding-top:var(--wp--preset--spacing--30);padding-right:var(--wp--preset--spacing--30);padding-bottom:var(--wp--preset--spacing--30);padding-left:var(--wp--preset--spacing--30)\">\n<figure class=\"wp-block-image aligncenter size-full is-resized has-custom-border\"><img loading=\"lazy\" decoding=\"async\" width=\"1200\" height=\"1200\" src=\"https:\/\/wp.unil.ch\/iaunil\/files\/2025\/07\/ebi_sfs_portrait3_small_resized_square-cropped.jpg\" alt=\"ebi sfs portrait3 small resized square cropped\" class=\"wp-image-2412\" style=\"border-radius:128px;object-fit:cover;width:200px;height:200px\" srcset=\"https:\/\/wp.unil.ch\/iaunil\/files\/2025\/07\/ebi_sfs_portrait3_small_resized_square-cropped.jpg 1200w, https:\/\/wp.unil.ch\/iaunil\/files\/2025\/07\/ebi_sfs_portrait3_small_resized_square-cropped-300x300.jpg 300w, https:\/\/wp.unil.ch\/iaunil\/files\/2025\/07\/ebi_sfs_portrait3_small_resized_square-cropped-1024x1024.jpg 1024w, https:\/\/wp.unil.ch\/iaunil\/files\/2025\/07\/ebi_sfs_portrait3_small_resized_square-cropped-150x150.jpg 150w, https:\/\/wp.unil.ch\/iaunil\/files\/2025\/07\/ebi_sfs_portrait3_small_resized_square-cropped-768x768.jpg 768w\" sizes=\"auto, (max-width: 1200px) 100vw, 1200px\" \/><\/figure>\n\n\n\n<h3 class=\"wp-block-heading\"><strong><strong>Ebi Antony George<\/strong><\/strong><\/h3>\n\n\n\n<p class=\"has-text-align-center\">Postdoc<\/p>\n\n\n\n<p class=\"has-text-align-center\"><strong>Facult\u00e9 de biologie et m\u00e9decine<\/strong><\/p>\n\n\n\n<p class=\"has-text-align-center\">Animal behaviour, Collective behaviour, Social insects<\/p>\n\n\n\n<div class=\"wp-block-buttons is-layout-flex wp-block-buttons-is-layout-flex\">\n<div class=\"wp-block-button\"><a class=\"wp-block-button__link wp-element-button\" href=\"https:\/\/applicationspub.unil.ch\/interpub\/noauth\/php\/Un\/UnPers.php?PerNum=1242913&amp;LanCode=37\" target=\"_blank\" rel=\"noreferrer noopener\">Profil<\/a><\/div>\n\n\n\n<div class=\"wp-block-button is-style-fill\"><a class=\"wp-block-button__link wp-element-button\" href=\"https:\/\/iris.unil.ch\/entities\/person\/ebiantonygeorge\" target=\"_blank\" rel=\"noreferrer noopener\">Publications<\/a><\/div>\n\n\n\n<div class=\"wp-block-button is-style-outline is-style-outline--46\"><a class=\"wp-block-button__link wp-element-button\" href=\"https:\/\/ebiantonygeorge.com\/\" target=\"_blank\" rel=\"noreferrer noopener\">Site web<\/a><\/div>\n<\/div>\n<\/div>\n\n\n\n<div class=\"wp-block-group alignwide has-background wp-container-content-9df8e368 is-vertical is-content-justification-center is-layout-flex wp-container-core-group-is-layout-09aa6801 wp-block-group-is-layout-flex\" style=\"border-radius:5px;background-color:#d5e4e7;padding-top:var(--wp--preset--spacing--30);padding-right:var(--wp--preset--spacing--30);padding-bottom:var(--wp--preset--spacing--30);padding-left:var(--wp--preset--spacing--30)\">\n<figure class=\"wp-block-image aligncenter size-full is-resized has-custom-border\"><img loading=\"lazy\" decoding=\"async\" width=\"1200\" height=\"1200\" src=\"https:\/\/wp.unil.ch\/iaunil\/files\/2025\/07\/1682071945712.t-cropped.png\" alt=\"1682071945712.t cropped\" class=\"wp-image-2421\" style=\"border-radius:128px;object-fit:cover;width:200px;height:200px\" srcset=\"https:\/\/wp.unil.ch\/iaunil\/files\/2025\/07\/1682071945712.t-cropped.png 1200w, https:\/\/wp.unil.ch\/iaunil\/files\/2025\/07\/1682071945712.t-cropped-300x300.png 300w, https:\/\/wp.unil.ch\/iaunil\/files\/2025\/07\/1682071945712.t-cropped-1024x1024.png 1024w, https:\/\/wp.unil.ch\/iaunil\/files\/2025\/07\/1682071945712.t-cropped-150x150.png 150w, https:\/\/wp.unil.ch\/iaunil\/files\/2025\/07\/1682071945712.t-cropped-768x768.png 768w\" sizes=\"auto, (max-width: 1200px) 100vw, 1200px\" \/><\/figure>\n\n\n\n<h3 class=\"wp-block-heading\"><strong>Isis Giraldo<\/strong><\/h3>\n\n\n\n<p class=\"has-text-align-center\">Postdoc<\/p>\n\n\n\n<p class=\"has-text-align-center\"><strong>Facult\u00e9 des lettres<\/strong><\/p>\n\n\n\n<p class=\"has-text-align-center\">Critical cultural studies, Th\u00e9ories f\u00e9ministes, P\u00e9dagogie critique, \u00c9tudes d\u00e9coloniales<\/p>\n\n\n\n<div class=\"wp-block-buttons is-layout-flex wp-block-buttons-is-layout-flex\">\n<div class=\"wp-block-button\"><a class=\"wp-block-button__link wp-element-button\" href=\"https:\/\/applicationspub.unil.ch\/interpub\/noauth\/php\/Un\/UnPers.php?PerNum=59775&amp;LanCode=37\" target=\"_blank\" rel=\"noreferrer noopener\">Profil<\/a><\/div>\n\n\n\n<div class=\"wp-block-button is-style-fill\"><a class=\"wp-block-button__link wp-element-button\" href=\"https:\/\/iris.unil.ch\/entities\/person\/isisgiraldo\" target=\"_blank\" rel=\"noreferrer noopener\">Publications<\/a><\/div>\n\n\n\n<div class=\"wp-block-button is-style-outline is-style-outline--47\"><a class=\"wp-block-button__link wp-element-button\" href=\"https:\/\/isisgiraldo.squarespace.com\/\" target=\"_blank\" rel=\"noreferrer noopener\">Site web<\/a><\/div>\n<\/div>\n<\/div>\n\n\n\n<div class=\"wp-block-group alignwide has-background wp-container-content-9df8e368 is-vertical is-content-justification-center is-layout-flex wp-container-core-group-is-layout-09aa6801 wp-block-group-is-layout-flex\" style=\"border-radius:5px;background-color:#d5e4e7;padding-top:var(--wp--preset--spacing--30);padding-right:var(--wp--preset--spacing--30);padding-bottom:var(--wp--preset--spacing--30);padding-left:var(--wp--preset--spacing--30)\">\n<figure class=\"wp-block-image aligncenter size-full is-resized has-custom-border\"><img loading=\"lazy\" decoding=\"async\" width=\"640\" height=\"640\" src=\"https:\/\/wp.unil.ch\/iaunil\/files\/2025\/07\/1718230147463-cropped-1.jpg\" alt=\"1718230147463 cropped (1)\" class=\"wp-image-2505\" style=\"border-radius:128px;object-fit:cover;width:200px;height:200px\" srcset=\"https:\/\/wp.unil.ch\/iaunil\/files\/2025\/07\/1718230147463-cropped-1.jpg 640w, https:\/\/wp.unil.ch\/iaunil\/files\/2025\/07\/1718230147463-cropped-1-300x300.jpg 300w, https:\/\/wp.unil.ch\/iaunil\/files\/2025\/07\/1718230147463-cropped-1-150x150.jpg 150w\" sizes=\"auto, (max-width: 640px) 100vw, 640px\" \/><\/figure>\n\n\n\n<h3 class=\"wp-block-heading\"><strong><strong>Manuela Paolini E Silva<\/strong><\/strong><\/h3>\n\n\n\n<p class=\"has-text-align-center\">Assistante dipl\u00f4m\u00e9e<\/p>\n\n\n\n<p class=\"has-text-align-center\"><strong>Facult\u00e9 de droit, des sciences criminelles et d&rsquo;administration publique<\/strong><\/p>\n\n\n\n<p class=\"has-text-align-center\">AI governance, AI literacy, AI act, Digital law<\/p>\n\n\n\n<div class=\"wp-block-buttons is-layout-flex wp-block-buttons-is-layout-flex\">\n<div class=\"wp-block-button\"><a class=\"wp-block-button__link wp-element-button\" href=\"https:\/\/applicationspub.unil.ch\/interpub\/noauth\/php\/Un\/UnPers.php?PerNum=1267992&amp;LanCode=37\" target=\"_blank\" rel=\"noreferrer noopener\">Profil<\/a><\/div>\n\n\n\n<div class=\"wp-block-button is-style-outline is-style-outline--48\"><a class=\"wp-block-button__link wp-element-button\" href=\"https:\/\/www.linkedin.com\/in\/manuelapaoliniesilva\/\" target=\"_blank\" rel=\"noreferrer noopener\">Site web<\/a><\/div>\n<\/div>\n<\/div>\n\n\n\n<div class=\"wp-block-group alignwide has-background wp-container-content-9df8e368 is-vertical is-content-justification-center is-layout-flex wp-container-core-group-is-layout-09aa6801 wp-block-group-is-layout-flex\" style=\"border-radius:5px;background-color:#d5e4e7;padding-top:var(--wp--preset--spacing--30);padding-right:var(--wp--preset--spacing--30);padding-bottom:var(--wp--preset--spacing--30);padding-left:var(--wp--preset--spacing--30)\">\n<figure class=\"wp-block-image aligncenter size-full is-resized has-custom-border\"><img loading=\"lazy\" decoding=\"async\" width=\"1200\" height=\"1200\" src=\"https:\/\/wp.unil.ch\/iaunil\/files\/2026\/03\/portratfoto_sophie-puchel-1-cropped.jpg\" alt=\"portratfoto sophie puchel (1) cropped\" class=\"wp-image-3591\" style=\"border-radius:128px;object-fit:cover;width:200px;height:200px\" srcset=\"https:\/\/wp.unil.ch\/iaunil\/files\/2026\/03\/portratfoto_sophie-puchel-1-cropped.jpg 1200w, https:\/\/wp.unil.ch\/iaunil\/files\/2026\/03\/portratfoto_sophie-puchel-1-cropped-300x300.jpg 300w, https:\/\/wp.unil.ch\/iaunil\/files\/2026\/03\/portratfoto_sophie-puchel-1-cropped-1024x1024.jpg 1024w, https:\/\/wp.unil.ch\/iaunil\/files\/2026\/03\/portratfoto_sophie-puchel-1-cropped-150x150.jpg 150w, https:\/\/wp.unil.ch\/iaunil\/files\/2026\/03\/portratfoto_sophie-puchel-1-cropped-768x768.jpg 768w\" sizes=\"auto, (max-width: 1200px) 100vw, 1200px\" \/><\/figure>\n\n\n\n<h3 class=\"wp-block-heading\"><strong><strong>Sophie P\u00fcchel<\/strong><\/strong><\/h3>\n\n\n\n<p class=\"has-text-align-center\">Doctorante FNS<\/p>\n\n\n\n<p class=\"has-text-align-center\"><strong><strong>Facult\u00e9 de biologie et m\u00e9decine<\/strong><\/strong><\/p>\n\n\n\n<p class=\"has-text-align-center\">Ethics of AI, Medical ethics, Bioethics<\/p>\n\n\n\n<div class=\"wp-block-buttons is-layout-flex wp-block-buttons-is-layout-flex\">\n<div class=\"wp-block-button is-style-outline is-style-outline--49\"><a class=\"wp-block-button__link wp-element-button\" href=\"https:\/\/www.chuv.ch\/fr\/ihm\/ihm-home\/recherche\/toutes-les-recherches\/p-r\/sophie-puechel\" target=\"_blank\" rel=\"noreferrer noopener\">Site web<\/a><\/div>\n<\/div>\n<\/div>\n\n\n\n<div class=\"wp-block-group alignwide has-background wp-container-content-9df8e368 is-vertical is-content-justification-center is-layout-flex wp-container-core-group-is-layout-09aa6801 wp-block-group-is-layout-flex\" style=\"border-radius:5px;background-color:#d5e4e7;padding-top:var(--wp--preset--spacing--30);padding-right:var(--wp--preset--spacing--30);padding-bottom:var(--wp--preset--spacing--30);padding-left:var(--wp--preset--spacing--30)\">\n<figure class=\"wp-block-image aligncenter size-full is-resized has-custom-border\"><img loading=\"lazy\" decoding=\"async\" width=\"549\" height=\"549\" src=\"https:\/\/wp.unil.ch\/iaunil\/files\/2026\/01\/hrg-photo-cropped-2-1.jpg\" alt=\"hrg photo cropped (2) (1)\" class=\"wp-image-3452\" style=\"border-radius:128px;object-fit:cover;width:200px;height:200px\" srcset=\"https:\/\/wp.unil.ch\/iaunil\/files\/2026\/01\/hrg-photo-cropped-2-1.jpg 549w, https:\/\/wp.unil.ch\/iaunil\/files\/2026\/01\/hrg-photo-cropped-2-1-300x300.jpg 300w, https:\/\/wp.unil.ch\/iaunil\/files\/2026\/01\/hrg-photo-cropped-2-1-150x150.jpg 150w\" sizes=\"auto, (max-width: 549px) 100vw, 549px\" \/><\/figure>\n\n\n\n<h3 class=\"wp-block-heading\"><strong><strong>Heiko Royet-Galante<\/strong><\/strong><\/h3>\n\n\n\n<p class=\"has-text-align-center\">Charg\u00e9 de recherche<\/p>\n\n\n\n<p class=\"has-text-align-center\"><strong><strong>Facult\u00e9 des sciences sociales et politiques<\/strong><\/strong><\/p>\n\n\n\n<p class=\"has-text-align-center\">IA, Travail administratif, Usages, pratiques sociales<\/p>\n\n\n\n<div class=\"wp-block-buttons is-layout-flex wp-block-buttons-is-layout-flex\">\n<div class=\"wp-block-button\"><a class=\"wp-block-button__link wp-element-button\" href=\"https:\/\/applicationspub.unil.ch\/interpub\/noauth\/php\/Un\/UnPers.php?PerNum=1293191&amp;LanCode=37\" target=\"_blank\" rel=\"noreferrer noopener\">Profil<\/a><\/div>\n<\/div>\n<\/div>\n\n\n\n<div class=\"wp-block-group alignwide has-background wp-container-content-9df8e368 is-vertical is-content-justification-center is-layout-flex wp-container-core-group-is-layout-09aa6801 wp-block-group-is-layout-flex\" style=\"border-radius:5px;background-color:#d5e4e7;padding-top:var(--wp--preset--spacing--30);padding-right:var(--wp--preset--spacing--30);padding-bottom:var(--wp--preset--spacing--30);padding-left:var(--wp--preset--spacing--30)\">\n<figure class=\"wp-block-image aligncenter size-full is-resized has-custom-border\"><img loading=\"lazy\" decoding=\"async\" width=\"1200\" height=\"1200\" src=\"https:\/\/wp.unil.ch\/iaunil\/files\/2025\/07\/profile-cropped.jpg\" alt=\"profile cropped\" class=\"wp-image-2430\" style=\"border-radius:128px;object-fit:cover;width:200px;height:200px\" srcset=\"https:\/\/wp.unil.ch\/iaunil\/files\/2025\/07\/profile-cropped.jpg 1200w, https:\/\/wp.unil.ch\/iaunil\/files\/2025\/07\/profile-cropped-300x300.jpg 300w, https:\/\/wp.unil.ch\/iaunil\/files\/2025\/07\/profile-cropped-1024x1024.jpg 1024w, https:\/\/wp.unil.ch\/iaunil\/files\/2025\/07\/profile-cropped-150x150.jpg 150w, https:\/\/wp.unil.ch\/iaunil\/files\/2025\/07\/profile-cropped-768x768.jpg 768w\" sizes=\"auto, (max-width: 1200px) 100vw, 1200px\" \/><\/figure>\n\n\n\n<h3 class=\"wp-block-heading\"><strong>Laura Vowels<\/strong><\/h3>\n\n\n\n<p class=\"has-text-align-center\">Postdoc<\/p>\n\n\n\n<p class=\"has-text-align-center\"><strong>Facult\u00e9 des sciences sociales et politiques<\/strong><\/p>\n\n\n\n<p class=\"has-text-align-center\">Chatbot, Digital health interventions, Relationship interventions<\/p>\n\n\n\n<div class=\"wp-block-buttons is-layout-flex wp-block-buttons-is-layout-flex\">\n<div class=\"wp-block-button\"><a class=\"wp-block-button__link wp-element-button\" href=\"https:\/\/applicationspub.unil.ch\/interpub\/noauth\/php\/Un\/UnPers.php?PerNum=1239251&amp;LanCode=37\" target=\"_blank\" rel=\"noreferrer noopener\">Profil<\/a><\/div>\n\n\n\n<div class=\"wp-block-button is-style-fill\"><a class=\"wp-block-button__link wp-element-button\" href=\"https:\/\/iris.unil.ch\/entities\/person\/lauravowels\" target=\"_blank\" rel=\"noreferrer noopener\">Publications<\/a><\/div>\n\n\n\n<div class=\"wp-block-button is-style-outline is-style-outline--50\"><a class=\"wp-block-button__link wp-element-button\" href=\"https:\/\/lauravowels.com\" target=\"_blank\" rel=\"noreferrer noopener\">Site web<\/a><\/div>\n<\/div>\n<\/div>\n<\/div>\n<\/div>\n\n\n\n<div class=\"wp-block-group has-global-padding is-content-justification-center is-layout-constrained wp-container-core-group-is-layout-bce697e8 wp-block-group-is-layout-constrained\" style=\"margin-top:var(--wp--preset--spacing--40);padding-top:var(--wp--preset--spacing--40);padding-bottom:0\">\n<hr class=\"wp-block-separator has-text-color has-contrast-3-color has-alpha-channel-opacity has-contrast-3-background-color has-background is-style-wide\" style=\"margin-bottom:var(--wp--preset--spacing--40)\" \/>\n\n\n\n<h2 class=\"wp-block-heading has-x-large-font-size\"><strong>Continuer ma lecture<\/strong><\/h2>\n\n\n\n<div class=\"wp-block-group is-layout-flow wp-container-core-group-is-layout-a00e8899 wp-block-group-is-layout-flow\" style=\"margin-top:0;margin-bottom:0;padding-top:var(--wp--preset--spacing--20);padding-bottom:var(--wp--preset--spacing--20);font-size:clamp(0.984rem, 0.984rem + ((1vw - 0.2rem) * 0.86), 1.5rem);\">\n<p><a href=\"https:\/\/wp.unil.ch\/iaunil\/ia-pour-toutes\/\" data-type=\"page\" data-id=\"171\">IA pour toutes et tous<\/a><\/p>\n\n\n\n<p><a href=\"https:\/\/wp.unil.ch\/iaunil\/recherche\/\" data-type=\"page\" data-id=\"173\">Recherche<\/a><\/p>\n\n\n\n<p><a href=\"https:\/\/wp.unil.ch\/iaunil\/enseignement\/\" data-type=\"page\" data-id=\"177\">Enseignement<\/a><\/p>\n\n\n\n<p><a href=\"https:\/\/wp.unil.ch\/iaunil\/expertes-ia-a-lunil\/\" data-type=\"page\" data-id=\"181\">Expertes et experts<\/a><\/p>\n\n\n\n<p><a href=\"https:\/\/wp.unil.ch\/iaunil\/ressources\/\" data-type=\"page\" data-id=\"185\">Ressources<\/a><\/p>\n\n\n\n<p><a href=\"https:\/\/wp.unil.ch\/iaunil\/actualites\/\" data-type=\"page\" data-id=\"190\">Actualit\u00e9s<\/a><\/p>\n<\/div>\n<\/div>\n","protected":false},"excerpt":{"rendered":"<p>\u00c0 l\u2019UNIL, la richesse de l\u2019intelligence artificielle tient \u00e0 la diversit\u00e9 de nos expert\u00b7e\u00b7s, dont les recherches, reconnues \u00e0 l\u2019international, couvrent aussi bien les algorithmes avanc\u00e9s que les enjeux soci\u00e9taux, juridiques ou culturels. Plus de 250 chercheuses et chercheurs contribuent \u00e0 cet \u00e9lan, et la communaut\u00e9 UNIL a produit plus de 3300 publications li\u00e9es \u00e0 [&hellip;]<\/p>\n","protected":false},"author":108,"featured_media":2481,"parent":0,"menu_order":0,"comment_status":"closed","ping_status":"closed","template":"","meta":{"_seopress_robots_primary_cat":"","_seopress_titles_title":"","_seopress_titles_desc":"","_seopress_robots_index":"","footnotes":""},"class_list":["post-181","page","type-page","status-publish","has-post-thumbnail"],"_links":{"self":[{"href":"https:\/\/wp.unil.ch\/iaunil\/wp-json\/wp\/v2\/pages\/181","targetHints":{"allow":["GET"]}}],"collection":[{"href":"https:\/\/wp.unil.ch\/iaunil\/wp-json\/wp\/v2\/pages"}],"about":[{"href":"https:\/\/wp.unil.ch\/iaunil\/wp-json\/wp\/v2\/types\/page"}],"author":[{"embeddable":true,"href":"https:\/\/wp.unil.ch\/iaunil\/wp-json\/wp\/v2\/users\/108"}],"replies":[{"embeddable":true,"href":"https:\/\/wp.unil.ch\/iaunil\/wp-json\/wp\/v2\/comments?post=181"}],"version-history":[{"count":5,"href":"https:\/\/wp.unil.ch\/iaunil\/wp-json\/wp\/v2\/pages\/181\/revisions"}],"predecessor-version":[{"id":3868,"href":"https:\/\/wp.unil.ch\/iaunil\/wp-json\/wp\/v2\/pages\/181\/revisions\/3868"}],"wp:featuredmedia":[{"embeddable":true,"href":"https:\/\/wp.unil.ch\/iaunil\/wp-json\/wp\/v2\/media\/2481"}],"wp:attachment":[{"href":"https:\/\/wp.unil.ch\/iaunil\/wp-json\/wp\/v2\/media?parent=181"}],"curies":[{"name":"wp","href":"https:\/\/api.w.org\/{rel}","templated":true}]}}