{"id":5448,"date":"2022-12-01T15:40:39","date_gmt":"2022-12-01T14:40:39","guid":{"rendered":"https:\/\/wp.unil.ch\/hecimpact2\/home\/"},"modified":"2026-09-01T09:23:40","modified_gmt":"2026-09-01T07:23:40","slug":"home","status":"publish","type":"page","link":"https:\/\/wp.unil.ch\/hecoutreach\/fr\/","title":{"rendered":"Accueil"},"content":{"rendered":"\n<div class=\"wp-block-cover alignfull is-light homepage-image\" style=\"min-height:25vw;aspect-ratio:unset;\"><img alt=\"\" loading=\"lazy\" decoding=\"async\" width=\"1600\" height=\"890\" class=\"wp-block-cover__image-background wp-image-9526 size-full\" alt=\"\" src=\"https:\/\/wp.unil.ch\/hecoutreach\/files\/2026\/08\/banner_outreach-3.png\" data-object-fit=\"cover\" srcset=\"https:\/\/wp.unil.ch\/hecoutreach\/files\/2026\/08\/banner_outreach-3.png 1600w, https:\/\/wp.unil.ch\/hecoutreach\/files\/2026\/08\/banner_outreach-3-300x167.png 300w, https:\/\/wp.unil.ch\/hecoutreach\/files\/2026\/08\/banner_outreach-3-1024x570.png 1024w, https:\/\/wp.unil.ch\/hecoutreach\/files\/2026\/08\/banner_outreach-3-150x83.png 150w, https:\/\/wp.unil.ch\/hecoutreach\/files\/2026\/08\/banner_outreach-3-768x427.png 768w, https:\/\/wp.unil.ch\/hecoutreach\/files\/2026\/08\/banner_outreach-3-1536x854.png 1536w, https:\/\/wp.unil.ch\/hecoutreach\/files\/2026\/08\/banner_outreach-3-540x300.png 540w, https:\/\/wp.unil.ch\/hecoutreach\/files\/2026\/08\/banner_outreach-3-1080x601.png 1080w, https:\/\/wp.unil.ch\/hecoutreach\/files\/2026\/08\/banner_outreach-3-1320x734.png 1320w\" sizes=\"auto, (max-width: 1600px) 100vw, 1600px\" \/><span aria-hidden=\"true\" class=\"wp-block-cover__background has-background-dim-70 has-background-dim wp-block-cover__gradient-background has-background-gradient\" style=\"background-color:#a78da0;background:linear-gradient(135deg,rgb(238,238,238) 0%,rgb(0,0,0) 100%)\"><\/span><div class=\"wp-block-cover__inner-container is-layout-flow wp-block-cover-is-layout-flow\"><ul class=\"wp-block-latest-posts__list has-dates wp-block-latest-posts has-large-font-size is-layout-flow wp-block-latest-posts-is-layout-flow\"><li><a class=\"wp-block-latest-posts__post-title\" href=\"https:\/\/wp.unil.ch\/hecoutreach\/fr\/serie-humanitaire-les-outils-numeriques-pour-les-personnes-refugiees-en-temps-de-crise\/\">S\u00e9rie humanitaire \u2013 Les outils num\u00e9riques pour les personnes r\u00e9fugi\u00e9es en temps de crise<\/a><time datetime=\"2026-09-01T08:58:33+02:00\" class=\"wp-block-latest-posts__post-date\">1 septembre 2026<\/time><div class=\"wp-block-latest-posts__post-excerpt\">Research That Acts \u2013 De la recherche \u00e0 l\u2019impact humanitaire Dans les crises humanitaires, la recherche ne se contente pas d\u2019observer et d\u2019analyser : elle agit. Bienvenue dans cette nouvelle s\u00e9rie de podcasts en quatre \u00e9pisodes, qui explore la mani\u00e8re dont les chercheuses et chercheurs de HEC Lausanne mobilisent&hellip;<\/div><\/li>\n<\/ul>\n\n\n<div class=\"wp-block-buttons is-content-justification-center is-layout-flex wp-container-core-buttons-is-layout-fe48e5de wp-block-buttons-is-layout-flex\">\n<div class=\"wp-block-button\"><a class=\"wp-block-button__link wp-element-button\" href=\"https:\/\/wp.unil.ch\/hecoutreach\/fr\/serie-humanitaire-les-outils-numeriques-pour-les-personnes-refugiees-en-temps-de-crise\/\">Lire la suite<\/a><\/div>\n<\/div>\n<\/div><\/div>\n\n\n\n<div style=\"height:35px\" aria-hidden=\"true\" class=\"wp-block-spacer\"><\/div>\n\n\n\n<div class=\"wp-block-query is-layout-flow wp-block-query-is-layout-flow\">\n<p class=\"indent-265em wp-block-paragraph\"><strong>Nos derniers articles<\/strong><\/p>\n\n\n<ul class=\"wp-block-post-template is-layout-flow wp-block-post-template-is-layout-flow\"><li class=\"wp-block-post post-9541 post type-post status-publish format-standard has-post-thumbnail category-economie-et-societe category-recherche\">\n\n<div class=\"wp-block-columns alignfull are-vertically-aligned-center is-layout-flex wp-container-core-columns-is-layout-8f761849 wp-block-columns-is-layout-flex\">\n<div class=\"wp-block-column is-vertically-aligned-center is-layout-flow wp-block-column-is-layout-flow\" style=\"flex-basis:25%\"><figure class=\"wp-block-post-featured-image\"><a href=\"https:\/\/wp.unil.ch\/hecoutreach\/fr\/serie-humanitaire-les-outils-numeriques-pour-les-personnes-refugiees-en-temps-de-crise\/\" target=\"_self\" ><img loading=\"lazy\" decoding=\"async\" width=\"1600\" height=\"890\" src=\"https:\/\/wp.unil.ch\/hecoutreach\/files\/2026\/08\/banner_outreach_e2_fr.jpg\" class=\"attachment-post-thumbnail size-post-thumbnail wp-post-image\" alt=\"S\u00e9rie humanitaire \u2013 Les outils num\u00e9riques pour les personnes r\u00e9fugi\u00e9es en temps de crise\" style=\"object-fit:cover;\" srcset=\"https:\/\/wp.unil.ch\/hecoutreach\/files\/2026\/08\/banner_outreach_e2_fr.jpg 1600w, https:\/\/wp.unil.ch\/hecoutreach\/files\/2026\/08\/banner_outreach_e2_fr-300x167.jpg 300w, https:\/\/wp.unil.ch\/hecoutreach\/files\/2026\/08\/banner_outreach_e2_fr-1024x570.jpg 1024w, https:\/\/wp.unil.ch\/hecoutreach\/files\/2026\/08\/banner_outreach_e2_fr-150x83.jpg 150w, https:\/\/wp.unil.ch\/hecoutreach\/files\/2026\/08\/banner_outreach_e2_fr-768x427.jpg 768w, https:\/\/wp.unil.ch\/hecoutreach\/files\/2026\/08\/banner_outreach_e2_fr-1536x854.jpg 1536w, https:\/\/wp.unil.ch\/hecoutreach\/files\/2026\/08\/banner_outreach_e2_fr-540x300.jpg 540w, https:\/\/wp.unil.ch\/hecoutreach\/files\/2026\/08\/banner_outreach_e2_fr-1080x601.jpg 1080w, https:\/\/wp.unil.ch\/hecoutreach\/files\/2026\/08\/banner_outreach_e2_fr-1320x734.jpg 1320w\" sizes=\"auto, (max-width: 1600px) 100vw, 1600px\" \/><\/a><\/figure><\/div>\n\n\n\n<div class=\"wp-block-column is-vertically-aligned-center is-layout-flow wp-block-column-is-layout-flow\" style=\"flex-basis:75%\"><h2 class=\"wp-block-post-title\"><a href=\"https:\/\/wp.unil.ch\/hecoutreach\/fr\/serie-humanitaire-les-outils-numeriques-pour-les-personnes-refugiees-en-temps-de-crise\/\" target=\"_self\" >S\u00e9rie humanitaire \u2013 Les outils num\u00e9riques pour les personnes r\u00e9fugi\u00e9es en temps de crise<\/a><\/h2>\n\n<div class=\"wp-block-post-date\"><time datetime=\"2026-09-01T08:58:33+02:00\">1 septembre 2026<\/time><\/div>\n\n<div class=\"wp-block-post-excerpt\"><p class=\"wp-block-post-excerpt__excerpt\">Research That Acts \u2013 De la recherche \u00e0 l\u2019impact humanitaire Dans les crises humanitaires, la recherche ne se contente pas d\u2019observer et d\u2019analyser : elle agit. Bienvenue dans cette nouvelle s\u00e9rie de podcasts en quatre \u00e9pisodes, qui explore la mani\u00e8re dont les chercheuses et chercheurs de HEC Lausanne mobilisent leur expertise pour r\u00e9pondre \u00e0 certains\u2026<\/p><p class=\"wp-block-post-excerpt__more-text\"><a class=\"wp-block-post-excerpt__more-link\" href=\"https:\/\/wp.unil.ch\/hecoutreach\/fr\/serie-humanitaire-les-outils-numeriques-pour-les-personnes-refugiees-en-temps-de-crise\/\">Lire plus<\/a><\/p><\/div><\/div>\n<\/div>\n\n<\/li><li class=\"wp-block-post post-9514 post type-post status-publish format-standard has-post-thumbnail\">\n\n<div class=\"wp-block-columns alignfull are-vertically-aligned-center is-layout-flex wp-container-core-columns-is-layout-8f761849 wp-block-columns-is-layout-flex\">\n<div class=\"wp-block-column is-vertically-aligned-center is-layout-flow wp-block-column-is-layout-flow\" style=\"flex-basis:25%\"><figure class=\"wp-block-post-featured-image\"><a href=\"https:\/\/wp.unil.ch\/hecoutreach\/fr\/serie-humanitaire-lintegration-professionnelle-des-personnes-refugiees\/\" target=\"_self\" ><img loading=\"lazy\" decoding=\"async\" width=\"1600\" height=\"890\" src=\"https:\/\/wp.unil.ch\/hecoutreach\/files\/2026\/08\/banner_outreach-1-1.png\" class=\"attachment-post-thumbnail size-post-thumbnail wp-post-image\" alt=\"S\u00e9rie humanitaire : l\u2019int\u00e9gration professionnelle des personnes r\u00e9fugi\u00e9es\" style=\"object-fit:cover;\" srcset=\"https:\/\/wp.unil.ch\/hecoutreach\/files\/2026\/08\/banner_outreach-1-1.png 1600w, https:\/\/wp.unil.ch\/hecoutreach\/files\/2026\/08\/banner_outreach-1-1-300x167.png 300w, https:\/\/wp.unil.ch\/hecoutreach\/files\/2026\/08\/banner_outreach-1-1-1024x570.png 1024w, https:\/\/wp.unil.ch\/hecoutreach\/files\/2026\/08\/banner_outreach-1-1-150x83.png 150w, https:\/\/wp.unil.ch\/hecoutreach\/files\/2026\/08\/banner_outreach-1-1-768x427.png 768w, https:\/\/wp.unil.ch\/hecoutreach\/files\/2026\/08\/banner_outreach-1-1-1536x854.png 1536w, https:\/\/wp.unil.ch\/hecoutreach\/files\/2026\/08\/banner_outreach-1-1-540x300.png 540w, https:\/\/wp.unil.ch\/hecoutreach\/files\/2026\/08\/banner_outreach-1-1-1080x601.png 1080w, https:\/\/wp.unil.ch\/hecoutreach\/files\/2026\/08\/banner_outreach-1-1-1320x734.png 1320w\" sizes=\"auto, (max-width: 1600px) 100vw, 1600px\" \/><\/a><\/figure><\/div>\n\n\n\n<div class=\"wp-block-column is-vertically-aligned-center is-layout-flow wp-block-column-is-layout-flow\" style=\"flex-basis:75%\"><h2 class=\"wp-block-post-title\"><a href=\"https:\/\/wp.unil.ch\/hecoutreach\/fr\/serie-humanitaire-lintegration-professionnelle-des-personnes-refugiees\/\" target=\"_self\" >S\u00e9rie humanitaire : l\u2019int\u00e9gration professionnelle des personnes r\u00e9fugi\u00e9es<\/a><\/h2>\n\n<div class=\"wp-block-post-date\"><time datetime=\"2026-08-20T09:22:52+02:00\">20 ao\u00fbt 2026<\/time><\/div>\n\n<div class=\"wp-block-post-excerpt\"><p class=\"wp-block-post-excerpt__excerpt\">Research That Acts \u2013 De la recherche \u00e0 l\u2019impact humanitaire Dans les crises humanitaires, la recherche ne se contente pas d\u2019observer et d\u2019analyser : elle agit. Bienvenue dans cette nouvelle s\u00e9rie de podcasts en quatre \u00e9pisodes, qui explore la mani\u00e8re dont les chercheuses et chercheurs de HEC Lausanne mobilisent leur expertise pour r\u00e9pondre \u00e0 certains\u2026<\/p><p class=\"wp-block-post-excerpt__more-text\"><a class=\"wp-block-post-excerpt__more-link\" href=\"https:\/\/wp.unil.ch\/hecoutreach\/fr\/serie-humanitaire-lintegration-professionnelle-des-personnes-refugiees\/\">Lire plus<\/a><\/p><\/div><\/div>\n<\/div>\n\n<\/li><li class=\"wp-block-post post-9493 post type-post status-publish format-standard has-post-thumbnail category-initiatives-fr\">\n\n<div class=\"wp-block-columns alignfull are-vertically-aligned-center is-layout-flex wp-container-core-columns-is-layout-8f761849 wp-block-columns-is-layout-flex\">\n<div class=\"wp-block-column is-vertically-aligned-center is-layout-flow wp-block-column-is-layout-flow\" style=\"flex-basis:25%\"><figure class=\"wp-block-post-featured-image\"><a href=\"https:\/\/wp.unil.ch\/hecoutreach\/fr\/la-realite-virtuelle-pour-apprendre-a-analyser-les-risques\/\" target=\"_self\" ><img loading=\"lazy\" decoding=\"async\" width=\"1600\" height=\"890\" src=\"https:\/\/wp.unil.ch\/hecoutreach\/files\/2026\/08\/banner_outreach.png\" class=\"attachment-post-thumbnail size-post-thumbnail wp-post-image\" alt=\"La r\u00e9alit\u00e9 virtuelle pour apprendre \u00e0 analyser les risques\" style=\"object-fit:cover;\" srcset=\"https:\/\/wp.unil.ch\/hecoutreach\/files\/2026\/08\/banner_outreach.png 1600w, https:\/\/wp.unil.ch\/hecoutreach\/files\/2026\/08\/banner_outreach-300x167.png 300w, https:\/\/wp.unil.ch\/hecoutreach\/files\/2026\/08\/banner_outreach-1024x570.png 1024w, https:\/\/wp.unil.ch\/hecoutreach\/files\/2026\/08\/banner_outreach-150x83.png 150w, https:\/\/wp.unil.ch\/hecoutreach\/files\/2026\/08\/banner_outreach-768x427.png 768w, https:\/\/wp.unil.ch\/hecoutreach\/files\/2026\/08\/banner_outreach-1536x854.png 1536w, https:\/\/wp.unil.ch\/hecoutreach\/files\/2026\/08\/banner_outreach-540x300.png 540w, https:\/\/wp.unil.ch\/hecoutreach\/files\/2026\/08\/banner_outreach-1080x601.png 1080w, https:\/\/wp.unil.ch\/hecoutreach\/files\/2026\/08\/banner_outreach-1320x734.png 1320w\" sizes=\"auto, (max-width: 1600px) 100vw, 1600px\" \/><\/a><\/figure><\/div>\n\n\n\n<div class=\"wp-block-column is-vertically-aligned-center is-layout-flow wp-block-column-is-layout-flow\" style=\"flex-basis:75%\"><h2 class=\"wp-block-post-title\"><a href=\"https:\/\/wp.unil.ch\/hecoutreach\/fr\/la-realite-virtuelle-pour-apprendre-a-analyser-les-risques\/\" target=\"_self\" >La r\u00e9alit\u00e9 virtuelle pour apprendre \u00e0 analyser les risques<\/a><\/h2>\n\n<div class=\"wp-block-post-date\"><time datetime=\"2026-08-12T07:23:25+02:00\">12 ao\u00fbt 2026<\/time><\/div>\n\n<div class=\"wp-block-post-excerpt\"><p class=\"wp-block-post-excerpt__excerpt\">Casque sur la t\u00eate, avatar en mouvement: \u00e0 HEC Lausanne, des \u00e9tudiantes et \u00e9tudiants ne se contentent plus d\u2019analyser les risques, ils les vivent. Gr\u00e2ce \u00e0 la r\u00e9alit\u00e9 virtuelle, un cours immersif les plonge au c\u0153ur des d\u00e9fis contemporains \u2013 gestion des risques, changement climatique, incertitudes globales \u2013 pour les pr\u00e9parer aux r\u00e9alit\u00e9s du monde\u2026<\/p><p class=\"wp-block-post-excerpt__more-text\"><a class=\"wp-block-post-excerpt__more-link\" href=\"https:\/\/wp.unil.ch\/hecoutreach\/fr\/la-realite-virtuelle-pour-apprendre-a-analyser-les-risques\/\">Lire plus<\/a><\/p><\/div><\/div>\n<\/div>\n\n<\/li><\/ul><\/div>\n\n\n\n<div class=\"wp-block-buttons is-content-justification-center is-layout-flex wp-container-core-buttons-is-layout-fe48e5de wp-block-buttons-is-layout-flex\">\n<div class=\"wp-block-button\"><a class=\"wp-block-button__link wp-element-button\" href=\"https:\/\/wp.unil.ch\/hecoutreach\/fr\/posts\/\">Cliquez pour voir plus d&rsquo;articles<\/a><\/div>\n<\/div>\n","protected":false},"excerpt":{"rendered":"<p>os derniers articles <\/p>\n","protected":false},"author":1002469,"featured_media":0,"parent":0,"menu_order":0,"comment_status":"closed","ping_status":"closed","template":"","meta":{"_seopress_titles_title":"","_seopress_titles_desc":"","_seopress_robots_index":"","_seopress_robots_follow":"","_seopress_robots_imageindex":"","_seopress_robots_snippet":"","_seopress_robots_primary_cat":"","_seopress_robots_breadcrumbs":"","_seopress_robots_freeze_modified_date":"","_seopress_robots_custom_modified_date":"","_seopress_robots_canonical":"","_seopress_social_fb_title":"","_seopress_social_fb_desc":"","_seopress_social_fb_img":"","_seopress_social_fb_img_attachment_id":0,"_seopress_social_fb_img_width":0,"_seopress_social_fb_img_height":0,"_seopress_social_twitter_title":"","_seopress_social_twitter_desc":"","_seopress_social_twitter_img":"","_seopress_social_twitter_img_attachment_id":0,"_seopress_social_twitter_img_width":0,"_seopress_social_twitter_img_height":0,"_seopress_redirections_value":"","_seopress_redirections_enabled":"","_seopress_redirections_enabled_regex":"","_seopress_redirections_logged_status":"","_seopress_redirections_param":"","_seopress_redirections_type":0,"_seopress_analysis_target_kw":"","_seopress_news_disabled":"","_seopress_video_disabled":"","_seopress_video":[],"_seopress_pro_schemas_manual":[],"_seopress_pro_rich_snippets_disable_all":"","_seopress_pro_rich_snippets_disable":[],"_seopress_pro_schemas":[],"footnotes":""},"class_list":["post-5448","page","type-page","status-publish","has-post-thumbnail"],"_links":{"self":[{"href":"https:\/\/wp.unil.ch\/hecoutreach\/fr\/wp-json\/wp\/v2\/pages\/5448","targetHints":{"allow":["GET"]}}],"collection":[{"href":"https:\/\/wp.unil.ch\/hecoutreach\/fr\/wp-json\/wp\/v2\/pages"}],"about":[{"href":"https:\/\/wp.unil.ch\/hecoutreach\/fr\/wp-json\/wp\/v2\/types\/page"}],"author":[{"embeddable":true,"href":"https:\/\/wp.unil.ch\/hecoutreach\/fr\/wp-json\/wp\/v2\/users\/1002469"}],"replies":[{"embeddable":true,"href":"https:\/\/wp.unil.ch\/hecoutreach\/fr\/wp-json\/wp\/v2\/comments?post=5448"}],"version-history":[{"count":5,"href":"https:\/\/wp.unil.ch\/hecoutreach\/fr\/wp-json\/wp\/v2\/pages\/5448\/revisions"}],"predecessor-version":[{"id":9550,"href":"https:\/\/wp.unil.ch\/hecoutreach\/fr\/wp-json\/wp\/v2\/pages\/5448\/revisions\/9550"}],"wp:attachment":[{"href":"https:\/\/wp.unil.ch\/hecoutreach\/fr\/wp-json\/wp\/v2\/media?parent=5448"}],"curies":[{"name":"wp","href":"https:\/\/api.w.org\/{rel}","templated":true}]}}