{"id":1402,"date":"2016-06-17T14:14:59","date_gmt":"2016-06-17T12:14:59","guid":{"rendered":"http:\/\/wp.unil.ch\/grebd\/?page_id=1402"},"modified":"2021-07-05T15:39:36","modified_gmt":"2021-07-05T13:39:36","slug":"le-decoupage-de-laction","status":"publish","type":"page","link":"https:\/\/wp.unil.ch\/grebd\/recherche\/projets-fns\/le-decoupage-de-laction\/","title":{"rendered":"Le d\u00e9coupage de l&rsquo;action"},"content":{"rendered":"\n<h5 class=\"wp-block-heading\">Pr\u00e9sentation du projet<\/h5>\n\n\n\n<p>Le projet de recherche intitul\u00e9 \u00ab\u00a0Le d\u00e9coupage de l\u2019action ? : analyse narratologique de p\u00e9riodiques de bandes dessin\u00e9es (1946-1959)\u00a0\u00bb \u00e9tait co-dirig\u00e9 par Fran\u00e7oise Revaz (professeure de linguistique fran\u00e7aise \u00e0 l\u2019Universit\u00e9 de Fribourg) et Alain Boillat (professeur \u00e0 la Section d\u2019histoire et esth\u00e9tique du cin\u00e9ma de l\u2019Universit\u00e9 de Lausanne), avec la collaboration de deux assistants de recherche, Marine Borel et Rapha\u00ebl Oesterl\u00e9. Ce projet, financ\u00e9 par le Fonds National Suisse de la Recherche Scientifique (FNS) du 1<sup>er<\/sup> janvier 2012 au 31 d\u00e9cembre 2014, avait pour but de d\u00e9pouiller et d\u2019\u00e9tudier une partie du <a rel=\"noopener\" href=\"https:\/\/www.lausanne.ch\/thematiques\/culture-et-patrimoine\/histoire-et-patrimoine\/lausanne-et-la-bd\/fonds-patrimonial-de-la-bd-details\/collection-ghebali.html\" target=\"_blank\">Fonds Ghebali<\/a>, importante collection de bandes dessin\u00e9es acquise par le <a rel=\"noopener\" href=\"https:\/\/www.lausanne.ch\/thematiques\/culture-et-patrimoine\/histoire-et-patrimoine\/lausanne-et-la-bd.html\" target=\"_blank\">Centre BD<\/a> de la Biblioth\u00e8que municipale de la Ville de Lausanne en 2010.<\/p>\n\n\n\n<p>Principalement compos\u00e9 de p\u00e9riodiques de bandes dessin\u00e9es, le Fonds Ghebali, d\u2019un int\u00e9r\u00eat unique en Europe, se distingue tant par sa richesse (plus de 630 titres de magazines diff\u00e9rents \u2013 pour la plupart des collections compl\u00e8tes \u2013 parus entre les ann\u00e9es 1920 et la fin des ann\u00e9es 1970) que par son originalit\u00e9 (il comporte notamment de tr\u00e8s rares collections d\u2019inspiration chr\u00e9tienne s\u2019adressant sp\u00e9cifiquement aux jeunes filles, des bandes dessin\u00e9es publicitaires, ainsi que des magazines destin\u00e9s exclusivement aux anciennes colonies francophones). La conservation de ce fonds dont la valeur patrimoniale est exceptionnelle t\u00e9moigne de l\u2019engagement de la Ville de Lausanne en mati\u00e8re de valorisation de la bande dessin\u00e9e.<\/p>\n\n\n\n<p>Ce projet de recherche s&rsquo;est&nbsp; essentiellement concentr\u00e9 sur les r\u00e9cits de bande dessin\u00e9e parus dans les magazines pour la jeunesse entre 1946 et 1959, p\u00e9riode faste de la presse de bande dessin\u00e9e, o\u00f9 l\u2019album tel que nous le connaissons faisait figure d\u2019exception. L\u2019\u00e9tude de ces r\u00e9cits parus sous forme de \u00ab&nbsp;feuilletons&nbsp;\u00bb et caract\u00e9ris\u00e9s par leur aspect morcel\u00e9 est centr\u00e9e sur la question du d\u00e9coupage (entre les \u00e9pisodes, mais \u00e9galement d\u2019un strip ou d\u2019une case \u00e0 l\u2019autre). Cette question a \u00e9t\u00e9 abord\u00e9e dans une perspective interdisciplinaire, \u00e0 la crois\u00e9e de la narratologie, de la linguistique textuelle et des th\u00e9ories du cin\u00e9ma.<\/p>\n\n\n\n<p>Outre un certain nombre d\u2019articles et de communications, ce projet a donn\u00e9 lieu \u00e0 une exposition intitul\u00e9e \u00ab\u00a0<a title=\"Expositions du GreBD\" rel=\"noopener\" href=\"https:\/\/wp.unil.ch\/grebd\/evenements\/expositions-du-grebd\/\" target=\"_blank\">La BD avant l\u2019album\u00a0\u00bb<\/a>, qui s\u2019est tenue du 16 au 26 octobre 2013 au Forum de l\u2019H\u00f4tel de Ville de Lausanne et qui avait pour but d\u2019offrir aux visiteurs un parcours historique et th\u00e9orique pr\u00e9sentant les principaux enjeux li\u00e9s aux publications de bandes dessin\u00e9es avant l\u2019av\u00e8nement de l\u2019album. Les r\u00e9sultats de la recherche ont \u00e9t\u00e9 publi\u00e9s dans un ouvrage collectif, <a rel=\"noopener\" href=\"https:\/\/www.infolio.ch\/livre\/case-strip-action.htm\" target=\"_blank\"><em>Case, strip, Action!<\/em> (Infolio 2016)<\/a>, laur\u00e9at 2017 du prix Papiers Nickel\u00e9s SoBD. Il aborde diff\u00e9rentes th\u00e9matiques li\u00e9es aux feuilletons de bande dessin\u00e9e et privil\u00e9gient une approche narratologique, tout en tenant compte du contexte historique, \u00e9ditorial et m\u00e9diatique de ces publications.<\/p>\n\n\n<ul class=\"su-subpages\"><li class=\"page_item page-item-1405\"><a href=\"https:\/\/wp.unil.ch\/grebd\/recherche\/projets-fns\/le-decoupage-de-laction\/bilan-methodologique\/\">Bilan m\u00e9thodologique<\/a><\/li>\n<li class=\"page_item page-item-1408\"><a href=\"https:\/\/wp.unil.ch\/grebd\/recherche\/projets-fns\/le-decoupage-de-laction\/etude-de-cas\/\">\u00c9tude de cas<\/a><\/li>\n<\/ul>\n","protected":false},"excerpt":{"rendered":"<p>Pr\u00e9sentation du projet Le projet de recherche intitul\u00e9 \u00ab\u00a0Le d\u00e9coupage de l\u2019action ? : analyse narratologique de p\u00e9riodiques de bandes dessin\u00e9es (1946-1959)\u00a0\u00bb \u00e9tait co-dirig\u00e9 par Fran\u00e7oise Revaz (professeure de linguistique fran\u00e7aise \u00e0 l\u2019Universit\u00e9 de Fribourg) et Alain Boillat (professeur \u00e0<\/p>\n","protected":false},"author":1480,"featured_media":0,"parent":1936,"menu_order":0,"comment_status":"closed","ping_status":"closed","template":"","meta":{"_seopress_robots_primary_cat":"","_seopress_titles_title":"","_seopress_titles_desc":"","_seopress_robots_index":"","ngg_post_thumbnail":0,"footnotes":""},"class_list":["post-1402","page","type-page","status-publish"],"_links":{"self":[{"href":"https:\/\/wp.unil.ch\/grebd\/wp-json\/wp\/v2\/pages\/1402","targetHints":{"allow":["GET"]}}],"collection":[{"href":"https:\/\/wp.unil.ch\/grebd\/wp-json\/wp\/v2\/pages"}],"about":[{"href":"https:\/\/wp.unil.ch\/grebd\/wp-json\/wp\/v2\/types\/page"}],"author":[{"embeddable":true,"href":"https:\/\/wp.unil.ch\/grebd\/wp-json\/wp\/v2\/users\/1480"}],"replies":[{"embeddable":true,"href":"https:\/\/wp.unil.ch\/grebd\/wp-json\/wp\/v2\/comments?post=1402"}],"version-history":[{"count":0,"href":"https:\/\/wp.unil.ch\/grebd\/wp-json\/wp\/v2\/pages\/1402\/revisions"}],"up":[{"embeddable":true,"href":"https:\/\/wp.unil.ch\/grebd\/wp-json\/wp\/v2\/pages\/1936"}],"wp:attachment":[{"href":"https:\/\/wp.unil.ch\/grebd\/wp-json\/wp\/v2\/media?parent=1402"}],"curies":[{"name":"wp","href":"https:\/\/api.w.org\/{rel}","templated":true}]}}