{"id":168,"date":"2025-10-15T09:12:11","date_gmt":"2025-10-15T07:12:11","guid":{"rendered":"https:\/\/wp.unil.ch\/extinctionsalpines\/?page_id=168"},"modified":"2025-11-06T14:56:54","modified_gmt":"2025-11-06T13:56:54","slug":"le-projet","status":"publish","type":"page","link":"https:\/\/wp.unil.ch\/extinctionsalpines\/le-projet\/","title":{"rendered":"Le projet"},"content":{"rendered":"\n<h2 class=\"wp-block-heading\">Pr\u00e9sentation g\u00e9n\u00e9rale<\/h2>\n\n\n\n<p class=\"has-text-align-left\">Les r\u00e9gions de montagne sont parmi les plus affect\u00e9es par le r\u00e9chauffement climatique qui s\u2019acc\u00e9l\u00e8re. Il entra\u00eene un profond bouleversement des milieux alpins : disparition annonc\u00e9e de la plupart des glaciers, perturbation des \u00e9cosyst\u00e8mes avec l\u2019extinction de certaines esp\u00e8ces comme les galliformes de montagne, et chamboulement des repr\u00e9sentations et des activit\u00e9s humaines en lien avec ces entit\u00e9s en train de disparaitre.<\/p>\n\n\n\n<p class=\"has-text-align-left\">Ce projet a pour objectif principal de rendre compte des transformations des mani\u00e8res d\u2019habiter les territoires de montagnes face \u00e0 ces profonds bouleversements en s\u2019int\u00e9ressant aux processus d\u2019extinctions en cours.&nbsp; Il s\u2019int\u00e9ressera \u00e0 deux \u00e9tudes de cas&nbsp;: les glaciers alpins et les galliformes de montagne. Il s\u2019agit d\u2019\u00e9tudier l\u2019ensemble des \u00e9l\u00e9ments amen\u00e9s \u00e0 disparaitre et\/ ou \u00e0 se r\u00e9inventer en lien avec la disparition de ces entit\u00e9s. Une premi\u00e8re partie du travail s\u2019int\u00e9ressera \u00e0 qualifier les ph\u00e9nom\u00e8nes d\u2019extinction, \u00e0 voir comment ce processus entre dans la sph\u00e8re publique au fil du temps et en fonction des lieux et comment il marque les r\u00e9cits. Le contexte historique, sociopolitique, \u00e9conomique et culturel qui a favoris\u00e9 la qualification d\u2019extinction de l\u2019entit\u00e9 non humaine sera interrog\u00e9. Dans un deuxi\u00e8me temps, il s\u2019agira de documenter les r\u00e9cits li\u00e9s \u00e0 ces extinctions et collecter les savoirs vernaculaires permettant d\u2019analyser les interrelations entre exp\u00e9riences d\u2019extinction et extinctions d\u2019exp\u00e9rience. Il s\u2019agit d\u2019identifier, en lien avec les acteurs en prise directe avec le ph\u00e9nom\u00e8ne d\u2019extinction, ce qui dispara\u00eet, pour qui et selon quels processus, en documentant les expressions les plus manifestes de ces deux formes d\u2019exp\u00e9riences. Enfin il s\u2019agira de comprendre comment se r\u00e9organisent les agencements entre diff\u00e9rents acteurs et les relations aux glaciers et galliformes, ainsi que les r\u00e9cits qui en sont faits, en identifiant ce qui est d\u00e9finitivement perdu, oubli\u00e9 ou au contraire r\u00e9invent\u00e9.<\/p>\n\n\n\n<p class=\"has-text-align-left\">En s\u2019appuyant sur des cas d\u2019\u00e9tudes de processus d\u2019extinction particuli\u00e8rement symptomatiques dans les Alpes, cette recherche apportera un \u00e9clairage nouveau sur les mani\u00e8res d\u2019habiter les Alpes aujourd\u2019hui. <a><\/a><\/p>\n\n\n\n<h2 class=\"wp-block-heading\">Cas d&rsquo;\u00e9tude Glaciers Alpins<\/h2>\n\n\n\n<p>Cette \u00e9tude de cas permettra tout d\u2019abord, notamment \u00e0 partir d\u2019archives, de documenter le basculement r\u00e9cent vers la notion d\u2019extinction glaciaire, alors que le discours dominant jusqu\u2019\u00e0 r\u00e9cemment s\u2019inscrivait dans un r\u00e9cit de fin du petit \u00e2ge glaciaire. <\/p>\n\n\n\n<p>L\u2019analyse des discours et l\u2019observation fine des situations d\u2019interactions sensibles avec les entit\u00e9s non-humaines montagnardes aidera \u00e0 mieux saisir l\u2019exp\u00e9rience de lieux en train de dispara\u00eetre comme les langues terminales des glaciers, et de montrer comment les acteurs parcourent une montagne ab\u00eem\u00e9e. <br>Il s\u2019agit aussi de documenter les mani\u00e8res de faire avec ces extinctions glaciaires, dans la multiplicit\u00e9 de leurs formes : renouvellement des perceptions, \u00e9volution des pratiques, pertes de certitudes, d\u00e9placements des int\u00e9r\u00eats, mise au d\u00e9fi du rapport esth\u00e9tique (et comment ce rapport esth\u00e9tique peut se voir reconfigur\u00e9 par d\u2019autres relations, d\u2019attachement, de soin, de compr\u00e9hension des processus). <\/p>\n\n\n\n<p>La perception des temporalit\u00e9s est aussi enjeu : les temps g\u00e9ologiques peuvent parfois \u00eatre convoqu\u00e9s pour relativiser des extinctions qui ne seraient que temporaires, li\u00e9es aux p\u00e9riodes interglaciaires. La possibilit\u00e9 d\u2019un renouvellement plus profond du rapport au milieu sera aussi interrog\u00e9e : \u00e0 partir de la construction d\u2019un certain imaginaire de la montagne, puis d\u2019exp\u00e9riences de la transformation de la montagne, un d\u00e9passement de l&rsquo;imaginaire moderne de conqu\u00eate serait-il en germe ? Avec peut-\u00eatre l\u2019av\u00e8nement de nouvelles formes de relations plus personnalis\u00e9es avec des entit\u00e9s montagnardes autres qu\u2019humaines, comme pourraient l&rsquo;anticiper les premi\u00e8res c\u00e9r\u00e9monies d\u2019hommage aux glaciers disparus. Focalis\u00e9e sur les extinctions en cours, cette \u00e9tude de cas permettra aussi de recueillir et d\u2019analyser des donn\u00e9es vernaculaires sur l\u2019exp\u00e9rience de la montagne et sa transmission interg\u00e9n\u00e9rationnelle.<\/p>\n\n\n\n<h2 class=\"wp-block-heading\">Cas d&rsquo;\u00e9tude Galliformes de Montagne<\/h2>\n\n\n\n<p>Les galliformes de montagne vivant dans les Alpes (lagop\u00e8de alpin, t\u00e9tras lyre, perdrix bartavelle et g\u00e9linotte des bois) font face \u00e0 de nombreuses menaces&nbsp;: d\u00e9rangement li\u00e9 aux activit\u00e9s humaines, perte d\u2019habitats, changement climatique etc.<br>Parall\u00e8lement \u00e0 ces ph\u00e9nom\u00e8nes \u00e9cologiques, les pratiques humaines concernant ces oiseaux embl\u00e9matiques de la faune alpine sont en pleine recomposition, avec un effacement progressif de la chasse, une forte attention scientifique et gestionnaire, et des pratiques d\u2019observation en progression (photographie animali\u00e8re, ornithologie).<br>Dans un contexte global d&rsquo;attention grandissante \u00e0 l&rsquo;\u00e9gard de la sixi\u00e8me extinction de masse et de la perte de diversit\u00e9 culturelle, la situation des galliformes de montagne cristallise les bouleversement \u00e9cologiques et socio-culturels qui redessinent les Alpes.<\/p>\n\n\n\n<p>Cette \u00e9tude de cas se propose ainsi d\u2019\u00e9tudier l\u2019\u00e9volution des relations entre humains et galliformes de montagnes, et avec elle, la transformation des mani\u00e8res d\u2019habiter les territoires alpins dans un contexte d\u2019extinction bioculturelle.<br>Une approche historique permettra de cerner l\u2019\u00e9mergence des discours autour du d\u00e9clin de ces oiseaux, ainsi que l\u2019\u00e9volution dans le temps des pratiques et connaissances les concernant. <br>Par ailleurs, une enqu\u00eate ethnographique men\u00e9e aupr\u00e8s des diff\u00e9rents acteurs (chasseurs, gestionnaires d\u2019espaces naturels, scientifiques, photographes, naturalistes amateurs), nous \u00e9clairera sur les diff\u00e9rentes formes de savoirs et de relations entretenues avec les galliformes et les espaces qu\u2019ils occupent. Elle permettra \u00e9galement d\u2019analyser la fa\u00e7on dont les acteurs se positionnent face \u00e0 l\u2019extinction bioculturelle, et de documenter ce qui est perdu, ce qui se transforme et ce qui apparait en termes de pratiques, de repr\u00e9sentations et de connaissances.<\/p>\n\n\n\n<p><\/p>\n","protected":false},"excerpt":{"rendered":"<p>Pr\u00e9sentation g\u00e9n\u00e9rale Les r\u00e9gions de montagne sont parmi les plus affect\u00e9es par le r\u00e9chauffement climatique qui s\u2019acc\u00e9l\u00e8re. Il entra\u00eene un profond bouleversement des milieux alpins : disparition annonc\u00e9e&hellip;<\/p>\n","protected":false},"author":1003030,"featured_media":307,"parent":0,"menu_order":0,"comment_status":"closed","ping_status":"closed","template":"","meta":{"_seopress_robots_primary_cat":"","_seopress_titles_title":"","_seopress_titles_desc":"","_seopress_robots_index":"","footnotes":""},"class_list":["post-168","page","type-page","status-publish","has-post-thumbnail"],"_links":{"self":[{"href":"https:\/\/wp.unil.ch\/extinctionsalpines\/wp-json\/wp\/v2\/pages\/168","targetHints":{"allow":["GET"]}}],"collection":[{"href":"https:\/\/wp.unil.ch\/extinctionsalpines\/wp-json\/wp\/v2\/pages"}],"about":[{"href":"https:\/\/wp.unil.ch\/extinctionsalpines\/wp-json\/wp\/v2\/types\/page"}],"author":[{"embeddable":true,"href":"https:\/\/wp.unil.ch\/extinctionsalpines\/wp-json\/wp\/v2\/users\/1003030"}],"replies":[{"embeddable":true,"href":"https:\/\/wp.unil.ch\/extinctionsalpines\/wp-json\/wp\/v2\/comments?post=168"}],"version-history":[{"count":5,"href":"https:\/\/wp.unil.ch\/extinctionsalpines\/wp-json\/wp\/v2\/pages\/168\/revisions"}],"predecessor-version":[{"id":309,"href":"https:\/\/wp.unil.ch\/extinctionsalpines\/wp-json\/wp\/v2\/pages\/168\/revisions\/309"}],"wp:featuredmedia":[{"embeddable":true,"href":"https:\/\/wp.unil.ch\/extinctionsalpines\/wp-json\/wp\/v2\/media\/307"}],"wp:attachment":[{"href":"https:\/\/wp.unil.ch\/extinctionsalpines\/wp-json\/wp\/v2\/media?parent=168"}],"curies":[{"name":"wp","href":"https:\/\/api.w.org\/{rel}","templated":true}]}}