{"id":248,"date":"2016-05-23T20:57:12","date_gmt":"2016-05-23T18:57:12","guid":{"rendered":"http:\/\/wp.unil.ch\/expophoto-ch\/?page_id=248"},"modified":"2017-07-24T10:06:52","modified_gmt":"2017-07-24T08:06:52","slug":"archives","status":"publish","type":"page","link":"https:\/\/wp.unil.ch\/expophoto-ch\/actualite\/archives\/","title":{"rendered":"Archives"},"content":{"rendered":"<ul>\n<li><strong>Colloque<\/strong><\/li>\n<\/ul>\n<p><a href=\"https:\/\/wp.unil.ch\/expophoto-ch\/files\/2017\/01\/Exposer-les-savoirs_affiche.jpg\"><img alt=\"\" loading=\"lazy\" decoding=\"async\" class=\"wp-image-515 alignnone\" src=\"https:\/\/wp.unil.ch\/expophoto-ch\/files\/2017\/01\/Exposer-les-savoirs_affiche.jpg\" alt=\"\" width=\"239\" height=\"339\" srcset=\"https:\/\/wp.unil.ch\/expophoto-ch\/files\/2017\/01\/Exposer-les-savoirs_affiche.jpg 1749w, https:\/\/wp.unil.ch\/expophoto-ch\/files\/2017\/01\/Exposer-les-savoirs_affiche-211x300.jpg 211w, https:\/\/wp.unil.ch\/expophoto-ch\/files\/2017\/01\/Exposer-les-savoirs_affiche-768x1089.jpg 768w, https:\/\/wp.unil.ch\/expophoto-ch\/files\/2017\/01\/Exposer-les-savoirs_affiche-722x1024.jpg 722w\" sizes=\"auto, (max-width: 239px) 100vw, 239px\" \/><\/a><\/p>\n<p>Colloque international de doctorant.e.s,\u00a0Section d\u2019histoire et\u00a0esth\u00e9tique du cin\u00e9ma, Universit\u00e9 de Lausanne\/Photographic History Research Centre,\u00a0De Montfort University, Leicester.\u00a0Universit\u00e9 de Lausanne, 17-18 novembre 2016.<\/p>\n<ul>\n<li><strong>Communications<\/strong><\/li>\n<\/ul>\n<p>Claire-Lise Deblu\u00eb : \u00ab\u00a0Feeling Knowledge : Education, Social Reform and the Rise of Tactility in Exhibitions and Museums at the Turn of the 20<sup>th<\/sup> Century\u00a0\u00bb,\u00a0<em>Sensibility and the Senses. Medias Bodies Practices<\/em>, <a href=\"https:\/\/necs.org\/conference\/\" target=\"_blank\" rel=\"noopener\">NECS Paris 2017 Conference<\/a>, 29 juin-1er juillet 2017.<\/p>\n<p>Olivier Lugon: \u00a0<em>Exposer les savoirs \u00e0 travers la photographie :\u00a0<\/em><em>entre p\u00e9dagogie et communication de masse.\u00a0<\/em>Colloque international de doctorant.e.s,\u00a0Section d\u2019histoire et\u00a0esth\u00e9tique du cin\u00e9ma, Universit\u00e9 de Lausanne\/Photographic History Research Centre,\u00a0De Montfort University, Leicester.\u00a0Universit\u00e9 de Lausanne, novembre 2016.<br \/>\n\u00ab Lumi\u00e8re froide et film fixe : les Films Silf, 1912 \u00bb.\u00a0<a href=\"https:\/\/wp.unil.ch\/expophoto-ch\/files\/2016\/10\/Flyer_A5_ColloqueExposerLesSavoirs_UNIL.pdf\">Programme du colloque<\/a><\/p>\n<p>Muriel Willi :\u00a0<em>Exposer les savoirs \u00e0 travers la photographie :\u00a0<\/em><em>entre p\u00e9dagogie et communication de masse.\u00a0<\/em>Colloque international de doctorant.e.s,\u00a0Section d\u2019histoire et\u00a0esth\u00e9tique du cin\u00e9ma, Universit\u00e9 de Lausanne\/Photographic History Research Centre,\u00a0De Montfort University, Leicester.\u00a0Universit\u00e9 de Lausanne, novembre 2016.<br \/>\n\u00ab\u00a0Bringing Photo Historians into Dialogue: The Historical Section of the World Exhibition of Photography, Lucerne, 1952\u00a0\u00bb.\u00a0<a href=\"https:\/\/wp.unil.ch\/expophoto-ch\/files\/2016\/10\/Flyer_A5_ColloqueExposerLesSavoirs_UNIL.pdf\">Programme du colloque<\/a><\/p>\n<p>Anne Develey :\u00a0<em>Exposer les savoirs \u00e0 travers la photographie :\u00a0<\/em><em>entre p\u00e9dagogie et communication de masse.\u00a0<\/em>Colloque international de doctorant.e.s,\u00a0Section d\u2019histoire et\u00a0esth\u00e9tique du cin\u00e9ma, Universit\u00e9 de Lausanne\/Photographic History Research Centre,\u00a0De Montfort University, Leicester.\u00a0Universit\u00e9 de Lausanne, novembre 2016.<br \/>\n\u00ab Diffuser l\u2019architecture par la photographie : la Suisse et la circulation internationale des expositions d\u2019architecture dans l\u2019apr\u00e8s-guerre \u00bb.\u00a0<a href=\"https:\/\/wp.unil.ch\/expophoto-ch\/files\/2016\/10\/Flyer_A5_ColloqueExposerLesSavoirs_UNIL.pdf\">Programme du colloque<\/a><\/p>\n<p>Claire-Lise\u00a0Deblu\u00eb :\u00a0<em>Exposer les savoirs \u00e0 travers la photographie :\u00a0<\/em><em>entre p\u00e9dagogie et communication de masse.\u00a0<\/em>Colloque international de doctorant.e.s,\u00a0Section d\u2019histoire et\u00a0esth\u00e9tique du cin\u00e9ma, Universit\u00e9 de Lausanne\/Photographic History Research Centre,\u00a0De Montfort University, Leicester.\u00a0Universit\u00e9 de Lausanne, novembre 2016.<br \/>\n\u00ab Exposer l\u2019\u00e9conomie de guerre : de la statistique graphique au mod\u00e8le photographique \u00bb.<br \/>\n<a href=\"https:\/\/wp.unil.ch\/expophoto-ch\/files\/2016\/10\/Flyer_A5_ColloqueExposerLesSavoirs_UNIL.pdf\">Programme du colloque<br \/>\n<\/a><br \/>\nAnne Develey : <a href=\"https:\/\/museo.unav.edu\/en\/investigacion\/congreso-internacional-inter-fotografia-arquitectura\" target=\"_blank\" rel=\"noopener\">Conf\u00e9rence internationale, Inter \u2013 Photography and Architecture<\/a>, Universit\u00e9 de Navarre, Pampelune, 2-4 novembre 2016. \u00ab\u00a0From Photographers to Exhibition: <em>Switzerland Planning and Building Exhibition<\/em> (1946\u20131949) and the Material Circulation of Photographs\u00a0\u00bb.<\/p>\n<p>Claire-Lise Deblu\u00eb, \u00ab\u00a0De l\u2019exposition au mus\u00e9e\u00a0: la photographie \u00e0 Gen\u00e8ve\u00a0\u00bb, conf\u00e9rence publique donn\u00e9e dans le cadre de l\u2019exposition <a href=\"https:\/\/institutions.ville-geneve.ch\/fr\/mah\/expositions-evenements\/expositions\/revelations\/\" target=\"_blank\" rel=\"noopener\"><em>R\u00e9v\u00e9lations. Photographies \u00e0 Gen\u00e8ve<\/em><\/a>, Mus\u00e9e Rath, Gen\u00e8ve, 4 septembre 2016.<\/p>\n<p>Anne Develey :\u00a0Troisi\u00e8me Congr\u00e8s Suisse en Histoire de l&rsquo;art, juin 2016, Universit\u00e9 de B\u00e2le.<br \/>\n<span style=\"line-height: 1.5\">\u00ab La circulation des images dans les expositions itin\u00e9rantes d\u2019architecture suisse (1946\u20131958) \u00bb.\u00a0<\/span><a style=\"line-height: 1.5\" href=\"https:\/\/wp.unil.ch\/expophoto-ch\/files\/2016\/08\/3.SKK_Kongressprogramm.pdf\" target=\"_blank\" rel=\"noopener\">Programme du colloque<\/a><\/p>\n<p>Muriel Willi : 4. Schweizerische Geschichtstage, juin 2016, Universit\u00e9 de Lausanne. Kommentar des Panels \u00ab\u00a0Geteilte Macht \u2013 Shared Power. Ans\u00e4tze zu einer Globalgeschichte der schweizerischen Diplomatie\u00a0\u00bb.\u00a0<a href=\"https:\/\/www.journeesdhistoire.ch\/panel\/58\/geteilte-macht-shared-power-ansaetze-zu-einer-globalgeschichte-der-schweizerischen-diplomatie\" target=\"_blank\" rel=\"noopener\">Pr\u00e9sentation du panel<\/a><\/p>\n<p class=\"p2\">Claire-Lise Deblu\u00eb : 4e Journ\u00e9es suisses d&rsquo;histoire,\u00a0juin 2016, Universit\u00e9 de Lausanne.<br \/>\n\u00ab L\u2019influence des organisations patronales dans le champ culturel : le cas de l\u2019Office suisse d\u2019expansion commerciale (1927\u20131939) \u00bb.\u00a0<a href=\"https:\/\/www.geschichtstage.ch\/referat\/152\/l-influence-des-organisations-patronales-dans-le-champ-culturel-le-cas-de-l-office-suisse-d-expansion-commerciale-1927-1939\">Abstract<\/a><\/p>\n<p class=\"p3\">Muriel Willi :\u00a0Into the wild. Kunst und Architektur im globalen Kontext. XVII. Nachwuchskolloquium f\u00fcr Kunstgeschichte in der Schweiz, Universit\u00e9 de Zurich, novembre 2015. \u00ab\u00a0Fenster zur Welt mit Ausblick auf den Vierwaldst\u00e4ttersee: Die <em>Weltausstellung der Photographie<\/em> zwischen regionalem und internationalem Fokus\u00a0\u00bb.\u00a0<a href=\"https:\/\/www.khist.uzh.ch\/de\/studium\/master\/global\/activities\/nachwuchskolloquium.html\" target=\"_blank\" rel=\"noopener\">Programme du colloque<\/a><\/p>\n<p>Anne Develey : Journ\u00e9e d&rsquo;\u00e9tude du centre CHCSC-SHC, Universit\u00e9 de Lausanne, novembre 2015. \u00ab\u00a0Les usages de la photographie \u00e0 la section suisse de la Deutsche Bauausstellung de Berlin en 1931.\u00a0<a href=\"https:\/\/wp.unil.ch\/expophoto-ch\/files\/2016\/05\/Affichette_CHCSC_SHC_2015.jpg\" target=\"_blank\" rel=\"noopener\">Programme de la journ\u00e9e d&rsquo;\u00e9tude<\/a><\/p>\n<p>Muriel Willi :\u00a0Swiss Doctoral Summer School for Art History, Universit\u00e9 de Z\u00fcrich, juin\u00a02015 \u00ab\u00a0Die \u00e4sthetischen, politischen und touristischen Aspekte der Ausstellung der Nationen an der Weltausstellung der Photographie 1952 in Luzern\u00a0\u00bb.\u00a0<a href=\"https:\/\/www.khist.uzh.ch\/de\/studium\/doktorat\/sommerschule2014\/allgemeines.html\" target=\"_blank\" rel=\"noopener\">Programme du colloque<\/a><\/p>\n<ul>\n<li><strong>Organisation de session<\/strong><\/li>\n<\/ul>\n<p>Claire-Lise Deblu\u00eb &amp; Anne Develey: session\u00a0\u00ab\u00a0L\u2019exposition reproductible. Du mus\u00e9e \u00e0 la foire commerciale (19\u00e8me\u201320\u00e8me si\u00e8cles)\u00a0\u00bb.\u00a0\u00ab La reproduction des images et des textes\u00a0\u00bb, <a href=\"https:\/\/wp.unil.ch\/reproduction2017\/?lang=fr\" target=\"_blank\" rel=\"noopener\">onzi\u00e8me colloque international\u00a0de l\u2019AIERTI\/IAWIS<\/a>.\u00a0Universit\u00e9 de Lausanne, 10-14 juillet 2017.<\/p>\n<ul>\n<li><strong>Fellowship<\/strong><\/li>\n<\/ul>\n<p>Muriel Willi :<em> Harry Ransom Center Dissertation Fellowship 2016\u20132017 in the Humanities,\u00a0<\/em>University of Texas, Austin (ao\u00fbt\/septembre 2016).\u00a0<a href=\"https:\/\/blog.hrc.utexas.edu\/2016\/05\/09\/incoming-fellow-muriel-willi-to-investigate-historic-swiss-photography-exhibition\/#more-16794\" target=\"_blank\" rel=\"noopener\">Investigation on historic Swiss photography exhibition<\/a><\/p>\n<ul>\n<li><strong>Enseignement<\/strong><\/li>\n<\/ul>\n<p>S\u00e9minaire (master)\u00ab Photographie et exposition en Suisse au XXe si\u00e8cle \u00bb<br \/>\ndonn\u00e9 par Olivier Lugon,\u00a0semestre de printemps 2015\u20132016,\u00a0Universit\u00e9 de Lausanne.<\/p>\n<p><span style=\"color: #000000;font-family: Helvetica;font-size: 13px;line-height: normal\">\u00a0<\/span><\/p>\n","protected":false},"excerpt":{"rendered":"<p>Colloque Colloque international de doctorant.e.s,\u00a0Section d\u2019histoire et\u00a0esth\u00e9tique du cin\u00e9ma, Universit\u00e9 de Lausanne\/Photographic History Research Centre,\u00a0De Montfort University, Leicester.\u00a0Universit\u00e9 de Lausanne, 17-18 novembre 2016. Communications Claire-Lise Deblu\u00eb : \u00ab\u00a0Feeling Knowledge : Education, Social Reform and the Rise of Tactility in Exhibitions and Museums at the Turn of the 20th Century\u00a0\u00bb,\u00a0Sensibility and the Senses. Medias Bodies Practices, &hellip; <a href=\"https:\/\/wp.unil.ch\/expophoto-ch\/actualite\/archives\/\" class=\"more-link\">Continuer la lecture de <span class=\"screen-reader-text\">Archives<\/span> <span class=\"meta-nav\">&rarr;<\/span><\/a><\/p>\n","protected":false},"author":1001234,"featured_media":0,"parent":151,"menu_order":2,"comment_status":"closed","ping_status":"closed","template":"","meta":{"_seopress_robots_primary_cat":"","_seopress_titles_title":"","_seopress_titles_desc":"","_seopress_robots_index":"","footnotes":""},"class_list":["post-248","page","type-page","status-publish"],"_links":{"self":[{"href":"https:\/\/wp.unil.ch\/expophoto-ch\/wp-json\/wp\/v2\/pages\/248","targetHints":{"allow":["GET"]}}],"collection":[{"href":"https:\/\/wp.unil.ch\/expophoto-ch\/wp-json\/wp\/v2\/pages"}],"about":[{"href":"https:\/\/wp.unil.ch\/expophoto-ch\/wp-json\/wp\/v2\/types\/page"}],"author":[{"embeddable":true,"href":"https:\/\/wp.unil.ch\/expophoto-ch\/wp-json\/wp\/v2\/users\/1001234"}],"replies":[{"embeddable":true,"href":"https:\/\/wp.unil.ch\/expophoto-ch\/wp-json\/wp\/v2\/comments?post=248"}],"version-history":[{"count":0,"href":"https:\/\/wp.unil.ch\/expophoto-ch\/wp-json\/wp\/v2\/pages\/248\/revisions"}],"up":[{"embeddable":true,"href":"https:\/\/wp.unil.ch\/expophoto-ch\/wp-json\/wp\/v2\/pages\/151"}],"wp:attachment":[{"href":"https:\/\/wp.unil.ch\/expophoto-ch\/wp-json\/wp\/v2\/media?parent=248"}],"curies":[{"name":"wp","href":"https:\/\/api.w.org\/{rel}","templated":true}]}}