{"id":9726,"date":"2025-05-23T11:48:48","date_gmt":"2025-05-23T09:48:48","guid":{"rendered":"https:\/\/wp.unil.ch\/esspace\/?post_type=tribe_events&#038;p=9726"},"modified":"2025-05-23T11:48:48","modified_gmt":"2025-05-23T09:48:48","slug":"horizon-europe-social-sciences-and-humanities-cluster-2","status":"publish","type":"tribe_events","link":"https:\/\/wp.unil.ch\/esspace\/event\/horizon-europe-social-sciences-and-humanities-cluster-2\/","title":{"rendered":"Horizon Europe \u2013 Social Sciences and Humanities (Cluster 2)"},"content":{"rendered":"<div  class=\"tribe-events-schedule tribe-clearfix\" >\n\t<p class=\"tribe-events-schedule__datetime\">\n\t\t<span class=\"tribe-events-schedule__date tribe-events-schedule__date--start\">\n\t\t\tjuin 2, 2025\t\t<\/span>\n\n\t\t\t\t\t<span class=\"tribe-events-schedule__separator tribe-events-schedule__separator--date\">\n\t\t\t\t@\t\t\t<\/span>\n\t\t\t<span class=\"tribe-events-schedule__time tribe-events-schedule__time--start\">\n\t\t\t\t14:30\t\t\t<\/span>\n\t\t\n\t\t\t\t\t\t\t\t\t<span class=\"tribe-events-schedule__separator tribe-events-schedule__separator--time\">\n\t\t\t\t\t&#8211;\t\t\t\t<\/span>\n\t\t\t\n\t\t\t\t\t\t\t<span class=\"tribe-events-schedule__time tribe-events-schedule__time--end\">\n\t\t\t\t\t16:00\t\t\t\t<\/span>\n\t\t\t\n\t\t\t\t\t\t<\/p>\n<\/div>\n\n\n\n<p><strong>Vous recherchez des opportunit\u00e9s de financement pour des projets collaboratifs de recherche et d\u2019innovation en sciences humaines et sociales (SHS) ?<\/strong><br>Cet \u00e9v\u00e9nement d&rsquo;information en ligne, organis\u00e9 par Euresearch, offrira un aper\u00e7u des prochains appels \u00e0 projets dans le cadre du programme Horizon Europe \u2013 Cluster 2 \u00ab Culture, Cr\u00e9ativit\u00e9 et Soci\u00e9t\u00e9 inclusive \u00bb. Ce domaine d&rsquo;action vise \u00e0 r\u00e9pondre aux priorit\u00e9s et objectifs de l\u2019Union europ\u00e9enne en mati\u00e8re de renforcement de la gouvernance d\u00e9mocratique et de la participation citoyenne. <\/p>\n\n\n\n<p><strong>Public cible<\/strong><\/p>\n\n\n\n<p>L&rsquo;\u00e9v\u00e9nement s&rsquo;adresse aux chercheur.e.s bas\u00e9s en Suisse, issus du monde acad\u00e9mique ainsi qu&rsquo;aux PME, grandes entreprises et autres organisations actives dans les domaines d&rsquo;expertise concern\u00e9s.<\/p>\n\n\n\n<figure class=\"wp-block-image size-large\"><a href=\"https:\/\/wp.unil.ch\/esspace\/files\/2025\/05\/capture-decran-2025-05-23-a-11.41.44.png\"><img loading=\"lazy\" decoding=\"async\" width=\"1024\" height=\"479\" src=\"https:\/\/wp.unil.ch\/esspace\/files\/2025\/05\/capture-decran-2025-05-23-a-11.41.44-1024x479.png\" alt=\"capture d\u2019e\u0301cran 2025 05 23 a\u0300 11.41.44\" class=\"wp-image-9727\" srcset=\"https:\/\/wp.unil.ch\/esspace\/files\/2025\/05\/capture-decran-2025-05-23-a-11.41.44-1024x479.png 1024w, https:\/\/wp.unil.ch\/esspace\/files\/2025\/05\/capture-decran-2025-05-23-a-11.41.44-300x140.png 300w, https:\/\/wp.unil.ch\/esspace\/files\/2025\/05\/capture-decran-2025-05-23-a-11.41.44-768x359.png 768w, https:\/\/wp.unil.ch\/esspace\/files\/2025\/05\/capture-decran-2025-05-23-a-11.41.44-1536x719.png 1536w, https:\/\/wp.unil.ch\/esspace\/files\/2025\/05\/capture-decran-2025-05-23-a-11.41.44-2048x959.png 2048w, https:\/\/wp.unil.ch\/esspace\/files\/2025\/05\/capture-decran-2025-05-23-a-11.41.44-1320x618.png 1320w\" sizes=\"auto, (max-width: 1024px) 100vw, 1024px\" \/><\/a><figcaption class=\"wp-element-caption\">capture d\u2019e\u0301cran 2025 05 23 a\u0300 11.41.44<\/figcaption><\/figure>\n\n\n\n<p>Inscription,<a href=\"https:\/\/www.euresearch.ch\/en\/our-services\/inform\/events\/information-event-on-horizon-europe-n-social-sciences-and-humanities-(cluster-2)-1300.html?date=915&amp;success=true#eventsubscription\"> ICI<\/a><\/p>\n\n\n<div  class=\"tribe-block tribe-block__event-price\" >\n\t\t<\/div>\n\n\n\n\n<div  class=\"tribe-block tribe-block__venue tribe-clearfix\" >\n\t\n\t\t\n\t<\/div>\n\n\n\n\n\t<div  class=\"tribe-block tribe-block__events-link\" >\n\t\t<div class=\"tribe-events tribe-common\">\n\t\t\t<div class=\"tribe-events-c-subscribe-dropdown__container\">\n\t\t\t\t<div class=\"tribe-events-c-subscribe-dropdown\">\n\t\t\t\t\t<div class=\"tribe-common-c-btn-border tribe-events-c-subscribe-dropdown__button\">\n\t\t\t\t\t\t<svg\n\t class=\"tribe-common-c-svgicon tribe-common-c-svgicon--cal-export tribe-events-c-subscribe-dropdown__export-icon\" \taria-hidden=\"true\"\n\tviewBox=\"0 0 23 17\"\n\txmlns=\"http:\/\/www.w3.org\/2000\/svg\"\n>\n\t<path fill-rule=\"evenodd\" clip-rule=\"evenodd\" d=\"M.128.896V16.13c0 .211.145.383.323.383h15.354c.179 0 .323-.172.323-.383V.896c0-.212-.144-.383-.323-.383H.451C.273.513.128.684.128.896Zm16 6.742h-.901V4.679H1.009v10.729h14.218v-3.336h.901V7.638ZM1.01 1.614h14.218v2.058H1.009V1.614Z\" \/>\n\t<path d=\"M20.5 9.846H8.312M18.524 6.953l2.89 2.909-2.855 2.855\" stroke-width=\"1.2\" stroke-linecap=\"round\" stroke-linejoin=\"round\"\/>\n<\/svg>\n\t\t\t\t\t\t<button\n\t\t\t\t\t\t\tclass=\"tribe-events-c-subscribe-dropdown__button-text\"\n\t\t\t\t\t\t\taria-expanded=\"false\"\n\t\t\t\t\t\t\taria-controls=\"tribe-events-subscribe-dropdown-content\"\n\t\t\t\t\t\t\taria-label=\"Afficher les liens permettant d\u2019ajouter des \u00e9v\u00e8nements \u00e0 votre calendrier\"\n\t\t\t\t\t\t>\n\t\t\t\t\t\t\tAjouter au calendrier\t\t\t\t\t\t<\/button>\n\t\t\t\t\t\t<svg\n\t class=\"tribe-common-c-svgicon tribe-common-c-svgicon--caret-down tribe-events-c-subscribe-dropdown__button-icon\" \taria-hidden=\"true\"\n\tviewBox=\"0 0 10 7\"\n\txmlns=\"http:\/\/www.w3.org\/2000\/svg\"\n>\n\t<path fill-rule=\"evenodd\" clip-rule=\"evenodd\" d=\"M1.008.609L5 4.6 8.992.61l.958.958L5 6.517.05 1.566l.958-.958z\" class=\"tribe-common-c-svgicon__svg-fill\"\/>\n<\/svg>\n\t\t\t\t\t<\/div>\n\t\t\t\t\t<div id=\"tribe-events-subscribe-dropdown-content\" class=\"tribe-events-c-subscribe-dropdown__content\">\n\t\t\t\t\t\t<ul class=\"tribe-events-c-subscribe-dropdown__list\">\n\t\t\t\t\t\t\t\t\t\t\t\t\t\t\t<li class=\"tribe-events-c-subscribe-dropdown__list-item tribe-events-c-subscribe-dropdown__list-item--gcal\">\n\t\t\t\t\t\t\t\t\t<a\n\t\t\t\t\t\t\t\t\t\thref=\"https:\/\/www.google.com\/calendar\/event?action=TEMPLATE&#038;dates=20250602T143000\/20250602T160000&#038;text=Horizon%20Europe%20%E2%80%93%20Social%20Sciences%20and%20Humanities%20%28Cluster%202%29&#038;details=%3Cp%3E%3Cstrong%3EVous+recherchez+des+opportunit%C3%A9s+de+financement+pour+des+projets+collaboratifs+de+recherche+et+d%E2%80%99innovation+en+sciences+humaines+et+sociales+%28SHS%29+%3F%3C%2Fstrong%3E%3Cbr+%2F%3ECet+%C3%A9v%C3%A9nement+d%27information+en+ligne%2C+organis%C3%A9+par+Euresearch%2C+offrira+un+aper%C3%A7u+des+prochains+appels+%C3%A0+projets+dans+le+cadre+du+programme+Horizon+Europe+%E2%80%93+Cluster+2+%C2%AB+Culture%2C+Cr%C3%A9ativit%C3%A9+et+Soci%C3%A9t%C3%A9+inclusive+%C2%BB.+Ce+domaine+d%27action+vise+%C3%A0+r%C3%A9pondre+aux+priorit%C3%A9s+et+objectifs+de+l%E2%80%99Union+europ%C3%A9enne+en+mati%C3%A8re+de+renforcement+de+la+gouvernance+d%C3%A9mocratique+et+de+la+participation+citoyenne.+%3C%2Fp%3E+%3Cp%3E%3Cstrong%3EPublic+cible%3C%2Fstrong%3E%3C%2Fp%3E+%3Cp%3EL%27%C3%A9v%C3%A9nement+s%27adresse+aux+chercheur.e.s+bas%C3%A9s+en+Suisse%2C+issus+du+monde+acad%C3%A9mique+ainsi+qu%27aux+PME%2C+grandes+entreprises+et+autres+organisations+actives+dans+les+domaines+d%27expertise+concern%C3%A9s.%3C%2Fp%3E+%3Cfigure+class%3D%22wp-block-image+size-large%22%3E%3Ca+href%3D%22https%3A%2F%2Fwp.unil.ch%2Fesspace%2Ffiles%2F2025%2F05%2Fcapture-decran-2025-05-23-a-11.41.44.png%22%3E%3Cimg+src%3D%22http%3C%2Fa%3E%3C%2Ffigure%3E%28Voir+toute+la+description+de+%C3%A9v%C3%A8nement+ici%C2%A0%3A+https%3A%2F%2Fwp.unil.ch%2Fesspace%2Fevent%2Fhorizon-europe-social-sciences-and-humanities-cluster-2%2F%29&#038;trp=false&#038;ctz=Europe\/Zurich&#038;sprop=website:https:\/\/wp.unil.ch\/esspace\"\n\t\t\t\t\t\t\t\t\t\tclass=\"tribe-events-c-subscribe-dropdown__list-item-link\"\n\t\t\t\t\t\t\t\t\t\ttarget=\"_blank\"\n\t\t\t\t\t\t\t\t\t\trel=\"noopener noreferrer nofollow noindex\"\n\t\t\t\t\t\t\t\t\t>\n\t\t\t\t\t\t\t\t\t\tGoogle Agenda\t\t\t\t\t\t\t\t\t<\/a>\n\t\t\t\t\t\t\t\t<\/li>\n\t\t\t\t\t\t\t\t\t\t\t\t\t\t\t<li class=\"tribe-events-c-subscribe-dropdown__list-item tribe-events-c-subscribe-dropdown__list-item--ical\">\n\t\t\t\t\t\t\t\t\t<a\n\t\t\t\t\t\t\t\t\t\thref=\"\"\n\t\t\t\t\t\t\t\t\t\tclass=\"tribe-events-c-subscribe-dropdown__list-item-link\"\n\t\t\t\t\t\t\t\t\t\ttarget=\"_blank\"\n\t\t\t\t\t\t\t\t\t\trel=\"noopener noreferrer nofollow noindex\"\n\t\t\t\t\t\t\t\t\t>\n\t\t\t\t\t\t\t\t\t\tiCalendar\t\t\t\t\t\t\t\t\t<\/a>\n\t\t\t\t\t\t\t\t<\/li>\n\t\t\t\t\t\t\t\t\t\t\t\t\t\t\t<li class=\"tribe-events-c-subscribe-dropdown__list-item tribe-events-c-subscribe-dropdown__list-item--outlook-365\">\n\t\t\t\t\t\t\t\t\t<a\n\t\t\t\t\t\t\t\t\t\thref=\"\"\n\t\t\t\t\t\t\t\t\t\tclass=\"tribe-events-c-subscribe-dropdown__list-item-link\"\n\t\t\t\t\t\t\t\t\t\ttarget=\"_blank\"\n\t\t\t\t\t\t\t\t\t\trel=\"noopener noreferrer nofollow noindex\"\n\t\t\t\t\t\t\t\t\t>\n\t\t\t\t\t\t\t\t\t\tOutlook 365\t\t\t\t\t\t\t\t\t<\/a>\n\t\t\t\t\t\t\t\t<\/li>\n\t\t\t\t\t\t\t\t\t\t\t\t\t\t\t<li class=\"tribe-events-c-subscribe-dropdown__list-item tribe-events-c-subscribe-dropdown__list-item--outlook-live\">\n\t\t\t\t\t\t\t\t\t<a\n\t\t\t\t\t\t\t\t\t\thref=\"\"\n\t\t\t\t\t\t\t\t\t\tclass=\"tribe-events-c-subscribe-dropdown__list-item-link\"\n\t\t\t\t\t\t\t\t\t\ttarget=\"_blank\"\n\t\t\t\t\t\t\t\t\t\trel=\"noopener noreferrer nofollow noindex\"\n\t\t\t\t\t\t\t\t\t>\n\t\t\t\t\t\t\t\t\t\tOutlook Live\t\t\t\t\t\t\t\t\t<\/a>\n\t\t\t\t\t\t\t\t<\/li>\n\t\t\t\t\t\t\t\t\t\t\t\t\t<\/ul>\n\t\t\t\t\t<\/div>\n\t\t\t\t<\/div>\n\t\t\t<\/div>\n\t\t<\/div>\n\t<\/div>\n\n","protected":false},"excerpt":{"rendered":"<p>Vous recherchez des opportunit\u00e9s de financement pour des projets collaboratifs de recherche et d\u2019innovation en sciences humaines et sociales (SHS) ?Cet \u00e9v\u00e9nement d&rsquo;information en ligne, organis\u00e9 par Euresearch, offrira un &hellip; <\/p>\n","protected":false},"author":1002425,"featured_media":7013,"template":"","meta":{"_seopress_robots_primary_cat":"","_seopress_titles_title":"","_seopress_titles_desc":"","_seopress_robots_index":"","_uag_custom_page_level_css":"","_EventAllDay":false,"_EventTimezone":"Europe\/Zurich","_EventStartDate":"2025-06-02 14:30:00","_EventEndDate":"2025-06-02 16:00:00","_EventStartDateUTC":"2025-06-02 12:30:00","_EventEndDateUTC":"2025-06-02 14:00:00","_EventShowMap":false,"_EventShowMapLink":false,"_EventURL":"","_EventCost":"","_EventCostDescription":"","_EventCurrencySymbol":"$","_EventCurrencyCode":"USD","_EventCurrencyPosition":"prefix","_EventDateTimeSeparator":"@","_EventTimeRangeSeparator":"-","_EventOrganizerID":[],"_EventVenueID":[],"_OrganizerEmail":"","_OrganizerPhone":"","_OrganizerWebsite":"","_VenueAddress":"","_VenueCity":"","_VenueCountry":"","_VenueProvince":"","_VenueState":"","_VenueZip":"","_VenuePhone":"","_VenueURL":"","_VenueStateProvince":"","_VenueLat":"","_VenueLng":"","_VenueShowMap":false,"_VenueShowMapLink":false,"_tribe_events_status":"","_tribe_events_status_reason":"","footnotes":""},"tags":[],"tribe_events_cat":[19479,19484],"class_list":["post-9726","tribe_events","type-tribe_events","status-publish","has-post-thumbnail","tribe_events_cat-fonds-europeens","tribe_events_cat-formations","cat_fonds-europeens","cat_formations"],"uagb_featured_image_src":{"full":["https:\/\/wp.unil.ch\/esspace\/files\/2022\/08\/logo_Euresearch4.jpg",300,230,false],"thumbnail":["https:\/\/wp.unil.ch\/esspace\/files\/2022\/08\/logo_Euresearch4-150x150.jpg",150,150,true],"medium":["https:\/\/wp.unil.ch\/esspace\/files\/2022\/08\/logo_Euresearch4.jpg",300,230,false],"medium_large":["https:\/\/wp.unil.ch\/esspace\/files\/2022\/08\/logo_Euresearch4.jpg",300,230,false],"large":["https:\/\/wp.unil.ch\/esspace\/files\/2022\/08\/logo_Euresearch4.jpg",300,230,false],"1536x1536":["https:\/\/wp.unil.ch\/esspace\/files\/2022\/08\/logo_Euresearch4.jpg",300,230,false],"2048x2048":["https:\/\/wp.unil.ch\/esspace\/files\/2022\/08\/logo_Euresearch4.jpg",300,230,false],"hitmag-landscape":["https:\/\/wp.unil.ch\/esspace\/files\/2022\/08\/logo_Euresearch4.jpg",300,230,false],"hitmag-featured":["https:\/\/wp.unil.ch\/esspace\/files\/2022\/08\/logo_Euresearch4.jpg",300,230,false],"hitmag-grid":["https:\/\/wp.unil.ch\/esspace\/files\/2022\/08\/logo_Euresearch4-300x215.jpg",300,215,true],"hitmag-list":["https:\/\/wp.unil.ch\/esspace\/files\/2022\/08\/logo_Euresearch4-290x220.jpg",290,220,true],"hitmag-thumbnail":["https:\/\/wp.unil.ch\/esspace\/files\/2022\/08\/logo_Euresearch4-135x93.jpg",135,93,true],"gform-image-choice-sm":["https:\/\/wp.unil.ch\/esspace\/files\/2022\/08\/logo_Euresearch4.jpg",300,230,false],"gform-image-choice-md":["https:\/\/wp.unil.ch\/esspace\/files\/2022\/08\/logo_Euresearch4.jpg",300,230,false],"gform-image-choice-lg":["https:\/\/wp.unil.ch\/esspace\/files\/2022\/08\/logo_Euresearch4.jpg",300,230,false],"mailpoet_newsletter_max":["https:\/\/wp.unil.ch\/esspace\/files\/2022\/08\/logo_Euresearch4.jpg",300,230,false]},"uagb_author_info":{"display_name":"Ellina Mourtazina","author_link":"https:\/\/wp.unil.ch\/esspace\/author\/emourtaz\/"},"uagb_comment_info":0,"uagb_excerpt":"Vous recherchez des opportunit\u00e9s de financement pour des projets collaboratifs de recherche et d\u2019innovation en sciences humaines et sociales (SHS) ?Cet \u00e9v\u00e9nement d&rsquo;information en ligne, organis\u00e9 par Euresearch, offrira un &hellip;","_links":{"self":[{"href":"https:\/\/wp.unil.ch\/esspace\/wp-json\/wp\/v2\/tribe_events\/9726","targetHints":{"allow":["GET"]}}],"collection":[{"href":"https:\/\/wp.unil.ch\/esspace\/wp-json\/wp\/v2\/tribe_events"}],"about":[{"href":"https:\/\/wp.unil.ch\/esspace\/wp-json\/wp\/v2\/types\/tribe_events"}],"author":[{"embeddable":true,"href":"https:\/\/wp.unil.ch\/esspace\/wp-json\/wp\/v2\/users\/1002425"}],"version-history":[{"count":1,"href":"https:\/\/wp.unil.ch\/esspace\/wp-json\/wp\/v2\/tribe_events\/9726\/revisions"}],"predecessor-version":[{"id":9728,"href":"https:\/\/wp.unil.ch\/esspace\/wp-json\/wp\/v2\/tribe_events\/9726\/revisions\/9728"}],"wp:featuredmedia":[{"embeddable":true,"href":"https:\/\/wp.unil.ch\/esspace\/wp-json\/wp\/v2\/media\/7013"}],"wp:attachment":[{"href":"https:\/\/wp.unil.ch\/esspace\/wp-json\/wp\/v2\/media?parent=9726"}],"wp:term":[{"taxonomy":"post_tag","embeddable":true,"href":"https:\/\/wp.unil.ch\/esspace\/wp-json\/wp\/v2\/tags?post=9726"},{"taxonomy":"tribe_events_cat","embeddable":true,"href":"https:\/\/wp.unil.ch\/esspace\/wp-json\/wp\/v2\/tribe_events_cat?post=9726"}],"curies":[{"name":"wp","href":"https:\/\/api.w.org\/{rel}","templated":true}]}}