{"id":9679,"date":"2025-05-05T10:23:35","date_gmt":"2025-05-05T08:23:35","guid":{"rendered":"https:\/\/wp.unil.ch\/esspace\/?post_type=tribe_events&#038;p=9679"},"modified":"2025-05-05T10:23:39","modified_gmt":"2025-05-05T08:23:39","slug":"appel-a-projet-civis-recherche-et-collaboration-afrique-europe","status":"publish","type":"tribe_events","link":"https:\/\/wp.unil.ch\/esspace\/event\/appel-a-projet-civis-recherche-et-collaboration-afrique-europe\/","title":{"rendered":"Appel \u00e0 projet CIVIS: recherche et collaboration Afrique-Europe"},"content":{"rendered":"<div  class=\"tribe-events-schedule tribe-clearfix\" >\n\t<p class=\"tribe-events-schedule__datetime\">\n\t\t<span class=\"tribe-events-schedule__date tribe-events-schedule__date--start\">\n\t\t\tmai 31, 2025\t\t<\/span>\n\n\t\t\t\t\t<span class=\"tribe-events-schedule__separator tribe-events-schedule__separator--date\">\n\t\t\t\t@\t\t\t<\/span>\n\t\t\t<span class=\"tribe-events-schedule__time tribe-events-schedule__time--start\">\n\t\t\t\t8:00\t\t\t<\/span>\n\t\t\n\t\t\t\t\t\t\t\t\t<span class=\"tribe-events-schedule__separator tribe-events-schedule__separator--time\">\n\t\t\t\t\t&#8211;\t\t\t\t<\/span>\n\t\t\t\n\t\t\t\t\t\t\t<span class=\"tribe-events-schedule__time tribe-events-schedule__time--end\">\n\t\t\t\t\t17:00\t\t\t\t<\/span>\n\t\t\t\n\t\t\t\t\t\t<\/p>\n<\/div>\n\n\n\n<p>Dans le cadre de l\u2019alliance d\u2019universit\u00e9s europ\u00e9ennes <a href=\"https:\/\/www.unil.ch\/unil\/fr\/home\/menuinst\/universite\/civis.html\">CIVIS<\/a>, CIVIS lance un appel \u00e0 projets visant \u00e0 d\u00e9velopper des acivit\u00e9s de recherche ainsi que la collaboration Afrique-Europe. Les rencontres peuvent avoir lieu sur le campus des universit\u00e9s CIVIS en Europe ou en Afrique. Les projets doivent \u00eatre soumis en anglais via le formulaire en ligne d&rsquo;ici au 31 mai 2025.<\/p>\n\n\n\n<h5 class=\"wp-block-heading\">Activit\u00e9s \u00e9ligibles<\/h5>\n\n\n\n<p>1. <strong>Activit\u00e9s th\u00e9matiques<\/strong><\/p>\n\n\n\n<p>Il s\u2019agit de toute initiative ayant une dimension de recherche li\u00e9e \u00e0 au moins un des th\u00e8mes interdisciplinairesdes\u00a0<a href=\"https:\/\/civis.eu\/en\/activities\/civis-hubs\">Hubs CIVIS<\/a>.<strong>\u00a0<\/strong>L\u2019activit\u00e9 propos\u00e9e doit viser \u00e0 \u00e9tablir une collaboration durable entre les participant\u00b7e\u00b7s, c\u2019est-\u00e0-dire allant au-del\u00e0 de l\u2019activit\u00e9 elle-m\u00eame.\u00a0Les activit\u00e9s th\u00e9matiques peuvent prendre la forme d\u2019ateliers\/activit\u00e9s de formation pour les jeunes chercheur\u00b7se\u00b7s, de r\u00e9unions pour \u00e9tablir un groupe de recherche, de missions de terrain, d\u2019ateliers pour pr\u00e9parer une publication ou encore d\u2019\u00e9coles d\u2019\u00e9t\u00e9\/d\u2019hiver orient\u00e9es recherche.\u00a0 Outre l\u2019UNIL, les projets doivent impliquer au moins deux autres\u00a0<a href=\"https:\/\/civis.eu\/en\/about-civis\/universities\">universit\u00e9s CIVIS<\/a>,\u00a0dont une localis\u00e9e en Europe.<\/p>\n\n\n\n<p>Exemples d\u2019activit\u00e9s soutenues :<\/p>\n\n\n\n<ol class=\"wp-block-list\"><\/ol>\n\n\n\n<ul class=\"wp-block-list\">\n<li>Ateliers\/activit\u00e9s de formation pour les jeunes chercheur\u00b7se\u00b7s<\/li>\n\n\n\n<li>R\u00e9unions pour \u00e9tablir un groupe de recherche<\/li>\n\n\n\n<li>Missions de terrain<\/li>\n\n\n\n<li>Ateliers pour pr\u00e9parer une publication<\/li>\n\n\n\n<li>Projets de science citoyenne<\/li>\n\n\n\n<li>\u00c9coles d\u2019\u00e9t\u00e9\/d\u2019hiver orient\u00e9es recherche<\/li>\n<\/ul>\n\n\n\n<p><strong>2. Actions pr\u00e9paratoires<\/strong><\/p>\n\n\n\n<p>Il s&rsquo;agit d&rsquo;activit\u00e9s dont l&rsquo;objectif est de pr\u00e9parer une demande de subvention de recherche plus importante. Tous les types de projets de recherche sont \u00e9ligibles s&rsquo;ils se rapportent\u00a0\u00e0 au moins un des th\u00e8mes interdisciplinaires des\u00a0<a href=\"https:\/\/civis.eu\/en\/activities\/civis-hubs\">Hubs CIVIS<\/a>. Les propositions doivent clairement indiquer comment elles conduiront \u00e0 une subvention de recherche \u00e0 part enti\u00e8re et quel programme de financement et\/ou appel est cibl\u00e9.\u00a0Outre l\u2019UNIL, les projets doivent impliquer au moins deux autres\u00a0<a href=\"https:\/\/civis.eu\/en\/about-civis\/universities\">universit\u00e9s CIVIS<\/a>,\u00a0dont une localis\u00e9e en Europe.<\/p>\n\n\n\n<p>Exemples d\u2019activit\u00e9s soutenues :<\/p>\n\n\n\n<ul class=\"wp-block-list\">\n<li>R\u00e9unions de candidat\u00b7e\u00b7s potentiel\u00b7le\u00b7s ou de membres d\u00e9sign\u00e9\u00b7e\u00b7s du consortium souhaitant<br>d\u00e9poser une demande de financement<\/li>\n\n\n\n<li>R\u00e9union de l\u2019\u00e9quipe de r\u00e9daction du projet<\/li>\n\n\n\n<li>Visites du chercheur\/de la chercheuse principal\u00b7e et\/ou d\u2019autres participant\u00b7e\u00b7s cl\u00e9s aux<br>membres du consortium<\/li>\n<\/ul>\n\n\n\n<p><strong>Financement&nbsp;<\/strong><\/p>\n\n\n\n<p>Cet appel financera \u00e0 hauteur de&nbsp;<strong>10 000 CHF maximum par projet<\/strong>&nbsp;:<\/p>\n\n\n\n<ul class=\"wp-block-list\">\n<li>Les frais de voyage et de s\u00e9jour des\u00a0chercheur\u00b7se\u00b7s\u00a0des autres universit\u00e9s CIVIS si les activit\u00e9s sont organis\u00e9es sur le campus de l\u2019UNIL\u00a0;<\/li>\n\n\n\n<li>Les frais de voyage et de s\u00e9jour des\u00a0chercheur\u00b7e\u00b7s\u00a0UNIL si les activit\u00e9s sont organis\u00e9es sur le campus d\u2019une autre universit\u00e9 CIVIS.<\/li>\n<\/ul>\n\n\n\n<p><strong>Eligibilit\u00e9<\/strong><\/p>\n\n\n\n<p>Du c\u00f4t\u00e9 de l&rsquo;UNIL, les projets pourront \u00eatre d\u00e9pos\u00e9s par des professeur\u00b7e\u00b7s, des MER, des MA et des PAT scientifiques.\u00a0Les chercheurs\u00b7ses de niveau post-doctoral dont la dur\u00e9e du contrat va au-del\u00e0 de la p\u00e9riode de financement du projet sont encourag\u00e9\u00b7e\u00b7s \u00e0 participer \u00e0 cet appel.<\/p>\n\n\n\n<p>Vous trouverez toutes les informations&nbsp;<a href=\"https:\/\/wp.unil.ch\/infocivis\/appel-a-projet-civis-recherche-et-collaboration-afrique-europe\/\">ici<\/a>.&nbsp;<\/p>\n\n\n\n<p>Les projets doivent \u00eatre soumis en<strong>&nbsp;anglais<\/strong>&nbsp;via le&nbsp;<a href=\"https:\/\/civis.smapply.io\/prog\/cfa_seed_funding_research_and_african-european_collaboration\/\">formulaire en ligne<\/a>&nbsp;d&rsquo;ici au<strong>&nbsp;31 mai 2025.<\/strong><\/p>\n\n\n\n<p>La Cellule CIVIS est \u00e0 disposition pour toute question (<a href=\"mailto:lea.moreaushmatenko@unil.ch\">lea.moreaushmatenko@unil.ch<\/a>, 021 692 65 26).&nbsp;<\/p>\n\n\n\n<ol class=\"wp-block-list\"><\/ol>\n\n\n<div  class=\"tribe-block tribe-block__event-price\" >\n\t\t<\/div>\n\n\n\n\n<div  class=\"tribe-block tribe-block__venue tribe-clearfix\" >\n\t\n\t\t\n\t<\/div>\n\n\n\n\n\t<div  class=\"tribe-block tribe-block__events-link\" >\n\t\t<div class=\"tribe-events tribe-common\">\n\t\t\t<div class=\"tribe-events-c-subscribe-dropdown__container\">\n\t\t\t\t<div class=\"tribe-events-c-subscribe-dropdown\">\n\t\t\t\t\t<div class=\"tribe-common-c-btn-border tribe-events-c-subscribe-dropdown__button\">\n\t\t\t\t\t\t<svg\n\t class=\"tribe-common-c-svgicon tribe-common-c-svgicon--cal-export tribe-events-c-subscribe-dropdown__export-icon\" \taria-hidden=\"true\"\n\tviewBox=\"0 0 23 17\"\n\txmlns=\"http:\/\/www.w3.org\/2000\/svg\"\n>\n\t<path fill-rule=\"evenodd\" clip-rule=\"evenodd\" d=\"M.128.896V16.13c0 .211.145.383.323.383h15.354c.179 0 .323-.172.323-.383V.896c0-.212-.144-.383-.323-.383H.451C.273.513.128.684.128.896Zm16 6.742h-.901V4.679H1.009v10.729h14.218v-3.336h.901V7.638ZM1.01 1.614h14.218v2.058H1.009V1.614Z\" \/>\n\t<path d=\"M20.5 9.846H8.312M18.524 6.953l2.89 2.909-2.855 2.855\" stroke-width=\"1.2\" stroke-linecap=\"round\" stroke-linejoin=\"round\"\/>\n<\/svg>\n\t\t\t\t\t\t<button\n\t\t\t\t\t\t\tclass=\"tribe-events-c-subscribe-dropdown__button-text\"\n\t\t\t\t\t\t\taria-expanded=\"false\"\n\t\t\t\t\t\t\taria-controls=\"tribe-events-subscribe-dropdown-content\"\n\t\t\t\t\t\t\taria-label=\"Afficher les liens permettant d\u2019ajouter des \u00e9v\u00e8nements \u00e0 votre calendrier\"\n\t\t\t\t\t\t>\n\t\t\t\t\t\t\tAjouter au calendrier\t\t\t\t\t\t<\/button>\n\t\t\t\t\t\t<svg\n\t class=\"tribe-common-c-svgicon tribe-common-c-svgicon--caret-down tribe-events-c-subscribe-dropdown__button-icon\" \taria-hidden=\"true\"\n\tviewBox=\"0 0 10 7\"\n\txmlns=\"http:\/\/www.w3.org\/2000\/svg\"\n>\n\t<path fill-rule=\"evenodd\" clip-rule=\"evenodd\" d=\"M1.008.609L5 4.6 8.992.61l.958.958L5 6.517.05 1.566l.958-.958z\" class=\"tribe-common-c-svgicon__svg-fill\"\/>\n<\/svg>\n\t\t\t\t\t<\/div>\n\t\t\t\t\t<div id=\"tribe-events-subscribe-dropdown-content\" class=\"tribe-events-c-subscribe-dropdown__content\">\n\t\t\t\t\t\t<ul class=\"tribe-events-c-subscribe-dropdown__list\">\n\t\t\t\t\t\t\t\t\t\t\t\t\t\t\t<li class=\"tribe-events-c-subscribe-dropdown__list-item tribe-events-c-subscribe-dropdown__list-item--gcal\">\n\t\t\t\t\t\t\t\t\t<a\n\t\t\t\t\t\t\t\t\t\thref=\"https:\/\/www.google.com\/calendar\/event?action=TEMPLATE&#038;dates=20250531T080000\/20250531T170000&#038;text=Appel%20%C3%A0%20projet%20CIVIS%3A%20recherche%20et%20collaboration%20Afrique-Europe&#038;details=%3Cp%3EDans+le+cadre+de+l%E2%80%99alliance+d%E2%80%99universit%C3%A9s+europ%C3%A9ennes+%3Ca+href%3D%22https%3A%2F%2Fwww.unil.ch%2Funil%2Ffr%2Fhome%2Fmenuinst%2Funiversite%2Fcivis.html%22%3ECIVIS%3C%2Fa%3E%2C+CIVIS+lance+un+appel+%C3%A0+projets+visant+%C3%A0+d%C3%A9velopper+des+acivit%C3%A9s+de+recherche+ainsi+que+la+collaboration+Afrique-Europe.+Les+rencontres+peuvent+avoir+lieu+sur+le+campus+des+universit%C3%A9s+CIVIS+en+Europe+ou+en+Afrique.+Les+projets+doivent+%C3%AAtre+soumis+en+anglais+via+le+formulaire+en+ligne+d%27ici+au+31+mai+2025.%3C%2Fp%3E+%3Ch5+class%3D%22wp-block-heading%22%3EActivit%C3%A9s+%C3%A9ligibles%3C%2Fh5%3E%3Cp%3E1.+%3Cstrong%3EActivit%C3%A9s+th%C3%A9matiques%3C%2Fstrong%3E%3C%2Fp%3E+%3Cp%3EIl+s%E2%80%99agit+de+toute+initiative+ayant+une+dimension+de+recherche+li%C3%A9e+%C3%A0+au+moins+un+des+th%C3%A8mes+interdisciplinairesdes%C2%A0%3Ca+href%3D%22https%3A%2F%2Fcivis.eu%2Fen%2Factivities%2Fcivis-hubs%22%3EHubs+CIVIS%3C%2Fa%3E.%3Cstrong%3E%C2%A0%3C%2Fstrong%3EL%E2%80%99activit%C3%A9+propos%C3%A9e+doit+viser+%C3%A0+%C3%A9tablir+une+collaboration+durable+entre+les+participant%C2%B7e%C2%B7s%2C+c%E2%80%99est-%C3%A0-dire+allant+au-del%C3%A0+de+l%E2%80%99activit%C3%A9+elle-m%C3%AAme.%C2%A0Les+activit%C3%A9s+th%C3%A9matiques+peuvent%3C%2Fp%3E%28Voir+toute+la+description+de+%C3%A9v%C3%A8nement+ici%C2%A0%3A+https%3A%2F%2Fwp.unil.ch%2Fesspace%2Fevent%2Fappel-a-projet-civis-recherche-et-collaboration-afrique-europe%2F%29&#038;trp=false&#038;ctz=Europe\/Zurich&#038;sprop=website:https:\/\/wp.unil.ch\/esspace\"\n\t\t\t\t\t\t\t\t\t\tclass=\"tribe-events-c-subscribe-dropdown__list-item-link\"\n\t\t\t\t\t\t\t\t\t\ttarget=\"_blank\"\n\t\t\t\t\t\t\t\t\t\trel=\"noopener noreferrer nofollow noindex\"\n\t\t\t\t\t\t\t\t\t>\n\t\t\t\t\t\t\t\t\t\tGoogle Agenda\t\t\t\t\t\t\t\t\t<\/a>\n\t\t\t\t\t\t\t\t<\/li>\n\t\t\t\t\t\t\t\t\t\t\t\t\t\t\t<li class=\"tribe-events-c-subscribe-dropdown__list-item tribe-events-c-subscribe-dropdown__list-item--ical\">\n\t\t\t\t\t\t\t\t\t<a\n\t\t\t\t\t\t\t\t\t\thref=\"\"\n\t\t\t\t\t\t\t\t\t\tclass=\"tribe-events-c-subscribe-dropdown__list-item-link\"\n\t\t\t\t\t\t\t\t\t\ttarget=\"_blank\"\n\t\t\t\t\t\t\t\t\t\trel=\"noopener noreferrer nofollow noindex\"\n\t\t\t\t\t\t\t\t\t>\n\t\t\t\t\t\t\t\t\t\tiCalendar\t\t\t\t\t\t\t\t\t<\/a>\n\t\t\t\t\t\t\t\t<\/li>\n\t\t\t\t\t\t\t\t\t\t\t\t\t\t\t<li class=\"tribe-events-c-subscribe-dropdown__list-item tribe-events-c-subscribe-dropdown__list-item--outlook-365\">\n\t\t\t\t\t\t\t\t\t<a\n\t\t\t\t\t\t\t\t\t\thref=\"\"\n\t\t\t\t\t\t\t\t\t\tclass=\"tribe-events-c-subscribe-dropdown__list-item-link\"\n\t\t\t\t\t\t\t\t\t\ttarget=\"_blank\"\n\t\t\t\t\t\t\t\t\t\trel=\"noopener noreferrer nofollow noindex\"\n\t\t\t\t\t\t\t\t\t>\n\t\t\t\t\t\t\t\t\t\tOutlook 365\t\t\t\t\t\t\t\t\t<\/a>\n\t\t\t\t\t\t\t\t<\/li>\n\t\t\t\t\t\t\t\t\t\t\t\t\t\t\t<li class=\"tribe-events-c-subscribe-dropdown__list-item tribe-events-c-subscribe-dropdown__list-item--outlook-live\">\n\t\t\t\t\t\t\t\t\t<a\n\t\t\t\t\t\t\t\t\t\thref=\"\"\n\t\t\t\t\t\t\t\t\t\tclass=\"tribe-events-c-subscribe-dropdown__list-item-link\"\n\t\t\t\t\t\t\t\t\t\ttarget=\"_blank\"\n\t\t\t\t\t\t\t\t\t\trel=\"noopener noreferrer nofollow noindex\"\n\t\t\t\t\t\t\t\t\t>\n\t\t\t\t\t\t\t\t\t\tOutlook Live\t\t\t\t\t\t\t\t\t<\/a>\n\t\t\t\t\t\t\t\t<\/li>\n\t\t\t\t\t\t\t\t\t\t\t\t\t<\/ul>\n\t\t\t\t\t<\/div>\n\t\t\t\t<\/div>\n\t\t\t<\/div>\n\t\t<\/div>\n\t<\/div>\n\n","protected":false},"excerpt":{"rendered":"<p>Dans le cadre de l\u2019alliance d\u2019universit\u00e9s europ\u00e9ennes CIVIS, CIVIS lance un appel \u00e0 projets visant \u00e0 d\u00e9velopper des acivit\u00e9s de recherche ainsi que la collaboration Afrique-Europe. Les rencontres peuvent avoir &hellip; <\/p>\n","protected":false},"author":1002425,"featured_media":0,"template":"","meta":{"_seopress_robots_primary_cat":"","_seopress_titles_title":"","_seopress_titles_desc":"","_seopress_robots_index":"","_uag_custom_page_level_css":"","_EventAllDay":false,"_EventTimezone":"Europe\/Zurich","_EventStartDate":"2025-05-31 08:00:00","_EventEndDate":"2025-05-31 17:00:00","_EventStartDateUTC":"2025-05-31 06:00:00","_EventEndDateUTC":"2025-05-31 15:00:00","_EventShowMap":false,"_EventShowMapLink":false,"_EventURL":"","_EventCost":"","_EventCostDescription":"","_EventCurrencySymbol":"$","_EventCurrencyCode":"USD","_EventCurrencyPosition":"prefix","_EventDateTimeSeparator":"@","_EventTimeRangeSeparator":"-","_EventOrganizerID":[],"_EventVenueID":[],"_OrganizerEmail":"","_OrganizerPhone":"","_OrganizerWebsite":"","_VenueAddress":"","_VenueCity":"","_VenueCountry":"","_VenueProvince":"","_VenueState":"","_VenueZip":"","_VenuePhone":"","_VenueURL":"","_VenueStateProvince":"","_VenueLat":"","_VenueLng":"","_VenueShowMap":false,"_VenueShowMapLink":false,"_tribe_events_status":"","_tribe_events_status_reason":"","footnotes":""},"tags":[],"tribe_events_cat":[19487,19477],"class_list":["post-9679","tribe_events","type-tribe_events","status-publish","tribe_events_cat-appels-a-projets","tribe_events_cat-unil","cat_appels-a-projets","cat_unil"],"uagb_featured_image_src":{"full":false,"thumbnail":false,"medium":false,"medium_large":false,"large":false,"1536x1536":false,"2048x2048":false,"hitmag-landscape":false,"hitmag-featured":false,"hitmag-grid":false,"hitmag-list":false,"hitmag-thumbnail":false,"gform-image-choice-sm":false,"gform-image-choice-md":false,"gform-image-choice-lg":false,"mailpoet_newsletter_max":false},"uagb_author_info":{"display_name":"Ellina Mourtazina","author_link":"https:\/\/wp.unil.ch\/esspace\/author\/emourtaz\/"},"uagb_comment_info":0,"uagb_excerpt":"Dans le cadre de l\u2019alliance d\u2019universit\u00e9s europ\u00e9ennes CIVIS, CIVIS lance un appel \u00e0 projets visant \u00e0 d\u00e9velopper des acivit\u00e9s de recherche ainsi que la collaboration Afrique-Europe. Les rencontres peuvent avoir &hellip;","_links":{"self":[{"href":"https:\/\/wp.unil.ch\/esspace\/wp-json\/wp\/v2\/tribe_events\/9679","targetHints":{"allow":["GET"]}}],"collection":[{"href":"https:\/\/wp.unil.ch\/esspace\/wp-json\/wp\/v2\/tribe_events"}],"about":[{"href":"https:\/\/wp.unil.ch\/esspace\/wp-json\/wp\/v2\/types\/tribe_events"}],"author":[{"embeddable":true,"href":"https:\/\/wp.unil.ch\/esspace\/wp-json\/wp\/v2\/users\/1002425"}],"version-history":[{"count":1,"href":"https:\/\/wp.unil.ch\/esspace\/wp-json\/wp\/v2\/tribe_events\/9679\/revisions"}],"predecessor-version":[{"id":9680,"href":"https:\/\/wp.unil.ch\/esspace\/wp-json\/wp\/v2\/tribe_events\/9679\/revisions\/9680"}],"wp:attachment":[{"href":"https:\/\/wp.unil.ch\/esspace\/wp-json\/wp\/v2\/media?parent=9679"}],"wp:term":[{"taxonomy":"post_tag","embeddable":true,"href":"https:\/\/wp.unil.ch\/esspace\/wp-json\/wp\/v2\/tags?post=9679"},{"taxonomy":"tribe_events_cat","embeddable":true,"href":"https:\/\/wp.unil.ch\/esspace\/wp-json\/wp\/v2\/tribe_events_cat?post=9679"}],"curies":[{"name":"wp","href":"https:\/\/api.w.org\/{rel}","templated":true}]}}