{"id":9671,"date":"2025-05-01T13:26:15","date_gmt":"2025-05-01T11:26:15","guid":{"rendered":"https:\/\/wp.unil.ch\/esspace\/?post_type=tribe_events&#038;p=9671"},"modified":"2025-05-01T13:26:18","modified_gmt":"2025-05-01T11:26:18","slug":"workshop-de-lidee-au-projet-bases-de-gestion-de-projet-pour-structurer-sa-recherche","status":"publish","type":"tribe_events","link":"https:\/\/wp.unil.ch\/esspace\/event\/workshop-de-lidee-au-projet-bases-de-gestion-de-projet-pour-structurer-sa-recherche\/","title":{"rendered":"Workshop: De l\u2019id\u00e9e au projet : bases de gestion de projet pour structurer sa recherche"},"content":{"rendered":"<div  class=\"tribe-events-schedule tribe-clearfix\" >\n\t<p class=\"tribe-events-schedule__datetime\">\n\t\t<span class=\"tribe-events-schedule__date tribe-events-schedule__date--start\">\n\t\t\tjuin 3, 2025\t\t<\/span>\n\n\t\t\t\t\t<span class=\"tribe-events-schedule__separator tribe-events-schedule__separator--date\">\n\t\t\t\t@\t\t\t<\/span>\n\t\t\t<span class=\"tribe-events-schedule__time tribe-events-schedule__time--start\">\n\t\t\t\t9:00\t\t\t<\/span>\n\t\t\n\t\t\t\t\t\t\t\t\t<span class=\"tribe-events-schedule__separator tribe-events-schedule__separator--time\">\n\t\t\t\t\t&#8211;\t\t\t\t<\/span>\n\t\t\t\n\t\t\t\t\t\t\t<span class=\"tribe-events-schedule__time tribe-events-schedule__time--end\">\n\t\t\t\t\t16:00\t\t\t\t<\/span>\n\t\t\t\n\t\t\t\t\t\t<\/p>\n<\/div>\n\n\n\n<p>Cette formation en deux demi-journ\u00e9es s\u2019adresse aux chercheur\u00b7es exp\u00e9riment\u00e9\u00b7es souhaitant acqu\u00e9rir les bases de la gestion de projet pour mieux structurer leurs projets de recherche, en particulier dans la perspective d\u2019une demande de financement.\u00a0<\/p>\n\n\n\n<p>La premi\u00e8re demi-journ\u00e9e\u202fintroduira les fondamentaux de la gestion de projet appliqu\u00e9e au contexte acad\u00e9mique. Elle couvrira la terminologie essentielle, les grandes phases d\u2019un projet, ainsi que les \u00e9l\u00e9ments structurants tels que les diagrammes de Gantt, les chartes, les jalons, les livrables et les t\u00e2ches cl\u00e9s. Une attention particuli\u00e8re sera port\u00e9e \u00e0 l\u2019identification des parties prenantes, aux modes de communication adapt\u00e9s, ainsi qu\u2019\u00e0 une premi\u00e8re approche de la gestion des risques. Ces notions seront illustr\u00e9es \u00e0 travers un exemple concret afin de favoriser l\u2019appropriation des concepts.&nbsp;<\/p>\n\n\n\n<p>La deuxi\u00e8me demi-journ\u00e9e\u202fsera consacr\u00e9e \u00e0 la mise en pratique : les participant\u00b7es travailleront \u00e0 l\u2019\u00e9laboration et \u00e0 la structuration d\u2019un projet de recherche en s\u2019appuyant sur des cas d\u2019\u00e9tude, r\u00e9els ou fictifs, propos\u00e9s par le formateur ou issus des situations des participant\u00b7es. L\u2019objectif est de permettre \u00e0 chacun\u00b7e d\u2019exp\u00e9rimenter les outils et d\u00e9marches vus pr\u00e9c\u00e9demment, dans un cadre collaboratif et directement transposable \u00e0 leurs propres projets.&nbsp;<\/p>\n\n\n\n<p>Intervenant : Emmanuel Delamarche<\/p>\n\n\n\n<p>Inscription, <a href=\"https:\/\/courses.unil.ch\/servicerecherche\/cours\/3333\">ICI<\/a><\/p>\n\n\n<div  class=\"tribe-block tribe-block__event-price\" >\n\t\t<\/div>\n\n\n\n\n<div  class=\"tribe-block tribe-block__venue tribe-clearfix\" >\n\t\n\t\t\n\t<\/div>\n\n\n\n\n\t<div  class=\"tribe-block tribe-block__events-link\" >\n\t\t<div class=\"tribe-events tribe-common\">\n\t\t\t<div class=\"tribe-events-c-subscribe-dropdown__container\">\n\t\t\t\t<div class=\"tribe-events-c-subscribe-dropdown\">\n\t\t\t\t\t<div class=\"tribe-common-c-btn-border tribe-events-c-subscribe-dropdown__button\">\n\t\t\t\t\t\t<svg\n\t class=\"tribe-common-c-svgicon tribe-common-c-svgicon--cal-export tribe-events-c-subscribe-dropdown__export-icon\" \taria-hidden=\"true\"\n\tviewBox=\"0 0 23 17\"\n\txmlns=\"http:\/\/www.w3.org\/2000\/svg\"\n>\n\t<path fill-rule=\"evenodd\" clip-rule=\"evenodd\" d=\"M.128.896V16.13c0 .211.145.383.323.383h15.354c.179 0 .323-.172.323-.383V.896c0-.212-.144-.383-.323-.383H.451C.273.513.128.684.128.896Zm16 6.742h-.901V4.679H1.009v10.729h14.218v-3.336h.901V7.638ZM1.01 1.614h14.218v2.058H1.009V1.614Z\" \/>\n\t<path d=\"M20.5 9.846H8.312M18.524 6.953l2.89 2.909-2.855 2.855\" stroke-width=\"1.2\" stroke-linecap=\"round\" stroke-linejoin=\"round\"\/>\n<\/svg>\n\t\t\t\t\t\t<button\n\t\t\t\t\t\t\tclass=\"tribe-events-c-subscribe-dropdown__button-text\"\n\t\t\t\t\t\t\taria-expanded=\"false\"\n\t\t\t\t\t\t\taria-controls=\"tribe-events-subscribe-dropdown-content\"\n\t\t\t\t\t\t\taria-label=\"Afficher les liens permettant d\u2019ajouter des \u00e9v\u00e8nements \u00e0 votre calendrier\"\n\t\t\t\t\t\t>\n\t\t\t\t\t\t\tAjouter au calendrier\t\t\t\t\t\t<\/button>\n\t\t\t\t\t\t<svg\n\t class=\"tribe-common-c-svgicon tribe-common-c-svgicon--caret-down tribe-events-c-subscribe-dropdown__button-icon\" \taria-hidden=\"true\"\n\tviewBox=\"0 0 10 7\"\n\txmlns=\"http:\/\/www.w3.org\/2000\/svg\"\n>\n\t<path fill-rule=\"evenodd\" clip-rule=\"evenodd\" d=\"M1.008.609L5 4.6 8.992.61l.958.958L5 6.517.05 1.566l.958-.958z\" class=\"tribe-common-c-svgicon__svg-fill\"\/>\n<\/svg>\n\t\t\t\t\t<\/div>\n\t\t\t\t\t<div id=\"tribe-events-subscribe-dropdown-content\" class=\"tribe-events-c-subscribe-dropdown__content\">\n\t\t\t\t\t\t<ul class=\"tribe-events-c-subscribe-dropdown__list\">\n\t\t\t\t\t\t\t\t\t\t\t\t\t\t\t<li class=\"tribe-events-c-subscribe-dropdown__list-item tribe-events-c-subscribe-dropdown__list-item--gcal\">\n\t\t\t\t\t\t\t\t\t<a\n\t\t\t\t\t\t\t\t\t\thref=\"https:\/\/www.google.com\/calendar\/event?action=TEMPLATE&#038;dates=20250603T090000\/20250603T160000&#038;text=Workshop%3A%20De%20l%E2%80%99id%C3%A9e%20au%20projet%20%3A%20bases%20de%20gestion%20de%20projet%20pour%20structurer%20sa%20recherche&#038;details=%3Cp%3ECette+formation+en+deux+demi-journ%C3%A9es+s%E2%80%99adresse+aux+chercheur%C2%B7es+exp%C3%A9riment%C3%A9%C2%B7es+souhaitant+acqu%C3%A9rir+les+bases+de+la+gestion+de+projet+pour+mieux+structurer+leurs+projets+de+recherche%2C+en+particulier+dans+la+perspective+d%E2%80%99une+demande+de+financement.%C2%A0%3C%2Fp%3E+%3Cp%3ELa+premi%C3%A8re+demi-journ%C3%A9e%E2%80%AFintroduira+les+fondamentaux+de+la+gestion+de+projet+appliqu%C3%A9e+au+contexte+acad%C3%A9mique.+Elle+couvrira+la+terminologie+essentielle%2C+les+grandes+phases+d%E2%80%99un+projet%2C+ainsi+que+les+%C3%A9l%C3%A9ments+structurants+tels+que+les+diagrammes+de+Gantt%2C+les+chartes%2C+les+jalons%2C+les+livrables+et+les+t%C3%A2ches+cl%C3%A9s.+Une+attention+particuli%C3%A8re+sera+port%C3%A9e+%C3%A0+l%E2%80%99identification+des+parties+prenantes%2C+aux+modes+de+communication+adapt%C3%A9s%2C+ainsi+qu%E2%80%99%C3%A0+une+premi%C3%A8re+approche+de+la+gestion+des+risques.+Ces+notions+seront+illustr%C3%A9es+%C3%A0+travers+un+exemple+concret+afin+de+favoriser+l%E2%80%99appropriation+des+concepts.%26nbsp%3B%3C%2Fp%3E+%3Cp%3ELa+deuxi%C3%A8me+demi-journ%C3%A9e%E2%80%AFsera+consacr%C3%A9e+%C3%A0+la+mise+en+pratique+%3A+les+pa%3C%2Fp%3E%28Voir+toute+la+description+de+%C3%A9v%C3%A8nement+ici%C2%A0%3A+https%3A%2F%2Fwp.unil.ch%2Fesspace%2Fevent%2Fworkshop-de-lidee-au-projet-bases-de-gestion-de-projet-pour-structurer-sa-recherche%2F%29&#038;trp=false&#038;ctz=Europe\/Zurich&#038;sprop=website:https:\/\/wp.unil.ch\/esspace\"\n\t\t\t\t\t\t\t\t\t\tclass=\"tribe-events-c-subscribe-dropdown__list-item-link\"\n\t\t\t\t\t\t\t\t\t\ttarget=\"_blank\"\n\t\t\t\t\t\t\t\t\t\trel=\"noopener noreferrer nofollow noindex\"\n\t\t\t\t\t\t\t\t\t>\n\t\t\t\t\t\t\t\t\t\tGoogle Agenda\t\t\t\t\t\t\t\t\t<\/a>\n\t\t\t\t\t\t\t\t<\/li>\n\t\t\t\t\t\t\t\t\t\t\t\t\t\t\t<li class=\"tribe-events-c-subscribe-dropdown__list-item tribe-events-c-subscribe-dropdown__list-item--ical\">\n\t\t\t\t\t\t\t\t\t<a\n\t\t\t\t\t\t\t\t\t\thref=\"\"\n\t\t\t\t\t\t\t\t\t\tclass=\"tribe-events-c-subscribe-dropdown__list-item-link\"\n\t\t\t\t\t\t\t\t\t\ttarget=\"_blank\"\n\t\t\t\t\t\t\t\t\t\trel=\"noopener noreferrer nofollow noindex\"\n\t\t\t\t\t\t\t\t\t>\n\t\t\t\t\t\t\t\t\t\tiCalendar\t\t\t\t\t\t\t\t\t<\/a>\n\t\t\t\t\t\t\t\t<\/li>\n\t\t\t\t\t\t\t\t\t\t\t\t\t\t\t<li class=\"tribe-events-c-subscribe-dropdown__list-item tribe-events-c-subscribe-dropdown__list-item--outlook-365\">\n\t\t\t\t\t\t\t\t\t<a\n\t\t\t\t\t\t\t\t\t\thref=\"\"\n\t\t\t\t\t\t\t\t\t\tclass=\"tribe-events-c-subscribe-dropdown__list-item-link\"\n\t\t\t\t\t\t\t\t\t\ttarget=\"_blank\"\n\t\t\t\t\t\t\t\t\t\trel=\"noopener noreferrer nofollow noindex\"\n\t\t\t\t\t\t\t\t\t>\n\t\t\t\t\t\t\t\t\t\tOutlook 365\t\t\t\t\t\t\t\t\t<\/a>\n\t\t\t\t\t\t\t\t<\/li>\n\t\t\t\t\t\t\t\t\t\t\t\t\t\t\t<li class=\"tribe-events-c-subscribe-dropdown__list-item tribe-events-c-subscribe-dropdown__list-item--outlook-live\">\n\t\t\t\t\t\t\t\t\t<a\n\t\t\t\t\t\t\t\t\t\thref=\"\"\n\t\t\t\t\t\t\t\t\t\tclass=\"tribe-events-c-subscribe-dropdown__list-item-link\"\n\t\t\t\t\t\t\t\t\t\ttarget=\"_blank\"\n\t\t\t\t\t\t\t\t\t\trel=\"noopener noreferrer nofollow noindex\"\n\t\t\t\t\t\t\t\t\t>\n\t\t\t\t\t\t\t\t\t\tOutlook Live\t\t\t\t\t\t\t\t\t<\/a>\n\t\t\t\t\t\t\t\t<\/li>\n\t\t\t\t\t\t\t\t\t\t\t\t\t<\/ul>\n\t\t\t\t\t<\/div>\n\t\t\t\t<\/div>\n\t\t\t<\/div>\n\t\t<\/div>\n\t<\/div>\n\n","protected":false},"excerpt":{"rendered":"<p>Cette formation en deux demi-journ\u00e9es s\u2019adresse aux chercheur\u00b7es exp\u00e9riment\u00e9\u00b7es souhaitant acqu\u00e9rir les bases de la gestion de projet pour mieux structurer leurs projets de recherche, en particulier dans la perspective &hellip; <\/p>\n","protected":false},"author":1002425,"featured_media":8606,"template":"","meta":{"_seopress_robots_primary_cat":"","_seopress_titles_title":"","_seopress_titles_desc":"","_seopress_robots_index":"","_uag_custom_page_level_css":"","_EventAllDay":false,"_EventTimezone":"Europe\/Zurich","_EventStartDate":"2025-06-03 09:00:00","_EventEndDate":"2025-06-03 16:00:00","_EventStartDateUTC":"2025-06-03 07:00:00","_EventEndDateUTC":"2025-06-03 14:00:00","_EventShowMap":false,"_EventShowMapLink":false,"_EventURL":"","_EventCost":"","_EventCostDescription":"","_EventCurrencySymbol":"$","_EventCurrencyCode":"USD","_EventCurrencyPosition":"prefix","_EventDateTimeSeparator":"@","_EventTimeRangeSeparator":"-","_EventOrganizerID":[],"_EventVenueID":[],"_OrganizerEmail":"","_OrganizerPhone":"","_OrganizerWebsite":"","_VenueAddress":"","_VenueCity":"","_VenueCountry":"","_VenueProvince":"","_VenueState":"","_VenueZip":"","_VenuePhone":"","_VenueURL":"","_VenueStateProvince":"","_VenueLat":"","_VenueLng":"","_VenueShowMap":false,"_VenueShowMapLink":false,"_tribe_events_status":"","_tribe_events_status_reason":"","footnotes":""},"tags":[],"tribe_events_cat":[19484,19477],"class_list":["post-9671","tribe_events","type-tribe_events","status-publish","has-post-thumbnail","tribe_events_cat-formations","tribe_events_cat-unil","cat_formations","cat_unil"],"uagb_featured_image_src":{"full":["https:\/\/wp.unil.ch\/esspace\/files\/2024\/02\/cours-servicerecherche-card.jpg",800,600,false],"thumbnail":["https:\/\/wp.unil.ch\/esspace\/files\/2024\/02\/cours-servicerecherche-card-150x150.jpg",150,150,true],"medium":["https:\/\/wp.unil.ch\/esspace\/files\/2024\/02\/cours-servicerecherche-card-300x225.jpg",300,225,true],"medium_large":["https:\/\/wp.unil.ch\/esspace\/files\/2024\/02\/cours-servicerecherche-card-768x576.jpg",735,551,true],"large":["https:\/\/wp.unil.ch\/esspace\/files\/2024\/02\/cours-servicerecherche-card.jpg",735,551,false],"1536x1536":["https:\/\/wp.unil.ch\/esspace\/files\/2024\/02\/cours-servicerecherche-card.jpg",800,600,false],"2048x2048":["https:\/\/wp.unil.ch\/esspace\/files\/2024\/02\/cours-servicerecherche-card.jpg",800,600,false],"hitmag-landscape":["https:\/\/wp.unil.ch\/esspace\/files\/2024\/02\/cours-servicerecherche-card-800x450.jpg",800,450,true],"hitmag-featured":["https:\/\/wp.unil.ch\/esspace\/files\/2024\/02\/cours-servicerecherche-card-735x400.jpg",735,400,true],"hitmag-grid":["https:\/\/wp.unil.ch\/esspace\/files\/2024\/02\/cours-servicerecherche-card-348x215.jpg",348,215,true],"hitmag-list":["https:\/\/wp.unil.ch\/esspace\/files\/2024\/02\/cours-servicerecherche-card-290x220.jpg",290,220,true],"hitmag-thumbnail":["https:\/\/wp.unil.ch\/esspace\/files\/2024\/02\/cours-servicerecherche-card-135x93.jpg",135,93,true],"gform-image-choice-sm":["https:\/\/wp.unil.ch\/esspace\/files\/2024\/02\/cours-servicerecherche-card.jpg",300,225,false],"gform-image-choice-md":["https:\/\/wp.unil.ch\/esspace\/files\/2024\/02\/cours-servicerecherche-card.jpg",400,300,false],"gform-image-choice-lg":["https:\/\/wp.unil.ch\/esspace\/files\/2024\/02\/cours-servicerecherche-card.jpg",600,450,false],"mailpoet_newsletter_max":["https:\/\/wp.unil.ch\/esspace\/files\/2024\/02\/cours-servicerecherche-card.jpg",800,600,false]},"uagb_author_info":{"display_name":"Ellina Mourtazina","author_link":"https:\/\/wp.unil.ch\/esspace\/author\/emourtaz\/"},"uagb_comment_info":0,"uagb_excerpt":"Cette formation en deux demi-journ\u00e9es s\u2019adresse aux chercheur\u00b7es exp\u00e9riment\u00e9\u00b7es souhaitant acqu\u00e9rir les bases de la gestion de projet pour mieux structurer leurs projets de recherche, en particulier dans la perspective &hellip;","_links":{"self":[{"href":"https:\/\/wp.unil.ch\/esspace\/wp-json\/wp\/v2\/tribe_events\/9671","targetHints":{"allow":["GET"]}}],"collection":[{"href":"https:\/\/wp.unil.ch\/esspace\/wp-json\/wp\/v2\/tribe_events"}],"about":[{"href":"https:\/\/wp.unil.ch\/esspace\/wp-json\/wp\/v2\/types\/tribe_events"}],"author":[{"embeddable":true,"href":"https:\/\/wp.unil.ch\/esspace\/wp-json\/wp\/v2\/users\/1002425"}],"version-history":[{"count":1,"href":"https:\/\/wp.unil.ch\/esspace\/wp-json\/wp\/v2\/tribe_events\/9671\/revisions"}],"predecessor-version":[{"id":9672,"href":"https:\/\/wp.unil.ch\/esspace\/wp-json\/wp\/v2\/tribe_events\/9671\/revisions\/9672"}],"wp:featuredmedia":[{"embeddable":true,"href":"https:\/\/wp.unil.ch\/esspace\/wp-json\/wp\/v2\/media\/8606"}],"wp:attachment":[{"href":"https:\/\/wp.unil.ch\/esspace\/wp-json\/wp\/v2\/media?parent=9671"}],"wp:term":[{"taxonomy":"post_tag","embeddable":true,"href":"https:\/\/wp.unil.ch\/esspace\/wp-json\/wp\/v2\/tags?post=9671"},{"taxonomy":"tribe_events_cat","embeddable":true,"href":"https:\/\/wp.unil.ch\/esspace\/wp-json\/wp\/v2\/tribe_events_cat?post=9671"}],"curies":[{"name":"wp","href":"https:\/\/api.w.org\/{rel}","templated":true}]}}