{"id":9656,"date":"2025-04-28T16:53:44","date_gmt":"2025-04-28T14:53:44","guid":{"rendered":"https:\/\/wp.unil.ch\/esspace\/?post_type=tribe_events&#038;p=9656"},"modified":"2025-04-28T16:53:47","modified_gmt":"2025-04-28T14:53:47","slug":"civis-offre-de-mobilite-internationale","status":"publish","type":"tribe_events","link":"https:\/\/wp.unil.ch\/esspace\/event\/civis-offre-de-mobilite-internationale\/","title":{"rendered":"CIVIS: Offre de mobilit\u00e9 internationale"},"content":{"rendered":"<div  class=\"tribe-events-schedule tribe-clearfix\" >\n\t<p class=\"tribe-events-schedule__datetime\">\n\t\t<span class=\"tribe-events-schedule__date tribe-events-schedule__date--start\">\n\t\t\tmai 4, 2025\t\t<\/span>\n\n\t\t\t\t\t<span class=\"tribe-events-schedule__separator tribe-events-schedule__separator--date\">\n\t\t\t\t@\t\t\t<\/span>\n\t\t\t<span class=\"tribe-events-schedule__time tribe-events-schedule__time--start\">\n\t\t\t\t8:00\t\t\t<\/span>\n\t\t\n\t\t\t\t\t\t\t\t\t<span class=\"tribe-events-schedule__separator tribe-events-schedule__separator--time\">\n\t\t\t\t\t&#8211;\t\t\t\t<\/span>\n\t\t\t\n\t\t\t\t\t\t\t<span class=\"tribe-events-schedule__time tribe-events-schedule__time--end\">\n\t\t\t\t\t17:00\t\t\t\t<\/span>\n\t\t\t\n\t\t\t\t\t\t<\/p>\n<\/div>\n\n\n\n<p>La mobilit\u00e9 internationale et une collaboration acad\u00e9mique avec des pairs \u00e0 travers l\u2019Europe vous tentent\u00a0dans le cadre de vos \u00e9tudes et\/ votre doctorat ? Les programmes intensifs hybrides CIVIS sont faits pour vous\u00a0!<\/p>\n\n\n\n<p><strong>CIVIS c\u2019est quoi&nbsp;?<\/strong> CIVIS c\u2019est une alliance de <a href=\"https:\/\/civis.eu\/fr\/a-propos-de-civis\/universites\">onze universit\u00e9s europ\u00e9ennes<\/a> qui vise \u00e0 cr\u00e9er des synergies dans l\u2019enseignement, la recherche et l\u2019innovation pour pr\u00e9parer la prochaine g\u00e9n\u00e9ration aux d\u00e9fis auxquels la soci\u00e9t\u00e9 est confront\u00e9e dans un monde aux \u00e9volutions rapides.<\/p>\n\n\n\n<p><strong>Et les BIP&nbsp;?<\/strong> Les <a href=\"https:\/\/civis.eu\/fr\/blended-intensive-programmes\">programmes intensifs hybrides<\/a> (<em>Blended Intensive Programmes<\/em>&nbsp;\u2013 BIPs) constituent un nouveau format de cours combinant un enseignement en ligne avec une courte p\u00e9riode de mobilit\u00e9 physique d\u2019une dur\u00e9e de cinq jours dans une universit\u00e9s CIVIS avec des \u00e9tudiant\u00b7e\u00b7s de toute l\u2019Alliance.<\/p>\n\n\n\n<p>Toutes les \u00e9tudiantes et tous les \u00e9tudiants inscrit\u00b7e\u00b7s \u00e0\u00a0l\u2019UNIL<strong> <\/strong>ont acc\u00e8s \u00e0 ces nouveaux cours sans frais de scolarit\u00e9 suppl\u00e9mentaire et peuvent b\u00e9n\u00e9ficier d\u2019une <a href=\"https:\/\/www.unil.ch\/unil\/fr\/home\/menuinst\/etudier\/mobilite-et-echange\/etudiantes-et-etudiants-unil\/mobilite-courte-bip-civis.html\">bourse de mobilit\u00e9<\/a> pour autant que les cr\u00e9dits ECTS acquis soient reconnus dans leur cursus ou dans le cadre de cr\u00e9dits suppl\u00e9mentaires apparaissant sur le suppl\u00e9ment au dipl\u00f4me. <strong>Les mobilit\u00e9s s&rsquo;adressent \u00e9galement aux doctorant\u00b7e\u00b7s<\/strong> UNIL. <\/p>\n\n\n\n<p>Chaque semestre, plus de&nbsp;<a href=\"https:\/\/civis.eu\/en\/learn\/civis-courses?type%5B%5D=8#courses\">30 nouveaux programmes<\/a>&nbsp;&nbsp;sont propos\u00e9s sur une des th\u00e9matiques suivantes&nbsp;:<\/p>\n\n\n\n<ul class=\"wp-block-list\">\n<li>Sant\u00e9<\/li>\n\n\n\n<li>Villes, espaces et mobilit\u00e9s<\/li>\n\n\n\n<li>Transformation num\u00e9rique et technologique<\/li>\n\n\n\n<li>Climat, environnement et \u00e9nergie<\/li>\n\n\n\n<li>Soci\u00e9t\u00e9, culture et patrimoine<\/li>\n<\/ul>\n\n\n\n<p>Les inscriptions pour s\u2019inscrire \u00e0 un BIP sont ouvertes sur le <a href=\"https:\/\/civis.eu\/en\/learn\/civis-courses\">portail CIVIS<\/a> jusqu\u2019au <strong>04 mai 2025<\/strong>.<\/p>\n\n\n\n<p>Pour toute inscription, il est imp\u00e9ratif de contacter <a href=\"https:\/\/www.unil.ch\/unil\/fr\/home\/menuinst\/etudier\/mobilite-et-echange\/etudiantes-et-etudiants-unil\/contacts-conseillers-mobilite.html\">sa coordinatrice ou son coordinateur mobilit\u00e9<\/a> \u00e0 l\u2019UNIL pour v\u00e9rifier la faisabilit\u00e9 du projet et signer le <a href=\"https:\/\/www.unil.ch\/files\/live\/sites\/unil\/files\/04-etudier\/0405-mobilite-echange\/learning_agreement_nouveau_model_2023.pdf\">learning agreement<\/a> avant de proc\u00e9der \u00e0 l\u2019inscription sur la plateforme CIVIS. <strong>Le learning agreement doit \u00eatre transmis au SASME (<\/strong><a href=\"mailto:bipcivis@unil.ch\"><strong>bipcivis@unil.ch<\/strong><\/a><strong>) avant la fin de la p\u00e9riode de candidature<\/strong>.<\/p>\n\n\n\n<p>Toutes les informations sur la proc\u00e9dure de postulation, la reconnaissance des cr\u00e9dits et le soutien financier sont disponibles sur <a href=\"https:\/\/www.unil.ch\/unil\/fr\/home\/menuinst\/etudier\/mobilite-et-echange\/etudiantes-et-etudiants-unil\/mobilite-courte-bip-civis.html\">le site du SASME<\/a>. Et si vous avez des questions, contactez: <a href=\"mailto:bipcivis@unil.ch\">bipcivis@unil.ch<\/a>.<\/p>\n\n\n<div  class=\"tribe-block tribe-block__event-price\" >\n\t\t<\/div>\n\n\n\n\n<div  class=\"tribe-block tribe-block__venue tribe-clearfix\" >\n\t\n\t\t\n\t<\/div>\n\n\n\n\n\t<div  class=\"tribe-block tribe-block__events-link\" >\n\t\t<div class=\"tribe-events tribe-common\">\n\t\t\t<div class=\"tribe-events-c-subscribe-dropdown__container\">\n\t\t\t\t<div class=\"tribe-events-c-subscribe-dropdown\">\n\t\t\t\t\t<div class=\"tribe-common-c-btn-border tribe-events-c-subscribe-dropdown__button\">\n\t\t\t\t\t\t<svg\n\t class=\"tribe-common-c-svgicon tribe-common-c-svgicon--cal-export tribe-events-c-subscribe-dropdown__export-icon\" \taria-hidden=\"true\"\n\tviewBox=\"0 0 23 17\"\n\txmlns=\"http:\/\/www.w3.org\/2000\/svg\"\n>\n\t<path fill-rule=\"evenodd\" clip-rule=\"evenodd\" d=\"M.128.896V16.13c0 .211.145.383.323.383h15.354c.179 0 .323-.172.323-.383V.896c0-.212-.144-.383-.323-.383H.451C.273.513.128.684.128.896Zm16 6.742h-.901V4.679H1.009v10.729h14.218v-3.336h.901V7.638ZM1.01 1.614h14.218v2.058H1.009V1.614Z\" \/>\n\t<path d=\"M20.5 9.846H8.312M18.524 6.953l2.89 2.909-2.855 2.855\" stroke-width=\"1.2\" stroke-linecap=\"round\" stroke-linejoin=\"round\"\/>\n<\/svg>\n\t\t\t\t\t\t<button\n\t\t\t\t\t\t\tclass=\"tribe-events-c-subscribe-dropdown__button-text\"\n\t\t\t\t\t\t\taria-expanded=\"false\"\n\t\t\t\t\t\t\taria-controls=\"tribe-events-subscribe-dropdown-content\"\n\t\t\t\t\t\t\taria-label=\"Afficher les liens permettant d\u2019ajouter des \u00e9v\u00e8nements \u00e0 votre calendrier\"\n\t\t\t\t\t\t>\n\t\t\t\t\t\t\tAjouter au calendrier\t\t\t\t\t\t<\/button>\n\t\t\t\t\t\t<svg\n\t class=\"tribe-common-c-svgicon tribe-common-c-svgicon--caret-down tribe-events-c-subscribe-dropdown__button-icon\" \taria-hidden=\"true\"\n\tviewBox=\"0 0 10 7\"\n\txmlns=\"http:\/\/www.w3.org\/2000\/svg\"\n>\n\t<path fill-rule=\"evenodd\" clip-rule=\"evenodd\" d=\"M1.008.609L5 4.6 8.992.61l.958.958L5 6.517.05 1.566l.958-.958z\" class=\"tribe-common-c-svgicon__svg-fill\"\/>\n<\/svg>\n\t\t\t\t\t<\/div>\n\t\t\t\t\t<div id=\"tribe-events-subscribe-dropdown-content\" class=\"tribe-events-c-subscribe-dropdown__content\">\n\t\t\t\t\t\t<ul class=\"tribe-events-c-subscribe-dropdown__list\">\n\t\t\t\t\t\t\t\t\t\t\t\t\t\t\t<li class=\"tribe-events-c-subscribe-dropdown__list-item tribe-events-c-subscribe-dropdown__list-item--gcal\">\n\t\t\t\t\t\t\t\t\t<a\n\t\t\t\t\t\t\t\t\t\thref=\"https:\/\/www.google.com\/calendar\/event?action=TEMPLATE&#038;dates=20250504T080000\/20250504T170000&#038;text=CIVIS%3A%20Offre%20de%20mobilit%C3%A9%20internationale&#038;details=%3Cp%3ELa+mobilit%C3%A9+internationale+et+une+collaboration+acad%C3%A9mique+avec+des+pairs+%C3%A0+travers+l%E2%80%99Europe+vous+tentent%C2%A0dans+le+cadre+de+vos+%C3%A9tudes+et%2F+votre+doctorat+%3F+Les+programmes+intensifs+hybrides+CIVIS+sont+faits+pour+vous%C2%A0%21%3C%2Fp%3E+%3Cp%3E%3Cstrong%3ECIVIS+c%E2%80%99est+quoi%26nbsp%3B%3F%3C%2Fstrong%3E+CIVIS+c%E2%80%99est+une+alliance+de+%3Ca+href%3D%22https%3A%2F%2Fcivis.eu%2Ffr%2Fa-propos-de-civis%2Funiversites%22%3Eonze+universit%C3%A9s+europ%C3%A9ennes%3C%2Fa%3E+qui+vise+%C3%A0+cr%C3%A9er+des+synergies+dans+l%E2%80%99enseignement%2C+la+recherche+et+l%E2%80%99innovation+pour+pr%C3%A9parer+la+prochaine+g%C3%A9n%C3%A9ration+aux+d%C3%A9fis+auxquels+la+soci%C3%A9t%C3%A9+est+confront%C3%A9e+dans+un+monde+aux+%C3%A9volutions+rapides.%3C%2Fp%3E+%3Cp%3E%3Cstrong%3EEt+les+BIP%26nbsp%3B%3F%3C%2Fstrong%3E+Les+%3Ca+href%3D%22https%3A%2F%2Fcivis.eu%2Ffr%2Fblended-intensive-programmes%22%3Eprogrammes+intensifs+hybrides%3C%2Fa%3E+%28%3Cem%3EBlended+Intensive+Programmes%3C%2Fem%3E%26nbsp%3B%E2%80%93+BIPs%29+constituent+un+nouveau+format+de+cours+combinant+un+enseignement+en+ligne+avec+une+courte+p%C3%A9riode+de+mobilit%C3%A9+physique+d%E2%80%99une+dur%C3%A9e+de+cinq+jours+dans+une+universit%C3%A9s+%3C%2Fp%3E%28Voir+toute+la+description+de+%C3%A9v%C3%A8nement+ici%C2%A0%3A+https%3A%2F%2Fwp.unil.ch%2Fesspace%2Fevent%2Fcivis-offre-de-mobilite-internationale%2F%29&#038;trp=false&#038;ctz=Europe\/Zurich&#038;sprop=website:https:\/\/wp.unil.ch\/esspace\"\n\t\t\t\t\t\t\t\t\t\tclass=\"tribe-events-c-subscribe-dropdown__list-item-link\"\n\t\t\t\t\t\t\t\t\t\ttarget=\"_blank\"\n\t\t\t\t\t\t\t\t\t\trel=\"noopener noreferrer nofollow noindex\"\n\t\t\t\t\t\t\t\t\t>\n\t\t\t\t\t\t\t\t\t\tGoogle Agenda\t\t\t\t\t\t\t\t\t<\/a>\n\t\t\t\t\t\t\t\t<\/li>\n\t\t\t\t\t\t\t\t\t\t\t\t\t\t\t<li class=\"tribe-events-c-subscribe-dropdown__list-item tribe-events-c-subscribe-dropdown__list-item--ical\">\n\t\t\t\t\t\t\t\t\t<a\n\t\t\t\t\t\t\t\t\t\thref=\"\"\n\t\t\t\t\t\t\t\t\t\tclass=\"tribe-events-c-subscribe-dropdown__list-item-link\"\n\t\t\t\t\t\t\t\t\t\ttarget=\"_blank\"\n\t\t\t\t\t\t\t\t\t\trel=\"noopener noreferrer nofollow noindex\"\n\t\t\t\t\t\t\t\t\t>\n\t\t\t\t\t\t\t\t\t\tiCalendar\t\t\t\t\t\t\t\t\t<\/a>\n\t\t\t\t\t\t\t\t<\/li>\n\t\t\t\t\t\t\t\t\t\t\t\t\t\t\t<li class=\"tribe-events-c-subscribe-dropdown__list-item tribe-events-c-subscribe-dropdown__list-item--outlook-365\">\n\t\t\t\t\t\t\t\t\t<a\n\t\t\t\t\t\t\t\t\t\thref=\"\"\n\t\t\t\t\t\t\t\t\t\tclass=\"tribe-events-c-subscribe-dropdown__list-item-link\"\n\t\t\t\t\t\t\t\t\t\ttarget=\"_blank\"\n\t\t\t\t\t\t\t\t\t\trel=\"noopener noreferrer nofollow noindex\"\n\t\t\t\t\t\t\t\t\t>\n\t\t\t\t\t\t\t\t\t\tOutlook 365\t\t\t\t\t\t\t\t\t<\/a>\n\t\t\t\t\t\t\t\t<\/li>\n\t\t\t\t\t\t\t\t\t\t\t\t\t\t\t<li class=\"tribe-events-c-subscribe-dropdown__list-item tribe-events-c-subscribe-dropdown__list-item--outlook-live\">\n\t\t\t\t\t\t\t\t\t<a\n\t\t\t\t\t\t\t\t\t\thref=\"\"\n\t\t\t\t\t\t\t\t\t\tclass=\"tribe-events-c-subscribe-dropdown__list-item-link\"\n\t\t\t\t\t\t\t\t\t\ttarget=\"_blank\"\n\t\t\t\t\t\t\t\t\t\trel=\"noopener noreferrer nofollow noindex\"\n\t\t\t\t\t\t\t\t\t>\n\t\t\t\t\t\t\t\t\t\tOutlook Live\t\t\t\t\t\t\t\t\t<\/a>\n\t\t\t\t\t\t\t\t<\/li>\n\t\t\t\t\t\t\t\t\t\t\t\t\t<\/ul>\n\t\t\t\t\t<\/div>\n\t\t\t\t<\/div>\n\t\t\t<\/div>\n\t\t<\/div>\n\t<\/div>\n\n","protected":false},"excerpt":{"rendered":"<p>La mobilit\u00e9 internationale et une collaboration acad\u00e9mique avec des pairs \u00e0 travers l\u2019Europe vous tentent\u00a0dans le cadre de vos \u00e9tudes et\/ votre doctorat ? Les programmes intensifs hybrides CIVIS sont &hellip; <\/p>\n","protected":false},"author":1002425,"featured_media":0,"template":"","meta":{"_seopress_robots_primary_cat":"","_seopress_titles_title":"","_seopress_titles_desc":"","_seopress_robots_index":"","_uag_custom_page_level_css":"","_EventAllDay":false,"_EventTimezone":"Europe\/Zurich","_EventStartDate":"2025-05-04 08:00:00","_EventEndDate":"2025-05-04 17:00:00","_EventStartDateUTC":"2025-05-04 06:00:00","_EventEndDateUTC":"2025-05-04 15:00:00","_EventShowMap":false,"_EventShowMapLink":false,"_EventURL":"","_EventCost":"","_EventCostDescription":"","_EventCurrencySymbol":"$","_EventCurrencyCode":"USD","_EventCurrencyPosition":"prefix","_EventDateTimeSeparator":"@","_EventTimeRangeSeparator":"-","_EventOrganizerID":[],"_EventVenueID":[],"_OrganizerEmail":"","_OrganizerPhone":"","_OrganizerWebsite":"","_VenueAddress":"","_VenueCity":"","_VenueCountry":"","_VenueProvince":"","_VenueState":"","_VenueZip":"","_VenuePhone":"","_VenueURL":"","_VenueStateProvince":"","_VenueLat":"","_VenueLng":"","_VenueShowMap":false,"_VenueShowMapLink":false,"_tribe_events_status":"","_tribe_events_status_reason":"","footnotes":""},"tags":[],"tribe_events_cat":[19487,19477],"class_list":["post-9656","tribe_events","type-tribe_events","status-publish","tribe_events_cat-appels-a-projets","tribe_events_cat-unil","cat_appels-a-projets","cat_unil"],"uagb_featured_image_src":{"full":false,"thumbnail":false,"medium":false,"medium_large":false,"large":false,"1536x1536":false,"2048x2048":false,"hitmag-landscape":false,"hitmag-featured":false,"hitmag-grid":false,"hitmag-list":false,"hitmag-thumbnail":false,"gform-image-choice-sm":false,"gform-image-choice-md":false,"gform-image-choice-lg":false,"mailpoet_newsletter_max":false},"uagb_author_info":{"display_name":"Ellina Mourtazina","author_link":"https:\/\/wp.unil.ch\/esspace\/author\/emourtaz\/"},"uagb_comment_info":0,"uagb_excerpt":"La mobilit\u00e9 internationale et une collaboration acad\u00e9mique avec des pairs \u00e0 travers l\u2019Europe vous tentent\u00a0dans le cadre de vos \u00e9tudes et\/ votre doctorat ? Les programmes intensifs hybrides CIVIS sont &hellip;","_links":{"self":[{"href":"https:\/\/wp.unil.ch\/esspace\/wp-json\/wp\/v2\/tribe_events\/9656","targetHints":{"allow":["GET"]}}],"collection":[{"href":"https:\/\/wp.unil.ch\/esspace\/wp-json\/wp\/v2\/tribe_events"}],"about":[{"href":"https:\/\/wp.unil.ch\/esspace\/wp-json\/wp\/v2\/types\/tribe_events"}],"author":[{"embeddable":true,"href":"https:\/\/wp.unil.ch\/esspace\/wp-json\/wp\/v2\/users\/1002425"}],"version-history":[{"count":1,"href":"https:\/\/wp.unil.ch\/esspace\/wp-json\/wp\/v2\/tribe_events\/9656\/revisions"}],"predecessor-version":[{"id":9657,"href":"https:\/\/wp.unil.ch\/esspace\/wp-json\/wp\/v2\/tribe_events\/9656\/revisions\/9657"}],"wp:attachment":[{"href":"https:\/\/wp.unil.ch\/esspace\/wp-json\/wp\/v2\/media?parent=9656"}],"wp:term":[{"taxonomy":"post_tag","embeddable":true,"href":"https:\/\/wp.unil.ch\/esspace\/wp-json\/wp\/v2\/tags?post=9656"},{"taxonomy":"tribe_events_cat","embeddable":true,"href":"https:\/\/wp.unil.ch\/esspace\/wp-json\/wp\/v2\/tribe_events_cat?post=9656"}],"curies":[{"name":"wp","href":"https:\/\/api.w.org\/{rel}","templated":true}]}}