{"id":9629,"date":"2025-04-08T13:54:10","date_gmt":"2025-04-08T11:54:10","guid":{"rendered":"https:\/\/wp.unil.ch\/esspace\/?post_type=tribe_events&#038;p=9629"},"modified":"2025-04-08T13:56:15","modified_gmt":"2025-04-08T11:56:15","slug":"data-live-your-monthly-qa-on-data-management-and-sharing","status":"publish","type":"tribe_events","link":"https:\/\/wp.unil.ch\/esspace\/event\/data-live-your-monthly-qa-on-data-management-and-sharing\/","title":{"rendered":"Data Live\u202f: Your monthly Q&amp;A on data management and sharing"},"content":{"rendered":"<div  class=\"tribe-events-schedule tribe-clearfix\" >\n\t<p class=\"tribe-events-schedule__datetime\">\n\t\t<span class=\"tribe-events-schedule__date tribe-events-schedule__date--start\">\n\t\t\tavril 10, 2025\t\t<\/span>\n\n\t\t\t\t\t<span class=\"tribe-events-schedule__separator tribe-events-schedule__separator--date\">\n\t\t\t\t@\t\t\t<\/span>\n\t\t\t<span class=\"tribe-events-schedule__time tribe-events-schedule__time--start\">\n\t\t\t\t13:00\t\t\t<\/span>\n\t\t\n\t\t\t\t\t\t\t\t\t<span class=\"tribe-events-schedule__separator tribe-events-schedule__separator--time\">\n\t\t\t\t\t&#8211;\t\t\t\t<\/span>\n\t\t\t\n\t\t\t\t\t\t\t<span class=\"tribe-events-schedule__time tribe-events-schedule__time--end\">\n\t\t\t\t\t14:00\t\t\t\t<\/span>\n\t\t\t\n\t\t\t\t\t\t<\/p>\n<\/div>\n\n\n\n<p><strong>Vous avez des questions sur la gestion et le partage de vos donn\u00e9es de recherche en sciences sociales ?<\/strong><\/p>\n\n\n\n<p>L&rsquo;\u00e9quipe Data Live Coordinators de FORS sont l\u00e0 pour vous! <\/p>\n\n\n\n<p>Participez \u00e0 <strong>Data Live<\/strong>, la session interactive de questions-r\u00e9ponses mensuelle, anim\u00e9e par les experts des Services de gestion et d\u2019archivage des donn\u00e9es (DMAS) de FORS. Que vous soyez confront\u00e9\u00b7e \u00e0 des d\u00e9fis en mati\u00e8re de gestion des donn\u00e9es, \u00e0 des questions \u00e9thiques, ou que vous recherchiez les meilleures pratiques pour le partage des donn\u00e9es, c\u2019est l\u2019occasion d\u2019obtenir des conseils d\u2019expert.e.s en direct.<\/p>\n\n\n\n<p><strong>Que pouvez-vous demander ?<\/strong><\/p>\n\n\n\n<p>Lors de ces Q&amp;A vous pouvez recevoir des conseils sur un large \u00e9ventail de sujets li\u00e9s \u00e0 la gestion et au partage des donn\u00e9es en sciences sociales, dans des disciplines telles que la sociologie, la science politique, l&rsquo;\u00e9ducation, la psychologie, l&rsquo;\u00e9conomie, le travail social ou encore la g\u00e9ographie humaine. Les th\u00e8mes abord\u00e9s incluent notamment :<\/p>\n\n\n\n<ul class=\"wp-block-list\">\n<li>Comment remplir mon Plan de gestion des donn\u00e9es (DMP) ?<\/li>\n\n\n\n<li>Que faut-il inclure dans un formulaire de consentement ?<\/li>\n\n\n\n<li>Dois-je anonymiser mes donn\u00e9es ?<\/li>\n\n\n\n<li>Puis-je partager des donn\u00e9es contenant des informations personnelles ?<\/li>\n\n\n\n<li>Comment bien documenter mes donn\u00e9es ?<\/li>\n\n\n\n<li>Pourquoi devrais-je d\u00e9poser mes donn\u00e9es sur SWISSUbase, et comment le faire ?<\/li>\n\n\n\n<li>Puis-je contr\u00f4ler l\u2019acc\u00e8s \u00e0 mes donn\u00e9es ?<\/li>\n<\/ul>\n\n\n\n<p><strong>Prochaines sessions<\/strong><\/p>\n\n\n\n<ul class=\"wp-block-list\">\n<li>10 avril 2025<\/li>\n\n\n\n<li>8 mai 2025<\/li>\n\n\n\n<li>12 juin 2025<\/li>\n\n\n\n<li>10 juillet 2025<\/li>\n\n\n\n<li>14 ao\u00fbt 2025<\/li>\n\n\n\n<li>11 septembre 2025<\/li>\n\n\n\n<li>9 octobre 2025<\/li>\n\n\n\n<li>13 novembre 2025<\/li>\n\n\n\n<li>11 d\u00e9cembre 2025<\/li>\n<\/ul>\n\n\n\n<p><strong>Quand ?<\/strong> Chaque deuxi\u00e8me jeudi du mois, de 13h00 \u00e0 14h00 (CEST)<br><strong>O\u00f9 ?<\/strong> En ligne sur Zoom : <a class=\"\" href=\"https:\/\/unil.zoom.us\/my\/datalive\">https:\/\/unil.zoom.us\/my\/datalive<\/a><\/p>\n\n\n\n<p>Lien info: <a href=\"https:\/\/forscenter.ch\/data-live\/\">https:\/\/forscenter.ch\/data-live\/<\/a> <\/p>\n\n\n<div  class=\"tribe-block tribe-block__event-price\" >\n\t\t<\/div>\n\n\n\n\n<div  class=\"tribe-block tribe-block__venue tribe-clearfix\" >\n\t\n\t\t\n\t<\/div>\n\n\n\n\n\t<div  class=\"tribe-block tribe-block__events-link\" >\n\t\t<div class=\"tribe-events tribe-common\">\n\t\t\t<div class=\"tribe-events-c-subscribe-dropdown__container\">\n\t\t\t\t<div class=\"tribe-events-c-subscribe-dropdown\">\n\t\t\t\t\t<div class=\"tribe-common-c-btn-border tribe-events-c-subscribe-dropdown__button\">\n\t\t\t\t\t\t<svg\n\t class=\"tribe-common-c-svgicon tribe-common-c-svgicon--cal-export tribe-events-c-subscribe-dropdown__export-icon\" \taria-hidden=\"true\"\n\tviewBox=\"0 0 23 17\"\n\txmlns=\"http:\/\/www.w3.org\/2000\/svg\"\n>\n\t<path fill-rule=\"evenodd\" clip-rule=\"evenodd\" d=\"M.128.896V16.13c0 .211.145.383.323.383h15.354c.179 0 .323-.172.323-.383V.896c0-.212-.144-.383-.323-.383H.451C.273.513.128.684.128.896Zm16 6.742h-.901V4.679H1.009v10.729h14.218v-3.336h.901V7.638ZM1.01 1.614h14.218v2.058H1.009V1.614Z\" \/>\n\t<path d=\"M20.5 9.846H8.312M18.524 6.953l2.89 2.909-2.855 2.855\" stroke-width=\"1.2\" stroke-linecap=\"round\" stroke-linejoin=\"round\"\/>\n<\/svg>\n\t\t\t\t\t\t<button\n\t\t\t\t\t\t\tclass=\"tribe-events-c-subscribe-dropdown__button-text\"\n\t\t\t\t\t\t\taria-expanded=\"false\"\n\t\t\t\t\t\t\taria-controls=\"tribe-events-subscribe-dropdown-content\"\n\t\t\t\t\t\t\taria-label=\"Afficher les liens permettant d\u2019ajouter des \u00e9v\u00e8nements \u00e0 votre calendrier\"\n\t\t\t\t\t\t>\n\t\t\t\t\t\t\tAjouter au calendrier\t\t\t\t\t\t<\/button>\n\t\t\t\t\t\t<svg\n\t class=\"tribe-common-c-svgicon tribe-common-c-svgicon--caret-down tribe-events-c-subscribe-dropdown__button-icon\" \taria-hidden=\"true\"\n\tviewBox=\"0 0 10 7\"\n\txmlns=\"http:\/\/www.w3.org\/2000\/svg\"\n>\n\t<path fill-rule=\"evenodd\" clip-rule=\"evenodd\" d=\"M1.008.609L5 4.6 8.992.61l.958.958L5 6.517.05 1.566l.958-.958z\" class=\"tribe-common-c-svgicon__svg-fill\"\/>\n<\/svg>\n\t\t\t\t\t<\/div>\n\t\t\t\t\t<div id=\"tribe-events-subscribe-dropdown-content\" class=\"tribe-events-c-subscribe-dropdown__content\">\n\t\t\t\t\t\t<ul class=\"tribe-events-c-subscribe-dropdown__list\">\n\t\t\t\t\t\t\t\t\t\t\t\t\t\t\t<li class=\"tribe-events-c-subscribe-dropdown__list-item tribe-events-c-subscribe-dropdown__list-item--gcal\">\n\t\t\t\t\t\t\t\t\t<a\n\t\t\t\t\t\t\t\t\t\thref=\"https:\/\/www.google.com\/calendar\/event?action=TEMPLATE&#038;dates=20250410T130000\/20250410T140000&#038;text=Data%20Live%E2%80%AF%3A%20Your%20monthly%20Q%26amp%3BA%20on%20data%20management%20and%20sharing&#038;details=%3Cp%3E%3Cstrong%3EVous+avez+des+questions+sur+la+gestion+et+le+partage+de+vos+donn%C3%A9es+de+recherche+en+sciences+sociales+%3F%3C%2Fstrong%3E%3C%2Fp%3E+%3Cp%3EL%27%C3%A9quipe+Data+Live+Coordinators+de+FORS+sont+l%C3%A0+pour+vous%21+%3C%2Fp%3E+%3Cp%3EParticipez+%C3%A0+%3Cstrong%3EData+Live%3C%2Fstrong%3E%2C+la+session+interactive+de+questions-r%C3%A9ponses+mensuelle%2C+anim%C3%A9e+par+les+experts+des+Services+de+gestion+et+d%E2%80%99archivage+des+donn%C3%A9es+%28DMAS%29+de+FORS.+Que+vous+soyez+confront%C3%A9%C2%B7e+%C3%A0+des+d%C3%A9fis+en+mati%C3%A8re+de+gestion+des+donn%C3%A9es%2C+%C3%A0+des+questions+%C3%A9thiques%2C+ou+que+vous+recherchiez+les+meilleures+pratiques+pour+le+partage+des+donn%C3%A9es%2C+c%E2%80%99est+l%E2%80%99occasion+d%E2%80%99obtenir+des+conseils+d%E2%80%99expert.e.s+en+direct.%3C%2Fp%3E+%3Cp%3E%3Cstrong%3EQue+pouvez-vous+demander+%3F%3C%2Fstrong%3E%3C%2Fp%3E+%3Cp%3ELors+de+ces+Q%26amp%3BA+vous+pouvez+recevoir+des+conseils+sur+un+large+%C3%A9ventail+de+sujets+li%C3%A9s+%C3%A0+la+gestion+et+au+partage+des+donn%C3%A9es+en+sciences+sociales%2C+dans+des+disciplines+telles+que+la+sociologie%2C+la+science+politique%2C+l%27%C3%A9ducation%2C+la+psychologie%2C+l%27%C3%A9conomie%3C%2Fp%3E%28Voir+toute+la+description+de+%C3%A9v%C3%A8nement+ici%C2%A0%3A+https%3A%2F%2Fwp.unil.ch%2Fesspace%2Fevent%2Fdata-live-your-monthly-qa-on-data-management-and-sharing%2F%29&#038;trp=false&#038;ctz=Europe\/Zurich&#038;sprop=website:https:\/\/wp.unil.ch\/esspace\"\n\t\t\t\t\t\t\t\t\t\tclass=\"tribe-events-c-subscribe-dropdown__list-item-link\"\n\t\t\t\t\t\t\t\t\t\ttarget=\"_blank\"\n\t\t\t\t\t\t\t\t\t\trel=\"noopener noreferrer nofollow noindex\"\n\t\t\t\t\t\t\t\t\t>\n\t\t\t\t\t\t\t\t\t\tGoogle Agenda\t\t\t\t\t\t\t\t\t<\/a>\n\t\t\t\t\t\t\t\t<\/li>\n\t\t\t\t\t\t\t\t\t\t\t\t\t\t\t<li class=\"tribe-events-c-subscribe-dropdown__list-item tribe-events-c-subscribe-dropdown__list-item--ical\">\n\t\t\t\t\t\t\t\t\t<a\n\t\t\t\t\t\t\t\t\t\thref=\"\"\n\t\t\t\t\t\t\t\t\t\tclass=\"tribe-events-c-subscribe-dropdown__list-item-link\"\n\t\t\t\t\t\t\t\t\t\ttarget=\"_blank\"\n\t\t\t\t\t\t\t\t\t\trel=\"noopener noreferrer nofollow noindex\"\n\t\t\t\t\t\t\t\t\t>\n\t\t\t\t\t\t\t\t\t\tiCalendar\t\t\t\t\t\t\t\t\t<\/a>\n\t\t\t\t\t\t\t\t<\/li>\n\t\t\t\t\t\t\t\t\t\t\t\t\t\t\t<li class=\"tribe-events-c-subscribe-dropdown__list-item tribe-events-c-subscribe-dropdown__list-item--outlook-365\">\n\t\t\t\t\t\t\t\t\t<a\n\t\t\t\t\t\t\t\t\t\thref=\"\"\n\t\t\t\t\t\t\t\t\t\tclass=\"tribe-events-c-subscribe-dropdown__list-item-link\"\n\t\t\t\t\t\t\t\t\t\ttarget=\"_blank\"\n\t\t\t\t\t\t\t\t\t\trel=\"noopener noreferrer nofollow noindex\"\n\t\t\t\t\t\t\t\t\t>\n\t\t\t\t\t\t\t\t\t\tOutlook 365\t\t\t\t\t\t\t\t\t<\/a>\n\t\t\t\t\t\t\t\t<\/li>\n\t\t\t\t\t\t\t\t\t\t\t\t\t\t\t<li class=\"tribe-events-c-subscribe-dropdown__list-item tribe-events-c-subscribe-dropdown__list-item--outlook-live\">\n\t\t\t\t\t\t\t\t\t<a\n\t\t\t\t\t\t\t\t\t\thref=\"\"\n\t\t\t\t\t\t\t\t\t\tclass=\"tribe-events-c-subscribe-dropdown__list-item-link\"\n\t\t\t\t\t\t\t\t\t\ttarget=\"_blank\"\n\t\t\t\t\t\t\t\t\t\trel=\"noopener noreferrer nofollow noindex\"\n\t\t\t\t\t\t\t\t\t>\n\t\t\t\t\t\t\t\t\t\tOutlook Live\t\t\t\t\t\t\t\t\t<\/a>\n\t\t\t\t\t\t\t\t<\/li>\n\t\t\t\t\t\t\t\t\t\t\t\t\t<\/ul>\n\t\t\t\t\t<\/div>\n\t\t\t\t<\/div>\n\t\t\t<\/div>\n\t\t<\/div>\n\t<\/div>\n\n","protected":false},"excerpt":{"rendered":"<p>Vous avez des questions sur la gestion et le partage de vos donn\u00e9es de recherche en sciences sociales ? L&rsquo;\u00e9quipe Data Live Coordinators de FORS sont l\u00e0 pour vous! Participez &hellip; <\/p>\n","protected":false},"author":1002425,"featured_media":9630,"template":"","meta":{"_seopress_robots_primary_cat":"","_seopress_titles_title":"","_seopress_titles_desc":"","_seopress_robots_index":"","_uag_custom_page_level_css":"","_EventAllDay":false,"_EventTimezone":"Europe\/Zurich","_EventStartDate":"2025-04-10 13:00:00","_EventEndDate":"2025-04-10 14:00:00","_EventStartDateUTC":"2025-04-10 11:00:00","_EventEndDateUTC":"2025-04-10 12:00:00","_EventShowMap":false,"_EventShowMapLink":false,"_EventURL":"","_EventCost":"","_EventCostDescription":"","_EventCurrencySymbol":"$","_EventCurrencyCode":"USD","_EventCurrencyPosition":"prefix","_EventDateTimeSeparator":"@","_EventTimeRangeSeparator":"-","_EventOrganizerID":[],"_EventVenueID":[],"_OrganizerEmail":"","_OrganizerPhone":"","_OrganizerWebsite":"","_VenueAddress":"","_VenueCity":"","_VenueCountry":"","_VenueProvince":"","_VenueState":"","_VenueZip":"","_VenuePhone":"","_VenueURL":"","_VenueStateProvince":"","_VenueLat":"","_VenueLng":"","_VenueShowMap":false,"_VenueShowMapLink":false,"_tribe_events_status":"","_tribe_events_status_reason":"","footnotes":""},"tags":[],"tribe_events_cat":[19484],"class_list":["post-9629","tribe_events","type-tribe_events","status-publish","has-post-thumbnail","tribe_events_cat-formations","cat_formations"],"uagb_featured_image_src":{"full":["https:\/\/wp.unil.ch\/esspace\/files\/2025\/04\/capture-decran-2025-04-08-a-13.47.30.png",620,421,false],"thumbnail":["https:\/\/wp.unil.ch\/esspace\/files\/2025\/04\/capture-decran-2025-04-08-a-13.47.30-150x150.png",150,150,true],"medium":["https:\/\/wp.unil.ch\/esspace\/files\/2025\/04\/capture-decran-2025-04-08-a-13.47.30-300x204.png",300,204,true],"medium_large":["https:\/\/wp.unil.ch\/esspace\/files\/2025\/04\/capture-decran-2025-04-08-a-13.47.30.png",620,421,false],"large":["https:\/\/wp.unil.ch\/esspace\/files\/2025\/04\/capture-decran-2025-04-08-a-13.47.30.png",620,421,false],"1536x1536":["https:\/\/wp.unil.ch\/esspace\/files\/2025\/04\/capture-decran-2025-04-08-a-13.47.30.png",620,421,false],"2048x2048":["https:\/\/wp.unil.ch\/esspace\/files\/2025\/04\/capture-decran-2025-04-08-a-13.47.30.png",620,421,false],"hitmag-landscape":["https:\/\/wp.unil.ch\/esspace\/files\/2025\/04\/capture-decran-2025-04-08-a-13.47.30.png",620,421,false],"hitmag-featured":["https:\/\/wp.unil.ch\/esspace\/files\/2025\/04\/capture-decran-2025-04-08-a-13.47.30-620x400.png",620,400,true],"hitmag-grid":["https:\/\/wp.unil.ch\/esspace\/files\/2025\/04\/capture-decran-2025-04-08-a-13.47.30-348x215.png",348,215,true],"hitmag-list":["https:\/\/wp.unil.ch\/esspace\/files\/2025\/04\/capture-decran-2025-04-08-a-13.47.30-290x220.png",290,220,true],"hitmag-thumbnail":["https:\/\/wp.unil.ch\/esspace\/files\/2025\/04\/capture-decran-2025-04-08-a-13.47.30-135x93.png",135,93,true],"gform-image-choice-sm":["https:\/\/wp.unil.ch\/esspace\/files\/2025\/04\/capture-decran-2025-04-08-a-13.47.30.png",300,204,false],"gform-image-choice-md":["https:\/\/wp.unil.ch\/esspace\/files\/2025\/04\/capture-decran-2025-04-08-a-13.47.30.png",400,272,false],"gform-image-choice-lg":["https:\/\/wp.unil.ch\/esspace\/files\/2025\/04\/capture-decran-2025-04-08-a-13.47.30.png",600,407,false],"mailpoet_newsletter_max":["https:\/\/wp.unil.ch\/esspace\/files\/2025\/04\/capture-decran-2025-04-08-a-13.47.30.png",620,421,false]},"uagb_author_info":{"display_name":"Ellina Mourtazina","author_link":"https:\/\/wp.unil.ch\/esspace\/author\/emourtaz\/"},"uagb_comment_info":0,"uagb_excerpt":"Vous avez des questions sur la gestion et le partage de vos donn\u00e9es de recherche en sciences sociales ? L&rsquo;\u00e9quipe Data Live Coordinators de FORS sont l\u00e0 pour vous! Participez &hellip;","_links":{"self":[{"href":"https:\/\/wp.unil.ch\/esspace\/wp-json\/wp\/v2\/tribe_events\/9629","targetHints":{"allow":["GET"]}}],"collection":[{"href":"https:\/\/wp.unil.ch\/esspace\/wp-json\/wp\/v2\/tribe_events"}],"about":[{"href":"https:\/\/wp.unil.ch\/esspace\/wp-json\/wp\/v2\/types\/tribe_events"}],"author":[{"embeddable":true,"href":"https:\/\/wp.unil.ch\/esspace\/wp-json\/wp\/v2\/users\/1002425"}],"version-history":[{"count":2,"href":"https:\/\/wp.unil.ch\/esspace\/wp-json\/wp\/v2\/tribe_events\/9629\/revisions"}],"predecessor-version":[{"id":9632,"href":"https:\/\/wp.unil.ch\/esspace\/wp-json\/wp\/v2\/tribe_events\/9629\/revisions\/9632"}],"wp:featuredmedia":[{"embeddable":true,"href":"https:\/\/wp.unil.ch\/esspace\/wp-json\/wp\/v2\/media\/9630"}],"wp:attachment":[{"href":"https:\/\/wp.unil.ch\/esspace\/wp-json\/wp\/v2\/media?parent=9629"}],"wp:term":[{"taxonomy":"post_tag","embeddable":true,"href":"https:\/\/wp.unil.ch\/esspace\/wp-json\/wp\/v2\/tags?post=9629"},{"taxonomy":"tribe_events_cat","embeddable":true,"href":"https:\/\/wp.unil.ch\/esspace\/wp-json\/wp\/v2\/tribe_events_cat?post=9629"}],"curies":[{"name":"wp","href":"https:\/\/api.w.org\/{rel}","templated":true}]}}