{"id":9610,"date":"2025-03-06T14:07:19","date_gmt":"2025-03-06T13:07:19","guid":{"rendered":"https:\/\/wp.unil.ch\/esspace\/?post_type=tribe_events&#038;p=9610"},"modified":"2025-03-06T14:07:21","modified_gmt":"2025-03-06T13:07:21","slug":"national-event-on-opportunities-in-health-cluster-1-horizon-europe","status":"publish","type":"tribe_events","link":"https:\/\/wp.unil.ch\/esspace\/event\/national-event-on-opportunities-in-health-cluster-1-horizon-europe\/","title":{"rendered":"National Event on Opportunities in Health Cluster 1 Horizon Europe"},"content":{"rendered":"<div  class=\"tribe-events-schedule tribe-clearfix\" >\n\t<p class=\"tribe-events-schedule__datetime\">\n\t\t<span class=\"tribe-events-schedule__date tribe-events-schedule__date--start\">\n\t\t\tmai 15, 2025\t\t<\/span>\n\n\t\t\t\t\t<span class=\"tribe-events-schedule__separator tribe-events-schedule__separator--date\">\n\t\t\t\t@\t\t\t<\/span>\n\t\t\t<span class=\"tribe-events-schedule__time tribe-events-schedule__time--start\">\n\t\t\t\t13:30\t\t\t<\/span>\n\t\t\n\t\t\t\t\t\t\t\t\t<span class=\"tribe-events-schedule__separator tribe-events-schedule__separator--time\">\n\t\t\t\t\t&#8211;\t\t\t\t<\/span>\n\t\t\t\n\t\t\t\t\t\t\t<span class=\"tribe-events-schedule__time tribe-events-schedule__time--end\">\n\t\t\t\t\t17:00\t\t\t\t<\/span>\n\t\t\t\n\t\t\t\t\t\t<\/p>\n<\/div>\n\n\n\n<p>ChatGPT a dit&nbsp;:<\/p>\n\n\n\n<p>Cet \u00e9v\u00e9nement s&rsquo;adresse aux scientifiques et innovateur\u00b7trices en Suisse int\u00e9ress\u00e9\u00b7e\u00b7s par les opportunit\u00e9s de financement en sant\u00e9 de Horizon Europe pour 2025. Les programmes Horizon Europe suivants seront pr\u00e9sent\u00e9s : Cluster Sant\u00e9 1, Mission Cancer, Initiative Sant\u00e9 Innovante (IHI), EDCTP3 &#8211; Initiative Mondiale de Sant\u00e9 et EIT Health. Des informations seront fournies sur la mani\u00e8re dont les travaux cliniques doivent \u00eatre soumis et sur les outils de soutien disponibles lors de la pr\u00e9paration des propositions.<\/p>\n\n\n\n<p>Pendant cet \u00e9v\u00e9nement, des discussions seront propos\u00e9es autour d&rsquo;id\u00e9e de projets. Il s&rsquo;agira d&rsquo;\u00e9valuer la correspondance avec un appel sp\u00e9cifique et de la meilleure mani\u00e8re de l&rsquo;aligner avec cet appel.<\/p>\n\n\n\n<p>Pour r\u00e9server une rencontre bilat\u00e9rale de 20 minutes pour la v\u00e9rification de l&rsquo;id\u00e9e de projet, il est demand\u00e9 d&rsquo;envoyer un e-mail \u00e0 <a>health@euresearch.ch<\/a>.<\/p>\n\n\n\n<p>Inscription, <a href=\"https:\/\/www.euresearch.ch\/en\/our-services\/inform\/events\/national-event-on-opportunities-in-health-cluster-1-horizon-europe-1254.html?date=872\">ICI<\/a><\/p>\n\n\n<div  class=\"tribe-block tribe-block__event-price\" >\n\t\t<\/div>\n\n\n\n\n<div  class=\"tribe-block tribe-block__venue tribe-clearfix\" >\n\t\n\t\t\n\t<\/div>\n\n\n\n\n\t<div  class=\"tribe-block tribe-block__events-link\" >\n\t\t<div class=\"tribe-events tribe-common\">\n\t\t\t<div class=\"tribe-events-c-subscribe-dropdown__container\">\n\t\t\t\t<div class=\"tribe-events-c-subscribe-dropdown\">\n\t\t\t\t\t<div class=\"tribe-common-c-btn-border tribe-events-c-subscribe-dropdown__button\">\n\t\t\t\t\t\t<svg\n\t class=\"tribe-common-c-svgicon tribe-common-c-svgicon--cal-export tribe-events-c-subscribe-dropdown__export-icon\" \taria-hidden=\"true\"\n\tviewBox=\"0 0 23 17\"\n\txmlns=\"http:\/\/www.w3.org\/2000\/svg\"\n>\n\t<path fill-rule=\"evenodd\" clip-rule=\"evenodd\" d=\"M.128.896V16.13c0 .211.145.383.323.383h15.354c.179 0 .323-.172.323-.383V.896c0-.212-.144-.383-.323-.383H.451C.273.513.128.684.128.896Zm16 6.742h-.901V4.679H1.009v10.729h14.218v-3.336h.901V7.638ZM1.01 1.614h14.218v2.058H1.009V1.614Z\" \/>\n\t<path d=\"M20.5 9.846H8.312M18.524 6.953l2.89 2.909-2.855 2.855\" stroke-width=\"1.2\" stroke-linecap=\"round\" stroke-linejoin=\"round\"\/>\n<\/svg>\n\t\t\t\t\t\t<button\n\t\t\t\t\t\t\tclass=\"tribe-events-c-subscribe-dropdown__button-text\"\n\t\t\t\t\t\t\taria-expanded=\"false\"\n\t\t\t\t\t\t\taria-controls=\"tribe-events-subscribe-dropdown-content\"\n\t\t\t\t\t\t\taria-label=\"Afficher les liens permettant d\u2019ajouter des \u00e9v\u00e8nements \u00e0 votre calendrier\"\n\t\t\t\t\t\t>\n\t\t\t\t\t\t\tAjouter au calendrier\t\t\t\t\t\t<\/button>\n\t\t\t\t\t\t<svg\n\t class=\"tribe-common-c-svgicon tribe-common-c-svgicon--caret-down tribe-events-c-subscribe-dropdown__button-icon\" \taria-hidden=\"true\"\n\tviewBox=\"0 0 10 7\"\n\txmlns=\"http:\/\/www.w3.org\/2000\/svg\"\n>\n\t<path fill-rule=\"evenodd\" clip-rule=\"evenodd\" d=\"M1.008.609L5 4.6 8.992.61l.958.958L5 6.517.05 1.566l.958-.958z\" class=\"tribe-common-c-svgicon__svg-fill\"\/>\n<\/svg>\n\t\t\t\t\t<\/div>\n\t\t\t\t\t<div id=\"tribe-events-subscribe-dropdown-content\" class=\"tribe-events-c-subscribe-dropdown__content\">\n\t\t\t\t\t\t<ul class=\"tribe-events-c-subscribe-dropdown__list\">\n\t\t\t\t\t\t\t\t\t\t\t\t\t\t\t<li class=\"tribe-events-c-subscribe-dropdown__list-item tribe-events-c-subscribe-dropdown__list-item--gcal\">\n\t\t\t\t\t\t\t\t\t<a\n\t\t\t\t\t\t\t\t\t\thref=\"https:\/\/www.google.com\/calendar\/event?action=TEMPLATE&#038;dates=20250515T133000\/20250515T170000&#038;text=National%20Event%20on%20Opportunities%20in%20Health%20Cluster%201%20Horizon%20Europe&#038;details=%3Cp%3EChatGPT+a+dit%26nbsp%3B%3A%3C%2Fp%3E+%3Cp%3ECet+%C3%A9v%C3%A9nement+s%27adresse+aux+scientifiques+et+innovateur%C2%B7trices+en+Suisse+int%C3%A9ress%C3%A9%C2%B7e%C2%B7s+par+les+opportunit%C3%A9s+de+financement+en+sant%C3%A9+de+Horizon+Europe+pour+2025.+Les+programmes+Horizon+Europe+suivants+seront+pr%C3%A9sent%C3%A9s+%3A+Cluster+Sant%C3%A9+1%2C+Mission+Cancer%2C+Initiative+Sant%C3%A9+Innovante+%28IHI%29%2C+EDCTP3+-+Initiative+Mondiale+de+Sant%C3%A9+et+EIT+Health.+Des+informations+seront+fournies+sur+la+mani%C3%A8re+dont+les+travaux+cliniques+doivent+%C3%AAtre+soumis+et+sur+les+outils+de+soutien+disponibles+lors+de+la+pr%C3%A9paration+des+propositions.%3C%2Fp%3E+%3Cp%3EPendant+cet+%C3%A9v%C3%A9nement%2C+des+discussions+seront+propos%C3%A9es+autour+d%27id%C3%A9e+de+projets.+Il+s%27agira+d%27%C3%A9valuer+la+correspondance+avec+un+appel+sp%C3%A9cifique+et+de+la+meilleure+mani%C3%A8re+de+l%27aligner+avec+cet+appel.%3C%2Fp%3E+%3Cp%3EPour+r%C3%A9server+une+rencontre+bilat%C3%A9rale+de+20+minutes+pour+la+v%C3%A9rification+de+l%27id%C3%A9e+de+projet%2C+il+est+demand%C3%A9+d%27envoyer+un+e-mail+%C3%A0+%3Ca%3Ehealth%40euresearch.ch%3C%2Fa%3E.%3C%2Fp%3E+%3Cp%3EInscription%2C+%3Ca+%3C%2Fp%3E%28Voir+toute+la+description+de+%C3%A9v%C3%A8nement+ici%C2%A0%3A+https%3A%2F%2Fwp.unil.ch%2Fesspace%2Fevent%2Fnational-event-on-opportunities-in-health-cluster-1-horizon-europe%2F%29&#038;trp=false&#038;ctz=Europe\/Zurich&#038;sprop=website:https:\/\/wp.unil.ch\/esspace\"\n\t\t\t\t\t\t\t\t\t\tclass=\"tribe-events-c-subscribe-dropdown__list-item-link\"\n\t\t\t\t\t\t\t\t\t\ttarget=\"_blank\"\n\t\t\t\t\t\t\t\t\t\trel=\"noopener noreferrer nofollow noindex\"\n\t\t\t\t\t\t\t\t\t>\n\t\t\t\t\t\t\t\t\t\tGoogle Agenda\t\t\t\t\t\t\t\t\t<\/a>\n\t\t\t\t\t\t\t\t<\/li>\n\t\t\t\t\t\t\t\t\t\t\t\t\t\t\t<li class=\"tribe-events-c-subscribe-dropdown__list-item tribe-events-c-subscribe-dropdown__list-item--ical\">\n\t\t\t\t\t\t\t\t\t<a\n\t\t\t\t\t\t\t\t\t\thref=\"\"\n\t\t\t\t\t\t\t\t\t\tclass=\"tribe-events-c-subscribe-dropdown__list-item-link\"\n\t\t\t\t\t\t\t\t\t\ttarget=\"_blank\"\n\t\t\t\t\t\t\t\t\t\trel=\"noopener noreferrer nofollow noindex\"\n\t\t\t\t\t\t\t\t\t>\n\t\t\t\t\t\t\t\t\t\tiCalendar\t\t\t\t\t\t\t\t\t<\/a>\n\t\t\t\t\t\t\t\t<\/li>\n\t\t\t\t\t\t\t\t\t\t\t\t\t\t\t<li class=\"tribe-events-c-subscribe-dropdown__list-item tribe-events-c-subscribe-dropdown__list-item--outlook-365\">\n\t\t\t\t\t\t\t\t\t<a\n\t\t\t\t\t\t\t\t\t\thref=\"\"\n\t\t\t\t\t\t\t\t\t\tclass=\"tribe-events-c-subscribe-dropdown__list-item-link\"\n\t\t\t\t\t\t\t\t\t\ttarget=\"_blank\"\n\t\t\t\t\t\t\t\t\t\trel=\"noopener noreferrer nofollow noindex\"\n\t\t\t\t\t\t\t\t\t>\n\t\t\t\t\t\t\t\t\t\tOutlook 365\t\t\t\t\t\t\t\t\t<\/a>\n\t\t\t\t\t\t\t\t<\/li>\n\t\t\t\t\t\t\t\t\t\t\t\t\t\t\t<li class=\"tribe-events-c-subscribe-dropdown__list-item tribe-events-c-subscribe-dropdown__list-item--outlook-live\">\n\t\t\t\t\t\t\t\t\t<a\n\t\t\t\t\t\t\t\t\t\thref=\"\"\n\t\t\t\t\t\t\t\t\t\tclass=\"tribe-events-c-subscribe-dropdown__list-item-link\"\n\t\t\t\t\t\t\t\t\t\ttarget=\"_blank\"\n\t\t\t\t\t\t\t\t\t\trel=\"noopener noreferrer nofollow noindex\"\n\t\t\t\t\t\t\t\t\t>\n\t\t\t\t\t\t\t\t\t\tOutlook Live\t\t\t\t\t\t\t\t\t<\/a>\n\t\t\t\t\t\t\t\t<\/li>\n\t\t\t\t\t\t\t\t\t\t\t\t\t<\/ul>\n\t\t\t\t\t<\/div>\n\t\t\t\t<\/div>\n\t\t\t<\/div>\n\t\t<\/div>\n\t<\/div>\n\n","protected":false},"excerpt":{"rendered":"<p>ChatGPT a dit&nbsp;: Cet \u00e9v\u00e9nement s&rsquo;adresse aux scientifiques et innovateur\u00b7trices en Suisse int\u00e9ress\u00e9\u00b7e\u00b7s par les opportunit\u00e9s de financement en sant\u00e9 de Horizon Europe pour 2025. Les programmes Horizon Europe suivants &hellip; <\/p>\n","protected":false},"author":1002425,"featured_media":7811,"template":"","meta":{"_seopress_robots_primary_cat":"","_seopress_titles_title":"","_seopress_titles_desc":"","_seopress_robots_index":"","_uag_custom_page_level_css":"","_EventAllDay":false,"_EventTimezone":"Europe\/Zurich","_EventStartDate":"2025-05-15 13:30:00","_EventEndDate":"2025-05-15 17:00:00","_EventStartDateUTC":"2025-05-15 11:30:00","_EventEndDateUTC":"2025-05-15 15:00:00","_EventShowMap":false,"_EventShowMapLink":false,"_EventURL":"","_EventCost":"","_EventCostDescription":"","_EventCurrencySymbol":"$","_EventCurrencyCode":"USD","_EventCurrencyPosition":"prefix","_EventDateTimeSeparator":"@","_EventTimeRangeSeparator":"-","_EventOrganizerID":[],"_EventVenueID":[],"_OrganizerEmail":"","_OrganizerPhone":"","_OrganizerWebsite":"","_VenueAddress":"","_VenueCity":"","_VenueCountry":"","_VenueProvince":"","_VenueState":"","_VenueZip":"","_VenuePhone":"","_VenueURL":"","_VenueStateProvince":"","_VenueLat":"","_VenueLng":"","_VenueShowMap":false,"_VenueShowMapLink":false,"_tribe_events_status":"","_tribe_events_status_reason":"","footnotes":""},"tags":[],"tribe_events_cat":[19479,19484],"class_list":["post-9610","tribe_events","type-tribe_events","status-publish","has-post-thumbnail","tribe_events_cat-fonds-europeens","tribe_events_cat-formations","cat_fonds-europeens","cat_formations"],"uagb_featured_image_src":{"full":["https:\/\/wp.unil.ch\/esspace\/files\/2023\/05\/Reference-1-1.jpg",1600,1200,false],"thumbnail":["https:\/\/wp.unil.ch\/esspace\/files\/2023\/05\/Reference-1-1-150x150.jpg",150,150,true],"medium":["https:\/\/wp.unil.ch\/esspace\/files\/2023\/05\/Reference-1-1-300x225.jpg",300,225,true],"medium_large":["https:\/\/wp.unil.ch\/esspace\/files\/2023\/05\/Reference-1-1-768x576.jpg",735,551,true],"large":["https:\/\/wp.unil.ch\/esspace\/files\/2023\/05\/Reference-1-1-1024x768.jpg",735,551,true],"1536x1536":["https:\/\/wp.unil.ch\/esspace\/files\/2023\/05\/Reference-1-1-1536x1152.jpg",1536,1152,true],"2048x2048":["https:\/\/wp.unil.ch\/esspace\/files\/2023\/05\/Reference-1-1.jpg",1600,1200,false],"hitmag-landscape":["https:\/\/wp.unil.ch\/esspace\/files\/2023\/05\/Reference-1-1-1120x450.jpg",1120,450,true],"hitmag-featured":["https:\/\/wp.unil.ch\/esspace\/files\/2023\/05\/Reference-1-1-735x400.jpg",735,400,true],"hitmag-grid":["https:\/\/wp.unil.ch\/esspace\/files\/2023\/05\/Reference-1-1-348x215.jpg",348,215,true],"hitmag-list":["https:\/\/wp.unil.ch\/esspace\/files\/2023\/05\/Reference-1-1-290x220.jpg",290,220,true],"hitmag-thumbnail":["https:\/\/wp.unil.ch\/esspace\/files\/2023\/05\/Reference-1-1-135x93.jpg",135,93,true],"gform-image-choice-sm":["https:\/\/wp.unil.ch\/esspace\/files\/2023\/05\/Reference-1-1.jpg",300,225,false],"gform-image-choice-md":["https:\/\/wp.unil.ch\/esspace\/files\/2023\/05\/Reference-1-1.jpg",400,300,false],"gform-image-choice-lg":["https:\/\/wp.unil.ch\/esspace\/files\/2023\/05\/Reference-1-1.jpg",600,450,false],"mailpoet_newsletter_max":["https:\/\/wp.unil.ch\/esspace\/files\/2023\/05\/Reference-1-1-1320x990.jpg",1320,990,true]},"uagb_author_info":{"display_name":"Ellina Mourtazina","author_link":"https:\/\/wp.unil.ch\/esspace\/author\/emourtaz\/"},"uagb_comment_info":0,"uagb_excerpt":"ChatGPT a dit&nbsp;: Cet \u00e9v\u00e9nement s&rsquo;adresse aux scientifiques et innovateur\u00b7trices en Suisse int\u00e9ress\u00e9\u00b7e\u00b7s par les opportunit\u00e9s de financement en sant\u00e9 de Horizon Europe pour 2025. Les programmes Horizon Europe suivants &hellip;","_links":{"self":[{"href":"https:\/\/wp.unil.ch\/esspace\/wp-json\/wp\/v2\/tribe_events\/9610","targetHints":{"allow":["GET"]}}],"collection":[{"href":"https:\/\/wp.unil.ch\/esspace\/wp-json\/wp\/v2\/tribe_events"}],"about":[{"href":"https:\/\/wp.unil.ch\/esspace\/wp-json\/wp\/v2\/types\/tribe_events"}],"author":[{"embeddable":true,"href":"https:\/\/wp.unil.ch\/esspace\/wp-json\/wp\/v2\/users\/1002425"}],"version-history":[{"count":1,"href":"https:\/\/wp.unil.ch\/esspace\/wp-json\/wp\/v2\/tribe_events\/9610\/revisions"}],"predecessor-version":[{"id":9611,"href":"https:\/\/wp.unil.ch\/esspace\/wp-json\/wp\/v2\/tribe_events\/9610\/revisions\/9611"}],"wp:featuredmedia":[{"embeddable":true,"href":"https:\/\/wp.unil.ch\/esspace\/wp-json\/wp\/v2\/media\/7811"}],"wp:attachment":[{"href":"https:\/\/wp.unil.ch\/esspace\/wp-json\/wp\/v2\/media?parent=9610"}],"wp:term":[{"taxonomy":"post_tag","embeddable":true,"href":"https:\/\/wp.unil.ch\/esspace\/wp-json\/wp\/v2\/tags?post=9610"},{"taxonomy":"tribe_events_cat","embeddable":true,"href":"https:\/\/wp.unil.ch\/esspace\/wp-json\/wp\/v2\/tribe_events_cat?post=9610"}],"curies":[{"name":"wp","href":"https:\/\/api.w.org\/{rel}","templated":true}]}}