{"id":9523,"date":"2025-01-28T11:44:47","date_gmt":"2025-01-28T10:44:47","guid":{"rendered":"https:\/\/wp.unil.ch\/esspace\/?post_type=tribe_events&#038;p=9523"},"modified":"2025-01-28T13:57:19","modified_gmt":"2025-01-28T12:57:19","slug":"programme-germaine-de-stael-pour-la-collaboration-scientifique-entre-la-suisse-et-la-france","status":"publish","type":"tribe_events","link":"https:\/\/wp.unil.ch\/esspace\/event\/programme-germaine-de-stael-pour-la-collaboration-scientifique-entre-la-suisse-et-la-france\/","title":{"rendered":"Programme Germaine de Sta\u00ebl pour la collaboration scientifique entre la Suisse et la France"},"content":{"rendered":"<div  class=\"tribe-events-schedule tribe-clearfix\" >\n\t<p class=\"tribe-events-schedule__datetime\">\n\t\t<span class=\"tribe-events-schedule__date tribe-events-schedule__date--start\">\n\t\t\tmai 15, 2025\t\t<\/span>\n\n\t\t\t\t\t<span class=\"tribe-events-schedule__separator tribe-events-schedule__separator--date\">\n\t\t\t\t@\t\t\t<\/span>\n\t\t\t<span class=\"tribe-events-schedule__time tribe-events-schedule__time--start\">\n\t\t\t\t8:00\t\t\t<\/span>\n\t\t\n\t\t\t\t\t\t\t\t\t<span class=\"tribe-events-schedule__separator tribe-events-schedule__separator--time\">\n\t\t\t\t\t&#8211;\t\t\t\t<\/span>\n\t\t\t\n\t\t\t\t\t\t\t<span class=\"tribe-events-schedule__time tribe-events-schedule__time--end\">\n\t\t\t\t\t17:00\t\t\t\t<\/span>\n\t\t\t\n\t\t\t\t\t\t<\/p>\n<\/div>\n\n\n\n<p>Le programme \u00ab Germaine de Sta\u00ebl \u00bb vise \u00e0 promouvoir la collaboration scientifique entre la Suisse et la France, en couvrant les frais de transport et d\u2019h\u00e9bergement lors de missions courtes de moins d&rsquo;un mois li\u00e9s aux d\u00e9placements ponctuels, notamment de jeunes chercheurs et chercheuses, dans le cadre de projets scientifiques communs. Ouvert \u00e0 toutes les disciplines de recherche y compris les SHS, ce programme alloue jusqu\u2019\u00e0 4\u2019500 CHF par an pour l&rsquo;\u00e9quipe suisse (avec possibilit\u00e9 de renouvellement une fois).<\/p>\n\n\n\n<p>Pour candidater, un partenariat de recherche avec une \u00e9quipe fran\u00e7aise doit \u00eatre \u00e9tabli au moment du d\u00e9p\u00f4t de la demande. Par ailleurs, le partenaire fran\u00e7ais doit simultan\u00e9ment soumettre son dossier aupr\u00e8s de Campus France, l\u2019organisme en charge du programme en France.<\/p>\n\n\n\n<p>Les projets peuvent \u00eatre d\u00e9pos\u00e9s <strong>en fran\u00e7ais ou en anglais.<\/strong><br>Les projets ayant d\u00e9j\u00e0 b\u00e9n\u00e9fici\u00e9 d\u2019un soutien dans le cadre de ce programme ne sont pas recevables pour une nouvelle candidature imm\u00e9diatement apr\u00e8s leur ach\u00e8vement.<\/p>\n\n\n\n<p><strong>Crit\u00e8res de s\u00e9lection<\/strong><\/p>\n\n\n\n<ul class=\"wp-block-list\">\n<li>S\u2019il s\u2019agit d\u2019une nouvelle collaboration avec l\u2019\u00e9quipe partenaire ou non<\/li>\n\n\n\n<li>La qualit\u00e9 scientifique du projet<\/li>\n\n\n\n<li>Les comp\u00e9tences scientifiques des \u00e9quipes<\/li>\n\n\n\n<li>La participation active et la mobilit\u00e9 de\u00a0jeunes chercheurs, en particulier doctorants ou post-doctorants<\/li>\n\n\n\n<li>L\u2019int\u00e9r\u00eat de la coop\u00e9ration et la compl\u00e9mentarit\u00e9 des \u00e9quipes fran\u00e7aises et \u00e9trang\u00e8res<\/li>\n\n\n\n<li>Les perspectives de structuration ou de valorisation du projet<\/li>\n\n\n\n<li>Les r\u00e9sultats scientifiques (et industriels le cas \u00e9ch\u00e9ant) attendus<\/li>\n\n\n\n<li>Les autres financements europ\u00e9ens (Horizon 2020, Marie Sklodowska-Curie, COST) dont disposent d\u00e9j\u00e0 l\u2019\u00e9quipe<\/li>\n<\/ul>\n\n\n\n<p>Plus d\u2019information sur le site web d\u00e9di\u00e9,<strong><a href=\"https:\/\/www.satw.ch\/fr\/foerderung\/germaine-de-stael\/\"> ici<\/a><\/strong><\/p>\n\n\n<div  class=\"tribe-block tribe-block__event-price\" >\n\t\t<\/div>\n\n\n\n\n<div  class=\"tribe-block tribe-block__venue tribe-clearfix\" >\n\t\n\t\t\n\t<\/div>\n\n\n\n\n\t<div  class=\"tribe-block tribe-block__events-link\" >\n\t\t<div class=\"tribe-events tribe-common\">\n\t\t\t<div class=\"tribe-events-c-subscribe-dropdown__container\">\n\t\t\t\t<div class=\"tribe-events-c-subscribe-dropdown\">\n\t\t\t\t\t<div class=\"tribe-common-c-btn-border tribe-events-c-subscribe-dropdown__button\">\n\t\t\t\t\t\t<svg\n\t class=\"tribe-common-c-svgicon tribe-common-c-svgicon--cal-export tribe-events-c-subscribe-dropdown__export-icon\" \taria-hidden=\"true\"\n\tviewBox=\"0 0 23 17\"\n\txmlns=\"http:\/\/www.w3.org\/2000\/svg\"\n>\n\t<path fill-rule=\"evenodd\" clip-rule=\"evenodd\" d=\"M.128.896V16.13c0 .211.145.383.323.383h15.354c.179 0 .323-.172.323-.383V.896c0-.212-.144-.383-.323-.383H.451C.273.513.128.684.128.896Zm16 6.742h-.901V4.679H1.009v10.729h14.218v-3.336h.901V7.638ZM1.01 1.614h14.218v2.058H1.009V1.614Z\" \/>\n\t<path d=\"M20.5 9.846H8.312M18.524 6.953l2.89 2.909-2.855 2.855\" stroke-width=\"1.2\" stroke-linecap=\"round\" stroke-linejoin=\"round\"\/>\n<\/svg>\n\t\t\t\t\t\t<button\n\t\t\t\t\t\t\tclass=\"tribe-events-c-subscribe-dropdown__button-text\"\n\t\t\t\t\t\t\taria-expanded=\"false\"\n\t\t\t\t\t\t\taria-controls=\"tribe-events-subscribe-dropdown-content\"\n\t\t\t\t\t\t\taria-label=\"Afficher les liens permettant d\u2019ajouter des \u00e9v\u00e8nements \u00e0 votre calendrier\"\n\t\t\t\t\t\t>\n\t\t\t\t\t\t\tAjouter au calendrier\t\t\t\t\t\t<\/button>\n\t\t\t\t\t\t<svg\n\t class=\"tribe-common-c-svgicon tribe-common-c-svgicon--caret-down tribe-events-c-subscribe-dropdown__button-icon\" \taria-hidden=\"true\"\n\tviewBox=\"0 0 10 7\"\n\txmlns=\"http:\/\/www.w3.org\/2000\/svg\"\n>\n\t<path fill-rule=\"evenodd\" clip-rule=\"evenodd\" d=\"M1.008.609L5 4.6 8.992.61l.958.958L5 6.517.05 1.566l.958-.958z\" class=\"tribe-common-c-svgicon__svg-fill\"\/>\n<\/svg>\n\t\t\t\t\t<\/div>\n\t\t\t\t\t<div id=\"tribe-events-subscribe-dropdown-content\" class=\"tribe-events-c-subscribe-dropdown__content\">\n\t\t\t\t\t\t<ul class=\"tribe-events-c-subscribe-dropdown__list\">\n\t\t\t\t\t\t\t\t\t\t\t\t\t\t\t<li class=\"tribe-events-c-subscribe-dropdown__list-item tribe-events-c-subscribe-dropdown__list-item--gcal\">\n\t\t\t\t\t\t\t\t\t<a\n\t\t\t\t\t\t\t\t\t\thref=\"https:\/\/www.google.com\/calendar\/event?action=TEMPLATE&#038;dates=20250515T080000\/20250515T170000&#038;text=Programme%20Germaine%20de%20Sta%C3%ABl%20pour%20la%20collaboration%20scientifique%20entre%20la%20Suisse%20et%20la%20France&#038;details=%3Cp%3ELe+programme+%C2%AB+Germaine+de+Sta%C3%ABl+%C2%BB+vise+%C3%A0+promouvoir+la+collaboration+scientifique+entre+la+Suisse+et+la+France%2C+en+couvrant+les+frais+de+transport+et+d%E2%80%99h%C3%A9bergement+lors+de+missions+courtes+de+moins+d%27un+mois+li%C3%A9s+aux+d%C3%A9placements+ponctuels%2C+notamment+de+jeunes+chercheurs+et+chercheuses%2C+dans+le+cadre+de+projets+scientifiques+communs.+Ouvert+%C3%A0+toutes+les+disciplines+de+recherche+y+compris+les+SHS%2C+ce+programme+alloue+jusqu%E2%80%99%C3%A0+4%E2%80%99500+CHF+par+an+pour+l%27%C3%A9quipe+suisse+%28avec+possibilit%C3%A9+de+renouvellement+une+fois%29.%3C%2Fp%3E+%3Cp%3EPour+candidater%2C+un+partenariat+de+recherche+avec+une+%C3%A9quipe+fran%C3%A7aise+doit+%C3%AAtre+%C3%A9tabli+au+moment+du+d%C3%A9p%C3%B4t+de+la+demande.+Par+ailleurs%2C+le+partenaire+fran%C3%A7ais+doit+simultan%C3%A9ment+soumettre+son+dossier+aupr%C3%A8s+de+Campus+France%2C+l%E2%80%99organisme+en+charge+du+programme+en+France.%3C%2Fp%3E+%3Cp%3ELes+projets+peuvent+%C3%AAtre+d%C3%A9pos%C3%A9s+%3Cstrong%3Een+fran%C3%A7ais+ou+en+anglais.%3C%2Fstrong%3E%3Cbr+%2F%3ELes+projets+ayant+d%C3%A9j%C3%A0+b%C3%A9n%C3%A9fici%C3%A9+d%E2%80%99un+soutien+dans+le+cadre+de+c%3C%2Fp%3E%28Voir+toute+la+description+de+%C3%A9v%C3%A8nement+ici%C2%A0%3A+https%3A%2F%2Fwp.unil.ch%2Fesspace%2Fevent%2Fprogramme-germaine-de-stael-pour-la-collaboration-scientifique-entre-la-suisse-et-la-france%2F%29&#038;trp=false&#038;ctz=Europe\/Zurich&#038;sprop=website:https:\/\/wp.unil.ch\/esspace\"\n\t\t\t\t\t\t\t\t\t\tclass=\"tribe-events-c-subscribe-dropdown__list-item-link\"\n\t\t\t\t\t\t\t\t\t\ttarget=\"_blank\"\n\t\t\t\t\t\t\t\t\t\trel=\"noopener noreferrer nofollow noindex\"\n\t\t\t\t\t\t\t\t\t>\n\t\t\t\t\t\t\t\t\t\tGoogle Agenda\t\t\t\t\t\t\t\t\t<\/a>\n\t\t\t\t\t\t\t\t<\/li>\n\t\t\t\t\t\t\t\t\t\t\t\t\t\t\t<li class=\"tribe-events-c-subscribe-dropdown__list-item tribe-events-c-subscribe-dropdown__list-item--ical\">\n\t\t\t\t\t\t\t\t\t<a\n\t\t\t\t\t\t\t\t\t\thref=\"\"\n\t\t\t\t\t\t\t\t\t\tclass=\"tribe-events-c-subscribe-dropdown__list-item-link\"\n\t\t\t\t\t\t\t\t\t\ttarget=\"_blank\"\n\t\t\t\t\t\t\t\t\t\trel=\"noopener noreferrer nofollow noindex\"\n\t\t\t\t\t\t\t\t\t>\n\t\t\t\t\t\t\t\t\t\tiCalendar\t\t\t\t\t\t\t\t\t<\/a>\n\t\t\t\t\t\t\t\t<\/li>\n\t\t\t\t\t\t\t\t\t\t\t\t\t\t\t<li class=\"tribe-events-c-subscribe-dropdown__list-item tribe-events-c-subscribe-dropdown__list-item--outlook-365\">\n\t\t\t\t\t\t\t\t\t<a\n\t\t\t\t\t\t\t\t\t\thref=\"\"\n\t\t\t\t\t\t\t\t\t\tclass=\"tribe-events-c-subscribe-dropdown__list-item-link\"\n\t\t\t\t\t\t\t\t\t\ttarget=\"_blank\"\n\t\t\t\t\t\t\t\t\t\trel=\"noopener noreferrer nofollow noindex\"\n\t\t\t\t\t\t\t\t\t>\n\t\t\t\t\t\t\t\t\t\tOutlook 365\t\t\t\t\t\t\t\t\t<\/a>\n\t\t\t\t\t\t\t\t<\/li>\n\t\t\t\t\t\t\t\t\t\t\t\t\t\t\t<li class=\"tribe-events-c-subscribe-dropdown__list-item tribe-events-c-subscribe-dropdown__list-item--outlook-live\">\n\t\t\t\t\t\t\t\t\t<a\n\t\t\t\t\t\t\t\t\t\thref=\"\"\n\t\t\t\t\t\t\t\t\t\tclass=\"tribe-events-c-subscribe-dropdown__list-item-link\"\n\t\t\t\t\t\t\t\t\t\ttarget=\"_blank\"\n\t\t\t\t\t\t\t\t\t\trel=\"noopener noreferrer nofollow noindex\"\n\t\t\t\t\t\t\t\t\t>\n\t\t\t\t\t\t\t\t\t\tOutlook Live\t\t\t\t\t\t\t\t\t<\/a>\n\t\t\t\t\t\t\t\t<\/li>\n\t\t\t\t\t\t\t\t\t\t\t\t\t<\/ul>\n\t\t\t\t\t<\/div>\n\t\t\t\t<\/div>\n\t\t\t<\/div>\n\t\t<\/div>\n\t<\/div>\n\n","protected":false},"excerpt":{"rendered":"<p>Le programme \u00ab Germaine de Sta\u00ebl \u00bb vise \u00e0 promouvoir la collaboration scientifique entre la Suisse et la France, en couvrant les frais de transport et d\u2019h\u00e9bergement lors de missions &hellip; <\/p>\n","protected":false},"author":1002425,"featured_media":0,"template":"","meta":{"_seopress_robots_primary_cat":"","_seopress_titles_title":"","_seopress_titles_desc":"","_seopress_robots_index":"","_uag_custom_page_level_css":"","_EventAllDay":false,"_EventTimezone":"Europe\/Zurich","_EventStartDate":"2025-05-15 08:00:00","_EventEndDate":"2025-05-15 17:00:00","_EventStartDateUTC":"2025-05-15 06:00:00","_EventEndDateUTC":"2025-05-15 15:00:00","_EventShowMap":false,"_EventShowMapLink":false,"_EventURL":"","_EventCost":"","_EventCostDescription":"","_EventCurrencySymbol":"$","_EventCurrencyCode":"USD","_EventCurrencyPosition":"prefix","_EventDateTimeSeparator":"@","_EventTimeRangeSeparator":"-","_EventOrganizerID":[],"_EventVenueID":[],"_OrganizerEmail":"","_OrganizerPhone":"","_OrganizerWebsite":"","_VenueAddress":"","_VenueCity":"","_VenueCountry":"","_VenueProvince":"","_VenueState":"","_VenueZip":"","_VenuePhone":"","_VenueURL":"","_VenueStateProvince":"","_VenueLat":"","_VenueLng":"","_VenueShowMap":false,"_VenueShowMapLink":false,"_tribe_events_status":"","_tribe_events_status_reason":"","footnotes":""},"tags":[],"tribe_events_cat":[19487],"class_list":["post-9523","tribe_events","type-tribe_events","status-publish","tribe_events_cat-appels-a-projets","cat_appels-a-projets"],"uagb_featured_image_src":{"full":false,"thumbnail":false,"medium":false,"medium_large":false,"large":false,"1536x1536":false,"2048x2048":false,"hitmag-landscape":false,"hitmag-featured":false,"hitmag-grid":false,"hitmag-list":false,"hitmag-thumbnail":false,"gform-image-choice-sm":false,"gform-image-choice-md":false,"gform-image-choice-lg":false,"mailpoet_newsletter_max":false},"uagb_author_info":{"display_name":"Ellina Mourtazina","author_link":"https:\/\/wp.unil.ch\/esspace\/author\/emourtaz\/"},"uagb_comment_info":0,"uagb_excerpt":"Le programme \u00ab Germaine de Sta\u00ebl \u00bb vise \u00e0 promouvoir la collaboration scientifique entre la Suisse et la France, en couvrant les frais de transport et d\u2019h\u00e9bergement lors de missions &hellip;","_links":{"self":[{"href":"https:\/\/wp.unil.ch\/esspace\/wp-json\/wp\/v2\/tribe_events\/9523","targetHints":{"allow":["GET"]}}],"collection":[{"href":"https:\/\/wp.unil.ch\/esspace\/wp-json\/wp\/v2\/tribe_events"}],"about":[{"href":"https:\/\/wp.unil.ch\/esspace\/wp-json\/wp\/v2\/types\/tribe_events"}],"author":[{"embeddable":true,"href":"https:\/\/wp.unil.ch\/esspace\/wp-json\/wp\/v2\/users\/1002425"}],"version-history":[{"count":1,"href":"https:\/\/wp.unil.ch\/esspace\/wp-json\/wp\/v2\/tribe_events\/9523\/revisions"}],"predecessor-version":[{"id":9524,"href":"https:\/\/wp.unil.ch\/esspace\/wp-json\/wp\/v2\/tribe_events\/9523\/revisions\/9524"}],"wp:attachment":[{"href":"https:\/\/wp.unil.ch\/esspace\/wp-json\/wp\/v2\/media?parent=9523"}],"wp:term":[{"taxonomy":"post_tag","embeddable":true,"href":"https:\/\/wp.unil.ch\/esspace\/wp-json\/wp\/v2\/tags?post=9523"},{"taxonomy":"tribe_events_cat","embeddable":true,"href":"https:\/\/wp.unil.ch\/esspace\/wp-json\/wp\/v2\/tribe_events_cat?post=9523"}],"curies":[{"name":"wp","href":"https:\/\/api.w.org\/{rel}","templated":true}]}}