{"id":9328,"date":"2025-01-16T14:11:28","date_gmt":"2025-01-16T13:11:28","guid":{"rendered":"https:\/\/wp.unil.ch\/esspace\/?post_type=tribe_events&#038;p=9328"},"modified":"2025-01-16T14:12:21","modified_gmt":"2025-01-16T13:12:21","slug":"working-in-switzerland-after-the-doctorate-or-postdoc-the-situation-for-eu-efta-nationals-english-online","status":"publish","type":"tribe_events","link":"https:\/\/wp.unil.ch\/esspace\/event\/working-in-switzerland-after-the-doctorate-or-postdoc-the-situation-for-eu-efta-nationals-english-online\/","title":{"rendered":"Working in Switzerland after the doctorate or postdoc: the situation for EU\/EFTA nationals (English-Online"},"content":{"rendered":"<div  class=\"tribe-events-schedule tribe-clearfix\" >\n\t<p class=\"tribe-events-schedule__datetime\">\n\t\t<span class=\"tribe-events-schedule__date tribe-events-schedule__date--start\">\n\t\t\tavril 9, 2025\t\t<\/span>\n\n\t\t\t\t\t<span class=\"tribe-events-schedule__separator tribe-events-schedule__separator--date\">\n\t\t\t\t@\t\t\t<\/span>\n\t\t\t<span class=\"tribe-events-schedule__time tribe-events-schedule__time--start\">\n\t\t\t\t12:00\t\t\t<\/span>\n\t\t\n\t\t\t\t\t\t\t\t\t<span class=\"tribe-events-schedule__separator tribe-events-schedule__separator--time\">\n\t\t\t\t\t&#8211;\t\t\t\t<\/span>\n\t\t\t\n\t\t\t\t\t\t\t<span class=\"tribe-events-schedule__time tribe-events-schedule__time--end\">\n\t\t\t\t\t13:30\t\t\t\t<\/span>\n\t\t\t\n\t\t\t\t\t\t<\/p>\n<\/div>\n\n\n\n<p>This seminar is intended for doctoral and post-doctoral researchers from EU\/AELE countries who would like to know more about staying and working in Switzerland at the end of their contract at the University of Lausanne.<\/p>\n\n\n\n<p>The different legal aspects that shape the particular context of doctoral and post-doctoral academics from EU\/EFTA countries will be introduced during that one and an half hour seminar and you will be able to ask questions :<\/p>\n\n\n\n<ul class=\"wp-block-list\">\n<li>In the first part of this seminar, Fiorella Fernandez Deshogues, a legal advisor\u00a0specialized in migration, labor and social insurance law, will introduce the different legal aspects that shape the particular context of doctoral and post-doctoral academics from EU\/EFTA countries: the laws that apply, the legal status (worker vs student), as\u00a0well as the relevant types of residence permits. Ms Fernandez Deshogues will also address the issue of entitlement to unemployment benefits and the application for a C permit;<\/li>\n\n\n\n<li>In the second part, you will be devoted to an Q&amp;A session.<\/li>\n<\/ul>\n\n\n\n<p>Participants will be free to ask general or specific questions about the information given during the presentation. While these questions will be selected and answered as far as possible in the time available, participants should understand that it will not be feasible to address in detail the specifics of each case.<\/p>\n\n\n\n<p>INSCRIPTION, <a href=\"https:\/\/courses.unil.ch\/graduatecampus\/cours\/3135\">ICI<\/a><\/p>\n\n\n<div  class=\"tribe-block tribe-block__event-price\" >\n\t\t<\/div>\n\n\n\n\n<div  class=\"tribe-block tribe-block__venue tribe-clearfix\" >\n\t\n\t\t\n\t<\/div>\n\n\n\n\n\t<div  class=\"tribe-block tribe-block__events-link\" >\n\t\t<div class=\"tribe-events tribe-common\">\n\t\t\t<div class=\"tribe-events-c-subscribe-dropdown__container\">\n\t\t\t\t<div class=\"tribe-events-c-subscribe-dropdown\">\n\t\t\t\t\t<div class=\"tribe-common-c-btn-border tribe-events-c-subscribe-dropdown__button\">\n\t\t\t\t\t\t<svg\n\t class=\"tribe-common-c-svgicon tribe-common-c-svgicon--cal-export tribe-events-c-subscribe-dropdown__export-icon\" \taria-hidden=\"true\"\n\tviewBox=\"0 0 23 17\"\n\txmlns=\"http:\/\/www.w3.org\/2000\/svg\"\n>\n\t<path fill-rule=\"evenodd\" clip-rule=\"evenodd\" d=\"M.128.896V16.13c0 .211.145.383.323.383h15.354c.179 0 .323-.172.323-.383V.896c0-.212-.144-.383-.323-.383H.451C.273.513.128.684.128.896Zm16 6.742h-.901V4.679H1.009v10.729h14.218v-3.336h.901V7.638ZM1.01 1.614h14.218v2.058H1.009V1.614Z\" \/>\n\t<path d=\"M20.5 9.846H8.312M18.524 6.953l2.89 2.909-2.855 2.855\" stroke-width=\"1.2\" stroke-linecap=\"round\" stroke-linejoin=\"round\"\/>\n<\/svg>\n\t\t\t\t\t\t<button\n\t\t\t\t\t\t\tclass=\"tribe-events-c-subscribe-dropdown__button-text\"\n\t\t\t\t\t\t\taria-expanded=\"false\"\n\t\t\t\t\t\t\taria-controls=\"tribe-events-subscribe-dropdown-content\"\n\t\t\t\t\t\t\taria-label=\"Afficher les liens permettant d\u2019ajouter des \u00e9v\u00e8nements \u00e0 votre calendrier\"\n\t\t\t\t\t\t>\n\t\t\t\t\t\t\tAjouter au calendrier\t\t\t\t\t\t<\/button>\n\t\t\t\t\t\t<svg\n\t class=\"tribe-common-c-svgicon tribe-common-c-svgicon--caret-down tribe-events-c-subscribe-dropdown__button-icon\" \taria-hidden=\"true\"\n\tviewBox=\"0 0 10 7\"\n\txmlns=\"http:\/\/www.w3.org\/2000\/svg\"\n>\n\t<path fill-rule=\"evenodd\" clip-rule=\"evenodd\" d=\"M1.008.609L5 4.6 8.992.61l.958.958L5 6.517.05 1.566l.958-.958z\" class=\"tribe-common-c-svgicon__svg-fill\"\/>\n<\/svg>\n\t\t\t\t\t<\/div>\n\t\t\t\t\t<div id=\"tribe-events-subscribe-dropdown-content\" class=\"tribe-events-c-subscribe-dropdown__content\">\n\t\t\t\t\t\t<ul class=\"tribe-events-c-subscribe-dropdown__list\">\n\t\t\t\t\t\t\t\t\t\t\t\t\t\t\t<li class=\"tribe-events-c-subscribe-dropdown__list-item tribe-events-c-subscribe-dropdown__list-item--gcal\">\n\t\t\t\t\t\t\t\t\t<a\n\t\t\t\t\t\t\t\t\t\thref=\"https:\/\/www.google.com\/calendar\/event?action=TEMPLATE&#038;dates=20250409T120000\/20250409T133000&#038;text=Working%20in%20Switzerland%20after%20the%20doctorate%20or%20postdoc%3A%20the%20situation%20for%20EU%2FEFTA%20nationals%20%28English-Online&#038;details=%3Cp%3EThis+seminar+is+intended+for+doctoral+and+post-doctoral+researchers+from+EU%2FAELE+countries+who+would+like+to+know+more+about+staying+and+working+in+Switzerland+at+the+end+of+their+contract+at+the+University+of+Lausanne.%3C%2Fp%3E+%3Cp%3EThe+different+legal+aspects+that+shape+the+particular+context+of+doctoral+and+post-doctoral+academics+from+EU%2FEFTA+countries+will+be+introduced+during+that+one+and+an+half+hour+seminar+and+you+will+be+able+to+ask+questions+%3A%3C%2Fp%3E+%3Cul+class%3D%22wp-block-list%22%3E%3Cli%3EIn+the+first+part+of+this+seminar%2C+Fiorella+Fernandez+Deshogues%2C+a+legal+advisor%C2%A0specialized+in+migration%2C+labor+and+social+insurance+law%2C+will+introduce+the+different+legal+aspects+that+shape+the+particular+context+of+doctoral+and+post-doctoral+academics+from+EU%2FEFTA+countries%3A+the+laws+that+apply%2C+the+legal+status+%28worker+vs+student%29%2C+as%C2%A0well+as+the+relevant+types+of+residence+permits.+Ms+Fernandez+Deshogues+will+also+address+the+issue+of+entitlement+to+unemployment+benefits+and+the+app%3C%2Fli%3E%3C%2Ful%3E%28Voir+toute+la+description+de+%C3%A9v%C3%A8nement+ici%C2%A0%3A+https%3A%2F%2Fwp.unil.ch%2Fesspace%2Fevent%2Fworking-in-switzerland-after-the-doctorate-or-postdoc-the-situation-for-eu-efta-nationals-english-online%2F%29&#038;trp=false&#038;ctz=Europe\/Zurich&#038;sprop=website:https:\/\/wp.unil.ch\/esspace\"\n\t\t\t\t\t\t\t\t\t\tclass=\"tribe-events-c-subscribe-dropdown__list-item-link\"\n\t\t\t\t\t\t\t\t\t\ttarget=\"_blank\"\n\t\t\t\t\t\t\t\t\t\trel=\"noopener noreferrer nofollow noindex\"\n\t\t\t\t\t\t\t\t\t>\n\t\t\t\t\t\t\t\t\t\tGoogle Agenda\t\t\t\t\t\t\t\t\t<\/a>\n\t\t\t\t\t\t\t\t<\/li>\n\t\t\t\t\t\t\t\t\t\t\t\t\t\t\t<li class=\"tribe-events-c-subscribe-dropdown__list-item tribe-events-c-subscribe-dropdown__list-item--ical\">\n\t\t\t\t\t\t\t\t\t<a\n\t\t\t\t\t\t\t\t\t\thref=\"\"\n\t\t\t\t\t\t\t\t\t\tclass=\"tribe-events-c-subscribe-dropdown__list-item-link\"\n\t\t\t\t\t\t\t\t\t\ttarget=\"_blank\"\n\t\t\t\t\t\t\t\t\t\trel=\"noopener noreferrer nofollow noindex\"\n\t\t\t\t\t\t\t\t\t>\n\t\t\t\t\t\t\t\t\t\tiCalendar\t\t\t\t\t\t\t\t\t<\/a>\n\t\t\t\t\t\t\t\t<\/li>\n\t\t\t\t\t\t\t\t\t\t\t\t\t\t\t<li class=\"tribe-events-c-subscribe-dropdown__list-item tribe-events-c-subscribe-dropdown__list-item--outlook-365\">\n\t\t\t\t\t\t\t\t\t<a\n\t\t\t\t\t\t\t\t\t\thref=\"\"\n\t\t\t\t\t\t\t\t\t\tclass=\"tribe-events-c-subscribe-dropdown__list-item-link\"\n\t\t\t\t\t\t\t\t\t\ttarget=\"_blank\"\n\t\t\t\t\t\t\t\t\t\trel=\"noopener noreferrer nofollow noindex\"\n\t\t\t\t\t\t\t\t\t>\n\t\t\t\t\t\t\t\t\t\tOutlook 365\t\t\t\t\t\t\t\t\t<\/a>\n\t\t\t\t\t\t\t\t<\/li>\n\t\t\t\t\t\t\t\t\t\t\t\t\t\t\t<li class=\"tribe-events-c-subscribe-dropdown__list-item tribe-events-c-subscribe-dropdown__list-item--outlook-live\">\n\t\t\t\t\t\t\t\t\t<a\n\t\t\t\t\t\t\t\t\t\thref=\"\"\n\t\t\t\t\t\t\t\t\t\tclass=\"tribe-events-c-subscribe-dropdown__list-item-link\"\n\t\t\t\t\t\t\t\t\t\ttarget=\"_blank\"\n\t\t\t\t\t\t\t\t\t\trel=\"noopener noreferrer nofollow noindex\"\n\t\t\t\t\t\t\t\t\t>\n\t\t\t\t\t\t\t\t\t\tOutlook Live\t\t\t\t\t\t\t\t\t<\/a>\n\t\t\t\t\t\t\t\t<\/li>\n\t\t\t\t\t\t\t\t\t\t\t\t\t<\/ul>\n\t\t\t\t\t<\/div>\n\t\t\t\t<\/div>\n\t\t\t<\/div>\n\t\t<\/div>\n\t<\/div>\n\n","protected":false},"excerpt":{"rendered":"<p>This seminar is intended for doctoral and post-doctoral researchers from EU\/AELE countries who would like to know more about staying and working in Switzerland at the end of their contract &hellip; <\/p>\n","protected":false},"author":1002425,"featured_media":8848,"template":"","meta":{"_seopress_robots_primary_cat":"","_seopress_titles_title":"","_seopress_titles_desc":"","_seopress_robots_index":"","_uag_custom_page_level_css":"","_EventAllDay":false,"_EventTimezone":"Europe\/Zurich","_EventStartDate":"2025-04-09 12:00:00","_EventEndDate":"2025-04-09 13:30:00","_EventStartDateUTC":"2025-04-09 10:00:00","_EventEndDateUTC":"2025-04-09 11:30:00","_EventShowMap":false,"_EventShowMapLink":false,"_EventURL":"","_EventCost":"","_EventCostDescription":"","_EventCurrencySymbol":"$","_EventCurrencyCode":"USD","_EventCurrencyPosition":"prefix","_EventDateTimeSeparator":"@","_EventTimeRangeSeparator":"-","_EventOrganizerID":[],"_EventVenueID":[],"_OrganizerEmail":"","_OrganizerPhone":"","_OrganizerWebsite":"","_VenueAddress":"","_VenueCity":"","_VenueCountry":"","_VenueProvince":"","_VenueState":"","_VenueZip":"","_VenuePhone":"","_VenueURL":"","_VenueStateProvince":"","_VenueLat":"","_VenueLng":"","_VenueShowMap":false,"_VenueShowMapLink":false,"_tribe_events_status":"","_tribe_events_status_reason":"","footnotes":""},"tags":[],"tribe_events_cat":[19484],"class_list":["post-9328","tribe_events","type-tribe_events","status-publish","has-post-thumbnail","tribe_events_cat-formations","cat_formations"],"uagb_featured_image_src":{"full":["https:\/\/wp.unil.ch\/esspace\/files\/2024\/06\/CIVIS2.jpg",300,220,false],"thumbnail":["https:\/\/wp.unil.ch\/esspace\/files\/2024\/06\/CIVIS2-150x150.jpg",150,150,true],"medium":["https:\/\/wp.unil.ch\/esspace\/files\/2024\/06\/CIVIS2.jpg",300,220,false],"medium_large":["https:\/\/wp.unil.ch\/esspace\/files\/2024\/06\/CIVIS2.jpg",300,220,false],"large":["https:\/\/wp.unil.ch\/esspace\/files\/2024\/06\/CIVIS2.jpg",300,220,false],"1536x1536":["https:\/\/wp.unil.ch\/esspace\/files\/2024\/06\/CIVIS2.jpg",300,220,false],"2048x2048":["https:\/\/wp.unil.ch\/esspace\/files\/2024\/06\/CIVIS2.jpg",300,220,false],"hitmag-landscape":["https:\/\/wp.unil.ch\/esspace\/files\/2024\/06\/CIVIS2.jpg",300,220,false],"hitmag-featured":["https:\/\/wp.unil.ch\/esspace\/files\/2024\/06\/CIVIS2.jpg",300,220,false],"hitmag-grid":["https:\/\/wp.unil.ch\/esspace\/files\/2024\/06\/CIVIS2-300x215.jpg",300,215,true],"hitmag-list":["https:\/\/wp.unil.ch\/esspace\/files\/2024\/06\/CIVIS2-290x220.jpg",290,220,true],"hitmag-thumbnail":["https:\/\/wp.unil.ch\/esspace\/files\/2024\/06\/CIVIS2-135x93.jpg",135,93,true],"gform-image-choice-sm":["https:\/\/wp.unil.ch\/esspace\/files\/2024\/06\/CIVIS2.jpg",300,220,false],"gform-image-choice-md":["https:\/\/wp.unil.ch\/esspace\/files\/2024\/06\/CIVIS2.jpg",300,220,false],"gform-image-choice-lg":["https:\/\/wp.unil.ch\/esspace\/files\/2024\/06\/CIVIS2.jpg",300,220,false],"mailpoet_newsletter_max":["https:\/\/wp.unil.ch\/esspace\/files\/2024\/06\/CIVIS2.jpg",300,220,false]},"uagb_author_info":{"display_name":"Ellina Mourtazina","author_link":"https:\/\/wp.unil.ch\/esspace\/author\/emourtaz\/"},"uagb_comment_info":0,"uagb_excerpt":"This seminar is intended for doctoral and post-doctoral researchers from EU\/AELE countries who would like to know more about staying and working in Switzerland at the end of their contract &hellip;","_links":{"self":[{"href":"https:\/\/wp.unil.ch\/esspace\/wp-json\/wp\/v2\/tribe_events\/9328","targetHints":{"allow":["GET"]}}],"collection":[{"href":"https:\/\/wp.unil.ch\/esspace\/wp-json\/wp\/v2\/tribe_events"}],"about":[{"href":"https:\/\/wp.unil.ch\/esspace\/wp-json\/wp\/v2\/types\/tribe_events"}],"author":[{"embeddable":true,"href":"https:\/\/wp.unil.ch\/esspace\/wp-json\/wp\/v2\/users\/1002425"}],"version-history":[{"count":1,"href":"https:\/\/wp.unil.ch\/esspace\/wp-json\/wp\/v2\/tribe_events\/9328\/revisions"}],"predecessor-version":[{"id":9329,"href":"https:\/\/wp.unil.ch\/esspace\/wp-json\/wp\/v2\/tribe_events\/9328\/revisions\/9329"}],"wp:featuredmedia":[{"embeddable":true,"href":"https:\/\/wp.unil.ch\/esspace\/wp-json\/wp\/v2\/media\/8848"}],"wp:attachment":[{"href":"https:\/\/wp.unil.ch\/esspace\/wp-json\/wp\/v2\/media?parent=9328"}],"wp:term":[{"taxonomy":"post_tag","embeddable":true,"href":"https:\/\/wp.unil.ch\/esspace\/wp-json\/wp\/v2\/tags?post=9328"},{"taxonomy":"tribe_events_cat","embeddable":true,"href":"https:\/\/wp.unil.ch\/esspace\/wp-json\/wp\/v2\/tribe_events_cat?post=9328"}],"curies":[{"name":"wp","href":"https:\/\/api.w.org\/{rel}","templated":true}]}}