{"id":8710,"date":"2024-03-14T10:50:09","date_gmt":"2024-03-14T09:50:09","guid":{"rendered":"https:\/\/wp.unil.ch\/esspace\/?post_type=tribe_events&#038;p=8710"},"modified":"2024-04-03T10:33:57","modified_gmt":"2024-04-03T08:33:57","slug":"leading-house-consolidation-grants","status":"publish","type":"tribe_events","link":"https:\/\/wp.unil.ch\/esspace\/event\/leading-house-consolidation-grants\/","title":{"rendered":"Leading House Asia: Consolidation Grants"},"content":{"rendered":"<div  class=\"tribe-events-schedule tribe-clearfix\" >\n\t<p class=\"tribe-events-schedule__datetime\">\n\t\t<span class=\"tribe-events-schedule__date tribe-events-schedule__date--start\">\n\t\t\tjuin 15, 2024\t\t<\/span>\n\n\t\t\t\t\t<span class=\"tribe-events-schedule__separator tribe-events-schedule__separator--date\">\n\t\t\t\t@\t\t\t<\/span>\n\t\t\t<span class=\"tribe-events-schedule__time tribe-events-schedule__time--start\">\n\t\t\t\t17:00\t\t\t<\/span>\n\t\t\n\t\t\t<\/p>\n<\/div>\n\n\n\n<p>Les Consolidation Grants (GC) visent \u00e0 encourager des projets plus avanc\u00e9s et plus solides entre la Suisse et la r\u00e9gion de l&rsquo;Asie de l&rsquo;Est ou du Sud-Est. Les propositions de subventions de consolidation doivent r\u00e9sulter de collaborations ant\u00e9rieures entre le candidat bas\u00e9 en Suisse et le candidat bas\u00e9 en Asie de l&rsquo;Est ou du Sud-Est, dans le but de d\u00e9velopper et d&rsquo;approfondir ces partenariats.<\/p>\n\n\n\n<p>Il s&rsquo;agit d&rsquo;un appel sp\u00e9cial qui soutient des projets de recherche avec des institutions collaboratrices en Chine, \u00e0 Hong Kong, au Japon, \u00e0 Macao, en Cor\u00e9e du Sud, \u00e0 Ta\u00efwan et dans les \u00c9tats membres de l&rsquo;ASEAN . La collaboration doit \u00eatre bas\u00e9e sur un partenariat existant entre des chercheur.e.s et affili\u00e9s \u00e0 une institution suisse et des chercheur.e.s affili\u00e9s \u00e0 une institution asiatique.<\/p>\n\n\n\n<p><strong>\u00c9ligibilit\u00e9 <\/strong><\/p>\n\n\n\n<ul class=\"wp-block-list\">\n<li>Pour \u00eatre \u00e9ligibles, les partenaires doivent avoir d\u00e9j\u00e0 men\u00e9 au moins une activit\u00e9 ensemble. Les candidatures qui ne mentionnent aucune activit\u00e9 conjointe en cours ou achev\u00e9e ne seront pas prises en consid\u00e9ration pour un financement.<\/li>\n\n\n\n<li>L&rsquo;appel est ouvert \u00e0 toutes les disciplines scientifiques et \u00e0 tous les domaines de recherche, y compris les sciences sociales et humaines.<\/li>\n\n\n\n<li><\/li>\n\n\n\n<li>Les chercheur.e.s d\u00e9tenteur.trice.s d&rsquo;un doctorat venant des institutions de recherche suisses peuvent poser leur candidature. Veuillez consulter la liste des institutions \u00e9ligibles ici. Le candidat principal doit \u00eatre employ\u00e9 par l&rsquo;une des institutions suisses susmentionn\u00e9es. Les chercheurs de toutes les nationalit\u00e9s peuvent poser leur candidature en tant que candidat principal.<\/li>\n<\/ul>\n\n\n\n<p>Lien de l&rsquo;appel,<a href=\"https:\/\/leadinghouseasia.ethz.ch\/funding-instruments\/small-grants\/consolidationgrants.html\"> ici.<\/a><\/p>\n\n\n\n<figure class=\"wp-block-image size-large\"><a href=\"https:\/\/wp.unil.ch\/esspace\/files\/2024\/03\/Capture-decran-2024-03-14-a-10.33.32.png\"><img alt=\"\" loading=\"lazy\" decoding=\"async\" width=\"1024\" height=\"422\" src=\"https:\/\/wp.unil.ch\/esspace\/files\/2024\/03\/Capture-decran-2024-03-14-a-10.33.32-1024x422.png\" alt=\"\" class=\"wp-image-8711\" srcset=\"https:\/\/wp.unil.ch\/esspace\/files\/2024\/03\/Capture-decran-2024-03-14-a-10.33.32-1024x422.png 1024w, https:\/\/wp.unil.ch\/esspace\/files\/2024\/03\/Capture-decran-2024-03-14-a-10.33.32-300x124.png 300w, https:\/\/wp.unil.ch\/esspace\/files\/2024\/03\/Capture-decran-2024-03-14-a-10.33.32-768x317.png 768w, https:\/\/wp.unil.ch\/esspace\/files\/2024\/03\/Capture-decran-2024-03-14-a-10.33.32-1536x633.png 1536w, https:\/\/wp.unil.ch\/esspace\/files\/2024\/03\/Capture-decran-2024-03-14-a-10.33.32-1320x544.png 1320w, https:\/\/wp.unil.ch\/esspace\/files\/2024\/03\/Capture-decran-2024-03-14-a-10.33.32.png 1586w\" sizes=\"auto, (max-width: 1024px) 100vw, 1024px\" \/><\/a><\/figure>\n\n\n<div  class=\"tribe-block tribe-block__event-price\" >\n\t\t<\/div>\n\n\n\n\n<div  class=\"tribe-block tribe-block__venue tribe-clearfix\" >\n\t\n\t\t\n\t<\/div>\n\n\n\n\n\t<div  class=\"tribe-block tribe-block__events-link\" >\n\t\t<div class=\"tribe-events tribe-common\">\n\t\t\t<div class=\"tribe-events-c-subscribe-dropdown__container\">\n\t\t\t\t<div class=\"tribe-events-c-subscribe-dropdown\">\n\t\t\t\t\t<div class=\"tribe-common-c-btn-border tribe-events-c-subscribe-dropdown__button\">\n\t\t\t\t\t\t<svg\n\t class=\"tribe-common-c-svgicon tribe-common-c-svgicon--cal-export tribe-events-c-subscribe-dropdown__export-icon\" \taria-hidden=\"true\"\n\tviewBox=\"0 0 23 17\"\n\txmlns=\"http:\/\/www.w3.org\/2000\/svg\"\n>\n\t<path fill-rule=\"evenodd\" clip-rule=\"evenodd\" d=\"M.128.896V16.13c0 .211.145.383.323.383h15.354c.179 0 .323-.172.323-.383V.896c0-.212-.144-.383-.323-.383H.451C.273.513.128.684.128.896Zm16 6.742h-.901V4.679H1.009v10.729h14.218v-3.336h.901V7.638ZM1.01 1.614h14.218v2.058H1.009V1.614Z\" \/>\n\t<path d=\"M20.5 9.846H8.312M18.524 6.953l2.89 2.909-2.855 2.855\" stroke-width=\"1.2\" stroke-linecap=\"round\" stroke-linejoin=\"round\"\/>\n<\/svg>\n\t\t\t\t\t\t<button\n\t\t\t\t\t\t\tclass=\"tribe-events-c-subscribe-dropdown__button-text\"\n\t\t\t\t\t\t\taria-expanded=\"false\"\n\t\t\t\t\t\t\taria-controls=\"tribe-events-subscribe-dropdown-content\"\n\t\t\t\t\t\t\taria-label=\"Afficher les liens permettant d\u2019ajouter des \u00e9v\u00e8nements \u00e0 votre calendrier\"\n\t\t\t\t\t\t>\n\t\t\t\t\t\t\tAjouter au calendrier\t\t\t\t\t\t<\/button>\n\t\t\t\t\t\t<svg\n\t class=\"tribe-common-c-svgicon tribe-common-c-svgicon--caret-down tribe-events-c-subscribe-dropdown__button-icon\" \taria-hidden=\"true\"\n\tviewBox=\"0 0 10 7\"\n\txmlns=\"http:\/\/www.w3.org\/2000\/svg\"\n>\n\t<path fill-rule=\"evenodd\" clip-rule=\"evenodd\" d=\"M1.008.609L5 4.6 8.992.61l.958.958L5 6.517.05 1.566l.958-.958z\" class=\"tribe-common-c-svgicon__svg-fill\"\/>\n<\/svg>\n\t\t\t\t\t<\/div>\n\t\t\t\t\t<div id=\"tribe-events-subscribe-dropdown-content\" class=\"tribe-events-c-subscribe-dropdown__content\">\n\t\t\t\t\t\t<ul class=\"tribe-events-c-subscribe-dropdown__list\">\n\t\t\t\t\t\t\t\t\t\t\t\t\t\t\t<li class=\"tribe-events-c-subscribe-dropdown__list-item tribe-events-c-subscribe-dropdown__list-item--gcal\">\n\t\t\t\t\t\t\t\t\t<a\n\t\t\t\t\t\t\t\t\t\thref=\"https:\/\/www.google.com\/calendar\/event?action=TEMPLATE&#038;dates=20240615T170000\/20240615T170000&#038;text=Leading%20House%20Asia%3A%20Consolidation%20Grants&#038;details=%3Cp%3ELes+Consolidation+Grants+%28GC%29+visent+%C3%A0+encourager+des+projets+plus+avanc%C3%A9s+et+plus+solides+entre+la+Suisse+et+la+r%C3%A9gion+de+l%27Asie+de+l%27Est+ou+du+Sud-Est.+Les+propositions+de+subventions+de+consolidation+doivent+r%C3%A9sulter+de+collaborations+ant%C3%A9rieures+entre+le+candidat+bas%C3%A9+en+Suisse+et+le+candidat+bas%C3%A9+en+Asie+de+l%27Est+ou+du+Sud-Est%2C+dans+le+but+de+d%C3%A9velopper+et+d%27approfondir+ces+partenariats.%3C%2Fp%3E+%3Cp%3EIl+s%27agit+d%27un+appel+sp%C3%A9cial+qui+soutient+des+projets+de+recherche+avec+des+institutions+collaboratrices+en+Chine%2C+%C3%A0+Hong+Kong%2C+au+Japon%2C+%C3%A0+Macao%2C+en+Cor%C3%A9e+du+Sud%2C+%C3%A0+Ta%C3%AFwan+et+dans+les+%C3%89tats+membres+de+l%27ASEAN+.+La+collaboration+doit+%C3%AAtre+bas%C3%A9e+sur+un+partenariat+existant+entre+des+chercheur.e.s+et+affili%C3%A9s+%C3%A0+une+institution+suisse+et+des+chercheur.e.s+affili%C3%A9s+%C3%A0+une+institution+asiatique.%3C%2Fp%3E+%3Cp%3E%3Cstrong%3E%C3%89ligibilit%C3%A9+%3C%2Fstrong%3E%3C%2Fp%3E+%3Cul%3E%3Cli%3EPour+%C3%AAtre+%C3%A9ligibles%2C+les+partenaires+doivent+avoir+d%C3%A9j%C3%A0+men%C3%A9+au+moins+une+activit%C3%A9+ensemble.+Les+candid%3C%2Fli%3E%3C%2Ful%3E%28Voir+toute+la+description+de+%C3%A9v%C3%A8nement+ici%C2%A0%3A+https%3A%2F%2Fwp.unil.ch%2Fesspace%2Fevent%2Fleading-house-consolidation-grants%2F%29&#038;trp=false&#038;ctz=Europe\/Zurich&#038;sprop=website:https:\/\/wp.unil.ch\/esspace\"\n\t\t\t\t\t\t\t\t\t\tclass=\"tribe-events-c-subscribe-dropdown__list-item-link\"\n\t\t\t\t\t\t\t\t\t\ttarget=\"_blank\"\n\t\t\t\t\t\t\t\t\t\trel=\"noopener noreferrer nofollow noindex\"\n\t\t\t\t\t\t\t\t\t>\n\t\t\t\t\t\t\t\t\t\tGoogle Agenda\t\t\t\t\t\t\t\t\t<\/a>\n\t\t\t\t\t\t\t\t<\/li>\n\t\t\t\t\t\t\t\t\t\t\t\t\t\t\t<li class=\"tribe-events-c-subscribe-dropdown__list-item tribe-events-c-subscribe-dropdown__list-item--ical\">\n\t\t\t\t\t\t\t\t\t<a\n\t\t\t\t\t\t\t\t\t\thref=\"\"\n\t\t\t\t\t\t\t\t\t\tclass=\"tribe-events-c-subscribe-dropdown__list-item-link\"\n\t\t\t\t\t\t\t\t\t\ttarget=\"_blank\"\n\t\t\t\t\t\t\t\t\t\trel=\"noopener noreferrer nofollow noindex\"\n\t\t\t\t\t\t\t\t\t>\n\t\t\t\t\t\t\t\t\t\tiCalendar\t\t\t\t\t\t\t\t\t<\/a>\n\t\t\t\t\t\t\t\t<\/li>\n\t\t\t\t\t\t\t\t\t\t\t\t\t\t\t<li class=\"tribe-events-c-subscribe-dropdown__list-item tribe-events-c-subscribe-dropdown__list-item--outlook-365\">\n\t\t\t\t\t\t\t\t\t<a\n\t\t\t\t\t\t\t\t\t\thref=\"\"\n\t\t\t\t\t\t\t\t\t\tclass=\"tribe-events-c-subscribe-dropdown__list-item-link\"\n\t\t\t\t\t\t\t\t\t\ttarget=\"_blank\"\n\t\t\t\t\t\t\t\t\t\trel=\"noopener noreferrer nofollow noindex\"\n\t\t\t\t\t\t\t\t\t>\n\t\t\t\t\t\t\t\t\t\tOutlook 365\t\t\t\t\t\t\t\t\t<\/a>\n\t\t\t\t\t\t\t\t<\/li>\n\t\t\t\t\t\t\t\t\t\t\t\t\t\t\t<li class=\"tribe-events-c-subscribe-dropdown__list-item tribe-events-c-subscribe-dropdown__list-item--outlook-live\">\n\t\t\t\t\t\t\t\t\t<a\n\t\t\t\t\t\t\t\t\t\thref=\"\"\n\t\t\t\t\t\t\t\t\t\tclass=\"tribe-events-c-subscribe-dropdown__list-item-link\"\n\t\t\t\t\t\t\t\t\t\ttarget=\"_blank\"\n\t\t\t\t\t\t\t\t\t\trel=\"noopener noreferrer nofollow noindex\"\n\t\t\t\t\t\t\t\t\t>\n\t\t\t\t\t\t\t\t\t\tOutlook Live\t\t\t\t\t\t\t\t\t<\/a>\n\t\t\t\t\t\t\t\t<\/li>\n\t\t\t\t\t\t\t\t\t\t\t\t\t<\/ul>\n\t\t\t\t\t<\/div>\n\t\t\t\t<\/div>\n\t\t\t<\/div>\n\t\t<\/div>\n\t<\/div>\n\n","protected":false},"excerpt":{"rendered":"<p>Les Consolidation Grants (GC) visent \u00e0 encourager des projets plus avanc\u00e9s et plus solides entre la Suisse et la r\u00e9gion de l&rsquo;Asie de l&rsquo;Est ou du Sud-Est. Les propositions de &hellip; <\/p>\n","protected":false},"author":1002425,"featured_media":0,"template":"","meta":{"_seopress_robots_primary_cat":"","_seopress_titles_title":"","_seopress_titles_desc":"","_seopress_robots_index":"","_uag_custom_page_level_css":"","_EventAllDay":false,"_EventTimezone":"Europe\/Zurich","_EventStartDate":"2024-06-15 17:00:00","_EventEndDate":"2024-06-15 17:00:00","_EventStartDateUTC":"2024-06-15 15:00:00","_EventEndDateUTC":"2024-06-15 15:00:00","_EventShowMap":false,"_EventShowMapLink":false,"_EventURL":"","_EventCost":"","_EventCostDescription":"","_EventCurrencySymbol":"$","_EventCurrencyCode":"USD","_EventCurrencyPosition":"prefix","_EventDateTimeSeparator":"@","_EventTimeRangeSeparator":"-","_EventOrganizerID":[],"_EventVenueID":[],"_OrganizerEmail":"","_OrganizerPhone":"","_OrganizerWebsite":"","_VenueAddress":"","_VenueCity":"","_VenueCountry":"","_VenueProvince":"","_VenueState":"","_VenueZip":"","_VenuePhone":"","_VenueURL":"","_VenueStateProvince":"","_VenueLat":"","_VenueLng":"","_VenueShowMap":false,"_VenueShowMapLink":false,"_tribe_events_status":"","_tribe_events_status_reason":"","footnotes":""},"tags":[],"tribe_events_cat":[19487,19483],"class_list":["post-8710","tribe_events","type-tribe_events","status-publish","tribe_events_cat-appels-a-projets","tribe_events_cat-leading-houses","cat_appels-a-projets","cat_leading-houses"],"uagb_featured_image_src":{"full":false,"thumbnail":false,"medium":false,"medium_large":false,"large":false,"1536x1536":false,"2048x2048":false,"hitmag-landscape":false,"hitmag-featured":false,"hitmag-grid":false,"hitmag-list":false,"hitmag-thumbnail":false,"gform-image-choice-sm":false,"gform-image-choice-md":false,"gform-image-choice-lg":false,"mailpoet_newsletter_max":false},"uagb_author_info":{"display_name":"Ellina Mourtazina","author_link":"https:\/\/wp.unil.ch\/esspace\/author\/emourtaz\/"},"uagb_comment_info":0,"uagb_excerpt":"Les Consolidation Grants (GC) visent \u00e0 encourager des projets plus avanc\u00e9s et plus solides entre la Suisse et la r\u00e9gion de l&rsquo;Asie de l&rsquo;Est ou du Sud-Est. Les propositions de &hellip;","_links":{"self":[{"href":"https:\/\/wp.unil.ch\/esspace\/wp-json\/wp\/v2\/tribe_events\/8710","targetHints":{"allow":["GET"]}}],"collection":[{"href":"https:\/\/wp.unil.ch\/esspace\/wp-json\/wp\/v2\/tribe_events"}],"about":[{"href":"https:\/\/wp.unil.ch\/esspace\/wp-json\/wp\/v2\/types\/tribe_events"}],"author":[{"embeddable":true,"href":"https:\/\/wp.unil.ch\/esspace\/wp-json\/wp\/v2\/users\/1002425"}],"version-history":[{"count":2,"href":"https:\/\/wp.unil.ch\/esspace\/wp-json\/wp\/v2\/tribe_events\/8710\/revisions"}],"predecessor-version":[{"id":8724,"href":"https:\/\/wp.unil.ch\/esspace\/wp-json\/wp\/v2\/tribe_events\/8710\/revisions\/8724"}],"wp:attachment":[{"href":"https:\/\/wp.unil.ch\/esspace\/wp-json\/wp\/v2\/media?parent=8710"}],"wp:term":[{"taxonomy":"post_tag","embeddable":true,"href":"https:\/\/wp.unil.ch\/esspace\/wp-json\/wp\/v2\/tags?post=8710"},{"taxonomy":"tribe_events_cat","embeddable":true,"href":"https:\/\/wp.unil.ch\/esspace\/wp-json\/wp\/v2\/tribe_events_cat?post=8710"}],"curies":[{"name":"wp","href":"https:\/\/api.w.org\/{rel}","templated":true}]}}