{"id":8616,"date":"2024-02-07T16:02:32","date_gmt":"2024-02-07T15:02:32","guid":{"rendered":"https:\/\/wp.unil.ch\/esspace\/?post_type=tribe_events&#038;p=8616"},"modified":"2024-02-07T16:03:38","modified_gmt":"2024-02-07T15:03:38","slug":"publication-ouverte-ethique-et-responsable-vers-une-recherche-fiable","status":"publish","type":"tribe_events","link":"https:\/\/wp.unil.ch\/esspace\/event\/publication-ouverte-ethique-et-responsable-vers-une-recherche-fiable\/","title":{"rendered":"Publication ouverte, \u00e9thique et responsable : vers une recherche fiable"},"content":{"rendered":"<div  class=\"tribe-events-schedule tribe-clearfix\" >\n\t<p class=\"tribe-events-schedule__datetime\">\n\t\t<span class=\"tribe-events-schedule__date tribe-events-schedule__date--start\">\n\t\t\tjuin 10, 2024\t\t<\/span>\n\n\t\t\t\t\t<span class=\"tribe-events-schedule__separator tribe-events-schedule__separator--date\">\n\t\t\t\t@\t\t\t<\/span>\n\t\t\t<span class=\"tribe-events-schedule__time tribe-events-schedule__time--start\">\n\t\t\t\t13:30\t\t\t<\/span>\n\t\t\n\t\t\t\t\t\t\t\t\t<span class=\"tribe-events-schedule__separator tribe-events-schedule__separator--time\">\n\t\t\t\t\t&#8211;\t\t\t\t<\/span>\n\t\t\t\n\t\t\t\t\t\t\t<span class=\"tribe-events-schedule__time tribe-events-schedule__time--end\">\n\t\t\t\t\t15:00\t\t\t\t<\/span>\n\t\t\t\n\t\t\t\t\t\t<\/p>\n<\/div>\n\n\n\n<p>Le programme de formation vise \u00e0 sensibiliser les chercheur.es de tous les niveaux de carri\u00e8re aux pratiques de publication responsables, ouvertes et \u00e9thiques.<\/p>\n\n\n\n<p>Les participants acquerront une compr\u00e9hension approfondie des pratiques \u00e9ditoriales pr\u00e9datrices, douteuses, trompeuses et de mauvaise qualit\u00e9, et apprendront \u00e0 les identifier et \u00e0 les \u00e9viter.&nbsp;&nbsp;<\/p>\n\n\n\n<p>L&rsquo;accent sera mis sur la promotion d&rsquo;une recherche fiable et la transparence dans la publication savante.&nbsp;<\/p>\n\n\n\n<p>Intervenant.e.s : Dr Micaela Crespo et Dr. Pablo Diaz, SR<\/p>\n\n\n\n<p><span id=\"pQgBk1\" class=\"d-block z-label\">Pr\u00e9sentiel<\/span> <span id=\"pQgBm1\" class=\"d-block z-label\">UNIL &#8211; Amphip\u00f4le 353.3<\/span><\/p>\n\n\n\n<p>Inscription, <a href=\"https:\/\/courses.unil.ch\/\">ICI<\/a><\/p>\n\n\n<div  class=\"tribe-block tribe-block__event-price\" >\n\t\t<\/div>\n\n\n\n\n<div  class=\"tribe-block tribe-block__venue tribe-clearfix tribe-block__venue--has-map\" >\n\t\n\t\t\n\t<\/div>\n\n\n\n\n\t<div  class=\"tribe-block tribe-block__events-link\" >\n\t\t<div class=\"tribe-events tribe-common\">\n\t\t\t<div class=\"tribe-events-c-subscribe-dropdown__container\">\n\t\t\t\t<div class=\"tribe-events-c-subscribe-dropdown\">\n\t\t\t\t\t<div class=\"tribe-common-c-btn-border tribe-events-c-subscribe-dropdown__button\">\n\t\t\t\t\t\t<svg\n\t class=\"tribe-common-c-svgicon tribe-common-c-svgicon--cal-export tribe-events-c-subscribe-dropdown__export-icon\" \taria-hidden=\"true\"\n\tviewBox=\"0 0 23 17\"\n\txmlns=\"http:\/\/www.w3.org\/2000\/svg\"\n>\n\t<path fill-rule=\"evenodd\" clip-rule=\"evenodd\" d=\"M.128.896V16.13c0 .211.145.383.323.383h15.354c.179 0 .323-.172.323-.383V.896c0-.212-.144-.383-.323-.383H.451C.273.513.128.684.128.896Zm16 6.742h-.901V4.679H1.009v10.729h14.218v-3.336h.901V7.638ZM1.01 1.614h14.218v2.058H1.009V1.614Z\" \/>\n\t<path d=\"M20.5 9.846H8.312M18.524 6.953l2.89 2.909-2.855 2.855\" stroke-width=\"1.2\" stroke-linecap=\"round\" stroke-linejoin=\"round\"\/>\n<\/svg>\n\t\t\t\t\t\t<button\n\t\t\t\t\t\t\tclass=\"tribe-events-c-subscribe-dropdown__button-text\"\n\t\t\t\t\t\t\taria-expanded=\"false\"\n\t\t\t\t\t\t\taria-controls=\"tribe-events-subscribe-dropdown-content\"\n\t\t\t\t\t\t\taria-label=\"Afficher les liens permettant d\u2019ajouter des \u00e9v\u00e8nements \u00e0 votre calendrier\"\n\t\t\t\t\t\t>\n\t\t\t\t\t\t\tAjouter au calendrier\t\t\t\t\t\t<\/button>\n\t\t\t\t\t\t<svg\n\t class=\"tribe-common-c-svgicon tribe-common-c-svgicon--caret-down tribe-events-c-subscribe-dropdown__button-icon\" \taria-hidden=\"true\"\n\tviewBox=\"0 0 10 7\"\n\txmlns=\"http:\/\/www.w3.org\/2000\/svg\"\n>\n\t<path fill-rule=\"evenodd\" clip-rule=\"evenodd\" d=\"M1.008.609L5 4.6 8.992.61l.958.958L5 6.517.05 1.566l.958-.958z\" class=\"tribe-common-c-svgicon__svg-fill\"\/>\n<\/svg>\n\t\t\t\t\t<\/div>\n\t\t\t\t\t<div id=\"tribe-events-subscribe-dropdown-content\" class=\"tribe-events-c-subscribe-dropdown__content\">\n\t\t\t\t\t\t<ul class=\"tribe-events-c-subscribe-dropdown__list\">\n\t\t\t\t\t\t\t\t\t\t\t\t\t\t\t<li class=\"tribe-events-c-subscribe-dropdown__list-item tribe-events-c-subscribe-dropdown__list-item--gcal\">\n\t\t\t\t\t\t\t\t\t<a\n\t\t\t\t\t\t\t\t\t\thref=\"https:\/\/www.google.com\/calendar\/event?action=TEMPLATE&#038;dates=20240610T133000\/20240610T150000&#038;text=Publication%20ouverte%2C%20%C3%A9thique%20et%20responsable%20%3A%20vers%20une%20recherche%20fiable&#038;details=%3Cp%3ELe+programme+de+formation+vise+%C3%A0+sensibiliser+les+chercheur.es+de+tous+les+niveaux+de+carri%C3%A8re+aux+pratiques+de+publication+responsables%2C+ouvertes+et+%C3%A9thiques.%3C%2Fp%3E+%3Cp%3ELes+participants+acquerront+une+compr%C3%A9hension+approfondie+des+pratiques+%C3%A9ditoriales+pr%C3%A9datrices%2C+douteuses%2C+trompeuses+et+de+mauvaise+qualit%C3%A9%2C+et+apprendront+%C3%A0+les+identifier+et+%C3%A0+les+%C3%A9viter.%26nbsp%3B%26nbsp%3B%3C%2Fp%3E+%3Cp%3EL%27accent+sera+mis+sur+la+promotion+d%27une+recherche+fiable+et+la+transparence+dans+la+publication+savante.%26nbsp%3B%3C%2Fp%3E+%3Cp%3EIntervenant.e.s+%3A+Dr+Micaela+Crespo+et+Dr.+Pablo+Diaz%2C+SR%3C%2Fp%3E+%3Cp%3E%3Cspan+id%3D%22pQgBk1%22+class%3D%22d-block+z-label%22%3EPr%C3%A9sentiel%3C%2Fspan%3E+%3Cspan+id%3D%22pQgBm1%22+class%3D%22d-block+z-label%22%3EUNIL+-+Amphip%C3%B4le+353.3%3C%2Fspan%3E%3C%2Fp%3E+%3Cp%3EInscription%2C+%3Ca+href%3D%22https%3A%2F%2Fcourses.unil.ch%2F%22%3EICI%3C%2Fa%3E%3C%2Fp%3E+&#038;trp=false&#038;ctz=Europe\/Zurich&#038;sprop=website:https:\/\/wp.unil.ch\/esspace\"\n\t\t\t\t\t\t\t\t\t\tclass=\"tribe-events-c-subscribe-dropdown__list-item-link\"\n\t\t\t\t\t\t\t\t\t\ttarget=\"_blank\"\n\t\t\t\t\t\t\t\t\t\trel=\"noopener noreferrer nofollow noindex\"\n\t\t\t\t\t\t\t\t\t>\n\t\t\t\t\t\t\t\t\t\tGoogle Agenda\t\t\t\t\t\t\t\t\t<\/a>\n\t\t\t\t\t\t\t\t<\/li>\n\t\t\t\t\t\t\t\t\t\t\t\t\t\t\t<li class=\"tribe-events-c-subscribe-dropdown__list-item tribe-events-c-subscribe-dropdown__list-item--ical\">\n\t\t\t\t\t\t\t\t\t<a\n\t\t\t\t\t\t\t\t\t\thref=\"\"\n\t\t\t\t\t\t\t\t\t\tclass=\"tribe-events-c-subscribe-dropdown__list-item-link\"\n\t\t\t\t\t\t\t\t\t\ttarget=\"_blank\"\n\t\t\t\t\t\t\t\t\t\trel=\"noopener noreferrer nofollow noindex\"\n\t\t\t\t\t\t\t\t\t>\n\t\t\t\t\t\t\t\t\t\tiCalendar\t\t\t\t\t\t\t\t\t<\/a>\n\t\t\t\t\t\t\t\t<\/li>\n\t\t\t\t\t\t\t\t\t\t\t\t\t\t\t<li class=\"tribe-events-c-subscribe-dropdown__list-item tribe-events-c-subscribe-dropdown__list-item--outlook-365\">\n\t\t\t\t\t\t\t\t\t<a\n\t\t\t\t\t\t\t\t\t\thref=\"\"\n\t\t\t\t\t\t\t\t\t\tclass=\"tribe-events-c-subscribe-dropdown__list-item-link\"\n\t\t\t\t\t\t\t\t\t\ttarget=\"_blank\"\n\t\t\t\t\t\t\t\t\t\trel=\"noopener noreferrer nofollow noindex\"\n\t\t\t\t\t\t\t\t\t>\n\t\t\t\t\t\t\t\t\t\tOutlook 365\t\t\t\t\t\t\t\t\t<\/a>\n\t\t\t\t\t\t\t\t<\/li>\n\t\t\t\t\t\t\t\t\t\t\t\t\t\t\t<li class=\"tribe-events-c-subscribe-dropdown__list-item tribe-events-c-subscribe-dropdown__list-item--outlook-live\">\n\t\t\t\t\t\t\t\t\t<a\n\t\t\t\t\t\t\t\t\t\thref=\"\"\n\t\t\t\t\t\t\t\t\t\tclass=\"tribe-events-c-subscribe-dropdown__list-item-link\"\n\t\t\t\t\t\t\t\t\t\ttarget=\"_blank\"\n\t\t\t\t\t\t\t\t\t\trel=\"noopener noreferrer nofollow noindex\"\n\t\t\t\t\t\t\t\t\t>\n\t\t\t\t\t\t\t\t\t\tOutlook Live\t\t\t\t\t\t\t\t\t<\/a>\n\t\t\t\t\t\t\t\t<\/li>\n\t\t\t\t\t\t\t\t\t\t\t\t\t<\/ul>\n\t\t\t\t\t<\/div>\n\t\t\t\t<\/div>\n\t\t\t<\/div>\n\t\t<\/div>\n\t<\/div>\n\n","protected":false},"excerpt":{"rendered":"<p>Le programme de formation vise \u00e0 sensibiliser les chercheur.es de tous les niveaux de carri\u00e8re aux pratiques de publication responsables, ouvertes et \u00e9thiques. Les participants acquerront une compr\u00e9hension approfondie des &hellip; <\/p>\n","protected":false},"author":1002425,"featured_media":8606,"template":"","meta":{"_seopress_robots_primary_cat":"","_seopress_titles_title":"","_seopress_titles_desc":"","_seopress_robots_index":"","_uag_custom_page_level_css":"","_EventAllDay":false,"_EventTimezone":"Europe\/Zurich","_EventStartDate":"2024-06-10 13:30:00","_EventEndDate":"2024-06-10 15:00:00","_EventStartDateUTC":"2024-06-10 11:30:00","_EventEndDateUTC":"2024-06-10 13:00:00","_EventShowMap":true,"_EventShowMapLink":true,"_EventURL":"","_EventCost":"","_EventCostDescription":"","_EventCurrencySymbol":"$","_EventCurrencyCode":"USD","_EventCurrencyPosition":"prefix","_EventDateTimeSeparator":"@","_EventTimeRangeSeparator":"-","_EventOrganizerID":[],"_EventVenueID":[0],"_OrganizerEmail":"","_OrganizerPhone":"","_OrganizerWebsite":"","_VenueAddress":"","_VenueCity":"","_VenueCountry":"","_VenueProvince":"","_VenueState":"","_VenueZip":"","_VenuePhone":"","_VenueURL":"","_VenueStateProvince":"","_VenueLat":"","_VenueLng":"","_VenueShowMap":false,"_VenueShowMapLink":false,"_tribe_events_status":"","_tribe_events_status_reason":"","footnotes":""},"tags":[],"tribe_events_cat":[19484],"class_list":["post-8616","tribe_events","type-tribe_events","status-publish","has-post-thumbnail","tribe_events_cat-formations","cat_formations"],"uagb_featured_image_src":{"full":["https:\/\/wp.unil.ch\/esspace\/files\/2024\/02\/cours-servicerecherche-card.jpg",800,600,false],"thumbnail":["https:\/\/wp.unil.ch\/esspace\/files\/2024\/02\/cours-servicerecherche-card-150x150.jpg",150,150,true],"medium":["https:\/\/wp.unil.ch\/esspace\/files\/2024\/02\/cours-servicerecherche-card-300x225.jpg",300,225,true],"medium_large":["https:\/\/wp.unil.ch\/esspace\/files\/2024\/02\/cours-servicerecherche-card-768x576.jpg",735,551,true],"large":["https:\/\/wp.unil.ch\/esspace\/files\/2024\/02\/cours-servicerecherche-card.jpg",735,551,false],"1536x1536":["https:\/\/wp.unil.ch\/esspace\/files\/2024\/02\/cours-servicerecherche-card.jpg",800,600,false],"2048x2048":["https:\/\/wp.unil.ch\/esspace\/files\/2024\/02\/cours-servicerecherche-card.jpg",800,600,false],"hitmag-landscape":["https:\/\/wp.unil.ch\/esspace\/files\/2024\/02\/cours-servicerecherche-card-800x450.jpg",800,450,true],"hitmag-featured":["https:\/\/wp.unil.ch\/esspace\/files\/2024\/02\/cours-servicerecherche-card-735x400.jpg",735,400,true],"hitmag-grid":["https:\/\/wp.unil.ch\/esspace\/files\/2024\/02\/cours-servicerecherche-card-348x215.jpg",348,215,true],"hitmag-list":["https:\/\/wp.unil.ch\/esspace\/files\/2024\/02\/cours-servicerecherche-card-290x220.jpg",290,220,true],"hitmag-thumbnail":["https:\/\/wp.unil.ch\/esspace\/files\/2024\/02\/cours-servicerecherche-card-135x93.jpg",135,93,true],"gform-image-choice-sm":["https:\/\/wp.unil.ch\/esspace\/files\/2024\/02\/cours-servicerecherche-card.jpg",300,225,false],"gform-image-choice-md":["https:\/\/wp.unil.ch\/esspace\/files\/2024\/02\/cours-servicerecherche-card.jpg",400,300,false],"gform-image-choice-lg":["https:\/\/wp.unil.ch\/esspace\/files\/2024\/02\/cours-servicerecherche-card.jpg",600,450,false],"mailpoet_newsletter_max":["https:\/\/wp.unil.ch\/esspace\/files\/2024\/02\/cours-servicerecherche-card.jpg",800,600,false]},"uagb_author_info":{"display_name":"Ellina Mourtazina","author_link":"https:\/\/wp.unil.ch\/esspace\/author\/emourtaz\/"},"uagb_comment_info":0,"uagb_excerpt":"Le programme de formation vise \u00e0 sensibiliser les chercheur.es de tous les niveaux de carri\u00e8re aux pratiques de publication responsables, ouvertes et \u00e9thiques. Les participants acquerront une compr\u00e9hension approfondie des &hellip;","_links":{"self":[{"href":"https:\/\/wp.unil.ch\/esspace\/wp-json\/wp\/v2\/tribe_events\/8616","targetHints":{"allow":["GET"]}}],"collection":[{"href":"https:\/\/wp.unil.ch\/esspace\/wp-json\/wp\/v2\/tribe_events"}],"about":[{"href":"https:\/\/wp.unil.ch\/esspace\/wp-json\/wp\/v2\/types\/tribe_events"}],"author":[{"embeddable":true,"href":"https:\/\/wp.unil.ch\/esspace\/wp-json\/wp\/v2\/users\/1002425"}],"version-history":[{"count":1,"href":"https:\/\/wp.unil.ch\/esspace\/wp-json\/wp\/v2\/tribe_events\/8616\/revisions"}],"predecessor-version":[{"id":8617,"href":"https:\/\/wp.unil.ch\/esspace\/wp-json\/wp\/v2\/tribe_events\/8616\/revisions\/8617"}],"wp:featuredmedia":[{"embeddable":true,"href":"https:\/\/wp.unil.ch\/esspace\/wp-json\/wp\/v2\/media\/8606"}],"wp:attachment":[{"href":"https:\/\/wp.unil.ch\/esspace\/wp-json\/wp\/v2\/media?parent=8616"}],"wp:term":[{"taxonomy":"post_tag","embeddable":true,"href":"https:\/\/wp.unil.ch\/esspace\/wp-json\/wp\/v2\/tags?post=8616"},{"taxonomy":"tribe_events_cat","embeddable":true,"href":"https:\/\/wp.unil.ch\/esspace\/wp-json\/wp\/v2\/tribe_events_cat?post=8616"}],"curies":[{"name":"wp","href":"https:\/\/api.w.org\/{rel}","templated":true}]}}