{"id":7717,"date":"2023-03-23T11:52:32","date_gmt":"2023-03-23T10:52:32","guid":{"rendered":"https:\/\/wp.unil.ch\/esspace\/?post_type=tribe_events&#038;p=7717"},"modified":"2023-03-23T11:52:35","modified_gmt":"2023-03-23T10:52:35","slug":"fondation-dalle-molle-prix-qualite-de-la-vie","status":"publish","type":"tribe_events","link":"https:\/\/wp.unil.ch\/esspace\/event\/fondation-dalle-molle-prix-qualite-de-la-vie\/","title":{"rendered":"Fondation Dalle Molle:  Prix \u00ab\u00a0Qualit\u00e9 de la vie\u00a0\u00bb"},"content":{"rendered":"<div  class=\"tribe-events-schedule tribe-clearfix\" >\n\t<p class=\"tribe-events-schedule__datetime\">\n\t\t<span class=\"tribe-events-schedule__date tribe-events-schedule__date--start\">\n\t\t\tmai 30, 2023\t\t<\/span>\n\n\t\t\t\t\t<span class=\"tribe-events-schedule__separator tribe-events-schedule__separator--date\">\n\t\t\t\t@\t\t\t<\/span>\n\t\t\t<span class=\"tribe-events-schedule__time tribe-events-schedule__time--start\">\n\t\t\t\t8:00\t\t\t<\/span>\n\t\t\n\t\t\t\t\t\t\t\t\t<span class=\"tribe-events-schedule__separator tribe-events-schedule__separator--time\">\n\t\t\t\t\t&#8211;\t\t\t\t<\/span>\n\t\t\t\n\t\t\t\t\t\t\t<span class=\"tribe-events-schedule__time tribe-events-schedule__time--end\">\n\t\t\t\t\t17:00\t\t\t\t<\/span>\n\t\t\t\n\t\t\t\t\t\t<\/p>\n<\/div>\n\n\n\n<p>La Fondation Dalle Molle a pour but de soutenir des projets d\u2019int\u00e9r\u00eat g\u00e9n\u00e9ral, novateurs et de haute qualit\u00e9 scientifique. Elle s\u2019est \u00e9galement donn\u00e9 pour mission la promotion de la recherche appliqu\u00e9e et des r\u00e9alisations visant \u00e0 l\u2019am\u00e9lioration de la qualit\u00e9 de la vie, selon les indications laiss\u00e9es par son fondateur, l\u2019industriel italien Angelo Dalle Molle. A cet effet, La Fondation attribue, annuellement, un prix \u00e0 un ou plusieurs auteurs d\u2019une proposition de projet de recherche.<\/p>\n\n\n\n<p>plus d&rsquo;information sur le site web d\u00e9di\u00e9, <a href=\"https:\/\/dallemolle.ch\/concours\/\">ici<\/a><\/p>\n\n\n\n<figure class=\"wp-block-image size-large\"><a href=\"https:\/\/wp.unil.ch\/esspace\/files\/2023\/03\/affiche_dalle_molle_A4_FR_2023_web.jpg\"><img alt=\"\" loading=\"lazy\" decoding=\"async\" width=\"724\" height=\"1024\" src=\"https:\/\/wp.unil.ch\/esspace\/files\/2023\/03\/affiche_dalle_molle_A4_FR_2023_web-724x1024.jpg\" alt=\"\" class=\"wp-image-7718\" srcset=\"https:\/\/wp.unil.ch\/esspace\/files\/2023\/03\/affiche_dalle_molle_A4_FR_2023_web-724x1024.jpg 724w, https:\/\/wp.unil.ch\/esspace\/files\/2023\/03\/affiche_dalle_molle_A4_FR_2023_web-212x300.jpg 212w, https:\/\/wp.unil.ch\/esspace\/files\/2023\/03\/affiche_dalle_molle_A4_FR_2023_web-768x1087.jpg 768w, https:\/\/wp.unil.ch\/esspace\/files\/2023\/03\/affiche_dalle_molle_A4_FR_2023_web.jpg 826w\" sizes=\"auto, (max-width: 724px) 100vw, 724px\" \/><\/a><\/figure>\n\n\n<div  class=\"tribe-block tribe-block__event-price\" >\n\t\t<\/div>\n\n\n\n\n<div  class=\"tribe-block tribe-block__venue tribe-clearfix tribe-block__venue--has-map\" >\n\t\n\t\t\n\t<\/div>\n\n\n\n\n\t<div  class=\"tribe-block tribe-block__events-link\" >\n\t\t<div class=\"tribe-events tribe-common\">\n\t\t\t<div class=\"tribe-events-c-subscribe-dropdown__container\">\n\t\t\t\t<div class=\"tribe-events-c-subscribe-dropdown\">\n\t\t\t\t\t<div class=\"tribe-common-c-btn-border tribe-events-c-subscribe-dropdown__button\">\n\t\t\t\t\t\t<svg\n\t class=\"tribe-common-c-svgicon tribe-common-c-svgicon--cal-export tribe-events-c-subscribe-dropdown__export-icon\" \taria-hidden=\"true\"\n\tviewBox=\"0 0 23 17\"\n\txmlns=\"http:\/\/www.w3.org\/2000\/svg\"\n>\n\t<path fill-rule=\"evenodd\" clip-rule=\"evenodd\" d=\"M.128.896V16.13c0 .211.145.383.323.383h15.354c.179 0 .323-.172.323-.383V.896c0-.212-.144-.383-.323-.383H.451C.273.513.128.684.128.896Zm16 6.742h-.901V4.679H1.009v10.729h14.218v-3.336h.901V7.638ZM1.01 1.614h14.218v2.058H1.009V1.614Z\" \/>\n\t<path d=\"M20.5 9.846H8.312M18.524 6.953l2.89 2.909-2.855 2.855\" stroke-width=\"1.2\" stroke-linecap=\"round\" stroke-linejoin=\"round\"\/>\n<\/svg>\n\t\t\t\t\t\t<button\n\t\t\t\t\t\t\tclass=\"tribe-events-c-subscribe-dropdown__button-text\"\n\t\t\t\t\t\t\taria-expanded=\"false\"\n\t\t\t\t\t\t\taria-controls=\"tribe-events-subscribe-dropdown-content\"\n\t\t\t\t\t\t\taria-label=\"Afficher les liens permettant d\u2019ajouter des \u00e9v\u00e8nements \u00e0 votre calendrier\"\n\t\t\t\t\t\t>\n\t\t\t\t\t\t\tAjouter au calendrier\t\t\t\t\t\t<\/button>\n\t\t\t\t\t\t<svg\n\t class=\"tribe-common-c-svgicon tribe-common-c-svgicon--caret-down tribe-events-c-subscribe-dropdown__button-icon\" \taria-hidden=\"true\"\n\tviewBox=\"0 0 10 7\"\n\txmlns=\"http:\/\/www.w3.org\/2000\/svg\"\n>\n\t<path fill-rule=\"evenodd\" clip-rule=\"evenodd\" d=\"M1.008.609L5 4.6 8.992.61l.958.958L5 6.517.05 1.566l.958-.958z\" class=\"tribe-common-c-svgicon__svg-fill\"\/>\n<\/svg>\n\t\t\t\t\t<\/div>\n\t\t\t\t\t<div id=\"tribe-events-subscribe-dropdown-content\" class=\"tribe-events-c-subscribe-dropdown__content\">\n\t\t\t\t\t\t<ul class=\"tribe-events-c-subscribe-dropdown__list\">\n\t\t\t\t\t\t\t\t\t\t\t\t\t\t\t<li class=\"tribe-events-c-subscribe-dropdown__list-item tribe-events-c-subscribe-dropdown__list-item--gcal\">\n\t\t\t\t\t\t\t\t\t<a\n\t\t\t\t\t\t\t\t\t\thref=\"https:\/\/www.google.com\/calendar\/event?action=TEMPLATE&#038;dates=20230530T080000\/20230530T170000&#038;text=Fondation%20Dalle%20Molle%3A%20%20Prix%20%C2%AB%C2%A0Qualit%C3%A9%20de%20la%20vie%C2%A0%C2%BB&#038;details=%3Cp%3ELa+Fondation+Dalle+Molle+a+pour+but+de+soutenir+des+projets+d%E2%80%99int%C3%A9r%C3%AAt+g%C3%A9n%C3%A9ral%2C+novateurs+et+de+haute+qualit%C3%A9+scientifique.+Elle+s%E2%80%99est+%C3%A9galement+donn%C3%A9+pour+mission+la+promotion+de+la+recherche+appliqu%C3%A9e+et+des+r%C3%A9alisations+visant+%C3%A0+l%E2%80%99am%C3%A9lioration+de+la+qualit%C3%A9+de+la+vie%2C+selon+les+indications+laiss%C3%A9es+par+son+fondateur%2C+l%E2%80%99industriel+italien+Angelo+Dalle+Molle.+A+cet+effet%2C+La+Fondation+attribue%2C+annuellement%2C+un+prix+%C3%A0+un+ou+plusieurs+auteurs+d%E2%80%99une+proposition+de+projet+de+recherche.%3C%2Fp%3E+%3Cp%3Eplus+d%27information+sur+le+site+web+d%C3%A9di%C3%A9%2C+%3Ca+href%3D%22https%3A%2F%2Fdallemolle.ch%2Fconcours%2F%22%3Eici%3C%2Fa%3E%3C%2Fp%3E+%3Cfigure+class%3D%22wp-block-image+size-large%22%3E%3Ca+href%3D%22https%3A%2F%2Fwp.unil.ch%2Fesspace%2Ffiles%2F2023%2F03%2Faffiche_dalle_molle_A4_FR_2023_web.jpg%22%3E%3Cimg+src%3D%22https%3A%2F%2Fwp.unil.ch%2Fesspace%2Ffiles%2F2023%2F03%2Faffiche_dalle_molle_A4_FR_2023_web-724x1024.jpg%22+alt%3D%22%22+class%3D%22wp-image-7718%22+%2F%3E%3C%2Fa%3E%3C%2Ffigure%3E&#038;trp=false&#038;ctz=Europe\/Zurich&#038;sprop=website:https:\/\/wp.unil.ch\/esspace\"\n\t\t\t\t\t\t\t\t\t\tclass=\"tribe-events-c-subscribe-dropdown__list-item-link\"\n\t\t\t\t\t\t\t\t\t\ttarget=\"_blank\"\n\t\t\t\t\t\t\t\t\t\trel=\"noopener noreferrer nofollow noindex\"\n\t\t\t\t\t\t\t\t\t>\n\t\t\t\t\t\t\t\t\t\tGoogle Agenda\t\t\t\t\t\t\t\t\t<\/a>\n\t\t\t\t\t\t\t\t<\/li>\n\t\t\t\t\t\t\t\t\t\t\t\t\t\t\t<li class=\"tribe-events-c-subscribe-dropdown__list-item tribe-events-c-subscribe-dropdown__list-item--ical\">\n\t\t\t\t\t\t\t\t\t<a\n\t\t\t\t\t\t\t\t\t\thref=\"\"\n\t\t\t\t\t\t\t\t\t\tclass=\"tribe-events-c-subscribe-dropdown__list-item-link\"\n\t\t\t\t\t\t\t\t\t\ttarget=\"_blank\"\n\t\t\t\t\t\t\t\t\t\trel=\"noopener noreferrer nofollow noindex\"\n\t\t\t\t\t\t\t\t\t>\n\t\t\t\t\t\t\t\t\t\tiCalendar\t\t\t\t\t\t\t\t\t<\/a>\n\t\t\t\t\t\t\t\t<\/li>\n\t\t\t\t\t\t\t\t\t\t\t\t\t\t\t<li class=\"tribe-events-c-subscribe-dropdown__list-item tribe-events-c-subscribe-dropdown__list-item--outlook-365\">\n\t\t\t\t\t\t\t\t\t<a\n\t\t\t\t\t\t\t\t\t\thref=\"\"\n\t\t\t\t\t\t\t\t\t\tclass=\"tribe-events-c-subscribe-dropdown__list-item-link\"\n\t\t\t\t\t\t\t\t\t\ttarget=\"_blank\"\n\t\t\t\t\t\t\t\t\t\trel=\"noopener noreferrer nofollow noindex\"\n\t\t\t\t\t\t\t\t\t>\n\t\t\t\t\t\t\t\t\t\tOutlook 365\t\t\t\t\t\t\t\t\t<\/a>\n\t\t\t\t\t\t\t\t<\/li>\n\t\t\t\t\t\t\t\t\t\t\t\t\t\t\t<li class=\"tribe-events-c-subscribe-dropdown__list-item tribe-events-c-subscribe-dropdown__list-item--outlook-live\">\n\t\t\t\t\t\t\t\t\t<a\n\t\t\t\t\t\t\t\t\t\thref=\"\"\n\t\t\t\t\t\t\t\t\t\tclass=\"tribe-events-c-subscribe-dropdown__list-item-link\"\n\t\t\t\t\t\t\t\t\t\ttarget=\"_blank\"\n\t\t\t\t\t\t\t\t\t\trel=\"noopener noreferrer nofollow noindex\"\n\t\t\t\t\t\t\t\t\t>\n\t\t\t\t\t\t\t\t\t\tOutlook Live\t\t\t\t\t\t\t\t\t<\/a>\n\t\t\t\t\t\t\t\t<\/li>\n\t\t\t\t\t\t\t\t\t\t\t\t\t<\/ul>\n\t\t\t\t\t<\/div>\n\t\t\t\t<\/div>\n\t\t\t<\/div>\n\t\t<\/div>\n\t<\/div>\n\n","protected":false},"excerpt":{"rendered":"<p>La Fondation Dalle Molle a pour but de soutenir des projets d\u2019int\u00e9r\u00eat g\u00e9n\u00e9ral, novateurs et de haute qualit\u00e9 scientifique. Elle s\u2019est \u00e9galement donn\u00e9 pour mission la promotion de la recherche &hellip; <\/p>\n","protected":false},"author":1002425,"featured_media":0,"template":"","meta":{"_seopress_robots_primary_cat":"","_seopress_titles_title":"","_seopress_titles_desc":"","_seopress_robots_index":"","_uag_custom_page_level_css":"","_EventAllDay":false,"_EventTimezone":"Europe\/Zurich","_EventStartDate":"2023-05-30 08:00:00","_EventEndDate":"2023-05-30 17:00:00","_EventStartDateUTC":"2023-05-30 06:00:00","_EventEndDateUTC":"2023-05-30 15:00:00","_EventShowMap":true,"_EventShowMapLink":true,"_EventURL":"","_EventCost":"","_EventCostDescription":"","_EventCurrencySymbol":"$","_EventCurrencyCode":"USD","_EventCurrencyPosition":"prefix","_EventDateTimeSeparator":"@","_EventTimeRangeSeparator":"-","_EventOrganizerID":[],"_EventVenueID":[0],"_OrganizerEmail":"","_OrganizerPhone":"","_OrganizerWebsite":"","_VenueAddress":"","_VenueCity":"","_VenueCountry":"","_VenueProvince":"","_VenueState":"","_VenueZip":"","_VenuePhone":"","_VenueURL":"","_VenueStateProvince":"","_VenueLat":"","_VenueLng":"","_VenueShowMap":false,"_VenueShowMapLink":false,"_tribe_events_status":"","_tribe_events_status_reason":"","footnotes":""},"tags":[],"tribe_events_cat":[19487,19480],"class_list":["post-7717","tribe_events","type-tribe_events","status-publish","tribe_events_cat-appels-a-projets","tribe_events_cat-fondations-autres","cat_appels-a-projets","cat_fondations-autres"],"uagb_featured_image_src":{"full":false,"thumbnail":false,"medium":false,"medium_large":false,"large":false,"1536x1536":false,"2048x2048":false,"hitmag-landscape":false,"hitmag-featured":false,"hitmag-grid":false,"hitmag-list":false,"hitmag-thumbnail":false,"gform-image-choice-sm":false,"gform-image-choice-md":false,"gform-image-choice-lg":false,"mailpoet_newsletter_max":false},"uagb_author_info":{"display_name":"Ellina Mourtazina","author_link":"https:\/\/wp.unil.ch\/esspace\/author\/emourtaz\/"},"uagb_comment_info":0,"uagb_excerpt":"La Fondation Dalle Molle a pour but de soutenir des projets d\u2019int\u00e9r\u00eat g\u00e9n\u00e9ral, novateurs et de haute qualit\u00e9 scientifique. Elle s\u2019est \u00e9galement donn\u00e9 pour mission la promotion de la recherche &hellip;","_links":{"self":[{"href":"https:\/\/wp.unil.ch\/esspace\/wp-json\/wp\/v2\/tribe_events\/7717","targetHints":{"allow":["GET"]}}],"collection":[{"href":"https:\/\/wp.unil.ch\/esspace\/wp-json\/wp\/v2\/tribe_events"}],"about":[{"href":"https:\/\/wp.unil.ch\/esspace\/wp-json\/wp\/v2\/types\/tribe_events"}],"author":[{"embeddable":true,"href":"https:\/\/wp.unil.ch\/esspace\/wp-json\/wp\/v2\/users\/1002425"}],"version-history":[{"count":1,"href":"https:\/\/wp.unil.ch\/esspace\/wp-json\/wp\/v2\/tribe_events\/7717\/revisions"}],"predecessor-version":[{"id":7719,"href":"https:\/\/wp.unil.ch\/esspace\/wp-json\/wp\/v2\/tribe_events\/7717\/revisions\/7719"}],"wp:attachment":[{"href":"https:\/\/wp.unil.ch\/esspace\/wp-json\/wp\/v2\/media?parent=7717"}],"wp:term":[{"taxonomy":"post_tag","embeddable":true,"href":"https:\/\/wp.unil.ch\/esspace\/wp-json\/wp\/v2\/tags?post=7717"},{"taxonomy":"tribe_events_cat","embeddable":true,"href":"https:\/\/wp.unil.ch\/esspace\/wp-json\/wp\/v2\/tribe_events_cat?post=7717"}],"curies":[{"name":"wp","href":"https:\/\/api.w.org\/{rel}","templated":true}]}}