{"id":7688,"date":"2023-03-10T10:45:52","date_gmt":"2023-03-10T09:45:52","guid":{"rendered":"https:\/\/wp.unil.ch\/esspace\/?post_type=tribe_events&#038;p=7688"},"modified":"2023-03-10T10:52:02","modified_gmt":"2023-03-10T09:52:02","slug":"appel-a-projets-pour-les-ecoles-dete-2024-et-dhiver-2025","status":"publish","type":"tribe_events","link":"https:\/\/wp.unil.ch\/esspace\/event\/appel-a-projets-pour-les-ecoles-dete-2024-et-dhiver-2025\/","title":{"rendered":"Appel \u00e0 projets pour les \u00e9coles d\u2019\u00e9t\u00e9 2024 et d\u2019hiver 2025"},"content":{"rendered":"<div  class=\"tribe-events-schedule tribe-clearfix\" >\n\t<p class=\"tribe-events-schedule__datetime\">\n\t\t<span class=\"tribe-events-schedule__date tribe-events-schedule__date--start\">\n\t\t\tmai 16, 2023\t\t<\/span>\n\n\t\t\t\t\t<span class=\"tribe-events-schedule__separator tribe-events-schedule__separator--date\">\n\t\t\t\t@\t\t\t<\/span>\n\t\t\t<span class=\"tribe-events-schedule__time tribe-events-schedule__time--start\">\n\t\t\t\t8:00\t\t\t<\/span>\n\t\t\n\t\t\t\t\t\t\t\t\t<span class=\"tribe-events-schedule__separator tribe-events-schedule__separator--time\">\n\t\t\t\t\t&#8211;\t\t\t\t<\/span>\n\t\t\t\n\t\t\t\t\t\t\t<span class=\"tribe-events-schedule__time tribe-events-schedule__time--end\">\n\t\t\t\t\t17:00\t\t\t\t<\/span>\n\t\t\t\n\t\t\t\t\t\t<\/p>\n<\/div>\n\n\n\n<p><strong>Afin de renforcer la visibilit\u00e9 de l\u2019UNIL dans le paysage acad\u00e9mique international et de mettre en valeur l\u2019excellence de sa recherche et de son enseignement, le Service des relations internationales (SRI) lance un nouvel appel pour la mise sur pied d&rsquo;\u00e9coles d\u2019\u00e9t\u00e9 ou d\u2019hiver.<\/strong><\/p>\n\n\n\n<h4 class=\"wp-block-heading\">Financement<\/h4>\n\n\n\n<p>Le fonds de soutien mis en place vise en particulier \u00e0 :<\/p>\n\n\n\n<ul class=\"wp-block-list\">\n<li>faire \u00e9merger des projets d\u2019\u00e9coles d\u2019\u00e9t\u00e9 ou d\u2019hiver internationales port\u00e9s par des membres du corps enseignant UNIL;&nbsp;<\/li>\n\n\n\n<li>offrir une impulsion financi\u00e8re \u00e0 des projets qui entendent se p\u00e9renniser ;&nbsp;<\/li>\n\n\n\n<li>compl\u00e9ter l\u2019aide apport\u00e9e par le SRI, en ajoutant un volet financier au soutien en termes de conseil et d\u2019organisation pratique&nbsp;;&nbsp;<\/li>\n\n\n\n<li>r\u00e9duire le montant des frais d\u2019inscription, favorisant ainsi la participation, indicatrice principale du succ\u00e8s du projet.&nbsp;<\/li>\n<\/ul>\n\n\n\n<p>Le fonds de soutien aux \u00e9coles d\u2019\u00e9t\u00e9 et d\u2019hiver financera des projets \u00e0 hauteur de CHF 5&rsquo;000.- maximum pour des programmes d\u2019une semaine et de CHF 7&rsquo;000.- maximum pour des projets de deux semaines.&nbsp;<\/p>\n\n\n\n<p>Plus d&rsquo;information,<a href=\"https:\/\/news.unil.ch\/display\/1678108018671\"> ici<\/a>.<\/p>\n\n\n<div  class=\"tribe-block tribe-block__event-price\" >\n\t\t<\/div>\n\n\n\n\n<div  class=\"tribe-block tribe-block__venue tribe-clearfix tribe-block__venue--has-map\" >\n\t\n\t\t\n\t<\/div>\n\n\n\n\n\t<div  class=\"tribe-block tribe-block__events-link\" >\n\t\t<div class=\"tribe-events tribe-common\">\n\t\t\t<div class=\"tribe-events-c-subscribe-dropdown__container\">\n\t\t\t\t<div class=\"tribe-events-c-subscribe-dropdown\">\n\t\t\t\t\t<div class=\"tribe-common-c-btn-border tribe-events-c-subscribe-dropdown__button\">\n\t\t\t\t\t\t<svg\n\t class=\"tribe-common-c-svgicon tribe-common-c-svgicon--cal-export tribe-events-c-subscribe-dropdown__export-icon\" \taria-hidden=\"true\"\n\tviewBox=\"0 0 23 17\"\n\txmlns=\"http:\/\/www.w3.org\/2000\/svg\"\n>\n\t<path fill-rule=\"evenodd\" clip-rule=\"evenodd\" d=\"M.128.896V16.13c0 .211.145.383.323.383h15.354c.179 0 .323-.172.323-.383V.896c0-.212-.144-.383-.323-.383H.451C.273.513.128.684.128.896Zm16 6.742h-.901V4.679H1.009v10.729h14.218v-3.336h.901V7.638ZM1.01 1.614h14.218v2.058H1.009V1.614Z\" \/>\n\t<path d=\"M20.5 9.846H8.312M18.524 6.953l2.89 2.909-2.855 2.855\" stroke-width=\"1.2\" stroke-linecap=\"round\" stroke-linejoin=\"round\"\/>\n<\/svg>\n\t\t\t\t\t\t<button\n\t\t\t\t\t\t\tclass=\"tribe-events-c-subscribe-dropdown__button-text\"\n\t\t\t\t\t\t\taria-expanded=\"false\"\n\t\t\t\t\t\t\taria-controls=\"tribe-events-subscribe-dropdown-content\"\n\t\t\t\t\t\t\taria-label=\"Afficher les liens permettant d\u2019ajouter des \u00e9v\u00e8nements \u00e0 votre calendrier\"\n\t\t\t\t\t\t>\n\t\t\t\t\t\t\tAjouter au calendrier\t\t\t\t\t\t<\/button>\n\t\t\t\t\t\t<svg\n\t class=\"tribe-common-c-svgicon tribe-common-c-svgicon--caret-down tribe-events-c-subscribe-dropdown__button-icon\" \taria-hidden=\"true\"\n\tviewBox=\"0 0 10 7\"\n\txmlns=\"http:\/\/www.w3.org\/2000\/svg\"\n>\n\t<path fill-rule=\"evenodd\" clip-rule=\"evenodd\" d=\"M1.008.609L5 4.6 8.992.61l.958.958L5 6.517.05 1.566l.958-.958z\" class=\"tribe-common-c-svgicon__svg-fill\"\/>\n<\/svg>\n\t\t\t\t\t<\/div>\n\t\t\t\t\t<div id=\"tribe-events-subscribe-dropdown-content\" class=\"tribe-events-c-subscribe-dropdown__content\">\n\t\t\t\t\t\t<ul class=\"tribe-events-c-subscribe-dropdown__list\">\n\t\t\t\t\t\t\t\t\t\t\t\t\t\t\t<li class=\"tribe-events-c-subscribe-dropdown__list-item tribe-events-c-subscribe-dropdown__list-item--gcal\">\n\t\t\t\t\t\t\t\t\t<a\n\t\t\t\t\t\t\t\t\t\thref=\"https:\/\/www.google.com\/calendar\/event?action=TEMPLATE&#038;dates=20230516T080000\/20230516T170000&#038;text=Appel%20%C3%A0%20projets%20pour%20les%20%C3%A9coles%20d%E2%80%99%C3%A9t%C3%A9%202024%20et%20d%E2%80%99hiver%202025&#038;details=%3Cp%3E%3Cstrong%3EAfin+de+renforcer+la+visibilit%C3%A9+de+l%E2%80%99UNIL+dans+le+paysage+acad%C3%A9mique+international+et+de+mettre+en+valeur+l%E2%80%99excellence+de+sa+recherche+et+de+son+enseignement%2C+le+Service+des+relations+internationales+%28SRI%29+lance+un+nouvel+appel+pour+la+mise+sur+pied+d%27%C3%A9coles+d%E2%80%99%C3%A9t%C3%A9+ou+d%E2%80%99hiver.%3C%2Fstrong%3E%3C%2Fp%3E+%3Ch4%3EFinancement%3C%2Fh4%3E%3Cp%3ELe+fonds+de+soutien+mis+en+place+vise+en+particulier+%C3%A0+%3A%3C%2Fp%3E+%3Cul%3E%3Cli%3Efaire+%C3%A9merger+des+projets+d%E2%80%99%C3%A9coles+d%E2%80%99%C3%A9t%C3%A9+ou+d%E2%80%99hiver+internationales+port%C3%A9s+par+des+membres+du+corps+enseignant+UNIL%3B%26nbsp%3B%3C%2Fli%3E%3Cli%3Eoffrir+une+impulsion+financi%C3%A8re+%C3%A0+des+projets+qui+entendent+se+p%C3%A9renniser+%3B%26nbsp%3B%3C%2Fli%3E%3Cli%3Ecompl%C3%A9ter+l%E2%80%99aide+apport%C3%A9e+par+le+SRI%2C+en+ajoutant+un+volet+financier+au+soutien+en+termes+de+conseil+et+d%E2%80%99organisation+pratique%26nbsp%3B%3B%26nbsp%3B%3C%2Fli%3E%3Cli%3Er%C3%A9duire+le+montant+des+frais+d%E2%80%99inscription%2C+favorisant+ainsi+la+participation%2C+indicatrice+principale+du+succ%C3%A8s+du+projet.%26nbsp%3B%3C%2Fli%3E%3C%2Ful%3E%3Cp%3ELe+fonds+de+soutien+a%3C%2Fp%3E%28Voir+toute+la+description+de+%C3%A9v%C3%A8nement+ici%C2%A0%3A+https%3A%2F%2Fwp.unil.ch%2Fesspace%2Fevent%2Fappel-a-projets-pour-les-ecoles-dete-2024-et-dhiver-2025%2F%29&#038;trp=false&#038;ctz=Europe\/Zurich&#038;sprop=website:https:\/\/wp.unil.ch\/esspace\"\n\t\t\t\t\t\t\t\t\t\tclass=\"tribe-events-c-subscribe-dropdown__list-item-link\"\n\t\t\t\t\t\t\t\t\t\ttarget=\"_blank\"\n\t\t\t\t\t\t\t\t\t\trel=\"noopener noreferrer nofollow noindex\"\n\t\t\t\t\t\t\t\t\t>\n\t\t\t\t\t\t\t\t\t\tGoogle Agenda\t\t\t\t\t\t\t\t\t<\/a>\n\t\t\t\t\t\t\t\t<\/li>\n\t\t\t\t\t\t\t\t\t\t\t\t\t\t\t<li class=\"tribe-events-c-subscribe-dropdown__list-item tribe-events-c-subscribe-dropdown__list-item--ical\">\n\t\t\t\t\t\t\t\t\t<a\n\t\t\t\t\t\t\t\t\t\thref=\"\"\n\t\t\t\t\t\t\t\t\t\tclass=\"tribe-events-c-subscribe-dropdown__list-item-link\"\n\t\t\t\t\t\t\t\t\t\ttarget=\"_blank\"\n\t\t\t\t\t\t\t\t\t\trel=\"noopener noreferrer nofollow noindex\"\n\t\t\t\t\t\t\t\t\t>\n\t\t\t\t\t\t\t\t\t\tiCalendar\t\t\t\t\t\t\t\t\t<\/a>\n\t\t\t\t\t\t\t\t<\/li>\n\t\t\t\t\t\t\t\t\t\t\t\t\t\t\t<li class=\"tribe-events-c-subscribe-dropdown__list-item tribe-events-c-subscribe-dropdown__list-item--outlook-365\">\n\t\t\t\t\t\t\t\t\t<a\n\t\t\t\t\t\t\t\t\t\thref=\"\"\n\t\t\t\t\t\t\t\t\t\tclass=\"tribe-events-c-subscribe-dropdown__list-item-link\"\n\t\t\t\t\t\t\t\t\t\ttarget=\"_blank\"\n\t\t\t\t\t\t\t\t\t\trel=\"noopener noreferrer nofollow noindex\"\n\t\t\t\t\t\t\t\t\t>\n\t\t\t\t\t\t\t\t\t\tOutlook 365\t\t\t\t\t\t\t\t\t<\/a>\n\t\t\t\t\t\t\t\t<\/li>\n\t\t\t\t\t\t\t\t\t\t\t\t\t\t\t<li class=\"tribe-events-c-subscribe-dropdown__list-item tribe-events-c-subscribe-dropdown__list-item--outlook-live\">\n\t\t\t\t\t\t\t\t\t<a\n\t\t\t\t\t\t\t\t\t\thref=\"\"\n\t\t\t\t\t\t\t\t\t\tclass=\"tribe-events-c-subscribe-dropdown__list-item-link\"\n\t\t\t\t\t\t\t\t\t\ttarget=\"_blank\"\n\t\t\t\t\t\t\t\t\t\trel=\"noopener noreferrer nofollow noindex\"\n\t\t\t\t\t\t\t\t\t>\n\t\t\t\t\t\t\t\t\t\tOutlook Live\t\t\t\t\t\t\t\t\t<\/a>\n\t\t\t\t\t\t\t\t<\/li>\n\t\t\t\t\t\t\t\t\t\t\t\t\t<\/ul>\n\t\t\t\t\t<\/div>\n\t\t\t\t<\/div>\n\t\t\t<\/div>\n\t\t<\/div>\n\t<\/div>\n\n","protected":false},"excerpt":{"rendered":"<p>Afin de renforcer la visibilit\u00e9 de l\u2019UNIL dans le paysage acad\u00e9mique international et de mettre en valeur l\u2019excellence de sa recherche et de son enseignement, le Service des relations internationales &hellip; <\/p>\n","protected":false},"author":1002425,"featured_media":0,"template":"","meta":{"_seopress_robots_primary_cat":"","_seopress_titles_title":"","_seopress_titles_desc":"","_seopress_robots_index":"","_uag_custom_page_level_css":"","_EventAllDay":false,"_EventTimezone":"Europe\/Zurich","_EventStartDate":"2023-05-16 08:00:00","_EventEndDate":"2023-05-16 17:00:00","_EventStartDateUTC":"2023-05-16 06:00:00","_EventEndDateUTC":"2023-05-16 15:00:00","_EventShowMap":true,"_EventShowMapLink":true,"_EventURL":"","_EventCost":"","_EventCostDescription":"","_EventCurrencySymbol":"$","_EventCurrencyCode":"USD","_EventCurrencyPosition":"prefix","_EventDateTimeSeparator":"@","_EventTimeRangeSeparator":"-","_EventOrganizerID":[],"_EventVenueID":[0],"_OrganizerEmail":"","_OrganizerPhone":"","_OrganizerWebsite":"","_VenueAddress":"","_VenueCity":"","_VenueCountry":"","_VenueProvince":"","_VenueState":"","_VenueZip":"","_VenuePhone":"","_VenueURL":"","_VenueStateProvince":"","_VenueLat":"","_VenueLng":"","_VenueShowMap":false,"_VenueShowMapLink":false,"_tribe_events_status":"","_tribe_events_status_reason":"","footnotes":""},"tags":[],"tribe_events_cat":[19487,19477],"class_list":["post-7688","tribe_events","type-tribe_events","status-publish","tribe_events_cat-appels-a-projets","tribe_events_cat-unil","cat_appels-a-projets","cat_unil"],"uagb_featured_image_src":{"full":false,"thumbnail":false,"medium":false,"medium_large":false,"large":false,"1536x1536":false,"2048x2048":false,"hitmag-landscape":false,"hitmag-featured":false,"hitmag-grid":false,"hitmag-list":false,"hitmag-thumbnail":false,"gform-image-choice-sm":false,"gform-image-choice-md":false,"gform-image-choice-lg":false,"mailpoet_newsletter_max":false},"uagb_author_info":{"display_name":"Ellina Mourtazina","author_link":"https:\/\/wp.unil.ch\/esspace\/author\/emourtaz\/"},"uagb_comment_info":0,"uagb_excerpt":"Afin de renforcer la visibilit\u00e9 de l\u2019UNIL dans le paysage acad\u00e9mique international et de mettre en valeur l\u2019excellence de sa recherche et de son enseignement, le Service des relations internationales &hellip;","_links":{"self":[{"href":"https:\/\/wp.unil.ch\/esspace\/wp-json\/wp\/v2\/tribe_events\/7688","targetHints":{"allow":["GET"]}}],"collection":[{"href":"https:\/\/wp.unil.ch\/esspace\/wp-json\/wp\/v2\/tribe_events"}],"about":[{"href":"https:\/\/wp.unil.ch\/esspace\/wp-json\/wp\/v2\/types\/tribe_events"}],"author":[{"embeddable":true,"href":"https:\/\/wp.unil.ch\/esspace\/wp-json\/wp\/v2\/users\/1002425"}],"version-history":[{"count":2,"href":"https:\/\/wp.unil.ch\/esspace\/wp-json\/wp\/v2\/tribe_events\/7688\/revisions"}],"predecessor-version":[{"id":7690,"href":"https:\/\/wp.unil.ch\/esspace\/wp-json\/wp\/v2\/tribe_events\/7688\/revisions\/7690"}],"wp:attachment":[{"href":"https:\/\/wp.unil.ch\/esspace\/wp-json\/wp\/v2\/media?parent=7688"}],"wp:term":[{"taxonomy":"post_tag","embeddable":true,"href":"https:\/\/wp.unil.ch\/esspace\/wp-json\/wp\/v2\/tags?post=7688"},{"taxonomy":"tribe_events_cat","embeddable":true,"href":"https:\/\/wp.unil.ch\/esspace\/wp-json\/wp\/v2\/tribe_events_cat?post=7688"}],"curies":[{"name":"wp","href":"https:\/\/api.w.org\/{rel}","templated":true}]}}