{"id":7661,"date":"2023-03-01T14:56:42","date_gmt":"2023-03-01T13:56:42","guid":{"rendered":"https:\/\/wp.unil.ch\/esspace\/?post_type=tribe_events&#038;p=7661"},"modified":"2023-03-01T14:56:45","modified_gmt":"2023-03-01T13:56:45","slug":"migros-vaud-grand-prix-pour-un-projet-innovant-portant-sur-lengagement-societal-culturel-ou-durable-2","status":"publish","type":"tribe_events","link":"https:\/\/wp.unil.ch\/esspace\/event\/migros-vaud-grand-prix-pour-un-projet-innovant-portant-sur-lengagement-societal-culturel-ou-durable-2\/","title":{"rendered":"Migros Vaud Grand Prix: pour un projet innovant portant sur l\u2019engagement soci\u00e9tal, culturel ou durable"},"content":{"rendered":"<div  class=\"tribe-events-schedule tribe-clearfix\" >\n\t<p class=\"tribe-events-schedule__datetime\">\n\t\t<span class=\"tribe-events-schedule__date tribe-events-schedule__date--start\">\n\t\t\tmai 1, 2023\t\t<\/span>\n\n\t\t\t\t\t<span class=\"tribe-events-schedule__separator tribe-events-schedule__separator--date\">\n\t\t\t\t@\t\t\t<\/span>\n\t\t\t<span class=\"tribe-events-schedule__time tribe-events-schedule__time--start\">\n\t\t\t\t8:00\t\t\t<\/span>\n\t\t\n\t\t\t\t\t\t\t\t\t<span class=\"tribe-events-schedule__separator tribe-events-schedule__separator--time\">\n\t\t\t\t\t&#8211;\t\t\t\t<\/span>\n\t\t\t\n\t\t\t\t\t\t\t<span class=\"tribe-events-schedule__time tribe-events-schedule__time--end\">\n\t\t\t\t\t17:00\t\t\t\t<\/span>\n\t\t\t\n\t\t\t\t\t\t<\/p>\n<\/div>\n\n\n\n<p>La Soci\u00e9t\u00e9 Coop\u00e9rative Migros Vaud souhaite offrir un grand prix annuel qui r\u00e9compense des projets en cours de r\u00e9alisation ou \u00e0 venir, apportant des id\u00e9es innovantes et originales, avec une plus-value pour les b\u00e9n\u00e9ficiaires ou les usagers. Les domaines o\u00f9 se d\u00e9veloppent ces projets peuvent \u00eatre la culture, le d\u00e9veloppement durable, l\u2019int\u00e9gration, le vivre ensemble, la sant\u00e9 ou l\u2019innovation technologique<\/p>\n\n\n\n<p><strong>Culture<\/strong><br>Projets artistiques innovants par exemple dans le rapport au public, dans les m\u00e9thodologies<br>de cr\u00e9ativit\u00e9, dans l\u2019utilisation d\u2019innovations technologiques et\/ou l\u2019usage de produit ou<br>service in\u00e9dits, dans la collaboration ou les synergies multidisciplinaires et intersectorielles,<br>dans les formats.<br><strong>Soci\u00e9t\u00e9<\/strong><br>Apporter des r\u00e9ponses nouvelles aux besoins sociaux :<br>\u2022 Des projets cr\u00e9ant par exemple du lien entre les personnes, activant un sentiment<br>d\u2019appartenance, favorisant les interactions, cr\u00e9ant des conditions propices pour<br>am\u00e9liorer, de fa\u00e7on durable, la qualit\u00e9 de vie et les liens sociaux ; cr\u00e9ations de<br>communaut\u00e9s dynamiques et proactives.<br>\u2022 Des projet favorisant le mieux-\u00eatre destin\u00e9 au plus grand nombre, sensibilisant les<br>personnes \u00e0 une vie \u00e9quilibr\u00e9e et responsable.<br><strong>Durabilit\u00e9<\/strong><br>\u2022 D\u00e9veloppement durable : des projets proposant des solutions de durabilit\u00e9 dans la vie<br>quotidienne, l\u2019industrie, les transports, l\u2019agriculture, les communes, les services.<br>\u2022 Innovation technologique : des projets proposant des avanc\u00e9es technologiques visant \u00e0<br>apporter des solutions durables (par exemple dans les domaines de l\u2019\u00e9nergie, la sant\u00e9,<br>l\u2019alimentation, etc.) au b\u00e9n\u00e9fice du plus grand nombre.<\/p>\n\n\n\n<p><strong>Le Grand Prix est dot\u00e9 d&rsquo;un montant de 30&rsquo;000CHF<\/strong><\/p>\n\n\n\n<p>Pour plus d&rsquo;informations, merci de consulter le <a href=\"https:\/\/\/Users\/ellina\/Downloads\/reglement-le-grand-prix-de-migros-vaud-2023.pdf\">r\u00e8glement<\/a> et <a href=\"https:\/\/vaud.migros.ch\/fr\/presse\/show\/news\/communiques\/2023\/Grand-Prix-Migros-Vaud~id=c09d746e-ec98-4877-9025-697b00f59fc2~.html\">la page web d\u00e9di\u00e9e<\/a><\/p>\n\n\n<div  class=\"tribe-block tribe-block__event-price\" >\n\t\t<\/div>\n\n\n\n\n<div  class=\"tribe-block tribe-block__venue tribe-clearfix tribe-block__venue--has-map\" >\n\t\n\t\t\n\t<\/div>\n\n\n\n\n\t<div  class=\"tribe-block tribe-block__events-link\" >\n\t\t<div class=\"tribe-events tribe-common\">\n\t\t\t<div class=\"tribe-events-c-subscribe-dropdown__container\">\n\t\t\t\t<div class=\"tribe-events-c-subscribe-dropdown\">\n\t\t\t\t\t<div class=\"tribe-common-c-btn-border tribe-events-c-subscribe-dropdown__button\">\n\t\t\t\t\t\t<svg\n\t class=\"tribe-common-c-svgicon tribe-common-c-svgicon--cal-export tribe-events-c-subscribe-dropdown__export-icon\" \taria-hidden=\"true\"\n\tviewBox=\"0 0 23 17\"\n\txmlns=\"http:\/\/www.w3.org\/2000\/svg\"\n>\n\t<path fill-rule=\"evenodd\" clip-rule=\"evenodd\" d=\"M.128.896V16.13c0 .211.145.383.323.383h15.354c.179 0 .323-.172.323-.383V.896c0-.212-.144-.383-.323-.383H.451C.273.513.128.684.128.896Zm16 6.742h-.901V4.679H1.009v10.729h14.218v-3.336h.901V7.638ZM1.01 1.614h14.218v2.058H1.009V1.614Z\" \/>\n\t<path d=\"M20.5 9.846H8.312M18.524 6.953l2.89 2.909-2.855 2.855\" stroke-width=\"1.2\" stroke-linecap=\"round\" stroke-linejoin=\"round\"\/>\n<\/svg>\n\t\t\t\t\t\t<button\n\t\t\t\t\t\t\tclass=\"tribe-events-c-subscribe-dropdown__button-text\"\n\t\t\t\t\t\t\taria-expanded=\"false\"\n\t\t\t\t\t\t\taria-controls=\"tribe-events-subscribe-dropdown-content\"\n\t\t\t\t\t\t\taria-label=\"Afficher les liens permettant d\u2019ajouter des \u00e9v\u00e8nements \u00e0 votre calendrier\"\n\t\t\t\t\t\t>\n\t\t\t\t\t\t\tAjouter au calendrier\t\t\t\t\t\t<\/button>\n\t\t\t\t\t\t<svg\n\t class=\"tribe-common-c-svgicon tribe-common-c-svgicon--caret-down tribe-events-c-subscribe-dropdown__button-icon\" \taria-hidden=\"true\"\n\tviewBox=\"0 0 10 7\"\n\txmlns=\"http:\/\/www.w3.org\/2000\/svg\"\n>\n\t<path fill-rule=\"evenodd\" clip-rule=\"evenodd\" d=\"M1.008.609L5 4.6 8.992.61l.958.958L5 6.517.05 1.566l.958-.958z\" class=\"tribe-common-c-svgicon__svg-fill\"\/>\n<\/svg>\n\t\t\t\t\t<\/div>\n\t\t\t\t\t<div id=\"tribe-events-subscribe-dropdown-content\" class=\"tribe-events-c-subscribe-dropdown__content\">\n\t\t\t\t\t\t<ul class=\"tribe-events-c-subscribe-dropdown__list\">\n\t\t\t\t\t\t\t\t\t\t\t\t\t\t\t<li class=\"tribe-events-c-subscribe-dropdown__list-item tribe-events-c-subscribe-dropdown__list-item--gcal\">\n\t\t\t\t\t\t\t\t\t<a\n\t\t\t\t\t\t\t\t\t\thref=\"https:\/\/www.google.com\/calendar\/event?action=TEMPLATE&#038;dates=20230501T080000\/20230501T170000&#038;text=Migros%20Vaud%20Grand%20Prix%3A%20pour%20un%20projet%20innovant%20portant%20sur%20l%E2%80%99engagement%20soci%C3%A9tal%2C%20culturel%20ou%20durable&#038;details=%3Cp%3ELa+Soci%C3%A9t%C3%A9+Coop%C3%A9rative+Migros+Vaud+souhaite+offrir+un+grand+prix+annuel+qui+r%C3%A9compense+des+projets+en+cours+de+r%C3%A9alisation+ou+%C3%A0+venir%2C+apportant+des+id%C3%A9es+innovantes+et+originales%2C+avec+une+plus-value+pour+les+b%C3%A9n%C3%A9ficiaires+ou+les+usagers.+Les+domaines+o%C3%B9+se+d%C3%A9veloppent+ces+projets+peuvent+%C3%AAtre+la+culture%2C+le+d%C3%A9veloppement+durable%2C+l%E2%80%99int%C3%A9gration%2C+le+vivre+ensemble%2C+la+sant%C3%A9+ou+l%E2%80%99innovation+technologique%3C%2Fp%3E+%3Cp%3E%3Cstrong%3ECulture%3C%2Fstrong%3E%3Cbr+%2F%3EProjets+artistiques+innovants+par+exemple+dans+le+rapport+au+public%2C+dans+les+m%C3%A9thodologies%3Cbr+%2F%3Ede+cr%C3%A9ativit%C3%A9%2C+dans+l%E2%80%99utilisation+d%E2%80%99innovations+technologiques+et%2Fou+l%E2%80%99usage+de+produit+ou%3Cbr+%2F%3Eservice+in%C3%A9dits%2C+dans+la+collaboration+ou+les+synergies+multidisciplinaires+et+intersectorielles%2C%3Cbr+%2F%3Edans+les+formats.%3Cbr+%2F%3E%3Cstrong%3ESoci%C3%A9t%C3%A9%3C%2Fstrong%3E%3Cbr+%2F%3EApporter+des+r%C3%A9ponses+nouvelles+aux+besoins+sociaux+%3A%3Cbr+%2F%3E%E2%80%A2+Des+projets+cr%C3%A9ant+par+exemple+du+lien+entre+les+personnes%2C+activant+un+sentiment%3Cbr+%2F%3Ed%E2%80%99appartenance%2C+favorisa%3C%2Fp%3E%28Voir+toute+la+description+de+%C3%A9v%C3%A8nement+ici%C2%A0%3A+https%3A%2F%2Fwp.unil.ch%2Fesspace%2Fevent%2Fmigros-vaud-grand-prix-pour-un-projet-innovant-portant-sur-lengagement-societal-culturel-ou-durable-2%2F%29&#038;trp=false&#038;ctz=Europe\/Zurich&#038;sprop=website:https:\/\/wp.unil.ch\/esspace\"\n\t\t\t\t\t\t\t\t\t\tclass=\"tribe-events-c-subscribe-dropdown__list-item-link\"\n\t\t\t\t\t\t\t\t\t\ttarget=\"_blank\"\n\t\t\t\t\t\t\t\t\t\trel=\"noopener noreferrer nofollow noindex\"\n\t\t\t\t\t\t\t\t\t>\n\t\t\t\t\t\t\t\t\t\tGoogle Agenda\t\t\t\t\t\t\t\t\t<\/a>\n\t\t\t\t\t\t\t\t<\/li>\n\t\t\t\t\t\t\t\t\t\t\t\t\t\t\t<li class=\"tribe-events-c-subscribe-dropdown__list-item tribe-events-c-subscribe-dropdown__list-item--ical\">\n\t\t\t\t\t\t\t\t\t<a\n\t\t\t\t\t\t\t\t\t\thref=\"\"\n\t\t\t\t\t\t\t\t\t\tclass=\"tribe-events-c-subscribe-dropdown__list-item-link\"\n\t\t\t\t\t\t\t\t\t\ttarget=\"_blank\"\n\t\t\t\t\t\t\t\t\t\trel=\"noopener noreferrer nofollow noindex\"\n\t\t\t\t\t\t\t\t\t>\n\t\t\t\t\t\t\t\t\t\tiCalendar\t\t\t\t\t\t\t\t\t<\/a>\n\t\t\t\t\t\t\t\t<\/li>\n\t\t\t\t\t\t\t\t\t\t\t\t\t\t\t<li class=\"tribe-events-c-subscribe-dropdown__list-item tribe-events-c-subscribe-dropdown__list-item--outlook-365\">\n\t\t\t\t\t\t\t\t\t<a\n\t\t\t\t\t\t\t\t\t\thref=\"\"\n\t\t\t\t\t\t\t\t\t\tclass=\"tribe-events-c-subscribe-dropdown__list-item-link\"\n\t\t\t\t\t\t\t\t\t\ttarget=\"_blank\"\n\t\t\t\t\t\t\t\t\t\trel=\"noopener noreferrer nofollow noindex\"\n\t\t\t\t\t\t\t\t\t>\n\t\t\t\t\t\t\t\t\t\tOutlook 365\t\t\t\t\t\t\t\t\t<\/a>\n\t\t\t\t\t\t\t\t<\/li>\n\t\t\t\t\t\t\t\t\t\t\t\t\t\t\t<li class=\"tribe-events-c-subscribe-dropdown__list-item tribe-events-c-subscribe-dropdown__list-item--outlook-live\">\n\t\t\t\t\t\t\t\t\t<a\n\t\t\t\t\t\t\t\t\t\thref=\"\"\n\t\t\t\t\t\t\t\t\t\tclass=\"tribe-events-c-subscribe-dropdown__list-item-link\"\n\t\t\t\t\t\t\t\t\t\ttarget=\"_blank\"\n\t\t\t\t\t\t\t\t\t\trel=\"noopener noreferrer nofollow noindex\"\n\t\t\t\t\t\t\t\t\t>\n\t\t\t\t\t\t\t\t\t\tOutlook Live\t\t\t\t\t\t\t\t\t<\/a>\n\t\t\t\t\t\t\t\t<\/li>\n\t\t\t\t\t\t\t\t\t\t\t\t\t<\/ul>\n\t\t\t\t\t<\/div>\n\t\t\t\t<\/div>\n\t\t\t<\/div>\n\t\t<\/div>\n\t<\/div>\n\n","protected":false},"excerpt":{"rendered":"<p>La Soci\u00e9t\u00e9 Coop\u00e9rative Migros Vaud souhaite offrir un grand prix annuel qui r\u00e9compense des projets en cours de r\u00e9alisation ou \u00e0 venir, apportant des id\u00e9es innovantes et originales, avec une &hellip; <\/p>\n","protected":false},"author":1002425,"featured_media":0,"template":"","meta":{"_seopress_robots_primary_cat":"","_seopress_titles_title":"","_seopress_titles_desc":"","_seopress_robots_index":"","_uag_custom_page_level_css":"","_EventAllDay":false,"_EventTimezone":"Europe\/Zurich","_EventStartDate":"2023-05-01 08:00:00","_EventEndDate":"2023-05-01 17:00:00","_EventStartDateUTC":"2023-05-01 06:00:00","_EventEndDateUTC":"2023-05-01 15:00:00","_EventShowMap":true,"_EventShowMapLink":true,"_EventURL":"","_EventCost":"","_EventCostDescription":"","_EventCurrencySymbol":"$","_EventCurrencyCode":"USD","_EventCurrencyPosition":"prefix","_EventDateTimeSeparator":"@","_EventTimeRangeSeparator":"-","_EventOrganizerID":[],"_EventVenueID":[0],"_OrganizerEmail":"","_OrganizerPhone":"","_OrganizerWebsite":"","_VenueAddress":"","_VenueCity":"","_VenueCountry":"","_VenueProvince":"","_VenueState":"","_VenueZip":"","_VenuePhone":"","_VenueURL":"","_VenueStateProvince":"","_VenueLat":"","_VenueLng":"","_VenueShowMap":false,"_VenueShowMapLink":false,"_tribe_events_status":"","_tribe_events_status_reason":"","footnotes":""},"tags":[],"tribe_events_cat":[19487,19480],"class_list":["post-7661","tribe_events","type-tribe_events","status-publish","tribe_events_cat-appels-a-projets","tribe_events_cat-fondations-autres","cat_appels-a-projets","cat_fondations-autres"],"uagb_featured_image_src":{"full":false,"thumbnail":false,"medium":false,"medium_large":false,"large":false,"1536x1536":false,"2048x2048":false,"hitmag-landscape":false,"hitmag-featured":false,"hitmag-grid":false,"hitmag-list":false,"hitmag-thumbnail":false,"gform-image-choice-sm":false,"gform-image-choice-md":false,"gform-image-choice-lg":false,"mailpoet_newsletter_max":false},"uagb_author_info":{"display_name":"Ellina Mourtazina","author_link":"https:\/\/wp.unil.ch\/esspace\/author\/emourtaz\/"},"uagb_comment_info":0,"uagb_excerpt":"La Soci\u00e9t\u00e9 Coop\u00e9rative Migros Vaud souhaite offrir un grand prix annuel qui r\u00e9compense des projets en cours de r\u00e9alisation ou \u00e0 venir, apportant des id\u00e9es innovantes et originales, avec une &hellip;","_links":{"self":[{"href":"https:\/\/wp.unil.ch\/esspace\/wp-json\/wp\/v2\/tribe_events\/7661","targetHints":{"allow":["GET"]}}],"collection":[{"href":"https:\/\/wp.unil.ch\/esspace\/wp-json\/wp\/v2\/tribe_events"}],"about":[{"href":"https:\/\/wp.unil.ch\/esspace\/wp-json\/wp\/v2\/types\/tribe_events"}],"author":[{"embeddable":true,"href":"https:\/\/wp.unil.ch\/esspace\/wp-json\/wp\/v2\/users\/1002425"}],"version-history":[{"count":1,"href":"https:\/\/wp.unil.ch\/esspace\/wp-json\/wp\/v2\/tribe_events\/7661\/revisions"}],"predecessor-version":[{"id":7662,"href":"https:\/\/wp.unil.ch\/esspace\/wp-json\/wp\/v2\/tribe_events\/7661\/revisions\/7662"}],"wp:attachment":[{"href":"https:\/\/wp.unil.ch\/esspace\/wp-json\/wp\/v2\/media?parent=7661"}],"wp:term":[{"taxonomy":"post_tag","embeddable":true,"href":"https:\/\/wp.unil.ch\/esspace\/wp-json\/wp\/v2\/tags?post=7661"},{"taxonomy":"tribe_events_cat","embeddable":true,"href":"https:\/\/wp.unil.ch\/esspace\/wp-json\/wp\/v2\/tribe_events_cat?post=7661"}],"curies":[{"name":"wp","href":"https:\/\/api.w.org\/{rel}","templated":true}]}}