{"id":7602,"date":"2023-02-13T14:06:21","date_gmt":"2023-02-13T13:06:21","guid":{"rendered":"https:\/\/wp.unil.ch\/esspace\/?post_type=tribe_events&#038;p=7602"},"modified":"2023-02-13T14:06:23","modified_gmt":"2023-02-13T13:06:23","slug":"basic-training-on-european-research-development-innovation-opportunities","status":"publish","type":"tribe_events","link":"https:\/\/wp.unil.ch\/esspace\/event\/basic-training-on-european-research-development-innovation-opportunities\/","title":{"rendered":"Basic Training on European Research, Development &amp; Innovation Opportunities"},"content":{"rendered":"<div  class=\"tribe-events-schedule tribe-clearfix\" >\n\t<p class=\"tribe-events-schedule__datetime\">\n\t\t<span class=\"tribe-events-schedule__date tribe-events-schedule__date--start\">\n\t\t\tavril 18, 2023\t\t<\/span>\n\n\t\t\t\t\t<span class=\"tribe-events-schedule__separator tribe-events-schedule__separator--date\">\n\t\t\t\t@\t\t\t<\/span>\n\t\t\t<span class=\"tribe-events-schedule__time tribe-events-schedule__time--start\">\n\t\t\t\t10:00\t\t\t<\/span>\n\t\t\n\t\t\t\t\t\t\t\t\t<span class=\"tribe-events-schedule__separator tribe-events-schedule__separator--time\">\n\t\t\t\t\t&#8211;\t\t\t\t<\/span>\n\t\t\t\n\t\t\t\t\t\t\t<span class=\"tribe-events-schedule__time tribe-events-schedule__time--end\">\n\t\t\t\t\t12:00\t\t\t\t<\/span>\n\t\t\t\n\t\t\t\t\t\t<\/p>\n<\/div>\n\n\n\n<p><strong>Les programmes-cadres europ\u00e9ens pour la recherche et l\u2019innovation sont les principaux instruments de l\u2019Union europ\u00e9enne (UE) pour la mise en \u0153uvre de sa politique communautaire en mati\u00e8re de science et d\u2019innovation. Lanc\u00e9 sous le titre \u00abHorizon Europe\u00bb et dot\u00e9 d\u2019un budget global de quelque 95,5 milliards d\u2019euros, le 9<sup>e<\/sup> programme-cadre actuel s\u2019\u00e9tend de 2021 \u00e0 2027.<\/strong><\/p>\n\n\n\n<p>Cet atelier vise a pr\u00e9senter les programmes-cadres de l&rsquo;Union eurp\u00e9enne pour la recherche et l&rsquo;innovation (EU Framework Programme for R&amp;I). Cet \u00e9v\u00e9nement s&rsquo;adresse principalement aux chercheur.euse.s et aux innovateur.trice.s bas\u00e9.e.s en Suisse ou ayant des liens particuliers avec ce pays.<\/p>\n\n\n\n<p>Pour plus d&rsquo;information et les inscriptions sur le site Euresearch, <a href=\"https:\/\/www.euresearch.ch\/en\/our-services\/inform\/events\/basic-training-on-european-research-development-innovation-opportunities-775.html?date=465\">ici<\/a>.<\/p>\n\n\n<div  class=\"tribe-block tribe-block__event-price\" >\n\t\t<\/div>\n\n\n\n\n<div  class=\"tribe-block tribe-block__venue tribe-clearfix tribe-block__venue--has-map\" >\n\t\n\t\t\n\t<\/div>\n\n\n\n\n\t<div  class=\"tribe-block tribe-block__events-link\" >\n\t\t<div class=\"tribe-events tribe-common\">\n\t\t\t<div class=\"tribe-events-c-subscribe-dropdown__container\">\n\t\t\t\t<div class=\"tribe-events-c-subscribe-dropdown\">\n\t\t\t\t\t<div class=\"tribe-common-c-btn-border tribe-events-c-subscribe-dropdown__button\">\n\t\t\t\t\t\t<svg\n\t class=\"tribe-common-c-svgicon tribe-common-c-svgicon--cal-export tribe-events-c-subscribe-dropdown__export-icon\" \taria-hidden=\"true\"\n\tviewBox=\"0 0 23 17\"\n\txmlns=\"http:\/\/www.w3.org\/2000\/svg\"\n>\n\t<path fill-rule=\"evenodd\" clip-rule=\"evenodd\" d=\"M.128.896V16.13c0 .211.145.383.323.383h15.354c.179 0 .323-.172.323-.383V.896c0-.212-.144-.383-.323-.383H.451C.273.513.128.684.128.896Zm16 6.742h-.901V4.679H1.009v10.729h14.218v-3.336h.901V7.638ZM1.01 1.614h14.218v2.058H1.009V1.614Z\" \/>\n\t<path d=\"M20.5 9.846H8.312M18.524 6.953l2.89 2.909-2.855 2.855\" stroke-width=\"1.2\" stroke-linecap=\"round\" stroke-linejoin=\"round\"\/>\n<\/svg>\n\t\t\t\t\t\t<button\n\t\t\t\t\t\t\tclass=\"tribe-events-c-subscribe-dropdown__button-text\"\n\t\t\t\t\t\t\taria-expanded=\"false\"\n\t\t\t\t\t\t\taria-controls=\"tribe-events-subscribe-dropdown-content\"\n\t\t\t\t\t\t\taria-label=\"Afficher les liens permettant d\u2019ajouter des \u00e9v\u00e8nements \u00e0 votre calendrier\"\n\t\t\t\t\t\t>\n\t\t\t\t\t\t\tAjouter au calendrier\t\t\t\t\t\t<\/button>\n\t\t\t\t\t\t<svg\n\t class=\"tribe-common-c-svgicon tribe-common-c-svgicon--caret-down tribe-events-c-subscribe-dropdown__button-icon\" \taria-hidden=\"true\"\n\tviewBox=\"0 0 10 7\"\n\txmlns=\"http:\/\/www.w3.org\/2000\/svg\"\n>\n\t<path fill-rule=\"evenodd\" clip-rule=\"evenodd\" d=\"M1.008.609L5 4.6 8.992.61l.958.958L5 6.517.05 1.566l.958-.958z\" class=\"tribe-common-c-svgicon__svg-fill\"\/>\n<\/svg>\n\t\t\t\t\t<\/div>\n\t\t\t\t\t<div id=\"tribe-events-subscribe-dropdown-content\" class=\"tribe-events-c-subscribe-dropdown__content\">\n\t\t\t\t\t\t<ul class=\"tribe-events-c-subscribe-dropdown__list\">\n\t\t\t\t\t\t\t\t\t\t\t\t\t\t\t<li class=\"tribe-events-c-subscribe-dropdown__list-item tribe-events-c-subscribe-dropdown__list-item--gcal\">\n\t\t\t\t\t\t\t\t\t<a\n\t\t\t\t\t\t\t\t\t\thref=\"https:\/\/www.google.com\/calendar\/event?action=TEMPLATE&#038;dates=20230418T100000\/20230418T120000&#038;text=Basic%20Training%20on%20European%20Research%2C%20Development%20%26amp%3B%20Innovation%20Opportunities&#038;details=%3Cp%3E%3Cstrong%3ELes+programmes-cadres+europ%C3%A9ens+pour+la+recherche+et+l%E2%80%99innovation+sont+les+principaux+instruments+de+l%E2%80%99Union+europ%C3%A9enne+%28UE%29+pour+la+mise+en+%C5%93uvre+de+sa+politique+communautaire+en+mati%C3%A8re+de+science+et+d%E2%80%99innovation.+Lanc%C3%A9+sous+le+titre+%C2%ABHorizon+Europe%C2%BB+et+dot%C3%A9+d%E2%80%99un+budget+global+de+quelque+95%2C5+milliards+d%E2%80%99euros%2C+le+9%3Csup%3Ee%3C%2Fsup%3E+programme-cadre+actuel+s%E2%80%99%C3%A9tend+de+2021+%C3%A0+2027.%3C%2Fstrong%3E%3C%2Fp%3E+%3Cp%3ECet+atelier+vise+a+pr%C3%A9senter+les+programmes-cadres+de+l%27Union+eurp%C3%A9enne+pour+la+recherche+et+l%27innovation+%28EU+Framework+Programme+for+R%26amp%3BI%29.+Cet+%C3%A9v%C3%A9nement+s%27adresse+principalement+aux+chercheur.euse.s+et+aux+innovateur.trice.s+bas%C3%A9.e.s+en+Suisse+ou+ayant+des+liens+particuliers+avec+ce+pays.%3C%2Fp%3E+%3Cp%3EPour+plus+d%27information+et+les+inscriptions+sur+le+site+Euresearch%2C+%3Ca+href%3D%22https%3A%2F%2Fwww.euresearch.ch%2Fen%2Four-services%2Finform%2Fevents%2Fbasic-training-on-european-research-development-innovation-opportunities-775.html%3Fdate%3D465%22%3Eici%3C%2Fa%3E.%3C%2Fp%3E+&#038;trp=false&#038;ctz=Europe\/Zurich&#038;sprop=website:https:\/\/wp.unil.ch\/esspace\"\n\t\t\t\t\t\t\t\t\t\tclass=\"tribe-events-c-subscribe-dropdown__list-item-link\"\n\t\t\t\t\t\t\t\t\t\ttarget=\"_blank\"\n\t\t\t\t\t\t\t\t\t\trel=\"noopener noreferrer nofollow noindex\"\n\t\t\t\t\t\t\t\t\t>\n\t\t\t\t\t\t\t\t\t\tGoogle Agenda\t\t\t\t\t\t\t\t\t<\/a>\n\t\t\t\t\t\t\t\t<\/li>\n\t\t\t\t\t\t\t\t\t\t\t\t\t\t\t<li class=\"tribe-events-c-subscribe-dropdown__list-item tribe-events-c-subscribe-dropdown__list-item--ical\">\n\t\t\t\t\t\t\t\t\t<a\n\t\t\t\t\t\t\t\t\t\thref=\"\"\n\t\t\t\t\t\t\t\t\t\tclass=\"tribe-events-c-subscribe-dropdown__list-item-link\"\n\t\t\t\t\t\t\t\t\t\ttarget=\"_blank\"\n\t\t\t\t\t\t\t\t\t\trel=\"noopener noreferrer nofollow noindex\"\n\t\t\t\t\t\t\t\t\t>\n\t\t\t\t\t\t\t\t\t\tiCalendar\t\t\t\t\t\t\t\t\t<\/a>\n\t\t\t\t\t\t\t\t<\/li>\n\t\t\t\t\t\t\t\t\t\t\t\t\t\t\t<li class=\"tribe-events-c-subscribe-dropdown__list-item tribe-events-c-subscribe-dropdown__list-item--outlook-365\">\n\t\t\t\t\t\t\t\t\t<a\n\t\t\t\t\t\t\t\t\t\thref=\"\"\n\t\t\t\t\t\t\t\t\t\tclass=\"tribe-events-c-subscribe-dropdown__list-item-link\"\n\t\t\t\t\t\t\t\t\t\ttarget=\"_blank\"\n\t\t\t\t\t\t\t\t\t\trel=\"noopener noreferrer nofollow noindex\"\n\t\t\t\t\t\t\t\t\t>\n\t\t\t\t\t\t\t\t\t\tOutlook 365\t\t\t\t\t\t\t\t\t<\/a>\n\t\t\t\t\t\t\t\t<\/li>\n\t\t\t\t\t\t\t\t\t\t\t\t\t\t\t<li class=\"tribe-events-c-subscribe-dropdown__list-item tribe-events-c-subscribe-dropdown__list-item--outlook-live\">\n\t\t\t\t\t\t\t\t\t<a\n\t\t\t\t\t\t\t\t\t\thref=\"\"\n\t\t\t\t\t\t\t\t\t\tclass=\"tribe-events-c-subscribe-dropdown__list-item-link\"\n\t\t\t\t\t\t\t\t\t\ttarget=\"_blank\"\n\t\t\t\t\t\t\t\t\t\trel=\"noopener noreferrer nofollow noindex\"\n\t\t\t\t\t\t\t\t\t>\n\t\t\t\t\t\t\t\t\t\tOutlook Live\t\t\t\t\t\t\t\t\t<\/a>\n\t\t\t\t\t\t\t\t<\/li>\n\t\t\t\t\t\t\t\t\t\t\t\t\t<\/ul>\n\t\t\t\t\t<\/div>\n\t\t\t\t<\/div>\n\t\t\t<\/div>\n\t\t<\/div>\n\t<\/div>\n\n","protected":false},"excerpt":{"rendered":"<p>Les programmes-cadres europ\u00e9ens pour la recherche et l\u2019innovation sont les principaux instruments de l\u2019Union europ\u00e9enne (UE) pour la mise en \u0153uvre de sa politique communautaire en mati\u00e8re de science et &hellip; <\/p>\n","protected":false},"author":1002425,"featured_media":7013,"template":"","meta":{"_seopress_robots_primary_cat":"","_seopress_titles_title":"","_seopress_titles_desc":"","_seopress_robots_index":"","_uag_custom_page_level_css":"","_EventAllDay":false,"_EventTimezone":"Europe\/Zurich","_EventStartDate":"2023-04-18 10:00:00","_EventEndDate":"2023-04-18 12:00:00","_EventStartDateUTC":"2023-04-18 08:00:00","_EventEndDateUTC":"2023-04-18 10:00:00","_EventShowMap":true,"_EventShowMapLink":true,"_EventURL":"","_EventCost":"","_EventCostDescription":"","_EventCurrencySymbol":"$","_EventCurrencyCode":"USD","_EventCurrencyPosition":"prefix","_EventDateTimeSeparator":"@","_EventTimeRangeSeparator":"-","_EventOrganizerID":[],"_EventVenueID":[0],"_OrganizerEmail":"","_OrganizerPhone":"","_OrganizerWebsite":"","_VenueAddress":"","_VenueCity":"","_VenueCountry":"","_VenueProvince":"","_VenueState":"","_VenueZip":"","_VenuePhone":"","_VenueURL":"","_VenueStateProvince":"","_VenueLat":"","_VenueLng":"","_VenueShowMap":false,"_VenueShowMapLink":false,"_tribe_events_status":"","_tribe_events_status_reason":"","footnotes":""},"tags":[],"tribe_events_cat":[19479,19484],"class_list":["post-7602","tribe_events","type-tribe_events","status-publish","has-post-thumbnail","tribe_events_cat-fonds-europeens","tribe_events_cat-formations","cat_fonds-europeens","cat_formations"],"uagb_featured_image_src":{"full":["https:\/\/wp.unil.ch\/esspace\/files\/2022\/08\/logo_Euresearch4.jpg",300,230,false],"thumbnail":["https:\/\/wp.unil.ch\/esspace\/files\/2022\/08\/logo_Euresearch4-150x150.jpg",150,150,true],"medium":["https:\/\/wp.unil.ch\/esspace\/files\/2022\/08\/logo_Euresearch4.jpg",300,230,false],"medium_large":["https:\/\/wp.unil.ch\/esspace\/files\/2022\/08\/logo_Euresearch4.jpg",300,230,false],"large":["https:\/\/wp.unil.ch\/esspace\/files\/2022\/08\/logo_Euresearch4.jpg",300,230,false],"1536x1536":["https:\/\/wp.unil.ch\/esspace\/files\/2022\/08\/logo_Euresearch4.jpg",300,230,false],"2048x2048":["https:\/\/wp.unil.ch\/esspace\/files\/2022\/08\/logo_Euresearch4.jpg",300,230,false],"hitmag-landscape":["https:\/\/wp.unil.ch\/esspace\/files\/2022\/08\/logo_Euresearch4.jpg",300,230,false],"hitmag-featured":["https:\/\/wp.unil.ch\/esspace\/files\/2022\/08\/logo_Euresearch4.jpg",300,230,false],"hitmag-grid":["https:\/\/wp.unil.ch\/esspace\/files\/2022\/08\/logo_Euresearch4-300x215.jpg",300,215,true],"hitmag-list":["https:\/\/wp.unil.ch\/esspace\/files\/2022\/08\/logo_Euresearch4-290x220.jpg",290,220,true],"hitmag-thumbnail":["https:\/\/wp.unil.ch\/esspace\/files\/2022\/08\/logo_Euresearch4-135x93.jpg",135,93,true],"gform-image-choice-sm":["https:\/\/wp.unil.ch\/esspace\/files\/2022\/08\/logo_Euresearch4.jpg",300,230,false],"gform-image-choice-md":["https:\/\/wp.unil.ch\/esspace\/files\/2022\/08\/logo_Euresearch4.jpg",300,230,false],"gform-image-choice-lg":["https:\/\/wp.unil.ch\/esspace\/files\/2022\/08\/logo_Euresearch4.jpg",300,230,false],"mailpoet_newsletter_max":["https:\/\/wp.unil.ch\/esspace\/files\/2022\/08\/logo_Euresearch4.jpg",300,230,false]},"uagb_author_info":{"display_name":"Ellina Mourtazina","author_link":"https:\/\/wp.unil.ch\/esspace\/author\/emourtaz\/"},"uagb_comment_info":0,"uagb_excerpt":"Les programmes-cadres europ\u00e9ens pour la recherche et l\u2019innovation sont les principaux instruments de l\u2019Union europ\u00e9enne (UE) pour la mise en \u0153uvre de sa politique communautaire en mati\u00e8re de science et &hellip;","_links":{"self":[{"href":"https:\/\/wp.unil.ch\/esspace\/wp-json\/wp\/v2\/tribe_events\/7602","targetHints":{"allow":["GET"]}}],"collection":[{"href":"https:\/\/wp.unil.ch\/esspace\/wp-json\/wp\/v2\/tribe_events"}],"about":[{"href":"https:\/\/wp.unil.ch\/esspace\/wp-json\/wp\/v2\/types\/tribe_events"}],"author":[{"embeddable":true,"href":"https:\/\/wp.unil.ch\/esspace\/wp-json\/wp\/v2\/users\/1002425"}],"version-history":[{"count":2,"href":"https:\/\/wp.unil.ch\/esspace\/wp-json\/wp\/v2\/tribe_events\/7602\/revisions"}],"predecessor-version":[{"id":7604,"href":"https:\/\/wp.unil.ch\/esspace\/wp-json\/wp\/v2\/tribe_events\/7602\/revisions\/7604"}],"wp:featuredmedia":[{"embeddable":true,"href":"https:\/\/wp.unil.ch\/esspace\/wp-json\/wp\/v2\/media\/7013"}],"wp:attachment":[{"href":"https:\/\/wp.unil.ch\/esspace\/wp-json\/wp\/v2\/media?parent=7602"}],"wp:term":[{"taxonomy":"post_tag","embeddable":true,"href":"https:\/\/wp.unil.ch\/esspace\/wp-json\/wp\/v2\/tags?post=7602"},{"taxonomy":"tribe_events_cat","embeddable":true,"href":"https:\/\/wp.unil.ch\/esspace\/wp-json\/wp\/v2\/tribe_events_cat?post=7602"}],"curies":[{"name":"wp","href":"https:\/\/api.w.org\/{rel}","templated":true}]}}