{"id":10803,"date":"2026-08-27T10:10:41","date_gmt":"2026-08-27T08:10:41","guid":{"rendered":"https:\/\/wp.unil.ch\/esspace\/?post_type=tribe_events&#038;p=10803"},"modified":"2026-08-27T10:20:17","modified_gmt":"2026-08-27T08:20:17","slug":"workshop-fns-ambizione-preparing-your-application-2026","status":"publish","type":"tribe_events","link":"https:\/\/wp.unil.ch\/esspace\/event\/workshop-fns-ambizione-preparing-your-application-2026\/","title":{"rendered":"Workshop FNS Ambizione &#8211; Preparing your application 2026"},"content":{"rendered":"<div  class=\"tribe-events-schedule tribe-clearfix\" >\n\t<p class=\"tribe-events-schedule__datetime\">\n\t\t<span class=\"tribe-events-schedule__date tribe-events-schedule__date--start\">\n\t\t\tseptembre 15\t\t<\/span>\n\n\t\t\t\t\t<span class=\"tribe-events-schedule__separator tribe-events-schedule__separator--date\">\n\t\t\t\t@\t\t\t<\/span>\n\t\t\t<span class=\"tribe-events-schedule__time tribe-events-schedule__time--start\">\n\t\t\t\t10:30\t\t\t<\/span>\n\t\t\n\t\t\t\t\t\t\t\t\t<span class=\"tribe-events-schedule__separator tribe-events-schedule__separator--time\">\n\t\t\t\t\t&#8211;\t\t\t\t<\/span>\n\t\t\t\n\t\t\t\t\t\t\t<span class=\"tribe-events-schedule__time tribe-events-schedule__time--end\">\n\t\t\t\t\t12:00\t\t\t\t<\/span>\n\t\t\t\n\t\t\t\t\t\t<\/p>\n<\/div>\n\n\n\n<p class=\"wp-block-paragraph\"><strong><a href=\"https:\/\/www.snf.ch\/en\/N18L3oGWomTSSGkF\/funding\/careers\/ambizione\" target=\"_blank\" rel=\"noreferrer noopener\">SNSF\u202fAmbizione<\/a> permet \u00e0 des chercheur\u00b7es, 1 \u00e0 4 ans apr\u00e8s leur doctorat, de monter et diriger un projet de recherche de 4 ans.\u202fLe subside Ambizione comprend le salaire de la\/du b\u00e9n\u00e9ficiaire et des fonds de recherche.\u00a0<\/strong><\/p>\n\n\n\n<p class=\"wp-block-paragraph\">Organis\u00e9 conjointement par la FGSE et SSP, l\u2019atelier suivant est propos\u00e9 aux\u202fcandidat\u00b7es souhaitant postuler \u00e0 une bourse\u202fAmbizione\u202fdu FNS :<\/p>\n\n\n\n<p class=\"has-text-align-center wp-block-paragraph\"><strong><em>Ambizione\u202f\u2013 Pr\u00e9parer sa candidature<\/em><\/strong><\/p>\n\n\n\n<p class=\"has-text-align-center wp-block-paragraph\"><strong>Mardi 15 septembre 2026 de 10h30 \u00e0 12h00<\/strong> <strong>(En anglais)\u00a0<\/strong><\/p>\n\n\n\n<p class=\"has-text-align-center wp-block-paragraph\"><strong>Geopolis 2238 et en ligne, sans inscription<\/strong>\u00a0<\/p>\n\n\n\n<p class=\"wp-block-paragraph\">Cet atelier vise \u00e0 offrir des conseils pratiques pour pr\u00e9parer une candidature \u00e0 la bourse Ambizione. Il inclura des informations cl\u00e9s sur : <\/p>\n\n\n\n<ul class=\"wp-block-list\">\n<li>l\u2019instrument de financement, <\/li>\n\n\n\n<li>la constitution de son budget, <\/li>\n\n\n\n<li>l&rsquo;\u00e9tablissement du plan de recherche, <\/li>\n\n\n\n<li>des recommandations sur la mani\u00e8re de valoriser son CV et structurer son <em>Mobility\u202fstatement<\/em>, <\/li>\n\n\n\n<li>les raisons d\u2019acceptation et de refus. <\/li>\n<\/ul>\n\n\n\n<p class=\"wp-block-paragraph\">L\u2019atelier comptera \u00e9galement le t\u00e9moignage d\u2019un r\u00e9cipiendaire Ambizione 2024. \u00a0<\/p>\n\n\n\n<p class=\"wp-block-paragraph\"><strong>Intervenant\u00b7es:<\/strong>&nbsp;<\/p>\n\n\n\n<ul class=\"wp-block-list\">\n<li>Am\u00e9lie\u202fDreiss\u202f(FGSE) et C\u00e9line Delmotte (SPP),\u202fconsultantes\u202frecherche.\u00a0<\/li>\n<\/ul>\n\n\n\n<ul class=\"wp-block-list\">\n<li>Dr. Aditi Dave, r\u00e9cipiendaire Ambizione 2024\u00a0en FSGE. <\/li>\n<\/ul>\n\n\n\n<p class=\"wp-block-paragraph\"><strong>Public Vis\u00e9\u202f<\/strong>:<\/p>\n\n\n\n<ul class=\"wp-block-list\">\n<li>Personnes pr\u00e9parant une candidature pour novembre 2026, prioritairement;<\/li>\n<\/ul>\n\n\n\n<ul class=\"wp-block-list\">\n<li>Personnes int\u00e9ress\u00e9es d\u2019en apprendre davantage pour une postulation future.<\/li>\n<\/ul>\n\n\n\n<p class=\"wp-block-paragraph\">La participation en ligne est possible : <a href=\"https:\/\/teams.microsoft.com\/meet\/313832224231862?p=uJO9n5LeAcDZO7iQXV\" target=\"_blank\" rel=\"noopener\">Teams<\/a>.<br>Meeting ID:<a href=\"https:\/\/unil.zoom.us\/j\/5982714385?omn=92945921879\" target=\"_blank\" rel=\"noreferrer noopener\"> 313 832 224 231 862 &#8211; Code: Cw2da3PN<\/a>.<\/p>\n\n\n<div  class=\"tribe-block tribe-block__event-price\" >\n\t\t<\/div>\n\n\n\n\n<div  class=\"tribe-block tribe-block__venue tribe-clearfix\" >\n\t\n\t\t\n\t<\/div>\n\n\n\n\n\t<div  class=\"tribe-block tribe-block__events-link\" >\n\t\t<div class=\"tribe-events tribe-common\">\n\t\t\t<div class=\"tribe-events-c-subscribe-dropdown__container\">\n\t\t\t\t<div class=\"tribe-events-c-subscribe-dropdown\">\n\t\t\t\t\t<div class=\"tribe-common-c-btn-border tribe-events-c-subscribe-dropdown__button\">\n\t\t\t\t\t\t<svg\n\t class=\"tribe-common-c-svgicon tribe-common-c-svgicon--cal-export tribe-events-c-subscribe-dropdown__export-icon\" \taria-hidden=\"true\"\n\tviewBox=\"0 0 23 17\"\n\txmlns=\"http:\/\/www.w3.org\/2000\/svg\"\n>\n\t<path fill-rule=\"evenodd\" clip-rule=\"evenodd\" d=\"M.128.896V16.13c0 .211.145.383.323.383h15.354c.179 0 .323-.172.323-.383V.896c0-.212-.144-.383-.323-.383H.451C.273.513.128.684.128.896Zm16 6.742h-.901V4.679H1.009v10.729h14.218v-3.336h.901V7.638ZM1.01 1.614h14.218v2.058H1.009V1.614Z\" \/>\n\t<path d=\"M20.5 9.846H8.312M18.524 6.953l2.89 2.909-2.855 2.855\" stroke-width=\"1.2\" stroke-linecap=\"round\" stroke-linejoin=\"round\"\/>\n<\/svg>\n\t\t\t\t\t\t<button\n\t\t\t\t\t\t\tclass=\"tribe-events-c-subscribe-dropdown__button-text\"\n\t\t\t\t\t\t\taria-expanded=\"false\"\n\t\t\t\t\t\t\taria-controls=\"tribe-events-subscribe-dropdown-content\"\n\t\t\t\t\t\t\taria-label=\"Afficher les liens permettant d\u2019ajouter des \u00e9v\u00e8nements \u00e0 votre calendrier\"\n\t\t\t\t\t\t>\n\t\t\t\t\t\t\tAjouter au calendrier\t\t\t\t\t\t<\/button>\n\t\t\t\t\t\t<svg\n\t class=\"tribe-common-c-svgicon tribe-common-c-svgicon--caret-down tribe-events-c-subscribe-dropdown__button-icon\" \taria-hidden=\"true\"\n\tviewBox=\"0 0 10 7\"\n\txmlns=\"http:\/\/www.w3.org\/2000\/svg\"\n>\n\t<path fill-rule=\"evenodd\" clip-rule=\"evenodd\" d=\"M1.008.609L5 4.6 8.992.61l.958.958L5 6.517.05 1.566l.958-.958z\" class=\"tribe-common-c-svgicon__svg-fill\"\/>\n<\/svg>\n\t\t\t\t\t<\/div>\n\t\t\t\t\t<div id=\"tribe-events-subscribe-dropdown-content\" class=\"tribe-events-c-subscribe-dropdown__content\">\n\t\t\t\t\t\t<ul class=\"tribe-events-c-subscribe-dropdown__list\">\n\t\t\t\t\t\t\t\t\t\t\t\t\t\t\t<li class=\"tribe-events-c-subscribe-dropdown__list-item tribe-events-c-subscribe-dropdown__list-item--gcal\">\n\t\t\t\t\t\t\t\t\t<a\n\t\t\t\t\t\t\t\t\t\thref=\"https:\/\/www.google.com\/calendar\/event?action=TEMPLATE&#038;dates=20260915T103000\/20260915T120000&#038;text=Workshop%20FNS%20Ambizione%20%26%238211%3B%20Preparing%20your%20application%202026&#038;details=%3Cp%3E%3Cstrong%3E%3Ca+href%3D%22https%3A%2F%2Fwww.snf.ch%2Fen%2FN18L3oGWomTSSGkF%2Ffunding%2Fcareers%2Fambizione%22+target%3D%22_blank%22+rel%3D%22noreferrer+noopener%22%3ESNSF%E2%80%AFAmbizione%3C%2Fa%3E+permet+%C3%A0+des+chercheur%C2%B7es%2C+1+%C3%A0+4+ans+apr%C3%A8s+leur+doctorat%2C+de+monter+et+diriger+un+projet+de+recherche+de+4+ans.%E2%80%AFLe+subside+Ambizione+comprend+le+salaire+de+la%2Fdu+b%C3%A9n%C3%A9ficiaire+et+des+fonds+de+recherche.%C2%A0%3C%2Fstrong%3E%3C%2Fp%3E+%3Cp%3EOrganis%C3%A9+conjointement+par+la+FGSE+et+SSP%2C+l%E2%80%99atelier+suivant+est+propos%C3%A9+aux%E2%80%AFcandidat%C2%B7es+souhaitant+postuler+%C3%A0+une+bourse%E2%80%AFAmbizione%E2%80%AFdu+FNS+%3A%3C%2Fp%3E+%3Cp+class%3D%22has-text-align-center%22%3E%3Cstrong%3E%3Cem%3EAmbizione%E2%80%AF%E2%80%93+Pr%C3%A9parer+sa+candidature%3C%2Fem%3E%3C%2Fstrong%3E%3C%2Fp%3E+%3Cp+class%3D%22has-text-align-center%22%3E%3Cstrong%3EMardi+15+septembre+2026+de+10h30+%C3%A0+12h00%3C%2Fstrong%3E+%3Cstrong%3E%28En+anglais%29%C2%A0%3C%2Fstrong%3E%3C%2Fp%3E+%3Cp+class%3D%22has-text-align-center%22%3E%3Cstrong%3EGeopolis+2238+et+en+ligne%2C+sans+inscription%3C%2Fstrong%3E%C2%A0%3C%2Fp%3E+%3Cp%3ECet+atelier+vise+%C3%A0+offrir+des+conseils+pratiques+pour+pr%C3%A9parer+une+candidature+%C3%A0+la+bourse+Ambizione.%3C%2Fp%3E%28Voir+toute+la+description+de+%C3%A9v%C3%A8nement+ici%C2%A0%3A+https%3A%2F%2Fwp.unil.ch%2Fesspace%2Fevent%2Fworkshop-fns-ambizione-preparing-your-application-2026%2F%29&#038;trp=false&#038;ctz=Europe\/Zurich&#038;sprop=website:https:\/\/wp.unil.ch\/esspace\"\n\t\t\t\t\t\t\t\t\t\tclass=\"tribe-events-c-subscribe-dropdown__list-item-link\"\n\t\t\t\t\t\t\t\t\t\ttarget=\"_blank\"\n\t\t\t\t\t\t\t\t\t\trel=\"noopener noreferrer nofollow noindex\"\n\t\t\t\t\t\t\t\t\t>\n\t\t\t\t\t\t\t\t\t\tGoogle Agenda\t\t\t\t\t\t\t\t\t<\/a>\n\t\t\t\t\t\t\t\t<\/li>\n\t\t\t\t\t\t\t\t\t\t\t\t\t\t\t<li class=\"tribe-events-c-subscribe-dropdown__list-item tribe-events-c-subscribe-dropdown__list-item--ical\">\n\t\t\t\t\t\t\t\t\t<a\n\t\t\t\t\t\t\t\t\t\thref=\"\"\n\t\t\t\t\t\t\t\t\t\tclass=\"tribe-events-c-subscribe-dropdown__list-item-link\"\n\t\t\t\t\t\t\t\t\t\ttarget=\"_blank\"\n\t\t\t\t\t\t\t\t\t\trel=\"noopener noreferrer nofollow noindex\"\n\t\t\t\t\t\t\t\t\t>\n\t\t\t\t\t\t\t\t\t\tiCalendar\t\t\t\t\t\t\t\t\t<\/a>\n\t\t\t\t\t\t\t\t<\/li>\n\t\t\t\t\t\t\t\t\t\t\t\t\t\t\t<li class=\"tribe-events-c-subscribe-dropdown__list-item tribe-events-c-subscribe-dropdown__list-item--outlook-365\">\n\t\t\t\t\t\t\t\t\t<a\n\t\t\t\t\t\t\t\t\t\thref=\"\"\n\t\t\t\t\t\t\t\t\t\tclass=\"tribe-events-c-subscribe-dropdown__list-item-link\"\n\t\t\t\t\t\t\t\t\t\ttarget=\"_blank\"\n\t\t\t\t\t\t\t\t\t\trel=\"noopener noreferrer nofollow noindex\"\n\t\t\t\t\t\t\t\t\t>\n\t\t\t\t\t\t\t\t\t\tOutlook 365\t\t\t\t\t\t\t\t\t<\/a>\n\t\t\t\t\t\t\t\t<\/li>\n\t\t\t\t\t\t\t\t\t\t\t\t\t\t\t<li class=\"tribe-events-c-subscribe-dropdown__list-item tribe-events-c-subscribe-dropdown__list-item--outlook-live\">\n\t\t\t\t\t\t\t\t\t<a\n\t\t\t\t\t\t\t\t\t\thref=\"\"\n\t\t\t\t\t\t\t\t\t\tclass=\"tribe-events-c-subscribe-dropdown__list-item-link\"\n\t\t\t\t\t\t\t\t\t\ttarget=\"_blank\"\n\t\t\t\t\t\t\t\t\t\trel=\"noopener noreferrer nofollow noindex\"\n\t\t\t\t\t\t\t\t\t>\n\t\t\t\t\t\t\t\t\t\tOutlook Live\t\t\t\t\t\t\t\t\t<\/a>\n\t\t\t\t\t\t\t\t<\/li>\n\t\t\t\t\t\t\t\t\t\t\t\t\t<\/ul>\n\t\t\t\t\t<\/div>\n\t\t\t\t<\/div>\n\t\t\t<\/div>\n\t\t<\/div>\n\t<\/div>\n\n","protected":false},"excerpt":{"rendered":"<p>SNSF\u202fAmbizione permet \u00e0 des chercheur\u00b7es, 1 \u00e0 4 ans apr\u00e8s leur doctorat, de monter et diriger un projet de recherche de 4 ans.\u202fLe subside Ambizione comprend le salaire de la\/du &hellip; <\/p>\n","protected":false},"author":1003159,"featured_media":0,"template":"","meta":{"_seopress_titles_title":"","_seopress_titles_desc":"","_seopress_robots_index":"","_seopress_robots_follow":"","_seopress_robots_imageindex":"","_seopress_robots_snippet":"","_seopress_robots_primary_cat":"","_seopress_robots_breadcrumbs":"","_seopress_robots_freeze_modified_date":"","_seopress_robots_custom_modified_date":"","_seopress_robots_canonical":"","_seopress_social_fb_title":"","_seopress_social_fb_desc":"","_seopress_social_fb_img":"","_seopress_social_fb_img_attachment_id":0,"_seopress_social_fb_img_width":0,"_seopress_social_fb_img_height":0,"_seopress_social_twitter_title":"","_seopress_social_twitter_desc":"","_seopress_social_twitter_img":"","_seopress_social_twitter_img_attachment_id":0,"_seopress_social_twitter_img_width":0,"_seopress_social_twitter_img_height":0,"_seopress_redirections_value":"","_seopress_redirections_enabled":"","_seopress_redirections_enabled_regex":"","_seopress_redirections_logged_status":"","_seopress_redirections_param":"","_seopress_redirections_type":0,"_seopress_analysis_target_kw":"","_seopress_news_disabled":"","_seopress_video_disabled":"","_seopress_video":[],"_seopress_pro_schemas_manual":[],"_seopress_pro_rich_snippets_disable_all":"","_seopress_pro_rich_snippets_disable":[],"_seopress_pro_schemas":[],"_uag_custom_page_level_css":"","_EventAllDay":false,"_EventTimezone":"Europe\/Zurich","_EventStartDate":"2026-09-15 10:30:00","_EventEndDate":"2026-09-15 12:00:00","_EventStartDateUTC":"2026-09-15 08:30:00","_EventEndDateUTC":"2026-09-15 10:00:00","_EventShowMap":false,"_EventShowMapLink":false,"_EventURL":"","_EventCost":"","_EventCostDescription":"","_EventCurrencySymbol":"$","_EventCurrencyCode":"USD","_EventCurrencyPosition":"prefix","_EventDateTimeSeparator":"@","_EventTimeRangeSeparator":"-","_EventOrganizerID":[],"_EventVenueID":[],"_OrganizerEmail":"","_OrganizerPhone":"","_OrganizerWebsite":"","_VenueAddress":"","_VenueCity":"","_VenueCountry":"","_VenueProvince":"","_VenueState":"","_VenueZip":"","_VenuePhone":"","_VenueURL":"","_VenueStateProvince":"","_VenueLat":"","_VenueLng":"","_VenueShowMap":false,"_VenueShowMapLink":false,"_tribe_events_status":"","_tribe_events_status_reason":"","footnotes":""},"tags":[],"tribe_events_cat":[19484],"class_list":["post-10803","tribe_events","type-tribe_events","status-publish","tribe_events_cat-formations","cat_formations"],"uagb_featured_image_src":{"full":false,"thumbnail":false,"medium":false,"medium_large":false,"large":false,"1536x1536":false,"2048x2048":false,"hitmag-landscape":false,"hitmag-featured":false,"hitmag-grid":false,"hitmag-list":false,"hitmag-thumbnail":false,"gform-image-choice-sm":false,"gform-image-choice-md":false,"gform-image-choice-lg":false,"mailpoet_newsletter_max":false},"uagb_author_info":{"display_name":"C\u00e9line Delmotte","author_link":"https:\/\/wp.unil.ch\/esspace\/author\/cdelmott\/"},"uagb_comment_info":0,"uagb_excerpt":"SNSF\u202fAmbizione permet \u00e0 des chercheur\u00b7es, 1 \u00e0 4 ans apr\u00e8s leur doctorat, de monter et diriger un projet de recherche de 4 ans.\u202fLe subside Ambizione comprend le salaire de la\/du &hellip;","_links":{"self":[{"href":"https:\/\/wp.unil.ch\/esspace\/wp-json\/wp\/v2\/tribe_events\/10803","targetHints":{"allow":["GET"]}}],"collection":[{"href":"https:\/\/wp.unil.ch\/esspace\/wp-json\/wp\/v2\/tribe_events"}],"about":[{"href":"https:\/\/wp.unil.ch\/esspace\/wp-json\/wp\/v2\/types\/tribe_events"}],"author":[{"embeddable":true,"href":"https:\/\/wp.unil.ch\/esspace\/wp-json\/wp\/v2\/users\/1003159"}],"version-history":[{"count":4,"href":"https:\/\/wp.unil.ch\/esspace\/wp-json\/wp\/v2\/tribe_events\/10803\/revisions"}],"predecessor-version":[{"id":10807,"href":"https:\/\/wp.unil.ch\/esspace\/wp-json\/wp\/v2\/tribe_events\/10803\/revisions\/10807"}],"wp:attachment":[{"href":"https:\/\/wp.unil.ch\/esspace\/wp-json\/wp\/v2\/media?parent=10803"}],"wp:term":[{"taxonomy":"post_tag","embeddable":true,"href":"https:\/\/wp.unil.ch\/esspace\/wp-json\/wp\/v2\/tags?post=10803"},{"taxonomy":"tribe_events_cat","embeddable":true,"href":"https:\/\/wp.unil.ch\/esspace\/wp-json\/wp\/v2\/tribe_events_cat?post=10803"}],"curies":[{"name":"wp","href":"https:\/\/api.w.org\/{rel}","templated":true}]}}