{"id":10609,"date":"2026-04-20T13:51:26","date_gmt":"2026-04-20T11:51:26","guid":{"rendered":"https:\/\/wp.unil.ch\/esspace\/?post_type=tribe_events&#038;p=10609"},"modified":"2026-04-20T13:52:05","modified_gmt":"2026-04-20T11:52:05","slug":"comprendre-les-enjeux-ethiques-de-la-recherche","status":"publish","type":"tribe_events","link":"https:\/\/wp.unil.ch\/esspace\/event\/comprendre-les-enjeux-ethiques-de-la-recherche\/","title":{"rendered":"Comprendre les enjeux \u00e9thiques de la recherche"},"content":{"rendered":"<div  class=\"tribe-events-schedule tribe-clearfix\" >\n\t<p class=\"tribe-events-schedule__datetime\">\n\t\t<span class=\"tribe-events-schedule__date tribe-events-schedule__date--start\">\n\t\t\tjuin 16\t\t<\/span>\n\n\t\t\t\t\t<span class=\"tribe-events-schedule__separator tribe-events-schedule__separator--date\">\n\t\t\t\t@\t\t\t<\/span>\n\t\t\t<span class=\"tribe-events-schedule__time tribe-events-schedule__time--start\">\n\t\t\t\t9:00\t\t\t<\/span>\n\t\t\n\t\t\t\t\t\t\t\t\t<span class=\"tribe-events-schedule__separator tribe-events-schedule__separator--time\">\n\t\t\t\t\t&#8211;\t\t\t\t<\/span>\n\t\t\t\n\t\t\t\t\t\t\t<span class=\"tribe-events-schedule__date tribe-events-schedule__date--end\">\n\t\t\t\t\tjuin 17\t\t\t\t<\/span>\n\n\t\t\t\t\t\t\t\t\t<span class=\"tribe-events-schedule__separator tribe-events-schedule__separator--date\">\n\t\t\t\t\t\t@\t\t\t\t\t<\/span>\n\t\t\t\t\t<span class=\"tribe-events-schedule__time tribe-events-schedule__time--end\">\n\t\t\t\t\t\t17:00\t\t\t\t\t<\/span>\n\t\t\t\t\n\t\t\t\n\t\t\t\t\t\t<\/p>\n<\/div>\n\n\n\n<p>Le domaine de la recherche est aujourd\u2019hui soumis \u00e0 un encadrement croissant. Les chercheur\u00b7euse\u00b7s doivent composer avec un ensemble de normes l\u00e9gales, institutionnelles et \u00e9thiques qui structurent chaque \u00e9tape d\u2019un projet, de sa conception \u00e0 la diffusion des r\u00e9sultats. Dans ce contexte, l\u2019\u00e9thique de la recherche ne se limite plus \u00e0 la seule protection des participant\u00b7e\u00b7s\u202f: elle implique une compr\u00e9hension globale des obligations, des responsabilit\u00e9s et des bonnes pratiques qui garantissent une recherche rigoureuse, responsable et conforme aux exigences en vigueur.<\/p>\n\n\n\n<p>Dans cette perspective \u00e9largie, l\u2019\u00e9valuation \u00e9thique doit prendre en consid\u00e9ration les impacts plus vastes que peut g\u00e9n\u00e9rer un projet de recherche. Au\u2011del\u00e0 des risques individuels, elle int\u00e8gre ainsi des enjeux li\u00e9s au respect des droits humains, aux implications sociales et soci\u00e9tales, aux effets environnementaux, ou encore aux cons\u00e9quences pour des communaut\u00e9s potentiellement concern\u00e9es. L\u2019\u00e9thique s\u2019inscrit alors dans une approche syst\u00e9mique invitant \u00e0 anticiper et analyser les r\u00e9percussions de la recherche sur l\u2019ensemble des parties prenantes et sur son \u00e9cosyst\u00e8me.<\/p>\n\n\n\n<p>Ce cours propose d\u2019accompagner les participant\u00b7e\u00b7s dans cette compr\u00e9hension \u00e9largie de l\u2019\u00e9thique, en leur offrant des rep\u00e8res clairs pour naviguer dans un environnement r\u00e9glementaire et conceptuel de plus en plus complexe.<\/p>\n\n\n\n<p>Cette formation s\u2019adresse \u00e0 l\u2019ensemble des membres de la communaut\u00e9 UNIL concern\u00e9s par l\u2019\u00e9thique de la recherche. Elle est particuli\u00e8rement destin\u00e9e :<\/p>\n\n\n\n<ul class=\"wp-block-list\">\n<li>aux personnes impliqu\u00e9es dans le soutien et la gestion de la recherche ;<\/li>\n\n\n\n<li>aux membres si\u00e9geant au sein de commissions d\u2019\u00e9thique de la recherche.<\/li>\n<\/ul>\n\n\n\n<p><strong>Objectifs<\/strong><\/p>\n\n\n\n<p>La formation vise \u00e0 fournir des outils pratiques et conceptuels permettant de :<\/p>\n\n\n\n<ul class=\"wp-block-list\">\n<li>mieux comprendre les enjeux \u00e9thiques, juridiques et institutionnels li\u00e9s \u00e0 l\u2019accompagnement et \u00e0 l\u2019\u00e9valuation des projets de recherche ;<\/li>\n\n\n\n<li>s\u2019approprier des notions cl\u00e9s de l\u2019\u00e9thique de la recherche, notamment :\n<ul class=\"wp-block-list\">\n<li>le consentement,<\/li>\n\n\n\n<li>les risques,<\/li>\n\n\n\n<li>la prise en compte des personnes vuln\u00e9rables,<\/li>\n\n\n\n<li>la protection et la s\u00e9curit\u00e9 des donn\u00e9es personnelles<\/li>\n<\/ul>\n<\/li>\n<\/ul>\n\n\n\n<p><strong>Organisation<\/strong><\/p>\n\n\n\n<p>L\u2019atelier est organis\u00e9 par la CER-UNIL et le Service de la recherche. Il se d\u00e9cline en <strong>quatre modules r\u00e9partis sur deux jours<\/strong>. Le d\u00e9tail du programme sera communiqu\u00e9 courant avril.<\/p>\n\n\n\n<p><strong>Date<\/strong><\/p>\n\n\n\n<p>15 juin 2026 09:00 &#8211; 17:00. 16 juin 2026 09:00 &#8211; 17:00<\/p>\n\n\n\n<p>Inscription, <a href=\"https:\/\/courses.unil.ch\/servicerecherche\/cours\/3979\">ICI<\/a><\/p>\n\n\n<div  class=\"tribe-block tribe-block__event-price\" >\n\t\t<\/div>\n\n\n\n\n<div  class=\"tribe-block tribe-block__venue tribe-clearfix\" >\n\t\n\t\t\n\t<\/div>\n\n\n\n\n\t<div  class=\"tribe-block tribe-block__events-link\" >\n\t\t<div class=\"tribe-events tribe-common\">\n\t\t\t<div class=\"tribe-events-c-subscribe-dropdown__container\">\n\t\t\t\t<div class=\"tribe-events-c-subscribe-dropdown\">\n\t\t\t\t\t<div class=\"tribe-common-c-btn-border tribe-events-c-subscribe-dropdown__button\">\n\t\t\t\t\t\t<svg\n\t class=\"tribe-common-c-svgicon tribe-common-c-svgicon--cal-export tribe-events-c-subscribe-dropdown__export-icon\" \taria-hidden=\"true\"\n\tviewBox=\"0 0 23 17\"\n\txmlns=\"http:\/\/www.w3.org\/2000\/svg\"\n>\n\t<path fill-rule=\"evenodd\" clip-rule=\"evenodd\" d=\"M.128.896V16.13c0 .211.145.383.323.383h15.354c.179 0 .323-.172.323-.383V.896c0-.212-.144-.383-.323-.383H.451C.273.513.128.684.128.896Zm16 6.742h-.901V4.679H1.009v10.729h14.218v-3.336h.901V7.638ZM1.01 1.614h14.218v2.058H1.009V1.614Z\" \/>\n\t<path d=\"M20.5 9.846H8.312M18.524 6.953l2.89 2.909-2.855 2.855\" stroke-width=\"1.2\" stroke-linecap=\"round\" stroke-linejoin=\"round\"\/>\n<\/svg>\n\t\t\t\t\t\t<button\n\t\t\t\t\t\t\tclass=\"tribe-events-c-subscribe-dropdown__button-text\"\n\t\t\t\t\t\t\taria-expanded=\"false\"\n\t\t\t\t\t\t\taria-controls=\"tribe-events-subscribe-dropdown-content\"\n\t\t\t\t\t\t\taria-label=\"Afficher les liens permettant d\u2019ajouter des \u00e9v\u00e8nements \u00e0 votre calendrier\"\n\t\t\t\t\t\t>\n\t\t\t\t\t\t\tAjouter au calendrier\t\t\t\t\t\t<\/button>\n\t\t\t\t\t\t<svg\n\t class=\"tribe-common-c-svgicon tribe-common-c-svgicon--caret-down tribe-events-c-subscribe-dropdown__button-icon\" \taria-hidden=\"true\"\n\tviewBox=\"0 0 10 7\"\n\txmlns=\"http:\/\/www.w3.org\/2000\/svg\"\n>\n\t<path fill-rule=\"evenodd\" clip-rule=\"evenodd\" d=\"M1.008.609L5 4.6 8.992.61l.958.958L5 6.517.05 1.566l.958-.958z\" class=\"tribe-common-c-svgicon__svg-fill\"\/>\n<\/svg>\n\t\t\t\t\t<\/div>\n\t\t\t\t\t<div id=\"tribe-events-subscribe-dropdown-content\" class=\"tribe-events-c-subscribe-dropdown__content\">\n\t\t\t\t\t\t<ul class=\"tribe-events-c-subscribe-dropdown__list\">\n\t\t\t\t\t\t\t\t\t\t\t\t\t\t\t<li class=\"tribe-events-c-subscribe-dropdown__list-item tribe-events-c-subscribe-dropdown__list-item--gcal\">\n\t\t\t\t\t\t\t\t\t<a\n\t\t\t\t\t\t\t\t\t\thref=\"https:\/\/www.google.com\/calendar\/event?action=TEMPLATE&#038;dates=20260616T090000\/20260617T170000&#038;text=Comprendre%20les%20enjeux%20%C3%A9thiques%20de%20la%20recherche&#038;details=%3Cp%3ELe+domaine+de+la+recherche+est+aujourd%E2%80%99hui+soumis+%C3%A0+un+encadrement+croissant.+Les+chercheur%C2%B7euse%C2%B7s+doivent+composer+avec+un+ensemble+de+normes+l%C3%A9gales%2C+institutionnelles+et+%C3%A9thiques+qui+structurent+chaque+%C3%A9tape+d%E2%80%99un+projet%2C+de+sa+conception+%C3%A0+la+diffusion+des+r%C3%A9sultats.+Dans+ce+contexte%2C+l%E2%80%99%C3%A9thique+de+la+recherche+ne+se+limite+plus+%C3%A0+la+seule+protection+des+participant%C2%B7e%C2%B7s%E2%80%AF%3A+elle+implique+une+compr%C3%A9hension+globale+des+obligations%2C+des+responsabilit%C3%A9s+et+des+bonnes+pratiques+qui+garantissent+une+recherche+rigoureuse%2C+responsable+et+conforme+aux+exigences+en+vigueur.%3C%2Fp%3E+%3Cp%3EDans+cette+perspective+%C3%A9largie%2C+l%E2%80%99%C3%A9valuation+%C3%A9thique+doit+prendre+en+consid%C3%A9ration+les+impacts+plus+vastes+que+peut+g%C3%A9n%C3%A9rer+un+projet+de+recherche.+Au%E2%80%91del%C3%A0+des+risques+individuels%2C+elle+int%C3%A8gre+ainsi+des+enjeux+li%C3%A9s+au+respect+des+droits+humains%2C+aux+implications+sociales+et+soci%C3%A9tales%2C+aux+effets+environnementaux%2C+ou+encore+aux+cons%C3%A9quences+pour+des+communaut%C3%A9s+poten%3C%2Fp%3E%28Voir+toute+la+description+de+%C3%A9v%C3%A8nement+ici%C2%A0%3A+https%3A%2F%2Fwp.unil.ch%2Fesspace%2Fevent%2Fcomprendre-les-enjeux-ethiques-de-la-recherche%2F%29&#038;trp=false&#038;ctz=Europe\/Zurich&#038;sprop=website:https:\/\/wp.unil.ch\/esspace\"\n\t\t\t\t\t\t\t\t\t\tclass=\"tribe-events-c-subscribe-dropdown__list-item-link\"\n\t\t\t\t\t\t\t\t\t\ttarget=\"_blank\"\n\t\t\t\t\t\t\t\t\t\trel=\"noopener noreferrer nofollow noindex\"\n\t\t\t\t\t\t\t\t\t>\n\t\t\t\t\t\t\t\t\t\tGoogle Agenda\t\t\t\t\t\t\t\t\t<\/a>\n\t\t\t\t\t\t\t\t<\/li>\n\t\t\t\t\t\t\t\t\t\t\t\t\t\t\t<li class=\"tribe-events-c-subscribe-dropdown__list-item tribe-events-c-subscribe-dropdown__list-item--ical\">\n\t\t\t\t\t\t\t\t\t<a\n\t\t\t\t\t\t\t\t\t\thref=\"\"\n\t\t\t\t\t\t\t\t\t\tclass=\"tribe-events-c-subscribe-dropdown__list-item-link\"\n\t\t\t\t\t\t\t\t\t\ttarget=\"_blank\"\n\t\t\t\t\t\t\t\t\t\trel=\"noopener noreferrer nofollow noindex\"\n\t\t\t\t\t\t\t\t\t>\n\t\t\t\t\t\t\t\t\t\tiCalendar\t\t\t\t\t\t\t\t\t<\/a>\n\t\t\t\t\t\t\t\t<\/li>\n\t\t\t\t\t\t\t\t\t\t\t\t\t\t\t<li class=\"tribe-events-c-subscribe-dropdown__list-item tribe-events-c-subscribe-dropdown__list-item--outlook-365\">\n\t\t\t\t\t\t\t\t\t<a\n\t\t\t\t\t\t\t\t\t\thref=\"\"\n\t\t\t\t\t\t\t\t\t\tclass=\"tribe-events-c-subscribe-dropdown__list-item-link\"\n\t\t\t\t\t\t\t\t\t\ttarget=\"_blank\"\n\t\t\t\t\t\t\t\t\t\trel=\"noopener noreferrer nofollow noindex\"\n\t\t\t\t\t\t\t\t\t>\n\t\t\t\t\t\t\t\t\t\tOutlook 365\t\t\t\t\t\t\t\t\t<\/a>\n\t\t\t\t\t\t\t\t<\/li>\n\t\t\t\t\t\t\t\t\t\t\t\t\t\t\t<li class=\"tribe-events-c-subscribe-dropdown__list-item tribe-events-c-subscribe-dropdown__list-item--outlook-live\">\n\t\t\t\t\t\t\t\t\t<a\n\t\t\t\t\t\t\t\t\t\thref=\"\"\n\t\t\t\t\t\t\t\t\t\tclass=\"tribe-events-c-subscribe-dropdown__list-item-link\"\n\t\t\t\t\t\t\t\t\t\ttarget=\"_blank\"\n\t\t\t\t\t\t\t\t\t\trel=\"noopener noreferrer nofollow noindex\"\n\t\t\t\t\t\t\t\t\t>\n\t\t\t\t\t\t\t\t\t\tOutlook Live\t\t\t\t\t\t\t\t\t<\/a>\n\t\t\t\t\t\t\t\t<\/li>\n\t\t\t\t\t\t\t\t\t\t\t\t\t<\/ul>\n\t\t\t\t\t<\/div>\n\t\t\t\t<\/div>\n\t\t\t<\/div>\n\t\t<\/div>\n\t<\/div>\n\n","protected":false},"excerpt":{"rendered":"<p>Le domaine de la recherche est aujourd\u2019hui soumis \u00e0 un encadrement croissant. Les chercheur\u00b7euse\u00b7s doivent composer avec un ensemble de normes l\u00e9gales, institutionnelles et \u00e9thiques qui structurent chaque \u00e9tape d\u2019un &hellip; <\/p>\n","protected":false},"author":1002425,"featured_media":8606,"template":"","meta":{"_seopress_robots_primary_cat":"","_seopress_titles_title":"","_seopress_titles_desc":"","_seopress_robots_index":"","_uag_custom_page_level_css":"","_EventAllDay":false,"_EventTimezone":"Europe\/Zurich","_EventStartDate":"2026-06-16 09:00:00","_EventEndDate":"2026-06-17 17:00:00","_EventStartDateUTC":"2026-06-16 07:00:00","_EventEndDateUTC":"2026-06-17 15:00:00","_EventShowMap":false,"_EventShowMapLink":false,"_EventURL":"","_EventCost":"","_EventCostDescription":"","_EventCurrencySymbol":"$","_EventCurrencyCode":"USD","_EventCurrencyPosition":"prefix","_EventDateTimeSeparator":"@","_EventTimeRangeSeparator":"-","_EventOrganizerID":[],"_EventVenueID":[],"_OrganizerEmail":"","_OrganizerPhone":"","_OrganizerWebsite":"","_VenueAddress":"","_VenueCity":"","_VenueCountry":"","_VenueProvince":"","_VenueState":"","_VenueZip":"","_VenuePhone":"","_VenueURL":"","_VenueStateProvince":"","_VenueLat":"","_VenueLng":"","_VenueShowMap":false,"_VenueShowMapLink":false,"_tribe_events_status":"","_tribe_events_status_reason":"","footnotes":""},"tags":[],"tribe_events_cat":[19484],"class_list":["post-10609","tribe_events","type-tribe_events","status-publish","has-post-thumbnail","tribe_events_cat-formations","cat_formations"],"uagb_featured_image_src":{"full":["https:\/\/wp.unil.ch\/esspace\/files\/2024\/02\/cours-servicerecherche-card.jpg",800,600,false],"thumbnail":["https:\/\/wp.unil.ch\/esspace\/files\/2024\/02\/cours-servicerecherche-card-150x150.jpg",150,150,true],"medium":["https:\/\/wp.unil.ch\/esspace\/files\/2024\/02\/cours-servicerecherche-card-300x225.jpg",300,225,true],"medium_large":["https:\/\/wp.unil.ch\/esspace\/files\/2024\/02\/cours-servicerecherche-card-768x576.jpg",735,551,true],"large":["https:\/\/wp.unil.ch\/esspace\/files\/2024\/02\/cours-servicerecherche-card.jpg",735,551,false],"1536x1536":["https:\/\/wp.unil.ch\/esspace\/files\/2024\/02\/cours-servicerecherche-card.jpg",800,600,false],"2048x2048":["https:\/\/wp.unil.ch\/esspace\/files\/2024\/02\/cours-servicerecherche-card.jpg",800,600,false],"hitmag-landscape":["https:\/\/wp.unil.ch\/esspace\/files\/2024\/02\/cours-servicerecherche-card-800x450.jpg",800,450,true],"hitmag-featured":["https:\/\/wp.unil.ch\/esspace\/files\/2024\/02\/cours-servicerecherche-card-735x400.jpg",735,400,true],"hitmag-grid":["https:\/\/wp.unil.ch\/esspace\/files\/2024\/02\/cours-servicerecherche-card-348x215.jpg",348,215,true],"hitmag-list":["https:\/\/wp.unil.ch\/esspace\/files\/2024\/02\/cours-servicerecherche-card-290x220.jpg",290,220,true],"hitmag-thumbnail":["https:\/\/wp.unil.ch\/esspace\/files\/2024\/02\/cours-servicerecherche-card-135x93.jpg",135,93,true],"gform-image-choice-sm":["https:\/\/wp.unil.ch\/esspace\/files\/2024\/02\/cours-servicerecherche-card.jpg",300,225,false],"gform-image-choice-md":["https:\/\/wp.unil.ch\/esspace\/files\/2024\/02\/cours-servicerecherche-card.jpg",400,300,false],"gform-image-choice-lg":["https:\/\/wp.unil.ch\/esspace\/files\/2024\/02\/cours-servicerecherche-card.jpg",600,450,false],"mailpoet_newsletter_max":["https:\/\/wp.unil.ch\/esspace\/files\/2024\/02\/cours-servicerecherche-card.jpg",800,600,false]},"uagb_author_info":{"display_name":"Ellina Mourtazina","author_link":"https:\/\/wp.unil.ch\/esspace\/author\/emourtaz\/"},"uagb_comment_info":0,"uagb_excerpt":"Le domaine de la recherche est aujourd\u2019hui soumis \u00e0 un encadrement croissant. Les chercheur\u00b7euse\u00b7s doivent composer avec un ensemble de normes l\u00e9gales, institutionnelles et \u00e9thiques qui structurent chaque \u00e9tape d\u2019un &hellip;","_links":{"self":[{"href":"https:\/\/wp.unil.ch\/esspace\/wp-json\/wp\/v2\/tribe_events\/10609","targetHints":{"allow":["GET"]}}],"collection":[{"href":"https:\/\/wp.unil.ch\/esspace\/wp-json\/wp\/v2\/tribe_events"}],"about":[{"href":"https:\/\/wp.unil.ch\/esspace\/wp-json\/wp\/v2\/types\/tribe_events"}],"author":[{"embeddable":true,"href":"https:\/\/wp.unil.ch\/esspace\/wp-json\/wp\/v2\/users\/1002425"}],"version-history":[{"count":1,"href":"https:\/\/wp.unil.ch\/esspace\/wp-json\/wp\/v2\/tribe_events\/10609\/revisions"}],"predecessor-version":[{"id":10610,"href":"https:\/\/wp.unil.ch\/esspace\/wp-json\/wp\/v2\/tribe_events\/10609\/revisions\/10610"}],"wp:featuredmedia":[{"embeddable":true,"href":"https:\/\/wp.unil.ch\/esspace\/wp-json\/wp\/v2\/media\/8606"}],"wp:attachment":[{"href":"https:\/\/wp.unil.ch\/esspace\/wp-json\/wp\/v2\/media?parent=10609"}],"wp:term":[{"taxonomy":"post_tag","embeddable":true,"href":"https:\/\/wp.unil.ch\/esspace\/wp-json\/wp\/v2\/tags?post=10609"},{"taxonomy":"tribe_events_cat","embeddable":true,"href":"https:\/\/wp.unil.ch\/esspace\/wp-json\/wp\/v2\/tribe_events_cat?post=10609"}],"curies":[{"name":"wp","href":"https:\/\/api.w.org\/{rel}","templated":true}]}}