{"id":5,"date":"2011-03-22T09:12:05","date_gmt":"2011-03-22T08:12:05","guid":{"rendered":"http:\/\/wp.unil.ch\/esspace\/?page_id=5"},"modified":"2026-08-28T14:23:38","modified_gmt":"2026-08-28T12:23:38","slug":"accueil","status":"publish","type":"page","link":"https:\/\/wp.unil.ch\/esspace\/","title":{"rendered":"Accueil"},"content":{"rendered":"\n<p class=\"wp-block-paragraph\"><strong>Bienvenue sur <\/strong><em><strong>eSSPace recherche<\/strong><\/em>.<br>Ce site se veut un espace d\u2019information et d\u2019\u00e9changes entre les chercheur\u00b7es de la Facult\u00e9 SSP. N\u2019h\u00e9sitez pas \u00e0 le faire conna\u00eetre!<\/p>\n\n\n\n<p class=\"wp-block-paragraph\"><\/p>\n\n\n\n<p class=\"wp-block-paragraph\"><\/p>\n\n\n\n<p class=\"has-text-align-right wp-block-paragraph\"><em>Newsletter no 30 &#8211; <\/em>ao\u00fbt 2026<\/p>\n\n\n\n<p class=\"has-text-color wp-block-paragraph\" style=\"color:#3c1053;font-size:34px\">Politique de la recherche<\/p>\n\n\n\n<hr class=\"wp-block-separator has-text-color has-alpha-channel-opacity has-background is-style-wide\" style=\"background-color:#c6a1cf;color:#c6a1cf\" \/>\n\n\n\n<div class=\"wp-block-columns is-layout-flex wp-container-core-columns-is-layout-8f761849 wp-block-columns-is-layout-flex\">\n<div class=\"wp-block-column is-layout-flow wp-block-column-is-layout-flow\" style=\"flex-basis:33.33%\">\n<div class=\"wp-block-uagb-image uagb-block-431b1ec4 wp-block-uagb-image--layout-default wp-block-uagb-image--effect-static wp-block-uagb-image--align-none\"><figure class=\"wp-block-uagb-image__figure\"><img decoding=\"async\" src=\"https:\/\/wp.unil.ch\/esspace\/files\/2026\/08\/comite_these.jpg\" alt=\"comite these\" class=\"uag-image-10824\" width=\"300\" height=\"220\" title=\"comite these\" loading=\"lazy\" role=\"img\" \/><\/figure><\/div>\n<\/div>\n\n\n\n<div class=\"wp-block-column is-layout-flow wp-block-column-is-layout-flow\" style=\"flex-basis:66.66%\">\n<p class=\"wp-block-paragraph\"><strong>Besoin d\u2019aide pour g\u00e9rer vos donn\u00e9es de recherche ?<\/strong><br>Que vous pr\u00e9pariez une demande de financement, une enqu\u00eate de terrain ou une \u00e9tude utilisant des donn\u00e9es personnelles sensibles, la Facult\u00e9 dispose d\u2019un service de soutien personnalis\u00e9 pour accompagner les chercheur\u00b7es dans la gestion des donn\u00e9es de la recherche. <a href=\"https:\/\/wp.unil.ch\/esspace\/2026\/08\/besoin-daide-pour-gerer-vos-donnees-de-recherche\/\" target=\"_blank\" rel=\"noopener\"><em>En savoir plus<\/em><\/a><\/p>\n<\/div>\n<\/div>\n\n\n\n<div class=\"wp-block-columns is-layout-flex wp-container-core-columns-is-layout-8f761849 wp-block-columns-is-layout-flex\">\n<div class=\"wp-block-column is-layout-flow wp-block-column-is-layout-flow\" style=\"flex-basis:33.33%\">\n<div class=\"wp-block-uagb-image uagb-block-36568122 wp-block-uagb-image--layout-default wp-block-uagb-image--effect-static wp-block-uagb-image--align-none\"><figure class=\"wp-block-uagb-image__figure\"><img decoding=\"async\" src=\"https:\/\/wp.unil.ch\/esspace\/files\/2026\/01\/doctorats.jpg\" alt=\"doctorats\" class=\"uag-image-10457\" width=\"300\" height=\"220\" title=\"doctorats\" loading=\"lazy\" role=\"img\" \/><\/figure><\/div>\n<\/div>\n\n\n\n<div class=\"wp-block-column is-layout-flow wp-block-column-is-layout-flow\" style=\"flex-basis:66.66%\">\n<p class=\"wp-block-paragraph\"><strong>Un comit\u00e9 de suivi de th\u00e8se pour accompagner les doctorant\u00b7es en SSP<\/strong><br>D\u00e8s le 1er septembre 2026, la Facult\u00e9 des SSP se dote d\u2019un comit\u00e9 de suivi de th\u00e8se pour accompagner les doctorant\u00b7es tout au long de leur parcours. Fruit d\u2019un travail men\u00e9 par la Commission de la recherche et le D\u00e9canat, cette r\u00e9forme s\u2019aligne plus largement avec des pratiques doctorales d\u00e9j\u00e0 pr\u00e9sentes dans de nombreuses universit\u00e9s en Suisse et \u00e0 l\u2019\u00e9tranger. <em><a href=\"https:\/\/wp.unil.ch\/esspace\/2026\/08\/un-comite-de-suivi-de-these-pour-accompagner-les-doctorant%c2%b7es-en-ssp\/\">En savoir plus<\/a><\/em><\/p>\n<\/div>\n<\/div>\n\n\n\n<p class=\"wp-block-paragraph\"><\/p>\n\n\n\n<p class=\"has-text-color wp-block-paragraph\" style=\"color:#3c1053;font-size:34px\">Portraits<\/p>\n\n\n\n<hr class=\"wp-block-separator has-text-color has-alpha-channel-opacity has-background is-style-wide\" style=\"background-color:#c6a1cf;color:#c6a1cf\" \/>\n\n\n\n<div class=\"wp-block-columns is-layout-flex wp-container-core-columns-is-layout-8f761849 wp-block-columns-is-layout-flex\">\n<div class=\"wp-block-column is-layout-flow wp-block-column-is-layout-flow\" style=\"flex-basis:33.33%\">\n<div class=\"wp-block-uagb-image uagb-block-c7b7b0df wp-block-uagb-image--layout-default wp-block-uagb-image--effect-static wp-block-uagb-image--align-none\"><figure class=\"wp-block-uagb-image__figure\"><img decoding=\"async\" src=\"https:\/\/wp.unil.ch\/esspace\/files\/2026\/08\/celine_delmotte.jpg\" alt=\"celine delmotte\" class=\"uag-image-10808\" width=\"300\" height=\"220\" title=\"celine delmotte\" loading=\"lazy\" role=\"img\" \/><\/figure><\/div>\n<\/div>\n\n\n\n<div class=\"wp-block-column is-layout-flow wp-block-column-is-layout-flow\" style=\"flex-basis:66.66%\">\n<p class=\"wp-block-paragraph\"><strong>C\u00e9line Delmotte<\/strong><br>Nous avons le plaisir d\u2019accueillir C\u00e9line Delmotte, qui rejoint notre Facult\u00e9 en tant que Consultante recherche. Titulaire d&rsquo;un doctorat en sciences politiques et sociales de l\u2019Universit\u00e9 catholique de Louvain, elle b\u00e9n\u00e9ficie d\u2019une large exp\u00e9rience de chercheuse et de responsable de programme. Ses comp\u00e9tences seront essentielles pour un soutien efficient \u00e0 nos chercheur\u00b7es. <a href=\"https:\/\/wp.unil.ch\/esspace\/2026\/08\/celine-delmotte\/\"><em>En savoir plus<\/em><\/a><\/p>\n<\/div>\n<\/div>\n\n\n\n<div class=\"wp-block-columns is-layout-flex wp-container-core-columns-is-layout-8f761849 wp-block-columns-is-layout-flex\">\n<div class=\"wp-block-column is-layout-flow wp-block-column-is-layout-flow\" style=\"flex-basis:33.33%\">\n<div class=\"wp-block-uagb-image uagb-block-c1b1ea46 wp-block-uagb-image--layout-default wp-block-uagb-image--effect-static wp-block-uagb-image--align-none\"><figure class=\"wp-block-uagb-image__figure\"><img decoding=\"async\" src=\"https:\/\/wp.unil.ch\/esspace\/files\/2026\/08\/nolwenn_buhler.jpg\" alt=\"nolwenn buhler\" class=\"uag-image-10810\" width=\"300\" height=\"220\" title=\"nolwenn buhler\" loading=\"lazy\" role=\"img\" \/><\/figure><\/div>\n<\/div>\n\n\n\n<div class=\"wp-block-column is-layout-flow wp-block-column-is-layout-flow\" style=\"flex-basis:66.66%\">\n<p class=\"wp-block-paragraph\"><strong>Nolwen B\u00fchler<\/strong><br>Nolwenn B\u00fchler est Professeure associ\u00e9e \u00e0 l\u2019Institut des sciences sociales depuis un an. Anthropologue des sciences et des technologies, elle mobilise dans ses travaux des \u00e9pist\u00e9mologies f\u00e9ministes et une \u00e9thique du <em>care<\/em> pour d\u00e9velopper des recherches engag\u00e9es, souvent interdisciplinaires et participatives. <a href=\"https:\/\/wp.unil.ch\/esspace\/2026\/08\/une-anthropologue-feministe-des-sciences-et-des-technologies\/\" target=\"_blank\" rel=\"noopener\"><em>En savoir plus<\/em><\/a><\/p>\n<\/div>\n<\/div>\n\n\n\n<div class=\"wp-block-columns is-layout-flex wp-container-core-columns-is-layout-8f761849 wp-block-columns-is-layout-flex\">\n<div class=\"wp-block-column is-layout-flow wp-block-column-is-layout-flow\" style=\"flex-basis:33.33%\">\n<div class=\"wp-block-uagb-image uagb-block-181b77ba wp-block-uagb-image--layout-default wp-block-uagb-image--effect-static wp-block-uagb-image--align-none\"><figure class=\"wp-block-uagb-image__figure\"><img decoding=\"async\" src=\"https:\/\/wp.unil.ch\/esspace\/files\/2026\/08\/deborah_ummel.jpg\" alt=\"deborah\" class=\"uag-image-10811\" width=\"300\" height=\"220\" title=\"deborah\" loading=\"lazy\" role=\"img\" \/><\/figure><\/div>\n<\/div>\n\n\n\n<div class=\"wp-block-column is-layout-flow wp-block-column-is-layout-flow\" style=\"flex-basis:66.66%\">\n<p class=\"wp-block-paragraph\"><strong>Deborah Ummel<\/strong><br>Nous vous avions bri\u00e8vement pr\u00e9sent\u00e9 son parcours en ao\u00fbt dernier lors de sa nomination \u00e0 l\u2019Institut de psychologie. Comment se sont depuis lors d\u00e9velopp\u00e9s ses travaux de recherche ? Interview avec Deborah Ummel, Professeure associ\u00e9e en psychologie appliqu\u00e9e en approches qualitatives. <a href=\"https:\/\/wp.unil.ch\/esspace\/2026\/08\/deborah-ummel\/\" target=\"_blank\" rel=\"noopener\"><em>En savoir plus<\/em><\/a><\/p>\n<\/div>\n<\/div>\n\n\n\n<div class=\"wp-block-columns is-layout-flex wp-container-core-columns-is-layout-8f761849 wp-block-columns-is-layout-flex\">\n<div class=\"wp-block-column is-layout-flow wp-block-column-is-layout-flow\" style=\"flex-basis:33.33%\">\n<div class=\"wp-block-uagb-image uagb-block-319751c2 wp-block-uagb-image--layout-default wp-block-uagb-image--effect-static wp-block-uagb-image--align-none\"><figure class=\"wp-block-uagb-image__figure\"><img decoding=\"async\" src=\"https:\/\/wp.unil.ch\/esspace\/files\/2026\/08\/harry_grimes_nita_gjikolli.jpg\" alt=\"harry grimes nita gjikolli\" class=\"uag-image-10815\" width=\"300\" height=\"220\" title=\"harry grimes nita gjikolli\" loading=\"lazy\" role=\"img\" \/><\/figure><\/div>\n<\/div>\n\n\n\n<div class=\"wp-block-column is-layout-flow wp-block-column-is-layout-flow\" style=\"flex-basis:66.66%\">\n<p class=\"wp-block-paragraph\"><strong>Nita Gjikolli et Harry Grimes<\/strong><br>Dans le cadre du <em>Doctoral Training Network in Sport Ethics and Integrity (DAiSI)<\/em>, Nita Gjikolli et Harry Grimes r\u00e9alisent leur doctorat en cotutelle entre l\u2019Universit\u00e9 de Swansea au Pays de Galles et l\u2019Universit\u00e9 de Lausanne. Une collaboration internationale au croisement de l\u2019\u00e9thique, de l\u2019int\u00e9grit\u00e9 et du sport. <a href=\"https:\/\/wp.unil.ch\/esspace\/2026\/08\/portraits-croises-une-experience-doctorale-entre-lausanne-et-swansea\/\" target=\"_blank\" rel=\"noopener\"><em>En savoir plus<\/em><\/a><\/p>\n<\/div>\n<\/div>\n\n\n\n<p class=\"has-text-color wp-block-paragraph\" style=\"color:#3c1053;font-size:34px\">Science et soci\u00e9t\u00e9<\/p>\n\n\n\n<hr class=\"wp-block-separator has-text-color has-alpha-channel-opacity has-background is-style-wide\" style=\"background-color:#c6a1cf;color:#c6a1cf\" \/>\n\n\n\n<div class=\"wp-block-columns is-layout-flex wp-container-core-columns-is-layout-8f761849 wp-block-columns-is-layout-flex\">\n<div class=\"wp-block-column is-layout-flow wp-block-column-is-layout-flow\" style=\"flex-basis:33.33%\">\n<div class=\"wp-block-uagb-image uagb-block-8da09381 wp-block-uagb-image--layout-default wp-block-uagb-image--effect-static wp-block-uagb-image--align-none\"><figure class=\"wp-block-uagb-image__figure\"><img decoding=\"async\" src=\"https:\/\/wp.unil.ch\/esspace\/files\/2026\/08\/lepinard_kebaili.jpg\" alt=\"lepinard kebaili\" class=\"uag-image-10823\" width=\"300\" height=\"220\" title=\"lepinard kebaili\" loading=\"lazy\" role=\"img\" \/><\/figure><\/div>\n<\/div>\n\n\n\n<div class=\"wp-block-column is-layout-flow wp-block-column-is-layout-flow\" style=\"flex-basis:66.66%\">\n<p class=\"wp-block-paragraph\"><strong><strong>Deux chercheuses en \u00e9tudes genre distingu\u00e9es par un prix international<\/strong><\/strong><br>La Professeure El\u00e9onore L\u00e9pinard, sp\u00e9cialiste des \u00e9tudes genre et membre du Centre en \u00e9tudes genre \u00e0 l\u2019Unil et la Dr. S\u00e9lima Keba\u00efli, sociologue, chercheure postdoctorante \u00e0 l&rsquo;Institut des sciences sociales sont r\u00e9compens\u00e9es pour leurs travaux portant sur les questions de genre et de sexualit\u00e9 dans le contexte europ\u00e9en. <a href=\"https:\/\/www.unil.ch\/news\/fr\/1781775677852\"><em>En savoir plus<\/em><\/a><\/p>\n<\/div>\n<\/div>\n\n\n\n<p class=\"has-text-color wp-block-paragraph\" style=\"color:#3c1053;font-size:34px\">Projets de recherche<\/p>\n\n\n\n<hr class=\"wp-block-separator has-text-color has-alpha-channel-opacity has-background is-style-wide\" style=\"background-color:#c6a1cf;color:#c6a1cf\" \/>\n\n\n\n<div class=\"wp-block-columns is-layout-flex wp-container-core-columns-is-layout-8f761849 wp-block-columns-is-layout-flex\">\n<div class=\"wp-block-column is-layout-flow wp-block-column-is-layout-flow\" style=\"flex-basis:33.33%\">\n<div class=\"wp-block-uagb-image uagb-block-cfd6f76f wp-block-uagb-image--layout-default wp-block-uagb-image--effect-static wp-block-uagb-image--align-none\"><figure class=\"wp-block-uagb-image__figure\"><img decoding=\"async\" src=\"https:\/\/wp.unil.ch\/esspace\/files\/2026\/08\/votations.jpg\" alt=\"votations\" class=\"uag-image-10886\" width=\"300\" height=\"220\" title=\"votations\" loading=\"lazy\" role=\"img\" \/><\/figure><\/div>\n<\/div>\n\n\n\n<div class=\"wp-block-column is-layout-flow wp-block-column-is-layout-flow\" style=\"flex-basis:66.66%\">\n<p class=\"wp-block-paragraph\"><strong><strong>Les croyances morales dans la d\u00e9mocratie directe suisse<\/strong><\/strong><br>L\u2019enqu\u00eate D\u00e9mocratie Directe Suisse au 21e si\u00e8cle (DDS-21), lanc\u00e9e en f\u00e9vrier 2023, a pour objectif de renouveler la recherche sur les comportements de vote lors des votations populaires en Suisse. Ce projet national d\u2019envergure r\u00e9unit des chercheur\u00b7es issu\u00b7es de huit instituts de science politique en Suisse et favorise la participation de la communaut\u00e9 scientifique gr\u00e2ce \u00e0 des appels \u00e0 questions avant chaque vague d\u2019enqu\u00eate. <a href=\"https:\/\/wp.unil.ch\/esspace\/2026\/08\/les-croyances-morales-dans-la-democratie-directe-suisse\/\" target=\"_blank\" rel=\"noopener\"><em>En savoir plus<\/em><\/a><\/p>\n<\/div>\n<\/div>\n\n\n\n<div class=\"wp-block-columns is-layout-flex wp-container-core-columns-is-layout-8f761849 wp-block-columns-is-layout-flex\">\n<div class=\"wp-block-column is-layout-flow wp-block-column-is-layout-flow\" style=\"flex-basis:33.33%\">\n<div class=\"wp-block-uagb-image uagb-block-69bb7902 wp-block-uagb-image--layout-default wp-block-uagb-image--effect-static wp-block-uagb-image--align-none\"><figure class=\"wp-block-uagb-image__figure\"><img decoding=\"async\" src=\"https:\/\/wp.unil.ch\/esspace\/files\/2026\/08\/psycho_enfants.jpg\" alt=\"psycho enfants\" class=\"uag-image-10868\" width=\"300\" height=\"220\" title=\"psycho enfants\" loading=\"lazy\" role=\"img\" \/><\/figure><\/div>\n<\/div>\n\n\n\n<div class=\"wp-block-column is-layout-flow wp-block-column-is-layout-flow\" style=\"flex-basis:66.66%\">\n<p class=\"wp-block-paragraph\"><strong>Besoins psychologiques et droits de l\u2019enfant : comment soutenir leur d\u00e9veloppement \u00e0 l\u2019\u00e9cole ?<\/strong><br>Se sentir \u00e9cout\u00e9, capable d\u2019agir, comp\u00e9tent et reconnu : ces exp\u00e9riences comptent dans le d\u00e9veloppement et le bien-\u00eatre des enfants. Mais elles ne d\u00e9pendent pas d\u2019eux seuls. Le projet de recherche <em>Seel4Schools<\/em> \u00e9tudie comment l\u2019\u00e9cole et les autres environnements de vie peuvent mieux soutenir leurs besoins psychologiques, leurs droits et leurs comp\u00e9tences psychosociales. <a href=\"https:\/\/wp.unil.ch\/esspace\/2026\/08\/besoins-psychologiques-et-droits-de-lenfant-comment-soutenir-leur-developpement-a-lecole\/\" target=\"_blank\" rel=\"noopener\"><em>En savoir plus<\/em><\/a><\/p>\n<\/div>\n<\/div>\n\n\n\n<div class=\"wp-block-columns is-layout-flex wp-container-core-columns-is-layout-8f761849 wp-block-columns-is-layout-flex\">\n<div class=\"wp-block-column is-layout-flow wp-block-column-is-layout-flow\" style=\"flex-basis:33.33%\">\n<div class=\"wp-block-uagb-image uagb-block-8709546c wp-block-uagb-image--layout-default wp-block-uagb-image--effect-static wp-block-uagb-image--align-none\"><figure class=\"wp-block-uagb-image__figure\"><img decoding=\"async\" src=\"https:\/\/wp.unil.ch\/esspace\/files\/2026\/08\/m_motta.jpg\" alt=\"m motta\" class=\"uag-image-10818\" width=\"300\" height=\"220\" title=\"m motta\" loading=\"lazy\" role=\"img\" \/><\/figure><\/div>\n<\/div>\n\n\n\n<div class=\"wp-block-column is-layout-flow wp-block-column-is-layout-flow\" style=\"flex-basis:66.66%\">\n<p class=\"wp-block-paragraph\"><strong><strong>Enfants et jeunes adultes en exil en Suisse priv\u00e9s de libert\u00e9<\/strong><\/strong><br>Le projet <em>Exiled in Detention: Conditions of Confinement, the Mental Health of Migrant Children and Adolescents, and their Ordinary Life<\/em> \u00e9tudie les conditions de d\u00e9tention des enfants, adolescent\u00b7es et jeunes adultes migrant\u00b7es en Suisse afin de mieux comprendre leur v\u00e9cu quotidien ainsi que les cons\u00e9quences de l\u2019enfermement sur leur sant\u00e9 mentale et leur avenir. <a href=\"https:\/\/wp.unil.ch\/esspace\/2026\/08\/enfants-et-jeunes-adultes-en-exil-en-suisse-prives-de-liberte\/\" target=\"_blank\" rel=\"noopener\"><em>En savoir plus<\/em><\/a><\/p>\n<\/div>\n<\/div>\n\n\n\n<div class=\"wp-block-columns is-layout-flex wp-container-core-columns-is-layout-8f761849 wp-block-columns-is-layout-flex\">\n<div class=\"wp-block-column is-layout-flow wp-block-column-is-layout-flow\" style=\"flex-basis:33.33%\">\n<div class=\"wp-block-uagb-image uagb-block-a1011c1d wp-block-uagb-image--layout-default wp-block-uagb-image--effect-static wp-block-uagb-image--align-none\"><figure class=\"wp-block-uagb-image__figure\"><img decoding=\"async\" src=\"https:\/\/wp.unil.ch\/esspace\/files\/2026\/08\/logo_ecss.png\" alt=\"logo ecss\" class=\"uag-image-10892\" width=\"300\" height=\"220\" title=\"logo ecss\" loading=\"lazy\" role=\"img\" \/><\/figure><\/div>\n<\/div>\n\n\n\n<div class=\"wp-block-column is-layout-flow wp-block-column-is-layout-flow\" style=\"flex-basis:66.66%\">\n<p class=\"wp-block-paragraph\"><strong><strong>Le regard d\u2019une chercheuse au c\u0153ur de l\u2019ECSS 2026<\/strong><\/strong><br>Statisticienne de formation et ancienne athl\u00e8te de haut niveau en trail, Esther Eustache d\u00e9veloppe des m\u00e9thodes innovantes pour mieux comprendre la performance, la sant\u00e9 et l\u2019activit\u00e9 physique. \u00c0 l\u2019occasion du Congr\u00e8s europ\u00e9en des sciences du sport (ECSS) 2026 \u00e0 Lausanne, elle revient sur son parcours, ses recherches et son exp\u00e9rience au sein de cet \u00e9v\u00e9nement international auquel elle a particip\u00e9 en tant que premi\u00e8re assistante \u00e0 l\u2019Institut des sciences du sport (ISSUL). <a href=\"https:\/\/wp.unil.ch\/esspace\/2026\/08\/le-regard-dune-chercheuse-au-coeur-de-lecss-2026\/\" target=\"_blank\" rel=\"noopener\"><em>En savoir plus<\/em><\/a><\/p>\n<\/div>\n<\/div>\n\n\n\n<p class=\"has-text-color wp-block-paragraph\" style=\"color:#3c1053;font-size:34px\">Th\u00e8ses d\u00e9fendues dans la Facult\u00e9<\/p>\n\n\n\n<hr class=\"wp-block-separator has-text-color has-alpha-channel-opacity has-background is-style-wide\" style=\"background-color:#c6a1cf;color:#c6a1cf\" \/>\n\n\n\n<p class=\"wp-block-paragraph\"><strong>Tatjana Bill<\/strong><br>A Framework for Understanding the Phenomenon of Non-Professional Ultra Endurance Sports. <a href=\"https:\/\/wp.unil.ch\/esspace\/2026\/08\/tatjana-bill\/\"><em>En savoir plus<\/em><\/a><\/p>\n\n\n\n<p class=\"wp-block-paragraph\"><strong>Andr\u00e9 Borges<\/strong><br>Carri\u00e8res marqu\u00e9es par la pr\u00e9carit\u00e9 et la vuln\u00e9rabilit\u00e9: \u00e9tudes sur les travailleuses\u00b7eurs du nettoyage domestique r\u00e9mun\u00e9r\u00e9 en Suisse. <a href=\"https:\/\/wp.unil.ch\/esspace\/2026\/08\/andre-borges\/\"><em>En savoir plus<\/em><\/a><\/p>\n\n\n\n<p class=\"wp-block-paragraph\"><strong>Lauriane Cailleux<\/strong><br>Qui gouverne les usages du sol ? Le r\u00f4le politique des organisations environnementales. <a href=\"https:\/\/wp.unil.ch\/esspace\/2026\/08\/lauriane-cailleux-2\/\"><em>En savoir plus<\/em><\/a><\/p>\n\n\n\n<p class=\"wp-block-paragraph\"><strong>Anna Cortijos Bernabeu<\/strong><br>Populism and the Legitimacy of Political Authority: An intergroup approach to injustice-based grievances and populist beliefs in Western European democracies. <a href=\"https:\/\/wp.unil.ch\/esspace\/2026\/08\/anna-cortijos-bernabeu\/\"><em>En savoir plus<\/em><\/a><\/p>\n\n\n\n<p class=\"wp-block-paragraph\"><strong>Diana Ho Ortega<\/strong><br>Efficacit\u00e9 d\u2019une formation br\u00e8ve \u00e0 la r\u00e9paration des ruptures d\u2019alliance th\u00e9rapeutique en psychoth\u00e9rapie. <a href=\"https:\/\/wp.unil.ch\/esspace\/2026\/08\/diana-ho-ortega\/\"><em>En savoir plus<\/em><\/a><\/p>\n\n\n\n<p class=\"wp-block-paragraph\"><strong>Vanessa Juarez Bernaldez<\/strong><br>Just Another Brick in the Wall? A Status-Based Multi-Method Approach to Youth Political (Dis)Engagement. <a href=\"https:\/\/wp.unil.ch\/esspace\/2026\/08\/vanessa-juarez-bernaldez\/\"><em>En savoir plus<\/em><\/a><\/p>\n\n\n\n<p class=\"wp-block-paragraph\"><strong>Julia Kolly<\/strong><br>L\u2019annonce d\u2019une progression de la maladie en oncologie : un d\u00e9fi collectif entre professionnel\u00b7le\u00b7s de la sant\u00e9, patient\u00b7e\u00b7s et proche(s). <a href=\"https:\/\/wp.unil.ch\/esspace\/2026\/08\/julia-kolly\/\"><em>En savoir plus<\/em><\/a><\/p>\n\n\n\n<p class=\"wp-block-paragraph\"><strong>Marie Krenger<\/strong><br>Calculation at your fingertips: the role of finger counting on 4- to 8-year-old children\u2019s numerical skills \u2013 a longitudinal and interventional approach. <a href=\"https:\/\/wp.unil.ch\/esspace\/2026\/08\/marie-krenger\/\"><em>En savoir plus<\/em><\/a><\/p>\n\n\n\n<p class=\"wp-block-paragraph\"><strong>Ainhoa Saenz Morales<\/strong><br>Quand la c\u00e9sarienne (d\u00e9)fait le genre : une analyse relationnelle des exp\u00e9riences des p\u00e8res et des m\u00e8res en Suisse romande. <a href=\"https:\/\/wp.unil.ch\/esspace\/2026\/08\/a-i-n-h-o-a-s-a-e-n-z-m-o-r-a-l-e-s\/\"><em>En savoir plus<\/em><\/a><\/p>\n\n\n\n<p class=\"wp-block-paragraph\"><strong>Francisco Correia Pereira<\/strong><br>Le processus de graduation des Pays les Moins Avanc\u00e9s (PMA) aux Nations Unies : Le cas du Cap-Vert. Une approche par la gouvernementalit\u00e9. <a href=\"https:\/\/wp.unil.ch\/esspace\/2026\/08\/francisco-correia-pereira\/\"><em>En savoir plus<\/em><\/a><\/p>\n\n\n\n<p class=\"wp-block-paragraph\"><strong>Hanna Perekhoda<\/strong><br>Contested Meanings and Boundaries: Competing Spatial Imaginaries of Ukraine Amidst the Russian Empire\u2019s Collapse. <a href=\"https:\/\/wp.unil.ch\/esspace\/2026\/08\/hanna-perekhoda\/\"><em>En savoir plus<\/em><\/a><\/p>\n\n\n\n<p class=\"wp-block-paragraph\"><strong>Tatiana Smirnova<\/strong><br>Une m\u00e9moire g\u00e9n\u00e9rationnelle \u00e0 l\u2019\u00e9preuve du num\u00e9rique. Le cas de la F\u00eate des Vignerons. <a href=\"https:\/\/wp.unil.ch\/esspace\/2026\/08\/tatiana-smirnova\/\"><em>En savoir plus<\/em><\/a><\/p>\n\n\n\n<p class=\"wp-block-paragraph\"><strong>Sabrina Tacchini<\/strong><br>Des gens en chemin: des d\u00e9cisions vocationnelles pour transformer les soci\u00e9t\u00e9s vers la durabilit\u00e9 forte. <em><a href=\"https:\/\/wp.unil.ch\/esspace\/2026\/08\/sabrina-tacchini\/\">En savoir plus<\/a><\/em><\/p>\n\n\n\n<p class=\"wp-block-paragraph\"><strong>Gina-Julia Westenberger<\/strong><br>Unequal shifts in regions\u2019 job structure and political attitudes in Europe. <a href=\"https:\/\/wp.unil.ch\/esspace\/2026\/08\/gina-julia-westenberger\/\"><em>En savoir plus<\/em><\/a><\/p>\n\n\n\n<p class=\"wp-block-paragraph\"><strong>Garnelle Ziade<\/strong><br>The Role of Five-Factor Personality Traits in Later Life: Associations With Health, Social Contacts, and Leisure Activities Among Older Adults and Centenarians. <a href=\"https:\/\/wp.unil.ch\/esspace\/2026\/08\/garnelle-ziade\/\"><em>En savoir plus<\/em><\/a><\/p>\n","protected":false},"excerpt":{"rendered":"<p>Bienvenue sur eSSPace recherche.Ce site se veut un espace d\u2019information et d\u2019\u00e9changes entre les chercheur\u00b7es de la Facult\u00e9 SSP. N\u2019h\u00e9sitez pas \u00e0 le faire conna\u00eetre! Newsletter no 30 &#8211; ao\u00fbt &hellip; <\/p>\n","protected":false},"author":163,"featured_media":0,"parent":0,"menu_order":0,"comment_status":"closed","ping_status":"closed","template":"","meta":{"_seopress_titles_title":"","_seopress_titles_desc":"","_seopress_robots_index":"","_seopress_robots_follow":"","_seopress_robots_imageindex":"","_seopress_robots_snippet":"","_seopress_robots_primary_cat":"","_seopress_robots_breadcrumbs":"","_seopress_robots_freeze_modified_date":"","_seopress_robots_custom_modified_date":"","_seopress_robots_canonical":"","_seopress_social_fb_title":"","_seopress_social_fb_desc":"","_seopress_social_fb_img":"","_seopress_social_fb_img_attachment_id":0,"_seopress_social_fb_img_width":0,"_seopress_social_fb_img_height":0,"_seopress_social_twitter_title":"","_seopress_social_twitter_desc":"","_seopress_social_twitter_img":"","_seopress_social_twitter_img_attachment_id":0,"_seopress_social_twitter_img_width":0,"_seopress_social_twitter_img_height":0,"_seopress_redirections_value":"","_seopress_redirections_enabled":"","_seopress_redirections_enabled_regex":"","_seopress_redirections_logged_status":"","_seopress_redirections_param":"","_seopress_redirections_type":0,"_seopress_analysis_target_kw":"","_seopress_news_disabled":"","_seopress_video_disabled":"","_seopress_video":[],"_seopress_pro_schemas_manual":[],"_seopress_pro_rich_snippets_disable_all":"","_seopress_pro_rich_snippets_disable":[],"_seopress_pro_schemas":[],"_uag_custom_page_level_css":"","_EventAllDay":false,"_EventTimezone":"","_EventStartDate":"","_EventEndDate":"","_EventStartDateUTC":"","_EventEndDateUTC":"","_EventShowMap":false,"_EventShowMapLink":false,"_EventURL":"","_EventCost":"","_EventCostDescription":"","_EventCurrencySymbol":"","_EventCurrencyCode":"","_EventCurrencyPosition":"","_EventDateTimeSeparator":"","_EventTimeRangeSeparator":"","_EventOrganizerID":[],"_EventVenueID":[],"_OrganizerEmail":"","_OrganizerPhone":"","_OrganizerWebsite":"","_VenueAddress":"","_VenueCity":"","_VenueCountry":"","_VenueProvince":"","_VenueState":"","_VenueZip":"","_VenuePhone":"","_VenueURL":"","_VenueStateProvince":"","_VenueLat":"","_VenueLng":"","_VenueShowMap":false,"_VenueShowMapLink":false,"footnotes":""},"class_list":["post-5","page","type-page","status-publish"],"uagb_featured_image_src":{"full":false,"thumbnail":false,"medium":false,"medium_large":false,"large":false,"1536x1536":false,"2048x2048":false,"hitmag-landscape":false,"hitmag-featured":false,"hitmag-grid":false,"hitmag-list":false,"hitmag-thumbnail":false,"gform-image-choice-sm":false,"gform-image-choice-md":false,"gform-image-choice-lg":false,"mailpoet_newsletter_max":false},"uagb_author_info":{"display_name":"sschlat1","author_link":"https:\/\/wp.unil.ch\/esspace\/author\/sschlat1\/"},"uagb_comment_info":0,"uagb_excerpt":"Bienvenue sur eSSPace recherche.Ce site se veut un espace d\u2019information et d\u2019\u00e9changes entre les chercheur\u00b7es de la Facult\u00e9 SSP. N\u2019h\u00e9sitez pas \u00e0 le faire conna\u00eetre! Newsletter no 30 &#8211; ao\u00fbt &hellip;","_links":{"self":[{"href":"https:\/\/wp.unil.ch\/esspace\/wp-json\/wp\/v2\/pages\/5","targetHints":{"allow":["GET"]}}],"collection":[{"href":"https:\/\/wp.unil.ch\/esspace\/wp-json\/wp\/v2\/pages"}],"about":[{"href":"https:\/\/wp.unil.ch\/esspace\/wp-json\/wp\/v2\/types\/page"}],"author":[{"embeddable":true,"href":"https:\/\/wp.unil.ch\/esspace\/wp-json\/wp\/v2\/users\/163"}],"replies":[{"embeddable":true,"href":"https:\/\/wp.unil.ch\/esspace\/wp-json\/wp\/v2\/comments?post=5"}],"version-history":[{"count":5,"href":"https:\/\/wp.unil.ch\/esspace\/wp-json\/wp\/v2\/pages\/5\/revisions"}],"predecessor-version":[{"id":10906,"href":"https:\/\/wp.unil.ch\/esspace\/wp-json\/wp\/v2\/pages\/5\/revisions\/10906"}],"wp:attachment":[{"href":"https:\/\/wp.unil.ch\/esspace\/wp-json\/wp\/v2\/media?parent=5"}],"curies":[{"name":"wp","href":"https:\/\/api.w.org\/{rel}","templated":true}]}}