{"id":2017,"date":"2016-10-20T10:04:59","date_gmt":"2016-10-20T08:04:59","guid":{"rendered":"http:\/\/wp.unil.ch\/esspace\/?page_id=2017"},"modified":"2025-12-16T11:57:59","modified_gmt":"2025-12-16T10:57:59","slug":"les-infos-de-lesspace","status":"publish","type":"page","link":"https:\/\/wp.unil.ch\/esspace\/les-infos-de-lesspace\/","title":{"rendered":"Les Infos de l&rsquo;eSSPace"},"content":{"rendered":"\n<div class=\"wp-block-uagb-image uagb-block-1e898e0c wp-block-uagb-image--layout-default wp-block-uagb-image--effect-static wp-block-uagb-image--align-none\"><figure class=\"wp-block-uagb-image__figure\"><a class=\"\" href=\"https:\/\/wp.unil.ch\/esspace\/files\/2025\/11\/infos_esspace_banner.png\" target=\"\" rel=\"noopener\"><img decoding=\"async\" src=\"https:\/\/wp.unil.ch\/esspace\/files\/2025\/11\/infos_esspace_banner-1024x333.png\" alt=\"infos esspace banner\" class=\"uag-image-10230\" width=\"1024\" height=\"333\" title=\"infos esspace banner\" loading=\"lazy\" role=\"img\" \/><\/a><\/figure><\/div>\n\n\n\n<p class=\"has-text-align-center\"><strong><a href=\"https:\/\/wp.unil.ch\/esspace\/les-infos-de-lesspace\/\">Accueil<\/a>&nbsp;| <a href=\"https:\/\/wp.unil.ch\/esspace\/abonnementdesabonnement-aux-infos-de-lesspace\/\">Abonnement<\/a>&nbsp;| <a href=\"https:\/\/wp.unil.ch\/esspace\/soumettre-un-article-pour-les-infos-de-lesspace\/\">Soumettre un article <\/a><\/strong><\/p>\n\n\n\n<p>Bienvenue&nbsp;! La newsletter \u00ab&nbsp;Les Infos de l\u2019eSSPace&nbsp;\u00bb s\u2019adresse \u00e0 l\u2019ensemble des membres de la Facult\u00e9 des sciences sociales et politiques. Envoy\u00e9e 4 fois par an, elle vous propose des rubriques qui rendent compte de la vie de la Facult\u00e9 \u00e0 travers des portraits, des annonces et des coups de projecteur sur une s\u00e9lection d&rsquo;\u00e9v\u00e9nements.<\/p>\n\n\n\n<p><strong>Parution<\/strong>&nbsp;: f\u00e9vrier, mai, septembre et novembre.<\/p>\n\n\n\n<p>Vous aimeriez envoyer un sujet \u00e0 l\u2019\u00e9quipe de r\u00e9daction&nbsp;? Nous vous invitons \u00e0 utiliser le formulaire \u00ab\u00a0soumettre un article\u00a0\u00bb.<\/p>\n\n\n\n<p><strong>D\u00e9lais de soumission  (article &amp; image\/photo)<\/strong> : d\u00e9but f\u00e9vrier, d\u00e9but mai, d\u00e9but septembre, d\u00e9but novembre.<\/p>\n\n\n\n<p>Les membres de la Facult\u00e9 re\u00e7oivent automatiquement la newsletter. Pour toute personne ext\u00e9rieure qui serait int\u00e9ress\u00e9e, n\u2019h\u00e9sitez pas \u00e0 vous y abonner&nbsp;!<\/p>\n\n\n\n<p>Vous aimeriez retrouver un article&nbsp;? Vous trouverez ci-dessous les liens vers les sommaires des num\u00e9ros pr\u00e9c\u00e9dents.<\/p>\n\n\n\n<p>Toute l&rsquo;\u00e9quipe de r\u00e9daction vous souhaite une bonne lecture.<\/p>\n\n\n\n<ul class=\"wp-block-list\">\n<li><a href=\"https:\/\/wp.unil.ch\/esspace?mailpoet_router&amp;endpoint=view_in_browser&amp;action=view&amp;data=WzEyNywiNjU1OGJjNThlZDM1IiwwLDAsODQsMV0\">Newsletter no 38 &#8211; novembre 2025<\/a><\/li>\n\n\n\n<li><a href=\"https:\/\/wp.unil.ch\/esspace?mailpoet_router&amp;endpoint=view_in_browser&amp;action=view&amp;data=WzEyNiwiODAzZmYzMjg2ZWJlIiwwLDAsODMsMV0\">Newsletter no 37 &#8211; septembre 2025<\/a><\/li>\n\n\n\n<li><a href=\"https:\/\/wp.unil.ch\/esspace?mailpoet_router&amp;endpoint=view_in_browser&amp;action=view&amp;data=WzEyMCwiYmEwOGUxZTQwZDY1IiwxLCI2MmQ3YjgiLDc4LDBd\">Newsletter no 36 &#8211; mai 2025<\/a><\/li>\n\n\n\n<li><a href=\"https:\/\/wp.unil.ch\/esspace?mailpoet_router&amp;endpoint=view_in_browser&amp;action=view&amp;data=WzExOSwiMWIyYmJkZWVmZTEwIiwwLDAsNzcsMV0\">Newsletter no 35 &#8211; f\u00e9vrier 2025<\/a><\/li>\n\n\n\n<li><a href=\"https:\/\/wp.unil.ch\/esspace?mailpoet_router&amp;endpoint=view_in_browser&amp;action=view&amp;data=WzExNiwiZmRkYTc4YTQxYmMwIiwwLDAsNzUsMV0\">Newsletter no 34 &#8211; d\u00e9cembre 2024<\/a><\/li>\n\n\n\n<li><a href=\"https:\/\/wp.unil.ch\/esspace?mailpoet_router&amp;endpoint=view_in_browser&amp;action=view&amp;data=WzExNSwiZDdkOGUzZTg0OWIyIiwwLDAsNzMsMV0\">Newsletter no 33 &#8211; septembre 2024<\/a><\/li>\n\n\n\n<li><a href=\"https:\/\/wp.unil.ch\/esspace?mailpoet_router&amp;endpoint=view_in_browser&amp;action=view&amp;data=WzExMywiOTg0NTQ3NGQ0MWQwIiwwLDAsNzEsMV0\">Newsletter no 32 &#8211; mai 2024<\/a><\/li>\n\n\n\n<li><a href=\"https:\/\/wp.unil.ch\/esspace?mailpoet_router&amp;endpoint=view_in_browser&amp;action=view&amp;data=WzExMSwiZjQzOGY4YjFhNTM0IiwwLDAsNzAsMV0\">Newsletter no 31 &#8211; f\u00e9vrier 2024<\/a><\/li>\n\n\n\n<li><a href=\"https:\/\/wp.unil.ch\/esspace?mailpoet_router&amp;endpoint=view_in_browser&amp;action=view&amp;data=WzEwOCwiYjQ3YjYzMTgxNmQwIiwwLDAsNjgsMV0\">Newsletter no 30 &#8211; novembre 2023<\/a><\/li>\n\n\n\n<li><a href=\"https:\/\/wp.unil.ch\/esspace?mailpoet_router&amp;endpoint=view_in_browser&amp;action=view&amp;data=WzEwNywiZGY1Y2EwZWFhOWRmIiwwLDAsNjcsMV0\">Newsletter no 29 &#8211; septembre 2023<\/a><\/li>\n\n\n\n<li><a href=\"https:\/\/wp.unil.ch\/esspace?mailpoet_router&amp;endpoint=view_in_browser&amp;action=view&amp;data=Wzk4LCIyMTQ1M2U3NmI3OGIiLDAsMCw2NCwxXQ\">Newsletter no 28 &#8211; mai 2023<\/a><\/li>\n\n\n\n<li><a href=\"https:\/\/wp.unil.ch\/esspace?mailpoet_router&amp;endpoint=view_in_browser&amp;action=view&amp;data=WzkyLCJmMWRhODA2ZDM5YWUiLDAsMCw1OSwxXQ\">Newsletter no 27 &#8211; mars 2023<\/a><\/li>\n\n\n\n<li><a href=\"https:\/\/wp.unil.ch\/esspace?mailpoet_router&amp;endpoint=view_in_browser&amp;action=view&amp;data=Wzg1LCIwN2NmMWQ5YmNkMjYiLDAsMCw1MiwxXQ\">Newsletter no 26 &#8211; d\u00e9cembre 2022<\/a><\/li>\n\n\n\n<li><a href=\"https:\/\/wp.unil.ch\/esspace?mailpoet_router&amp;endpoint=view_in_browser&amp;action=view&amp;data=WzgyLCIxYmQ4MTIzYTEzMjIiLDAsMCw1MSwxXQ\">Newsletter no 25 &#8211; septembre 2022<\/a><\/li>\n\n\n\n<li><a href=\"https:\/\/wp.unil.ch\/esspace?mailpoet_router&amp;endpoint=view_in_browser&amp;action=view&amp;data=Wzc4LCIwYzMzN2VhMWZjOGYiLDAsMCw0NiwxXQ\">Newsletter no 24 &#8211; avril 2022<\/a><\/li>\n\n\n\n<li><a href=\"https:\/\/wp.unil.ch\/esspace?mailpoet_router&amp;endpoint=view_in_browser&amp;action=view&amp;data=Wzc3LCJjNTczYzAxOWJiZWYiLDAsMCw0NSwxXQ\">Newsletter no 23 &#8211; mars 2022<\/a><\/li>\n\n\n\n<li><a href=\"https:\/\/wp.unil.ch\/esspace?mailpoet_router&amp;endpoint=view_in_browser&amp;action=view&amp;data=WzY3LCJkOTJkODgxNjg3NzciLDAsMCwzNywxXQ\">Newsletter no 22 &#8211; d\u00e9cembre 2021<\/a><\/li>\n\n\n\n<li><a href=\"https:\/\/wp.unil.ch\/esspace?mailpoet_router&amp;endpoint=view_in_browser&amp;action=view&amp;data=WzY2LCIxYWRlODFiMGRmMGYiLDAsMCwzNiwxXQ\">Newsletter no 21 &#8211; septembre 2021<\/a><\/li>\n\n\n\n<li><a href=\"https:\/\/wp.unil.ch\/esspace?mailpoet_router&amp;endpoint=view_in_browser&amp;action=view&amp;data=WzYzLCI0N2FkYjgzZDEyMmUiLDAsMCwwLDFd\">Newsletter no 20 &#8211; mai 2021<\/a><\/li>\n\n\n\n<li><a href=\"https:\/\/wp.unil.ch\/esspace?mailpoet_router&amp;endpoint=view_in_browser&amp;action=view&amp;data=WzYyLCIyNThkYjlmODA2NTkiLDAsMCwwLDFd\">Newsletter no 19 &#8211; mars 2021<\/a><\/li>\n\n\n\n<li><a href=\"https:\/\/wp.unil.ch\/esspace?mailpoet_router&amp;endpoint=view_in_browser&amp;action=view&amp;data=WzQ3LCI1MWE0NGM1NGI0YTciLDAsMCwwLDFd\">Newsletter no 18 &#8211; d\u00e9cembre 2020<\/a><\/li>\n\n\n\n<li><a href=\"https:\/\/wp.unil.ch\/esspace?mailpoet_router&amp;endpoint=view_in_browser&amp;action=view&amp;data=WzQ2LCIxZGIzY2IwYjA3ZGEiLDAsMCwwLDFd\">Newsletter no 17 &#8211; septembre 2020<\/a><\/li>\n\n\n\n<li><a href=\"https:\/\/wp.unil.ch\/esspace?mailpoet_router&amp;endpoint=view_in_browser&amp;action=view&amp;data=WzM3LCI2NDUxODkyNmIyM2EiLDAsMCwwLDFd\">Newsletter no 16 &#8211; mai 2020<\/a><\/li>\n\n\n\n<li><a href=\"https:\/\/wp.unil.ch\/esspace?mailpoet_router&amp;endpoint=view_in_browser&amp;action=view&amp;data=WzM1LCJlOTA3Y2FmZWU4MjciLDAsMCwyMCwxXQ\">Newsletter no 15 &#8211; f\u00e9vrier 2020<\/a><\/li>\n\n\n\n<li><a href=\"https:\/\/wp.unil.ch\/esspace?mailpoet_router&amp;endpoint=view_in_browser&amp;action=view&amp;data=WzMzLCJkMDA1MDk1NDA4MDAiLDEsIjYyZDdiOCIsMTgsMF0\">Newsletter no 14 &#8211; novembre 2019<\/a><\/li>\n\n\n\n<li><a href=\"https:\/\/wp.unil.ch\/esspace?mailpoet_router&amp;endpoint=view_in_browser&amp;action=view&amp;data=WzMyLCJjOGEwZjRmM2JiODgiLDEsIjYyZDdiOCIsMTcsMF0\">Newsletter no 13 &#8211; septembre 2019<\/a><\/li>\n\n\n\n<li><a href=\"https:\/\/wp.unil.ch\/esspace?mailpoet_router&amp;endpoint=view_in_browser&amp;action=view&amp;data=WzI1LCIwZmIyZGUzZmFjNzIiLDAsMCwxMiwxXQ\">Newsletter no 12 &#8211; mai 2019<\/a><\/li>\n\n\n\n<li><a href=\"https:\/\/wp.unil.ch\/esspace?mailpoet_router&amp;endpoint=view_in_browser&amp;action=view&amp;data=WzI0LCI3NGE5NmJlY2NjMzEiLDAsMCwxMSwxXQ\">Newsletter no 11 &#8211; mars 2019<\/a><\/li>\n\n\n\n<li><a href=\"https:\/\/wp.unil.ch\/esspace?mailpoet_router&amp;endpoint=view_in_browser&amp;action=view&amp;data=WzEzLCI4MjNiNDQ2MWUwN2QiLDAsMCw3LDFd\">Newsletter no 10 &#8211; novembre 2018<\/a><\/li>\n\n\n\n<li><a href=\"https:\/\/wp.unil.ch\/esspace?mailpoet_router&amp;endpoint=view_in_browser&amp;action=view&amp;data=WzEyLCI0OTc5YWY2NTE2YTQiLDAsMCw2LDFd\">Newsletter no 9 &#8211; septembre 2018<\/a><\/li>\n\n\n\n<li><a href=\"https:\/\/wp.unil.ch\/esspace\/files\/2018\/05\/Les-infos-de-leSSPace-no-8.pdf\">Newsletter no 8 &#8211; mai 2018<\/a><\/li>\n\n\n\n<li><a href=\"https:\/\/wp.unil.ch\/esspace\/files\/2018\/04\/Newsletter-no-7-\u2013-fe\u0301vrier-2018.pdf\">Newsletter no 7 \u2013 fe\u0301vrier 2018<\/a><\/li>\n\n\n\n<li><a href=\"https:\/\/wp.unil.ch\/esspace\/files\/2018\/04\/Newsletter-no-6-\u2013-novembre-2017.pdf\">Newsletter no 6 \u2013 novembre 2017<\/a><\/li>\n\n\n\n<li><a href=\"https:\/\/wp.unil.ch\/esspace\/files\/2018\/04\/Newsletter-no-5-\u2013-septembre-2017.pdf\">Newsletter no 5 \u2013 septembre 2017<\/a><\/li>\n\n\n\n<li><a href=\"https:\/\/wp.unil.ch\/esspace\/files\/2018\/04\/Newsletter-no-4-\u2013-avril-2017.pdf\">Newsletter no 4 \u2013 avril 2017<\/a><\/li>\n\n\n\n<li><a href=\"https:\/\/wp.unil.ch\/esspace\/files\/2018\/04\/Newsletter-no-3-\u2013-fe\u0301vrier-2017.pdf\">Newsletter no 3 \u2013 fe\u0301vrier 2017<\/a><\/li>\n\n\n\n<li><a href=\"https:\/\/wp.unil.ch\/esspace\/files\/2018\/04\/Newsletter-no-2-\u2013-novembre-2016.pdf\">Newsletter no 2 \u2013 novembre 2016<\/a><\/li>\n\n\n\n<li><a href=\"https:\/\/wp.unil.ch\/esspace\/files\/2018\/04\/Newsletter-no-1-\u2013-septembre-2016.pdf\">Newsletter no 1 \u2013 septembre 2016<\/a><\/li>\n<\/ul>\n","protected":false},"excerpt":{"rendered":"<p>Accueil&nbsp;| Abonnement&nbsp;| Soumettre un article Bienvenue&nbsp;! La newsletter \u00ab&nbsp;Les Infos de l\u2019eSSPace&nbsp;\u00bb s\u2019adresse \u00e0 l\u2019ensemble des membres de la Facult\u00e9 des sciences sociales et politiques. Envoy\u00e9e 4 fois par an, &hellip; <\/p>\n","protected":false},"author":163,"featured_media":0,"parent":0,"menu_order":0,"comment_status":"closed","ping_status":"closed","template":"","meta":{"_seopress_robots_primary_cat":"","_seopress_titles_title":"","_seopress_titles_desc":"","_seopress_robots_index":"","_uag_custom_page_level_css":"","_EventAllDay":false,"_EventTimezone":"","_EventStartDate":"","_EventEndDate":"","_EventStartDateUTC":"","_EventEndDateUTC":"","_EventShowMap":false,"_EventShowMapLink":false,"_EventURL":"","_EventCost":"","_EventCostDescription":"","_EventCurrencySymbol":"","_EventCurrencyCode":"","_EventCurrencyPosition":"","_EventDateTimeSeparator":"","_EventTimeRangeSeparator":"","_EventOrganizerID":[],"_EventVenueID":[],"_OrganizerEmail":"","_OrganizerPhone":"","_OrganizerWebsite":"","_VenueAddress":"","_VenueCity":"","_VenueCountry":"","_VenueProvince":"","_VenueState":"","_VenueZip":"","_VenuePhone":"","_VenueURL":"","_VenueStateProvince":"","_VenueLat":"","_VenueLng":"","_VenueShowMap":false,"_VenueShowMapLink":false,"footnotes":""},"class_list":["post-2017","page","type-page","status-publish"],"uagb_featured_image_src":{"full":false,"thumbnail":false,"medium":false,"medium_large":false,"large":false,"1536x1536":false,"2048x2048":false,"hitmag-landscape":false,"hitmag-featured":false,"hitmag-grid":false,"hitmag-list":false,"hitmag-thumbnail":false,"gform-image-choice-sm":false,"gform-image-choice-md":false,"gform-image-choice-lg":false,"mailpoet_newsletter_max":false},"uagb_author_info":{"display_name":"sschlat1","author_link":"https:\/\/wp.unil.ch\/esspace\/author\/sschlat1\/"},"uagb_comment_info":0,"uagb_excerpt":"Accueil&nbsp;| Abonnement&nbsp;| Soumettre un article Bienvenue&nbsp;! La newsletter \u00ab&nbsp;Les Infos de l\u2019eSSPace&nbsp;\u00bb s\u2019adresse \u00e0 l\u2019ensemble des membres de la Facult\u00e9 des sciences sociales et politiques. Envoy\u00e9e 4 fois par an, &hellip;","_links":{"self":[{"href":"https:\/\/wp.unil.ch\/esspace\/wp-json\/wp\/v2\/pages\/2017","targetHints":{"allow":["GET"]}}],"collection":[{"href":"https:\/\/wp.unil.ch\/esspace\/wp-json\/wp\/v2\/pages"}],"about":[{"href":"https:\/\/wp.unil.ch\/esspace\/wp-json\/wp\/v2\/types\/page"}],"author":[{"embeddable":true,"href":"https:\/\/wp.unil.ch\/esspace\/wp-json\/wp\/v2\/users\/163"}],"replies":[{"embeddable":true,"href":"https:\/\/wp.unil.ch\/esspace\/wp-json\/wp\/v2\/comments?post=2017"}],"version-history":[{"count":5,"href":"https:\/\/wp.unil.ch\/esspace\/wp-json\/wp\/v2\/pages\/2017\/revisions"}],"predecessor-version":[{"id":10279,"href":"https:\/\/wp.unil.ch\/esspace\/wp-json\/wp\/v2\/pages\/2017\/revisions\/10279"}],"wp:attachment":[{"href":"https:\/\/wp.unil.ch\/esspace\/wp-json\/wp\/v2\/media?parent=2017"}],"curies":[{"name":"wp","href":"https:\/\/api.w.org\/{rel}","templated":true}]}}