{"id":1467,"date":"2016-11-12T16:12:11","date_gmt":"2016-11-12T15:12:11","guid":{"rendered":"http:\/\/wp.unil.ch\/egodocuments\/?page_id=1467"},"modified":"2019-12-15T12:13:28","modified_gmt":"2019-12-15T11:13:28","slug":"2016-2","status":"publish","type":"page","link":"https:\/\/wp.unil.ch\/egodocuments\/nouvelles-parutions\/2016-2\/","title":{"rendered":"2016"},"content":{"rendered":"<p style=\"text-align: justify\"><span style=\"color: #993300\"><em>Itinera Italica : R\u00f6mische Tageb\u00fccher aus dem Kloster Sankt Gallen : Diari romani dal monastero di San Gallo. Band 2: Aufenthalt in Italien und R\u00fcckreise = Soggiorno in Italia e viaggio di ritorno, <\/em>ed. Peter Erhart &amp; Luigi Collarile, Wien\/Bozen, Folio, 2016, 300 s. <\/span><\/p>\n<p style=\"text-align: justify\"><a href=\"https:\/\/asverlag.lesestoff.ch\/detail\/ISBN-9783852567037\/Erhart-Peter\/Itinera-Italica?bpmctrl=bpmrownr.2%7Cforeign.338921-1-0-0\"><img alt=\"\" loading=\"lazy\" decoding=\"async\" class=\"alignleft size-medium wp-image-2987\" src=\"https:\/\/wp.unil.ch\/egodocuments\/files\/2019\/12\/9783852567037-de-215x300.jpg\" alt=\"\" width=\"215\" height=\"300\" srcset=\"https:\/\/wp.unil.ch\/egodocuments\/files\/2019\/12\/9783852567037-de-215x300.jpg 215w, https:\/\/wp.unil.ch\/egodocuments\/files\/2019\/12\/9783852567037-de.jpg 358w\" sizes=\"auto, (max-width: 215px) 100vw, 215px\" \/><\/a>Das Klosterarchiv St. Gallen h\u00fctet vier Tageb\u00fccher von Benediktinern, die um 1700 Italien bereisten.<br \/>\nEine zweib\u00e4ndige Edition erschlie\u00dft als Bl\u00fctenlese mit Kurzkommentaren diese einmaligen historischen Quellen und vermittelt, wie Menschen in der ersten H\u00e4lfte des 18. Jahrhunderts \u00fcber die Alpen nach Rom und wieder zur\u00fcck gereist sind &#8211; samt Abstechern in die sch\u00f6nsten St\u00e4dte Italiens sowie Notizen zu p\u00e4pstlichen Audienzen und zu den Ausgaben f\u00fcr Almosen, Tabak, Schokolade, Haarschnitt, B\u00fccher, Geigen- und Italienischunterricht.<\/p>\n<p>&nbsp;<\/p>\n<p style=\"text-align: justify\"><span style=\"color: #993300\">OLIVIER FATIO ET PIERRE-OLIVIER L\u00c9CHOT (\u00c9D.),\u00a0<em>Louis Tronchin \u2013 Jean-Fr\u00e9d\u00e9ric Ostervald.\u00a0Correspondance, 1683-1705<\/em>, Neuch\u00e2tel, Alphil, 2016, 800p.\u00a0<\/span><\/p>\n<div class=\"center_column\">\n<div class=\"column_box\">\n<div class=\"livre_wrapper\">\n<div class=\"item_box\">\n<div class=\"details\">\n<div id=\"tabmenu_wrapper\">\n<div class=\"tab_container\">\n<div id=\"tab1\" class=\"tab_content\">\n<p style=\"text-align: justify\"><a href=\"https:\/\/www.alphil.com\/index.php\/auteurs\/lechot-pierre-olivier\/louis-tronchin-jean-frederic-ostervald.html\"><img alt=\"\" loading=\"lazy\" decoding=\"async\" class=\"alignleft size-full wp-image-2598\" src=\"https:\/\/wp.unil.ch\/egodocuments\/files\/2019\/04\/3059_sitealphil-refugehuguenotvol10.jpg\" alt=\"\" width=\"263\" height=\"420\" srcset=\"https:\/\/wp.unil.ch\/egodocuments\/files\/2019\/04\/3059_sitealphil-refugehuguenotvol10.jpg 263w, https:\/\/wp.unil.ch\/egodocuments\/files\/2019\/04\/3059_sitealphil-refugehuguenotvol10-188x300.jpg 188w\" sizes=\"auto, (max-width: 263px) 100vw, 263px\" \/><\/a>Pr\u00e9sentation de l&rsquo;\u00e9diteur : Louis Tronchin (1629-1705) et Jean-Fr\u00e9d\u00e9ric Ostervald (1663-1747) sont deux personnalit\u00e9s importantes de la p\u00e9riode qui vit le protestantisme passer de l\u2019\u00e9poque des orthodoxies \u00e0 celle des Lumi\u00e8res. Figure marquante pour toute une g\u00e9n\u00e9ration de penseurs r\u00e9form\u00e9s (dont Pierre Bayle et Jean Le Clerc), Louis Tronchin fut, pendant pr\u00e8s de vingt-cinq ans, le correspondant de Jean-Fr\u00e9d\u00e9ric Ostervald apr\u00e8s avoir \u00e9t\u00e9 son professeur de th\u00e9ologie.<br \/>\nLa correspondance ici publi\u00e9e, et qui couvre les ann\u00e9es 1683 \u00e0 1705, permet de jeter un regard nouveau sur les chantiers qu\u2019ouvrent alors les deux hommes et qui vont \u00eatre \u00e0 l\u2019origine d\u2019une profonde r\u00e9novation de la th\u00e9ologie et des pratiques calvinistes francophones. Mais elle permet aussi de saisir sur le vif la pr\u00e9occupation des deux hommes pour les grands \u00e9v\u00e9nements de leur temps : situation politique des cantons suisses, guerre de succession d\u2019Espagne ou succession de Neuch\u00e2tel. Enfin, et ce n\u2019est pas le moindre apport de cette correspondance, celle-ci nous permet de mesurer l\u2019impact exerc\u00e9 par le traumatisme de la r\u00e9vocation de l\u2019\u00c9dit de Nantes sur le clerg\u00e9 protestant de l\u2019\u00e9poque et les implications, th\u00e9ologiques et pratiques, de la nouvelle donne constitu\u00e9e par cette situation.<br \/>\nCaisse de r\u00e9sonances des pr\u00e9occupations qui taraudent alors l\u2019univers du Refuge huguenot, la correspondance entre Louis et Tronchin et Jean-Fr\u00e9d\u00e9ric Ostervald constitue un document unique de cette p\u00e9riode fondamentale de l\u2019histoire du protestantisme de langue fran\u00e7aise.<\/p>\n<\/div>\n<\/div>\n<\/div>\n<\/div>\n<\/div>\n<\/div>\n<\/div>\n<\/div>\n<p style=\"text-align: justify\"><span style=\"color: #993300\">Dani\u00e8le Tosato-Rigo (\u00e9d.),\u00a0<em>Appel \u00e0 t\u00e9moins. Ecrits personnels et pratiques socioculturelles (XVIe-XXe s.),\u00a0<\/em>Etudes de lettres, Lausanne, 2016, 318 p.\u00a0<\/span><\/p>\n<p style=\"text-align: justify\"><a href=\"https:\/\/edl.revues.org\/856\"><img loading=\"lazy\" decoding=\"async\" class=\"alignleft size-full wp-image-1332\" src=\"https:\/\/wp.unil.ch\/egodocuments\/files\/2016\/05\/EDL2016_1-2.jpg\" alt=\"EDL2016_1-2\" width=\"190\" height=\"275\" \/><\/a><\/p>\n<p style=\"text-align: justify\">Pr\u00e9sentation de l&rsquo;\u00e9diteur\u00a0:<\/p>\n<p style=\"text-align: justify\">Ce volume explore les perspectives d\u2019approche historique de la litt\u00e9rature de t\u00e9moignage \u00ab ordinaire \u00bb (journaux personnels, r\u00e9cits de vie, livres de raison ou correspondances) : un mat\u00e9riau, rarement destin\u00e9 \u00e0 la publication et diss\u00e9min\u00e9 dans les archives priv\u00e9es et publiques, qui suscite un int\u00e9r\u00eat croissant aupr\u00e8s des chercheurs. Prenant acte de la critique \u00e0 l\u2019encontre du tournant culturaliste\u00a0<em>(linguistic turn)<\/em>, qui a montr\u00e9 ces derni\u00e8res ann\u00e9es le danger qu\u2019il y avait \u00e0 d\u00e9tacher de telles sources de leur ancrage social, il entend tisser des liens entre ces \u00ab egodocuments \u00bb et l\u2019analyse historique des pratiques socioculturelles (m\u00e9morielles, identitaires, scripturaires, \u00e9ducatives, religieuses, de sant\u00e9, de lecture\u2026), en nourrissant le d\u00e9bat m\u00e9thodologique. Au fil d\u2019\u00e9tudes de cas et d\u2019articles de synth\u00e8se dans lesquels douze auteur-e-s de divers pays se renvoient la question de savoir comment mettre en lien l\u2019individu et la (plus) grande histoire, en convoquant notamment la microhistoire, la transculturalit\u00e9, la performativit\u00e9 de l\u2019\u00e9crit personnel ou sa capacit\u00e9 \u00e0 repr\u00e9senter l\u2019espace social, c\u2019est dans l\u2019atelier de l\u2019historien-ne que le lecteur, la lectrice est convi\u00e9-e.<\/p>\n<p><span style=\"color: #993300\"><a href=\"https:\/\/www.unil.ch\/edl\/home\/menuinst\/table-des-sommaires\/2015-2019\/300-20161-2.html\">Sommaire<\/a><\/span><\/p>\n<p><span style=\"color: #993300\">Giorgio Mollisi (a cura di),\u00a0Il diario inedito di Giacomo Mercoli da Mugena, stuccatore e incisore, Arte e Cultura, anno 1 \/ Numero 2, ottobre 2016, 146 p.<\/span><\/p>\n<p><img alt=\"\" loading=\"lazy\" decoding=\"async\" class=\"alignright size-medium wp-image-1499\" src=\"https:\/\/wp.unil.ch\/egodocuments\/files\/2017\/02\/IMG_1418-e1487082349281-225x300.jpg\" alt=\"\" width=\"225\" height=\"300\" srcset=\"https:\/\/wp.unil.ch\/egodocuments\/files\/2017\/02\/IMG_1418-e1487082349281-225x300.jpg 225w, https:\/\/wp.unil.ch\/egodocuments\/files\/2017\/02\/IMG_1418-e1487082349281-768x1024.jpg 768w\" sizes=\"auto, (max-width: 225px) 100vw, 225px\" \/><\/p>\n<p>Pr\u00e9sentation de l&rsquo;\u00e9diteur\u00a0:<\/p>\n<p style=\"text-align: justify\">\u00abLamenteranno a lungo gli abitanti del Cantone Ticino la perdita fatta la scorsa settimana di un uomo, che nell\u2019arte sua era forse, a detta dei pi\u00f9 valenti professori, unico in Europa\u00bb: cos\u00ec scriveva Giocondo Albertolli &#8211; celebre stuccatore e insegnante di ornato dell\u2019Accademia di Brera nativo di Bedano &#8211; in un necrologio dedicato all\u2019amico e sodale\u00a0<strong>Giacomo Mercoli<\/strong>, il 25 ottobre 1825. E davvero la carriera del Mercoli &#8211; detto nepos, nipote, per distinguerlo dallo zio omonimo, anch\u2019egli incisore &#8211; ebbe un respiro che si potrebbe definire europeo. Bench\u00e9, infatti, l\u2019esistenza del nostro rimase per lo pi\u00f9 circoscritta entro i confini rassicuranti del Ticino e la cerchia delle mura di Milano, egli non si limit\u00f2 a collaborare con il conterraneo Albertolli, ma ottenne importanti commissioni da aristocratici, reali ed esponenti delle forze politiche che si contendevano l\u2019egemonia nel continente nei decenni tormentati al discrimine tra il XVIII e il XIX secolo.<\/p>\n<p style=\"text-align: justify\">Nell\u2019epoca di massimo splendore della Milano asburgica si trov\u00f2 cos\u00ec a partecipare dapprima come stuccatore, poi come incisore al fervente cantiere del Teatro alla Scala, e in seguito, al servizio dell\u2019Arciduca Ferdinando d\u2019Austria, incise i progetti di Giuseppe Piermarini per la Villa Reale di Monza. La crescente fama di cui godeva aveva spinto, nel frattempo, l\u2019architetto Giacomo Quarenghi ad affidargli l\u2019incisione dei suoi disegni per il Teatro del Romitaggio (Ermitage) e del Palazzo della nuova Borsa della lontana San Pietroburgo. \u00a0All\u2019arrivo in Lombardia delle forze francesi ebbe quindi l\u2019incarico, insieme al figlio Michelangelo, di celebrare con visioni allegoriche, scene di battaglia e ispirati ritratti l\u2019ideale rivoluzionario e il sogno napoleonico che ne consegu\u00ec. Dei legami con i suoi nobili committenti resta, invece, una traccia memorabile nelle incisioni che immortalano la cappella di famiglia del conte Bartolomeo Giuliari di Verona (presentate, per l\u2019occasione, nel dettagliato contributo di Laura Facchin).<\/p>\n<p style=\"text-align: justify\"><strong>Il diario inedito dell\u2019artista\u00a0<\/strong>&#8211; nella rivista finalmente riprodotto e pubblicato nella sua interezza a cura di Giorgio Mollisi &#8211; testimonia quindi il riverbero quotidiano di un\u2019esperienza tanto straordinaria, nelle brevi annotazioni delle commissioni e dei pagamenti ricevuti o elargiti come nel resoconto dell\u2019impegno profuso nei diversi lavori. Ne emerge allora l\u2019immagine in controluce di un artista meticoloso e attentissimo nel difendere i propri interessi o diritti: certo un uomo semplice ed estremamente legato alla propria terra, \u00abun campagnolo che ha l\u2019orgoglio di ridersi di ogni grandezza cittadina\u00bb (come lo defin\u00ec, con ammirazione, il marchese Luigi Cagnola), ma anche un professionista consapevole della propria maestria e pronto a far valere il suo nome.<\/p>\n<p style=\"text-align: justify\"><span style=\"color: #993300\">Sundar Henny,?\u00a0<em>Vom Leib geschrieben. ?Der Mikrokosmos Z\u00fcrich und seine Selbstzeugnisse im 17. Jahrhundert<\/em>, Wein ; K\u00f6hl ; Weimar, B\u00f6hlau, 2016, s. 388.<\/span><\/p>\n<p><a href=\"https:\/\/www.boehlau-verlag.com\/978-3-412-50289-8.html\"><img loading=\"lazy\" decoding=\"async\" class=\"alignleft size-full wp-image-1358\" src=\"https:\/\/wp.unil.ch\/egodocuments\/files\/2016\/05\/9783412502898.jpg\" alt=\"9783412502898\" width=\"163\" height=\"234\" \/><\/a><\/p>\n<p style=\"text-align: justify\">Pr\u00e9sentation de l&rsquo;\u00e9diteur :<\/p>\n<p style=\"text-align: justify\">W\u00e4hrend mit Zwingli im Abendmahl der Z\u00fcrcher das historische Gedenken an die Stelle der Realpr\u00e4senz getreten war, manifestierte sich im Umgang mit Schriftgut eine Verehrung der Dinglichkeit, die schon Zeitgenossen katholisch anmutete. Die im Buch behandelten Selbstzeugnisse verdanken ihre Niederschrift ebenso wie ihre \u00dcberlieferung in amtlichen und famili\u00e4ren Archiven weitgehend ebendiesem Kult. Dieser beruhte auch auf einem fr\u00fchneuzeitlichen Ehrbegriff, der ohne Gegenst\u00e4ndlichkeit nicht auskam. Der neue Zugriff auf Selbstzeugnisse als Dinge mit quasi-sakralem Charakter er\u00f6ffnet einen neuen Blick auf Z\u00fcrich im konfessionellen Zeitalter. Mitten in der reformierten Stadt an der Limmat wird eine ins Kultische hineinspielende Wertsch\u00e4tzung der Leiblichkeit handgreiflich.<\/p>\n<p style=\"text-align: justify\"><span style=\"color: #993300\">Fran\u00e7ois-David Noir,\u00a0<em>Journal de voyage. Lausanne-Chabag-Odessa<\/em>, Ed. Cab\u00e9dita, 2016, 200 p.\u00a0<\/span><\/p>\n<p style=\"text-align: justify\"><a href=\"https:\/\/cabedita.ch\/product.php?id_product=783\"><img loading=\"lazy\" decoding=\"async\" class=\"alignright size-full wp-image-1447\" src=\"https:\/\/wp.unil.ch\/egodocuments\/files\/2016\/11\/799-large.jpg\" alt=\"799-large\" width=\"300\" height=\"300\" srcset=\"https:\/\/wp.unil.ch\/egodocuments\/files\/2016\/11\/799-large.jpg 300w, https:\/\/wp.unil.ch\/egodocuments\/files\/2016\/11\/799-large-150x150.jpg 150w\" sizes=\"auto, (max-width: 300px) 100vw, 300px\" \/><\/a><\/p>\n<p style=\"text-align: justify\">Pr\u00e9sentation de l&rsquo;\u00e9diteur\u00a0:<\/p>\n<p style=\"text-align: justify\">R\u00e9dig\u00e9 par un jeune Lausannois de 16 ans \u00e0 peine au moment du d\u00e9part en 1822, le journal de Fran\u00e7ois-David Noir (1806-1877), pr\u00e9sent\u00e9 et annot\u00e9 par Jean-Pierre Bastian, est un document unique en son genre. Il entra\u00eene le lecteur sur les routes de Lausanne \u00e0 Odessa. Peupl\u00e9e d\u2019immigr\u00e9s, Odessa faisait r\u00eaver le jeune autodidacte d\u00e9sireux de devenir banquier en travaillant pour des maisons suisses du lieu. Ce voyage de trois mois fut une extraordinaire d\u00e9couverte de paysages, de villes et de populations inconnues pour l\u2019auteur qui se d\u00e9peignait comme n\u2019\u00e9tant jamais sorti de chez lui. Attentif \u00e0 tout ce qu\u2019il voit, il pars\u00e8me ses observations de r\u00e9f\u00e9rences historiques et topographiques. Accompagnant l\u2019exp\u00e9dition des premiers colons vaudois de la future colonie viticole de Chabag en Bessarabie, il livre un portrait original du groupe de migrants qui affronta les chemins souvent chaotiques menant aux fronti\u00e8res de la Russie d\u2019alors. Il en reviendra trois ans plus tard par voie maritime en passant par Constantinople qui le fascina par son alt\u00e9rit\u00e9 orientale.<\/p>\n","protected":false},"excerpt":{"rendered":"<p>Itinera Italica : R\u00f6mische Tageb\u00fccher aus dem Kloster Sankt Gallen : Diari romani dal monastero di San Gallo. Band 2: Aufenthalt in Italien und R\u00fcckreise = Soggiorno in Italia e &hellip; <\/p>\n","protected":false},"author":1511,"featured_media":0,"parent":977,"menu_order":0,"comment_status":"closed","ping_status":"closed","template":"","meta":{"_seopress_robots_primary_cat":"","_seopress_titles_title":"","_seopress_titles_desc":"","_seopress_robots_index":"","footnotes":""},"class_list":["post-1467","page","type-page","status-publish"],"_links":{"self":[{"href":"https:\/\/wp.unil.ch\/egodocuments\/wp-json\/wp\/v2\/pages\/1467","targetHints":{"allow":["GET"]}}],"collection":[{"href":"https:\/\/wp.unil.ch\/egodocuments\/wp-json\/wp\/v2\/pages"}],"about":[{"href":"https:\/\/wp.unil.ch\/egodocuments\/wp-json\/wp\/v2\/types\/page"}],"author":[{"embeddable":true,"href":"https:\/\/wp.unil.ch\/egodocuments\/wp-json\/wp\/v2\/users\/1511"}],"replies":[{"embeddable":true,"href":"https:\/\/wp.unil.ch\/egodocuments\/wp-json\/wp\/v2\/comments?post=1467"}],"version-history":[{"count":0,"href":"https:\/\/wp.unil.ch\/egodocuments\/wp-json\/wp\/v2\/pages\/1467\/revisions"}],"up":[{"embeddable":true,"href":"https:\/\/wp.unil.ch\/egodocuments\/wp-json\/wp\/v2\/pages\/977"}],"wp:attachment":[{"href":"https:\/\/wp.unil.ch\/egodocuments\/wp-json\/wp\/v2\/media?parent=1467"}],"curies":[{"name":"wp","href":"https:\/\/api.w.org\/{rel}","templated":true}]}}