{"id":1646,"date":"2018-03-03T13:32:03","date_gmt":"2018-03-03T12:32:03","guid":{"rendered":"http:\/\/wp.unil.ch\/egodocuments\/?page_id=1646"},"modified":"2019-12-15T12:13:56","modified_gmt":"2019-12-15T11:13:56","slug":"2016-2","status":"publish","type":"page","link":"https:\/\/wp.unil.ch\/egodocuments\/en\/new-publications\/2016-2\/","title":{"rendered":"2016"},"content":{"rendered":"<p style=\"text-align: justify\"><strong><span style=\"color: #993300\"><em>Itinera Italica : R\u00f6mische Tageb\u00fccher aus dem Kloster Sankt Gallen : Diari romani dal monastero di San Gallo. Band 2: Aufenthalt in Italien und R\u00fcckreise = Soggiorno in Italia e viaggio di ritorno, <\/em>ed. Peter Erhart &amp; Luigi Collarile, Wien\/Bozen, Folio, 2016, 300 s. <\/span><\/strong><\/p>\n<p style=\"text-align: justify\"><a href=\"https:\/\/asverlag.lesestoff.ch\/detail\/ISBN-9783852567037\/Erhart-Peter\/Itinera-Italica?bpmctrl=bpmrownr.2%7Cforeign.338921-1-0-0\"><img alt=\"\" loading=\"lazy\" decoding=\"async\" class=\"alignleft size-medium wp-image-2987\" src=\"https:\/\/wp.unil.ch\/egodocuments\/files\/2019\/12\/9783852567037-de-215x300.jpg\" alt=\"\" width=\"215\" height=\"300\" srcset=\"https:\/\/wp.unil.ch\/egodocuments\/files\/2019\/12\/9783852567037-de-215x300.jpg 215w, https:\/\/wp.unil.ch\/egodocuments\/files\/2019\/12\/9783852567037-de.jpg 358w\" sizes=\"auto, (max-width: 215px) 100vw, 215px\" \/><\/a><\/p>\n<p>&nbsp;<\/p>\n<p>&nbsp;<\/p>\n<p>&nbsp;<\/p>\n<p>&nbsp;<\/p>\n<p>&nbsp;<\/p>\n<p>&nbsp;<\/p>\n<p>&nbsp;<\/p>\n<p>&nbsp;<\/p>\n<p style=\"text-align: justify\"><strong><span style=\"color: #993300\">OLIVIER FATIO ET PIERRE-OLIVIER L\u00c9CHOT (\u00c9D.),\u00a0<em>Louis Tronchin \u2013 Jean-Fr\u00e9d\u00e9ric Ostervald.\u00a0Correspondance, 1683-1705<\/em>, Neuch\u00e2tel, Alphil, 2016, 800p.\u00a0<\/span><\/strong><\/p>\n<div class=\"center_column\">\n<div class=\"column_box\">\n<div class=\"livre_wrapper\">\n<div class=\"item_box\">\n<div class=\"details\">\n<div id=\"tabmenu_wrapper\">\n<div class=\"tab_container\">\n<div id=\"tab1\" class=\"tab_content\">\n<p style=\"text-align: justify\"><a href=\"https:\/\/www.alphil.com\/index.php\/auteurs\/lechot-pierre-olivier\/louis-tronchin-jean-frederic-ostervald.html\"><img alt=\"\" loading=\"lazy\" decoding=\"async\" class=\"alignleft size-full wp-image-2598\" src=\"https:\/\/wp.unil.ch\/egodocuments\/files\/2019\/04\/3059_sitealphil-refugehuguenotvol10.jpg\" alt=\"\" width=\"263\" height=\"420\" srcset=\"https:\/\/wp.unil.ch\/egodocuments\/files\/2019\/04\/3059_sitealphil-refugehuguenotvol10.jpg 263w, https:\/\/wp.unil.ch\/egodocuments\/files\/2019\/04\/3059_sitealphil-refugehuguenotvol10-188x300.jpg 188w\" sizes=\"auto, (max-width: 263px) 100vw, 263px\" \/><\/a><\/p>\n<\/div>\n<\/div>\n<\/div>\n<\/div>\n<\/div>\n<\/div>\n<\/div>\n<\/div>\n<p>&nbsp;<\/p>\n<p>&nbsp;<\/p>\n<p>&nbsp;<\/p>\n<p>&nbsp;<\/p>\n<p>&nbsp;<\/p>\n<p>&nbsp;<\/p>\n<p>&nbsp;<\/p>\n<p>&nbsp;<\/p>\n<p>&nbsp;<\/p>\n<p>&nbsp;<\/p>\n<p style=\"text-align: left\"><strong><span style=\"color: #993300\">Dani\u00e8le Tosato-Rigo (\u00e9d.),\u00a0<em>Appel \u00e0 t\u00e9moins. Ecrits personnels et pratiques socioculturelles (XVIe-XXe s.),\u00a0<\/em>Etudes de lettres, Lausanne, 2016, 318 p.\u00a0<\/span><\/strong><\/p>\n<p style=\"text-align: justify\"><a href=\"https:\/\/journals.openedition.org\/edl\/856\"><img loading=\"lazy\" decoding=\"async\" class=\"alignleft size-full wp-image-1332\" src=\"https:\/\/wp.unil.ch\/egodocuments\/files\/2016\/05\/EDL2016_1-2.jpg\" alt=\"EDL2016_1-2\" width=\"190\" height=\"275\" \/><\/a><\/p>\n<p>&nbsp;<\/p>\n<p>&nbsp;<\/p>\n<p>&nbsp;<\/p>\n<p>&nbsp;<\/p>\n<p>&nbsp;<\/p>\n<p>&nbsp;<\/p>\n<p>&nbsp;<\/p>\n<p><a href=\"https:\/\/www.unil.ch\/edl\/home\/menuinst\/table-des-sommaires\/2015-2019\/300-20161-2.html\">Contents<\/a><\/p>\n<p><strong><span style=\"color: #993300\">Giorgio Mollisi (a cura di),\u00a0Il diario inedito di Giacomo Mercoli da Mugena, stuccatore e incisore, Arte e Cultura, anno 1 \/ Numero 2, ottobre 2016, 146 p.<\/span><\/strong><\/p>\n<p><img alt=\"\" loading=\"lazy\" decoding=\"async\" class=\"size-medium wp-image-1499 alignleft\" src=\"https:\/\/wp.unil.ch\/egodocuments\/files\/2017\/02\/IMG_1418-e1487082349281-225x300.jpg\" alt=\"\" width=\"225\" height=\"300\" srcset=\"https:\/\/wp.unil.ch\/egodocuments\/files\/2017\/02\/IMG_1418-e1487082349281-225x300.jpg 225w, https:\/\/wp.unil.ch\/egodocuments\/files\/2017\/02\/IMG_1418-e1487082349281-768x1024.jpg 768w\" sizes=\"auto, (max-width: 225px) 100vw, 225px\" \/><\/p>\n<p>&nbsp;<\/p>\n<p>&nbsp;<\/p>\n<p>&nbsp;<\/p>\n<p>&nbsp;<\/p>\n<p>&nbsp;<\/p>\n<p>&nbsp;<\/p>\n<p>&nbsp;<\/p>\n<p>&nbsp;<\/p>\n<p style=\"text-align: justify\"><strong><span style=\"color: #993300\">Sundar Henny,?\u00a0<em>Vom Leib geschrieben. ?Der Mikrokosmos Z\u00fcrich und seine Selbstzeugnisse im 17. Jahrhundert<\/em>, Wein ; K\u00f6hl ; Weimar, B\u00f6hlau, 2016, s. 388.<\/span><\/strong><\/p>\n<p><a href=\"https:\/\/www.boehlau-verlag.com\/978-3-412-50289-8.html\"><img loading=\"lazy\" decoding=\"async\" class=\"alignleft size-full wp-image-1358\" src=\"https:\/\/wp.unil.ch\/egodocuments\/files\/2016\/05\/9783412502898.jpg\" alt=\"9783412502898\" width=\"163\" height=\"234\" \/><\/a><\/p>\n<p>&nbsp;<\/p>\n<p>&nbsp;<\/p>\n<p>&nbsp;<\/p>\n<p>&nbsp;<\/p>\n<p>&nbsp;<\/p>\n<p style=\"text-align: justify\"><strong><span style=\"color: #993300\">Fran\u00e7ois-David Noir,\u00a0<em>Journal de voyage. Lausanne-Chabag-Odessa<\/em>, Ed. Cab\u00e9dita, 2016, 200 p.\u00a0<\/span><\/strong><\/p>\n<p style=\"text-align: justify\"><a href=\"https:\/\/cabedita.ch\/product.php?id_product=783\"><img loading=\"lazy\" decoding=\"async\" class=\"size-full wp-image-1447 alignleft\" src=\"https:\/\/wp.unil.ch\/egodocuments\/files\/2016\/11\/799-large.jpg\" alt=\"799-large\" width=\"300\" height=\"300\" srcset=\"https:\/\/wp.unil.ch\/egodocuments\/files\/2016\/11\/799-large.jpg 300w, https:\/\/wp.unil.ch\/egodocuments\/files\/2016\/11\/799-large-150x150.jpg 150w\" sizes=\"auto, (max-width: 300px) 100vw, 300px\" \/><\/a><\/p>\n<p style=\"text-align: justify\">\n","protected":false},"excerpt":{"rendered":"<p>Itinera Italica : R\u00f6mische Tageb\u00fccher aus dem Kloster Sankt Gallen : Diari romani dal monastero di San Gallo. Band 2: Aufenthalt in Italien und R\u00fcckreise = Soggiorno in Italia e &hellip; <\/p>\n","protected":false},"author":1511,"featured_media":0,"parent":1652,"menu_order":0,"comment_status":"closed","ping_status":"closed","template":"","meta":{"_seopress_robots_primary_cat":"","_seopress_titles_title":"","_seopress_titles_desc":"","_seopress_robots_index":"","footnotes":""},"class_list":["post-1646","page","type-page","status-publish"],"_links":{"self":[{"href":"https:\/\/wp.unil.ch\/egodocuments\/en\/wp-json\/wp\/v2\/pages\/1646","targetHints":{"allow":["GET"]}}],"collection":[{"href":"https:\/\/wp.unil.ch\/egodocuments\/en\/wp-json\/wp\/v2\/pages"}],"about":[{"href":"https:\/\/wp.unil.ch\/egodocuments\/en\/wp-json\/wp\/v2\/types\/page"}],"author":[{"embeddable":true,"href":"https:\/\/wp.unil.ch\/egodocuments\/en\/wp-json\/wp\/v2\/users\/1511"}],"replies":[{"embeddable":true,"href":"https:\/\/wp.unil.ch\/egodocuments\/en\/wp-json\/wp\/v2\/comments?post=1646"}],"version-history":[{"count":0,"href":"https:\/\/wp.unil.ch\/egodocuments\/en\/wp-json\/wp\/v2\/pages\/1646\/revisions"}],"up":[{"embeddable":true,"href":"https:\/\/wp.unil.ch\/egodocuments\/en\/wp-json\/wp\/v2\/pages\/1652"}],"wp:attachment":[{"href":"https:\/\/wp.unil.ch\/egodocuments\/en\/wp-json\/wp\/v2\/media?parent=1646"}],"curies":[{"name":"wp","href":"https:\/\/api.w.org\/{rel}","templated":true}]}}