{"id":2550,"date":"2025-10-07T12:18:20","date_gmt":"2025-10-07T10:18:20","guid":{"rendered":"https:\/\/wp.unil.ch\/ecotopiales\/?page_id=2550"},"modified":"2025-10-22T17:49:25","modified_gmt":"2025-10-22T15:49:25","slug":"litterature","status":"publish","type":"page","link":"https:\/\/wp.unil.ch\/ecotopiales\/litterature\/","title":{"rendered":"R\u00c9CITS ET LITT\u00c9RATURE"},"content":{"rendered":"\n<div class=\"wp-block-columns alignwide is-layout-flex wp-container-core-columns-is-layout-9d6595d7 wp-block-columns-is-layout-flex\">\n<div class=\"wp-block-column is-vertically-aligned-bottom is-layout-flow wp-block-column-is-layout-flow\">\n<h4 class=\"wp-block-heading\"><strong>REGARDS CROIS\u00c9S SUR LE VIVANT<\/strong><br>MATIN\u00c9E SCIENTIFIQUE<\/h4>\n<\/div>\n\n\n\n<div class=\"wp-block-column is-vertically-aligned-bottom is-layout-flow wp-block-column-is-layout-flow\">\n<h4 class=\"wp-block-heading\"><strong>L\u2019ALLURE DES B\u00caTES<\/strong><br>ATELIER D&rsquo;\u00c9CRITURE<\/h4>\n<\/div>\n\n\n\n<div class=\"wp-block-column is-vertically-aligned-bottom is-layout-flow wp-block-column-is-layout-flow\">\n<h4 class=\"wp-block-heading\"><strong>DU LOUP, TU PARLES !<\/strong> QUAND LE VIVANT FAIT CONTROVERSE<\/h4>\n<\/div>\n<\/div>\n\n\n\n<div class=\"wp-block-columns alignwide is-layout-flex wp-container-core-columns-is-layout-9d6595d7 wp-block-columns-is-layout-flex\">\n<div class=\"wp-block-column is-layout-flow wp-block-column-is-layout-flow\">\n<figure class=\"wp-block-image size-full\"><img alt=\"\" loading=\"lazy\" decoding=\"async\" width=\"1213\" height=\"1200\" src=\"https:\/\/wp.unil.ch\/ecotopiales\/files\/2024\/09\/amphimax.png\" alt=\"\" class=\"wp-image-1071\" srcset=\"https:\/\/wp.unil.ch\/ecotopiales\/files\/2024\/09\/amphimax.png 1213w, https:\/\/wp.unil.ch\/ecotopiales\/files\/2024\/09\/amphimax-300x297.png 300w, https:\/\/wp.unil.ch\/ecotopiales\/files\/2024\/09\/amphimax-1024x1013.png 1024w, https:\/\/wp.unil.ch\/ecotopiales\/files\/2024\/09\/amphimax-768x760.png 768w, https:\/\/wp.unil.ch\/ecotopiales\/files\/2024\/09\/amphimax-540x534.png 540w, https:\/\/wp.unil.ch\/ecotopiales\/files\/2024\/09\/amphimax-1080x1068.png 1080w\" sizes=\"auto, (max-width: 1213px) 100vw, 1213px\" \/><\/figure>\n\n\n\n<p><span style=\"text-decoration: underline\"><strong>Date<\/strong><\/span><strong>&nbsp;:<\/strong> Vendredi 31 octobre<\/p>\n\n\n\n<p><span style=\"text-decoration: underline\"><strong>Horaire<\/strong><\/span><strong>&nbsp;: <\/strong>09h15 \u2013 12h15<\/p>\n\n\n\n<p><span style=\"text-decoration: underline\"><strong>Lieu<\/strong><\/span><strong>&nbsp;:<\/strong> Amphimax 410 \u2013 Unil<\/p>\n\n\n\n<p><span style=\"text-decoration: underline\"><strong>\u00c2ge<\/strong><\/span> <strong>:<\/strong> d\u00e8s 16 ans<\/p>\n\n\n\n<p class=\"has-large-font-size\"><strong>Participation gratuite<\/strong><\/p>\n\n\n\n<div class=\"wp-block-buttons is-content-justification-center is-layout-flex wp-container-core-buttons-is-layout-16018d1d wp-block-buttons-is-layout-flex\">\n<div class=\"wp-block-button has-custom-width wp-block-button__width-100\"><a class=\"wp-block-button__link has-background has-large-font-size has-custom-font-size wp-element-button\" href=\"https:\/\/wp.unil.ch\/ecotopiales\/matinee-scientifique-du-31-octobre\" style=\"border-radius:5px;background-color:#8192c7\">D\u00c9COUVRIR LE PROGRAMME<\/a><\/div>\n<\/div>\n<\/div>\n\n\n\n<div class=\"wp-block-column is-layout-flow wp-block-column-is-layout-flow\">\n<figure class=\"wp-block-image size-full\"><img loading=\"lazy\" decoding=\"async\" width=\"640\" height=\"640\" src=\"https:\/\/wp.unil.ch\/ecotopiales\/files\/2025\/10\/villanova-moyenne.jpeg\" alt=\"villanova moyenne\" class=\"wp-image-2552\" style=\"object-fit:cover\" srcset=\"https:\/\/wp.unil.ch\/ecotopiales\/files\/2025\/10\/villanova-moyenne.jpeg 640w, https:\/\/wp.unil.ch\/ecotopiales\/files\/2025\/10\/villanova-moyenne-300x300.jpeg 300w, https:\/\/wp.unil.ch\/ecotopiales\/files\/2025\/10\/villanova-moyenne-150x150.jpeg 150w, https:\/\/wp.unil.ch\/ecotopiales\/files\/2025\/10\/villanova-moyenne-540x540.jpeg 540w\" sizes=\"auto, (max-width: 640px) 100vw, 640px\" \/><\/figure>\n\n\n\n<p><strong><span style=\"text-decoration: underline\">Date<\/span>&nbsp;:<\/strong> Vendredi 31 octobre<\/p>\n\n\n\n<p><strong><span style=\"text-decoration: underline\">Horaire<\/span>&nbsp;:<\/strong> 14h00 \u2013 17h00<\/p>\n\n\n\n<p><strong><span style=\"text-decoration: underline\">Lieu<\/span>&nbsp;: <\/strong>Villanova &#8211; Unil<\/p>\n\n\n\n<p><strong><span style=\"text-decoration: underline\">\u00c2ge<\/span>&nbsp;: <\/strong>d\u00e8s 16 ans<\/p>\n\n\n\n<p class=\"has-large-font-size\"><strong>Participation gratuite<\/strong><\/p>\n\n\n\n<div class=\"wp-block-buttons is-layout-flex wp-block-buttons-is-layout-flex\">\n<div class=\"wp-block-button has-custom-width wp-block-button__width-100\"><a class=\"wp-block-button__link has-background has-large-font-size has-custom-font-size wp-element-button\" href=\"https:\/\/wp.unil.ch\/ecotopiales\/lallure-des-betes-ecrire-sur-la-trace-des-animaux\" style=\"border-radius:5px;background-color:#a8a0d2\">D\u00c9COUVRIR L&rsquo;ATELIER<\/a><\/div>\n<\/div>\n<\/div>\n\n\n\n<div class=\"wp-block-column is-layout-flow wp-block-column-is-layout-flow\">\n<figure class=\"wp-block-image size-full\"><img loading=\"lazy\" decoding=\"async\" width=\"640\" height=\"640\" src=\"https:\/\/wp.unil.ch\/ecotopiales\/files\/2025\/10\/eprouvette-moyenne.jpeg\" alt=\"e\u0301prouvette moyenne\" class=\"wp-image-2616\" style=\"object-fit:cover\" srcset=\"https:\/\/wp.unil.ch\/ecotopiales\/files\/2025\/10\/eprouvette-moyenne.jpeg 640w, https:\/\/wp.unil.ch\/ecotopiales\/files\/2025\/10\/eprouvette-moyenne-300x300.jpeg 300w, https:\/\/wp.unil.ch\/ecotopiales\/files\/2025\/10\/eprouvette-moyenne-150x150.jpeg 150w, https:\/\/wp.unil.ch\/ecotopiales\/files\/2025\/10\/eprouvette-moyenne-540x540.jpeg 540w\" sizes=\"auto, (max-width: 640px) 100vw, 640px\" \/><\/figure>\n\n\n\n<p><span style=\"text-decoration: underline\"><strong>Date<\/strong><\/span><strong>&nbsp;:<\/strong> Vendredi 31 octobre<\/p>\n\n\n\n<p><span style=\"text-decoration: underline\"><strong>Horaire<\/strong><\/span><strong>&nbsp;: <\/strong>14h00 \u2013 17h00<\/p>\n\n\n\n<p><strong><span style=\"text-decoration: underline\">Lieu<\/span>&nbsp;:<\/strong> Forum de L\u2019\u00e9prouvette<\/p>\n\n\n\n<p><span style=\"text-decoration: underline\"><strong>\u00c2ge<\/strong><\/span><strong>&nbsp;: <\/strong>d\u00e8s 14 ans<\/p>\n\n\n\n<p class=\"has-large-font-size\"><strong>Participation gratuite<\/strong><\/p>\n\n\n\n<div class=\"wp-block-buttons is-content-justification-center is-layout-flex wp-container-core-buttons-is-layout-16018d1d wp-block-buttons-is-layout-flex\">\n<div class=\"wp-block-button has-custom-width wp-block-button__width-100\"><a class=\"wp-block-button__link has-background has-large-font-size has-custom-font-size wp-element-button\" href=\"https:\/\/wp.unil.ch\/ecotopiales\/du-loup-tu-parles-quand-le-vivant-fait-controverse\" style=\"border-radius:5px;background-color:#b19bb0\">D\u00c9COUVRIR L&rsquo;ATELIER<\/a><\/div>\n<\/div>\n<\/div>\n<\/div>\n\n\n\n<div class=\"wp-block-columns alignwide is-layout-flex wp-container-core-columns-is-layout-9d6595d7 wp-block-columns-is-layout-flex\">\n<div class=\"wp-block-column is-vertically-aligned-bottom is-layout-flow wp-block-column-is-layout-flow\">\n<h4 class=\"wp-block-heading\"><strong>\u00ab&nbsp;MA FOR\u00caT&nbsp;\u00bb <\/strong>RENCONTRE AVEC ANTOINETTE RYCHNER<\/h4>\n<\/div>\n\n\n\n<div class=\"wp-block-column is-vertically-aligned-bottom is-layout-flow wp-block-column-is-layout-flow\">\n<h4 class=\"wp-block-heading\"><strong>L\u2019\u00c9CRITURE VIVANTE<\/strong><br>RENCONTRE AVEC TANGUY VIEL<\/h4>\n<\/div>\n\n\n\n<div class=\"wp-block-column is-vertically-aligned-bottom is-layout-flow wp-block-column-is-layout-flow\">\n<h4 class=\"wp-block-heading\"><strong>\u00ab<\/strong> <strong>IL SUFFIT DE<\/strong> <strong>CONTEMPLER LA FOR\u00caT&#8230;\u00bb <\/strong><br>RENCONTRE AVEC ANTOINE JAQUIER<\/h4>\n<\/div>\n<\/div>\n\n\n\n<div class=\"wp-block-columns alignwide is-layout-flex wp-container-core-columns-is-layout-9d6595d7 wp-block-columns-is-layout-flex\">\n<div class=\"wp-block-column is-layout-flow wp-block-column-is-layout-flow\">\n<figure class=\"wp-block-image size-full\"><img loading=\"lazy\" decoding=\"async\" width=\"639\" height=\"640\" src=\"https:\/\/wp.unil.ch\/ecotopiales\/files\/2025\/10\/vidy-moyenne.jpeg\" alt=\"vidy moyenne\" class=\"wp-image-2551\" srcset=\"https:\/\/wp.unil.ch\/ecotopiales\/files\/2025\/10\/vidy-moyenne.jpeg 639w, https:\/\/wp.unil.ch\/ecotopiales\/files\/2025\/10\/vidy-moyenne-300x300.jpeg 300w, https:\/\/wp.unil.ch\/ecotopiales\/files\/2025\/10\/vidy-moyenne-150x150.jpeg 150w, https:\/\/wp.unil.ch\/ecotopiales\/files\/2025\/10\/vidy-moyenne-540x541.jpeg 540w\" sizes=\"auto, (max-width: 639px) 100vw, 639px\" \/><\/figure>\n\n\n\n<p><strong><span style=\"text-decoration: underline\">Date<\/span>&nbsp;:<\/strong> Jeudi 30 octobre<\/p>\n\n\n\n<p><strong><span style=\"text-decoration: underline\">Horaire<\/span>&nbsp;: <\/strong>18h00 \u2013 19h00<\/p>\n\n\n\n<p><strong><span style=\"text-decoration: underline\">Lieu<\/span>&nbsp;:<\/strong> Th\u00e9\u00e2tre de Vidy<\/p>\n\n\n\n<p><strong><span style=\"text-decoration: underline\">\u00c2ge<\/span>&nbsp;:<\/strong> d\u00e8s 16 ans<\/p>\n\n\n\n<p class=\"has-large-font-size\"><strong>Participation gratuite<\/strong><\/p>\n\n\n\n<div class=\"wp-block-buttons is-content-justification-center is-layout-flex wp-container-core-buttons-is-layout-16018d1d wp-block-buttons-is-layout-flex\">\n<div class=\"wp-block-button has-custom-width wp-block-button__width-100\"><a class=\"wp-block-button__link has-background has-large-font-size has-custom-font-size wp-element-button\" href=\"https:\/\/wp.unil.ch\/ecotopiales\/ma-foret\" style=\"border-radius:5px;background-color:#c1b25b\">D\u00c9COUVRIR L&rsquo;\u00c9V\u00c9NEMENT<\/a><\/div>\n<\/div>\n<\/div>\n\n\n\n<div class=\"wp-block-column is-layout-flow wp-block-column-is-layout-flow\">\n<figure class=\"wp-block-image size-full\"><img loading=\"lazy\" decoding=\"async\" width=\"639\" height=\"640\" src=\"https:\/\/wp.unil.ch\/ecotopiales\/files\/2025\/10\/p10-moyenne.jpeg\" alt=\"p10 moyenne\" class=\"wp-image-2561\" style=\"object-fit:cover\" srcset=\"https:\/\/wp.unil.ch\/ecotopiales\/files\/2025\/10\/p10-moyenne.jpeg 639w, https:\/\/wp.unil.ch\/ecotopiales\/files\/2025\/10\/p10-moyenne-300x300.jpeg 300w, https:\/\/wp.unil.ch\/ecotopiales\/files\/2025\/10\/p10-moyenne-150x150.jpeg 150w, https:\/\/wp.unil.ch\/ecotopiales\/files\/2025\/10\/p10-moyenne-540x541.jpeg 540w\" sizes=\"auto, (max-width: 639px) 100vw, 639px\" \/><\/figure>\n\n\n\n<p><strong><span style=\"text-decoration: underline\">Date<\/span>&nbsp;:<\/strong> Samedi 1<sup>er<\/sup> novembre<\/p>\n\n\n\n<p><strong><span style=\"text-decoration: underline\">Horaire<\/span>&nbsp;:<\/strong> 14h00 \u2013 15h30<\/p>\n\n\n\n<p><strong><span style=\"text-decoration: underline\">Lieu<\/span>&nbsp;: <\/strong>Plateforme 10<\/p>\n\n\n\n<p><strong><span style=\"text-decoration: underline\">\u00c2ge<\/span>&nbsp;: <\/strong>d\u00e8s 12 ans<\/p>\n\n\n\n<p class=\"has-large-font-size\"><strong>Participation gratuite<\/strong><\/p>\n\n\n\n<div class=\"wp-block-buttons is-layout-flex wp-block-buttons-is-layout-flex\">\n<div class=\"wp-block-button has-custom-width wp-block-button__width-100\"><a class=\"wp-block-button__link has-background has-large-font-size has-custom-font-size wp-element-button\" href=\"https:\/\/wp.unil.ch\/ecotopiales\/tanguy-viel-lecriture-vivante\" style=\"border-radius:5px;background-color:#e9bcba\">D\u00c9COUVRIR L&rsquo;\u00c9V\u00c9NEMENT<\/a><\/div>\n<\/div>\n<\/div>\n\n\n\n<div class=\"wp-block-column is-layout-flow wp-block-column-is-layout-flow\">\n<figure class=\"wp-block-image size-large\"><img alt=\"\" loading=\"lazy\" decoding=\"async\" width=\"1024\" height=\"1013\" src=\"https:\/\/wp.unil.ch\/ecotopiales\/files\/2024\/09\/amphimax-1024x1013.png\" alt=\"\" class=\"wp-image-1071\" style=\"object-fit:cover\" srcset=\"https:\/\/wp.unil.ch\/ecotopiales\/files\/2024\/09\/amphimax-1024x1013.png 1024w, https:\/\/wp.unil.ch\/ecotopiales\/files\/2024\/09\/amphimax-300x297.png 300w, https:\/\/wp.unil.ch\/ecotopiales\/files\/2024\/09\/amphimax-768x760.png 768w, https:\/\/wp.unil.ch\/ecotopiales\/files\/2024\/09\/amphimax-540x534.png 540w, https:\/\/wp.unil.ch\/ecotopiales\/files\/2024\/09\/amphimax-1080x1068.png 1080w, https:\/\/wp.unil.ch\/ecotopiales\/files\/2024\/09\/amphimax.png 1213w\" sizes=\"auto, (max-width: 1024px) 100vw, 1024px\" \/><\/figure>\n\n\n\n<p><strong><span style=\"text-decoration: underline\">Date<\/span>&nbsp;: <\/strong>Vendredi 31 octobre<\/p>\n\n\n\n<p><strong><span style=\"text-decoration: underline\">Horaire<\/span>&nbsp;: <\/strong>16h00 \u2013 17h30<\/p>\n\n\n\n<p><strong><span style=\"text-decoration: underline\">Lieu<\/span>&nbsp;: <\/strong>Amphimax 412 \u2013 Unil<\/p>\n\n\n\n<p><strong><span style=\"text-decoration: underline\">\u00c2ge<\/span> : <\/strong>d\u00e8s 16 ans<\/p>\n\n\n\n<p class=\"has-large-font-size\"><strong>Participation gratuite<\/strong><\/p>\n\n\n\n<div class=\"wp-block-buttons is-layout-flex wp-block-buttons-is-layout-flex\">\n<div class=\"wp-block-button has-custom-width wp-block-button__width-100\"><a class=\"wp-block-button__link has-background has-large-font-size has-custom-font-size wp-element-button\" href=\"https:\/\/wp.unil.ch\/ecotopiales\/il-suffit-de-contempler-la-foret-pour-realiser-que-le-cerveau-humain-est-surevalue\/\" style=\"border-radius:5px;background-color:#8192c7\">D\u00c9COUVRIR L&rsquo;\u00c9V\u00c9NEMENT<\/a><\/div>\n<\/div>\n<\/div>\n<\/div>\n","protected":false},"excerpt":{"rendered":"<p>REGARDS CROIS\u00c9S SUR LE VIVANTMATIN\u00c9E SCIENTIFIQUE L\u2019ALLURE DES B\u00caTESATELIER D&rsquo;\u00c9CRITURE DU LOUP, TU PARLES ! QUAND LE VIVANT FAIT CONTROVERSE Date&nbsp;: Vendredi 31 octobre Horaire&nbsp;: 09h15 \u2013 12h15&hellip;<\/p>\n","protected":false},"author":1002526,"featured_media":0,"parent":0,"menu_order":0,"comment_status":"closed","ping_status":"closed","template":"","meta":{"_seopress_robots_primary_cat":"","_seopress_titles_title":"","_seopress_titles_desc":"","_seopress_robots_index":"","_uag_custom_page_level_css":"","footnotes":""},"class_list":["post-2550","page","type-page","status-publish","has-post-thumbnail"],"uagb_featured_image_src":{"full":false,"thumbnail":false,"medium":false,"medium_large":false,"large":false,"1536x1536":false,"2048x2048":false,"post-thumbnail":false,"chaplin_preview_image_low_resolution":false,"chaplin_preview_image_high_resolution":false,"chaplin_fullscreen":false,"mailpoet_newsletter_max":false},"uagb_author_info":{"display_name":"Niccolo Panozzo","author_link":"https:\/\/wp.unil.ch\/ecotopiales\/author\/npanozzo\/"},"uagb_comment_info":0,"uagb_excerpt":"REGARDS CROIS\u00c9S SUR LE VIVANTMATIN\u00c9E SCIENTIFIQUE L\u2019ALLURE DES B\u00caTESATELIER D&rsquo;\u00c9CRITURE DU LOUP, TU PARLES ! QUAND LE VIVANT FAIT CONTROVERSE Date&nbsp;: Vendredi 31 octobre Horaire&nbsp;: 09h15 \u2013 12h15&hellip;","_links":{"self":[{"href":"https:\/\/wp.unil.ch\/ecotopiales\/wp-json\/wp\/v2\/pages\/2550","targetHints":{"allow":["GET"]}}],"collection":[{"href":"https:\/\/wp.unil.ch\/ecotopiales\/wp-json\/wp\/v2\/pages"}],"about":[{"href":"https:\/\/wp.unil.ch\/ecotopiales\/wp-json\/wp\/v2\/types\/page"}],"author":[{"embeddable":true,"href":"https:\/\/wp.unil.ch\/ecotopiales\/wp-json\/wp\/v2\/users\/1002526"}],"replies":[{"embeddable":true,"href":"https:\/\/wp.unil.ch\/ecotopiales\/wp-json\/wp\/v2\/comments?post=2550"}],"version-history":[{"count":5,"href":"https:\/\/wp.unil.ch\/ecotopiales\/wp-json\/wp\/v2\/pages\/2550\/revisions"}],"predecessor-version":[{"id":2921,"href":"https:\/\/wp.unil.ch\/ecotopiales\/wp-json\/wp\/v2\/pages\/2550\/revisions\/2921"}],"wp:attachment":[{"href":"https:\/\/wp.unil.ch\/ecotopiales\/wp-json\/wp\/v2\/media?parent=2550"}],"curies":[{"name":"wp","href":"https:\/\/api.w.org\/{rel}","templated":true}]}}