{"id":2126,"date":"2025-09-29T13:00:08","date_gmt":"2025-09-29T11:00:08","guid":{"rendered":"https:\/\/wp.unil.ch\/ecotopiales\/?page_id=2126"},"modified":"2025-10-31T15:18:27","modified_gmt":"2025-10-31T14:18:27","slug":"1er-novembre-le-festival-se-promene-en-ville","status":"publish","type":"page","link":"https:\/\/wp.unil.ch\/ecotopiales\/1er-novembre-le-festival-se-promene-en-ville\/","title":{"rendered":"1er NOVEMBRE : LE FESTIVAL SE D\u00c9PLACE EN VILLE DE LAUSANNE !"},"content":{"rendered":"\n<div class=\"wp-block-media-text has-media-on-the-right is-stacked-on-mobile\"><div class=\"wp-block-media-text__content\">\n<p class=\"has-large-font-size\">Le 1er novembre, les <em>\u00c9cotopiales<\/em> quittent le campus pour <strong>investir la ville de Lausanne.<\/strong><\/p>\n\n\n\n<p class=\"has-large-font-size\">Le programme de la journ\u00e9e se d\u00e9ploie dans plusieurs lieux partenaires : Plateforme 10, le CPO, le Th\u00e9\u00e2tre de Vidy\u2026 Autant d\u2019espaces culturels et citoyens qui accueillent <strong>conf\u00e9rences<\/strong>, <strong>spectacles<\/strong> et <strong>ateliers <\/strong> <strong>collaboratifs<\/strong>, pour stimuler la <strong>cr\u00e9ation \u00e9cologique<\/strong> et d\u00e9velopper la r\u00e9flexion port\u00e9e par le festival, dans un cadre culturel et ouvert \u00e0 toutes et tous ! <\/p>\n<\/div><figure class=\"wp-block-media-text__media\"><img alt=\"\" loading=\"lazy\" decoding=\"async\" width=\"640\" height=\"320\" src=\"https:\/\/wp.unil.ch\/ecotopiales\/files\/2025\/09\/tampon-moyenne.png\" alt=\"\" class=\"wp-image-1709 size-full\" srcset=\"https:\/\/wp.unil.ch\/ecotopiales\/files\/2025\/09\/tampon-moyenne.png 640w, https:\/\/wp.unil.ch\/ecotopiales\/files\/2025\/09\/tampon-moyenne-300x150.png 300w, https:\/\/wp.unil.ch\/ecotopiales\/files\/2025\/09\/tampon-moyenne-540x270.png 540w\" sizes=\"auto, (max-width: 640px) 100vw, 640px\" \/><\/figure><\/div>\n\n\n\n<div class=\"wp-block-columns is-layout-flex wp-container-core-columns-is-layout-9d6595d7 wp-block-columns-is-layout-flex\">\n<div class=\"wp-block-column is-vertically-aligned-center is-layout-flow wp-block-column-is-layout-flow\" style=\"flex-basis:25%\">\n<h4 class=\"wp-block-heading has-text-align-center\">09h45 \u2013 12h15<\/h4>\n<\/div>\n\n\n\n<div class=\"wp-block-column is-layout-flow wp-block-column-is-layout-flow\" style=\"flex-basis:50%\">\n<div class=\"wp-block-buttons is-layout-flex wp-block-buttons-is-layout-flex\">\n<div class=\"wp-block-button has-custom-width wp-block-button__width-100\"><a class=\"wp-block-button__link has-background has-larger-font-size has-text-align-center has-custom-font-size wp-element-button\" href=\"https:\/\/wp.unil.ch\/ecotopiales\/matinee-scientifique-du-1er-novembre\/\" style=\"border-radius:5px;background-color:#e9bcba\">LA MATIN\u00c9E SCIENTIFIQUE Comment les artistes repensent nos fa\u00e7ons d&rsquo;habiter la terre ? <\/a><\/div>\n<\/div>\n<\/div>\n\n\n\n<div class=\"wp-block-column is-vertically-aligned-center is-layout-flow wp-block-column-is-layout-flow\" style=\"flex-basis:25%\">\n<figure class=\"wp-block-image size-full\"><img loading=\"lazy\" decoding=\"async\" width=\"540\" height=\"270\" src=\"https:\/\/wp.unil.ch\/ecotopiales\/files\/2025\/10\/diable-et-muraille-1-540x270-1.png\" alt=\"diable et muraille 1 540x270\" class=\"wp-image-2908\" srcset=\"https:\/\/wp.unil.ch\/ecotopiales\/files\/2025\/10\/diable-et-muraille-1-540x270-1.png 540w, https:\/\/wp.unil.ch\/ecotopiales\/files\/2025\/10\/diable-et-muraille-1-540x270-1-300x150.png 300w\" sizes=\"auto, (max-width: 540px) 100vw, 540px\" \/><\/figure>\n<\/div>\n<\/div>\n\n\n\n<div class=\"wp-block-columns is-layout-flex wp-container-core-columns-is-layout-9d6595d7 wp-block-columns-is-layout-flex\">\n<div class=\"wp-block-column is-vertically-aligned-center is-layout-flow wp-block-column-is-layout-flow\" style=\"flex-basis:25%\">\n<h4 class=\"wp-block-heading has-text-align-center\">10h00 \u2013 12h00<\/h4>\n<\/div>\n\n\n\n<div class=\"wp-block-column is-layout-flow wp-block-column-is-layout-flow\" style=\"flex-basis:50%\">\n<div class=\"wp-block-buttons is-layout-flex wp-block-buttons-is-layout-flex\">\n<div class=\"wp-block-button has-custom-width wp-block-button__width-100\"><a class=\"wp-block-button__link has-background has-large-font-size has-text-align-center has-custom-font-size wp-element-button\" href=\"https:\/\/wp.unil.ch\/ecotopiales\/mon-animal-totem\/\" style=\"border-radius:5px;background-color:#8192c7\">MON ANIMAL TOTEM<br>Atelier de calligrammes<\/a><\/div>\n<\/div>\n<\/div>\n\n\n\n<div class=\"wp-block-column is-vertically-aligned-center is-layout-flow wp-block-column-is-layout-flow\" style=\"flex-basis:25%\">\n<figure class=\"wp-block-image size-large\"><img alt=\"calligramme grande\" loading=\"lazy\" decoding=\"async\" width=\"1024\" height=\"512\" src=\"https:\/\/wp.unil.ch\/ecotopiales\/files\/2025\/09\/calligramme-grande-1024x512.jpeg\" alt=\"\" class=\"wp-image-1668\" srcset=\"https:\/\/wp.unil.ch\/ecotopiales\/files\/2025\/09\/calligramme-grande-1024x512.jpeg 1024w, https:\/\/wp.unil.ch\/ecotopiales\/files\/2025\/09\/calligramme-grande-300x150.jpeg 300w, https:\/\/wp.unil.ch\/ecotopiales\/files\/2025\/09\/calligramme-grande-768x384.jpeg 768w, https:\/\/wp.unil.ch\/ecotopiales\/files\/2025\/09\/calligramme-grande-540x270.jpeg 540w, https:\/\/wp.unil.ch\/ecotopiales\/files\/2025\/09\/calligramme-grande-1080x540.jpeg 1080w, https:\/\/wp.unil.ch\/ecotopiales\/files\/2025\/09\/calligramme-grande.jpeg 1280w\" sizes=\"auto, (max-width: 1024px) 100vw, 1024px\" \/><\/figure>\n<\/div>\n<\/div>\n\n\n\n<div class=\"wp-block-columns is-layout-flex wp-container-core-columns-is-layout-9d6595d7 wp-block-columns-is-layout-flex\">\n<div class=\"wp-block-column is-vertically-aligned-center is-layout-flow wp-block-column-is-layout-flow\" style=\"flex-basis:25%\">\n<h4 class=\"wp-block-heading has-text-align-center\">13h15 \u2013 17h00<\/h4>\n<\/div>\n\n\n\n<div class=\"wp-block-column is-layout-flow wp-block-column-is-layout-flow\" style=\"flex-basis:50%\">\n<div class=\"wp-block-buttons is-layout-flex wp-block-buttons-is-layout-flex\">\n<div class=\"wp-block-button has-custom-width wp-block-button__width-100\"><a class=\"wp-block-button__link has-background has-large-font-size has-text-align-center has-custom-font-size wp-element-button\" href=\"https:\/\/wp.unil.ch\/ecotopiales\/redessiner-nos-relations-au-vivant-comment-se-glisser-grace-a-lart-dans-la-peau-dautres-etres\" style=\"border-radius:5px;background-color:#8eb3c9\">REDESSINER NOS RELATIONS AU VIVANT<br>Atelier de bande dessin\u00e9e et arts graphiques<\/a><\/div>\n<\/div>\n<\/div>\n\n\n\n<div class=\"wp-block-column is-vertically-aligned-center is-layout-flow wp-block-column-is-layout-flow\" style=\"flex-basis:25%\">\n<figure class=\"wp-block-image size-large\"><img alt=\"\" loading=\"lazy\" decoding=\"async\" width=\"1024\" height=\"512\" src=\"https:\/\/wp.unil.ch\/ecotopiales\/files\/2024\/09\/GIEC-SF-1024x512.png\" alt=\"\" class=\"wp-image-875\" srcset=\"https:\/\/wp.unil.ch\/ecotopiales\/files\/2024\/09\/GIEC-SF-1024x512.png 1024w, https:\/\/wp.unil.ch\/ecotopiales\/files\/2024\/09\/GIEC-SF-300x150.png 300w, https:\/\/wp.unil.ch\/ecotopiales\/files\/2024\/09\/GIEC-SF-768x384.png 768w, https:\/\/wp.unil.ch\/ecotopiales\/files\/2024\/09\/GIEC-SF-1536x768.png 1536w, https:\/\/wp.unil.ch\/ecotopiales\/files\/2024\/09\/GIEC-SF-2048x1024.png 2048w, https:\/\/wp.unil.ch\/ecotopiales\/files\/2024\/09\/GIEC-SF-540x270.png 540w, https:\/\/wp.unil.ch\/ecotopiales\/files\/2024\/09\/GIEC-SF-1080x540.png 1080w, https:\/\/wp.unil.ch\/ecotopiales\/files\/2024\/09\/GIEC-SF-1980x990.png 1980w\" sizes=\"auto, (max-width: 1024px) 100vw, 1024px\" \/><\/figure>\n<\/div>\n<\/div>\n\n\n\n<div class=\"wp-block-columns is-layout-flex wp-container-core-columns-is-layout-9d6595d7 wp-block-columns-is-layout-flex\">\n<div class=\"wp-block-column is-vertically-aligned-center is-layout-flow wp-block-column-is-layout-flow\" style=\"flex-basis:25%\">\n<h4 class=\"wp-block-heading has-text-align-center\">14h00 \u2013 15h30<\/h4>\n<\/div>\n\n\n\n<div class=\"wp-block-column is-layout-flow wp-block-column-is-layout-flow\" style=\"flex-basis:50%\">\n<div class=\"wp-block-buttons is-layout-flex wp-block-buttons-is-layout-flex\">\n<div class=\"wp-block-button has-custom-width wp-block-button__width-100\"><a class=\"wp-block-button__link has-background has-large-font-size has-text-align-center has-custom-font-size wp-element-button\" href=\"https:\/\/wp.unil.ch\/ecotopiales\/tanguy-viel-lecriture-vivante\" style=\"border-radius:5px;background-color:#c3c599\">RENCONTRE AVEC L&rsquo;AUTEUR TANGUY VIEL<\/a><\/div>\n<\/div>\n<\/div>\n\n\n\n<div class=\"wp-block-column is-vertically-aligned-center is-layout-flow wp-block-column-is-layout-flow\" style=\"flex-basis:25%\">\n<figure class=\"wp-block-image size-large\"><img alt=\"castor grande\" loading=\"lazy\" decoding=\"async\" width=\"1024\" height=\"512\" src=\"https:\/\/wp.unil.ch\/ecotopiales\/files\/2025\/09\/castor-grande-1024x512.jpeg\" alt=\"\" class=\"wp-image-1662\" srcset=\"https:\/\/wp.unil.ch\/ecotopiales\/files\/2025\/09\/castor-grande-1024x512.jpeg 1024w, https:\/\/wp.unil.ch\/ecotopiales\/files\/2025\/09\/castor-grande-300x150.jpeg 300w, https:\/\/wp.unil.ch\/ecotopiales\/files\/2025\/09\/castor-grande-768x384.jpeg 768w, https:\/\/wp.unil.ch\/ecotopiales\/files\/2025\/09\/castor-grande-540x270.jpeg 540w, https:\/\/wp.unil.ch\/ecotopiales\/files\/2025\/09\/castor-grande-1080x540.jpeg 1080w, https:\/\/wp.unil.ch\/ecotopiales\/files\/2025\/09\/castor-grande.jpeg 1280w\" sizes=\"auto, (max-width: 1024px) 100vw, 1024px\" \/><\/figure>\n<\/div>\n<\/div>\n\n\n\n<div class=\"wp-block-columns is-layout-flex wp-container-core-columns-is-layout-9d6595d7 wp-block-columns-is-layout-flex\">\n<div class=\"wp-block-column is-vertically-aligned-center is-layout-flow wp-block-column-is-layout-flow\" style=\"flex-basis:25%\">\n<h4 class=\"wp-block-heading has-text-align-center\">14h00 \u2013 17h15<\/h4>\n<\/div>\n\n\n\n<div class=\"wp-block-column is-layout-flow wp-block-column-is-layout-flow\" style=\"flex-basis:50%\">\n<div class=\"wp-block-buttons is-layout-flex wp-block-buttons-is-layout-flex\">\n<div class=\"wp-block-button has-custom-width wp-block-button__width-100\"><a class=\"wp-block-button__link has-background has-large-font-size has-text-align-center has-custom-font-size wp-element-button\" href=\"https:\/\/wp.unil.ch\/ecotopiales\/les-animaux-au-cinema-deconstruire-les-stereotypes-et-creer-de-nouveaux-recits\" style=\"border-radius:5px;background-color:#c6ba74\">LES ANIMAUX AU CIN\u00c9MA<br>Atelier d&rsquo;\u00e9criture de sc\u00e9narios<\/a><\/div>\n<\/div>\n<\/div>\n\n\n\n<div class=\"wp-block-column is-vertically-aligned-center is-layout-flow wp-block-column-is-layout-flow\" style=\"flex-basis:25%\">\n<figure class=\"wp-block-image size-large\"><img alt=\"cinoche grande\" loading=\"lazy\" decoding=\"async\" width=\"1024\" height=\"511\" src=\"https:\/\/wp.unil.ch\/ecotopiales\/files\/2025\/09\/cinoche-grande-1024x511.jpeg\" alt=\"\" class=\"wp-image-1692\" srcset=\"https:\/\/wp.unil.ch\/ecotopiales\/files\/2025\/09\/cinoche-grande-1024x511.jpeg 1024w, https:\/\/wp.unil.ch\/ecotopiales\/files\/2025\/09\/cinoche-grande-300x150.jpeg 300w, https:\/\/wp.unil.ch\/ecotopiales\/files\/2025\/09\/cinoche-grande-768x383.jpeg 768w, https:\/\/wp.unil.ch\/ecotopiales\/files\/2025\/09\/cinoche-grande-540x270.jpeg 540w, https:\/\/wp.unil.ch\/ecotopiales\/files\/2025\/09\/cinoche-grande-1080x539.jpeg 1080w, https:\/\/wp.unil.ch\/ecotopiales\/files\/2025\/09\/cinoche-grande.jpeg 1280w\" sizes=\"auto, (max-width: 1024px) 100vw, 1024px\" \/><\/figure>\n<\/div>\n<\/div>\n\n\n\n<div class=\"wp-block-columns is-layout-flex wp-container-core-columns-is-layout-9d6595d7 wp-block-columns-is-layout-flex\">\n<div class=\"wp-block-column is-vertically-aligned-center is-layout-flow wp-block-column-is-layout-flow\" style=\"flex-basis:25%\">\n<h4 class=\"wp-block-heading has-text-align-center\">14h30 \u2013 17h00<\/h4>\n<\/div>\n\n\n\n<div class=\"wp-block-column is-layout-flow wp-block-column-is-layout-flow\" style=\"flex-basis:50%\">\n<div class=\"wp-block-buttons is-layout-flex wp-block-buttons-is-layout-flex\">\n<div class=\"wp-block-button has-custom-width wp-block-button__width-100\"><a class=\"wp-block-button__link has-background has-large-font-size has-text-align-center has-custom-font-size wp-element-button\" href=\"https:\/\/wp.unil.ch\/ecotopiales\/trop-chaud-les-ainees-pour-le-climat-contre-la-suisse\" style=\"border-radius:5px;background-color:#c3c599\">TROP CHAUD !<br><strong>P<\/strong>rojection sp\u00e9ciale du film et table ronde<\/a><\/div>\n<\/div>\n<\/div>\n\n\n\n<div class=\"wp-block-column is-vertically-aligned-center is-layout-flow wp-block-column-is-layout-flow\" style=\"flex-basis:25%\">\n<figure class=\"wp-block-image size-large\"><img alt=\"\" loading=\"lazy\" decoding=\"async\" width=\"1024\" height=\"512\" src=\"https:\/\/wp.unil.ch\/ecotopiales\/files\/2024\/09\/LATELIER-CINEMA-1024x512.png\" alt=\"\" class=\"wp-image-863\" srcset=\"https:\/\/wp.unil.ch\/ecotopiales\/files\/2024\/09\/LATELIER-CINEMA-1024x512.png 1024w, https:\/\/wp.unil.ch\/ecotopiales\/files\/2024\/09\/LATELIER-CINEMA-300x150.png 300w, https:\/\/wp.unil.ch\/ecotopiales\/files\/2024\/09\/LATELIER-CINEMA-768x384.png 768w, https:\/\/wp.unil.ch\/ecotopiales\/files\/2024\/09\/LATELIER-CINEMA-1536x768.png 1536w, https:\/\/wp.unil.ch\/ecotopiales\/files\/2024\/09\/LATELIER-CINEMA-2048x1024.png 2048w, https:\/\/wp.unil.ch\/ecotopiales\/files\/2024\/09\/LATELIER-CINEMA-540x270.png 540w, https:\/\/wp.unil.ch\/ecotopiales\/files\/2024\/09\/LATELIER-CINEMA-1080x540.png 1080w, https:\/\/wp.unil.ch\/ecotopiales\/files\/2024\/09\/LATELIER-CINEMA-1980x990.png 1980w\" sizes=\"auto, (max-width: 1024px) 100vw, 1024px\" \/><\/figure>\n<\/div>\n<\/div>\n\n\n\n<div class=\"wp-block-columns is-layout-flex wp-container-core-columns-is-layout-9d6595d7 wp-block-columns-is-layout-flex\">\n<div class=\"wp-block-column is-vertically-aligned-center is-layout-flow wp-block-column-is-layout-flow\" style=\"flex-basis:25%\">\n<h4 class=\"wp-block-heading has-text-align-center\">15h30 \u2013 17h00<\/h4>\n<\/div>\n\n\n\n<div class=\"wp-block-column is-layout-flow wp-block-column-is-layout-flow\" style=\"flex-basis:50%\">\n<div class=\"wp-block-buttons is-layout-flex wp-block-buttons-is-layout-flex\">\n<div class=\"wp-block-button has-custom-width wp-block-button__width-100\"><a class=\"wp-block-button__link has-background has-large-font-size has-text-align-center has-custom-font-size wp-element-button\" href=\"https:\/\/wp.unil.ch\/ecotopiales\/larbre-en-moi\" style=\"border-radius:5px;background-color:#8eb3c9\">L&rsquo;ARBRE EN MOI<br>Contes \u00e9cologiques pour enfants<\/a><\/div>\n<\/div>\n<\/div>\n\n\n\n<div class=\"wp-block-column is-vertically-aligned-center is-layout-flow wp-block-column-is-layout-flow\" style=\"flex-basis:25%\">\n<figure class=\"wp-block-image size-large\"><img alt=\"ange grande\" loading=\"lazy\" decoding=\"async\" width=\"1024\" height=\"512\" src=\"https:\/\/wp.unil.ch\/ecotopiales\/files\/2025\/09\/ange-grande-1024x512.jpeg\" alt=\"\" class=\"wp-image-1697\" srcset=\"https:\/\/wp.unil.ch\/ecotopiales\/files\/2025\/09\/ange-grande-1024x512.jpeg 1024w, https:\/\/wp.unil.ch\/ecotopiales\/files\/2025\/09\/ange-grande-300x150.jpeg 300w, https:\/\/wp.unil.ch\/ecotopiales\/files\/2025\/09\/ange-grande-768x384.jpeg 768w, https:\/\/wp.unil.ch\/ecotopiales\/files\/2025\/09\/ange-grande-540x270.jpeg 540w, https:\/\/wp.unil.ch\/ecotopiales\/files\/2025\/09\/ange-grande-1080x540.jpeg 1080w, https:\/\/wp.unil.ch\/ecotopiales\/files\/2025\/09\/ange-grande.jpeg 1280w\" sizes=\"auto, (max-width: 1024px) 100vw, 1024px\" \/><\/figure>\n<\/div>\n<\/div>\n\n\n\n<div class=\"wp-block-columns is-layout-flex wp-container-core-columns-is-layout-9d6595d7 wp-block-columns-is-layout-flex\">\n<div class=\"wp-block-column is-vertically-aligned-center is-layout-flow wp-block-column-is-layout-flow\" style=\"flex-basis:25%\">\n<h4 class=\"wp-block-heading has-text-align-center\">19h00 \u2013 21h00<\/h4>\n<\/div>\n\n\n\n<div class=\"wp-block-column is-layout-flow wp-block-column-is-layout-flow\" style=\"flex-basis:50%\">\n<div class=\"wp-block-buttons is-layout-flex wp-block-buttons-is-layout-flex\">\n<div class=\"wp-block-button has-custom-width wp-block-button__width-100\"><a class=\"wp-block-button__link has-background has-larger-font-size has-text-align-center has-custom-font-size wp-element-button\" href=\"https:\/\/wp.unil.ch\/ecotopiales\/quand-les-fleuves-prennent-la-parole-droit-imaginaire-et-conscience-ecologique\" style=\"border-radius:5px;background-color:#8192c7\"><strong>GRANDE SOIR\u00c9E DE CL\u00d4TURE AU TH\u00c9\u00c2TRE DE VIDY<\/strong><\/a><\/div>\n<\/div>\n<\/div>\n\n\n\n<div class=\"wp-block-column is-vertically-aligned-center is-layout-flow wp-block-column-is-layout-flow\" style=\"flex-basis:25%\">\n<figure class=\"wp-block-image size-large\"><img alt=\"\" loading=\"lazy\" decoding=\"async\" width=\"1024\" height=\"512\" src=\"https:\/\/wp.unil.ch\/ecotopiales\/files\/2025\/09\/balance-grande-1024x512.jpeg\" alt=\"\" class=\"wp-image-2128\" srcset=\"https:\/\/wp.unil.ch\/ecotopiales\/files\/2025\/09\/balance-grande-1024x512.jpeg 1024w, https:\/\/wp.unil.ch\/ecotopiales\/files\/2025\/09\/balance-grande-300x150.jpeg 300w, https:\/\/wp.unil.ch\/ecotopiales\/files\/2025\/09\/balance-grande-768x384.jpeg 768w, https:\/\/wp.unil.ch\/ecotopiales\/files\/2025\/09\/balance-grande-540x270.jpeg 540w, https:\/\/wp.unil.ch\/ecotopiales\/files\/2025\/09\/balance-grande-1080x540.jpeg 1080w, https:\/\/wp.unil.ch\/ecotopiales\/files\/2025\/09\/balance-grande.jpeg 1280w\" sizes=\"auto, (max-width: 1024px) 100vw, 1024px\" \/><\/figure>\n<\/div>\n<\/div>\n\n\n\n<div class=\"wp-block-buttons is-content-justification-center is-layout-flex wp-container-core-buttons-is-layout-16018d1d wp-block-buttons-is-layout-flex\">\n<div class=\"wp-block-button has-custom-width wp-block-button__width-100 is-style-outline is-style-outline--1\"><a class=\"wp-block-button__link has-buttons-background-color has-buttons-text-background-color has-text-color has-background has-link-color has-large-font-size has-custom-font-size wp-element-button\" href=\"https:\/\/wp.unil.ch\/ecotopiales\/\">RETOUR \u00c0 LA PAGE PRINCIPALE DU FESTIVAL <\/a><\/div>\n<\/div>\n\n\n\n<p><\/p>\n\n\n\n<p><\/p>\n","protected":false},"excerpt":{"rendered":"<p>Le 1er novembre, les \u00c9cotopiales quittent le campus pour investir la ville de Lausanne. Le programme de la journ\u00e9e se d\u00e9ploie dans plusieurs lieux partenaires : Plateforme 10,&hellip;<\/p>\n","protected":false},"author":1002526,"featured_media":0,"parent":0,"menu_order":0,"comment_status":"closed","ping_status":"closed","template":"template-full-width.php","meta":{"_seopress_robots_primary_cat":"","_seopress_titles_title":"","_seopress_titles_desc":"","_seopress_robots_index":"","_uag_custom_page_level_css":"","footnotes":""},"class_list":["post-2126","page","type-page","status-publish","has-post-thumbnail"],"uagb_featured_image_src":{"full":false,"thumbnail":false,"medium":false,"medium_large":false,"large":false,"1536x1536":false,"2048x2048":false,"post-thumbnail":false,"chaplin_preview_image_low_resolution":false,"chaplin_preview_image_high_resolution":false,"chaplin_fullscreen":false,"mailpoet_newsletter_max":false},"uagb_author_info":{"display_name":"Niccolo Panozzo","author_link":"https:\/\/wp.unil.ch\/ecotopiales\/author\/npanozzo\/"},"uagb_comment_info":0,"uagb_excerpt":"Le 1er novembre, les \u00c9cotopiales quittent le campus pour investir la ville de Lausanne. Le programme de la journ\u00e9e se d\u00e9ploie dans plusieurs lieux partenaires : Plateforme 10,&hellip;","_links":{"self":[{"href":"https:\/\/wp.unil.ch\/ecotopiales\/wp-json\/wp\/v2\/pages\/2126","targetHints":{"allow":["GET"]}}],"collection":[{"href":"https:\/\/wp.unil.ch\/ecotopiales\/wp-json\/wp\/v2\/pages"}],"about":[{"href":"https:\/\/wp.unil.ch\/ecotopiales\/wp-json\/wp\/v2\/types\/page"}],"author":[{"embeddable":true,"href":"https:\/\/wp.unil.ch\/ecotopiales\/wp-json\/wp\/v2\/users\/1002526"}],"replies":[{"embeddable":true,"href":"https:\/\/wp.unil.ch\/ecotopiales\/wp-json\/wp\/v2\/comments?post=2126"}],"version-history":[{"count":5,"href":"https:\/\/wp.unil.ch\/ecotopiales\/wp-json\/wp\/v2\/pages\/2126\/revisions"}],"predecessor-version":[{"id":2944,"href":"https:\/\/wp.unil.ch\/ecotopiales\/wp-json\/wp\/v2\/pages\/2126\/revisions\/2944"}],"wp:attachment":[{"href":"https:\/\/wp.unil.ch\/ecotopiales\/wp-json\/wp\/v2\/media?parent=2126"}],"curies":[{"name":"wp","href":"https:\/\/api.w.org\/{rel}","templated":true}]}}