{"id":1568,"date":"2025-09-29T09:56:53","date_gmt":"2025-09-29T07:56:53","guid":{"rendered":"https:\/\/wp.unil.ch\/ecotopiales\/?page_id=1568"},"modified":"2025-10-18T17:32:22","modified_gmt":"2025-10-18T15:32:22","slug":"larbre-en-moi","status":"publish","type":"page","link":"https:\/\/wp.unil.ch\/ecotopiales\/larbre-en-moi\/","title":{"rendered":"L&rsquo;ARBRE EN MOI"},"content":{"rendered":"\n<div class=\"wp-block-media-text has-media-on-the-right is-stacked-on-mobile\"><div class=\"wp-block-media-text__content\">\n<h2 class=\"wp-block-heading has-text-align-left\"><strong>Contes \u00e9cologiques<\/strong> <strong>pour enfants<\/strong><\/h2>\n\n\n\n<h4 class=\"wp-block-heading\">Contenu de l&rsquo;\u00e9v\u00e9nement : spectacle donn\u00e9 par une conteuse professionnelle, pour enfants (et grands enfants), suivi d&rsquo;un go\u00fbter<\/h4>\n\n\n\n<p><span style=\"text-decoration: underline\">Lieu<\/span> : Plateforme10, biblioth\u00e8que Elys\u00e9e-Mudac<\/p>\n\n\n\n<p><span style=\"text-decoration: underline\">Date<\/span> : Samedi 1<sup>er<\/sup> novembre<\/p>\n\n\n\n<p><span style=\"text-decoration: underline\">Horaire<\/span> : 15h30 &#8211; 17h00<\/p>\n\n\n\n<p><span style=\"text-decoration: underline\">\u00c2ge<\/span> : d\u00e8s 7 ans<\/p>\n\n\n\n<p class=\"has-large-font-size\"><strong>Participation gratuite<\/strong><\/p>\n\n\n\n<div class=\"wp-block-buttons is-content-justification-center is-layout-flex wp-container-core-buttons-is-layout-16018d1d wp-block-buttons-is-layout-flex\"><\/div>\n<\/div><figure class=\"wp-block-media-text__media\"><img alt=\"\" loading=\"lazy\" decoding=\"async\" width=\"1024\" height=\"1024\" src=\"https:\/\/wp.unil.ch\/ecotopiales\/files\/2024\/09\/plateforme-10-1024x1024.jpeg\" alt=\"\" class=\"wp-image-480 size-full\" srcset=\"https:\/\/wp.unil.ch\/ecotopiales\/files\/2024\/09\/plateforme-10-1024x1024.jpeg 1024w, https:\/\/wp.unil.ch\/ecotopiales\/files\/2024\/09\/plateforme-10-300x300.jpeg 300w, https:\/\/wp.unil.ch\/ecotopiales\/files\/2024\/09\/plateforme-10-150x150.jpeg 150w, https:\/\/wp.unil.ch\/ecotopiales\/files\/2024\/09\/plateforme-10-768x768.jpeg 768w, https:\/\/wp.unil.ch\/ecotopiales\/files\/2024\/09\/plateforme-10-540x540.jpeg 540w, https:\/\/wp.unil.ch\/ecotopiales\/files\/2024\/09\/plateforme-10-1080x1080.jpeg 1080w, https:\/\/wp.unil.ch\/ecotopiales\/files\/2024\/09\/plateforme-10.jpeg 1200w\" sizes=\"auto, (max-width: 1024px) 100vw, 1024px\" \/><\/figure><\/div>\n\n\n\n<p class=\"has-drop-cap has-large-font-size\"><em>L\u2019arbre en moi<\/em> est un spectacle qui invite petits et grands \u00e0 tendre l\u2019oreille, \u00e0 ouvrir leur imaginaire et \u00e0 semer, en eux, les graines d\u2019un monde plus vivant et plus respectueux.<\/p>\n\n\n\n<p class=\"has-large-font-size\">Le spectacle m\u00eale r\u00e9cits contemporains, contes traditionnels, proverbes et devinettes, dans <strong>un voyage po\u00e9tique ou chaque mot devient un arbre que l\u2019on plante,<\/strong> une racine que l\u2019on fait pousser dans le c\u0153ur de celles et ceux qui \u00e9coutent. Les enfants et les plus grands d\u00e9couvrent<strong> les myst\u00e8res des arbres, leurs origines, leurs chants silencieux<\/strong> et les liens profonds qu\u2019ils tissent avec les humains depuis la nuit des temps.<\/p>\n\n\n\n<p class=\"has-large-font-size\">Dans les traditions orales, les arbres ne sont pas seulement des \u00e9l\u00e9ments du paysage : ce sont des \u00eatres vivants, des t\u00e9moins du temps, des passeurs de m\u00e9moire. <strong>Dans ce monde cont\u00e9, les humains, les animaux, les v\u00e9g\u00e9taux et les min\u00e9raux cohabitent.<\/strong> Tout est li\u00e9, tout s\u2019influence, tout s\u2019\u00e9quilibre. L&rsquo;humain n\u2019est pas en dehors de la nature, mais en elle, au c\u0153ur d\u2019un mouvement perp\u00e9tuel d\u2019interactions et de m\u00e9tamorphoses.<\/p>\n\n\n\n<p class=\"has-large-font-size\"><em>L\u2019arbre en moi<\/em> c\u2019est une invitation \u00e0 reconnecter avec cette vision du monde o\u00f9 chaque forme de vie a sa place et sa voix. O\u00f9 l\u2019on comprend que le respect de la nature est aussi un respect de soi-m\u00eame.<br>Un moment suspendu o\u00f9 <strong>les mots deviennent racines, les silences feuillages,<\/strong> les proverbes sagesse populaire, les devinettes jeux d\u2019esprit, et l\u2019imaginaire, une for\u00eat \u00e0 explorer.<\/p>\n\n\n\n<p class=\"has-large-font-size\">Spectacle cr\u00e9\u00e9 et mis en sc\u00e8ne par <span style=\"text-decoration: underline\">Cathy Sarr<\/span>, com\u00e9dienne et conteuse.<\/p>\n\n\n<div class=\"wp-block-image\">\n<figure class=\"aligncenter size-large is-resized\"><img loading=\"lazy\" decoding=\"async\" width=\"1024\" height=\"512\" src=\"https:\/\/wp.unil.ch\/ecotopiales\/files\/2025\/09\/ange-grande-1024x512.jpeg\" alt=\"ange grande\" class=\"wp-image-1697\" style=\"width:400px\" srcset=\"https:\/\/wp.unil.ch\/ecotopiales\/files\/2025\/09\/ange-grande-1024x512.jpeg 1024w, https:\/\/wp.unil.ch\/ecotopiales\/files\/2025\/09\/ange-grande-300x150.jpeg 300w, https:\/\/wp.unil.ch\/ecotopiales\/files\/2025\/09\/ange-grande-768x384.jpeg 768w, https:\/\/wp.unil.ch\/ecotopiales\/files\/2025\/09\/ange-grande-540x270.jpeg 540w, https:\/\/wp.unil.ch\/ecotopiales\/files\/2025\/09\/ange-grande-1080x540.jpeg 1080w, https:\/\/wp.unil.ch\/ecotopiales\/files\/2025\/09\/ange-grande.jpeg 1280w\" sizes=\"auto, (max-width: 1024px) 100vw, 1024px\" \/><\/figure>\n<\/div>\n\n\n<div class=\"wp-block-buttons is-content-justification-center is-layout-flex wp-container-core-buttons-is-layout-16018d1d wp-block-buttons-is-layout-flex\">\n<div class=\"wp-block-button has-custom-width wp-block-button__width-75\"><a class=\"wp-block-button__link has-background has-larger-font-size has-custom-font-size wp-element-button\" href=\"https:\/\/events.unil.ch\/register\/539\/1002\" style=\"border-radius:5px;background-color:#e9bcba\">JE M&rsquo;INSCRIS AU SPECTACLE ! <\/a><\/div>\n<\/div>\n\n\n\n<p class=\"has-text-align-center has-large-font-size\"><strong>Participation gratuite mais places limit\u00e9es<\/strong>&nbsp;: inscription (fortement) conseill\u00e9e&nbsp;!&nbsp;<\/p>\n\n\n\n<p><\/p>\n\n\n\n<div class=\"wp-block-buttons is-content-justification-center is-layout-flex wp-container-core-buttons-is-layout-16018d1d wp-block-buttons-is-layout-flex\">\n<div class=\"wp-block-button has-custom-width wp-block-button__width-100 is-style-outline is-style-outline--1\"><a class=\"wp-block-button__link has-buttons-background-color has-buttons-text-background-color has-text-color has-background has-link-color has-large-font-size has-custom-font-size wp-element-button\" href=\"https:\/\/wp.unil.ch\/ecotopiales\/1er-novembre-le-festival-se-promene-en-ville\/\">VOIR LE PROGRAMME COMPLET DU SAMEDI 1ER NOVEMBRE<\/a><\/div>\n<\/div>\n\n\n\n<p><\/p>\n","protected":false},"excerpt":{"rendered":"<p>L\u2019arbre en moi est un spectacle qui invite petits et grands \u00e0 tendre l\u2019oreille, \u00e0 ouvrir leur imaginaire et \u00e0 semer, en eux, les graines d\u2019un monde plus&hellip;<\/p>\n","protected":false},"author":1002526,"featured_media":0,"parent":0,"menu_order":0,"comment_status":"closed","ping_status":"closed","template":"template-full-width.php","meta":{"_seopress_robots_primary_cat":"","_seopress_titles_title":"","_seopress_titles_desc":"","_seopress_robots_index":"","_uag_custom_page_level_css":"","footnotes":""},"class_list":["post-1568","page","type-page","status-publish","has-post-thumbnail"],"uagb_featured_image_src":{"full":false,"thumbnail":false,"medium":false,"medium_large":false,"large":false,"1536x1536":false,"2048x2048":false,"post-thumbnail":false,"chaplin_preview_image_low_resolution":false,"chaplin_preview_image_high_resolution":false,"chaplin_fullscreen":false,"mailpoet_newsletter_max":false},"uagb_author_info":{"display_name":"Niccolo Panozzo","author_link":"https:\/\/wp.unil.ch\/ecotopiales\/author\/npanozzo\/"},"uagb_comment_info":0,"uagb_excerpt":"L\u2019arbre en moi est un spectacle qui invite petits et grands \u00e0 tendre l\u2019oreille, \u00e0 ouvrir leur imaginaire et \u00e0 semer, en eux, les graines d\u2019un monde plus&hellip;","_links":{"self":[{"href":"https:\/\/wp.unil.ch\/ecotopiales\/wp-json\/wp\/v2\/pages\/1568","targetHints":{"allow":["GET"]}}],"collection":[{"href":"https:\/\/wp.unil.ch\/ecotopiales\/wp-json\/wp\/v2\/pages"}],"about":[{"href":"https:\/\/wp.unil.ch\/ecotopiales\/wp-json\/wp\/v2\/types\/page"}],"author":[{"embeddable":true,"href":"https:\/\/wp.unil.ch\/ecotopiales\/wp-json\/wp\/v2\/users\/1002526"}],"replies":[{"embeddable":true,"href":"https:\/\/wp.unil.ch\/ecotopiales\/wp-json\/wp\/v2\/comments?post=1568"}],"version-history":[{"count":5,"href":"https:\/\/wp.unil.ch\/ecotopiales\/wp-json\/wp\/v2\/pages\/1568\/revisions"}],"predecessor-version":[{"id":2899,"href":"https:\/\/wp.unil.ch\/ecotopiales\/wp-json\/wp\/v2\/pages\/1568\/revisions\/2899"}],"wp:attachment":[{"href":"https:\/\/wp.unil.ch\/ecotopiales\/wp-json\/wp\/v2\/media?parent=1568"}],"curies":[{"name":"wp","href":"https:\/\/api.w.org\/{rel}","templated":true}]}}