{"id":1523,"date":"2025-09-29T09:56:46","date_gmt":"2025-09-29T07:56:46","guid":{"rendered":"https:\/\/wp.unil.ch\/ecotopiales\/?page_id=1523"},"modified":"2025-10-24T12:14:18","modified_gmt":"2025-10-24T10:14:18","slug":"matinee-scientifique-du-31-octobre","status":"publish","type":"page","link":"https:\/\/wp.unil.ch\/ecotopiales\/matinee-scientifique-du-31-octobre\/","title":{"rendered":"MATIN\u00c9E SCIENTIFIQUE DU 31 OCTOBRE"},"content":{"rendered":"\n<div class=\"wp-block-media-text has-media-on-the-right is-stacked-on-mobile\"><div class=\"wp-block-media-text__content\">\n<h2 class=\"wp-block-heading has-text-align-left\"><strong>Regards crois\u00e9s des sciences et des arts sur le vivant <\/strong><\/h2>\n\n\n\n<p class=\"has-text-align-left\"><\/p>\n\n\n\n<p><span style=\"text-decoration: underline\">Lieu<\/span> : Amphimax 415 &#8211; Unil<\/p>\n\n\n\n<p><span style=\"text-decoration: underline\">Date<\/span> : Vendredi 31 octobre<\/p>\n\n\n\n<p><span style=\"text-decoration: underline\">Horaire<\/span> : 09h &#8211; 12h15<\/p>\n\n\n\n<p class=\"has-large-font-size\"><strong>Participation gratuite<\/strong><\/p>\n<\/div><figure class=\"wp-block-media-text__media\"><img alt=\"\" loading=\"lazy\" decoding=\"async\" width=\"1024\" height=\"1013\" src=\"https:\/\/wp.unil.ch\/ecotopiales\/files\/2024\/09\/amphimax-1024x1013.png\" alt=\"\" class=\"wp-image-1071 size-full\" srcset=\"https:\/\/wp.unil.ch\/ecotopiales\/files\/2024\/09\/amphimax-1024x1013.png 1024w, https:\/\/wp.unil.ch\/ecotopiales\/files\/2024\/09\/amphimax-300x297.png 300w, https:\/\/wp.unil.ch\/ecotopiales\/files\/2024\/09\/amphimax-768x760.png 768w, https:\/\/wp.unil.ch\/ecotopiales\/files\/2024\/09\/amphimax-540x534.png 540w, https:\/\/wp.unil.ch\/ecotopiales\/files\/2024\/09\/amphimax-1080x1068.png 1080w, https:\/\/wp.unil.ch\/ecotopiales\/files\/2024\/09\/amphimax.png 1213w\" sizes=\"auto, (max-width: 1024px) 100vw, 1024px\" \/><\/figure><\/div>\n\n\n\n<div class=\"wp-block-buttons is-content-justification-center is-layout-flex wp-container-core-buttons-is-layout-16018d1d wp-block-buttons-is-layout-flex\">\n<div class=\"wp-block-button has-custom-width wp-block-button__width-75\"><a class=\"wp-block-button__link has-background has-large-font-size has-custom-font-size wp-element-button\" href=\"https:\/\/events.unil.ch\/register\/527\/990\" style=\"border-radius:5px;background-color:#8192c7\">JE M&rsquo;INSCRIS \u00c0 LA MATIN\u00c9E !<\/a><\/div>\n<\/div>\n\n\n\n<div style=\"height:20px\" aria-hidden=\"true\" class=\"wp-block-spacer\"><\/div>\n\n\n\n<p class=\"has-drop-cap has-large-font-size\">Cette premi\u00e8re matin\u00e9e scientifique nous place spontan\u00e9ment au carrefour de la recherche et de la cr\u00e9ation. <\/p>\n\n\n\n<p class=\"has-large-font-size\">Elle d\u00e9butera par une conf\u00e9rence de <span style=\"text-decoration: underline\">Gr\u00e9gory Quenet, <\/span>historien de l&rsquo;environnement, suivie par <span style=\"text-decoration: underline\">Anne Simon,<\/span> philosophe et zoopo\u00e9ticienne. Ces deux sp\u00e9cialistes seront ensuite rejoint par <span style=\"text-decoration: underline\">Judith Zagury<\/span>, metteuse en sc\u00e8ne, pour une table ronde mod\u00e9r\u00e9e par <span style=\"text-decoration: underline\">Nicolas Schaffter<\/span>, m\u00e9diateur scientifique (UNIL)<\/p>\n\n\n\n<p class=\"has-large-font-size\">Gr\u00e9gory Quenet explorera dans cette communication <strong>comment l\u2019histoire et les humanit\u00e9s environnementales peuvent s\u2019ouvrir \u00e0 des formes de r\u00e9cit<\/strong> qui associent pratiques artistiques et savoirs scientifiques. Nous envisagerons comment l\u2019attention au vivant peut devenir le lieu d\u2019une communication renouvel\u00e9e entre chercheurs et cr\u00e9ateurs, et <strong>o\u00f9 se tissent des r\u00e9cits communs capables de faire \u00e9merger de nouvelles formes de communaut\u00e9<\/strong> de destin.<\/p>\n\n\n\n<p class=\"has-large-font-size\">Anne Simon explicitera dans son intervention ce qu\u2019est la zoopo\u00e9tique et <strong>en quoi la litt\u00e9rature, loin de nous couper du monde, est une arche peupl\u00e9e, accueillante et vitale<\/strong>.<\/p>\n\n\n\n<p class=\"has-large-font-size\">La table ronde permettra de se questionner sur la mani\u00e8re dont l&rsquo;histoire environnementale et les arts nous offrent aujourd&rsquo;hui la possibilit\u00e9 <strong>d&rsquo;aiguiser nos regards et nos savoirs sur le vivant qui nous entoure<\/strong>. Que nous transmettent ces disciplines ? Comment nous accompagnent-elles dans le changement de nos imaginaires ? Comment <strong>raconter et cohabiter autrement ?<\/strong><\/p>\n\n\n\n<p class=\"has-large-font-size\"><span style=\"text-decoration: underline\"><strong>D\u00e9couvrez les descriptifs complets des conf\u00e9rences ci-dessous.<\/strong><\/span><\/p>\n\n\n<div class=\"wp-block-image\">\n<figure class=\"aligncenter size-large is-resized\"><img loading=\"lazy\" decoding=\"async\" width=\"1024\" height=\"512\" src=\"https:\/\/wp.unil.ch\/ecotopiales\/files\/2025\/09\/chamois-1024x512.jpeg\" alt=\"chamois\" class=\"wp-image-1627\" style=\"width:400px\" srcset=\"https:\/\/wp.unil.ch\/ecotopiales\/files\/2025\/09\/chamois-1024x512.jpeg 1024w, https:\/\/wp.unil.ch\/ecotopiales\/files\/2025\/09\/chamois-300x150.jpeg 300w, https:\/\/wp.unil.ch\/ecotopiales\/files\/2025\/09\/chamois-768x384.jpeg 768w, https:\/\/wp.unil.ch\/ecotopiales\/files\/2025\/09\/chamois-1536x768.jpeg 1536w, https:\/\/wp.unil.ch\/ecotopiales\/files\/2025\/09\/chamois-540x270.jpeg 540w, https:\/\/wp.unil.ch\/ecotopiales\/files\/2025\/09\/chamois-1080x540.jpeg 1080w, https:\/\/wp.unil.ch\/ecotopiales\/files\/2025\/09\/chamois-1320x660.jpeg 1320w, https:\/\/wp.unil.ch\/ecotopiales\/files\/2025\/09\/chamois.jpeg 1920w\" sizes=\"auto, (max-width: 1024px) 100vw, 1024px\" \/><\/figure>\n<\/div>\n\n\n<p class=\"has-drop-cap has-large-font-size\"><\/p>\n\n\n\n<p><\/p>\n\n\n\n<div class=\"wp-block-group has-border-background-color has-background-background-color has-background is-nowrap is-layout-flex wp-container-core-group-is-layout-ad2f72ca wp-block-group-is-layout-flex\">\n<p><p style=\"padding-right: 10px\">08h30 &#8211; 09h00<\/p><\/p>\n\n\n\n<p>Accueil : accr\u00e9ditation, caf\u00e9, th\u00e9 et croissants<\/p>\n<\/div>\n\n\n\n<div class=\"wp-block-group has-border-background-color has-background is-nowrap is-layout-flex wp-container-core-group-is-layout-ad2f72ca wp-block-group-is-layout-flex\">\n<p><p style=\"padding-right: 10px\">09h00 &#8211; 09h15<\/p><\/p>\n\n\n\n<p><strong>Introduction \u00e0 la journ\u00e9e<\/strong><br><br><strong>Colin Pahlisch<\/strong>, Coordinateur de l&rsquo;Observatoire des r\u00e9cits et imaginaires de l&rsquo;Anthropoc\u00e8ne (ORIA), <br>Centre de comp\u00e9tences en durabilit\u00e9 (CCD, UNIL)<br><strong>Nelly Niwa<\/strong>, directrice du Centre de comp\u00e9tences en durabilit\u00e9<br><strong>Val\u00e9rie Cossy<\/strong>, Vice-doyenne durabilit\u00e9, facult\u00e9 des Lettres<\/p>\n<\/div>\n\n\n\n<div class=\"wp-block-group has-border-background-color has-background-background-color has-background is-nowrap is-layout-flex wp-container-core-group-is-layout-ad2f72ca wp-block-group-is-layout-flex\">\n<p><p style=\"padding-right: 10px\">09h15 &#8211; 10h00<\/p><\/p>\n\n\n\n<details class=\"wp-block-details wp-container-content-c9763a5f is-layout-flow wp-block-details-is-layout-flow\"><summary><strong>Du mythe du progr\u00e8s aux r\u00e9cits partag\u00e9s : histoire environnementale, cr\u00e9ation artistique et pr\u00e9servation du vivant<\/strong> \n<p><\/p><br><strong><a href=\"https:\/\/wp.unil.ch\/ecotopiales\/protagonistes\/#westerhoff\">Prof. Gr\u00e9gory Quenet<\/a><\/strong>, Histoire environnementale (Universit\u00e9 de Versailles Saint-Quentin-en-Yvelines, France)<br><\/summary>\n\n<p><\/p>\n\n\n<p>Dans la perspective de l\u2019histoire environnementale, le vivant n\u2019appara\u00eet pas seulement comme un objet d\u2019\u00e9tude, mais comme une trame narrative permettant de repenser nos rapports au temps et \u00e0 l\u2019espace. Raconter \u00ab d\u2019autres histoires \u00bb du vivant, c\u2019est d\u2019abord en finir avec le mythe lin\u00e9aire du progr\u00e8s, pour explorer des formes d\u2019alliances o\u00f9 les humains et les non-humains coexistent, suivant des temporalit\u00e9s et des spatialit\u00e9s partag\u00e9es. L\u2019\u00e9cologie, en ce sens, n\u2019a jamais pleinement constitu\u00e9 un v\u00e9ritable projet historique, pr\u00e9f\u00e9rant se d\u00e9ployer dans l\u2019espace \u2013 celui d\u2019un monde menac\u00e9, d\u2019un paradis perdu \u00e0 pr\u00e9server \u2013 plut\u00f4t que dans l\u2019ouverture d\u2019un futur politique.\nNous explorerons dans cette communication comment l\u2019histoire et les humanit\u00e9s environnementales peuvent s\u2019ouvrir \u00e0 des formes de r\u00e9cit qui associent pratiques artistiques et savoirs scientifiques. Nous envisagerons comment l\u2019attention au vivant peut devenir le lieu d\u2019une communication renouvel\u00e9e entre chercheurs et cr\u00e9ateurs, et o\u00f9 se tissent des r\u00e9cits communs capables de faire \u00e9merger de nouvelles formes de communaut\u00e9 de destin.<\/p>\n\n<\/div>\n\n\n\n<div class=\"wp-block-group has-border-background-color has-background is-nowrap is-layout-flex wp-container-core-group-is-layout-ad2f72ca wp-block-group-is-layout-flex\">\n<p><p style=\"padding-right: 10px\">10h00 &#8211; 10h45<\/p><\/p>\n\n\n\n<details class=\"wp-block-details wp-container-content-c9763a5f is-layout-flow wp-block-details-is-layout-flow\"><summary><strong>Litt\u00e9rature et animalit\u00e9 : les apports de la zoopo\u00e9tique<\/strong><br><p><\/p><strong><a href=\"https:\/\/wp.unil.ch\/ecotopiales\/protagonistes\/#simon\">Prof. Anne Simon<\/a><\/strong>, Litt\u00e9rature (CNRS, France)<\/summary>\n\n<p><\/p>\n\n\n<p>Quoi de plus sp\u00e9cifiquement humain \u2013 de plus caract\u00e9ristique de notre esp\u00e8ce \u2013 que la litt\u00e9rature ? Mythes, po\u00e8mes et romans portent nos pratiques de la langue \u00e0 son plus haut degr\u00e9 de complexit\u00e9 : rythmes savants, m\u00e9taphores irr\u00e9alistes, textes se r\u00e9pondant en \u00e9cho semblent opposer la litt\u00e9rature \u00e0 l\u2019animalit\u00e9.<br>Il convient de revenir sur cette \u00e9vidence. Se fondant sur l\u2019expressivit\u00e9 des b\u00eates, sur notre animalit\u00e9 incontournable, sur notre alphabet mugissant et serpentant, sur les autoportraits d\u2019\u00e9crivains en hibou, fourmi ou mouche, l\u2019intervention explicitera ce qu\u2019est la \u00ab zoopo\u00e9tique \u00bb. La litt\u00e9rature, loin de nous couper du monde, est une arche peupl\u00e9e, accueillante et vitale.<\/p>\n\n<\/div>\n\n\n\n<div class=\"wp-block-group has-border-background-color has-background-background-color has-background is-nowrap is-layout-flex wp-container-core-group-is-layout-ad2f72ca wp-block-group-is-layout-flex\">\n<p><p style=\"padding-right: 10px\">10h45 &#8211; 11h15<\/p><\/p>\n\n\n\n<p>Pause caf\u00e9<\/p>\n<\/div>\n\n\n\n<div class=\"wp-block-group has-border-background-color has-background is-nowrap is-layout-flex wp-container-core-group-is-layout-ad2f72ca wp-block-group-is-layout-flex\">\n<p><p style=\"padding-right: 10px\">11h15 &#8211; 12h15<\/p><\/p>\n\n\n\n<details class=\"wp-block-details wp-container-content-c9763a5f is-layout-flow wp-block-details-is-layout-flow\"><summary>Table ronde <strong>Territoires animaux : quand la sc\u00e8ne n\u00e9gocie avec le vivant<\/strong><p><\/p><ul><li><strong>Prof. Gr\u00e9gory Quenet<\/strong> (UVSQ, France)<\/li><li><strong>Prof. Anne Simon<\/strong> (\u00c9cole Normale Sup\u00e9rieure PLS, France) <\/li><li><strong><a href=\"https:\/\/wp.unil.ch\/ecotopiales\/protagonistes\/#westerhoff\">Judith Zagury<\/a><\/strong> (Compagnie Shanju)<\/li><\/ul><\/summary>\n\n<p><\/p>\n\n\n<p>L&rsquo;histoire environnementale, la zoopo\u00e9tique et les arts vivants nous offrent aujourd&rsquo;hui la possibilit\u00e9 de renouveler nos r\u00e9cits, d&rsquo;aiguiser nos regards et nos savoirs sur le vivant qui nous entoure. Que nous transmettent ces disciplines ? Comment nous accompagnent-elles dans le changement de nos imaginaires ? Comment raconter autrement pour cohabiter autrement ?<\/p>\n\n<\/div>\n\n\n<p>\n\n\n<div class=\"wp-block-buttons is-content-justification-center is-layout-flex wp-container-core-buttons-is-layout-16018d1d wp-block-buttons-is-layout-flex\">\n<div class=\"wp-block-button has-custom-width wp-block-button__width-75\"><a class=\"wp-block-button__link has-background has-large-font-size has-custom-font-size wp-element-button\" href=\"https:\/\/events.unil.ch\/register\/527\/990\" style=\"border-radius:5px;background-color:#8192c7\">JE M&rsquo;INSCRIS \u00c0 LA MATIN\u00c9E ! <\/a><\/div>\n<\/div>\n\n\n\n<p class=\"has-text-align-center has-large-font-size\"><strong>Participation gratuite mais places limit\u00e9es<\/strong>&nbsp;: inscription (fortement) conseill\u00e9e&nbsp;!&nbsp;<\/p>\n\n\n\n<p><\/p>\n\n\n\n<div class=\"wp-block-buttons is-layout-flex wp-block-buttons-is-layout-flex\">\n<div class=\"wp-block-button is-style-outline is-style-outline--1\"><a class=\"wp-block-button__link has-buttons-background-color has-buttons-text-background-color has-text-color has-background has-link-color has-large-font-size has-custom-font-size wp-element-button\" href=\"https:\/\/wp.unil.ch\/ecotopiales\/31-octobre-une-journee-sur-le-campus-unil\/\">VOIR LE PROGRAMME COMPLET DU VENDREDI 31 OCTOBRE<\/a><\/div>\n<\/div>\n\n\n\n<p><\/p>\n","protected":false},"excerpt":{"rendered":"<p>Regards crois\u00e9s des sciences et des arts sur le vivant Lieu : Amphimax 415 &#8211; Unil Date : Vendredi 31 octobre Horaire : 09h &#8211; 12h15 Participation gratuite&hellip;<\/p>\n","protected":false},"author":1002526,"featured_media":0,"parent":0,"menu_order":0,"comment_status":"closed","ping_status":"closed","template":"template-full-width.php","meta":{"_seopress_robots_primary_cat":"","_seopress_titles_title":"","_seopress_titles_desc":"","_seopress_robots_index":"","_uag_custom_page_level_css":"","footnotes":""},"class_list":["post-1523","page","type-page","status-publish","has-post-thumbnail"],"uagb_featured_image_src":{"full":false,"thumbnail":false,"medium":false,"medium_large":false,"large":false,"1536x1536":false,"2048x2048":false,"post-thumbnail":false,"chaplin_preview_image_low_resolution":false,"chaplin_preview_image_high_resolution":false,"chaplin_fullscreen":false,"mailpoet_newsletter_max":false},"uagb_author_info":{"display_name":"Niccolo Panozzo","author_link":"https:\/\/wp.unil.ch\/ecotopiales\/author\/npanozzo\/"},"uagb_comment_info":0,"uagb_excerpt":"Regards crois\u00e9s des sciences et des arts sur le vivant Lieu : Amphimax 415 &#8211; Unil Date : Vendredi 31 octobre Horaire : 09h &#8211; 12h15 Participation gratuite&hellip;","_links":{"self":[{"href":"https:\/\/wp.unil.ch\/ecotopiales\/wp-json\/wp\/v2\/pages\/1523","targetHints":{"allow":["GET"]}}],"collection":[{"href":"https:\/\/wp.unil.ch\/ecotopiales\/wp-json\/wp\/v2\/pages"}],"about":[{"href":"https:\/\/wp.unil.ch\/ecotopiales\/wp-json\/wp\/v2\/types\/page"}],"author":[{"embeddable":true,"href":"https:\/\/wp.unil.ch\/ecotopiales\/wp-json\/wp\/v2\/users\/1002526"}],"replies":[{"embeddable":true,"href":"https:\/\/wp.unil.ch\/ecotopiales\/wp-json\/wp\/v2\/comments?post=1523"}],"version-history":[{"count":5,"href":"https:\/\/wp.unil.ch\/ecotopiales\/wp-json\/wp\/v2\/pages\/1523\/revisions"}],"predecessor-version":[{"id":2924,"href":"https:\/\/wp.unil.ch\/ecotopiales\/wp-json\/wp\/v2\/pages\/1523\/revisions\/2924"}],"wp:attachment":[{"href":"https:\/\/wp.unil.ch\/ecotopiales\/wp-json\/wp\/v2\/media?parent=1523"}],"curies":[{"name":"wp","href":"https:\/\/api.w.org\/{rel}","templated":true}]}}