{"id":1504,"date":"2025-09-29T09:59:08","date_gmt":"2025-09-29T07:59:08","guid":{"rendered":"https:\/\/wp.unil.ch\/ecotopiales\/?page_id=1504"},"modified":"2025-10-29T12:10:58","modified_gmt":"2025-10-29T11:10:58","slug":"mon-animal-totem","status":"publish","type":"page","link":"https:\/\/wp.unil.ch\/ecotopiales\/mon-animal-totem\/","title":{"rendered":"MON ANIMAL TOTEM"},"content":{"rendered":"\n<div class=\"wp-block-media-text has-media-on-the-right is-stacked-on-mobile\"><div class=\"wp-block-media-text__content\">\n<h2 class=\"wp-block-heading\"><strong>Atelier de calligrammes<\/strong><\/h2>\n\n\n\n<h4 class=\"wp-block-heading\">Contenu de l&rsquo;atelier : dessin pour enfants, cr\u00e9ation d&rsquo;un calligramme animalier<\/h4>\n\n\n\n<p class=\"has-text-align-left\"><span style=\"text-decoration: underline\">Lieu<\/span> : La Biblioth\u00e8que Jeunesse<\/p>\n\n\n\n<p class=\"has-text-align-left\"><span style=\"text-decoration: underline\">Date<\/span> : Samedi 1er novembre<\/p>\n\n\n\n<p class=\"has-text-align-left\"><span style=\"text-decoration: underline\">Horaires<\/span> :<\/p>\n\n\n\n<p class=\"has-text-align-left\">10h00 &#8211; 11h30 &#8211; \u00c2ge : 8 \u00e0 10 ans<\/p>\n\n\n\n<p class=\"has-text-align-left\">13h00 &#8211; 14h30 &#8211; \u00c2ge : 11 \u00e0 12 ans<\/p>\n\n\n\n<p class=\"has-text-align-left has-large-font-size\"><strong>Participation gratuite<\/strong><\/p>\n<\/div><figure class=\"wp-block-media-text__media\"><\/figure><\/div>\n\n\n\n<p class=\"has-drop-cap has-large-font-size\">Concours de calligrammes : o\u00f9 po\u00e9sie et dessin s\u2019unissent pour r\u00e9v\u00e9ler ton animal int\u00e9rieur&nbsp;!<\/p>\n\n\n\n<p class=\"has-large-font-size\">Dans cet atelier, <strong>tu apprendras \u00e0 cr\u00e9er un calligramme, <\/strong>une image form\u00e9e de mots et de phrases, pour donner vie \u00e0 ton animal totem.<\/p>\n\n\n\n<p class=\"has-large-font-size\">Entre \u00e9criture, imagination et dessin, <strong>tu cr\u00e9eras ton propre animal-po\u00e8me<\/strong>, guid\u00e9 par le po\u00e8te et \u00e9diteur <span style=\"text-decoration: underline\">Arthur Billerey<\/span>. Viens d\u00e9couvrir la magie du calligramme, et tente de remporter un prix&nbsp;!<\/p>\n\n\n\n<p class=\"has-large-font-size\">Un moment de cr\u00e9ation pour deux groupes de 8 \u00e0 10 ans et de 10 \u00e0 12 ans.<\/p>\n\n\n<div class=\"wp-block-image\">\n<figure class=\"aligncenter size-large is-resized\"><img loading=\"lazy\" decoding=\"async\" width=\"1024\" height=\"512\" src=\"https:\/\/wp.unil.ch\/ecotopiales\/files\/2025\/09\/calligramme-grande-1024x512.jpeg\" alt=\"calligramme grande\" class=\"wp-image-1668\" style=\"width:400px\" srcset=\"https:\/\/wp.unil.ch\/ecotopiales\/files\/2025\/09\/calligramme-grande-1024x512.jpeg 1024w, https:\/\/wp.unil.ch\/ecotopiales\/files\/2025\/09\/calligramme-grande-300x150.jpeg 300w, https:\/\/wp.unil.ch\/ecotopiales\/files\/2025\/09\/calligramme-grande-768x384.jpeg 768w, https:\/\/wp.unil.ch\/ecotopiales\/files\/2025\/09\/calligramme-grande-540x270.jpeg 540w, https:\/\/wp.unil.ch\/ecotopiales\/files\/2025\/09\/calligramme-grande-1080x540.jpeg 1080w, https:\/\/wp.unil.ch\/ecotopiales\/files\/2025\/09\/calligramme-grande.jpeg 1280w\" sizes=\"auto, (max-width: 1024px) 100vw, 1024px\" \/><\/figure>\n<\/div>\n\n\n<div class=\"wp-block-buttons is-content-justification-center is-layout-flex wp-container-core-buttons-is-layout-16018d1d wp-block-buttons-is-layout-flex\">\n<div class=\"wp-block-button has-custom-width wp-block-button__width-75\"><a class=\"wp-block-button__link has-background has-large-font-size has-custom-font-size wp-element-button\" href=\"https:\/\/www.lausanne.ch\/agenda-et-actualites\/agenda\/evenement\/atelier-de-calligrammes\" style=\"border-radius:5px;background-color:#c3c599\">JE M&rsquo;INSCRIS \u00c0 CET ATELIER !<\/a><\/div>\n<\/div>\n\n\n\n<p class=\"has-text-align-center has-large-font-size\"><strong>Participation gratuite mais places limit\u00e9es<\/strong>&nbsp;: inscription (fortement) conseill\u00e9e&nbsp;!&nbsp;<\/p>\n\n\n\n<div style=\"height:20px\" aria-hidden=\"true\" class=\"wp-block-spacer\"><\/div>\n\n\n\n<p class=\"has-text-align-center has-large-font-size\">L&rsquo;atelier est organis\u00e9 en collaboration avec<\/p>\n\n\n\n<div class=\"wp-block-columns alignwide is-layout-flex wp-container-core-columns-is-layout-9d6595d7 wp-block-columns-is-layout-flex\">\n<div class=\"wp-block-column is-vertically-aligned-center is-layout-flow wp-block-column-is-layout-flow\"><\/div>\n\n\n\n<div class=\"wp-block-column is-vertically-aligned-center is-layout-flow wp-block-column-is-layout-flow\"><div class=\"wp-block-image\">\n<figure class=\"aligncenter size-full is-resized\"><a href=\"https:\/\/bavl.lausanne.ch\/iguana\/www.main.cls?surl=sites-jeunesse\"><img loading=\"lazy\" decoding=\"async\" width=\"1633\" height=\"530\" src=\"https:\/\/wp.unil.ch\/ecotopiales\/files\/2025\/09\/logo_lausanne_service_bavl_1_lignes_couleur-1.jpg\" alt=\"impression\" class=\"wp-image-1815\" style=\"width:248px;height:auto\" srcset=\"https:\/\/wp.unil.ch\/ecotopiales\/files\/2025\/09\/logo_lausanne_service_bavl_1_lignes_couleur-1.jpg 1633w, https:\/\/wp.unil.ch\/ecotopiales\/files\/2025\/09\/logo_lausanne_service_bavl_1_lignes_couleur-1-300x97.jpg 300w, https:\/\/wp.unil.ch\/ecotopiales\/files\/2025\/09\/logo_lausanne_service_bavl_1_lignes_couleur-1-1024x332.jpg 1024w, https:\/\/wp.unil.ch\/ecotopiales\/files\/2025\/09\/logo_lausanne_service_bavl_1_lignes_couleur-1-768x249.jpg 768w, https:\/\/wp.unil.ch\/ecotopiales\/files\/2025\/09\/logo_lausanne_service_bavl_1_lignes_couleur-1-1536x499.jpg 1536w, https:\/\/wp.unil.ch\/ecotopiales\/files\/2025\/09\/logo_lausanne_service_bavl_1_lignes_couleur-1-540x175.jpg 540w, https:\/\/wp.unil.ch\/ecotopiales\/files\/2025\/09\/logo_lausanne_service_bavl_1_lignes_couleur-1-1080x351.jpg 1080w, https:\/\/wp.unil.ch\/ecotopiales\/files\/2025\/09\/logo_lausanne_service_bavl_1_lignes_couleur-1-1320x428.jpg 1320w\" sizes=\"auto, (max-width: 1633px) 100vw, 1633px\" \/><\/a><\/figure>\n<\/div><\/div>\n\n\n\n<div class=\"wp-block-column is-vertically-aligned-center is-layout-flow wp-block-column-is-layout-flow\"><\/div>\n<\/div>\n\n\n\n<div class=\"wp-block-buttons is-content-justification-center is-layout-flex wp-container-core-buttons-is-layout-16018d1d wp-block-buttons-is-layout-flex\">\n<div class=\"wp-block-button is-style-outline is-style-outline--1\"><a class=\"wp-block-button__link has-buttons-background-color has-buttons-text-background-color has-text-color has-background has-link-color has-large-font-size has-custom-font-size wp-element-button\" href=\"https:\/\/wp.unil.ch\/ecotopiales\/1er-novembre-le-festival-se-promene-en-ville\/\">RETOUR AU PROGRAMME DU 1ER NOVEMBRE  <\/a><\/div>\n<\/div>\n","protected":false},"excerpt":{"rendered":"<p>Atelier de calligrammes Contenu de l&rsquo;atelier : dessin pour enfants, cr\u00e9ation d&rsquo;un calligramme animalier Lieu : La Biblioth\u00e8que Jeunesse Date : Samedi 1er novembre Horaires : 10h00 &#8211;&hellip;<\/p>\n","protected":false},"author":1002526,"featured_media":0,"parent":0,"menu_order":0,"comment_status":"closed","ping_status":"closed","template":"template-full-width.php","meta":{"_seopress_robots_primary_cat":"","_seopress_titles_title":"","_seopress_titles_desc":"","_seopress_robots_index":"","_uag_custom_page_level_css":"","footnotes":""},"class_list":["post-1504","page","type-page","status-publish","has-post-thumbnail"],"uagb_featured_image_src":{"full":false,"thumbnail":false,"medium":false,"medium_large":false,"large":false,"1536x1536":false,"2048x2048":false,"post-thumbnail":false,"chaplin_preview_image_low_resolution":false,"chaplin_preview_image_high_resolution":false,"chaplin_fullscreen":false,"mailpoet_newsletter_max":false},"uagb_author_info":{"display_name":"Niccolo Panozzo","author_link":"https:\/\/wp.unil.ch\/ecotopiales\/author\/npanozzo\/"},"uagb_comment_info":0,"uagb_excerpt":"Atelier de calligrammes Contenu de l&rsquo;atelier : dessin pour enfants, cr\u00e9ation d&rsquo;un calligramme animalier Lieu : La Biblioth\u00e8que Jeunesse Date : Samedi 1er novembre Horaires : 10h00 &#8211;&hellip;","_links":{"self":[{"href":"https:\/\/wp.unil.ch\/ecotopiales\/wp-json\/wp\/v2\/pages\/1504","targetHints":{"allow":["GET"]}}],"collection":[{"href":"https:\/\/wp.unil.ch\/ecotopiales\/wp-json\/wp\/v2\/pages"}],"about":[{"href":"https:\/\/wp.unil.ch\/ecotopiales\/wp-json\/wp\/v2\/types\/page"}],"author":[{"embeddable":true,"href":"https:\/\/wp.unil.ch\/ecotopiales\/wp-json\/wp\/v2\/users\/1002526"}],"replies":[{"embeddable":true,"href":"https:\/\/wp.unil.ch\/ecotopiales\/wp-json\/wp\/v2\/comments?post=1504"}],"version-history":[{"count":5,"href":"https:\/\/wp.unil.ch\/ecotopiales\/wp-json\/wp\/v2\/pages\/1504\/revisions"}],"predecessor-version":[{"id":2937,"href":"https:\/\/wp.unil.ch\/ecotopiales\/wp-json\/wp\/v2\/pages\/1504\/revisions\/2937"}],"wp:attachment":[{"href":"https:\/\/wp.unil.ch\/ecotopiales\/wp-json\/wp\/v2\/media?parent=1504"}],"curies":[{"name":"wp","href":"https:\/\/api.w.org\/{rel}","templated":true}]}}