{"id":2788,"date":"2026-03-30T19:48:33","date_gmt":"2026-03-30T17:48:33","guid":{"rendered":"https:\/\/wp.unil.ch\/droitetlitterature\/?post_type=tribe_events&#038;p=2788"},"modified":"2026-03-30T20:01:14","modified_gmt":"2026-03-30T18:01:14","slug":"journee-detude-diritto-e-letteratura-in-italia-tra-medioevo-e-rinascimento-secc-xii-xvi-testi-contesti-transiti","status":"publish","type":"tribe_events","link":"https:\/\/wp.unil.ch\/droitetlitterature\/event\/journee-detude-diritto-e-letteratura-in-italia-tra-medioevo-e-rinascimento-secc-xii-xvi-testi-contesti-transiti\/","title":{"rendered":"Journ\u00e9e d&rsquo;\u00e9tude &#8211; \u00ab\u00a0Diritto e Letteratura in Italia tra Medioevo e Rinascimento (secc. XII-XVI): testi, contesti, transiti\u00a0\u00bb"},"content":{"rendered":"<div  class=\"tribe-events-schedule tribe-clearfix\" >\n\t<p class=\"tribe-events-schedule__datetime\">\n\t\t<span class=\"tribe-events-schedule__date tribe-events-schedule__date--start\">\n\t\t\t16 avril 2026\t\t<\/span>\n\n\t\t\t\t\t<span class=\"tribe-events-schedule__separator tribe-events-schedule__separator--date\">\n\t\t\t\t @ \t\t\t<\/span>\n\t\t\t<span class=\"tribe-events-schedule__time tribe-events-schedule__time--start\">\n\t\t\t\t9:15\t\t\t<\/span>\n\t\t\n\t\t\t\t\t\t\t\t\t<span class=\"tribe-events-schedule__separator tribe-events-schedule__separator--time\">\n\t\t\t\t\t &#8211; \t\t\t\t<\/span>\n\t\t\t\n\t\t\t\t\t\t\t<span class=\"tribe-events-schedule__time tribe-events-schedule__time--end\">\n\t\t\t\t\t17:30\t\t\t\t<\/span>\n\t\t\t\n\t\t\t\t\t\t<\/p>\n<\/div>\n\n\n\n<p><strong>L&rsquo;Universit\u00e9 de Fribourg organise une journ\u00e9e d&rsquo;\u00e9tude sur \u00ab\u00a0Droit et litt\u00e9rature en Italie entre Moyen \u00c2ge et Renaissance (XIIe\u2013XVIe si\u00e8cles)\u00a0\u00bb<\/strong> et se propose d&rsquo;examiner les multiples formes d&rsquo;interaction entre culture juridique et production litt\u00e9raire dans l&rsquo;Italie m\u00e9di\u00e9vale et renaissante, en privil\u00e9giant une approche r\u00e9solument interdisciplinaire et transnationale. Il s&rsquo;agira de mettre en lumi\u00e8re la circulation des th\u00e8mes, des mod\u00e8les formels et linguistiques entre les sph\u00e8res du droit et de la litt\u00e9rature, en prenant en compte tant les textes vernaculaires que latins, r\u00e9dig\u00e9s par des auteurs \u2013 po\u00e8tes, \u00e9crivains, juristes \u2013 italiens ou \u00e9trangers dont l&rsquo;oeuvre a rencontr\u00e9 une r\u00e9ception ou un \u00e9cho significatif dans le contexte italien. Les liens entre la litt\u00e9rature italienne et le droit ont \u00e9t\u00e9 explor\u00e9s chez certains auteurs tels que Dante Alighieri, Giovanni Boccaccio, Cino da Pistoia, Leon Battista Alberti, Leonardo Bruni, Lorenzo Valla, ou encore Torquato Tasso ainsi que chez des juristes comme Henri de Suse, Bartole de Sassoferrato et Giasone del Maino.<\/p>\n\n\n\n<p>L&rsquo;objectif est d&rsquo;explorer les modalit\u00e9s par lesquelles le droit et la litt\u00e9rature se croisent, s&rsquo;influencent et parfois se confondent : \u00e0 travers les repr\u00e9sentations litt\u00e9raires du droit, de la justice et des institutions ; \u00e0 travers l&#8217;empreinte de la rh\u00e9torique judiciaire dans les textes litt\u00e9raires comme juridiques ; ou encore par le biais des figures d&rsquo;auteurs hybrides, \u00e0 la fois juristes et \u00e9crivains. Une attention particuli\u00e8re sera port\u00e9e \u00e0 la fonction normative et performative de la parole litt\u00e9raire ainsi qu&rsquo;aux dynamiques de transfert culturel entre l&rsquo;Italie et d&rsquo;autres espaces europ\u00e9ens.<\/p>\n\n\n\n<blockquote class=\"wp-block-quote is-layout-flow wp-block-quote-is-layout-flow\">\n<p><a href=\"https:\/\/wp.unil.ch\/droitetlitterature\/files\/2026\/02\/camille_loutsch_biographie_droit-et-litterature.pdf\" data-type=\"attachment\" data-id=\"2748\"><strong>Camille Loutsch<\/strong><\/a> (Universit\u00e9 de Neuch\u00e2tel), membre de notre Laboratoire Droit &amp; Litt\u00e9rature, co-responsable <a href=\"https:\/\/wp.unil.ch\/droitetlitterature\/plume-de-justice-3\/\" data-type=\"page\" data-id=\"2400\">Plume de Justice<\/a>, coordinatrice du r\u00e9seau \u00ab\u00a0<a href=\"https:\/\/wp.unil.ch\/droitetlitterature\/working-group-the-young-law-literature-researchers\/\" data-type=\"page\" data-id=\"2406\">Les jeunes chercheur-se-s en Droit &amp; Litt\u00e9rature<\/a>\u00a0\u00bb y fera une pr\u00e9sentation intitul\u00e9e : <strong>\u00ab\u00a0Les \u00e9tudes Droit &amp; Litt\u00e9rature aujourd\u2019hui : pr\u00e9sentation des d\u00e9fis et enjeux contemporains de ce champ de recherches\u00a0\u00bb<\/strong><\/p>\n\n\n\n<div data-wp-interactive=\"core\/file\" class=\"wp-block-file\"><object data-wp-bind--hidden=\"!state.hasPdfPreview\" hidden class=\"wp-block-file__embed\" data=\"https:\/\/wp.unil.ch\/droitetlitterature\/files\/2026\/03\/programma-dl.pdf\" type=\"application\/pdf\" style=\"width:100%;height:600px\" aria-label=\"Contenu embarqu\u00e9 Programme de la journ\u00e9e d&apos;\u00e9tude (Flyer).\"><\/object><a id=\"wp-block-file--media-40b7be27-62a7-413c-ab34-0ebadb4d34cc\" href=\"https:\/\/wp.unil.ch\/droitetlitterature\/files\/2026\/03\/programma-dl.pdf\">Programme de la journ\u00e9e d&rsquo;\u00e9tude (Flyer)<\/a><a href=\"https:\/\/wp.unil.ch\/droitetlitterature\/files\/2026\/03\/programma-dl.pdf\" class=\"wp-block-file__button wp-element-button\" download aria-describedby=\"wp-block-file--media-40b7be27-62a7-413c-ab34-0ebadb4d34cc\">T\u00e9l\u00e9charger<\/a><\/div>\n<\/blockquote>\n\n\n<div  class=\"tribe-block tribe-block__organizer__details tribe-clearfix\" >\n\t<div class=\"tribe-block__organizer__title\">\n\t\t<h3>Universit\u00e9 de Fribourg<\/h3>\n\t<\/div>\n\t\t\t<\/div>\n\n\n<div  class=\"tribe-block tribe-block__event-website\" >\n\t<a\n\t\thref=\"https:\/\/italiano.cuso.ch\/?id=3409&#038;L=0&#038;tx_displaycontroller%5BshowUid%5D=8238\"\n\t\ttarget=\"_self\"\n\t\t\t>\n\t\tD\u00e9tails et inscriptions (CUSO)\t<\/a>\n<\/div>\n\n\n\t<div  class=\"tribe-block tribe-block__events-link\" >\n\t\t<div class=\"tribe-events tribe-common\">\n\t\t\t<div class=\"tribe-events-c-subscribe-dropdown__container\">\n\t\t\t\t<div class=\"tribe-events-c-subscribe-dropdown\">\n\t\t\t\t\t<div class=\"tribe-common-c-btn-border tribe-events-c-subscribe-dropdown__button\">\n\t\t\t\t\t\t<svg\n\t class=\"tribe-common-c-svgicon tribe-common-c-svgicon--cal-export tribe-events-c-subscribe-dropdown__export-icon\" \taria-hidden=\"true\"\n\tviewBox=\"0 0 23 17\"\n\txmlns=\"http:\/\/www.w3.org\/2000\/svg\"\n>\n\t<path fill-rule=\"evenodd\" clip-rule=\"evenodd\" d=\"M.128.896V16.13c0 .211.145.383.323.383h15.354c.179 0 .323-.172.323-.383V.896c0-.212-.144-.383-.323-.383H.451C.273.513.128.684.128.896Zm16 6.742h-.901V4.679H1.009v10.729h14.218v-3.336h.901V7.638ZM1.01 1.614h14.218v2.058H1.009V1.614Z\" \/>\n\t<path d=\"M20.5 9.846H8.312M18.524 6.953l2.89 2.909-2.855 2.855\" stroke-width=\"1.2\" stroke-linecap=\"round\" stroke-linejoin=\"round\"\/>\n<\/svg>\n\t\t\t\t\t\t<button\n\t\t\t\t\t\t\tclass=\"tribe-events-c-subscribe-dropdown__button-text\"\n\t\t\t\t\t\t\taria-expanded=\"false\"\n\t\t\t\t\t\t\taria-controls=\"tribe-events-subscribe-dropdown-content\"\n\t\t\t\t\t\t\taria-label=\"Afficher les liens permettant d\u2019ajouter des \u00e9v\u00e8nements \u00e0 votre calendrier\"\n\t\t\t\t\t\t>\n\t\t\t\t\t\t\tAjouter au calendrier\t\t\t\t\t\t<\/button>\n\t\t\t\t\t\t<svg\n\t class=\"tribe-common-c-svgicon tribe-common-c-svgicon--caret-down tribe-events-c-subscribe-dropdown__button-icon\" \taria-hidden=\"true\"\n\tviewBox=\"0 0 10 7\"\n\txmlns=\"http:\/\/www.w3.org\/2000\/svg\"\n>\n\t<path fill-rule=\"evenodd\" clip-rule=\"evenodd\" d=\"M1.008.609L5 4.6 8.992.61l.958.958L5 6.517.05 1.566l.958-.958z\" class=\"tribe-common-c-svgicon__svg-fill\"\/>\n<\/svg>\n\t\t\t\t\t<\/div>\n\t\t\t\t\t<div id=\"tribe-events-subscribe-dropdown-content\" class=\"tribe-events-c-subscribe-dropdown__content\">\n\t\t\t\t\t\t<ul class=\"tribe-events-c-subscribe-dropdown__list\">\n\t\t\t\t\t\t\t\t\t\t\t\t\t\t\t<li class=\"tribe-events-c-subscribe-dropdown__list-item tribe-events-c-subscribe-dropdown__list-item--gcal\">\n\t\t\t\t\t\t\t\t\t<a\n\t\t\t\t\t\t\t\t\t\thref=\"https:\/\/www.google.com\/calendar\/event?action=TEMPLATE&#038;dates=20260416T091500\/20260416T173000&#038;text=Journ%C3%A9e%20d%26rsquo%3B%C3%A9tude%20%26%238211%3B%20%C2%AB%C2%A0Diritto%20e%20Letteratura%20in%20Italia%20tra%20Medioevo%20e%20Rinascimento%20%28secc.%20XII-XVI%29%3A%20testi%2C%20contesti%2C%20transiti%C2%A0%C2%BB&#038;details=%3Cp%3E%3Cstrong%3EL%27Universit%C3%A9+de+Fribourg+organise+une+journ%C3%A9e+d%27%C3%A9tude+sur+%22Droit+et+litt%C3%A9rature+en+Italie+entre+Moyen+%C3%82ge+et+Renaissance+%28XIIe%E2%80%93XVIe+si%C3%A8cles%29%22%3C%2Fstrong%3E+et+se+propose+d%27examiner+les+multiples+formes+d%27interaction+entre+culture+juridique+et+production+litt%C3%A9raire+dans+l%27Italie+m%C3%A9di%C3%A9vale+et+renaissante%2C+en+privil%C3%A9giant+une+approche+r%C3%A9solument+interdisciplinaire+et+transnationale.+Il+s%27agira+de+mettre+en+lumi%C3%A8re+la+circulation+des+th%C3%A8mes%2C+des+mod%C3%A8les+formels+et+linguistiques+entre+les+sph%C3%A8res+du+droit+et+de+la+litt%C3%A9rature%2C+en+prenant+en+compte+tant+les+textes+vernaculaires+que+latins%2C+r%C3%A9dig%C3%A9s+par+des+auteurs+%E2%80%93+po%C3%A8tes%2C+%C3%A9crivains%2C+juristes+%E2%80%93+italiens+ou+%C3%A9trangers+dont+l%27oeuvre+a+rencontr%C3%A9+une+r%C3%A9ception+ou+un+%C3%A9cho+significatif+dans+le+contexte+italien.+Les+liens+entre+la+litt%C3%A9rature+italienne+et+le+droit+ont+%C3%A9t%C3%A9+explor%C3%A9s+chez+certains+auteurs+tels+que+Dante+Alighieri%2C+Giovanni+Boccaccio%2C+Cino+da+Pistoia%2C+Leon+Battista+Alberti%2C+Leonardo+Bruni%2C+%3C%2Fp%3E%28Voir+toute+la+description+de+%C3%A9v%C3%A8nement+ici%C2%A0%3A+https%3A%2F%2Fwp.unil.ch%2Fdroitetlitterature%2Fevent%2Fjournee-detude-diritto-e-letteratura-in-italia-tra-medioevo-e-rinascimento-secc-xii-xvi-testi-contesti-transiti%2F%29&#038;trp=false&#038;ctz=Europe\/Zurich&#038;sprop=website:https:\/\/wp.unil.ch\/droitetlitterature\"\n\t\t\t\t\t\t\t\t\t\tclass=\"tribe-events-c-subscribe-dropdown__list-item-link\"\n\t\t\t\t\t\t\t\t\t\ttarget=\"_blank\"\n\t\t\t\t\t\t\t\t\t\trel=\"noopener noreferrer nofollow noindex\"\n\t\t\t\t\t\t\t\t\t>\n\t\t\t\t\t\t\t\t\t\tGoogle Agenda\t\t\t\t\t\t\t\t\t<\/a>\n\t\t\t\t\t\t\t\t<\/li>\n\t\t\t\t\t\t\t\t\t\t\t\t\t\t\t<li class=\"tribe-events-c-subscribe-dropdown__list-item tribe-events-c-subscribe-dropdown__list-item--ical\">\n\t\t\t\t\t\t\t\t\t<a\n\t\t\t\t\t\t\t\t\t\thref=\"\"\n\t\t\t\t\t\t\t\t\t\tclass=\"tribe-events-c-subscribe-dropdown__list-item-link\"\n\t\t\t\t\t\t\t\t\t\ttarget=\"_blank\"\n\t\t\t\t\t\t\t\t\t\trel=\"noopener noreferrer nofollow noindex\"\n\t\t\t\t\t\t\t\t\t>\n\t\t\t\t\t\t\t\t\t\tiCalendar\t\t\t\t\t\t\t\t\t<\/a>\n\t\t\t\t\t\t\t\t<\/li>\n\t\t\t\t\t\t\t\t\t\t\t\t\t\t\t<li class=\"tribe-events-c-subscribe-dropdown__list-item tribe-events-c-subscribe-dropdown__list-item--outlook-365\">\n\t\t\t\t\t\t\t\t\t<a\n\t\t\t\t\t\t\t\t\t\thref=\"\"\n\t\t\t\t\t\t\t\t\t\tclass=\"tribe-events-c-subscribe-dropdown__list-item-link\"\n\t\t\t\t\t\t\t\t\t\ttarget=\"_blank\"\n\t\t\t\t\t\t\t\t\t\trel=\"noopener noreferrer nofollow noindex\"\n\t\t\t\t\t\t\t\t\t>\n\t\t\t\t\t\t\t\t\t\tOutlook 365\t\t\t\t\t\t\t\t\t<\/a>\n\t\t\t\t\t\t\t\t<\/li>\n\t\t\t\t\t\t\t\t\t\t\t\t\t\t\t<li class=\"tribe-events-c-subscribe-dropdown__list-item tribe-events-c-subscribe-dropdown__list-item--outlook-live\">\n\t\t\t\t\t\t\t\t\t<a\n\t\t\t\t\t\t\t\t\t\thref=\"\"\n\t\t\t\t\t\t\t\t\t\tclass=\"tribe-events-c-subscribe-dropdown__list-item-link\"\n\t\t\t\t\t\t\t\t\t\ttarget=\"_blank\"\n\t\t\t\t\t\t\t\t\t\trel=\"noopener noreferrer nofollow noindex\"\n\t\t\t\t\t\t\t\t\t>\n\t\t\t\t\t\t\t\t\t\tOutlook Live\t\t\t\t\t\t\t\t\t<\/a>\n\t\t\t\t\t\t\t\t<\/li>\n\t\t\t\t\t\t\t\t\t\t\t\t\t<\/ul>\n\t\t\t\t\t<\/div>\n\t\t\t\t<\/div>\n\t\t\t<\/div>\n\t\t<\/div>\n\t<\/div>\n\n","protected":false},"excerpt":{"rendered":"<p>L&rsquo;Universit\u00e9 de Fribourg organise une journ\u00e9e d&rsquo;\u00e9tude sur \u00ab\u00a0Droit et litt\u00e9rature en Italie entre Moyen \u00c2ge et Renaissance (XIIe\u2013XVIe si\u00e8cles)\u00a0\u00bb et se propose d&rsquo;examiner les multiples formes d&rsquo;interaction&hellip;<\/p>\n","protected":false},"author":1003061,"featured_media":2801,"template":"","meta":{"_seopress_robots_primary_cat":"","_seopress_titles_title":"","_seopress_titles_desc":"","_seopress_robots_index":"","_EventAllDay":false,"_EventTimezone":"Europe\/Zurich","_EventStartDate":"2026-04-16 09:15:00","_EventEndDate":"2026-04-16 17:30:00","_EventStartDateUTC":"2026-04-16 07:15:00","_EventEndDateUTC":"2026-04-16 15:30:00","_EventShowMap":false,"_EventShowMapLink":false,"_EventURL":"https:\/\/italiano.cuso.ch\/?id=3409&L=0&tx_displaycontroller[showUid]=8238","_EventCost":"","_EventCostDescription":"","_EventCurrencySymbol":"CHF","_EventCurrencyCode":"CHF","_EventCurrencyPosition":"suffix","_EventDateTimeSeparator":" @ ","_EventTimeRangeSeparator":" - ","_EventOrganizerID":[2789],"_EventVenueID":[],"_OrganizerEmail":"","_OrganizerPhone":"","_OrganizerWebsite":"","_VenueAddress":"","_VenueCity":"","_VenueCountry":"","_VenueProvince":"","_VenueState":"","_VenueZip":"","_VenuePhone":"","_VenueURL":"","_VenueStateProvince":"","_VenueLat":"","_VenueLng":"","_VenueShowMap":false,"_VenueShowMapLink":false,"_tribe_events_status":"","_tribe_events_status_reason":"","footnotes":""},"tags":[],"tribe_events_cat":[6],"class_list":["post-2788","tribe_events","type-tribe_events","status-publish","has-post-thumbnail","tribe_events_cat-evenements-a-venir","cat_evenements-a-venir"],"_links":{"self":[{"href":"https:\/\/wp.unil.ch\/droitetlitterature\/wp-json\/wp\/v2\/tribe_events\/2788","targetHints":{"allow":["GET"]}}],"collection":[{"href":"https:\/\/wp.unil.ch\/droitetlitterature\/wp-json\/wp\/v2\/tribe_events"}],"about":[{"href":"https:\/\/wp.unil.ch\/droitetlitterature\/wp-json\/wp\/v2\/types\/tribe_events"}],"author":[{"embeddable":true,"href":"https:\/\/wp.unil.ch\/droitetlitterature\/wp-json\/wp\/v2\/users\/1003061"}],"version-history":[{"count":1,"href":"https:\/\/wp.unil.ch\/droitetlitterature\/wp-json\/wp\/v2\/tribe_events\/2788\/revisions"}],"predecessor-version":[{"id":2791,"href":"https:\/\/wp.unil.ch\/droitetlitterature\/wp-json\/wp\/v2\/tribe_events\/2788\/revisions\/2791"}],"wp:featuredmedia":[{"embeddable":true,"href":"https:\/\/wp.unil.ch\/droitetlitterature\/wp-json\/wp\/v2\/media\/2801"}],"wp:attachment":[{"href":"https:\/\/wp.unil.ch\/droitetlitterature\/wp-json\/wp\/v2\/media?parent=2788"}],"wp:term":[{"taxonomy":"post_tag","embeddable":true,"href":"https:\/\/wp.unil.ch\/droitetlitterature\/wp-json\/wp\/v2\/tags?post=2788"},{"taxonomy":"tribe_events_cat","embeddable":true,"href":"https:\/\/wp.unil.ch\/droitetlitterature\/wp-json\/wp\/v2\/tribe_events_cat?post=2788"}],"curies":[{"name":"wp","href":"https:\/\/api.w.org\/{rel}","templated":true}]}}