{"id":2782,"date":"2026-03-30T19:41:12","date_gmt":"2026-03-30T17:41:12","guid":{"rendered":"https:\/\/wp.unil.ch\/droitetlitterature\/?post_type=tribe_events&#038;p=2782"},"modified":"2026-03-30T20:05:31","modified_gmt":"2026-03-30T18:05:31","slug":"swiss-law-and-humanities-hub-research-showcase","status":"publish","type":"tribe_events","link":"https:\/\/wp.unil.ch\/droitetlitterature\/event\/swiss-law-and-humanities-hub-research-showcase\/","title":{"rendered":"SWISS LAW AND HUMANITIES HUB : RESEARCH SHOWCASE"},"content":{"rendered":"\n<p><\/p>\n\n\n<div  class=\"tribe-events-schedule tribe-clearfix\" >\n\t<p class=\"tribe-events-schedule__datetime\">\n\t\t<span class=\"tribe-events-schedule__date tribe-events-schedule__date--start\">\n\t\t\t31 mars 2026\t\t<\/span>\n\n\t\t\t\t\t<span class=\"tribe-events-schedule__separator tribe-events-schedule__separator--date\">\n\t\t\t\t @ \t\t\t<\/span>\n\t\t\t<span class=\"tribe-events-schedule__time tribe-events-schedule__time--start\">\n\t\t\t\t12:00\t\t\t<\/span>\n\t\t\n\t\t\t\t\t\t\t\t\t<span class=\"tribe-events-schedule__separator tribe-events-schedule__separator--time\">\n\t\t\t\t\t &#8211; \t\t\t\t<\/span>\n\t\t\t\n\t\t\t\t\t\t\t<span class=\"tribe-events-schedule__time tribe-events-schedule__time--end\">\n\t\t\t\t\t13:00\t\t\t\t<\/span>\n\t\t\t\n\t\t\t\t\t\t<\/p>\n<\/div>\n\n\n\n<p>Le <strong>SLHH<\/strong> (<strong>Swiss Law and Humanities Hub<\/strong>) organise son premier \u00ab\u00a0research showcase\u00a0\u00bb. <a href=\"https:\/\/wp.unil.ch\/droitetlitterature\/files\/2026\/02\/camille_loutsch_biographie_droit-et-litterature.pdf\" data-type=\"attachment\" data-id=\"2748\" target=\"_blank\" rel=\"noreferrer noopener\"><strong>Camille Loutsch<\/strong><\/a> (Universit\u00e9 de Neuch\u00e2tel), membre de notre Laboratoire Droit &amp; Litt\u00e9rature, co-responsable <a href=\"https:\/\/wp.unil.ch\/droitetlitterature\/plume-de-justice-3\/\" data-type=\"page\" data-id=\"2400\">Plume de Justice<\/a> et coordinatrice du r\u00e9seau \u00ab\u00a0<a href=\"https:\/\/wp.unil.ch\/droitetlitterature\/working-group-the-young-law-literature-researchers\/\" data-type=\"page\" data-id=\"2406\">Les jeunes chercheur-se-s en Droit &amp; Litt\u00e9rature<\/a>\u00a0\u00bb y tiendra une pr\u00e9sentation intitul\u00e9e :<\/p>\n\n\n\n<blockquote class=\"wp-block-quote is-layout-flow wp-block-quote-is-layout-flow\">\n<p><strong>La mise en \u0153uvre contemporaine du mouvement Droit &amp; Litt\u00e9rature au travers de deux projets scientifiques <\/strong>| <strong>The&nbsp;contemporary&nbsp;implementation&nbsp;of the Law &amp;&nbsp;Literature&nbsp;research&nbsp;movement&nbsp;seen&nbsp;through&nbsp;the&nbsp;lens&nbsp;of&nbsp;two&nbsp;scientific&nbsp;projects<\/strong><\/p>\n<\/blockquote>\n\n\n\n<p>Plus d&rsquo;informations <a href=\"https:\/\/www.unilu.ch\/en\/faculties\/faculty-of-law\/institutes-academies-research-centres\/institute-for-interdisciplinary-legal-studies-lucernaiuris\/swiss-law-and-humanities-hub\/#tab=c193276\" data-type=\"link\" data-id=\"https:\/\/www.unilu.ch\/en\/faculties\/faculty-of-law\/institutes-academies-research-centres\/institute-for-interdisciplinary-legal-studies-lucernaiuris\/swiss-law-and-humanities-hub\/#tab=c193276\" target=\"_blank\" rel=\"noreferrer noopener\">ici<\/a>.<\/p>\n\n\n\n<div data-wp-interactive=\"core\/file\" class=\"wp-block-file\"><object data-wp-bind--hidden=\"!state.hasPdfPreview\" hidden class=\"wp-block-file__embed\" data=\"https:\/\/wp.unil.ch\/droitetlitterature\/files\/2026\/03\/2026_03_31_slhh_showcase.pdf\" type=\"application\/pdf\" style=\"width:100%;height:600px\" aria-label=\"Contenu embarqu\u00e9 Flyer_SLHH_Showcase.\"><\/object><a id=\"wp-block-file--media-958b4d5d-8807-4767-881d-b3f7557dffd0\" href=\"https:\/\/wp.unil.ch\/droitetlitterature\/files\/2026\/03\/2026_03_31_slhh_showcase.pdf\">Flyer_SLHH_Showcase<\/a><a href=\"https:\/\/wp.unil.ch\/droitetlitterature\/files\/2026\/03\/2026_03_31_slhh_showcase.pdf\" class=\"wp-block-file__button wp-element-button\" download aria-describedby=\"wp-block-file--media-958b4d5d-8807-4767-881d-b3f7557dffd0\">T\u00e9l\u00e9charger<\/a><\/div>\n\n\n<div  class=\"tribe-block tribe-block__organizer__details tribe-clearfix\" >\n\t<div class=\"tribe-block__organizer__title\">\n\t\t<h3>Universit\u00e9 de Lucerne &amp; Universit\u00e9 de Gen\u00e8ve<\/h3>\n\t<\/div>\n\t\t\t<\/div>\n\n\n<div  class=\"tribe-block tribe-block__venue tribe-clearfix\" >\n\t\n\t\t\n\t<\/div>\n\n\n\n\n\t<div  class=\"tribe-block tribe-block__events-link\" >\n\t\t<div class=\"tribe-events tribe-common\">\n\t\t\t<div class=\"tribe-events-c-subscribe-dropdown__container\">\n\t\t\t\t<div class=\"tribe-events-c-subscribe-dropdown\">\n\t\t\t\t\t<div class=\"tribe-common-c-btn-border tribe-events-c-subscribe-dropdown__button\">\n\t\t\t\t\t\t<svg\n\t class=\"tribe-common-c-svgicon tribe-common-c-svgicon--cal-export tribe-events-c-subscribe-dropdown__export-icon\" \taria-hidden=\"true\"\n\tviewBox=\"0 0 23 17\"\n\txmlns=\"http:\/\/www.w3.org\/2000\/svg\"\n>\n\t<path fill-rule=\"evenodd\" clip-rule=\"evenodd\" d=\"M.128.896V16.13c0 .211.145.383.323.383h15.354c.179 0 .323-.172.323-.383V.896c0-.212-.144-.383-.323-.383H.451C.273.513.128.684.128.896Zm16 6.742h-.901V4.679H1.009v10.729h14.218v-3.336h.901V7.638ZM1.01 1.614h14.218v2.058H1.009V1.614Z\" \/>\n\t<path d=\"M20.5 9.846H8.312M18.524 6.953l2.89 2.909-2.855 2.855\" stroke-width=\"1.2\" stroke-linecap=\"round\" stroke-linejoin=\"round\"\/>\n<\/svg>\n\t\t\t\t\t\t<button\n\t\t\t\t\t\t\tclass=\"tribe-events-c-subscribe-dropdown__button-text\"\n\t\t\t\t\t\t\taria-expanded=\"false\"\n\t\t\t\t\t\t\taria-controls=\"tribe-events-subscribe-dropdown-content\"\n\t\t\t\t\t\t\taria-label=\"Afficher les liens permettant d\u2019ajouter des \u00e9v\u00e8nements \u00e0 votre calendrier\"\n\t\t\t\t\t\t>\n\t\t\t\t\t\t\tAjouter au calendrier\t\t\t\t\t\t<\/button>\n\t\t\t\t\t\t<svg\n\t class=\"tribe-common-c-svgicon tribe-common-c-svgicon--caret-down tribe-events-c-subscribe-dropdown__button-icon\" \taria-hidden=\"true\"\n\tviewBox=\"0 0 10 7\"\n\txmlns=\"http:\/\/www.w3.org\/2000\/svg\"\n>\n\t<path fill-rule=\"evenodd\" clip-rule=\"evenodd\" d=\"M1.008.609L5 4.6 8.992.61l.958.958L5 6.517.05 1.566l.958-.958z\" class=\"tribe-common-c-svgicon__svg-fill\"\/>\n<\/svg>\n\t\t\t\t\t<\/div>\n\t\t\t\t\t<div id=\"tribe-events-subscribe-dropdown-content\" class=\"tribe-events-c-subscribe-dropdown__content\">\n\t\t\t\t\t\t<ul class=\"tribe-events-c-subscribe-dropdown__list\">\n\t\t\t\t\t\t\t\t\t\t\t\t\t\t\t<li class=\"tribe-events-c-subscribe-dropdown__list-item tribe-events-c-subscribe-dropdown__list-item--gcal\">\n\t\t\t\t\t\t\t\t\t<a\n\t\t\t\t\t\t\t\t\t\thref=\"https:\/\/www.google.com\/calendar\/event?action=TEMPLATE&#038;dates=20260331T120000\/20260331T130000&#038;text=SWISS%20LAW%20AND%20HUMANITIES%20HUB%20%3A%20RESEARCH%20SHOWCASE&#038;details=%3Cp%3E%3C%2Fp%3E+%3Cp%3ELe+%3Cstrong%3ESLHH%3C%2Fstrong%3E+%28%3Cstrong%3ESwiss+Law+and+Humanities+Hub%3C%2Fstrong%3E%29+organise+son+premier+%22research+showcase%22.+%3Ca+href%3D%22https%3A%2F%2Fwp.unil.ch%2Fdroitetlitterature%2Ffiles%2F2026%2F02%2Fcamille_loutsch_biographie_droit-et-litterature.pdf%22+data-type%3D%22attachment%22+data-id%3D%222748%22+target%3D%22_blank%22+rel%3D%22noreferrer+noopener%22%3E%3Cstrong%3ECamille+Loutsch%3C%2Fstrong%3E%3C%2Fa%3E+%28Universit%C3%A9+de+Neuch%C3%A2tel%29%2C+membre+de+notre+Laboratoire+Droit+%26amp%3B+Litt%C3%A9rature%2C+co-responsable+%3Ca+href%3D%22https%3A%2F%2Fwp.unil.ch%2Fdroitetlitterature%2Fplume-de-justice-3%2F%22+data-type%3D%22page%22+data-id%3D%222400%22%3EPlume+de+Justice%3C%2Fa%3E+et+coordinatrice+du+r%C3%A9seau+%22%3Ca+href%3D%22https%3A%2F%2Fwp.unil.ch%2Fdroitetlitterature%2Fworking-group-the-young-law-literature-researchers%2F%22+data-type%3D%22page%22+data-id%3D%222406%22%3ELes+jeunes+chercheur-se-s+en+Droit+%26amp%3B+Litt%C3%A9rature%3C%2Fa%3E%22+y+tiendra+une+pr%C3%A9sentation+intitul%C3%A9e+%3A%3C%2Fp%3E+%3Cblockquote+class%3D%22wp-block-quote%22%3E%3Cp%3E%3Cstrong%3ELa+mise+en+%C5%93uvre+contemporaine+du+mouvement+Droit+%26amp%3B+Litt%C3%A9rature+au+travers+de+deux+projets+%3C%2Fstrong%3E%3C%2Fp%3E%3C%2Fblockquote%3E%28Voir+toute+la+description+de+%C3%A9v%C3%A8nement+ici%C2%A0%3A+https%3A%2F%2Fwp.unil.ch%2Fdroitetlitterature%2Fevent%2Fswiss-law-and-humanities-hub-research-showcase%2F%29&#038;trp=false&#038;ctz=Europe\/Zurich&#038;sprop=website:https:\/\/wp.unil.ch\/droitetlitterature\"\n\t\t\t\t\t\t\t\t\t\tclass=\"tribe-events-c-subscribe-dropdown__list-item-link\"\n\t\t\t\t\t\t\t\t\t\ttarget=\"_blank\"\n\t\t\t\t\t\t\t\t\t\trel=\"noopener noreferrer nofollow noindex\"\n\t\t\t\t\t\t\t\t\t>\n\t\t\t\t\t\t\t\t\t\tGoogle Agenda\t\t\t\t\t\t\t\t\t<\/a>\n\t\t\t\t\t\t\t\t<\/li>\n\t\t\t\t\t\t\t\t\t\t\t\t\t\t\t<li class=\"tribe-events-c-subscribe-dropdown__list-item tribe-events-c-subscribe-dropdown__list-item--ical\">\n\t\t\t\t\t\t\t\t\t<a\n\t\t\t\t\t\t\t\t\t\thref=\"\"\n\t\t\t\t\t\t\t\t\t\tclass=\"tribe-events-c-subscribe-dropdown__list-item-link\"\n\t\t\t\t\t\t\t\t\t\ttarget=\"_blank\"\n\t\t\t\t\t\t\t\t\t\trel=\"noopener noreferrer nofollow noindex\"\n\t\t\t\t\t\t\t\t\t>\n\t\t\t\t\t\t\t\t\t\tiCalendar\t\t\t\t\t\t\t\t\t<\/a>\n\t\t\t\t\t\t\t\t<\/li>\n\t\t\t\t\t\t\t\t\t\t\t\t\t\t\t<li class=\"tribe-events-c-subscribe-dropdown__list-item tribe-events-c-subscribe-dropdown__list-item--outlook-365\">\n\t\t\t\t\t\t\t\t\t<a\n\t\t\t\t\t\t\t\t\t\thref=\"\"\n\t\t\t\t\t\t\t\t\t\tclass=\"tribe-events-c-subscribe-dropdown__list-item-link\"\n\t\t\t\t\t\t\t\t\t\ttarget=\"_blank\"\n\t\t\t\t\t\t\t\t\t\trel=\"noopener noreferrer nofollow noindex\"\n\t\t\t\t\t\t\t\t\t>\n\t\t\t\t\t\t\t\t\t\tOutlook 365\t\t\t\t\t\t\t\t\t<\/a>\n\t\t\t\t\t\t\t\t<\/li>\n\t\t\t\t\t\t\t\t\t\t\t\t\t\t\t<li class=\"tribe-events-c-subscribe-dropdown__list-item tribe-events-c-subscribe-dropdown__list-item--outlook-live\">\n\t\t\t\t\t\t\t\t\t<a\n\t\t\t\t\t\t\t\t\t\thref=\"\"\n\t\t\t\t\t\t\t\t\t\tclass=\"tribe-events-c-subscribe-dropdown__list-item-link\"\n\t\t\t\t\t\t\t\t\t\ttarget=\"_blank\"\n\t\t\t\t\t\t\t\t\t\trel=\"noopener noreferrer nofollow noindex\"\n\t\t\t\t\t\t\t\t\t>\n\t\t\t\t\t\t\t\t\t\tOutlook Live\t\t\t\t\t\t\t\t\t<\/a>\n\t\t\t\t\t\t\t\t<\/li>\n\t\t\t\t\t\t\t\t\t\t\t\t\t<\/ul>\n\t\t\t\t\t<\/div>\n\t\t\t\t<\/div>\n\t\t\t<\/div>\n\t\t<\/div>\n\t<\/div>\n\n","protected":false},"excerpt":{"rendered":"<p>Le SLHH (Swiss Law and Humanities Hub) organise son premier \u00ab\u00a0research showcase\u00a0\u00bb. Camille Loutsch (Universit\u00e9 de Neuch\u00e2tel), membre de notre Laboratoire Droit &amp; Litt\u00e9rature, co-responsable Plume de Justice&hellip;<\/p>\n","protected":false},"author":1003061,"featured_media":2804,"template":"","meta":{"_seopress_robots_primary_cat":"","_seopress_titles_title":"","_seopress_titles_desc":"","_seopress_robots_index":"","_EventAllDay":false,"_EventTimezone":"Europe\/Zurich","_EventStartDate":"2026-03-31 12:00:00","_EventEndDate":"2026-03-31 13:00:00","_EventStartDateUTC":"2026-03-31 10:00:00","_EventEndDateUTC":"2026-03-31 11:00:00","_EventShowMap":false,"_EventShowMapLink":false,"_EventURL":"","_EventCost":"","_EventCostDescription":"","_EventCurrencySymbol":"CHF","_EventCurrencyCode":"CHF","_EventCurrencyPosition":"suffix","_EventDateTimeSeparator":" @ ","_EventTimeRangeSeparator":" - ","_EventOrganizerID":[2783],"_EventVenueID":[],"_OrganizerEmail":"","_OrganizerPhone":"","_OrganizerWebsite":"","_VenueAddress":"","_VenueCity":"","_VenueCountry":"","_VenueProvince":"","_VenueState":"","_VenueZip":"","_VenuePhone":"","_VenueURL":"","_VenueStateProvince":"","_VenueLat":"","_VenueLng":"","_VenueShowMap":false,"_VenueShowMapLink":false,"_tribe_events_status":"","_tribe_events_status_reason":"","footnotes":""},"tags":[],"tribe_events_cat":[6],"class_list":["post-2782","tribe_events","type-tribe_events","status-publish","has-post-thumbnail","tribe_events_cat-evenements-a-venir","cat_evenements-a-venir"],"_links":{"self":[{"href":"https:\/\/wp.unil.ch\/droitetlitterature\/wp-json\/wp\/v2\/tribe_events\/2782","targetHints":{"allow":["GET"]}}],"collection":[{"href":"https:\/\/wp.unil.ch\/droitetlitterature\/wp-json\/wp\/v2\/tribe_events"}],"about":[{"href":"https:\/\/wp.unil.ch\/droitetlitterature\/wp-json\/wp\/v2\/types\/tribe_events"}],"author":[{"embeddable":true,"href":"https:\/\/wp.unil.ch\/droitetlitterature\/wp-json\/wp\/v2\/users\/1003061"}],"version-history":[{"count":3,"href":"https:\/\/wp.unil.ch\/droitetlitterature\/wp-json\/wp\/v2\/tribe_events\/2782\/revisions"}],"predecessor-version":[{"id":2805,"href":"https:\/\/wp.unil.ch\/droitetlitterature\/wp-json\/wp\/v2\/tribe_events\/2782\/revisions\/2805"}],"wp:featuredmedia":[{"embeddable":true,"href":"https:\/\/wp.unil.ch\/droitetlitterature\/wp-json\/wp\/v2\/media\/2804"}],"wp:attachment":[{"href":"https:\/\/wp.unil.ch\/droitetlitterature\/wp-json\/wp\/v2\/media?parent=2782"}],"wp:term":[{"taxonomy":"post_tag","embeddable":true,"href":"https:\/\/wp.unil.ch\/droitetlitterature\/wp-json\/wp\/v2\/tags?post=2782"},{"taxonomy":"tribe_events_cat","embeddable":true,"href":"https:\/\/wp.unil.ch\/droitetlitterature\/wp-json\/wp\/v2\/tribe_events_cat?post=2782"}],"curies":[{"name":"wp","href":"https:\/\/api.w.org\/{rel}","templated":true}]}}