{"id":2696,"date":"2025-12-22T19:42:30","date_gmt":"2025-12-22T18:42:30","guid":{"rendered":"https:\/\/wp.unil.ch\/droitetlitterature\/?post_type=tribe_events&#038;p=2696"},"modified":"2025-12-22T19:48:44","modified_gmt":"2025-12-22T18:48:44","slug":"penser-la-liberte-dexpression-a-partir-du-mouvement-droit-litterature-webconference-clemence-faugere","status":"publish","type":"tribe_events","link":"https:\/\/wp.unil.ch\/droitetlitterature\/event\/penser-la-liberte-dexpression-a-partir-du-mouvement-droit-litterature-webconference-clemence-faugere\/","title":{"rendered":"Penser la libert\u00e9 d&rsquo;expression \u00e0 partir du mouvement Droit &amp; Litt\u00e9rature &#8211; Webconf\u00e9rence &#8211; Cl\u00e9mence Faug\u00e8re"},"content":{"rendered":"\n<h2 class=\"wp-block-heading\"><strong><em>SAVE THE DATE !<\/em><\/strong><\/h2>\n\n\n\n<p><strong>Le 24 f\u00e9vrier 2026, d\u00e8s 17h15<\/strong>, retrouvez les webconf\u00e9nces des \u00ab\u00a0<a href=\"https:\/\/wp.unil.ch\/droitetlitterature\/working-group-the-young-law-literature-researchers\/\" data-type=\"page\" data-id=\"2406\" target=\"_blank\" rel=\"noreferrer noopener\">Jeunes chercheur-se-s en Droit &amp; Litt\u00e9rature | The Young Law &amp; Literature Researchers<\/a>\u00ab\u00a0, pour une nouvelle saison dans la continuit\u00e9 du cycle d&rsquo;automne (\u00ab\u00a0Le mouvement Droit &amp; Litt\u00e9rature : un domaine de recherches aux mille facettes\u00a0\u00bb).<\/p>\n\n\n\n<blockquote class=\"wp-block-quote is-layout-flow wp-block-quote-is-layout-flow\">\n<p><strong>Nous accueillerons l&rsquo;une de nos premi\u00e8res membres, \u00e0 savoir Cl\u00e9mence Faug\u00e8re, pour une passionnante webconf\u00e9rence intitul\u00e9e \u00ab\u00a0Penser la libert\u00e9 d&rsquo;expression \u00e0 partir du mouvement Droit &amp; Litt\u00e9rature\u00a0\u00bb ! <\/strong><\/p>\n<\/blockquote>\n\n\n\n<p><em>Plus d&rsquo;informations suivront.<\/em><\/p>\n\n\n\n<p>\ud83d\udd17<strong> Lien pour suivre la webconf\u00e9rence<\/strong> : <a href=\"https:\/\/unine.webex.com\/unine-fr\/j.php?MTID=m9fd0fb7771a79962243b73e4fc67ee3b\">https:\/\/unine.webex.com\/unine-fr\/j.php?MTID=m9fd0fb7771a79962243b73e4fc67ee3b<\/a><\/p>\n\n\n\n<p>\ud83d\udccd<strong>Intervenante<\/strong> : <strong><a href=\"https:\/\/libexpress.hypotheses.org\/3396\" data-type=\"link\" data-id=\"https:\/\/libexpress.hypotheses.org\/3396\" target=\"_blank\" rel=\"noreferrer noopener\">Cl\u00e9mence Faug\u00e8re<\/a><\/strong>, post-docforante, chaire de recherche France-Qu\u00e9bec sur les enjeux contemporains de la libert\u00e9 d&rsquo;expression (CNRS), chercheuse associ\u00e9e \u00e0 l&rsquo;Institut de recherches Montesquieu, Universit\u00e9 de Bordeaux (France),<\/p>\n\n\n\n<p>\ud83d\udccd<strong>Mod\u00e9ration<\/strong> : <strong><a href=\"https:\/\/wp.unil.ch\/droitetlitterature\/files\/2025\/12\/loutsch-camille_biographie_reseau-droit-litterature.pdf\" data-type=\"attachment\" data-id=\"2659\" target=\"_blank\" rel=\"noreferrer noopener\">Camille Loutsch<\/a><\/strong>, coordinatrice du r\u00e9seau des \u00ab\u00a0<a href=\"https:\/\/wp.unil.ch\/droitetlitterature\/working-group-the-young-law-literature-researchers\/\" data-type=\"page\" data-id=\"2406\">J<\/a><a href=\"https:\/\/wp.unil.ch\/droitetlitterature\/working-group-the-young-law-literature-researchers\/\" data-type=\"page\" data-id=\"2406\" target=\"_blank\" rel=\"noreferrer noopener\">eunes chercheur-se-s en Droit &amp; Litt\u00e9rature | The Young Law &amp; Literatur<\/a><a href=\"https:\/\/wp.unil.ch\/droitetlitterature\/working-group-the-young-law-literature-researchers\/\" data-type=\"page\" data-id=\"2406\">e Researchers<\/a>\u00a0\u00bb et co-responsable \u00ab\u00a0<a href=\"https:\/\/www.unine.ch\/actualites\/evenements\/plume-de-justice\/\" data-type=\"page\" data-id=\"2400\" target=\"_blank\" rel=\"noreferrer noopener\">Plume de Justice<\/a>\u00a0\u00bb (Universit\u00e9 de Neuch\u00e2tel).<\/p>\n\n\n\n<p><strong><span style=\"text-decoration: underline\">Contact : camille.loutsch@unine.ch<\/span><\/strong><\/p>\n\n\n<div  class=\"tribe-events-schedule tribe-clearfix\" >\n\t<p class=\"tribe-events-schedule__datetime\">\n\t\t<span class=\"tribe-events-schedule__date tribe-events-schedule__date--start\">\n\t\t\t24 f\u00e9vrier 2026\t\t<\/span>\n\n\t\t\t\t\t<span class=\"tribe-events-schedule__separator tribe-events-schedule__separator--date\">\n\t\t\t\t @ \t\t\t<\/span>\n\t\t\t<span class=\"tribe-events-schedule__time tribe-events-schedule__time--start\">\n\t\t\t\t17:15\t\t\t<\/span>\n\t\t\n\t\t\t\t\t\t\t\t\t<span class=\"tribe-events-schedule__separator tribe-events-schedule__separator--time\">\n\t\t\t\t\t &#8211; \t\t\t\t<\/span>\n\t\t\t\n\t\t\t\t\t\t\t<span class=\"tribe-events-schedule__time tribe-events-schedule__time--end\">\n\t\t\t\t\t18:15\t\t\t\t<\/span>\n\t\t\t\n\t\t\t\t\t\t<\/p>\n<\/div>\n\n\n\n<p><\/p>\n\n\n<div  class=\"tribe-block tribe-block__organizer__details tribe-clearfix\" >\n\t<div class=\"tribe-block__organizer__title\">\n\t\t<h3>Les jeunes chercheurs en Droit &amp; Litt\u00e9rature | The Young Law &amp; Literature Researchers<\/h3>\n\t<\/div>\n\t\t\t\t<p class=\"tribe-block__organizer__website\"><a href=\"https:\/\/wp.unil.ch\/droitetlitterature\/working-group-the-young-law-literature-researchers\/\" target=\"_blank\" rel=\"noopener noreferrer\">Voir le site Organisateur<\/a><\/p>\n\t\t\t\t<p class=\"tribe-block__organizer__email\">c&#097;mi&#108;&#108;e.loutsch&#064;u&#110;&#105;ne&#046;&#099;&#104;<\/p>\n\t<\/div>\n\n\n<div  class=\"tribe-block tribe-block__event-website\" >\n\t<a\n\t\thref=\"https:\/\/wp.unil.ch\/droitetlitterature\/working-group-the-young-law-literature-researchers\/\"\n\t\ttarget=\"_self\"\n\t\t\t>\n\t\tPage web \t<\/a>\n<\/div>\n\n\n\t<div  class=\"tribe-block tribe-block__events-link\" >\n\t\t<div class=\"tribe-events tribe-common\">\n\t\t\t<div class=\"tribe-events-c-subscribe-dropdown__container\">\n\t\t\t\t<div class=\"tribe-events-c-subscribe-dropdown\">\n\t\t\t\t\t<div class=\"tribe-common-c-btn-border tribe-events-c-subscribe-dropdown__button\">\n\t\t\t\t\t\t<svg\n\t class=\"tribe-common-c-svgicon tribe-common-c-svgicon--cal-export tribe-events-c-subscribe-dropdown__export-icon\" \taria-hidden=\"true\"\n\tviewBox=\"0 0 23 17\"\n\txmlns=\"http:\/\/www.w3.org\/2000\/svg\"\n>\n\t<path fill-rule=\"evenodd\" clip-rule=\"evenodd\" d=\"M.128.896V16.13c0 .211.145.383.323.383h15.354c.179 0 .323-.172.323-.383V.896c0-.212-.144-.383-.323-.383H.451C.273.513.128.684.128.896Zm16 6.742h-.901V4.679H1.009v10.729h14.218v-3.336h.901V7.638ZM1.01 1.614h14.218v2.058H1.009V1.614Z\" \/>\n\t<path d=\"M20.5 9.846H8.312M18.524 6.953l2.89 2.909-2.855 2.855\" stroke-width=\"1.2\" stroke-linecap=\"round\" stroke-linejoin=\"round\"\/>\n<\/svg>\n\t\t\t\t\t\t<button\n\t\t\t\t\t\t\tclass=\"tribe-events-c-subscribe-dropdown__button-text\"\n\t\t\t\t\t\t\taria-expanded=\"false\"\n\t\t\t\t\t\t\taria-controls=\"tribe-events-subscribe-dropdown-content\"\n\t\t\t\t\t\t\taria-label=\"Afficher les liens permettant d\u2019ajouter des \u00e9v\u00e8nements \u00e0 votre calendrier\"\n\t\t\t\t\t\t>\n\t\t\t\t\t\t\tAjouter au calendrier\t\t\t\t\t\t<\/button>\n\t\t\t\t\t\t<svg\n\t class=\"tribe-common-c-svgicon tribe-common-c-svgicon--caret-down tribe-events-c-subscribe-dropdown__button-icon\" \taria-hidden=\"true\"\n\tviewBox=\"0 0 10 7\"\n\txmlns=\"http:\/\/www.w3.org\/2000\/svg\"\n>\n\t<path fill-rule=\"evenodd\" clip-rule=\"evenodd\" d=\"M1.008.609L5 4.6 8.992.61l.958.958L5 6.517.05 1.566l.958-.958z\" class=\"tribe-common-c-svgicon__svg-fill\"\/>\n<\/svg>\n\t\t\t\t\t<\/div>\n\t\t\t\t\t<div id=\"tribe-events-subscribe-dropdown-content\" class=\"tribe-events-c-subscribe-dropdown__content\">\n\t\t\t\t\t\t<ul class=\"tribe-events-c-subscribe-dropdown__list\">\n\t\t\t\t\t\t\t\t\t\t\t\t\t\t\t<li class=\"tribe-events-c-subscribe-dropdown__list-item tribe-events-c-subscribe-dropdown__list-item--gcal\">\n\t\t\t\t\t\t\t\t\t<a\n\t\t\t\t\t\t\t\t\t\thref=\"https:\/\/www.google.com\/calendar\/event?action=TEMPLATE&#038;dates=20260224T171500\/20260224T181500&#038;text=Penser%20la%20libert%C3%A9%20d%26rsquo%3Bexpression%20%C3%A0%20partir%20du%20mouvement%20Droit%20%26amp%3B%20Litt%C3%A9rature%20%26%238211%3B%20Webconf%C3%A9rence%20%26%238211%3B%20Cl%C3%A9mence%20Faug%C3%A8re&#038;details=%3Ch2+class%3D%22wp-block-heading%22%3E%3Cstrong%3E%3Cem%3ESAVE+THE+DATE+%21%3C%2Fem%3E%3C%2Fstrong%3E%3C%2Fh2%3E%3Cp%3E%3Cstrong%3ELe+24+f%C3%A9vrier+2026%2C+d%C3%A8s+17h15%3C%2Fstrong%3E%2C+retrouvez+les+webconf%C3%A9nces+des+%22%3Ca+href%3D%22https%3A%2F%2Fwp.unil.ch%2Fdroitetlitterature%2Fworking-group-the-young-law-literature-researchers%2F%22+data-type%3D%22page%22+data-id%3D%222406%22+target%3D%22_blank%22+rel%3D%22noreferrer+noopener%22%3EJeunes+chercheur-se-s+en+Droit+%26amp%3B+Litt%C3%A9rature+%7C+The+Young+Law+%26amp%3B+Literature+Researchers%3C%2Fa%3E%22%2C+pour+une+nouvelle+saison+dans+la+continuit%C3%A9+du+cycle+d%27automne+%28%22Le+mouvement+Droit+%26amp%3B+Litt%C3%A9rature+%3A+un+domaine+de+recherches+aux+mille+facettes%22%29.%3C%2Fp%3E+%3Cblockquote+class%3D%22wp-block-quote%22%3E%3Cp%3E%3Cstrong%3ENous+accueillerons+l%27une+de+nos+premi%C3%A8res+membres%2C+%C3%A0+savoir+Cl%C3%A9mence+Faug%C3%A8re%2C+pour+une+passionnante+webconf%C3%A9rence+intitul%C3%A9e+%22Penser+la+libert%C3%A9+d%27expression+%C3%A0+partir+du+mouvement+Droit+%26amp%3B+Litt%C3%A9rature%22+%21+%3C%2Fstrong%3E%3C%2Fp%3E+%3C%2Fblockquote%3E%3Cp%3E%3Cem%3EPlus+d%27informations+suivront.%3C%2Fem%3E%3C%2Fp%3E+%3Cp%3E%F0%9F%94%97%3Cstrong%3E+Lien+pour+suivre+la+webconf%C3%A9rence%3C%3C%2Fstrong%3E%3C%2Fp%3E%28Voir+toute+la+description+de+%C3%A9v%C3%A8nement+ici%C2%A0%3A+https%3A%2F%2Fwp.unil.ch%2Fdroitetlitterature%2Fevent%2Fpenser-la-liberte-dexpression-a-partir-du-mouvement-droit-litterature-webconference-clemence-faugere%2F%29&#038;trp=false&#038;ctz=Europe\/Zurich&#038;sprop=website:https:\/\/wp.unil.ch\/droitetlitterature\"\n\t\t\t\t\t\t\t\t\t\tclass=\"tribe-events-c-subscribe-dropdown__list-item-link\"\n\t\t\t\t\t\t\t\t\t\ttarget=\"_blank\"\n\t\t\t\t\t\t\t\t\t\trel=\"noopener noreferrer nofollow noindex\"\n\t\t\t\t\t\t\t\t\t>\n\t\t\t\t\t\t\t\t\t\tGoogle Agenda\t\t\t\t\t\t\t\t\t<\/a>\n\t\t\t\t\t\t\t\t<\/li>\n\t\t\t\t\t\t\t\t\t\t\t\t\t\t\t<li class=\"tribe-events-c-subscribe-dropdown__list-item tribe-events-c-subscribe-dropdown__list-item--ical\">\n\t\t\t\t\t\t\t\t\t<a\n\t\t\t\t\t\t\t\t\t\thref=\"\"\n\t\t\t\t\t\t\t\t\t\tclass=\"tribe-events-c-subscribe-dropdown__list-item-link\"\n\t\t\t\t\t\t\t\t\t\ttarget=\"_blank\"\n\t\t\t\t\t\t\t\t\t\trel=\"noopener noreferrer nofollow noindex\"\n\t\t\t\t\t\t\t\t\t>\n\t\t\t\t\t\t\t\t\t\tiCalendar\t\t\t\t\t\t\t\t\t<\/a>\n\t\t\t\t\t\t\t\t<\/li>\n\t\t\t\t\t\t\t\t\t\t\t\t\t\t\t<li class=\"tribe-events-c-subscribe-dropdown__list-item tribe-events-c-subscribe-dropdown__list-item--outlook-365\">\n\t\t\t\t\t\t\t\t\t<a\n\t\t\t\t\t\t\t\t\t\thref=\"\"\n\t\t\t\t\t\t\t\t\t\tclass=\"tribe-events-c-subscribe-dropdown__list-item-link\"\n\t\t\t\t\t\t\t\t\t\ttarget=\"_blank\"\n\t\t\t\t\t\t\t\t\t\trel=\"noopener noreferrer nofollow noindex\"\n\t\t\t\t\t\t\t\t\t>\n\t\t\t\t\t\t\t\t\t\tOutlook 365\t\t\t\t\t\t\t\t\t<\/a>\n\t\t\t\t\t\t\t\t<\/li>\n\t\t\t\t\t\t\t\t\t\t\t\t\t\t\t<li class=\"tribe-events-c-subscribe-dropdown__list-item tribe-events-c-subscribe-dropdown__list-item--outlook-live\">\n\t\t\t\t\t\t\t\t\t<a\n\t\t\t\t\t\t\t\t\t\thref=\"\"\n\t\t\t\t\t\t\t\t\t\tclass=\"tribe-events-c-subscribe-dropdown__list-item-link\"\n\t\t\t\t\t\t\t\t\t\ttarget=\"_blank\"\n\t\t\t\t\t\t\t\t\t\trel=\"noopener noreferrer nofollow noindex\"\n\t\t\t\t\t\t\t\t\t>\n\t\t\t\t\t\t\t\t\t\tOutlook Live\t\t\t\t\t\t\t\t\t<\/a>\n\t\t\t\t\t\t\t\t<\/li>\n\t\t\t\t\t\t\t\t\t\t\t\t\t<\/ul>\n\t\t\t\t\t<\/div>\n\t\t\t\t<\/div>\n\t\t\t<\/div>\n\t\t<\/div>\n\t<\/div>\n\n","protected":false},"excerpt":{"rendered":"<p>SAVE THE DATE ! Le 24 f\u00e9vrier 2026, d\u00e8s 17h15, retrouvez les webconf\u00e9nces des \u00ab\u00a0Jeunes chercheur-se-s en Droit &amp; Litt\u00e9rature | The Young Law &amp; Literature Researchers\u00ab\u00a0, pour&hellip;<\/p>\n","protected":false},"author":1003061,"featured_media":2454,"template":"","meta":{"_seopress_robots_primary_cat":"","_seopress_titles_title":"","_seopress_titles_desc":"","_seopress_robots_index":"","_EventAllDay":false,"_EventTimezone":"Europe\/Zurich","_EventStartDate":"2026-02-24 17:15:00","_EventEndDate":"2026-02-24 18:15:00","_EventStartDateUTC":"2026-02-24 16:15:00","_EventEndDateUTC":"2026-02-24 17:15:00","_EventShowMap":false,"_EventShowMapLink":false,"_EventURL":"https:\/\/wp.unil.ch\/droitetlitterature\/working-group-the-young-law-literature-researchers\/","_EventCost":"","_EventCostDescription":"","_EventCurrencySymbol":"CHF","_EventCurrencyCode":"CHF","_EventCurrencyPosition":"suffix","_EventDateTimeSeparator":" @ ","_EventTimeRangeSeparator":" - ","_EventOrganizerID":[2697],"_EventVenueID":[],"_OrganizerEmail":"","_OrganizerPhone":"","_OrganizerWebsite":"","_VenueAddress":"","_VenueCity":"","_VenueCountry":"","_VenueProvince":"","_VenueState":"","_VenueZip":"","_VenuePhone":"","_VenueURL":"","_VenueStateProvince":"","_VenueLat":"","_VenueLng":"","_VenueShowMap":false,"_VenueShowMapLink":false,"_tribe_events_status":"","_tribe_events_status_reason":"","footnotes":""},"tags":[],"tribe_events_cat":[6],"class_list":["post-2696","tribe_events","type-tribe_events","status-publish","has-post-thumbnail","tribe_events_cat-evenements-a-venir","cat_evenements-a-venir"],"_links":{"self":[{"href":"https:\/\/wp.unil.ch\/droitetlitterature\/wp-json\/wp\/v2\/tribe_events\/2696","targetHints":{"allow":["GET"]}}],"collection":[{"href":"https:\/\/wp.unil.ch\/droitetlitterature\/wp-json\/wp\/v2\/tribe_events"}],"about":[{"href":"https:\/\/wp.unil.ch\/droitetlitterature\/wp-json\/wp\/v2\/types\/tribe_events"}],"author":[{"embeddable":true,"href":"https:\/\/wp.unil.ch\/droitetlitterature\/wp-json\/wp\/v2\/users\/1003061"}],"version-history":[{"count":2,"href":"https:\/\/wp.unil.ch\/droitetlitterature\/wp-json\/wp\/v2\/tribe_events\/2696\/revisions"}],"predecessor-version":[{"id":2702,"href":"https:\/\/wp.unil.ch\/droitetlitterature\/wp-json\/wp\/v2\/tribe_events\/2696\/revisions\/2702"}],"wp:featuredmedia":[{"embeddable":true,"href":"https:\/\/wp.unil.ch\/droitetlitterature\/wp-json\/wp\/v2\/media\/2454"}],"wp:attachment":[{"href":"https:\/\/wp.unil.ch\/droitetlitterature\/wp-json\/wp\/v2\/media?parent=2696"}],"wp:term":[{"taxonomy":"post_tag","embeddable":true,"href":"https:\/\/wp.unil.ch\/droitetlitterature\/wp-json\/wp\/v2\/tags?post=2696"},{"taxonomy":"tribe_events_cat","embeddable":true,"href":"https:\/\/wp.unil.ch\/droitetlitterature\/wp-json\/wp\/v2\/tribe_events_cat?post=2696"}],"curies":[{"name":"wp","href":"https:\/\/api.w.org\/{rel}","templated":true}]}}