{"id":254,"date":"2025-08-25T15:55:48","date_gmt":"2025-08-25T13:55:48","guid":{"rendered":"https:\/\/wp.unil.ch\/drehscheibe\/?page_id=254"},"modified":"2026-04-15T14:49:28","modified_gmt":"2026-04-15T12:49:28","slug":"publikationen","status":"publish","type":"page","link":"https:\/\/wp.unil.ch\/drehscheibe\/de_ch\/publikationen\/","title":{"rendered":"Publikationen"},"content":{"rendered":"\n<h2 class=\"wp-block-heading\">Publikationen<\/h2>\n\n\n\n<p><kbd><strong><code>Robert Leucht<\/code><\/strong><\/kbd><\/p>\n\n\n\n<p>\u00bbIch mache keinen Hehl daraus, dass ich Ihrer politischen Haltung weitgehendes Verst\u00e4ndnis entgegenbringe.\u00ab Die literarischen Comebacks von Gottfried Benn, Ernst J\u00fcnger und Ezra Pound im Z\u00fcrcher Arche Verlag nach 1945. In: Claudia \u00d6hlschl\u00e4ger, Marcel Lepper, Tillmann Heise (Hg.): Kulturkonservativismus, Geistesaristokratie, Ressentiment. Kritische Perspektiven auf literarische Intellektuellendiskurse seit 1918 und ihre gegenw\u00e4rtige Aktualit\u00e4t. Boston: Brill (erscheint 2025)<\/p>\n\n\n\n<p>Z\u00fcrich als Drehscheibe internationaler Literatur. Skizze zu einer Literaturgeschichte der Schweiz aus globalgeschichtlicher Perspektive. In: Urs B\u00fcttner, David Kim (Hg.): Globalgeschichten der Deutschen Literatur. Methoden, Ans\u00e4tze, Problematiken. Stuttgart: Metzler 2022, S. 165\u2013178.<\/p>\n\n\n\n<p><kbd><strong><code>Walter Schilling<\/code><\/strong><\/kbd><\/p>\n\n\n\n<p>Verlustfreie \u00dcbersetzungen. Die transnationale Kommunikation in Eugen Gomringers Ideogrammen. In: Recherches Germaniques 53 (2023), S. 129-146.<\/p>\n\n\n\n<hr class=\"wp-block-separator has-alpha-channel-opacity\" \/>\n\n\n\n<h2 class=\"wp-block-heading\">Vortr\u00e4ge<\/h2>\n\n\n\n<p><kbd><strong><code>Robert Leucht<\/code><\/strong><\/kbd><\/p>\n\n\n\n<p>20. M\u00e4rz 2026<\/p>\n\n\n\n<p><em>Pr\u00e4sentation des Forschungsprojekts<\/em> an der Universit\u00e4t Freiburg, S\u00e9minaire de recherche consacr\u00e9 aux litt\u00e9rature(s) suisse(s), Freiburg<\/p>\n\n\n\n<p>25. November 2025<\/p>\n\n\n\n<p><em>Pr\u00e4sentation des Forschungsprojekts<\/em> in der Soci\u00e9t\u00e9 genevoise d\u2019\u00e9tudes allemandes, Genf<\/p>\n\n\n\n<p>September 2025<\/p>\n\n\n\n<p><em>Zeitgleich und ineinander verflochten. Kanonisierungspraktiken in literarischen Buchreihen der Schweiz 1942-1947,<\/em> Seminar Swiss Literature in a Transnational Context. A Case Study in Entanglements, 49th International Conference, German Studies Association, Arlington, Virginia<\/p>\n\n\n\n<p>3. April 2025<\/p>\n\n\n\n<p><em>La Suisee, plaque tournante de la litt\u00e9rature internationale. Quelques \u00e9tudes de cas sur la red\u00e9couverte de la modernit\u00e9 litt\u00e9raire apr\u00e8s 1945<\/em>, Coll\u00e8ge doctoral franco-allemand Conflits de cultures, cultures de conflit, Aix-Marseille Universit\u00e9<\/p>\n\n\n\n<p>12. Januar 2024<\/p>\n\n\n\n<p><em>Die Schweiz als Drehscheibe internationaler Literatur. Eine Verlagsgeschichte der Schweiz im Zeitalter der Extreme, 1914-1991<\/em>, Kolloquium des Zentrums f\u00fcr Buchwissenschaft, LMU M\u00fcnchen<\/p>\n\n\n\n<p><kbd><strong><code>Ana Lupu<\/code><\/strong><\/kbd><\/p>\n\n\n\n<p>12. Mai 2026<\/p>\n\n\n\n<p>Zu Gast bei der Bachtel-Lesung und dem Gespr\u00e4ch mit Autorin Dana Grigorcea und \u00dcbersetzerin Sulagna Mukhopadhyay im \u00dcbersetzerhaus Looren in Wernetshausen.<\/p>\n\n\n\n<p>23. April 2026<\/p>\n\n\n\n<p><em>Interviews&nbsp;mit Zeitzeugen der Schweizer Verlagsgeschichte: Methoden, Themen, Netzwerke.<\/em>&nbsp;Im Rahmen des Workshops der Gesellschaft f\u00fcr die Erforschung der Deutschschweizer Literatur, Universit\u00e4t Fribourg.<\/p>\n\n\n\n<p>9. April 2026<\/p>\n\n\n\n<p>Zu Gast in der Reihe &#171;Pionierinnen &#8211; Generationengespr\u00e4che&#187; zum Thema &#171;Feministische Verlage: mit Liliane Studer und Jil Erdmann&#187; in der Galerie Litar Z\u00fcrich.<\/p>\n\n\n\n<p><kbd><strong><code>Walter Schilling<\/code><\/strong><\/kbd><\/p>\n\n\n\n<p>M\u00e4rz 2026<\/p>\n\n\n\n<p><em>Hybridit\u00e4t als Funktionswandel der Kunst. Das dadaistische Manifest in der Zeitschrift Dada<\/em>&nbsp;im Workshop \u201ePolitische Lekt\u00fcren der hybriden Gattung\u201c, Rheinische Friedrich-Wilhelms-Universit\u00e4t Bonn.<\/p>\n\n\n\n<p>November 2025<\/p>\n\n\n\n<p><em>Transkulturelle Praktik: <\/em>L\u2019amiral cherche une maison \u00e0 louer<em> und die Poetik der Exil-Interferenz<\/em> in der Tagung \u201eDenken und schreiben zwischen den Sprachen: Gekreuzte Blicke auf die deutsch-franz\u00f6sische Avantgarde\u201c, Johannes Gutenberg-Universit\u00e4t Mainz<\/p>\n\n\n\n<p>Oktober 2025<\/p>\n\n\n\n<p><em>\u00dcber das visuell-materielle Arrangement in Carola Giedion-Welckers Anthologie <\/em>Po\u00e8tes \u00e0 l\u2019Ecart. Anthologie der Abseitigen in der Tagung \u201eMedienpoesie im Schweizer und internationalen Buchmarkt von 1916 bis 1989\u201c, Universit\u00e9 de Lausanne<\/p>\n\n\n\n<p><em>Hans Arps Un-Ordnungen in die wolkenpumpe. Zeitschrift \u2013 Einzelausgabe \u2013 Werkausgabe<\/em>, in der Tagung \u201eSchreiben als Un-Ordnen in der Literatur ab dem 20. Jahrhundert\u201c, Humboldt-Universit\u00e4t zu Berlin<\/p>\n\n\n\n<p>Juni 2025<\/p>\n\n\n\n<p><em>Die Geburt der Post-Avantgarde. Die Anthologie Die Geburt des Dada im Arche Verlag<\/em>, im Seminar \u201eDada schreibt Literaturgeschichte\u201c, Freie Universit\u00e4t Berlin<\/p>\n","protected":false},"excerpt":{"rendered":"<p>Publikationen Robert Leucht \u00bbIch mache keinen Hehl daraus, dass ich Ihrer politischen Haltung weitgehendes Verst\u00e4ndnis entgegenbringe.\u00ab Die literarischen Comebacks von Gottfried Benn, Ernst J\u00fcnger und Ezra Pound im Z\u00fcrcher Arche Verlag nach 1945. In: Claudia \u00d6hlschl\u00e4ger, Marcel Lepper, Tillmann Heise (Hg.): Kulturkonservativismus, Geistesaristokratie, Ressentiment. Kritische Perspektiven auf literarische Intellektuellendiskurse seit 1918 und ihre gegenw\u00e4rtige Aktualit\u00e4t. [&hellip;]<\/p>\n","protected":false},"author":1003031,"featured_media":0,"parent":0,"menu_order":0,"comment_status":"closed","ping_status":"closed","template":"","meta":{"_seopress_robots_primary_cat":"","_seopress_titles_title":"","_seopress_titles_desc":"","_seopress_robots_index":"","footnotes":""},"class_list":["post-254","page","type-page","status-publish"],"_links":{"self":[{"href":"https:\/\/wp.unil.ch\/drehscheibe\/de_ch\/wp-json\/wp\/v2\/pages\/254","targetHints":{"allow":["GET"]}}],"collection":[{"href":"https:\/\/wp.unil.ch\/drehscheibe\/de_ch\/wp-json\/wp\/v2\/pages"}],"about":[{"href":"https:\/\/wp.unil.ch\/drehscheibe\/de_ch\/wp-json\/wp\/v2\/types\/page"}],"author":[{"embeddable":true,"href":"https:\/\/wp.unil.ch\/drehscheibe\/de_ch\/wp-json\/wp\/v2\/users\/1003031"}],"replies":[{"embeddable":true,"href":"https:\/\/wp.unil.ch\/drehscheibe\/de_ch\/wp-json\/wp\/v2\/comments?post=254"}],"version-history":[{"count":5,"href":"https:\/\/wp.unil.ch\/drehscheibe\/de_ch\/wp-json\/wp\/v2\/pages\/254\/revisions"}],"predecessor-version":[{"id":327,"href":"https:\/\/wp.unil.ch\/drehscheibe\/de_ch\/wp-json\/wp\/v2\/pages\/254\/revisions\/327"}],"wp:attachment":[{"href":"https:\/\/wp.unil.ch\/drehscheibe\/de_ch\/wp-json\/wp\/v2\/media?parent=254"}],"curies":[{"name":"wp","href":"https:\/\/api.w.org\/{rel}","templated":true}]}}